{"id":45156,"date":"2025-03-04T20:07:27","date_gmt":"2025-03-04T19:07:27","guid":{"rendered":"https:\/\/interreg-sudoe.eu\/?post_type=evento-proyecto&#038;p=45156"},"modified":"2026-02-13T12:44:08","modified_gmt":"2026-02-13T11:44:08","slug":"taller-innovaciones-sostenibles-retos-y-oportunidades-en-la-recuperacion-ecologica-y-la-produccion-sostenible","status":"publish","type":"evento-proyecto","link":"https:\/\/interreg-sudoe.eu\/en\/evento-proyecto\/taller-innovaciones-sostenibles-retos-y-oportunidades-en-la-recuperacion-ecologica-y-la-produccion-sostenible\/","title":{"rendered":"Taller &#8220;Innovaciones Sostenibles: Retos y Oportunidades en la Recuperaci\u00f3n Ecol\u00f3gica y la Producci\u00f3n Sostenible&#8221; en IPB-Instituto Polit\u00e9cnico de Bragan\u00e7a (NEWPOWER)"},"content":{"rendered":"<p>El pr\u00f3ximo 26 de marzo se celebrar\u00e1 en IPB-Instituto Polit\u00e9cnico de Bragan\u00e7a, Bragan\u00e7a, Portugal, un taller de \u201c<strong>Innovaciones Sostenibles: Retos y Oportunidades en la Recuperaci\u00f3n Ecol\u00f3gica y la Producci\u00f3n Sostenible<\/strong>\u201d \u00a0que se enmarca en el proyecto europeo NEWPOWER del programa Interreg Sudoe.<\/p>\n<p>El taller\u00a0tiene como objetivo promover el intercambio de soluciones innovadoras para la <strong>valorizaci\u00f3n de residuos agroforestales<\/strong>, a trav\u00e9s del desarrollo de biorrefiner\u00edas escalables multiproducto; y reunir\u00e1 a expertos en la materia para discutir c\u00f3mo estos residuos pueden transformarse en <strong>productos de valor a\u00f1adido y sostenibles<\/strong>, contribuyendo a una econom\u00eda circular.<\/p>\n<p>Este taller brinda la oportunidad de explorar nuevas soluciones tecnol\u00f3gicas y discutir el futuro de la valorizaci\u00f3n de residuos agroforestales, <strong>promoviendo la innovaci\u00f3n y la sostenibilidad<\/strong> en el sector.<\/p>\n<p>&nbsp;<\/p>\n<p><img fetchpriority=\"high\" decoding=\"async\" class=\"wp-image-45237 aligncenter\" src=\"https:\/\/interreg-sudoe.eu\/wp-content\/uploads\/2025\/03\/Braganca-Mar-25-Programa-ES-4-212x300.png\" alt=\"\" width=\"791\" height=\"1119\" srcset=\"https:\/\/interreg-sudoe.eu\/wp-content\/uploads\/2025\/03\/Braganca-Mar-25-Programa-ES-4-212x300.png 212w, https:\/\/interreg-sudoe.eu\/wp-content\/uploads\/2025\/03\/Braganca-Mar-25-Programa-ES-4-724x1024.png 724w, https:\/\/interreg-sudoe.eu\/wp-content\/uploads\/2025\/03\/Braganca-Mar-25-Programa-ES-4-768x1086.png 768w, https:\/\/interreg-sudoe.eu\/wp-content\/uploads\/2025\/03\/Braganca-Mar-25-Programa-ES-4-1086x1536.png 1086w, https:\/\/interreg-sudoe.eu\/wp-content\/uploads\/2025\/03\/Braganca-Mar-25-Programa-ES-4.png 1414w\" sizes=\"(max-width: 791px) 100vw, 791px\" \/><\/p>\n<p>&nbsp;<\/p>\n<p>Aprovechando el evento, <strong>los socios de NEWPOWER celebrar\u00e1n su tercera reuni\u00f3n presencial <\/strong>el pr\u00f3ximo<strong> 27 de marzo<\/strong>, donde se presentar\u00e1n y discutir\u00e1n los principales resultados del proyecto.<\/p>\n<p>Las personas interesadas en asistir pueden inscribirse de forma gratuita en el siguiente enlace: Taller \u201c<a href=\"https:\/\/forms.gle\/mNqA6bWLQM539fKi8\">Innovaciones Sostenibles: Retos y Oportunidades en la Recuperaci\u00f3n Ecol\u00f3gica y la Producci\u00f3n Sostenible<\/a>\u201d<\/p>\n","protected":false},"author":4986,"featured_media":0,"template":"","meta":{"_acf_changed":false,"content-type":"","_monsterinsights_skip_tracking":false,"_monsterinsights_sitenote_active":false,"_monsterinsights_sitenote_note":"","_monsterinsights_sitenote_category":0},"class_list":["post-45156","evento-proyecto","type-evento-proyecto","status-publish","hentry"],"acf":[],"yoast_head":"<!-- This site is optimized with the Yoast SEO plugin v27.4 - https:\/\/yoast.com\/product\/yoast-seo-wordpress\/ -->\n<title>Taller &quot;Innovaciones Sostenibles: Retos y Oportunidades en la Recuperaci\u00f3n Ecol\u00f3gica y la Producci\u00f3n Sostenible&quot; en IPB-Instituto Polit\u00e9cnico de Bragan\u00e7a (NEWPOWER) - Interreg Sudoe<\/title>\n<meta name=\"robots\" content=\"index, follow, max-snippet:-1, max-image-preview:large, max-video-preview:-1\" \/>\n<link rel=\"canonical\" href=\"https:\/\/interreg-sudoe.eu\/en\/evento-proyecto\/taller-innovaciones-sostenibles-retos-y-oportunidades-en-la-recuperacion-ecologica-y-la-produccion-sostenible\/\" \/>\n<meta property=\"og:locale\" content=\"en_US\" \/>\n<meta property=\"og:type\" content=\"article\" \/>\n<meta property=\"og:title\" content=\"Taller &quot;Innovaciones Sostenibles: Retos y Oportunidades en la Recuperaci\u00f3n Ecol\u00f3gica y la Producci\u00f3n Sostenible&quot; en IPB-Instituto Polit\u00e9cnico de Bragan\u00e7a (NEWPOWER) - Interreg Sudoe\" \/>\n<meta property=\"og:description\" content=\"El pr\u00f3ximo 26 de marzo se celebrar\u00e1 en IPB-Instituto Polit\u00e9cnico de Bragan\u00e7a, Bragan\u00e7a, Portugal, un taller de \u201cInnovaciones Sostenibles: Retos y Oportunidades en la Recuperaci\u00f3n Ecol\u00f3gica y la Producci\u00f3n Sostenible\u201d \u00a0que se enmarca en el proyecto europeo NEWPOWER del programa Interreg Sudoe. El taller\u00a0tiene como objetivo promover el intercambio de soluciones innovadoras para la valorizaci\u00f3n [&hellip;]\" \/>\n<meta property=\"og:url\" content=\"https:\/\/interreg-sudoe.eu\/en\/evento-proyecto\/taller-innovaciones-sostenibles-retos-y-oportunidades-en-la-recuperacion-ecologica-y-la-produccion-sostenible\/\" \/>\n<meta property=\"og:site_name\" content=\"Interreg Sudoe\" \/>\n<meta property=\"article:publisher\" content=\"https:\/\/www.facebook.com\/interregsudoe\" \/>\n<meta property=\"article:modified_time\" content=\"2026-02-13T11:44:08+00:00\" \/>\n<meta property=\"og:image\" content=\"https:\/\/interreg-sudoe.eu\/wp-content\/uploads\/2025\/03\/Braganca-Mar-25-Programa-ES-4.png\" \/>\n\t<meta property=\"og:image:width\" content=\"1414\" \/>\n\t<meta property=\"og:image:height\" content=\"2000\" \/>\n\t<meta property=\"og:image:type\" content=\"image\/png\" \/>\n<meta name=\"twitter:card\" content=\"summary_large_image\" \/>\n<meta name=\"twitter:site\" content=\"@Sudoe5\" \/>\n<meta name=\"twitter:label1\" content=\"Est. reading time\" \/>\n\t<meta name=\"twitter:data1\" content=\"1 minute\" \/>\n<script type=\"application\/ld+json\" class=\"yoast-schema-graph\">{\"@context\":\"https:\\\/\\\/schema.org\",\"@graph\":[{\"@type\":\"WebPage\",\"@id\":\"https:\\\/\\\/interreg-sudoe.eu\\\/en\\\/evento-proyecto\\\/taller-innovaciones-sostenibles-retos-y-oportunidades-en-la-recuperacion-ecologica-y-la-produccion-sostenible\\\/\",\"url\":\"https:\\\/\\\/interreg-sudoe.eu\\\/en\\\/evento-proyecto\\\/taller-innovaciones-sostenibles-retos-y-oportunidades-en-la-recuperacion-ecologica-y-la-produccion-sostenible\\\/\",\"name\":\"Taller \\\"Innovaciones Sostenibles: Retos y Oportunidades en la Recuperaci\u00f3n Ecol\u00f3gica y la Producci\u00f3n Sostenible\\\" en IPB-Instituto Polit\u00e9cnico de Bragan\u00e7a (NEWPOWER) - Interreg Sudoe\",\"isPartOf\":{\"@id\":\"https:\\\/\\\/interreg-sudoe.eu\\\/en\\\/#website\"},\"primaryImageOfPage\":{\"@id\":\"https:\\\/\\\/interreg-sudoe.eu\\\/en\\\/evento-proyecto\\\/taller-innovaciones-sostenibles-retos-y-oportunidades-en-la-recuperacion-ecologica-y-la-produccion-sostenible\\\/#primaryimage\"},\"image\":{\"@id\":\"https:\\\/\\\/interreg-sudoe.eu\\\/en\\\/evento-proyecto\\\/taller-innovaciones-sostenibles-retos-y-oportunidades-en-la-recuperacion-ecologica-y-la-produccion-sostenible\\\/#primaryimage\"},\"thumbnailUrl\":\"https:\\\/\\\/interreg-sudoe.eu\\\/wp-content\\\/uploads\\\/2025\\\/03\\\/Braganca-Mar-25-Programa-ES-4-212x300.png\",\"datePublished\":\"2025-03-04T19:07:27+00:00\",\"dateModified\":\"2026-02-13T11:44:08+00:00\",\"breadcrumb\":{\"@id\":\"https:\\\/\\\/interreg-sudoe.eu\\\/en\\\/evento-proyecto\\\/taller-innovaciones-sostenibles-retos-y-oportunidades-en-la-recuperacion-ecologica-y-la-produccion-sostenible\\\/#breadcrumb\"},\"inLanguage\":\"en-US\",\"potentialAction\":[{\"@type\":\"ReadAction\",\"target\":[\"https:\\\/\\\/interreg-sudoe.eu\\\/en\\\/evento-proyecto\\\/taller-innovaciones-sostenibles-retos-y-oportunidades-en-la-recuperacion-ecologica-y-la-produccion-sostenible\\\/\"]}]},{\"@type\":\"ImageObject\",\"inLanguage\":\"en-US\",\"@id\":\"https:\\\/\\\/interreg-sudoe.eu\\\/en\\\/evento-proyecto\\\/taller-innovaciones-sostenibles-retos-y-oportunidades-en-la-recuperacion-ecologica-y-la-produccion-sostenible\\\/#primaryimage\",\"url\":\"https:\\\/\\\/interreg-sudoe.eu\\\/wp-content\\\/uploads\\\/2025\\\/03\\\/Braganca-Mar-25-Programa-ES-4-212x300.png\",\"contentUrl\":\"https:\\\/\\\/interreg-sudoe.eu\\\/wp-content\\\/uploads\\\/2025\\\/03\\\/Braganca-Mar-25-Programa-ES-4-212x300.png\"},{\"@type\":\"BreadcrumbList\",\"@id\":\"https:\\\/\\\/interreg-sudoe.eu\\\/en\\\/evento-proyecto\\\/taller-innovaciones-sostenibles-retos-y-oportunidades-en-la-recuperacion-ecologica-y-la-produccion-sostenible\\\/#breadcrumb\",\"itemListElement\":[{\"@type\":\"ListItem\",\"position\":1,\"name\":\"Home\",\"item\":\"https:\\\/\\\/interreg-sudoe.eu\\\/en\\\/\"},{\"@type\":\"ListItem\",\"position\":2,\"name\":\"Taller \u00abInnovaciones Sostenibles: Retos y Oportunidades en la Recuperaci\u00f3n Ecol\u00f3gica y la Producci\u00f3n Sostenible\u00bb en IPB-Instituto Polit\u00e9cnico de Bragan\u00e7a (NEWPOWER)\"}]},{\"@type\":\"WebSite\",\"@id\":\"https:\\\/\\\/interreg-sudoe.eu\\\/en\\\/#website\",\"url\":\"https:\\\/\\\/interreg-sudoe.eu\\\/en\\\/\",\"name\":\"Interreg Sudoe\",\"description\":\"Interreg Sudoe\",\"publisher\":{\"@id\":\"https:\\\/\\\/interreg-sudoe.eu\\\/en\\\/#organization\"},\"alternateName\":\"Interreg Sudoe\",\"potentialAction\":[{\"@type\":\"SearchAction\",\"target\":{\"@type\":\"EntryPoint\",\"urlTemplate\":\"https:\\\/\\\/interreg-sudoe.eu\\\/en\\\/?s={search_term_string}\"},\"query-input\":{\"@type\":\"PropertyValueSpecification\",\"valueRequired\":true,\"valueName\":\"search_term_string\"}}],\"inLanguage\":\"en-US\"},{\"@type\":\"Organization\",\"@id\":\"https:\\\/\\\/interreg-sudoe.eu\\\/en\\\/#organization\",\"name\":\"Interreg Sudoe\",\"alternateName\":\"Interreg Sudoe\",\"url\":\"https:\\\/\\\/interreg-sudoe.eu\\\/en\\\/\",\"logo\":{\"@type\":\"ImageObject\",\"inLanguage\":\"en-US\",\"@id\":\"https:\\\/\\\/interreg-sudoe.eu\\\/en\\\/#\\\/schema\\\/logo\\\/image\\\/\",\"url\":\"https:\\\/\\\/interreg-sudoe.eu\\\/wp-content\\\/uploads\\\/2024\\\/03\\\/logo-interreg.png\",\"contentUrl\":\"https:\\\/\\\/interreg-sudoe.eu\\\/wp-content\\\/uploads\\\/2024\\\/03\\\/logo-interreg.png\",\"width\":1200,\"height\":675,\"caption\":\"Interreg Sudoe\"},\"image\":{\"@id\":\"https:\\\/\\\/interreg-sudoe.eu\\\/en\\\/#\\\/schema\\\/logo\\\/image\\\/\"},\"sameAs\":[\"https:\\\/\\\/www.facebook.com\\\/interregsudoe\",\"https:\\\/\\\/x.com\\\/Sudoe5\",\"https:\\\/\\\/www.youtube.com\\\/channel\\\/UCeGx2edoB32beRc9dbKA2vw\",\"https:\\\/\\\/www.linkedin.com\\\/company\\\/interreg-sudoe-programme\\\/\",\"https:\\\/\\\/www.flickr.com\\\/photos\\\/148704685@N06\\\/\"]}]}<\/script>\n<!-- \/ Yoast SEO plugin. -->","yoast_head_json":{"title":"Taller \"Innovaciones Sostenibles: Retos y Oportunidades en la Recuperaci\u00f3n Ecol\u00f3gica y la Producci\u00f3n Sostenible\" en IPB-Instituto Polit\u00e9cnico de Bragan\u00e7a (NEWPOWER) - Interreg Sudoe","robots":{"index":"index","follow":"follow","max-snippet":"max-snippet:-1","max-image-preview":"max-image-preview:large","max-video-preview":"max-video-preview:-1"},"canonical":"https:\/\/interreg-sudoe.eu\/en\/evento-proyecto\/taller-innovaciones-sostenibles-retos-y-oportunidades-en-la-recuperacion-ecologica-y-la-produccion-sostenible\/","og_locale":"en_US","og_type":"article","og_title":"Taller \"Innovaciones Sostenibles: Retos y Oportunidades en la Recuperaci\u00f3n Ecol\u00f3gica y la Producci\u00f3n Sostenible\" en IPB-Instituto Polit\u00e9cnico de Bragan\u00e7a (NEWPOWER) - Interreg Sudoe","og_description":"El pr\u00f3ximo 26 de marzo se celebrar\u00e1 en IPB-Instituto Polit\u00e9cnico de Bragan\u00e7a, Bragan\u00e7a, Portugal, un taller de \u201cInnovaciones Sostenibles: Retos y Oportunidades en la Recuperaci\u00f3n Ecol\u00f3gica y la Producci\u00f3n Sostenible\u201d \u00a0que se enmarca en el proyecto europeo NEWPOWER del programa Interreg Sudoe. El taller\u00a0tiene como objetivo promover el intercambio de soluciones innovadoras para la valorizaci\u00f3n [&hellip;]","og_url":"https:\/\/interreg-sudoe.eu\/en\/evento-proyecto\/taller-innovaciones-sostenibles-retos-y-oportunidades-en-la-recuperacion-ecologica-y-la-produccion-sostenible\/","og_site_name":"Interreg Sudoe","article_publisher":"https:\/\/www.facebook.com\/interregsudoe","article_modified_time":"2026-02-13T11:44:08+00:00","og_image":[{"width":1414,"height":2000,"url":"https:\/\/interreg-sudoe.eu\/wp-content\/uploads\/2025\/03\/Braganca-Mar-25-Programa-ES-4.png","type":"image\/png"}],"twitter_card":"summary_large_image","twitter_site":"@Sudoe5","twitter_misc":{"Est. reading time":"1 minute"},"schema":{"@context":"https:\/\/schema.org","@graph":[{"@type":"WebPage","@id":"https:\/\/interreg-sudoe.eu\/en\/evento-proyecto\/taller-innovaciones-sostenibles-retos-y-oportunidades-en-la-recuperacion-ecologica-y-la-produccion-sostenible\/","url":"https:\/\/interreg-sudoe.eu\/en\/evento-proyecto\/taller-innovaciones-sostenibles-retos-y-oportunidades-en-la-recuperacion-ecologica-y-la-produccion-sostenible\/","name":"Taller \"Innovaciones Sostenibles: Retos y Oportunidades en la Recuperaci\u00f3n Ecol\u00f3gica y la Producci\u00f3n Sostenible\" en IPB-Instituto Polit\u00e9cnico de Bragan\u00e7a (NEWPOWER) - Interreg Sudoe","isPartOf":{"@id":"https:\/\/interreg-sudoe.eu\/en\/#website"},"primaryImageOfPage":{"@id":"https:\/\/interreg-sudoe.eu\/en\/evento-proyecto\/taller-innovaciones-sostenibles-retos-y-oportunidades-en-la-recuperacion-ecologica-y-la-produccion-sostenible\/#primaryimage"},"image":{"@id":"https:\/\/interreg-sudoe.eu\/en\/evento-proyecto\/taller-innovaciones-sostenibles-retos-y-oportunidades-en-la-recuperacion-ecologica-y-la-produccion-sostenible\/#primaryimage"},"thumbnailUrl":"https:\/\/interreg-sudoe.eu\/wp-content\/uploads\/2025\/03\/Braganca-Mar-25-Programa-ES-4-212x300.png","datePublished":"2025-03-04T19:07:27+00:00","dateModified":"2026-02-13T11:44:08+00:00","breadcrumb":{"@id":"https:\/\/interreg-sudoe.eu\/en\/evento-proyecto\/taller-innovaciones-sostenibles-retos-y-oportunidades-en-la-recuperacion-ecologica-y-la-produccion-sostenible\/#breadcrumb"},"inLanguage":"en-US","potentialAction":[{"@type":"ReadAction","target":["https:\/\/interreg-sudoe.eu\/en\/evento-proyecto\/taller-innovaciones-sostenibles-retos-y-oportunidades-en-la-recuperacion-ecologica-y-la-produccion-sostenible\/"]}]},{"@type":"ImageObject","inLanguage":"en-US","@id":"https:\/\/interreg-sudoe.eu\/en\/evento-proyecto\/taller-innovaciones-sostenibles-retos-y-oportunidades-en-la-recuperacion-ecologica-y-la-produccion-sostenible\/#primaryimage","url":"https:\/\/interreg-sudoe.eu\/wp-content\/uploads\/2025\/03\/Braganca-Mar-25-Programa-ES-4-212x300.png","contentUrl":"https:\/\/interreg-sudoe.eu\/wp-content\/uploads\/2025\/03\/Braganca-Mar-25-Programa-ES-4-212x300.png"},{"@type":"BreadcrumbList","@id":"https:\/\/interreg-sudoe.eu\/en\/evento-proyecto\/taller-innovaciones-sostenibles-retos-y-oportunidades-en-la-recuperacion-ecologica-y-la-produccion-sostenible\/#breadcrumb","itemListElement":[{"@type":"ListItem","position":1,"name":"Home","item":"https:\/\/interreg-sudoe.eu\/en\/"},{"@type":"ListItem","position":2,"name":"Taller \u00abInnovaciones Sostenibles: Retos y Oportunidades en la Recuperaci\u00f3n Ecol\u00f3gica y la Producci\u00f3n Sostenible\u00bb en IPB-Instituto Polit\u00e9cnico de Bragan\u00e7a (NEWPOWER)"}]},{"@type":"WebSite","@id":"https:\/\/interreg-sudoe.eu\/en\/#website","url":"https:\/\/interreg-sudoe.eu\/en\/","name":"Interreg Sudoe","description":"Interreg Sudoe","publisher":{"@id":"https:\/\/interreg-sudoe.eu\/en\/#organization"},"alternateName":"Interreg Sudoe","potentialAction":[{"@type":"SearchAction","target":{"@type":"EntryPoint","urlTemplate":"https:\/\/interreg-sudoe.eu\/en\/?s={search_term_string}"},"query-input":{"@type":"PropertyValueSpecification","valueRequired":true,"valueName":"search_term_string"}}],"inLanguage":"en-US"},{"@type":"Organization","@id":"https:\/\/interreg-sudoe.eu\/en\/#organization","name":"Interreg Sudoe","alternateName":"Interreg Sudoe","url":"https:\/\/interreg-sudoe.eu\/en\/","logo":{"@type":"ImageObject","inLanguage":"en-US","@id":"https:\/\/interreg-sudoe.eu\/en\/#\/schema\/logo\/image\/","url":"https:\/\/interreg-sudoe.eu\/wp-content\/uploads\/2024\/03\/logo-interreg.png","contentUrl":"https:\/\/interreg-sudoe.eu\/wp-content\/uploads\/2024\/03\/logo-interreg.png","width":1200,"height":675,"caption":"Interreg Sudoe"},"image":{"@id":"https:\/\/interreg-sudoe.eu\/en\/#\/schema\/logo\/image\/"},"sameAs":["https:\/\/www.facebook.com\/interregsudoe","https:\/\/x.com\/Sudoe5","https:\/\/www.youtube.com\/channel\/UCeGx2edoB32beRc9dbKA2vw","https:\/\/www.linkedin.com\/company\/interreg-sudoe-programme\/","https:\/\/www.flickr.com\/photos\/148704685@N06\/"]}]}},"_links":{"self":[{"href":"https:\/\/interreg-sudoe.eu\/en\/wp-json\/wp\/v2\/evento-proyecto\/45156","targetHints":{"allow":["GET"]}}],"collection":[{"href":"https:\/\/interreg-sudoe.eu\/en\/wp-json\/wp\/v2\/evento-proyecto"}],"about":[{"href":"https:\/\/interreg-sudoe.eu\/en\/wp-json\/wp\/v2\/types\/evento-proyecto"}],"author":[{"embeddable":true,"href":"https:\/\/interreg-sudoe.eu\/en\/wp-json\/wp\/v2\/users\/4986"}],"wp:attachment":[{"href":"https:\/\/interreg-sudoe.eu\/en\/wp-json\/wp\/v2\/media?parent=45156"}],"curies":[{"name":"wp","href":"https:\/\/api.w.org\/{rel}","templated":true}]}}