{"id":62256,"date":"2026-03-11T11:49:20","date_gmt":"2026-03-11T10:49:20","guid":{"rendered":"https:\/\/interreg-sudoe.eu\/?post_type=evento-proyecto&#038;p=62256"},"modified":"2026-03-27T10:18:04","modified_gmt":"2026-03-27T09:18:04","slug":"webinar-valorizacion-integral-de-residuos-agroforestales-para-la-obtencion-de-ingredientes-bioactivos-y-funcionales-newpower","status":"publish","type":"evento-proyecto","link":"https:\/\/interreg-sudoe.eu\/en\/evento-proyecto\/webinar-valorizacion-integral-de-residuos-agroforestales-para-la-obtencion-de-ingredientes-bioactivos-y-funcionales-newpower\/","title":{"rendered":"Webinar: Valorizaci\u00f3n integral de residuos agroforestales para la obtenci\u00f3n de ingredientes bioactivos y funcionales \u2013 NEWPOWER"},"content":{"rendered":"<p data-start=\"145\" data-end=\"453\">El pr\u00f3ximo <strong data-start=\"156\" data-end=\"179\">27 de marzo de 2026<\/strong>, el proyecto <strong data-start=\"193\" data-end=\"205\">NEWPOWER<\/strong> celebrar\u00e1 el webinar <strong data-start=\"227\" data-end=\"340\">\u201cValorizaci\u00f3n integral de residuos agroforestales para la obtenci\u00f3n de ingredientes bioactivos y funcionales\u201d<\/strong>, centrado en el potencial de los recursos agroforestales residuales dentro del marco de la bioeconom\u00eda circular.<\/p>\n<p data-start=\"455\" data-end=\"796\">La sesi\u00f3n forma parte del ciclo de webinars <strong data-start=\"499\" data-end=\"584\">\u201cDe residuo a recurso: cooperaci\u00f3n transfronteriza para una bioeconom\u00eda circular\u201d<\/strong>, una iniciativa del consorcio NEWPOWER orientada a compartir avances cient\u00edficos, impulsar la transferencia de conocimiento y reforzar la cooperaci\u00f3n en la valorizaci\u00f3n sostenible de biomasa en el espacio SUDOE.<\/p>\n<p data-start=\"798\" data-end=\"1043\">Durante el encuentro se presentar\u00e1n diferentes enfoques y tecnolog\u00edas para transformar residuos agroforestales en compuestos bioactivos e ingredientes funcionales, as\u00ed como experiencias de investigaci\u00f3n desarrolladas por los socios del proyecto.<\/p>\n<p>El webinar est\u00e1 dirigido a <strong data-start=\"2036\" data-end=\"2193\">investigadores\/as, profesionales del sector agroforestal y agroalimentario, empresas biotecnol\u00f3gicas, administraciones p\u00fablicas y estudiantes de posgrado<\/strong>, as\u00ed como a todas aquellas personas interesadas en las oportunidades que ofrece la bioeconom\u00eda circular y la valorizaci\u00f3n sostenible de la biomasa.<\/p>\n<p data-start=\"1234\" data-end=\"1308\">\ud83d\udc49 Conoce el ciclo completo de webinars y las pr\u00f3ximas convocatorias <a href=\"https:\/\/interreg-sudoe.eu\/noticia-proyecto\/newpower-impulsa-un-ciclo-de-webinars-para-fortalecer-la-cooperacion-transfronteriza-en-bioeconomia-circular\/\">aqu\u00ed.<\/a><\/p>\n<p data-start=\"1310\" data-end=\"1382\">\ud83d\udcc5 <strong data-start=\"1313\" data-end=\"1336\">27 de marzo de 2026<\/strong><br data-start=\"1336\" data-end=\"1339\" \/>\ud83d\udd52 <strong data-start=\"1342\" data-end=\"1366\">10:00 \u2013 11:30 h (PT) | 11:00 \u2013 12:30 h (ES\u2013FR)<\/strong><br data-start=\"1366\" data-end=\"1369\" \/>\ud83d\udccd <strong data-start=\"1372\" data-end=\"1382\">Online | Zoom<\/strong><\/p>\n<h3 data-section-id=\"1xcl94j\" data-start=\"1384\" data-end=\"1396\">Programa<\/h3>\n<p data-start=\"1398\" data-end=\"1476\"><strong data-start=\"1398\" data-end=\"1415\">10:00 \u2013 10:05<br \/>\nBienvenida e introducci\u00f3n<\/strong><br data-start=\"1443\" data-end=\"1446\" \/>Jos\u00e9 Teixeira &#8211; Universidade do Minho<\/p>\n<p data-start=\"1478\" data-end=\"1637\"><strong data-start=\"1478\" data-end=\"1495\">10:05 \u2013 10:15<\/strong><br data-start=\"1495\" data-end=\"1498\" \/><strong>Presentaci\u00f3n del Proyecto NEWPOWER<\/strong><br data-start=\"1532\" data-end=\"1535\" \/>Pedro Miguel Ferreira Santos &#8211; Universidade de Vigo, Coordinador del Proyecto NEWPOWER<\/p>\n<p data-start=\"1639\" data-end=\"1795\"><strong data-start=\"1639\" data-end=\"1656\">10:15 \u2013 10:35<\/strong><br data-start=\"1656\" data-end=\"1659\" \/><strong>Contribuci\u00f3n de la valorizaci\u00f3n de biomasa a las pol\u00edticas regionales de bioeconom\u00eda y gesti\u00f3n forestal<\/strong><br data-start=\"1762\" data-end=\"1765\" \/>Mafalda Silva &#8211; BLC3 Evolution<\/p>\n<p data-start=\"1797\" data-end=\"1913\"><strong data-start=\"1797\" data-end=\"1814\">10:35 \u2013 10:55<\/strong><br data-start=\"1814\" data-end=\"1817\" \/><strong>Tecnolog\u00edas sostenibles para la valorizaci\u00f3n de biomasa<\/strong><br data-start=\"1872\" data-end=\"1875\" \/>Cristina Rocha &#8211; Universidade do Minho<\/p>\n<p data-start=\"1915\" data-end=\"1952\"><strong data-start=\"1915\" data-end=\"1932\">10:55 \u2013 11:15<\/strong><br data-start=\"1932\" data-end=\"1935\" \/><strong>Discusi\u00f3n abierta<\/strong><\/p>\n<p data-start=\"1954\" data-end=\"1980\"><strong data-start=\"1954\" data-end=\"1971\">11:15 \u2013 11:30<\/strong><br data-start=\"1971\" data-end=\"1974\" \/><strong>Cierre<\/strong><\/p>\n<p data-start=\"2009\" data-end=\"2341\">El webinar se desarrollar\u00e1 <strong data-start=\"1072\" data-end=\"1088\">en portugu\u00e9s<\/strong> y contar\u00e1 con <strong data-start=\"1103\" data-end=\"1158\">un servicio de subt\u00edtulos con traducci\u00f3n simult\u00e1nea<\/strong> para facilitar el seguimiento por parte de participantes de otros pa\u00edses.<\/p>\n<p data-start=\"2343\" data-end=\"2406\">La participaci\u00f3n es <strong data-start=\"2363\" data-end=\"2375\">gratuita<\/strong> y requiere inscripci\u00f3n previa:<\/p>\n<p data-start=\"2343\" data-end=\"2406\"><strong data-start=\"2411\" data-end=\"2431\">\ud83d\udc49 Inscr\u00edbete <a href=\"https:\/\/forms.gle\/EH3M7RDkJviSDpHT8\">aqu\u00ed.<\/a><\/strong><\/p>\n<p data-start=\"2530\" data-end=\"2563\"><strong data-start=\"2533\" data-end=\"2563\">Descargar <a href=\"https:\/\/interreg-sudoe.eu\/wp-content\/uploads\/2026\/03\/NEWPOWER-2o-Webinar-27.03-Programa-1.pdf\">programa en PDF<\/a>.<br \/>\n<\/strong><\/p>\n<p data-start=\"62\" data-end=\"156\">\ud83d\udc49 Accede aqu\u00ed:<br data-start=\"77\" data-end=\"80\" \/><a class=\"decorated-link\" href=\"https:\/\/us06web.zoom.us\/j\/82064520181?pwd=E96IogyaQnlnhEeFcOocbFA6hRnhLS.1\" target=\"_new\" rel=\"noopener\" data-start=\"80\" data-end=\"154\">https:\/\/us06web.zoom.us\/j\/82064520181?pwd=E96IogyaQnlnhEeFcOocbFA6hRnhLS.1<\/a><\/p>\n<p data-start=\"158\" data-end=\"221\">\ud83c\udd94 ID de reuni\u00f3n: 820 6452 0181<br data-start=\"189\" data-end=\"192\" \/>\ud83d\udd11 C\u00f3digo de acceso: 537552<\/p>\n<p data-start=\"2530\" data-end=\"2563\">\n<p>&nbsp;<\/p>\n","protected":false},"author":4986,"featured_media":62305,"template":"","meta":{"_acf_changed":false,"content-type":"","_monsterinsights_skip_tracking":false,"_monsterinsights_sitenote_active":false,"_monsterinsights_sitenote_note":"","_monsterinsights_sitenote_category":0},"class_list":["post-62256","evento-proyecto","type-evento-proyecto","status-publish","has-post-thumbnail","hentry"],"acf":[],"yoast_head":"<!-- This site is optimized with the Yoast SEO plugin v27.4 - https:\/\/yoast.com\/product\/yoast-seo-wordpress\/ -->\n<title>Webinar: Valorizaci\u00f3n integral de residuos agroforestales para la obtenci\u00f3n de ingredientes bioactivos y funcionales \u2013 NEWPOWER - Interreg Sudoe<\/title>\n<meta name=\"robots\" content=\"index, follow, max-snippet:-1, max-image-preview:large, max-video-preview:-1\" \/>\n<link rel=\"canonical\" href=\"https:\/\/interreg-sudoe.eu\/en\/evento-proyecto\/webinar-valorizacion-integral-de-residuos-agroforestales-para-la-obtencion-de-ingredientes-bioactivos-y-funcionales-newpower\/\" \/>\n<meta property=\"og:locale\" content=\"en_US\" \/>\n<meta property=\"og:type\" content=\"article\" \/>\n<meta property=\"og:title\" content=\"Webinar: Valorizaci\u00f3n integral de residuos agroforestales para la obtenci\u00f3n de ingredientes bioactivos y funcionales \u2013 NEWPOWER - Interreg Sudoe\" \/>\n<meta property=\"og:description\" content=\"El pr\u00f3ximo 27 de marzo de 2026, el proyecto NEWPOWER celebrar\u00e1 el webinar \u201cValorizaci\u00f3n integral de residuos agroforestales para la obtenci\u00f3n de ingredientes bioactivos y funcionales\u201d, centrado en el potencial de los recursos agroforestales residuales dentro del marco de la bioeconom\u00eda circular. La sesi\u00f3n forma parte del ciclo de webinars \u201cDe residuo a recurso: cooperaci\u00f3n [&hellip;]\" \/>\n<meta property=\"og:url\" content=\"https:\/\/interreg-sudoe.eu\/en\/evento-proyecto\/webinar-valorizacion-integral-de-residuos-agroforestales-para-la-obtencion-de-ingredientes-bioactivos-y-funcionales-newpower\/\" \/>\n<meta property=\"og:site_name\" content=\"Interreg Sudoe\" \/>\n<meta property=\"article:publisher\" content=\"https:\/\/www.facebook.com\/interregsudoe\" \/>\n<meta property=\"article:modified_time\" content=\"2026-03-27T09:18:04+00:00\" \/>\n<meta property=\"og:image\" content=\"https:\/\/interreg-sudoe.eu\/wp-content\/uploads\/2026\/03\/Noticia-ES.jpg\" \/>\n\t<meta property=\"og:image:width\" content=\"1920\" \/>\n\t<meta property=\"og:image:height\" content=\"1080\" \/>\n\t<meta property=\"og:image:type\" content=\"image\/jpeg\" \/>\n<meta name=\"twitter:card\" content=\"summary_large_image\" \/>\n<meta name=\"twitter:site\" content=\"@Sudoe5\" \/>\n<meta name=\"twitter:label1\" content=\"Est. reading time\" \/>\n\t<meta name=\"twitter:data1\" content=\"2 minutes\" \/>\n<script type=\"application\/ld+json\" class=\"yoast-schema-graph\">{\"@context\":\"https:\\\/\\\/schema.org\",\"@graph\":[{\"@type\":\"WebPage\",\"@id\":\"https:\\\/\\\/interreg-sudoe.eu\\\/en\\\/evento-proyecto\\\/webinar-valorizacion-integral-de-residuos-agroforestales-para-la-obtencion-de-ingredientes-bioactivos-y-funcionales-newpower\\\/\",\"url\":\"https:\\\/\\\/interreg-sudoe.eu\\\/en\\\/evento-proyecto\\\/webinar-valorizacion-integral-de-residuos-agroforestales-para-la-obtencion-de-ingredientes-bioactivos-y-funcionales-newpower\\\/\",\"name\":\"Webinar: Valorizaci\u00f3n integral de residuos agroforestales para la obtenci\u00f3n de ingredientes bioactivos y funcionales \u2013 NEWPOWER - Interreg Sudoe\",\"isPartOf\":{\"@id\":\"https:\\\/\\\/interreg-sudoe.eu\\\/en\\\/#website\"},\"primaryImageOfPage\":{\"@id\":\"https:\\\/\\\/interreg-sudoe.eu\\\/en\\\/evento-proyecto\\\/webinar-valorizacion-integral-de-residuos-agroforestales-para-la-obtencion-de-ingredientes-bioactivos-y-funcionales-newpower\\\/#primaryimage\"},\"image\":{\"@id\":\"https:\\\/\\\/interreg-sudoe.eu\\\/en\\\/evento-proyecto\\\/webinar-valorizacion-integral-de-residuos-agroforestales-para-la-obtencion-de-ingredientes-bioactivos-y-funcionales-newpower\\\/#primaryimage\"},\"thumbnailUrl\":\"https:\\\/\\\/interreg-sudoe.eu\\\/wp-content\\\/uploads\\\/2026\\\/03\\\/Noticia-ES.jpg\",\"datePublished\":\"2026-03-11T10:49:20+00:00\",\"dateModified\":\"2026-03-27T09:18:04+00:00\",\"breadcrumb\":{\"@id\":\"https:\\\/\\\/interreg-sudoe.eu\\\/en\\\/evento-proyecto\\\/webinar-valorizacion-integral-de-residuos-agroforestales-para-la-obtencion-de-ingredientes-bioactivos-y-funcionales-newpower\\\/#breadcrumb\"},\"inLanguage\":\"en-US\",\"potentialAction\":[{\"@type\":\"ReadAction\",\"target\":[\"https:\\\/\\\/interreg-sudoe.eu\\\/en\\\/evento-proyecto\\\/webinar-valorizacion-integral-de-residuos-agroforestales-para-la-obtencion-de-ingredientes-bioactivos-y-funcionales-newpower\\\/\"]}]},{\"@type\":\"ImageObject\",\"inLanguage\":\"en-US\",\"@id\":\"https:\\\/\\\/interreg-sudoe.eu\\\/en\\\/evento-proyecto\\\/webinar-valorizacion-integral-de-residuos-agroforestales-para-la-obtencion-de-ingredientes-bioactivos-y-funcionales-newpower\\\/#primaryimage\",\"url\":\"https:\\\/\\\/interreg-sudoe.eu\\\/wp-content\\\/uploads\\\/2026\\\/03\\\/Noticia-ES.jpg\",\"contentUrl\":\"https:\\\/\\\/interreg-sudoe.eu\\\/wp-content\\\/uploads\\\/2026\\\/03\\\/Noticia-ES.jpg\",\"width\":1920,\"height\":1080},{\"@type\":\"BreadcrumbList\",\"@id\":\"https:\\\/\\\/interreg-sudoe.eu\\\/en\\\/evento-proyecto\\\/webinar-valorizacion-integral-de-residuos-agroforestales-para-la-obtencion-de-ingredientes-bioactivos-y-funcionales-newpower\\\/#breadcrumb\",\"itemListElement\":[{\"@type\":\"ListItem\",\"position\":1,\"name\":\"Home\",\"item\":\"https:\\\/\\\/interreg-sudoe.eu\\\/en\\\/\"},{\"@type\":\"ListItem\",\"position\":2,\"name\":\"Webinar: Valorizaci\u00f3n integral de residuos agroforestales para la obtenci\u00f3n de ingredientes bioactivos y funcionales \u2013 NEWPOWER\"}]},{\"@type\":\"WebSite\",\"@id\":\"https:\\\/\\\/interreg-sudoe.eu\\\/en\\\/#website\",\"url\":\"https:\\\/\\\/interreg-sudoe.eu\\\/en\\\/\",\"name\":\"Interreg Sudoe\",\"description\":\"Interreg Sudoe\",\"publisher\":{\"@id\":\"https:\\\/\\\/interreg-sudoe.eu\\\/en\\\/#organization\"},\"alternateName\":\"Interreg Sudoe\",\"potentialAction\":[{\"@type\":\"SearchAction\",\"target\":{\"@type\":\"EntryPoint\",\"urlTemplate\":\"https:\\\/\\\/interreg-sudoe.eu\\\/en\\\/?s={search_term_string}\"},\"query-input\":{\"@type\":\"PropertyValueSpecification\",\"valueRequired\":true,\"valueName\":\"search_term_string\"}}],\"inLanguage\":\"en-US\"},{\"@type\":\"Organization\",\"@id\":\"https:\\\/\\\/interreg-sudoe.eu\\\/en\\\/#organization\",\"name\":\"Interreg Sudoe\",\"alternateName\":\"Interreg Sudoe\",\"url\":\"https:\\\/\\\/interreg-sudoe.eu\\\/en\\\/\",\"logo\":{\"@type\":\"ImageObject\",\"inLanguage\":\"en-US\",\"@id\":\"https:\\\/\\\/interreg-sudoe.eu\\\/en\\\/#\\\/schema\\\/logo\\\/image\\\/\",\"url\":\"https:\\\/\\\/interreg-sudoe.eu\\\/wp-content\\\/uploads\\\/2024\\\/03\\\/logo-interreg.png\",\"contentUrl\":\"https:\\\/\\\/interreg-sudoe.eu\\\/wp-content\\\/uploads\\\/2024\\\/03\\\/logo-interreg.png\",\"width\":1200,\"height\":675,\"caption\":\"Interreg Sudoe\"},\"image\":{\"@id\":\"https:\\\/\\\/interreg-sudoe.eu\\\/en\\\/#\\\/schema\\\/logo\\\/image\\\/\"},\"sameAs\":[\"https:\\\/\\\/www.facebook.com\\\/interregsudoe\",\"https:\\\/\\\/x.com\\\/Sudoe5\",\"https:\\\/\\\/www.youtube.com\\\/channel\\\/UCeGx2edoB32beRc9dbKA2vw\",\"https:\\\/\\\/www.linkedin.com\\\/company\\\/interreg-sudoe-programme\\\/\",\"https:\\\/\\\/www.flickr.com\\\/photos\\\/148704685@N06\\\/\"]}]}<\/script>\n<!-- \/ Yoast SEO plugin. -->","yoast_head_json":{"title":"Webinar: Valorizaci\u00f3n integral de residuos agroforestales para la obtenci\u00f3n de ingredientes bioactivos y funcionales \u2013 NEWPOWER - Interreg Sudoe","robots":{"index":"index","follow":"follow","max-snippet":"max-snippet:-1","max-image-preview":"max-image-preview:large","max-video-preview":"max-video-preview:-1"},"canonical":"https:\/\/interreg-sudoe.eu\/en\/evento-proyecto\/webinar-valorizacion-integral-de-residuos-agroforestales-para-la-obtencion-de-ingredientes-bioactivos-y-funcionales-newpower\/","og_locale":"en_US","og_type":"article","og_title":"Webinar: Valorizaci\u00f3n integral de residuos agroforestales para la obtenci\u00f3n de ingredientes bioactivos y funcionales \u2013 NEWPOWER - Interreg Sudoe","og_description":"El pr\u00f3ximo 27 de marzo de 2026, el proyecto NEWPOWER celebrar\u00e1 el webinar \u201cValorizaci\u00f3n integral de residuos agroforestales para la obtenci\u00f3n de ingredientes bioactivos y funcionales\u201d, centrado en el potencial de los recursos agroforestales residuales dentro del marco de la bioeconom\u00eda circular. La sesi\u00f3n forma parte del ciclo de webinars \u201cDe residuo a recurso: cooperaci\u00f3n [&hellip;]","og_url":"https:\/\/interreg-sudoe.eu\/en\/evento-proyecto\/webinar-valorizacion-integral-de-residuos-agroforestales-para-la-obtencion-de-ingredientes-bioactivos-y-funcionales-newpower\/","og_site_name":"Interreg Sudoe","article_publisher":"https:\/\/www.facebook.com\/interregsudoe","article_modified_time":"2026-03-27T09:18:04+00:00","og_image":[{"width":1920,"height":1080,"url":"https:\/\/interreg-sudoe.eu\/wp-content\/uploads\/2026\/03\/Noticia-ES.jpg","type":"image\/jpeg"}],"twitter_card":"summary_large_image","twitter_site":"@Sudoe5","twitter_misc":{"Est. reading time":"2 minutes"},"schema":{"@context":"https:\/\/schema.org","@graph":[{"@type":"WebPage","@id":"https:\/\/interreg-sudoe.eu\/en\/evento-proyecto\/webinar-valorizacion-integral-de-residuos-agroforestales-para-la-obtencion-de-ingredientes-bioactivos-y-funcionales-newpower\/","url":"https:\/\/interreg-sudoe.eu\/en\/evento-proyecto\/webinar-valorizacion-integral-de-residuos-agroforestales-para-la-obtencion-de-ingredientes-bioactivos-y-funcionales-newpower\/","name":"Webinar: Valorizaci\u00f3n integral de residuos agroforestales para la obtenci\u00f3n de ingredientes bioactivos y funcionales \u2013 NEWPOWER - Interreg Sudoe","isPartOf":{"@id":"https:\/\/interreg-sudoe.eu\/en\/#website"},"primaryImageOfPage":{"@id":"https:\/\/interreg-sudoe.eu\/en\/evento-proyecto\/webinar-valorizacion-integral-de-residuos-agroforestales-para-la-obtencion-de-ingredientes-bioactivos-y-funcionales-newpower\/#primaryimage"},"image":{"@id":"https:\/\/interreg-sudoe.eu\/en\/evento-proyecto\/webinar-valorizacion-integral-de-residuos-agroforestales-para-la-obtencion-de-ingredientes-bioactivos-y-funcionales-newpower\/#primaryimage"},"thumbnailUrl":"https:\/\/interreg-sudoe.eu\/wp-content\/uploads\/2026\/03\/Noticia-ES.jpg","datePublished":"2026-03-11T10:49:20+00:00","dateModified":"2026-03-27T09:18:04+00:00","breadcrumb":{"@id":"https:\/\/interreg-sudoe.eu\/en\/evento-proyecto\/webinar-valorizacion-integral-de-residuos-agroforestales-para-la-obtencion-de-ingredientes-bioactivos-y-funcionales-newpower\/#breadcrumb"},"inLanguage":"en-US","potentialAction":[{"@type":"ReadAction","target":["https:\/\/interreg-sudoe.eu\/en\/evento-proyecto\/webinar-valorizacion-integral-de-residuos-agroforestales-para-la-obtencion-de-ingredientes-bioactivos-y-funcionales-newpower\/"]}]},{"@type":"ImageObject","inLanguage":"en-US","@id":"https:\/\/interreg-sudoe.eu\/en\/evento-proyecto\/webinar-valorizacion-integral-de-residuos-agroforestales-para-la-obtencion-de-ingredientes-bioactivos-y-funcionales-newpower\/#primaryimage","url":"https:\/\/interreg-sudoe.eu\/wp-content\/uploads\/2026\/03\/Noticia-ES.jpg","contentUrl":"https:\/\/interreg-sudoe.eu\/wp-content\/uploads\/2026\/03\/Noticia-ES.jpg","width":1920,"height":1080},{"@type":"BreadcrumbList","@id":"https:\/\/interreg-sudoe.eu\/en\/evento-proyecto\/webinar-valorizacion-integral-de-residuos-agroforestales-para-la-obtencion-de-ingredientes-bioactivos-y-funcionales-newpower\/#breadcrumb","itemListElement":[{"@type":"ListItem","position":1,"name":"Home","item":"https:\/\/interreg-sudoe.eu\/en\/"},{"@type":"ListItem","position":2,"name":"Webinar: Valorizaci\u00f3n integral de residuos agroforestales para la obtenci\u00f3n de ingredientes bioactivos y funcionales \u2013 NEWPOWER"}]},{"@type":"WebSite","@id":"https:\/\/interreg-sudoe.eu\/en\/#website","url":"https:\/\/interreg-sudoe.eu\/en\/","name":"Interreg Sudoe","description":"Interreg Sudoe","publisher":{"@id":"https:\/\/interreg-sudoe.eu\/en\/#organization"},"alternateName":"Interreg Sudoe","potentialAction":[{"@type":"SearchAction","target":{"@type":"EntryPoint","urlTemplate":"https:\/\/interreg-sudoe.eu\/en\/?s={search_term_string}"},"query-input":{"@type":"PropertyValueSpecification","valueRequired":true,"valueName":"search_term_string"}}],"inLanguage":"en-US"},{"@type":"Organization","@id":"https:\/\/interreg-sudoe.eu\/en\/#organization","name":"Interreg Sudoe","alternateName":"Interreg Sudoe","url":"https:\/\/interreg-sudoe.eu\/en\/","logo":{"@type":"ImageObject","inLanguage":"en-US","@id":"https:\/\/interreg-sudoe.eu\/en\/#\/schema\/logo\/image\/","url":"https:\/\/interreg-sudoe.eu\/wp-content\/uploads\/2024\/03\/logo-interreg.png","contentUrl":"https:\/\/interreg-sudoe.eu\/wp-content\/uploads\/2024\/03\/logo-interreg.png","width":1200,"height":675,"caption":"Interreg Sudoe"},"image":{"@id":"https:\/\/interreg-sudoe.eu\/en\/#\/schema\/logo\/image\/"},"sameAs":["https:\/\/www.facebook.com\/interregsudoe","https:\/\/x.com\/Sudoe5","https:\/\/www.youtube.com\/channel\/UCeGx2edoB32beRc9dbKA2vw","https:\/\/www.linkedin.com\/company\/interreg-sudoe-programme\/","https:\/\/www.flickr.com\/photos\/148704685@N06\/"]}]}},"_links":{"self":[{"href":"https:\/\/interreg-sudoe.eu\/en\/wp-json\/wp\/v2\/evento-proyecto\/62256","targetHints":{"allow":["GET"]}}],"collection":[{"href":"https:\/\/interreg-sudoe.eu\/en\/wp-json\/wp\/v2\/evento-proyecto"}],"about":[{"href":"https:\/\/interreg-sudoe.eu\/en\/wp-json\/wp\/v2\/types\/evento-proyecto"}],"author":[{"embeddable":true,"href":"https:\/\/interreg-sudoe.eu\/en\/wp-json\/wp\/v2\/users\/4986"}],"wp:featuredmedia":[{"embeddable":true,"href":"https:\/\/interreg-sudoe.eu\/en\/wp-json\/wp\/v2\/media\/62305"}],"wp:attachment":[{"href":"https:\/\/interreg-sudoe.eu\/en\/wp-json\/wp\/v2\/media?parent=62256"}],"curies":[{"name":"wp","href":"https:\/\/api.w.org\/{rel}","templated":true}]}}