{"id":63675,"date":"2025-03-27T09:49:24","date_gmt":"2025-03-27T08:49:24","guid":{"rendered":"https:\/\/interreg-sudoe.eu\/?post_type=evento-proyecto&#038;p=63675"},"modified":"2026-04-09T09:59:12","modified_gmt":"2026-04-09T07:59:12","slug":"el-workshop-fire-res-aborda-los-desafios-de-los-incendios-forestales-extremos","status":"publish","type":"evento-proyecto","link":"https:\/\/interreg-sudoe.eu\/en\/evento-proyecto\/el-workshop-fire-res-aborda-los-desafios-de-los-incendios-forestales-extremos\/","title":{"rendered":"El workshop FIRE-RES aborda los desaf\u00edos de los incendios forestales extremos"},"content":{"rendered":"<p data-start=\"85\" data-end=\"164\">El workshop FIRE-RES aborda los desaf\u00edos de los incendios forestales extremos<\/p>\n<p data-start=\"166\" data-end=\"369\">Los d\u00edas 26 y 27 de marzo de 2025 se celebr\u00f3 en Silleda (Galicia) el workshop FIRE-RES, organizado por la Xunta de Galicia, centrado en la mejora de la resiliencia frente a incendios forestales extremos.<\/p>\n<p data-start=\"371\" data-end=\"633\">El encuentro abord\u00f3 el impacto de los incendios en las comunidades rurales, as\u00ed como las estrategias de prevenci\u00f3n y respuesta operativa ante situaciones de alto riesgo. Asimismo, se presentaron nuevas herramientas y tecnolog\u00edas aplicadas a la gesti\u00f3n del fuego. Durante las sesiones se analizaron los principales desaf\u00edos en la defensa del monte frente a incendios de gran magnitud y se compartieron soluciones desarrolladas en el marco del proyecto europeo FIRE-RES, orientadas a mejorar la capacidad de anticipaci\u00f3n y respuesta ante este tipo de emergencias.<\/p>\n<p data-start=\"935\" data-end=\"997\">\ud83d\udccd Silleda, Galicia, Espa\u00f1a.<br data-start=\"963\" data-end=\"966\" \/>\ud83d\uddd3\ufe0f 26 y 27 de marzo de 2025.<\/p>\n<p data-start=\"999\" data-end=\"1056\">USE4FOREST: Montes gestionados, territorios protegidos.<\/p>\n","protected":false},"author":6728,"featured_media":62930,"template":"","meta":{"_acf_changed":false,"content-type":"","_monsterinsights_skip_tracking":false,"_monsterinsights_sitenote_active":false,"_monsterinsights_sitenote_note":"","_monsterinsights_sitenote_category":0},"class_list":["post-63675","evento-proyecto","type-evento-proyecto","status-publish","has-post-thumbnail","hentry"],"acf":[],"yoast_head":"<!-- This site is optimized with the Yoast SEO plugin v27.4 - https:\/\/yoast.com\/product\/yoast-seo-wordpress\/ -->\n<title>El workshop FIRE-RES aborda los desaf\u00edos de los incendios forestales extremos - Interreg Sudoe<\/title>\n<meta name=\"robots\" content=\"index, follow, max-snippet:-1, max-image-preview:large, max-video-preview:-1\" \/>\n<link rel=\"canonical\" href=\"https:\/\/interreg-sudoe.eu\/en\/evento-proyecto\/el-workshop-fire-res-aborda-los-desafios-de-los-incendios-forestales-extremos\/\" \/>\n<meta property=\"og:locale\" content=\"en_US\" \/>\n<meta property=\"og:type\" content=\"article\" \/>\n<meta property=\"og:title\" content=\"El workshop FIRE-RES aborda los desaf\u00edos de los incendios forestales extremos - Interreg Sudoe\" \/>\n<meta property=\"og:description\" content=\"El workshop FIRE-RES aborda los desaf\u00edos de los incendios forestales extremos Los d\u00edas 26 y 27 de marzo de 2025 se celebr\u00f3 en Silleda (Galicia) el workshop FIRE-RES, organizado por la Xunta de Galicia, centrado en la mejora de la resiliencia frente a incendios forestales extremos. El encuentro abord\u00f3 el impacto de los incendios en [&hellip;]\" \/>\n<meta property=\"og:url\" content=\"https:\/\/interreg-sudoe.eu\/en\/evento-proyecto\/el-workshop-fire-res-aborda-los-desafios-de-los-incendios-forestales-extremos\/\" \/>\n<meta property=\"og:site_name\" content=\"Interreg Sudoe\" \/>\n<meta property=\"article:publisher\" content=\"https:\/\/www.facebook.com\/interregsudoe\" \/>\n<meta property=\"article:modified_time\" content=\"2026-04-09T07:59:12+00:00\" \/>\n<meta property=\"og:image\" content=\"https:\/\/interreg-sudoe.eu\/wp-content\/uploads\/2025\/03\/4-2.jpg\" \/>\n\t<meta property=\"og:image:width\" content=\"1080\" \/>\n\t<meta property=\"og:image:height\" content=\"1350\" \/>\n\t<meta property=\"og:image:type\" content=\"image\/jpeg\" \/>\n<meta name=\"twitter:card\" content=\"summary_large_image\" \/>\n<meta name=\"twitter:site\" content=\"@Sudoe5\" \/>\n<meta name=\"twitter:label1\" content=\"Est. reading time\" \/>\n\t<meta name=\"twitter:data1\" content=\"1 minute\" \/>\n<script type=\"application\/ld+json\" class=\"yoast-schema-graph\">{\"@context\":\"https:\\\/\\\/schema.org\",\"@graph\":[{\"@type\":\"WebPage\",\"@id\":\"https:\\\/\\\/interreg-sudoe.eu\\\/en\\\/evento-proyecto\\\/el-workshop-fire-res-aborda-los-desafios-de-los-incendios-forestales-extremos\\\/\",\"url\":\"https:\\\/\\\/interreg-sudoe.eu\\\/en\\\/evento-proyecto\\\/el-workshop-fire-res-aborda-los-desafios-de-los-incendios-forestales-extremos\\\/\",\"name\":\"El workshop FIRE-RES aborda los desaf\u00edos de los incendios forestales extremos - Interreg Sudoe\",\"isPartOf\":{\"@id\":\"https:\\\/\\\/interreg-sudoe.eu\\\/en\\\/#website\"},\"primaryImageOfPage\":{\"@id\":\"https:\\\/\\\/interreg-sudoe.eu\\\/en\\\/evento-proyecto\\\/el-workshop-fire-res-aborda-los-desafios-de-los-incendios-forestales-extremos\\\/#primaryimage\"},\"image\":{\"@id\":\"https:\\\/\\\/interreg-sudoe.eu\\\/en\\\/evento-proyecto\\\/el-workshop-fire-res-aborda-los-desafios-de-los-incendios-forestales-extremos\\\/#primaryimage\"},\"thumbnailUrl\":\"https:\\\/\\\/interreg-sudoe.eu\\\/wp-content\\\/uploads\\\/2025\\\/03\\\/4-2.jpg\",\"datePublished\":\"2025-03-27T08:49:24+00:00\",\"dateModified\":\"2026-04-09T07:59:12+00:00\",\"breadcrumb\":{\"@id\":\"https:\\\/\\\/interreg-sudoe.eu\\\/en\\\/evento-proyecto\\\/el-workshop-fire-res-aborda-los-desafios-de-los-incendios-forestales-extremos\\\/#breadcrumb\"},\"inLanguage\":\"en-US\",\"potentialAction\":[{\"@type\":\"ReadAction\",\"target\":[\"https:\\\/\\\/interreg-sudoe.eu\\\/en\\\/evento-proyecto\\\/el-workshop-fire-res-aborda-los-desafios-de-los-incendios-forestales-extremos\\\/\"]}]},{\"@type\":\"ImageObject\",\"inLanguage\":\"en-US\",\"@id\":\"https:\\\/\\\/interreg-sudoe.eu\\\/en\\\/evento-proyecto\\\/el-workshop-fire-res-aborda-los-desafios-de-los-incendios-forestales-extremos\\\/#primaryimage\",\"url\":\"https:\\\/\\\/interreg-sudoe.eu\\\/wp-content\\\/uploads\\\/2025\\\/03\\\/4-2.jpg\",\"contentUrl\":\"https:\\\/\\\/interreg-sudoe.eu\\\/wp-content\\\/uploads\\\/2025\\\/03\\\/4-2.jpg\",\"width\":1080,\"height\":1350},{\"@type\":\"BreadcrumbList\",\"@id\":\"https:\\\/\\\/interreg-sudoe.eu\\\/en\\\/evento-proyecto\\\/el-workshop-fire-res-aborda-los-desafios-de-los-incendios-forestales-extremos\\\/#breadcrumb\",\"itemListElement\":[{\"@type\":\"ListItem\",\"position\":1,\"name\":\"Home\",\"item\":\"https:\\\/\\\/interreg-sudoe.eu\\\/en\\\/\"},{\"@type\":\"ListItem\",\"position\":2,\"name\":\"El workshop FIRE-RES aborda los desaf\u00edos de los incendios forestales extremos\"}]},{\"@type\":\"WebSite\",\"@id\":\"https:\\\/\\\/interreg-sudoe.eu\\\/en\\\/#website\",\"url\":\"https:\\\/\\\/interreg-sudoe.eu\\\/en\\\/\",\"name\":\"Interreg Sudoe\",\"description\":\"Interreg Sudoe\",\"publisher\":{\"@id\":\"https:\\\/\\\/interreg-sudoe.eu\\\/en\\\/#organization\"},\"alternateName\":\"Interreg Sudoe\",\"potentialAction\":[{\"@type\":\"SearchAction\",\"target\":{\"@type\":\"EntryPoint\",\"urlTemplate\":\"https:\\\/\\\/interreg-sudoe.eu\\\/en\\\/?s={search_term_string}\"},\"query-input\":{\"@type\":\"PropertyValueSpecification\",\"valueRequired\":true,\"valueName\":\"search_term_string\"}}],\"inLanguage\":\"en-US\"},{\"@type\":\"Organization\",\"@id\":\"https:\\\/\\\/interreg-sudoe.eu\\\/en\\\/#organization\",\"name\":\"Interreg Sudoe\",\"alternateName\":\"Interreg Sudoe\",\"url\":\"https:\\\/\\\/interreg-sudoe.eu\\\/en\\\/\",\"logo\":{\"@type\":\"ImageObject\",\"inLanguage\":\"en-US\",\"@id\":\"https:\\\/\\\/interreg-sudoe.eu\\\/en\\\/#\\\/schema\\\/logo\\\/image\\\/\",\"url\":\"https:\\\/\\\/interreg-sudoe.eu\\\/wp-content\\\/uploads\\\/2024\\\/03\\\/logo-interreg.png\",\"contentUrl\":\"https:\\\/\\\/interreg-sudoe.eu\\\/wp-content\\\/uploads\\\/2024\\\/03\\\/logo-interreg.png\",\"width\":1200,\"height\":675,\"caption\":\"Interreg Sudoe\"},\"image\":{\"@id\":\"https:\\\/\\\/interreg-sudoe.eu\\\/en\\\/#\\\/schema\\\/logo\\\/image\\\/\"},\"sameAs\":[\"https:\\\/\\\/www.facebook.com\\\/interregsudoe\",\"https:\\\/\\\/x.com\\\/Sudoe5\",\"https:\\\/\\\/www.youtube.com\\\/channel\\\/UCeGx2edoB32beRc9dbKA2vw\",\"https:\\\/\\\/www.linkedin.com\\\/company\\\/interreg-sudoe-programme\\\/\",\"https:\\\/\\\/www.flickr.com\\\/photos\\\/148704685@N06\\\/\"]}]}<\/script>\n<!-- \/ Yoast SEO plugin. -->","yoast_head_json":{"title":"El workshop FIRE-RES aborda los desaf\u00edos de los incendios forestales extremos - Interreg Sudoe","robots":{"index":"index","follow":"follow","max-snippet":"max-snippet:-1","max-image-preview":"max-image-preview:large","max-video-preview":"max-video-preview:-1"},"canonical":"https:\/\/interreg-sudoe.eu\/en\/evento-proyecto\/el-workshop-fire-res-aborda-los-desafios-de-los-incendios-forestales-extremos\/","og_locale":"en_US","og_type":"article","og_title":"El workshop FIRE-RES aborda los desaf\u00edos de los incendios forestales extremos - Interreg Sudoe","og_description":"El workshop FIRE-RES aborda los desaf\u00edos de los incendios forestales extremos Los d\u00edas 26 y 27 de marzo de 2025 se celebr\u00f3 en Silleda (Galicia) el workshop FIRE-RES, organizado por la Xunta de Galicia, centrado en la mejora de la resiliencia frente a incendios forestales extremos. El encuentro abord\u00f3 el impacto de los incendios en [&hellip;]","og_url":"https:\/\/interreg-sudoe.eu\/en\/evento-proyecto\/el-workshop-fire-res-aborda-los-desafios-de-los-incendios-forestales-extremos\/","og_site_name":"Interreg Sudoe","article_publisher":"https:\/\/www.facebook.com\/interregsudoe","article_modified_time":"2026-04-09T07:59:12+00:00","og_image":[{"width":1080,"height":1350,"url":"https:\/\/interreg-sudoe.eu\/wp-content\/uploads\/2025\/03\/4-2.jpg","type":"image\/jpeg"}],"twitter_card":"summary_large_image","twitter_site":"@Sudoe5","twitter_misc":{"Est. reading time":"1 minute"},"schema":{"@context":"https:\/\/schema.org","@graph":[{"@type":"WebPage","@id":"https:\/\/interreg-sudoe.eu\/en\/evento-proyecto\/el-workshop-fire-res-aborda-los-desafios-de-los-incendios-forestales-extremos\/","url":"https:\/\/interreg-sudoe.eu\/en\/evento-proyecto\/el-workshop-fire-res-aborda-los-desafios-de-los-incendios-forestales-extremos\/","name":"El workshop FIRE-RES aborda los desaf\u00edos de los incendios forestales extremos - Interreg Sudoe","isPartOf":{"@id":"https:\/\/interreg-sudoe.eu\/en\/#website"},"primaryImageOfPage":{"@id":"https:\/\/interreg-sudoe.eu\/en\/evento-proyecto\/el-workshop-fire-res-aborda-los-desafios-de-los-incendios-forestales-extremos\/#primaryimage"},"image":{"@id":"https:\/\/interreg-sudoe.eu\/en\/evento-proyecto\/el-workshop-fire-res-aborda-los-desafios-de-los-incendios-forestales-extremos\/#primaryimage"},"thumbnailUrl":"https:\/\/interreg-sudoe.eu\/wp-content\/uploads\/2025\/03\/4-2.jpg","datePublished":"2025-03-27T08:49:24+00:00","dateModified":"2026-04-09T07:59:12+00:00","breadcrumb":{"@id":"https:\/\/interreg-sudoe.eu\/en\/evento-proyecto\/el-workshop-fire-res-aborda-los-desafios-de-los-incendios-forestales-extremos\/#breadcrumb"},"inLanguage":"en-US","potentialAction":[{"@type":"ReadAction","target":["https:\/\/interreg-sudoe.eu\/en\/evento-proyecto\/el-workshop-fire-res-aborda-los-desafios-de-los-incendios-forestales-extremos\/"]}]},{"@type":"ImageObject","inLanguage":"en-US","@id":"https:\/\/interreg-sudoe.eu\/en\/evento-proyecto\/el-workshop-fire-res-aborda-los-desafios-de-los-incendios-forestales-extremos\/#primaryimage","url":"https:\/\/interreg-sudoe.eu\/wp-content\/uploads\/2025\/03\/4-2.jpg","contentUrl":"https:\/\/interreg-sudoe.eu\/wp-content\/uploads\/2025\/03\/4-2.jpg","width":1080,"height":1350},{"@type":"BreadcrumbList","@id":"https:\/\/interreg-sudoe.eu\/en\/evento-proyecto\/el-workshop-fire-res-aborda-los-desafios-de-los-incendios-forestales-extremos\/#breadcrumb","itemListElement":[{"@type":"ListItem","position":1,"name":"Home","item":"https:\/\/interreg-sudoe.eu\/en\/"},{"@type":"ListItem","position":2,"name":"El workshop FIRE-RES aborda los desaf\u00edos de los incendios forestales extremos"}]},{"@type":"WebSite","@id":"https:\/\/interreg-sudoe.eu\/en\/#website","url":"https:\/\/interreg-sudoe.eu\/en\/","name":"Interreg Sudoe","description":"Interreg Sudoe","publisher":{"@id":"https:\/\/interreg-sudoe.eu\/en\/#organization"},"alternateName":"Interreg Sudoe","potentialAction":[{"@type":"SearchAction","target":{"@type":"EntryPoint","urlTemplate":"https:\/\/interreg-sudoe.eu\/en\/?s={search_term_string}"},"query-input":{"@type":"PropertyValueSpecification","valueRequired":true,"valueName":"search_term_string"}}],"inLanguage":"en-US"},{"@type":"Organization","@id":"https:\/\/interreg-sudoe.eu\/en\/#organization","name":"Interreg Sudoe","alternateName":"Interreg Sudoe","url":"https:\/\/interreg-sudoe.eu\/en\/","logo":{"@type":"ImageObject","inLanguage":"en-US","@id":"https:\/\/interreg-sudoe.eu\/en\/#\/schema\/logo\/image\/","url":"https:\/\/interreg-sudoe.eu\/wp-content\/uploads\/2024\/03\/logo-interreg.png","contentUrl":"https:\/\/interreg-sudoe.eu\/wp-content\/uploads\/2024\/03\/logo-interreg.png","width":1200,"height":675,"caption":"Interreg Sudoe"},"image":{"@id":"https:\/\/interreg-sudoe.eu\/en\/#\/schema\/logo\/image\/"},"sameAs":["https:\/\/www.facebook.com\/interregsudoe","https:\/\/x.com\/Sudoe5","https:\/\/www.youtube.com\/channel\/UCeGx2edoB32beRc9dbKA2vw","https:\/\/www.linkedin.com\/company\/interreg-sudoe-programme\/","https:\/\/www.flickr.com\/photos\/148704685@N06\/"]}]}},"_links":{"self":[{"href":"https:\/\/interreg-sudoe.eu\/en\/wp-json\/wp\/v2\/evento-proyecto\/63675","targetHints":{"allow":["GET"]}}],"collection":[{"href":"https:\/\/interreg-sudoe.eu\/en\/wp-json\/wp\/v2\/evento-proyecto"}],"about":[{"href":"https:\/\/interreg-sudoe.eu\/en\/wp-json\/wp\/v2\/types\/evento-proyecto"}],"author":[{"embeddable":true,"href":"https:\/\/interreg-sudoe.eu\/en\/wp-json\/wp\/v2\/users\/6728"}],"wp:featuredmedia":[{"embeddable":true,"href":"https:\/\/interreg-sudoe.eu\/en\/wp-json\/wp\/v2\/media\/62930"}],"wp:attachment":[{"href":"https:\/\/interreg-sudoe.eu\/en\/wp-json\/wp\/v2\/media?parent=63675"}],"curies":[{"name":"wp","href":"https:\/\/api.w.org\/{rel}","templated":true}]}}