{"id":63695,"date":"2025-04-22T10:08:29","date_gmt":"2025-04-22T08:08:29","guid":{"rendered":"https:\/\/interreg-sudoe.eu\/?post_type=evento-proyecto&#038;p=63695"},"modified":"2026-04-09T10:14:37","modified_gmt":"2026-04-09T08:14:37","slug":"use4forest-acude-a-la-presentacion-de-un-cuento-infantil-sobre-incendios-forestales","status":"publish","type":"evento-proyecto","link":"https:\/\/interreg-sudoe.eu\/en\/evento-proyecto\/use4forest-acude-a-la-presentacion-de-un-cuento-infantil-sobre-incendios-forestales\/","title":{"rendered":"USE4FOREST acude a la presentaci\u00f3n de un cuento infantil sobre incendios forestales"},"content":{"rendered":"<p data-start=\"231\" data-end=\"430\">El 22 de abril de 2025 tuvo lugar en A Coru\u00f1a la presentaci\u00f3n de una nueva publicaci\u00f3n de Os Bolechas, impulsada por la Xunta de Galicia, centrada en la concienciaci\u00f3n sobre los incendios forestales.<\/p>\n<p data-start=\"432\" data-end=\"779\">La obra, dirigida al p\u00fablico infantil, busca sensibilizar a los m\u00e1s peque\u00f1os sobre la importancia de cuidar el entorno y prevenir conductas de riesgo en el medio natural. A trav\u00e9s de un enfoque did\u00e1ctico y accesible, introduce conceptos b\u00e1sicos relacionados con el fuego y sus consecuencias, fomentando h\u00e1bitos responsables desde edades tempranas.<\/p>\n<p data-start=\"781\" data-end=\"1167\">La publicaci\u00f3n forma parte de las acciones de educaci\u00f3n y divulgaci\u00f3n ambiental orientadas a reforzar la prevenci\u00f3n de incendios forestales, destacando el papel de la concienciaci\u00f3n social en la protecci\u00f3n del territorio. En este contexto, USE4FOREST participa en iniciativas que promueven la sensibilizaci\u00f3n y la formaci\u00f3n como base para una gesti\u00f3n m\u00e1s responsable del medio forestal.<\/p>\n<p data-start=\"1169\" data-end=\"1246\">\ud83d\udccd A Coru\u00f1a, Galicia, Espa\u00f1a.<br data-start=\"1217\" data-end=\"1220\" \/>\ud83d\uddd3\ufe0f 22 de abril de 2025.<\/p>\n<p data-start=\"1248\" data-end=\"1305\">USE4FOREST: Montes gestionados, territorios protegidos.<\/p>\n","protected":false},"author":6728,"featured_media":62952,"template":"","meta":{"_acf_changed":false,"content-type":"","_monsterinsights_skip_tracking":false,"_monsterinsights_sitenote_active":false,"_monsterinsights_sitenote_note":"","_monsterinsights_sitenote_category":0},"class_list":["post-63695","evento-proyecto","type-evento-proyecto","status-publish","has-post-thumbnail","hentry"],"acf":[],"yoast_head":"<!-- This site is optimized with the Yoast SEO plugin v27.4 - https:\/\/yoast.com\/product\/yoast-seo-wordpress\/ -->\n<title>USE4FOREST acude a la presentaci\u00f3n de un cuento infantil sobre incendios forestales - Interreg Sudoe<\/title>\n<meta name=\"robots\" content=\"index, follow, max-snippet:-1, max-image-preview:large, max-video-preview:-1\" \/>\n<link rel=\"canonical\" href=\"https:\/\/interreg-sudoe.eu\/en\/evento-proyecto\/use4forest-acude-a-la-presentacion-de-un-cuento-infantil-sobre-incendios-forestales\/\" \/>\n<meta property=\"og:locale\" content=\"en_US\" \/>\n<meta property=\"og:type\" content=\"article\" \/>\n<meta property=\"og:title\" content=\"USE4FOREST acude a la presentaci\u00f3n de un cuento infantil sobre incendios forestales - Interreg Sudoe\" \/>\n<meta property=\"og:description\" content=\"El 22 de abril de 2025 tuvo lugar en A Coru\u00f1a la presentaci\u00f3n de una nueva publicaci\u00f3n de Os Bolechas, impulsada por la Xunta de Galicia, centrada en la concienciaci\u00f3n sobre los incendios forestales. La obra, dirigida al p\u00fablico infantil, busca sensibilizar a los m\u00e1s peque\u00f1os sobre la importancia de cuidar el entorno y prevenir [&hellip;]\" \/>\n<meta property=\"og:url\" content=\"https:\/\/interreg-sudoe.eu\/en\/evento-proyecto\/use4forest-acude-a-la-presentacion-de-un-cuento-infantil-sobre-incendios-forestales\/\" \/>\n<meta property=\"og:site_name\" content=\"Interreg Sudoe\" \/>\n<meta property=\"article:publisher\" content=\"https:\/\/www.facebook.com\/interregsudoe\" \/>\n<meta property=\"article:modified_time\" content=\"2026-04-09T08:14:37+00:00\" \/>\n<meta property=\"og:image\" content=\"https:\/\/interreg-sudoe.eu\/wp-content\/uploads\/2026\/03\/6.jpg\" \/>\n\t<meta property=\"og:image:width\" content=\"1080\" \/>\n\t<meta property=\"og:image:height\" content=\"1350\" \/>\n\t<meta property=\"og:image:type\" content=\"image\/jpeg\" \/>\n<meta name=\"twitter:card\" content=\"summary_large_image\" \/>\n<meta name=\"twitter:site\" content=\"@Sudoe5\" \/>\n<meta name=\"twitter:label1\" content=\"Est. reading time\" \/>\n\t<meta name=\"twitter:data1\" content=\"1 minute\" \/>\n<script type=\"application\/ld+json\" class=\"yoast-schema-graph\">{\"@context\":\"https:\\\/\\\/schema.org\",\"@graph\":[{\"@type\":\"WebPage\",\"@id\":\"https:\\\/\\\/interreg-sudoe.eu\\\/en\\\/evento-proyecto\\\/use4forest-acude-a-la-presentacion-de-un-cuento-infantil-sobre-incendios-forestales\\\/\",\"url\":\"https:\\\/\\\/interreg-sudoe.eu\\\/en\\\/evento-proyecto\\\/use4forest-acude-a-la-presentacion-de-un-cuento-infantil-sobre-incendios-forestales\\\/\",\"name\":\"USE4FOREST acude a la presentaci\u00f3n de un cuento infantil sobre incendios forestales - Interreg Sudoe\",\"isPartOf\":{\"@id\":\"https:\\\/\\\/interreg-sudoe.eu\\\/en\\\/#website\"},\"primaryImageOfPage\":{\"@id\":\"https:\\\/\\\/interreg-sudoe.eu\\\/en\\\/evento-proyecto\\\/use4forest-acude-a-la-presentacion-de-un-cuento-infantil-sobre-incendios-forestales\\\/#primaryimage\"},\"image\":{\"@id\":\"https:\\\/\\\/interreg-sudoe.eu\\\/en\\\/evento-proyecto\\\/use4forest-acude-a-la-presentacion-de-un-cuento-infantil-sobre-incendios-forestales\\\/#primaryimage\"},\"thumbnailUrl\":\"https:\\\/\\\/interreg-sudoe.eu\\\/wp-content\\\/uploads\\\/2026\\\/03\\\/6.jpg\",\"datePublished\":\"2025-04-22T08:08:29+00:00\",\"dateModified\":\"2026-04-09T08:14:37+00:00\",\"breadcrumb\":{\"@id\":\"https:\\\/\\\/interreg-sudoe.eu\\\/en\\\/evento-proyecto\\\/use4forest-acude-a-la-presentacion-de-un-cuento-infantil-sobre-incendios-forestales\\\/#breadcrumb\"},\"inLanguage\":\"en-US\",\"potentialAction\":[{\"@type\":\"ReadAction\",\"target\":[\"https:\\\/\\\/interreg-sudoe.eu\\\/en\\\/evento-proyecto\\\/use4forest-acude-a-la-presentacion-de-un-cuento-infantil-sobre-incendios-forestales\\\/\"]}]},{\"@type\":\"ImageObject\",\"inLanguage\":\"en-US\",\"@id\":\"https:\\\/\\\/interreg-sudoe.eu\\\/en\\\/evento-proyecto\\\/use4forest-acude-a-la-presentacion-de-un-cuento-infantil-sobre-incendios-forestales\\\/#primaryimage\",\"url\":\"https:\\\/\\\/interreg-sudoe.eu\\\/wp-content\\\/uploads\\\/2026\\\/03\\\/6.jpg\",\"contentUrl\":\"https:\\\/\\\/interreg-sudoe.eu\\\/wp-content\\\/uploads\\\/2026\\\/03\\\/6.jpg\",\"width\":1080,\"height\":1350},{\"@type\":\"BreadcrumbList\",\"@id\":\"https:\\\/\\\/interreg-sudoe.eu\\\/en\\\/evento-proyecto\\\/use4forest-acude-a-la-presentacion-de-un-cuento-infantil-sobre-incendios-forestales\\\/#breadcrumb\",\"itemListElement\":[{\"@type\":\"ListItem\",\"position\":1,\"name\":\"Home\",\"item\":\"https:\\\/\\\/interreg-sudoe.eu\\\/en\\\/\"},{\"@type\":\"ListItem\",\"position\":2,\"name\":\"USE4FOREST acude a la presentaci\u00f3n de un cuento infantil sobre incendios forestales\"}]},{\"@type\":\"WebSite\",\"@id\":\"https:\\\/\\\/interreg-sudoe.eu\\\/en\\\/#website\",\"url\":\"https:\\\/\\\/interreg-sudoe.eu\\\/en\\\/\",\"name\":\"Interreg Sudoe\",\"description\":\"Interreg Sudoe\",\"publisher\":{\"@id\":\"https:\\\/\\\/interreg-sudoe.eu\\\/en\\\/#organization\"},\"alternateName\":\"Interreg Sudoe\",\"potentialAction\":[{\"@type\":\"SearchAction\",\"target\":{\"@type\":\"EntryPoint\",\"urlTemplate\":\"https:\\\/\\\/interreg-sudoe.eu\\\/en\\\/?s={search_term_string}\"},\"query-input\":{\"@type\":\"PropertyValueSpecification\",\"valueRequired\":true,\"valueName\":\"search_term_string\"}}],\"inLanguage\":\"en-US\"},{\"@type\":\"Organization\",\"@id\":\"https:\\\/\\\/interreg-sudoe.eu\\\/en\\\/#organization\",\"name\":\"Interreg Sudoe\",\"alternateName\":\"Interreg Sudoe\",\"url\":\"https:\\\/\\\/interreg-sudoe.eu\\\/en\\\/\",\"logo\":{\"@type\":\"ImageObject\",\"inLanguage\":\"en-US\",\"@id\":\"https:\\\/\\\/interreg-sudoe.eu\\\/en\\\/#\\\/schema\\\/logo\\\/image\\\/\",\"url\":\"https:\\\/\\\/interreg-sudoe.eu\\\/wp-content\\\/uploads\\\/2024\\\/03\\\/logo-interreg.png\",\"contentUrl\":\"https:\\\/\\\/interreg-sudoe.eu\\\/wp-content\\\/uploads\\\/2024\\\/03\\\/logo-interreg.png\",\"width\":1200,\"height\":675,\"caption\":\"Interreg Sudoe\"},\"image\":{\"@id\":\"https:\\\/\\\/interreg-sudoe.eu\\\/en\\\/#\\\/schema\\\/logo\\\/image\\\/\"},\"sameAs\":[\"https:\\\/\\\/www.facebook.com\\\/interregsudoe\",\"https:\\\/\\\/x.com\\\/Sudoe5\",\"https:\\\/\\\/www.youtube.com\\\/channel\\\/UCeGx2edoB32beRc9dbKA2vw\",\"https:\\\/\\\/www.linkedin.com\\\/company\\\/interreg-sudoe-programme\\\/\",\"https:\\\/\\\/www.flickr.com\\\/photos\\\/148704685@N06\\\/\"]}]}<\/script>\n<!-- \/ Yoast SEO plugin. -->","yoast_head_json":{"title":"USE4FOREST acude a la presentaci\u00f3n de un cuento infantil sobre incendios forestales - Interreg Sudoe","robots":{"index":"index","follow":"follow","max-snippet":"max-snippet:-1","max-image-preview":"max-image-preview:large","max-video-preview":"max-video-preview:-1"},"canonical":"https:\/\/interreg-sudoe.eu\/en\/evento-proyecto\/use4forest-acude-a-la-presentacion-de-un-cuento-infantil-sobre-incendios-forestales\/","og_locale":"en_US","og_type":"article","og_title":"USE4FOREST acude a la presentaci\u00f3n de un cuento infantil sobre incendios forestales - Interreg Sudoe","og_description":"El 22 de abril de 2025 tuvo lugar en A Coru\u00f1a la presentaci\u00f3n de una nueva publicaci\u00f3n de Os Bolechas, impulsada por la Xunta de Galicia, centrada en la concienciaci\u00f3n sobre los incendios forestales. La obra, dirigida al p\u00fablico infantil, busca sensibilizar a los m\u00e1s peque\u00f1os sobre la importancia de cuidar el entorno y prevenir [&hellip;]","og_url":"https:\/\/interreg-sudoe.eu\/en\/evento-proyecto\/use4forest-acude-a-la-presentacion-de-un-cuento-infantil-sobre-incendios-forestales\/","og_site_name":"Interreg Sudoe","article_publisher":"https:\/\/www.facebook.com\/interregsudoe","article_modified_time":"2026-04-09T08:14:37+00:00","og_image":[{"width":1080,"height":1350,"url":"https:\/\/interreg-sudoe.eu\/wp-content\/uploads\/2026\/03\/6.jpg","type":"image\/jpeg"}],"twitter_card":"summary_large_image","twitter_site":"@Sudoe5","twitter_misc":{"Est. reading time":"1 minute"},"schema":{"@context":"https:\/\/schema.org","@graph":[{"@type":"WebPage","@id":"https:\/\/interreg-sudoe.eu\/en\/evento-proyecto\/use4forest-acude-a-la-presentacion-de-un-cuento-infantil-sobre-incendios-forestales\/","url":"https:\/\/interreg-sudoe.eu\/en\/evento-proyecto\/use4forest-acude-a-la-presentacion-de-un-cuento-infantil-sobre-incendios-forestales\/","name":"USE4FOREST acude a la presentaci\u00f3n de un cuento infantil sobre incendios forestales - Interreg Sudoe","isPartOf":{"@id":"https:\/\/interreg-sudoe.eu\/en\/#website"},"primaryImageOfPage":{"@id":"https:\/\/interreg-sudoe.eu\/en\/evento-proyecto\/use4forest-acude-a-la-presentacion-de-un-cuento-infantil-sobre-incendios-forestales\/#primaryimage"},"image":{"@id":"https:\/\/interreg-sudoe.eu\/en\/evento-proyecto\/use4forest-acude-a-la-presentacion-de-un-cuento-infantil-sobre-incendios-forestales\/#primaryimage"},"thumbnailUrl":"https:\/\/interreg-sudoe.eu\/wp-content\/uploads\/2026\/03\/6.jpg","datePublished":"2025-04-22T08:08:29+00:00","dateModified":"2026-04-09T08:14:37+00:00","breadcrumb":{"@id":"https:\/\/interreg-sudoe.eu\/en\/evento-proyecto\/use4forest-acude-a-la-presentacion-de-un-cuento-infantil-sobre-incendios-forestales\/#breadcrumb"},"inLanguage":"en-US","potentialAction":[{"@type":"ReadAction","target":["https:\/\/interreg-sudoe.eu\/en\/evento-proyecto\/use4forest-acude-a-la-presentacion-de-un-cuento-infantil-sobre-incendios-forestales\/"]}]},{"@type":"ImageObject","inLanguage":"en-US","@id":"https:\/\/interreg-sudoe.eu\/en\/evento-proyecto\/use4forest-acude-a-la-presentacion-de-un-cuento-infantil-sobre-incendios-forestales\/#primaryimage","url":"https:\/\/interreg-sudoe.eu\/wp-content\/uploads\/2026\/03\/6.jpg","contentUrl":"https:\/\/interreg-sudoe.eu\/wp-content\/uploads\/2026\/03\/6.jpg","width":1080,"height":1350},{"@type":"BreadcrumbList","@id":"https:\/\/interreg-sudoe.eu\/en\/evento-proyecto\/use4forest-acude-a-la-presentacion-de-un-cuento-infantil-sobre-incendios-forestales\/#breadcrumb","itemListElement":[{"@type":"ListItem","position":1,"name":"Home","item":"https:\/\/interreg-sudoe.eu\/en\/"},{"@type":"ListItem","position":2,"name":"USE4FOREST acude a la presentaci\u00f3n de un cuento infantil sobre incendios forestales"}]},{"@type":"WebSite","@id":"https:\/\/interreg-sudoe.eu\/en\/#website","url":"https:\/\/interreg-sudoe.eu\/en\/","name":"Interreg Sudoe","description":"Interreg Sudoe","publisher":{"@id":"https:\/\/interreg-sudoe.eu\/en\/#organization"},"alternateName":"Interreg Sudoe","potentialAction":[{"@type":"SearchAction","target":{"@type":"EntryPoint","urlTemplate":"https:\/\/interreg-sudoe.eu\/en\/?s={search_term_string}"},"query-input":{"@type":"PropertyValueSpecification","valueRequired":true,"valueName":"search_term_string"}}],"inLanguage":"en-US"},{"@type":"Organization","@id":"https:\/\/interreg-sudoe.eu\/en\/#organization","name":"Interreg Sudoe","alternateName":"Interreg Sudoe","url":"https:\/\/interreg-sudoe.eu\/en\/","logo":{"@type":"ImageObject","inLanguage":"en-US","@id":"https:\/\/interreg-sudoe.eu\/en\/#\/schema\/logo\/image\/","url":"https:\/\/interreg-sudoe.eu\/wp-content\/uploads\/2024\/03\/logo-interreg.png","contentUrl":"https:\/\/interreg-sudoe.eu\/wp-content\/uploads\/2024\/03\/logo-interreg.png","width":1200,"height":675,"caption":"Interreg Sudoe"},"image":{"@id":"https:\/\/interreg-sudoe.eu\/en\/#\/schema\/logo\/image\/"},"sameAs":["https:\/\/www.facebook.com\/interregsudoe","https:\/\/x.com\/Sudoe5","https:\/\/www.youtube.com\/channel\/UCeGx2edoB32beRc9dbKA2vw","https:\/\/www.linkedin.com\/company\/interreg-sudoe-programme\/","https:\/\/www.flickr.com\/photos\/148704685@N06\/"]}]}},"_links":{"self":[{"href":"https:\/\/interreg-sudoe.eu\/en\/wp-json\/wp\/v2\/evento-proyecto\/63695","targetHints":{"allow":["GET"]}}],"collection":[{"href":"https:\/\/interreg-sudoe.eu\/en\/wp-json\/wp\/v2\/evento-proyecto"}],"about":[{"href":"https:\/\/interreg-sudoe.eu\/en\/wp-json\/wp\/v2\/types\/evento-proyecto"}],"author":[{"embeddable":true,"href":"https:\/\/interreg-sudoe.eu\/en\/wp-json\/wp\/v2\/users\/6728"}],"wp:featuredmedia":[{"embeddable":true,"href":"https:\/\/interreg-sudoe.eu\/en\/wp-json\/wp\/v2\/media\/62952"}],"wp:attachment":[{"href":"https:\/\/interreg-sudoe.eu\/en\/wp-json\/wp\/v2\/media?parent=63695"}],"curies":[{"name":"wp","href":"https:\/\/api.w.org\/{rel}","templated":true}]}}