{"id":63702,"date":"2025-04-23T10:16:32","date_gmt":"2025-04-23T08:16:32","guid":{"rendered":"https:\/\/interreg-sudoe.eu\/?post_type=evento-proyecto&#038;p=63702"},"modified":"2026-04-09T11:14:13","modified_gmt":"2026-04-09T09:14:13","slug":"reunion-de-seguimiento-del-proyecto-use4forest-en-braganca","status":"publish","type":"evento-proyecto","link":"https:\/\/interreg-sudoe.eu\/en\/evento-proyecto\/reunion-de-seguimiento-del-proyecto-use4forest-en-braganca\/","title":{"rendered":"Reuni\u00f3n de seguimiento del proyecto USE4FOREST en Bragan\u00e7a"},"content":{"rendered":"<p data-start=\"139\" data-end=\"203\"><strong data-start=\"139\" data-end=\"201\">Reuni\u00f3n de seguimiento del proyecto USE4FOREST en Bragan\u00e7a<\/strong><\/p>\n<p data-start=\"205\" data-end=\"384\">El 23 de abril de 2025 tuvo lugar en Bragan\u00e7a (Portugal) una reuni\u00f3n de seguimiento del proyecto USE4FOREST, en la que participaron entidades socias de Espa\u00f1a, Francia y Portugal.<\/p>\n<p data-start=\"386\" data-end=\"766\">Durante el encuentro se evalu\u00f3 el estado de avance de las acciones en curso y se coordinaron las pr\u00f3ximas l\u00edneas de trabajo, centradas en la mejora de la prevenci\u00f3n y gesti\u00f3n del riesgo de incendios forestales en el espacio Sudoe. Asimismo, se compartieron resultados y se revisaron distintas iniciativas piloto orientadas a reforzar la resiliencia del territorio frente al fuego. La reuni\u00f3n permiti\u00f3 consolidar la cooperaci\u00f3n entre regiones y avanzar en la implementaci\u00f3n de soluciones conjuntas ante un riesgo com\u00fan, reforzando el enfoque transnacional del proyecto.<\/p>\n<p data-start=\"957\" data-end=\"1027\">\ud83d\udccd Bragan\u00e7a, Portugal.<br data-start=\"998\" data-end=\"1001\" \/>\ud83d\uddd3\ufe0f 23 de abril de 2025.<\/p>\n<p data-start=\"1029\" data-end=\"1086\">USE4FOREST: Montes gestionados, territorios protegidos.<\/p>\n","protected":false},"author":6728,"featured_media":62969,"template":"","meta":{"_acf_changed":false,"content-type":"","_monsterinsights_skip_tracking":false,"_monsterinsights_sitenote_active":false,"_monsterinsights_sitenote_note":"","_monsterinsights_sitenote_category":0},"class_list":["post-63702","evento-proyecto","type-evento-proyecto","status-publish","has-post-thumbnail","hentry"],"acf":[],"yoast_head":"<!-- This site is optimized with the Yoast SEO plugin v27.4 - https:\/\/yoast.com\/product\/yoast-seo-wordpress\/ -->\n<title>Reuni\u00f3n de seguimiento del proyecto USE4FOREST en Bragan\u00e7a - Interreg Sudoe<\/title>\n<meta name=\"robots\" content=\"index, follow, max-snippet:-1, max-image-preview:large, max-video-preview:-1\" \/>\n<link rel=\"canonical\" href=\"https:\/\/interreg-sudoe.eu\/en\/evento-proyecto\/reunion-de-seguimiento-del-proyecto-use4forest-en-braganca\/\" \/>\n<meta property=\"og:locale\" content=\"en_US\" \/>\n<meta property=\"og:type\" content=\"article\" \/>\n<meta property=\"og:title\" content=\"Reuni\u00f3n de seguimiento del proyecto USE4FOREST en Bragan\u00e7a - Interreg Sudoe\" \/>\n<meta property=\"og:description\" content=\"Reuni\u00f3n de seguimiento del proyecto USE4FOREST en Bragan\u00e7a El 23 de abril de 2025 tuvo lugar en Bragan\u00e7a (Portugal) una reuni\u00f3n de seguimiento del proyecto USE4FOREST, en la que participaron entidades socias de Espa\u00f1a, Francia y Portugal. Durante el encuentro se evalu\u00f3 el estado de avance de las acciones en curso y se coordinaron las [&hellip;]\" \/>\n<meta property=\"og:url\" content=\"https:\/\/interreg-sudoe.eu\/en\/evento-proyecto\/reunion-de-seguimiento-del-proyecto-use4forest-en-braganca\/\" \/>\n<meta property=\"og:site_name\" content=\"Interreg Sudoe\" \/>\n<meta property=\"article:publisher\" content=\"https:\/\/www.facebook.com\/interregsudoe\" \/>\n<meta property=\"article:modified_time\" content=\"2026-04-09T09:14:13+00:00\" \/>\n<meta property=\"og:image\" content=\"https:\/\/interreg-sudoe.eu\/wp-content\/uploads\/2026\/03\/8.jpg\" \/>\n\t<meta property=\"og:image:width\" content=\"1080\" \/>\n\t<meta property=\"og:image:height\" content=\"1350\" \/>\n\t<meta property=\"og:image:type\" content=\"image\/jpeg\" \/>\n<meta name=\"twitter:card\" content=\"summary_large_image\" \/>\n<meta name=\"twitter:site\" content=\"@Sudoe5\" \/>\n<meta name=\"twitter:label1\" content=\"Est. reading time\" \/>\n\t<meta name=\"twitter:data1\" content=\"1 minute\" \/>\n<script type=\"application\/ld+json\" class=\"yoast-schema-graph\">{\"@context\":\"https:\\\/\\\/schema.org\",\"@graph\":[{\"@type\":\"WebPage\",\"@id\":\"https:\\\/\\\/interreg-sudoe.eu\\\/en\\\/evento-proyecto\\\/reunion-de-seguimiento-del-proyecto-use4forest-en-braganca\\\/\",\"url\":\"https:\\\/\\\/interreg-sudoe.eu\\\/en\\\/evento-proyecto\\\/reunion-de-seguimiento-del-proyecto-use4forest-en-braganca\\\/\",\"name\":\"Reuni\u00f3n de seguimiento del proyecto USE4FOREST en Bragan\u00e7a - Interreg Sudoe\",\"isPartOf\":{\"@id\":\"https:\\\/\\\/interreg-sudoe.eu\\\/en\\\/#website\"},\"primaryImageOfPage\":{\"@id\":\"https:\\\/\\\/interreg-sudoe.eu\\\/en\\\/evento-proyecto\\\/reunion-de-seguimiento-del-proyecto-use4forest-en-braganca\\\/#primaryimage\"},\"image\":{\"@id\":\"https:\\\/\\\/interreg-sudoe.eu\\\/en\\\/evento-proyecto\\\/reunion-de-seguimiento-del-proyecto-use4forest-en-braganca\\\/#primaryimage\"},\"thumbnailUrl\":\"https:\\\/\\\/interreg-sudoe.eu\\\/wp-content\\\/uploads\\\/2026\\\/03\\\/8.jpg\",\"datePublished\":\"2025-04-23T08:16:32+00:00\",\"dateModified\":\"2026-04-09T09:14:13+00:00\",\"breadcrumb\":{\"@id\":\"https:\\\/\\\/interreg-sudoe.eu\\\/en\\\/evento-proyecto\\\/reunion-de-seguimiento-del-proyecto-use4forest-en-braganca\\\/#breadcrumb\"},\"inLanguage\":\"en-US\",\"potentialAction\":[{\"@type\":\"ReadAction\",\"target\":[\"https:\\\/\\\/interreg-sudoe.eu\\\/en\\\/evento-proyecto\\\/reunion-de-seguimiento-del-proyecto-use4forest-en-braganca\\\/\"]}]},{\"@type\":\"ImageObject\",\"inLanguage\":\"en-US\",\"@id\":\"https:\\\/\\\/interreg-sudoe.eu\\\/en\\\/evento-proyecto\\\/reunion-de-seguimiento-del-proyecto-use4forest-en-braganca\\\/#primaryimage\",\"url\":\"https:\\\/\\\/interreg-sudoe.eu\\\/wp-content\\\/uploads\\\/2026\\\/03\\\/8.jpg\",\"contentUrl\":\"https:\\\/\\\/interreg-sudoe.eu\\\/wp-content\\\/uploads\\\/2026\\\/03\\\/8.jpg\",\"width\":1080,\"height\":1350},{\"@type\":\"BreadcrumbList\",\"@id\":\"https:\\\/\\\/interreg-sudoe.eu\\\/en\\\/evento-proyecto\\\/reunion-de-seguimiento-del-proyecto-use4forest-en-braganca\\\/#breadcrumb\",\"itemListElement\":[{\"@type\":\"ListItem\",\"position\":1,\"name\":\"Home\",\"item\":\"https:\\\/\\\/interreg-sudoe.eu\\\/en\\\/\"},{\"@type\":\"ListItem\",\"position\":2,\"name\":\"Reuni\u00f3n de seguimiento del proyecto USE4FOREST en Bragan\u00e7a\"}]},{\"@type\":\"WebSite\",\"@id\":\"https:\\\/\\\/interreg-sudoe.eu\\\/en\\\/#website\",\"url\":\"https:\\\/\\\/interreg-sudoe.eu\\\/en\\\/\",\"name\":\"Interreg Sudoe\",\"description\":\"Interreg Sudoe\",\"publisher\":{\"@id\":\"https:\\\/\\\/interreg-sudoe.eu\\\/en\\\/#organization\"},\"alternateName\":\"Interreg Sudoe\",\"potentialAction\":[{\"@type\":\"SearchAction\",\"target\":{\"@type\":\"EntryPoint\",\"urlTemplate\":\"https:\\\/\\\/interreg-sudoe.eu\\\/en\\\/?s={search_term_string}\"},\"query-input\":{\"@type\":\"PropertyValueSpecification\",\"valueRequired\":true,\"valueName\":\"search_term_string\"}}],\"inLanguage\":\"en-US\"},{\"@type\":\"Organization\",\"@id\":\"https:\\\/\\\/interreg-sudoe.eu\\\/en\\\/#organization\",\"name\":\"Interreg Sudoe\",\"alternateName\":\"Interreg Sudoe\",\"url\":\"https:\\\/\\\/interreg-sudoe.eu\\\/en\\\/\",\"logo\":{\"@type\":\"ImageObject\",\"inLanguage\":\"en-US\",\"@id\":\"https:\\\/\\\/interreg-sudoe.eu\\\/en\\\/#\\\/schema\\\/logo\\\/image\\\/\",\"url\":\"https:\\\/\\\/interreg-sudoe.eu\\\/wp-content\\\/uploads\\\/2024\\\/03\\\/logo-interreg.png\",\"contentUrl\":\"https:\\\/\\\/interreg-sudoe.eu\\\/wp-content\\\/uploads\\\/2024\\\/03\\\/logo-interreg.png\",\"width\":1200,\"height\":675,\"caption\":\"Interreg Sudoe\"},\"image\":{\"@id\":\"https:\\\/\\\/interreg-sudoe.eu\\\/en\\\/#\\\/schema\\\/logo\\\/image\\\/\"},\"sameAs\":[\"https:\\\/\\\/www.facebook.com\\\/interregsudoe\",\"https:\\\/\\\/x.com\\\/Sudoe5\",\"https:\\\/\\\/www.youtube.com\\\/channel\\\/UCeGx2edoB32beRc9dbKA2vw\",\"https:\\\/\\\/www.linkedin.com\\\/company\\\/interreg-sudoe-programme\\\/\",\"https:\\\/\\\/www.flickr.com\\\/photos\\\/148704685@N06\\\/\"]}]}<\/script>\n<!-- \/ Yoast SEO plugin. -->","yoast_head_json":{"title":"Reuni\u00f3n de seguimiento del proyecto USE4FOREST en Bragan\u00e7a - Interreg Sudoe","robots":{"index":"index","follow":"follow","max-snippet":"max-snippet:-1","max-image-preview":"max-image-preview:large","max-video-preview":"max-video-preview:-1"},"canonical":"https:\/\/interreg-sudoe.eu\/en\/evento-proyecto\/reunion-de-seguimiento-del-proyecto-use4forest-en-braganca\/","og_locale":"en_US","og_type":"article","og_title":"Reuni\u00f3n de seguimiento del proyecto USE4FOREST en Bragan\u00e7a - Interreg Sudoe","og_description":"Reuni\u00f3n de seguimiento del proyecto USE4FOREST en Bragan\u00e7a El 23 de abril de 2025 tuvo lugar en Bragan\u00e7a (Portugal) una reuni\u00f3n de seguimiento del proyecto USE4FOREST, en la que participaron entidades socias de Espa\u00f1a, Francia y Portugal. Durante el encuentro se evalu\u00f3 el estado de avance de las acciones en curso y se coordinaron las [&hellip;]","og_url":"https:\/\/interreg-sudoe.eu\/en\/evento-proyecto\/reunion-de-seguimiento-del-proyecto-use4forest-en-braganca\/","og_site_name":"Interreg Sudoe","article_publisher":"https:\/\/www.facebook.com\/interregsudoe","article_modified_time":"2026-04-09T09:14:13+00:00","og_image":[{"width":1080,"height":1350,"url":"https:\/\/interreg-sudoe.eu\/wp-content\/uploads\/2026\/03\/8.jpg","type":"image\/jpeg"}],"twitter_card":"summary_large_image","twitter_site":"@Sudoe5","twitter_misc":{"Est. reading time":"1 minute"},"schema":{"@context":"https:\/\/schema.org","@graph":[{"@type":"WebPage","@id":"https:\/\/interreg-sudoe.eu\/en\/evento-proyecto\/reunion-de-seguimiento-del-proyecto-use4forest-en-braganca\/","url":"https:\/\/interreg-sudoe.eu\/en\/evento-proyecto\/reunion-de-seguimiento-del-proyecto-use4forest-en-braganca\/","name":"Reuni\u00f3n de seguimiento del proyecto USE4FOREST en Bragan\u00e7a - Interreg Sudoe","isPartOf":{"@id":"https:\/\/interreg-sudoe.eu\/en\/#website"},"primaryImageOfPage":{"@id":"https:\/\/interreg-sudoe.eu\/en\/evento-proyecto\/reunion-de-seguimiento-del-proyecto-use4forest-en-braganca\/#primaryimage"},"image":{"@id":"https:\/\/interreg-sudoe.eu\/en\/evento-proyecto\/reunion-de-seguimiento-del-proyecto-use4forest-en-braganca\/#primaryimage"},"thumbnailUrl":"https:\/\/interreg-sudoe.eu\/wp-content\/uploads\/2026\/03\/8.jpg","datePublished":"2025-04-23T08:16:32+00:00","dateModified":"2026-04-09T09:14:13+00:00","breadcrumb":{"@id":"https:\/\/interreg-sudoe.eu\/en\/evento-proyecto\/reunion-de-seguimiento-del-proyecto-use4forest-en-braganca\/#breadcrumb"},"inLanguage":"en-US","potentialAction":[{"@type":"ReadAction","target":["https:\/\/interreg-sudoe.eu\/en\/evento-proyecto\/reunion-de-seguimiento-del-proyecto-use4forest-en-braganca\/"]}]},{"@type":"ImageObject","inLanguage":"en-US","@id":"https:\/\/interreg-sudoe.eu\/en\/evento-proyecto\/reunion-de-seguimiento-del-proyecto-use4forest-en-braganca\/#primaryimage","url":"https:\/\/interreg-sudoe.eu\/wp-content\/uploads\/2026\/03\/8.jpg","contentUrl":"https:\/\/interreg-sudoe.eu\/wp-content\/uploads\/2026\/03\/8.jpg","width":1080,"height":1350},{"@type":"BreadcrumbList","@id":"https:\/\/interreg-sudoe.eu\/en\/evento-proyecto\/reunion-de-seguimiento-del-proyecto-use4forest-en-braganca\/#breadcrumb","itemListElement":[{"@type":"ListItem","position":1,"name":"Home","item":"https:\/\/interreg-sudoe.eu\/en\/"},{"@type":"ListItem","position":2,"name":"Reuni\u00f3n de seguimiento del proyecto USE4FOREST en Bragan\u00e7a"}]},{"@type":"WebSite","@id":"https:\/\/interreg-sudoe.eu\/en\/#website","url":"https:\/\/interreg-sudoe.eu\/en\/","name":"Interreg Sudoe","description":"Interreg Sudoe","publisher":{"@id":"https:\/\/interreg-sudoe.eu\/en\/#organization"},"alternateName":"Interreg Sudoe","potentialAction":[{"@type":"SearchAction","target":{"@type":"EntryPoint","urlTemplate":"https:\/\/interreg-sudoe.eu\/en\/?s={search_term_string}"},"query-input":{"@type":"PropertyValueSpecification","valueRequired":true,"valueName":"search_term_string"}}],"inLanguage":"en-US"},{"@type":"Organization","@id":"https:\/\/interreg-sudoe.eu\/en\/#organization","name":"Interreg Sudoe","alternateName":"Interreg Sudoe","url":"https:\/\/interreg-sudoe.eu\/en\/","logo":{"@type":"ImageObject","inLanguage":"en-US","@id":"https:\/\/interreg-sudoe.eu\/en\/#\/schema\/logo\/image\/","url":"https:\/\/interreg-sudoe.eu\/wp-content\/uploads\/2024\/03\/logo-interreg.png","contentUrl":"https:\/\/interreg-sudoe.eu\/wp-content\/uploads\/2024\/03\/logo-interreg.png","width":1200,"height":675,"caption":"Interreg Sudoe"},"image":{"@id":"https:\/\/interreg-sudoe.eu\/en\/#\/schema\/logo\/image\/"},"sameAs":["https:\/\/www.facebook.com\/interregsudoe","https:\/\/x.com\/Sudoe5","https:\/\/www.youtube.com\/channel\/UCeGx2edoB32beRc9dbKA2vw","https:\/\/www.linkedin.com\/company\/interreg-sudoe-programme\/","https:\/\/www.flickr.com\/photos\/148704685@N06\/"]}]}},"_links":{"self":[{"href":"https:\/\/interreg-sudoe.eu\/en\/wp-json\/wp\/v2\/evento-proyecto\/63702","targetHints":{"allow":["GET"]}}],"collection":[{"href":"https:\/\/interreg-sudoe.eu\/en\/wp-json\/wp\/v2\/evento-proyecto"}],"about":[{"href":"https:\/\/interreg-sudoe.eu\/en\/wp-json\/wp\/v2\/types\/evento-proyecto"}],"author":[{"embeddable":true,"href":"https:\/\/interreg-sudoe.eu\/en\/wp-json\/wp\/v2\/users\/6728"}],"wp:featuredmedia":[{"embeddable":true,"href":"https:\/\/interreg-sudoe.eu\/en\/wp-json\/wp\/v2\/media\/62969"}],"wp:attachment":[{"href":"https:\/\/interreg-sudoe.eu\/en\/wp-json\/wp\/v2\/media?parent=63702"}],"curies":[{"name":"wp","href":"https:\/\/api.w.org\/{rel}","templated":true}]}}