{"id":71906,"date":"2026-09-01T15:52:22","date_gmt":"2026-09-01T13:52:22","guid":{"rendered":"https:\/\/interreg-sudoe.eu\/?post_type=evento-proyecto&#038;p=71906"},"modified":"2026-09-01T16:04:47","modified_gmt":"2026-09-01T14:04:47","slug":"primera-reunion-del-consorcio-col3natur","status":"publish","type":"evento-proyecto","link":"https:\/\/interreg-sudoe.eu\/en\/evento-proyecto\/primera-reunion-del-consorcio-col3natur\/","title":{"rendered":"Primera reuni\u00f3n del consorcio COL3NATUR -18\/06\/2025"},"content":{"rendered":"<p><img fetchpriority=\"high\" decoding=\"async\" class=\"alignnone wp-image-71905\" src=\"https:\/\/interreg-sudoe.eu\/wp-content\/uploads\/2026\/09\/DSC08856edit_1-300x184.jpg\" alt=\"\" width=\"496\" height=\"305\" srcset=\"https:\/\/interreg-sudoe.eu\/wp-content\/uploads\/2026\/09\/DSC08856edit_1-300x184.jpg 300w, https:\/\/interreg-sudoe.eu\/wp-content\/uploads\/2026\/09\/DSC08856edit_1-1024x628.jpg 1024w, https:\/\/interreg-sudoe.eu\/wp-content\/uploads\/2026\/09\/DSC08856edit_1-768x471.jpg 768w, https:\/\/interreg-sudoe.eu\/wp-content\/uploads\/2026\/09\/DSC08856edit_1-1536x942.jpg 1536w, https:\/\/interreg-sudoe.eu\/wp-content\/uploads\/2026\/09\/DSC08856edit_1.jpg 1980w\" sizes=\"(max-width: 496px) 100vw, 496px\" \/><\/p>\n<p><strong>El consorcio del proyecto est\u00e1 formado por universidades, centros de investigaci\u00f3n, administraciones p\u00fablicas y empresas de Espa\u00f1a, Francia y Portugal.<\/strong><\/p>\n<p>La Universidad de Navarra lidera un proyecto cofinanciado por el programa europeo Interreg SUDOE, COL3NATUR, que busca acelerar la adaptaci\u00f3n al cambio clim\u00e1tico mediante la incorporaci\u00f3n de Soluciones Basadas en la Naturaleza (NBS) en edificios, patios y caminos escolares de zonas urbanas y rurales del suroeste de Europa.<\/p>\n<p>El consorcio del proyecto, formado por universidades, centros de investigaci\u00f3n, administraciones p\u00fablicas y empresas de Espa\u00f1a, Francia y Portugal, se reuni\u00f3 el pasado 20 de junio en la Escuela T\u00e9cnica Superior de Arquitectura de la Universidad de Navarra para dar inicio a esta iniciativa.<\/p>\n<p>COL3NATUR tiene como objetivo demostrar el potencial de las soluciones basadas en la naturaleza (NBS, por sus siglas en ingl\u00e9s) para reducir los efectos de las temperaturas extremas, las olas de calor, las lluvias torrenciales y otros impactos derivados del cambio clim\u00e1tico. Se actuar\u00e1 sobre tres niveles del entorno educativo: 15 patios escolares, con intervenciones piloto en 3 de ellos; 6 redes de caminos escolares, con mejoras puntuales en 3 localidades; y en el desarrollo de componentes constructivos prefabricados con NBS para su implantaci\u00f3n en fachadas, patios y recorridos escolares.<\/p>\n<p>Estos pilotos se apoyar\u00e1n en herramientas digitales innovadoras y una metodolog\u00eda com\u00fan de evaluaci\u00f3n, asegurando resultados comparables y transferibles en toda la regi\u00f3n SUDOE. Adem\u00e1s, se impartir\u00e1n dos cursos de verano multidisciplinares y transnacionales para fomentar la industrializaci\u00f3n de elementos constructivos con NBS.<\/p>\n<p>Aurora Monge, investigadora principal del proyecto y profesora de la Escuela de Arquitectura de la Universidad de Navarra, destaca: \u201cMuchos ayuntamientos o administraciones tienen l\u00edneas y estrategias de actuaci\u00f3n de renaturalizaci\u00f3n de entornos escolares, pero hace falta un apoyo acad\u00e9mico y cient\u00edfico para que los resultados sean acordes a los objetivos propuestos y con resultados eficientes y medibles. Esta estrategia ofrece la oportunidad de impactar adem\u00e1s en otros objetivos ambientales y sociales, con lo que es necesario un enfoque multidisciplinar. \u00bfSe busca reducir las temperaturas exteriores del patio o tambi\u00e9n de las aulas? Cuando hay limitaciones de presupuesto, algo habitual, \u00bfqu\u00e9 estrategia se debe seguir? \u00bfSe ha pensado desde el punto de vista del juego de los ni\u00f1os y ni\u00f1as, de su bienestar y salud?\u201d.<\/p>\n<p>En el proyecto participan: Universidad de Navarra (Escuela de Arquitectura e Instituto BIOMA); Ayuntamiento de Pamplona; Eslava y Tejada arquitectos; Larraby Electr\u00f3nica y Comunicaci\u00f3n, S.L.; Universidad de Sevilla (Escuela T\u00e9cnica Superior de Arquitectura); CIEMAT (Departamento de Energ\u00eda); Universidade do Minho (Instituto para la Sustentabilidad e Innovaci\u00f3n en Estructuras de Engenharia); Munic\u00edpio de Vila Nova de Famalic\u00e3o (Portugal); Mairie de Bayonne (Francia); y PETR Pays Tolosan (Francia).<\/p>\n","protected":false},"author":6646,"featured_media":0,"template":"","meta":{"_acf_changed":false,"content-type":"","_monsterinsights_skip_tracking":false,"_members_access_role":[],"_members_access_error":""},"class_list":["post-71906","evento-proyecto","type-evento-proyecto","status-publish","hentry"],"acf":[],"yoast_head":"<!-- This site is optimized with the Yoast SEO plugin v28.3 - https:\/\/yoast.com\/product\/yoast-seo-wordpress\/ -->\n<title>Primera reuni\u00f3n del consorcio COL3NATUR -18\/06\/2025 - Interreg Sudoe<\/title>\n<meta name=\"robots\" content=\"index, follow, max-snippet:-1, max-image-preview:large, max-video-preview:-1\" \/>\n<link rel=\"canonical\" href=\"https:\/\/interreg-sudoe.eu\/en\/evento-proyecto\/primera-reunion-del-consorcio-col3natur\/\" \/>\n<meta property=\"og:locale\" content=\"en_US\" \/>\n<meta property=\"og:type\" content=\"article\" \/>\n<meta property=\"og:title\" content=\"Primera reuni\u00f3n del consorcio COL3NATUR -18\/06\/2025 - Interreg Sudoe\" \/>\n<meta property=\"og:description\" content=\"El consorcio del proyecto est\u00e1 formado por universidades, centros de investigaci\u00f3n, administraciones p\u00fablicas y empresas de Espa\u00f1a, Francia y Portugal. La Universidad de Navarra lidera un proyecto cofinanciado por el programa europeo Interreg SUDOE, COL3NATUR, que busca acelerar la adaptaci\u00f3n al cambio clim\u00e1tico mediante la incorporaci\u00f3n de Soluciones Basadas en la Naturaleza (NBS) en edificios, [&hellip;]\" \/>\n<meta property=\"og:url\" content=\"https:\/\/interreg-sudoe.eu\/en\/evento-proyecto\/primera-reunion-del-consorcio-col3natur\/\" \/>\n<meta property=\"og:site_name\" content=\"Interreg Sudoe\" \/>\n<meta property=\"article:publisher\" content=\"https:\/\/www.facebook.com\/interregsudoe\" \/>\n<meta property=\"article:modified_time\" content=\"2026-09-01T14:04:47+00:00\" \/>\n<meta property=\"og:image\" content=\"https:\/\/interreg-sudoe.eu\/wp-content\/uploads\/2026\/09\/DSC08856edit_1.jpg\" \/>\n\t<meta property=\"og:image:width\" content=\"1980\" \/>\n\t<meta property=\"og:image:height\" content=\"1214\" \/>\n\t<meta property=\"og:image:type\" content=\"image\/jpeg\" \/>\n<meta name=\"twitter:card\" content=\"summary_large_image\" \/>\n<meta name=\"twitter:site\" content=\"@Sudoe5\" \/>\n<meta name=\"twitter:label1\" content=\"Est. reading time\" \/>\n\t<meta name=\"twitter:data1\" content=\"2 minutes\" \/>\n<script type=\"application\/ld+json\" class=\"yoast-schema-graph\">{\"@context\":\"https:\\\/\\\/schema.org\",\"@graph\":[{\"@type\":\"WebPage\",\"@id\":\"https:\\\/\\\/interreg-sudoe.eu\\\/en\\\/evento-proyecto\\\/primera-reunion-del-consorcio-col3natur\\\/\",\"url\":\"https:\\\/\\\/interreg-sudoe.eu\\\/en\\\/evento-proyecto\\\/primera-reunion-del-consorcio-col3natur\\\/\",\"name\":\"Primera reuni\u00f3n del consorcio COL3NATUR -18\\\/06\\\/2025 - Interreg Sudoe\",\"isPartOf\":{\"@id\":\"https:\\\/\\\/interreg-sudoe.eu\\\/en\\\/#website\"},\"primaryImageOfPage\":{\"@id\":\"https:\\\/\\\/interreg-sudoe.eu\\\/en\\\/evento-proyecto\\\/primera-reunion-del-consorcio-col3natur\\\/#primaryimage\"},\"image\":{\"@id\":\"https:\\\/\\\/interreg-sudoe.eu\\\/en\\\/evento-proyecto\\\/primera-reunion-del-consorcio-col3natur\\\/#primaryimage\"},\"thumbnailUrl\":\"https:\\\/\\\/interreg-sudoe.eu\\\/wp-content\\\/uploads\\\/2026\\\/09\\\/DSC08856edit_1-300x184.jpg\",\"datePublished\":\"2026-09-01T13:52:22+00:00\",\"dateModified\":\"2026-09-01T14:04:47+00:00\",\"breadcrumb\":{\"@id\":\"https:\\\/\\\/interreg-sudoe.eu\\\/en\\\/evento-proyecto\\\/primera-reunion-del-consorcio-col3natur\\\/#breadcrumb\"},\"inLanguage\":\"en-US\",\"potentialAction\":[{\"@type\":\"ReadAction\",\"target\":[\"https:\\\/\\\/interreg-sudoe.eu\\\/en\\\/evento-proyecto\\\/primera-reunion-del-consorcio-col3natur\\\/\"]}]},{\"@type\":\"ImageObject\",\"inLanguage\":\"en-US\",\"@id\":\"https:\\\/\\\/interreg-sudoe.eu\\\/en\\\/evento-proyecto\\\/primera-reunion-del-consorcio-col3natur\\\/#primaryimage\",\"url\":\"https:\\\/\\\/interreg-sudoe.eu\\\/wp-content\\\/uploads\\\/2026\\\/09\\\/DSC08856edit_1-300x184.jpg\",\"contentUrl\":\"https:\\\/\\\/interreg-sudoe.eu\\\/wp-content\\\/uploads\\\/2026\\\/09\\\/DSC08856edit_1-300x184.jpg\"},{\"@type\":\"BreadcrumbList\",\"@id\":\"https:\\\/\\\/interreg-sudoe.eu\\\/en\\\/evento-proyecto\\\/primera-reunion-del-consorcio-col3natur\\\/#breadcrumb\",\"itemListElement\":[{\"@type\":\"ListItem\",\"position\":1,\"name\":\"Home\",\"item\":\"https:\\\/\\\/interreg-sudoe.eu\\\/en\\\/\"},{\"@type\":\"ListItem\",\"position\":2,\"name\":\"Primera reuni\u00f3n del consorcio COL3NATUR -18\\\/06\\\/2025\"}]},{\"@type\":\"WebSite\",\"@id\":\"https:\\\/\\\/interreg-sudoe.eu\\\/en\\\/#website\",\"url\":\"https:\\\/\\\/interreg-sudoe.eu\\\/en\\\/\",\"name\":\"Interreg Sudoe\",\"description\":\"Interreg Sudoe\",\"publisher\":{\"@id\":\"https:\\\/\\\/interreg-sudoe.eu\\\/en\\\/#organization\"},\"alternateName\":\"Interreg Sudoe\",\"potentialAction\":[{\"@type\":\"SearchAction\",\"target\":{\"@type\":\"EntryPoint\",\"urlTemplate\":\"https:\\\/\\\/interreg-sudoe.eu\\\/en\\\/?s={search_term_string}\"},\"query-input\":{\"@type\":\"PropertyValueSpecification\",\"valueRequired\":true,\"valueName\":\"search_term_string\"}}],\"inLanguage\":\"en-US\"},{\"@type\":\"Organization\",\"@id\":\"https:\\\/\\\/interreg-sudoe.eu\\\/en\\\/#organization\",\"name\":\"Interreg Sudoe\",\"alternateName\":\"Interreg Sudoe\",\"url\":\"https:\\\/\\\/interreg-sudoe.eu\\\/en\\\/\",\"logo\":{\"@type\":\"ImageObject\",\"inLanguage\":\"en-US\",\"@id\":\"https:\\\/\\\/interreg-sudoe.eu\\\/en\\\/#\\\/schema\\\/logo\\\/image\\\/\",\"url\":\"https:\\\/\\\/interreg-sudoe.eu\\\/wp-content\\\/uploads\\\/2024\\\/03\\\/logo-interreg.png\",\"contentUrl\":\"https:\\\/\\\/interreg-sudoe.eu\\\/wp-content\\\/uploads\\\/2024\\\/03\\\/logo-interreg.png\",\"width\":1200,\"height\":675,\"caption\":\"Interreg Sudoe\"},\"image\":{\"@id\":\"https:\\\/\\\/interreg-sudoe.eu\\\/en\\\/#\\\/schema\\\/logo\\\/image\\\/\"},\"sameAs\":[\"https:\\\/\\\/www.facebook.com\\\/interregsudoe\",\"https:\\\/\\\/x.com\\\/Sudoe5\",\"https:\\\/\\\/www.youtube.com\\\/channel\\\/UCeGx2edoB32beRc9dbKA2vw\",\"https:\\\/\\\/www.linkedin.com\\\/company\\\/interreg-sudoe-programme\\\/\",\"https:\\\/\\\/www.flickr.com\\\/photos\\\/148704685@N06\\\/\"]}]}<\/script>\n<!-- \/ Yoast SEO plugin. -->","yoast_head_json":{"title":"Primera reuni\u00f3n del consorcio COL3NATUR -18\/06\/2025 - Interreg Sudoe","robots":{"index":"index","follow":"follow","max-snippet":"max-snippet:-1","max-image-preview":"max-image-preview:large","max-video-preview":"max-video-preview:-1"},"canonical":"https:\/\/interreg-sudoe.eu\/en\/evento-proyecto\/primera-reunion-del-consorcio-col3natur\/","og_locale":"en_US","og_type":"article","og_title":"Primera reuni\u00f3n del consorcio COL3NATUR -18\/06\/2025 - Interreg Sudoe","og_description":"El consorcio del proyecto est\u00e1 formado por universidades, centros de investigaci\u00f3n, administraciones p\u00fablicas y empresas de Espa\u00f1a, Francia y Portugal. La Universidad de Navarra lidera un proyecto cofinanciado por el programa europeo Interreg SUDOE, COL3NATUR, que busca acelerar la adaptaci\u00f3n al cambio clim\u00e1tico mediante la incorporaci\u00f3n de Soluciones Basadas en la Naturaleza (NBS) en edificios, [&hellip;]","og_url":"https:\/\/interreg-sudoe.eu\/en\/evento-proyecto\/primera-reunion-del-consorcio-col3natur\/","og_site_name":"Interreg Sudoe","article_publisher":"https:\/\/www.facebook.com\/interregsudoe","article_modified_time":"2026-09-01T14:04:47+00:00","og_image":[{"width":1980,"height":1214,"url":"https:\/\/interreg-sudoe.eu\/wp-content\/uploads\/2026\/09\/DSC08856edit_1.jpg","type":"image\/jpeg"}],"twitter_card":"summary_large_image","twitter_site":"@Sudoe5","twitter_misc":{"Est. reading time":"2 minutes"},"schema":{"@context":"https:\/\/schema.org","@graph":[{"@type":"WebPage","@id":"https:\/\/interreg-sudoe.eu\/en\/evento-proyecto\/primera-reunion-del-consorcio-col3natur\/","url":"https:\/\/interreg-sudoe.eu\/en\/evento-proyecto\/primera-reunion-del-consorcio-col3natur\/","name":"Primera reuni\u00f3n del consorcio COL3NATUR -18\/06\/2025 - Interreg Sudoe","isPartOf":{"@id":"https:\/\/interreg-sudoe.eu\/en\/#website"},"primaryImageOfPage":{"@id":"https:\/\/interreg-sudoe.eu\/en\/evento-proyecto\/primera-reunion-del-consorcio-col3natur\/#primaryimage"},"image":{"@id":"https:\/\/interreg-sudoe.eu\/en\/evento-proyecto\/primera-reunion-del-consorcio-col3natur\/#primaryimage"},"thumbnailUrl":"https:\/\/interreg-sudoe.eu\/wp-content\/uploads\/2026\/09\/DSC08856edit_1-300x184.jpg","datePublished":"2026-09-01T13:52:22+00:00","dateModified":"2026-09-01T14:04:47+00:00","breadcrumb":{"@id":"https:\/\/interreg-sudoe.eu\/en\/evento-proyecto\/primera-reunion-del-consorcio-col3natur\/#breadcrumb"},"inLanguage":"en-US","potentialAction":[{"@type":"ReadAction","target":["https:\/\/interreg-sudoe.eu\/en\/evento-proyecto\/primera-reunion-del-consorcio-col3natur\/"]}]},{"@type":"ImageObject","inLanguage":"en-US","@id":"https:\/\/interreg-sudoe.eu\/en\/evento-proyecto\/primera-reunion-del-consorcio-col3natur\/#primaryimage","url":"https:\/\/interreg-sudoe.eu\/wp-content\/uploads\/2026\/09\/DSC08856edit_1-300x184.jpg","contentUrl":"https:\/\/interreg-sudoe.eu\/wp-content\/uploads\/2026\/09\/DSC08856edit_1-300x184.jpg"},{"@type":"BreadcrumbList","@id":"https:\/\/interreg-sudoe.eu\/en\/evento-proyecto\/primera-reunion-del-consorcio-col3natur\/#breadcrumb","itemListElement":[{"@type":"ListItem","position":1,"name":"Home","item":"https:\/\/interreg-sudoe.eu\/en\/"},{"@type":"ListItem","position":2,"name":"Primera reuni\u00f3n del consorcio COL3NATUR -18\/06\/2025"}]},{"@type":"WebSite","@id":"https:\/\/interreg-sudoe.eu\/en\/#website","url":"https:\/\/interreg-sudoe.eu\/en\/","name":"Interreg Sudoe","description":"Interreg Sudoe","publisher":{"@id":"https:\/\/interreg-sudoe.eu\/en\/#organization"},"alternateName":"Interreg Sudoe","potentialAction":[{"@type":"SearchAction","target":{"@type":"EntryPoint","urlTemplate":"https:\/\/interreg-sudoe.eu\/en\/?s={search_term_string}"},"query-input":{"@type":"PropertyValueSpecification","valueRequired":true,"valueName":"search_term_string"}}],"inLanguage":"en-US"},{"@type":"Organization","@id":"https:\/\/interreg-sudoe.eu\/en\/#organization","name":"Interreg Sudoe","alternateName":"Interreg Sudoe","url":"https:\/\/interreg-sudoe.eu\/en\/","logo":{"@type":"ImageObject","inLanguage":"en-US","@id":"https:\/\/interreg-sudoe.eu\/en\/#\/schema\/logo\/image\/","url":"https:\/\/interreg-sudoe.eu\/wp-content\/uploads\/2024\/03\/logo-interreg.png","contentUrl":"https:\/\/interreg-sudoe.eu\/wp-content\/uploads\/2024\/03\/logo-interreg.png","width":1200,"height":675,"caption":"Interreg Sudoe"},"image":{"@id":"https:\/\/interreg-sudoe.eu\/en\/#\/schema\/logo\/image\/"},"sameAs":["https:\/\/www.facebook.com\/interregsudoe","https:\/\/x.com\/Sudoe5","https:\/\/www.youtube.com\/channel\/UCeGx2edoB32beRc9dbKA2vw","https:\/\/www.linkedin.com\/company\/interreg-sudoe-programme\/","https:\/\/www.flickr.com\/photos\/148704685@N06\/"]}]}},"_links":{"self":[{"href":"https:\/\/interreg-sudoe.eu\/en\/wp-json\/wp\/v2\/evento-proyecto\/71906","targetHints":{"allow":["GET"]}}],"collection":[{"href":"https:\/\/interreg-sudoe.eu\/en\/wp-json\/wp\/v2\/evento-proyecto"}],"about":[{"href":"https:\/\/interreg-sudoe.eu\/en\/wp-json\/wp\/v2\/types\/evento-proyecto"}],"author":[{"embeddable":true,"href":"https:\/\/interreg-sudoe.eu\/en\/wp-json\/wp\/v2\/users\/6646"}],"wp:attachment":[{"href":"https:\/\/interreg-sudoe.eu\/en\/wp-json\/wp\/v2\/media?parent=71906"}],"curies":[{"name":"wp","href":"https:\/\/api.w.org\/{rel}","templated":true}]}}