{"version":"1.0","provider_name":"Interreg Sudoe","provider_url":"https:\/\/interreg-sudoe.eu\/fr\/","author_name":"isabelle roger","author_url":"https:\/\/interreg-sudoe.eu\/fr\/author\/isabelle_roger-2\/","title":"4\u00e8me appel \u00e0 projets - Interreg Sudoe","type":"rich","width":600,"height":338,"html":"<blockquote class=\"wp-embedded-content\" data-secret=\"Ygqd4kvFfx\"><a href=\"https:\/\/interreg-sudoe.eu\/fr\/4eme-appel-a-projets\/\">4\u00e8me appel \u00e0 projets<\/a><\/blockquote><iframe sandbox=\"allow-scripts\" security=\"restricted\" src=\"https:\/\/interreg-sudoe.eu\/fr\/4eme-appel-a-projets\/embed\/#?secret=Ygqd4kvFfx\" width=\"600\" height=\"338\" title=\"\u00ab\u00a04\u00e8me appel \u00e0 projets\u00a0\u00bb &#8212; Interreg Sudoe\" data-secret=\"Ygqd4kvFfx\" frameborder=\"0\" marginwidth=\"0\" marginheight=\"0\" scrolling=\"no\" class=\"wp-embedded-content\"><\/iframe><script>\n\/*! This file is auto-generated *\/\n!function(d,l){\"use strict\";l.querySelector&&d.addEventListener&&\"undefined\"!=typeof URL&&(d.wp=d.wp||{},d.wp.receiveEmbedMessage||(d.wp.receiveEmbedMessage=function(e){var t=e.data;if((t||t.secret||t.message||t.value)&&!\/[^a-zA-Z0-9]\/.test(t.secret)){for(var s,r,n,a=l.querySelectorAll('iframe[data-secret=\"'+t.secret+'\"]'),o=l.querySelectorAll('blockquote[data-secret=\"'+t.secret+'\"]'),c=new RegExp(\"^https?:$\",\"i\"),i=0;i<o.length;i++)o[i].style.display=\"none\";for(i=0;i<a.length;i++)s=a[i],e.source===s.contentWindow&&(s.removeAttribute(\"style\"),\"height\"===t.message?(1e3<(r=parseInt(t.value,10))?r=1e3:~~r<200&&(r=200),s.height=r):\"link\"===t.message&&(r=new URL(s.getAttribute(\"src\")),n=new URL(t.value),c.test(n.protocol))&&n.host===r.host&&l.activeElement===s&&(d.top.location.href=t.value))}},d.addEventListener(\"message\",d.wp.receiveEmbedMessage,!1),l.addEventListener(\"DOMContentLoaded\",function(){for(var e,t,s=l.querySelectorAll(\"iframe.wp-embedded-content\"),r=0;r<s.length;r++)(t=(e=s[r]).getAttribute(\"data-secret\"))||(t=Math.random().toString(36).substring(2,12),e.src+=\"#?secret=\"+t,e.setAttribute(\"data-secret\",t)),e.contentWindow.postMessage({message:\"ready\",secret:t},\"*\")},!1)))}(window,document);\n\/\/# sourceURL=https:\/\/interreg-sudoe.eu\/wp-includes\/js\/wp-embed.min.js\n<\/script>\n","description":"4\u00e8me appel \u00e0 projets Interreg Sudoe : agir face aux incendies et au vieillissement de la population Suite \u00e0 l\u2019augmentation de sa dotation FEDER accord\u00e9e par la Commission europ\u00e9enne en 2023, le programme Interreg Sudoe lance un quatri\u00e8me appel \u00e0 projets d\u00e9di\u00e9 aux projets structurants. Son objectif est d\u2019apporter des solutions transnationales ambitieuses \u00e0 deux [&hellip;]","thumbnail_url":"https:\/\/interreg-sudoe.eu\/wp-content\/uploads\/2026\/04\/estructurante.png","thumbnail_width":579,"thumbnail_height":578}