{"version":"1.0","provider_name":"Interreg Sudoe","provider_url":"https:\/\/interreg-sudoe.eu\/fr\/","author_name":"Responsable comunicaci\u00f3n Use4Forest","author_url":"https:\/\/interreg-sudoe.eu\/fr\/author\/rescom_use4forest\/","title":"USE4FOREST \u00e0 la Semaine foresti\u00e8re 2025 - Interreg Sudoe","type":"rich","width":600,"height":338,"html":"<blockquote class=\"wp-embedded-content\" data-secret=\"KuOuZgrcRM\"><a href=\"https:\/\/interreg-sudoe.eu\/fr\/evento-proyecto\/use4forest-a-la-semaine-forestiere-2025\/\">USE4FOREST \u00e0 la Semaine foresti\u00e8re 2025<\/a><\/blockquote><iframe sandbox=\"allow-scripts\" security=\"restricted\" src=\"https:\/\/interreg-sudoe.eu\/fr\/evento-proyecto\/use4forest-a-la-semaine-forestiere-2025\/embed\/#?secret=KuOuZgrcRM\" width=\"600\" height=\"338\" title=\"\u00ab\u00a0USE4FOREST \u00e0 la Semaine foresti\u00e8re 2025\u00a0\u00bb &#8212; Interreg Sudoe\" data-secret=\"KuOuZgrcRM\" frameborder=\"0\" marginwidth=\"0\" marginheight=\"0\" scrolling=\"no\" class=\"wp-embedded-content\"><\/iframe><script>\n\/*! This file is auto-generated *\/\n!function(d,l){\"use strict\";l.querySelector&&d.addEventListener&&\"undefined\"!=typeof URL&&(d.wp=d.wp||{},d.wp.receiveEmbedMessage||(d.wp.receiveEmbedMessage=function(e){var t=e.data;if((t||t.secret||t.message||t.value)&&!\/[^a-zA-Z0-9]\/.test(t.secret)){for(var s,r,n,a=l.querySelectorAll('iframe[data-secret=\"'+t.secret+'\"]'),o=l.querySelectorAll('blockquote[data-secret=\"'+t.secret+'\"]'),c=new RegExp(\"^https?:$\",\"i\"),i=0;i<o.length;i++)o[i].style.display=\"none\";for(i=0;i<a.length;i++)s=a[i],e.source===s.contentWindow&&(s.removeAttribute(\"style\"),\"height\"===t.message?(1e3<(r=parseInt(t.value,10))?r=1e3:~~r<200&&(r=200),s.height=r):\"link\"===t.message&&(r=new URL(s.getAttribute(\"src\")),n=new URL(t.value),c.test(n.protocol))&&n.host===r.host&&l.activeElement===s&&(d.top.location.href=t.value))}},d.addEventListener(\"message\",d.wp.receiveEmbedMessage,!1),l.addEventListener(\"DOMContentLoaded\",function(){for(var e,t,s=l.querySelectorAll(\"iframe.wp-embedded-content\"),r=0;r<s.length;r++)(t=(e=s[r]).getAttribute(\"data-secret\"))||(t=Math.random().toString(36).substring(2,12),e.src+=\"#?secret=\"+t,e.setAttribute(\"data-secret\",t)),e.contentWindow.postMessage({message:\"ready\",secret:t},\"*\")},!1)))}(window,document);\n\/\/# sourceURL=https:\/\/interreg-sudoe.eu\/wp-includes\/js\/wp-embed.min.js\n<\/script>\n","thumbnail_url":"https:\/\/interreg-sudoe.eu\/wp-content\/uploads\/2026\/03\/5.jpg","thumbnail_width":1080,"thumbnail_height":1350,"description":"Du 7 au 10 avril 2025, l\u2019\u00c9cole d\u2019ing\u00e9nierie foresti\u00e8re de Pontevedra a accueilli la Semaine foresti\u00e8re 2025, une rencontre qui a r\u00e9uni des professionnels et des \u00e9tudiants autour des d\u00e9fis et des opportunit\u00e9s du secteur forestier. Le programme comprenait des conf\u00e9rences, des tables rondes et des activit\u00e9s pratiques abordant des questions telles que la gestion [&hellip;]"}