{"version":"1.0","provider_name":"Interreg Sudoe","provider_url":"https:\/\/interreg-sudoe.eu\/fr\/","author_name":"Laurie Gr\u00e9goire","author_url":"https:\/\/interreg-sudoe.eu\/fr\/author\/comatlas\/","title":"Dans le r\u00e9troviseur - Interreg Sudoe","type":"rich","width":600,"height":338,"html":"<blockquote class=\"wp-embedded-content\" data-secret=\"KtyOOCJR9B\"><a href=\"https:\/\/interreg-sudoe.eu\/fr\/noticia-proyecto\/dans-le-retroviseur\/\">Dans le r\u00e9troviseur<\/a><\/blockquote><iframe sandbox=\"allow-scripts\" security=\"restricted\" src=\"https:\/\/interreg-sudoe.eu\/fr\/noticia-proyecto\/dans-le-retroviseur\/embed\/#?secret=KtyOOCJR9B\" width=\"600\" height=\"338\" title=\"\u00ab\u00a0Dans le r\u00e9troviseur\u00a0\u00bb &#8212; Interreg Sudoe\" data-secret=\"KtyOOCJR9B\" frameborder=\"0\" marginwidth=\"0\" marginheight=\"0\" scrolling=\"no\" class=\"wp-embedded-content\"><\/iframe><script>\n\/*! This file is auto-generated *\/\n!function(d,l){\"use strict\";l.querySelector&&d.addEventListener&&\"undefined\"!=typeof URL&&(d.wp=d.wp||{},d.wp.receiveEmbedMessage||(d.wp.receiveEmbedMessage=function(e){var t=e.data;if((t||t.secret||t.message||t.value)&&!\/[^a-zA-Z0-9]\/.test(t.secret)){for(var s,r,n,a=l.querySelectorAll('iframe[data-secret=\"'+t.secret+'\"]'),o=l.querySelectorAll('blockquote[data-secret=\"'+t.secret+'\"]'),c=new RegExp(\"^https?:$\",\"i\"),i=0;i<o.length;i++)o[i].style.display=\"none\";for(i=0;i<a.length;i++)s=a[i],e.source===s.contentWindow&&(s.removeAttribute(\"style\"),\"height\"===t.message?(1e3<(r=parseInt(t.value,10))?r=1e3:~~r<200&&(r=200),s.height=r):\"link\"===t.message&&(r=new URL(s.getAttribute(\"src\")),n=new URL(t.value),c.test(n.protocol))&&n.host===r.host&&l.activeElement===s&&(d.top.location.href=t.value))}},d.addEventListener(\"message\",d.wp.receiveEmbedMessage,!1),l.addEventListener(\"DOMContentLoaded\",function(){for(var e,t,s=l.querySelectorAll(\"iframe.wp-embedded-content\"),r=0;r<s.length;r++)(t=(e=s[r]).getAttribute(\"data-secret\"))||(t=Math.random().toString(36).substring(2,12),e.src+=\"#?secret=\"+t,e.setAttribute(\"data-secret\",t)),e.contentWindow.postMessage({message:\"ready\",secret:t},\"*\")},!1)))}(window,document);\n\/\/# sourceURL=https:\/\/interreg-sudoe.eu\/wp-includes\/js\/wp-embed.min.js\n<\/script>\n","thumbnail_url":"https:\/\/interreg-sudoe.eu\/wp-content\/uploads\/2026\/03\/Visite-Le-Battement-d_ailes-.jpg","thumbnail_width":1024,"thumbnail_height":576,"description":"La hausse de la pr\u00e9carit\u00e9 alimentaire, l\u2019inflation des produits de premi\u00e8re n\u00e9cessit\u00e9 et la crise du monde agricole placent l\u2019alimentation au c\u0153ur des pr\u00e9occupations des politiques publiques, mais aussi des citoyen\u00b7nes. Les tiers-lieux, depuis plusieurs ann\u00e9es, se sont appropri\u00e9s les enjeux agricoles et alimentaires. Ces r\u00e9flexions sont partag\u00e9es par de nombreuses structures, observ\u00e9es, analys\u00e9es, visibilis\u00e9es [&hellip;]"}