{"version":"1.0","provider_name":"Interreg Sudoe","provider_url":"https:\/\/interreg-sudoe.eu\/fr\/","author_name":"Jos\u00e9 Martins","author_url":"https:\/\/interreg-sudoe.eu\/fr\/author\/jose_martins-2\/","title":"RTL \u2013 Rural Transition Labs - Interreg Sudoe","type":"rich","width":600,"height":338,"html":"<blockquote class=\"wp-embedded-content\" data-secret=\"2q87aUULtU\"><a href=\"https:\/\/interreg-sudoe.eu\/fr\/noticia-proyecto\/rtl-rural-transition-labs\/\">RTL \u2013 Rural Transition Labs<\/a><\/blockquote><iframe sandbox=\"allow-scripts\" security=\"restricted\" src=\"https:\/\/interreg-sudoe.eu\/fr\/noticia-proyecto\/rtl-rural-transition-labs\/embed\/#?secret=2q87aUULtU\" width=\"600\" height=\"338\" title=\"\u00ab\u00a0RTL \u2013 Rural Transition Labs\u00a0\u00bb &#8212; Interreg Sudoe\" data-secret=\"2q87aUULtU\" frameborder=\"0\" marginwidth=\"0\" marginheight=\"0\" scrolling=\"no\" class=\"wp-embedded-content\"><\/iframe><script>\n\/*! This file is auto-generated *\/\n!function(d,l){\"use strict\";l.querySelector&&d.addEventListener&&\"undefined\"!=typeof URL&&(d.wp=d.wp||{},d.wp.receiveEmbedMessage||(d.wp.receiveEmbedMessage=function(e){var t=e.data;if((t||t.secret||t.message||t.value)&&!\/[^a-zA-Z0-9]\/.test(t.secret)){for(var s,r,n,a=l.querySelectorAll('iframe[data-secret=\"'+t.secret+'\"]'),o=l.querySelectorAll('blockquote[data-secret=\"'+t.secret+'\"]'),c=new RegExp(\"^https?:$\",\"i\"),i=0;i<o.length;i++)o[i].style.display=\"none\";for(i=0;i<a.length;i++)s=a[i],e.source===s.contentWindow&&(s.removeAttribute(\"style\"),\"height\"===t.message?(1e3<(r=parseInt(t.value,10))?r=1e3:~~r<200&&(r=200),s.height=r):\"link\"===t.message&&(r=new URL(s.getAttribute(\"src\")),n=new URL(t.value),c.test(n.protocol))&&n.host===r.host&&l.activeElement===s&&(d.top.location.href=t.value))}},d.addEventListener(\"message\",d.wp.receiveEmbedMessage,!1),l.addEventListener(\"DOMContentLoaded\",function(){for(var e,t,s=l.querySelectorAll(\"iframe.wp-embedded-content\"),r=0;r<s.length;r++)(t=(e=s[r]).getAttribute(\"data-secret\"))||(t=Math.random().toString(36).substring(2,12),e.src+=\"#?secret=\"+t,e.setAttribute(\"data-secret\",t)),e.contentWindow.postMessage({message:\"ready\",secret:t},\"*\")},!1)))}(window,document);\n\/\/# sourceURL=https:\/\/interreg-sudoe.eu\/wp-includes\/js\/wp-embed.min.js\n<\/script>\n","thumbnail_url":"https:\/\/interreg-sudoe.eu\/wp-content\/uploads\/2025\/07\/Noticia_4_RTLabs.png","thumbnail_width":783,"thumbnail_height":408,"description":"Carthag\u00e8ne lance impulse un diagnostic sensible sur les effets de la s\u00e9cheresse dans le sud-ouest de l\u2019Europe En mars 2025, la Ville de Carthag\u00e8ne (Ayuntamiento de Cartagena), en collaboration avec DialTer (association sp\u00e9cialis\u00e9e dans la m\u00e9diation ruraleenvironnementale) et le CETENMA (Centre Technologique de l\u2019\u00c9nergie et de l\u2019Environnement), a lanc\u00e9 un processus de Dialogue Territorial en [&hellip;]"}