{"id":44409,"date":"2025-01-30T13:57:27","date_gmt":"2025-01-30T12:57:27","guid":{"rendered":"https:\/\/interreg-sudoe.eu\/?post_type=coopsudoe&#038;p=44409"},"modified":"2025-01-30T13:57:27","modified_gmt":"2025-01-30T12:57:27","slug":"davide-grechi","status":"publish","type":"coopsudoe","link":"https:\/\/interreg-sudoe.eu\/fr\/coopsudoe\/davide-grechi\/","title":{"rendered":"Davide Grechi"},"content":{"rendered":"<p>1. Introducci\u00f3n<\/p>\n<p>Nuestro presente y futuro como sociedad est\u00e1n marcados por una creciente concentraci\u00f3n de poblaci\u00f3n en \u00e1reas urbanas. Desde 2009, m\u00e1s de la mitad de la poblaci\u00f3n mundial vive en ciudades, y esta tendencia sigue en aumento. Seg\u00fan el Informe sobre el nuevo Marco de Movilidad Urbana de la UE, se prev\u00e9 que en Europa el 84% de la poblaci\u00f3n resida en entornos urbanos para 2050, frente al 70% actual.<br \/>\nSin embargo, este \u00e9nfasis en las \u00e1reas urbanas no debe hacernos perder de vista el papel estrat\u00e9gico del medio rural en el desarrollo sostenible. Las zonas rurales son clave para garantizar el equilibrio territorial, preservar los ecosistemas, producir alimentos, generar energ\u00edas renovables y ofrecer calidad de vida. Integrar las \u00e1reas rurales en las din\u00e1micas tecnol\u00f3gicas y econ\u00f3micas actuales es imprescindible para construir una sociedad verdaderamente resiliente.<br \/>\nEste contexto urbano-rural est\u00e1 influido por factores globales que condicionan nuestro presente y proyectan desaf\u00edos para el futuro, tales como:<br \/>\n\u2022 Envejecimiento de la poblaci\u00f3n: En 2021, 761 millones de personas ten\u00edan 65 a\u00f1os o m\u00e1s, una cifra que aumentar\u00e1 a 1.600 millones en 2050, afectando especialmente al medio rural, donde la densidad de poblaci\u00f3n suele ser menor y las infraestructuras de servicios son m\u00e1s limitadas.<br \/>\n\u2022 Transici\u00f3n hacia el comercio online: Se calcula que el comercio electr\u00f3nico representar\u00e1 el 33% del total del comercio global en 2030.<br \/>\n\u2022 Vulnerabilidad de las cadenas de suministro: La dependencia de redes urbanas afecta tanto a las ciudades como a las \u00e1reas rurales, donde la log\u00edstica y la accesibilidad son cr\u00edticas.<br \/>\n\u2022 Riesgo de nuevas pandemias y fen\u00f3menos atmosf\u00e9ricos extremos: Las inundaciones y otros eventos extremos tienen impactos diferenciados en entornos rurales y urbanos, exigiendo soluciones adaptadas.<br \/>\n\u2022 Insostenibilidad del modelo log\u00edstico y energ\u00e9tico: Tanto en ciudades como en \u00e1reas rurales, es necesario avanzar hacia modelos m\u00e1s sostenibles mas eficientes y menos contaminantes.<br \/>\nFrente a este panorama, se hace necesario replantear modelos estrat\u00e9gicos no solo para las ciudades, sino tambi\u00e9n para los territorios rurales, promoviendo una transici\u00f3n ecol\u00f3gica y tecnol\u00f3gica que asegure la sostenibilidad, la equidad y la accesibilidad a servicios b\u00e1sicos, incluyendo las tecnolog\u00edas disruptivas.<br \/>\nEn este sentido, las iniciativas como el Plan de Acci\u00f3n de la UE \u201cContaminaci\u00f3n cero para el aire, el agua y el suelo\u201d, la Ley de Cambio Clim\u00e1tico y Transici\u00f3n Energ\u00e9tica y otras normativas vigentes, subrayan la importancia de dise\u00f1ar sistemas de medici\u00f3n y monitorizaci\u00f3n, priorizar la prevenci\u00f3n, proteger a los m\u00e1s vulnerables y promover la resiliencia.<br \/>\nEstas acciones deben abarcar tanto \u00e1reas urbanas como rurales, garantizando una conectividad tecnol\u00f3gica inclusiva y fomentando soluciones adaptadas a las necesidades espec\u00edficas de cada territorio.<\/p>\n<p>2. City Logistics Panel y Rural Dynamics Hub: Innovaci\u00f3n para un Futuro Sostenible<\/p>\n<p>El City Logistics Panel es un entorno tecnol\u00f3gico de trabajo, gesti\u00f3n e investigaci\u00f3n que integra m\u00faltiples par\u00e1metros cr\u00edticos para el desarrollo urbano sostenible, como la calidad del aire, congesti\u00f3n del tr\u00e1fico o la gesti\u00f3n de emergencias. Sin embargo, su enfoque tambi\u00e9n puede ser ampliado para abordar desaf\u00edos espec\u00edficos del medio rural mediante iniciativas como el Rural Dynamics Hub, una herramienta paralela dise\u00f1ada para analizar y optimizar la sostenibilidad, accesibilidad y resiliencia de las zonas rurales.<br \/>\nAmbas plataformas combinan tecnolog\u00edas avanzadas como IA, Big Data, Machine Learning y QGIS, promoviendo una transici\u00f3n digital inclusiva que permita a las administraciones p\u00fablicas y a las comunidades gestionar de manera m\u00e1s eficiente sus recursos y adaptarse a las normativas medioambientales y sociales.<br \/>\nAlgunas de las utilidades espec\u00edficas de estas herramientas incluyen:<br \/>\n\u2022 Monitoreo en tiempo real de contaminaci\u00f3n, calidad del aire y niveles de tr\u00e1fico en ciudades y carreteras rurales.<br \/>\n\u2022 Anal\u00edtica de datos clim\u00e1ticos v\u00eda sat\u00e9lite, \u00fatil para prever riesgos de inundaciones, sequ\u00edas o incendios en entornos rurales y urbanos.<br \/>\n\u2022 Simulaciones de emergencias que afectan tanto a \u00e1reas densamente pobladas como a peque\u00f1as comunidades rurales.<br \/>\n\u2022 Planificaci\u00f3n de rutas log\u00edsticas eficientes, esenciales para reducir costos y mejorar el acceso en zonas remotas.<br \/>\n\u2022 An\u00e1lisis predictivo de vulnerabilidad y resiliencia, aplicable a comunidades urbanas y rurales frente a fen\u00f3menos clim\u00e1ticos o cambios demogr\u00e1ficos.<br \/>\n\u2022 Fomento de la accesibilidad tecnol\u00f3gica en el medio rural, cerrando la brecha digital y facilitando el acceso a herramientas que impulsen la innovaci\u00f3n y el emprendimiento local.<br \/>\nEl uso de tecnolog\u00edas como la inteligencia artificial, el big data y los sistemas de informaci\u00f3n geogr\u00e1fica (QGIS) permite analizar datos complejos y proporcionar soluciones personalizadas tanto para entornos urbanos como rurales. Adem\u00e1s, el enfoque inclusivo del City Logistics Panel asegura que las administraciones p\u00fablicas puedan dise\u00f1ar estrategias que integren ambos contextos de forma coherente, impulsando un desarrollo territorial sostenible.<\/p>\n<p>3. Tecnolog\u00eda Disruptiva y la Transici\u00f3n Digital Rural<\/p>\n<p>La apuesta por la digitalizaci\u00f3n y las tecnolog\u00edas disruptivas no debe limitarse a los entornos urbanos. El medio rural tiene el potencial de convertirse en un laboratorio de innovaci\u00f3n, donde tecnolog\u00edas como la videoconferencia para servicios sanitarios, los sistemas inteligentes de gesti\u00f3n de recursos h\u00eddricos o las comunidades energ\u00e9ticas locales sean la base para una transici\u00f3n justa y sostenible.<br \/>\nEl futuro pasa por un modelo en el que las tecnolog\u00edas disruptivas no solo transformen las ciudades, sino que tambi\u00e9n impulsen la revitalizaci\u00f3n de los entornos rurales, generando oportunidades, mejorando la calidad de vida y garantizando la sostenibilidad para todas las personas, vivan donde vivan.<br \/>\nEste enfoque garantiza que las soluciones tecnol\u00f3gicas no solo sean urbano c\u00e9ntricas, sino que promuevan un desarrollo equilibrado y sostenible, respetando las particularidades de cada territorio.<br \/>\nProyectos como el City Logistics Panel son esenciales para abordar los retos del futuro desde una perspectiva integradora, asegurando un equilibrio entre las din\u00e1micas urbanas y rurales, y promoviendo un modelo territorial verdaderamente resiliente y sostenible.<\/p>\n<p>&nbsp;<\/p>\n","protected":false},"featured_media":0,"template":"","meta":{"_acf_changed":false,"content-type":"","_monsterinsights_skip_tracking":false,"_monsterinsights_sitenote_active":false,"_monsterinsights_sitenote_note":"","_monsterinsights_sitenote_category":0},"area-de-competencia":[],"beneficiario-implicado":[2924],"coopsudoe-tipo":[1932],"entidades":[2994],"idioma":[2918,2911,2012,2921],"interesado":[],"objetivo-especifico":[3022,3025,3028,3034,3037,3046],"paises":[2899,2900,2902,2904],"perfil":[3710,3689,3695,3698,3692,3686,3707,3704,3701,3713],"sector-coop":[3785,3728,3791,3809,3830,3839,3722,3797,3743,3755,3761,3806,3773,3821,3779],"class_list":["post-44409","coopsudoe","type-coopsudoe","status-publish","hentry","beneficiario-implicado-non","coopsudoe-tipo-tengo-una-idea","entidades-autre","idioma-anglais","idioma-espagnol","idioma-francais","idioma-portugais","objetivo-especifico-os-1-1-recherche-innovation","objetivo-especifico-os-1-4-specialisation-intelligente-transition-industrielle-esprit-dentreprise","objetivo-especifico-os-2-4-adaptation-au-changement-climatique-prevention-des-risques","objetivo-especifico-os-2-7-protection-et-preservation-de-la-nature-biodiversite-infrastructures-vertes","objetivo-especifico-os-4-1-marches-du-travail-developpement-des-infrastructures-economie-sociale","objetivo-especifico-os-6-6-gouvernance-de-la-cooperation","paises-espagne","paises-france-fr","paises-portugal-fr","paises-principaute-dandorre","perfil-autre","perfil-centre-deducation-formation-et-ecole","perfil-entites-du-secteur-prive","perfil-entites-du-systeme-scientifique-et-du-developpement-technologique","perfil-entreprises-a-lexception-des-pme","perfil-les-autorites-publiques-competentes-les-agences-ou-les-organismes-auxquels-ils-deleguent-leurs-pouvoirs","perfil-organisation-fr","perfil-organisations-de-la-societe-civile-ong-etc","perfil-organismes-denseignement-superieur-et-de-recherche","perfil-pme","sector-coop-adaptation-au-changement-climatique","sector-coop-amelioration-de-la-qualite-de-lair-et-reduction-du-bruit","sector-coop-cyber-support-fr","sector-coop-economie-circulaire","sector-coop-incendies","sector-coop-innovation-transfert-de-technologie","sector-coop-linnovation","sector-coop-pollution-fr","sector-coop-processus-dinnovation-des-pme-processus-organisation-marketing-co-creation-innovation-centree-sur-lutilisateur-et-sur-la-demande","sector-coop-protection-de-la-nature-et-de-la-biodiversite-patrimoine-et-ressources-naturelles-infrastructures-vertes-et-bleues","sector-coop-reduction-des-emissions-de-gaz-a-effet-de-serre-dans-le-domaine-de-la-conservation-et-de-la-restauration-des-zones-naturelles-re-humidification-des-zones-humides-captage-des-gaz-de-decharge-etc","sector-coop-renforcement-des-capacites-en-matiere-de-specialisation-intelligente-de-transition-industrielle-desprit-dentreprise-et-dadaptabilite-des-entreprises-au-changement","sector-coop-services-et-applications-informatiques-pour-les-competences-numeriques-et-le-inclusion","sector-coop-specialisation-intelligente-et-transition-industrielle","sector-coop-transfert-de-technologie"],"acf":[],"yoast_head":"<!-- This site is optimized with the Yoast SEO plugin v27.2 - https:\/\/yoast.com\/product\/yoast-seo-wordpress\/ -->\n<title>Davide Grechi - Interreg Sudoe<\/title>\n<meta name=\"robots\" content=\"index, follow, max-snippet:-1, max-image-preview:large, max-video-preview:-1\" \/>\n<link rel=\"canonical\" href=\"https:\/\/interreg-sudoe.eu\/fr\/coopsudoe\/davide-grechi\/\" \/>\n<meta property=\"og:locale\" content=\"fr_FR\" \/>\n<meta property=\"og:type\" content=\"article\" \/>\n<meta property=\"og:title\" content=\"Davide Grechi - Interreg Sudoe\" \/>\n<meta property=\"og:description\" content=\"1. Introducci\u00f3n Nuestro presente y futuro como sociedad est\u00e1n marcados por una creciente concentraci\u00f3n de poblaci\u00f3n en \u00e1reas urbanas. Desde 2009, m\u00e1s de la mitad de la poblaci\u00f3n mundial vive en ciudades, y esta tendencia sigue en aumento. Seg\u00fan el Informe sobre el nuevo Marco de Movilidad Urbana de la UE, se prev\u00e9 que en [&hellip;]\" \/>\n<meta property=\"og:url\" content=\"https:\/\/interreg-sudoe.eu\/fr\/coopsudoe\/davide-grechi\/\" \/>\n<meta property=\"og:site_name\" content=\"Interreg Sudoe\" \/>\n<meta property=\"article:publisher\" content=\"https:\/\/www.facebook.com\/interregsudoe\" \/>\n<meta property=\"og:image\" content=\"https:\/\/interreg-sudoe.eu\/wp-content\/uploads\/2024\/03\/download.png\" \/>\n\t<meta property=\"og:image:width\" content=\"344\" \/>\n\t<meta property=\"og:image:height\" content=\"147\" \/>\n\t<meta property=\"og:image:type\" content=\"image\/png\" \/>\n<meta name=\"twitter:card\" content=\"summary_large_image\" \/>\n<meta name=\"twitter:site\" content=\"@Sudoe5\" \/>\n<meta name=\"twitter:label1\" content=\"Dur\u00e9e de lecture estim\u00e9e\" \/>\n\t<meta name=\"twitter:data1\" content=\"5 minutes\" \/>\n<script type=\"application\/ld+json\" class=\"yoast-schema-graph\">{\"@context\":\"https:\/\/schema.org\",\"@graph\":[{\"@type\":\"WebPage\",\"@id\":\"https:\/\/interreg-sudoe.eu\/fr\/coopsudoe\/davide-grechi\/\",\"url\":\"https:\/\/interreg-sudoe.eu\/fr\/coopsudoe\/davide-grechi\/\",\"name\":\"Davide Grechi - Interreg Sudoe\",\"isPartOf\":{\"@id\":\"https:\/\/interreg-sudoe.eu\/fr\/#website\"},\"datePublished\":\"2025-01-30T12:57:27+00:00\",\"breadcrumb\":{\"@id\":\"https:\/\/interreg-sudoe.eu\/fr\/coopsudoe\/davide-grechi\/#breadcrumb\"},\"inLanguage\":\"fr-FR\",\"potentialAction\":[{\"@type\":\"ReadAction\",\"target\":[\"https:\/\/interreg-sudoe.eu\/fr\/coopsudoe\/davide-grechi\/\"]}]},{\"@type\":\"BreadcrumbList\",\"@id\":\"https:\/\/interreg-sudoe.eu\/fr\/coopsudoe\/davide-grechi\/#breadcrumb\",\"itemListElement\":[{\"@type\":\"ListItem\",\"position\":1,\"name\":\"Home\",\"item\":\"https:\/\/interreg-sudoe.eu\/fr\/\"},{\"@type\":\"ListItem\",\"position\":2,\"name\":\"Davide Grechi\"}]},{\"@type\":\"WebSite\",\"@id\":\"https:\/\/interreg-sudoe.eu\/fr\/#website\",\"url\":\"https:\/\/interreg-sudoe.eu\/fr\/\",\"name\":\"Interreg Sudoe\",\"description\":\"Interreg Sudoe\",\"publisher\":{\"@id\":\"https:\/\/interreg-sudoe.eu\/fr\/#organization\"},\"alternateName\":\"Interreg Sudoe\",\"potentialAction\":[{\"@type\":\"SearchAction\",\"target\":{\"@type\":\"EntryPoint\",\"urlTemplate\":\"https:\/\/interreg-sudoe.eu\/fr\/?s={search_term_string}\"},\"query-input\":{\"@type\":\"PropertyValueSpecification\",\"valueRequired\":true,\"valueName\":\"search_term_string\"}}],\"inLanguage\":\"fr-FR\"},{\"@type\":\"Organization\",\"@id\":\"https:\/\/interreg-sudoe.eu\/fr\/#organization\",\"name\":\"Interreg Sudoe\",\"alternateName\":\"Interreg Sudoe\",\"url\":\"https:\/\/interreg-sudoe.eu\/fr\/\",\"logo\":{\"@type\":\"ImageObject\",\"inLanguage\":\"fr-FR\",\"@id\":\"https:\/\/interreg-sudoe.eu\/fr\/#\/schema\/logo\/image\/\",\"url\":\"https:\/\/interreg-sudoe.eu\/wp-content\/uploads\/2024\/03\/logo-interreg.png\",\"contentUrl\":\"https:\/\/interreg-sudoe.eu\/wp-content\/uploads\/2024\/03\/logo-interreg.png\",\"width\":1200,\"height\":675,\"caption\":\"Interreg Sudoe\"},\"image\":{\"@id\":\"https:\/\/interreg-sudoe.eu\/fr\/#\/schema\/logo\/image\/\"},\"sameAs\":[\"https:\/\/www.facebook.com\/interregsudoe\",\"https:\/\/x.com\/Sudoe5\",\"https:\/\/www.youtube.com\/channel\/UCeGx2edoB32beRc9dbKA2vw\",\"https:\/\/www.linkedin.com\/company\/interreg-sudoe-programme\/\",\"https:\/\/www.flickr.com\/photos\/148704685@N06\/\"]}]}<\/script>\n<!-- \/ Yoast SEO plugin. -->","yoast_head_json":{"title":"Davide Grechi - Interreg Sudoe","robots":{"index":"index","follow":"follow","max-snippet":"max-snippet:-1","max-image-preview":"max-image-preview:large","max-video-preview":"max-video-preview:-1"},"canonical":"https:\/\/interreg-sudoe.eu\/fr\/coopsudoe\/davide-grechi\/","og_locale":"fr_FR","og_type":"article","og_title":"Davide Grechi - Interreg Sudoe","og_description":"1. Introducci\u00f3n Nuestro presente y futuro como sociedad est\u00e1n marcados por una creciente concentraci\u00f3n de poblaci\u00f3n en \u00e1reas urbanas. Desde 2009, m\u00e1s de la mitad de la poblaci\u00f3n mundial vive en ciudades, y esta tendencia sigue en aumento. Seg\u00fan el Informe sobre el nuevo Marco de Movilidad Urbana de la UE, se prev\u00e9 que en [&hellip;]","og_url":"https:\/\/interreg-sudoe.eu\/fr\/coopsudoe\/davide-grechi\/","og_site_name":"Interreg Sudoe","article_publisher":"https:\/\/www.facebook.com\/interregsudoe","og_image":[{"width":344,"height":147,"url":"https:\/\/interreg-sudoe.eu\/wp-content\/uploads\/2024\/03\/download.png","type":"image\/png"}],"twitter_card":"summary_large_image","twitter_site":"@Sudoe5","twitter_misc":{"Dur\u00e9e de lecture estim\u00e9e":"5 minutes"},"schema":{"@context":"https:\/\/schema.org","@graph":[{"@type":"WebPage","@id":"https:\/\/interreg-sudoe.eu\/fr\/coopsudoe\/davide-grechi\/","url":"https:\/\/interreg-sudoe.eu\/fr\/coopsudoe\/davide-grechi\/","name":"Davide Grechi - Interreg Sudoe","isPartOf":{"@id":"https:\/\/interreg-sudoe.eu\/fr\/#website"},"datePublished":"2025-01-30T12:57:27+00:00","breadcrumb":{"@id":"https:\/\/interreg-sudoe.eu\/fr\/coopsudoe\/davide-grechi\/#breadcrumb"},"inLanguage":"fr-FR","potentialAction":[{"@type":"ReadAction","target":["https:\/\/interreg-sudoe.eu\/fr\/coopsudoe\/davide-grechi\/"]}]},{"@type":"BreadcrumbList","@id":"https:\/\/interreg-sudoe.eu\/fr\/coopsudoe\/davide-grechi\/#breadcrumb","itemListElement":[{"@type":"ListItem","position":1,"name":"Home","item":"https:\/\/interreg-sudoe.eu\/fr\/"},{"@type":"ListItem","position":2,"name":"Davide Grechi"}]},{"@type":"WebSite","@id":"https:\/\/interreg-sudoe.eu\/fr\/#website","url":"https:\/\/interreg-sudoe.eu\/fr\/","name":"Interreg Sudoe","description":"Interreg Sudoe","publisher":{"@id":"https:\/\/interreg-sudoe.eu\/fr\/#organization"},"alternateName":"Interreg Sudoe","potentialAction":[{"@type":"SearchAction","target":{"@type":"EntryPoint","urlTemplate":"https:\/\/interreg-sudoe.eu\/fr\/?s={search_term_string}"},"query-input":{"@type":"PropertyValueSpecification","valueRequired":true,"valueName":"search_term_string"}}],"inLanguage":"fr-FR"},{"@type":"Organization","@id":"https:\/\/interreg-sudoe.eu\/fr\/#organization","name":"Interreg Sudoe","alternateName":"Interreg Sudoe","url":"https:\/\/interreg-sudoe.eu\/fr\/","logo":{"@type":"ImageObject","inLanguage":"fr-FR","@id":"https:\/\/interreg-sudoe.eu\/fr\/#\/schema\/logo\/image\/","url":"https:\/\/interreg-sudoe.eu\/wp-content\/uploads\/2024\/03\/logo-interreg.png","contentUrl":"https:\/\/interreg-sudoe.eu\/wp-content\/uploads\/2024\/03\/logo-interreg.png","width":1200,"height":675,"caption":"Interreg Sudoe"},"image":{"@id":"https:\/\/interreg-sudoe.eu\/fr\/#\/schema\/logo\/image\/"},"sameAs":["https:\/\/www.facebook.com\/interregsudoe","https:\/\/x.com\/Sudoe5","https:\/\/www.youtube.com\/channel\/UCeGx2edoB32beRc9dbKA2vw","https:\/\/www.linkedin.com\/company\/interreg-sudoe-programme\/","https:\/\/www.flickr.com\/photos\/148704685@N06\/"]}]}},"_links":{"self":[{"href":"https:\/\/interreg-sudoe.eu\/fr\/wp-json\/wp\/v2\/coopsudoe\/44409","targetHints":{"allow":["GET"]}}],"collection":[{"href":"https:\/\/interreg-sudoe.eu\/fr\/wp-json\/wp\/v2\/coopsudoe"}],"about":[{"href":"https:\/\/interreg-sudoe.eu\/fr\/wp-json\/wp\/v2\/types\/coopsudoe"}],"wp:attachment":[{"href":"https:\/\/interreg-sudoe.eu\/fr\/wp-json\/wp\/v2\/media?parent=44409"}],"wp:term":[{"taxonomy":"area-de-competencia","embeddable":true,"href":"https:\/\/interreg-sudoe.eu\/fr\/wp-json\/wp\/v2\/area-de-competencia?post=44409"},{"taxonomy":"beneficiario-implicado","embeddable":true,"href":"https:\/\/interreg-sudoe.eu\/fr\/wp-json\/wp\/v2\/beneficiario-implicado?post=44409"},{"taxonomy":"coopsudoe-tipo","embeddable":true,"href":"https:\/\/interreg-sudoe.eu\/fr\/wp-json\/wp\/v2\/coopsudoe-tipo?post=44409"},{"taxonomy":"entidades","embeddable":true,"href":"https:\/\/interreg-sudoe.eu\/fr\/wp-json\/wp\/v2\/entidades?post=44409"},{"taxonomy":"idioma","embeddable":true,"href":"https:\/\/interreg-sudoe.eu\/fr\/wp-json\/wp\/v2\/idioma?post=44409"},{"taxonomy":"interesado","embeddable":true,"href":"https:\/\/interreg-sudoe.eu\/fr\/wp-json\/wp\/v2\/interesado?post=44409"},{"taxonomy":"objetivo-especifico","embeddable":true,"href":"https:\/\/interreg-sudoe.eu\/fr\/wp-json\/wp\/v2\/objetivo-especifico?post=44409"},{"taxonomy":"paises","embeddable":true,"href":"https:\/\/interreg-sudoe.eu\/fr\/wp-json\/wp\/v2\/paises?post=44409"},{"taxonomy":"perfil","embeddable":true,"href":"https:\/\/interreg-sudoe.eu\/fr\/wp-json\/wp\/v2\/perfil?post=44409"},{"taxonomy":"sector-coop","embeddable":true,"href":"https:\/\/interreg-sudoe.eu\/fr\/wp-json\/wp\/v2\/sector-coop?post=44409"}],"curies":[{"name":"wp","href":"https:\/\/api.w.org\/{rel}","templated":true}]}}