{"id":71827,"date":"2026-08-31T14:16:24","date_gmt":"2026-08-31T12:16:24","guid":{"rendered":"https:\/\/interreg-sudoe.eu\/?post_type=coopsudoe&#038;p=71827"},"modified":"2026-08-31T14:16:24","modified_gmt":"2026-08-31T12:16:24","slug":"roigt-marie-charlotte","status":"publish","type":"coopsudoe","link":"https:\/\/interreg-sudoe.eu\/fr\/coopsudoe\/roigt-marie-charlotte\/","title":{"rendered":"roigt marie-charlotte"},"content":{"rendered":"<p>Conseill\u00e8re d\u2019\u00e9ducation populaire et de jeunesse au sein du SDJES des Pyr\u00e9n\u00e9es-Orientales, j\u2019interviens dans les domaines de la coop\u00e9ration europ\u00e9enne et internationale en mati\u00e8re de jeunesse, de participation citoyenne, de vie associative et d\u2019\u00e9ducation populaire.<br \/>\nJ\u2019assure \u00e9galement une mission de m\u00e9diation des rassemblements festifs et d\u00e9veloppe des coop\u00e9rations avec les acteurs publics, associatifs et culturels autour des musiques actuelles, des pratiques festives, de la pr\u00e9vention, de l\u2019inclusion et de la valorisation des patrimoines culturels. Situ\u00e9e sur un territoire frontalier avec la Catalogne, je travaille \u00e0 la mise en r\u00e9seau d\u2019acteurs fran\u00e7ais et espagnols et au d\u00e9veloppement de projets de coop\u00e9ration territoriale, notamment entre l\u2019Occitanie, la Catalogne et les \u00celes Bal\u00e9ares.<br \/>\nJe souhaite contribuer \u00e0 des consortiums Sudoe permettant l\u2019exp\u00e9rimentation, la capitalisation et le transfert de m\u00e9thodologies entre territoires dans les domaines de la jeunesse, de la culture, de la participation citoyenne, de l\u2019inclusion et de la coop\u00e9ration territoriale.<\/p>\n","protected":false},"featured_media":71826,"template":"","meta":{"_acf_changed":false,"content-type":"","_monsterinsights_skip_tracking":false,"_members_access_role":[],"_members_access_error":""},"area-de-competencia":[2956,2958,2967,3617,3623,3644,3647,3683],"beneficiario-implicado":[],"coopsudoe-tipo":[1930],"entidades":[2976],"idioma":[2911,2012],"interesado":[2947,2946],"objetivo-especifico":[3037,3040,3043,3046],"paises":[2900],"perfil":[],"sector-coop":[],"class_list":["post-71827","coopsudoe","type-coopsudoe","status-publish","has-post-thumbnail","hentry","area-de-competencia-cohesion-sociale-et-equilibre-territorial","area-de-competencia-cooperation-territoriale","area-de-competencia-egalite-des-chances-et-participation-active-a-la-societe","area-de-competencia-inclusion-et-innovation-sociale","area-de-competencia-innovation-sociale-valorisation-du-patrimoine-et-des-services","area-de-competencia-protection-developpement-et-promotion-des-atouts-touristiques-publics-et-des-services-touristiques","area-de-competencia-protection-developpement-et-promotion-du-patrimoine-culturel-et-des-services-culturels","area-de-competencia-tourisme-durable","coopsudoe-tipo-miembro","entidades-autorite-publique-nationale","idioma-espagnol","idioma-francais","interesado-faites-partie-dun-projet","interesado-mener-un-projet","objetivo-especifico-os-4-1-marches-du-travail-developpement-des-infrastructures-economie-sociale","objetivo-especifico-os-4-5-acces-aux-soins-systemes-de-sante","objetivo-especifico-os-4-6-culture-tourisme-durable","objetivo-especifico-os-6-6-gouvernance-de-la-cooperation","paises-france-fr"],"acf":[],"yoast_head":"<!-- This site is optimized with the Yoast SEO plugin v28.3 - https:\/\/yoast.com\/product\/yoast-seo-wordpress\/ -->\n<title>roigt marie-charlotte - Interreg Sudoe<\/title>\n<meta name=\"robots\" content=\"index, follow, max-snippet:-1, max-image-preview:large, max-video-preview:-1\" \/>\n<link rel=\"canonical\" href=\"https:\/\/interreg-sudoe.eu\/fr\/coopsudoe\/roigt-marie-charlotte\/\" \/>\n<meta property=\"og:locale\" content=\"fr_FR\" \/>\n<meta property=\"og:type\" content=\"article\" \/>\n<meta property=\"og:title\" content=\"roigt marie-charlotte - Interreg Sudoe\" \/>\n<meta property=\"og:description\" content=\"Conseill\u00e8re d\u2019\u00e9ducation populaire et de jeunesse au sein du SDJES des Pyr\u00e9n\u00e9es-Orientales, j\u2019interviens dans les domaines de la coop\u00e9ration europ\u00e9enne et internationale en mati\u00e8re de jeunesse, de participation citoyenne, de vie associative et d\u2019\u00e9ducation populaire. J\u2019assure \u00e9galement une mission de m\u00e9diation des rassemblements festifs et d\u00e9veloppe des coop\u00e9rations avec les acteurs publics, associatifs et culturels [&hellip;]\" \/>\n<meta property=\"og:url\" content=\"https:\/\/interreg-sudoe.eu\/fr\/coopsudoe\/roigt-marie-charlotte\/\" \/>\n<meta property=\"og:site_name\" content=\"Interreg Sudoe\" \/>\n<meta property=\"article:publisher\" content=\"https:\/\/www.facebook.com\/interregsudoe\" \/>\n<meta property=\"og:image\" content=\"https:\/\/interreg-sudoe.eu\/wp-content\/uploads\/jet-form-builder\/2d8068c2bcc72a0e23f03a47ec8de124\/2026\/08\/photo-de-profil.jpg\" \/>\n\t<meta property=\"og:image:width\" content=\"1254\" \/>\n\t<meta property=\"og:image:height\" content=\"1254\" \/>\n\t<meta property=\"og:image:type\" content=\"image\/jpeg\" \/>\n<meta name=\"twitter:card\" content=\"summary_large_image\" \/>\n<meta name=\"twitter:site\" content=\"@Sudoe5\" \/>\n<meta name=\"twitter:label1\" content=\"Dur\u00e9e de lecture estim\u00e9e\" \/>\n\t<meta name=\"twitter:data1\" content=\"1 minute\" \/>\n<script type=\"application\/ld+json\" class=\"yoast-schema-graph\">{\"@context\":\"https:\\\/\\\/schema.org\",\"@graph\":[{\"@type\":\"WebPage\",\"@id\":\"https:\\\/\\\/interreg-sudoe.eu\\\/fr\\\/coopsudoe\\\/roigt-marie-charlotte\\\/\",\"url\":\"https:\\\/\\\/interreg-sudoe.eu\\\/fr\\\/coopsudoe\\\/roigt-marie-charlotte\\\/\",\"name\":\"roigt marie-charlotte - Interreg Sudoe\",\"isPartOf\":{\"@id\":\"https:\\\/\\\/interreg-sudoe.eu\\\/fr\\\/#website\"},\"primaryImageOfPage\":{\"@id\":\"https:\\\/\\\/interreg-sudoe.eu\\\/fr\\\/coopsudoe\\\/roigt-marie-charlotte\\\/#primaryimage\"},\"image\":{\"@id\":\"https:\\\/\\\/interreg-sudoe.eu\\\/fr\\\/coopsudoe\\\/roigt-marie-charlotte\\\/#primaryimage\"},\"thumbnailUrl\":\"https:\\\/\\\/interreg-sudoe.eu\\\/wp-content\\\/uploads\\\/jet-form-builder\\\/2d8068c2bcc72a0e23f03a47ec8de124\\\/2026\\\/08\\\/photo-de-profil.jpg\",\"datePublished\":\"2026-08-31T12:16:24+00:00\",\"breadcrumb\":{\"@id\":\"https:\\\/\\\/interreg-sudoe.eu\\\/fr\\\/coopsudoe\\\/roigt-marie-charlotte\\\/#breadcrumb\"},\"inLanguage\":\"fr-FR\",\"potentialAction\":[{\"@type\":\"ReadAction\",\"target\":[\"https:\\\/\\\/interreg-sudoe.eu\\\/fr\\\/coopsudoe\\\/roigt-marie-charlotte\\\/\"]}]},{\"@type\":\"ImageObject\",\"inLanguage\":\"fr-FR\",\"@id\":\"https:\\\/\\\/interreg-sudoe.eu\\\/fr\\\/coopsudoe\\\/roigt-marie-charlotte\\\/#primaryimage\",\"url\":\"https:\\\/\\\/interreg-sudoe.eu\\\/wp-content\\\/uploads\\\/jet-form-builder\\\/2d8068c2bcc72a0e23f03a47ec8de124\\\/2026\\\/08\\\/photo-de-profil.jpg\",\"contentUrl\":\"https:\\\/\\\/interreg-sudoe.eu\\\/wp-content\\\/uploads\\\/jet-form-builder\\\/2d8068c2bcc72a0e23f03a47ec8de124\\\/2026\\\/08\\\/photo-de-profil.jpg\",\"width\":1254,\"height\":1254},{\"@type\":\"BreadcrumbList\",\"@id\":\"https:\\\/\\\/interreg-sudoe.eu\\\/fr\\\/coopsudoe\\\/roigt-marie-charlotte\\\/#breadcrumb\",\"itemListElement\":[{\"@type\":\"ListItem\",\"position\":1,\"name\":\"Home\",\"item\":\"https:\\\/\\\/interreg-sudoe.eu\\\/fr\\\/\"},{\"@type\":\"ListItem\",\"position\":2,\"name\":\"roigt marie-charlotte\"}]},{\"@type\":\"WebSite\",\"@id\":\"https:\\\/\\\/interreg-sudoe.eu\\\/fr\\\/#website\",\"url\":\"https:\\\/\\\/interreg-sudoe.eu\\\/fr\\\/\",\"name\":\"Interreg Sudoe\",\"description\":\"Interreg Sudoe\",\"publisher\":{\"@id\":\"https:\\\/\\\/interreg-sudoe.eu\\\/fr\\\/#organization\"},\"alternateName\":\"Interreg Sudoe\",\"potentialAction\":[{\"@type\":\"SearchAction\",\"target\":{\"@type\":\"EntryPoint\",\"urlTemplate\":\"https:\\\/\\\/interreg-sudoe.eu\\\/fr\\\/?s={search_term_string}\"},\"query-input\":{\"@type\":\"PropertyValueSpecification\",\"valueRequired\":true,\"valueName\":\"search_term_string\"}}],\"inLanguage\":\"fr-FR\"},{\"@type\":\"Organization\",\"@id\":\"https:\\\/\\\/interreg-sudoe.eu\\\/fr\\\/#organization\",\"name\":\"Interreg Sudoe\",\"alternateName\":\"Interreg Sudoe\",\"url\":\"https:\\\/\\\/interreg-sudoe.eu\\\/fr\\\/\",\"logo\":{\"@type\":\"ImageObject\",\"inLanguage\":\"fr-FR\",\"@id\":\"https:\\\/\\\/interreg-sudoe.eu\\\/fr\\\/#\\\/schema\\\/logo\\\/image\\\/\",\"url\":\"https:\\\/\\\/interreg-sudoe.eu\\\/wp-content\\\/uploads\\\/2024\\\/03\\\/logo-interreg.png\",\"contentUrl\":\"https:\\\/\\\/interreg-sudoe.eu\\\/wp-content\\\/uploads\\\/2024\\\/03\\\/logo-interreg.png\",\"width\":1200,\"height\":675,\"caption\":\"Interreg Sudoe\"},\"image\":{\"@id\":\"https:\\\/\\\/interreg-sudoe.eu\\\/fr\\\/#\\\/schema\\\/logo\\\/image\\\/\"},\"sameAs\":[\"https:\\\/\\\/www.facebook.com\\\/interregsudoe\",\"https:\\\/\\\/x.com\\\/Sudoe5\",\"https:\\\/\\\/www.youtube.com\\\/channel\\\/UCeGx2edoB32beRc9dbKA2vw\",\"https:\\\/\\\/www.linkedin.com\\\/company\\\/interreg-sudoe-programme\\\/\",\"https:\\\/\\\/www.flickr.com\\\/photos\\\/148704685@N06\\\/\"]}]}<\/script>\n<!-- \/ Yoast SEO plugin. -->","yoast_head_json":{"title":"roigt marie-charlotte - Interreg Sudoe","robots":{"index":"index","follow":"follow","max-snippet":"max-snippet:-1","max-image-preview":"max-image-preview:large","max-video-preview":"max-video-preview:-1"},"canonical":"https:\/\/interreg-sudoe.eu\/fr\/coopsudoe\/roigt-marie-charlotte\/","og_locale":"fr_FR","og_type":"article","og_title":"roigt marie-charlotte - Interreg Sudoe","og_description":"Conseill\u00e8re d\u2019\u00e9ducation populaire et de jeunesse au sein du SDJES des Pyr\u00e9n\u00e9es-Orientales, j\u2019interviens dans les domaines de la coop\u00e9ration europ\u00e9enne et internationale en mati\u00e8re de jeunesse, de participation citoyenne, de vie associative et d\u2019\u00e9ducation populaire. J\u2019assure \u00e9galement une mission de m\u00e9diation des rassemblements festifs et d\u00e9veloppe des coop\u00e9rations avec les acteurs publics, associatifs et culturels [&hellip;]","og_url":"https:\/\/interreg-sudoe.eu\/fr\/coopsudoe\/roigt-marie-charlotte\/","og_site_name":"Interreg Sudoe","article_publisher":"https:\/\/www.facebook.com\/interregsudoe","og_image":[{"width":1254,"height":1254,"url":"https:\/\/interreg-sudoe.eu\/wp-content\/uploads\/jet-form-builder\/2d8068c2bcc72a0e23f03a47ec8de124\/2026\/08\/photo-de-profil.jpg","type":"image\/jpeg"}],"twitter_card":"summary_large_image","twitter_site":"@Sudoe5","twitter_misc":{"Dur\u00e9e de lecture estim\u00e9e":"1 minute"},"schema":{"@context":"https:\/\/schema.org","@graph":[{"@type":"WebPage","@id":"https:\/\/interreg-sudoe.eu\/fr\/coopsudoe\/roigt-marie-charlotte\/","url":"https:\/\/interreg-sudoe.eu\/fr\/coopsudoe\/roigt-marie-charlotte\/","name":"roigt marie-charlotte - Interreg Sudoe","isPartOf":{"@id":"https:\/\/interreg-sudoe.eu\/fr\/#website"},"primaryImageOfPage":{"@id":"https:\/\/interreg-sudoe.eu\/fr\/coopsudoe\/roigt-marie-charlotte\/#primaryimage"},"image":{"@id":"https:\/\/interreg-sudoe.eu\/fr\/coopsudoe\/roigt-marie-charlotte\/#primaryimage"},"thumbnailUrl":"https:\/\/interreg-sudoe.eu\/wp-content\/uploads\/jet-form-builder\/2d8068c2bcc72a0e23f03a47ec8de124\/2026\/08\/photo-de-profil.jpg","datePublished":"2026-08-31T12:16:24+00:00","breadcrumb":{"@id":"https:\/\/interreg-sudoe.eu\/fr\/coopsudoe\/roigt-marie-charlotte\/#breadcrumb"},"inLanguage":"fr-FR","potentialAction":[{"@type":"ReadAction","target":["https:\/\/interreg-sudoe.eu\/fr\/coopsudoe\/roigt-marie-charlotte\/"]}]},{"@type":"ImageObject","inLanguage":"fr-FR","@id":"https:\/\/interreg-sudoe.eu\/fr\/coopsudoe\/roigt-marie-charlotte\/#primaryimage","url":"https:\/\/interreg-sudoe.eu\/wp-content\/uploads\/jet-form-builder\/2d8068c2bcc72a0e23f03a47ec8de124\/2026\/08\/photo-de-profil.jpg","contentUrl":"https:\/\/interreg-sudoe.eu\/wp-content\/uploads\/jet-form-builder\/2d8068c2bcc72a0e23f03a47ec8de124\/2026\/08\/photo-de-profil.jpg","width":1254,"height":1254},{"@type":"BreadcrumbList","@id":"https:\/\/interreg-sudoe.eu\/fr\/coopsudoe\/roigt-marie-charlotte\/#breadcrumb","itemListElement":[{"@type":"ListItem","position":1,"name":"Home","item":"https:\/\/interreg-sudoe.eu\/fr\/"},{"@type":"ListItem","position":2,"name":"roigt marie-charlotte"}]},{"@type":"WebSite","@id":"https:\/\/interreg-sudoe.eu\/fr\/#website","url":"https:\/\/interreg-sudoe.eu\/fr\/","name":"Interreg Sudoe","description":"Interreg Sudoe","publisher":{"@id":"https:\/\/interreg-sudoe.eu\/fr\/#organization"},"alternateName":"Interreg Sudoe","potentialAction":[{"@type":"SearchAction","target":{"@type":"EntryPoint","urlTemplate":"https:\/\/interreg-sudoe.eu\/fr\/?s={search_term_string}"},"query-input":{"@type":"PropertyValueSpecification","valueRequired":true,"valueName":"search_term_string"}}],"inLanguage":"fr-FR"},{"@type":"Organization","@id":"https:\/\/interreg-sudoe.eu\/fr\/#organization","name":"Interreg Sudoe","alternateName":"Interreg Sudoe","url":"https:\/\/interreg-sudoe.eu\/fr\/","logo":{"@type":"ImageObject","inLanguage":"fr-FR","@id":"https:\/\/interreg-sudoe.eu\/fr\/#\/schema\/logo\/image\/","url":"https:\/\/interreg-sudoe.eu\/wp-content\/uploads\/2024\/03\/logo-interreg.png","contentUrl":"https:\/\/interreg-sudoe.eu\/wp-content\/uploads\/2024\/03\/logo-interreg.png","width":1200,"height":675,"caption":"Interreg Sudoe"},"image":{"@id":"https:\/\/interreg-sudoe.eu\/fr\/#\/schema\/logo\/image\/"},"sameAs":["https:\/\/www.facebook.com\/interregsudoe","https:\/\/x.com\/Sudoe5","https:\/\/www.youtube.com\/channel\/UCeGx2edoB32beRc9dbKA2vw","https:\/\/www.linkedin.com\/company\/interreg-sudoe-programme\/","https:\/\/www.flickr.com\/photos\/148704685@N06\/"]}]}},"_links":{"self":[{"href":"https:\/\/interreg-sudoe.eu\/fr\/wp-json\/wp\/v2\/coopsudoe\/71827","targetHints":{"allow":["GET"]}}],"collection":[{"href":"https:\/\/interreg-sudoe.eu\/fr\/wp-json\/wp\/v2\/coopsudoe"}],"about":[{"href":"https:\/\/interreg-sudoe.eu\/fr\/wp-json\/wp\/v2\/types\/coopsudoe"}],"wp:featuredmedia":[{"embeddable":true,"href":"https:\/\/interreg-sudoe.eu\/fr\/wp-json\/wp\/v2\/media\/71826"}],"wp:attachment":[{"href":"https:\/\/interreg-sudoe.eu\/fr\/wp-json\/wp\/v2\/media?parent=71827"}],"wp:term":[{"taxonomy":"area-de-competencia","embeddable":true,"href":"https:\/\/interreg-sudoe.eu\/fr\/wp-json\/wp\/v2\/area-de-competencia?post=71827"},{"taxonomy":"beneficiario-implicado","embeddable":true,"href":"https:\/\/interreg-sudoe.eu\/fr\/wp-json\/wp\/v2\/beneficiario-implicado?post=71827"},{"taxonomy":"coopsudoe-tipo","embeddable":true,"href":"https:\/\/interreg-sudoe.eu\/fr\/wp-json\/wp\/v2\/coopsudoe-tipo?post=71827"},{"taxonomy":"entidades","embeddable":true,"href":"https:\/\/interreg-sudoe.eu\/fr\/wp-json\/wp\/v2\/entidades?post=71827"},{"taxonomy":"idioma","embeddable":true,"href":"https:\/\/interreg-sudoe.eu\/fr\/wp-json\/wp\/v2\/idioma?post=71827"},{"taxonomy":"interesado","embeddable":true,"href":"https:\/\/interreg-sudoe.eu\/fr\/wp-json\/wp\/v2\/interesado?post=71827"},{"taxonomy":"objetivo-especifico","embeddable":true,"href":"https:\/\/interreg-sudoe.eu\/fr\/wp-json\/wp\/v2\/objetivo-especifico?post=71827"},{"taxonomy":"paises","embeddable":true,"href":"https:\/\/interreg-sudoe.eu\/fr\/wp-json\/wp\/v2\/paises?post=71827"},{"taxonomy":"perfil","embeddable":true,"href":"https:\/\/interreg-sudoe.eu\/fr\/wp-json\/wp\/v2\/perfil?post=71827"},{"taxonomy":"sector-coop","embeddable":true,"href":"https:\/\/interreg-sudoe.eu\/fr\/wp-json\/wp\/v2\/sector-coop?post=71827"}],"curies":[{"name":"wp","href":"https:\/\/api.w.org\/{rel}","templated":true}]}}