{"id":40267,"date":"2024-09-19T16:52:50","date_gmt":"2024-09-19T14:52:50","guid":{"rendered":"https:\/\/interreg-sudoe.eu\/evento-proyecto\/presentacion-del-proyecto-y-reunion-del-consorcio\/"},"modified":"2026-02-13T12:15:08","modified_gmt":"2026-02-13T11:15:08","slug":"presentacion-del-proyecto-y-reunion-del-consorcio","status":"publish","type":"evento-proyecto","link":"https:\/\/interreg-sudoe.eu\/fr\/evento-proyecto\/presentacion-del-proyecto-y-reunion-del-consorcio\/","title":{"rendered":"REMAIN | Pr\u00e9sentation du Projet et R\u00e9union du Consortium"},"content":{"rendered":"<p><img decoding=\"async\" class=\" wp-image-40261 alignleft\" src=\"https:\/\/interreg-sudoe.eu\/wp-content\/uploads\/2024\/09\/imagenpantallazoREMAIN-300x134.jpg\" alt=\"\" width=\"316\" height=\"141\" srcset=\"https:\/\/interreg-sudoe.eu\/wp-content\/uploads\/2024\/09\/imagenpantallazoREMAIN-300x134.jpg 300w, https:\/\/interreg-sudoe.eu\/wp-content\/uploads\/2024\/09\/imagenpantallazoREMAIN-1024x457.jpg 1024w, https:\/\/interreg-sudoe.eu\/wp-content\/uploads\/2024\/09\/imagenpantallazoREMAIN-768x343.jpg 768w, https:\/\/interreg-sudoe.eu\/wp-content\/uploads\/2024\/09\/imagenpantallazoREMAIN-1536x686.jpg 1536w, https:\/\/interreg-sudoe.eu\/wp-content\/uploads\/2024\/09\/imagenpantallazoREMAIN.jpg 1920w\" sizes=\"(max-width: 316px) 100vw, 316px\" \/><\/p>\n<p>A l&rsquo;occasion du lancement du projet REMAIN, la <strong>deuxi\u00e8me r\u00e9union transnationale du Consortium<\/strong> se tiendra \u00e0 Aveiro (Portugal) les 14 et 15 octobre 2024. Par la suite, un <strong>s\u00e9minaire<\/strong> sur le projet sera organis\u00e9 avec plusieurs entreprises portugaises. Cette r\u00e9union sera l&rsquo;occasion de pr\u00e9senter les objectifs et les progr\u00e8s de REMAIN, ainsi que de promouvoir l&rsquo;\u00e9change de connaissances et d&rsquo;exp\u00e9riences entre les partenaires du partenariat et les entreprises participantes. Ce sera un espace cl\u00e9 pour \u00e9tablir des collaborations strat\u00e9giques et des synergies qui favorisent les axes strat\u00e9giques du projet.<\/p>\n","protected":false},"author":4903,"featured_media":0,"template":"","meta":{"_acf_changed":false,"content-type":"","_monsterinsights_skip_tracking":false,"_monsterinsights_sitenote_active":false,"_monsterinsights_sitenote_note":"","_monsterinsights_sitenote_category":0},"class_list":["post-40267","evento-proyecto","type-evento-proyecto","status-publish","hentry"],"acf":[],"yoast_head":"<!-- This site is optimized with the Yoast SEO plugin v27.2 - https:\/\/yoast.com\/product\/yoast-seo-wordpress\/ -->\n<title>REMAIN | Pr\u00e9sentation du Projet et R\u00e9union du Consortium - Interreg Sudoe<\/title>\n<meta name=\"robots\" content=\"index, follow, max-snippet:-1, max-image-preview:large, max-video-preview:-1\" \/>\n<link rel=\"canonical\" href=\"https:\/\/interreg-sudoe.eu\/fr\/evento-proyecto\/presentacion-del-proyecto-y-reunion-del-consorcio\/\" \/>\n<meta property=\"og:locale\" content=\"fr_FR\" \/>\n<meta property=\"og:type\" content=\"article\" \/>\n<meta property=\"og:title\" content=\"REMAIN | Pr\u00e9sentation du Projet et R\u00e9union du Consortium - Interreg Sudoe\" \/>\n<meta property=\"og:description\" content=\"A l&rsquo;occasion du lancement du projet REMAIN, la deuxi\u00e8me r\u00e9union transnationale du Consortium se tiendra \u00e0 Aveiro (Portugal) les 14 et 15 octobre 2024. Par la suite, un s\u00e9minaire sur le projet sera organis\u00e9 avec plusieurs entreprises portugaises. Cette r\u00e9union sera l&rsquo;occasion de pr\u00e9senter les objectifs et les progr\u00e8s de REMAIN, ainsi que de promouvoir [&hellip;]\" \/>\n<meta property=\"og:url\" content=\"https:\/\/interreg-sudoe.eu\/fr\/evento-proyecto\/presentacion-del-proyecto-y-reunion-del-consorcio\/\" \/>\n<meta property=\"og:site_name\" content=\"Interreg Sudoe\" \/>\n<meta property=\"article:publisher\" content=\"https:\/\/www.facebook.com\/interregsudoe\" \/>\n<meta property=\"article:modified_time\" content=\"2026-02-13T11:15:08+00:00\" \/>\n<meta property=\"og:image\" content=\"https:\/\/interreg-sudoe.eu\/wp-content\/uploads\/2024\/09\/imagenpantallazoREMAIN.jpg\" \/>\n\t<meta property=\"og:image:width\" content=\"1920\" \/>\n\t<meta property=\"og:image:height\" content=\"857\" \/>\n\t<meta property=\"og:image:type\" content=\"image\/jpeg\" \/>\n<meta name=\"twitter:card\" content=\"summary_large_image\" \/>\n<meta name=\"twitter:site\" content=\"@Sudoe5\" \/>\n<script type=\"application\/ld+json\" class=\"yoast-schema-graph\">{\"@context\":\"https:\/\/schema.org\",\"@graph\":[{\"@type\":\"WebPage\",\"@id\":\"https:\/\/interreg-sudoe.eu\/fr\/evento-proyecto\/presentacion-del-proyecto-y-reunion-del-consorcio\/\",\"url\":\"https:\/\/interreg-sudoe.eu\/fr\/evento-proyecto\/presentacion-del-proyecto-y-reunion-del-consorcio\/\",\"name\":\"REMAIN | Pr\u00e9sentation du Projet et R\u00e9union du Consortium - Interreg Sudoe\",\"isPartOf\":{\"@id\":\"https:\/\/interreg-sudoe.eu\/fr\/#website\"},\"primaryImageOfPage\":{\"@id\":\"https:\/\/interreg-sudoe.eu\/fr\/evento-proyecto\/presentacion-del-proyecto-y-reunion-del-consorcio\/#primaryimage\"},\"image\":{\"@id\":\"https:\/\/interreg-sudoe.eu\/fr\/evento-proyecto\/presentacion-del-proyecto-y-reunion-del-consorcio\/#primaryimage\"},\"thumbnailUrl\":\"https:\/\/interreg-sudoe.eu\/wp-content\/uploads\/2024\/09\/imagenpantallazoREMAIN-300x134.jpg\",\"datePublished\":\"2024-09-19T14:52:50+00:00\",\"dateModified\":\"2026-02-13T11:15:08+00:00\",\"breadcrumb\":{\"@id\":\"https:\/\/interreg-sudoe.eu\/fr\/evento-proyecto\/presentacion-del-proyecto-y-reunion-del-consorcio\/#breadcrumb\"},\"inLanguage\":\"fr-FR\",\"potentialAction\":[{\"@type\":\"ReadAction\",\"target\":[\"https:\/\/interreg-sudoe.eu\/fr\/evento-proyecto\/presentacion-del-proyecto-y-reunion-del-consorcio\/\"]}]},{\"@type\":\"ImageObject\",\"inLanguage\":\"fr-FR\",\"@id\":\"https:\/\/interreg-sudoe.eu\/fr\/evento-proyecto\/presentacion-del-proyecto-y-reunion-del-consorcio\/#primaryimage\",\"url\":\"https:\/\/interreg-sudoe.eu\/wp-content\/uploads\/2024\/09\/imagenpantallazoREMAIN-300x134.jpg\",\"contentUrl\":\"https:\/\/interreg-sudoe.eu\/wp-content\/uploads\/2024\/09\/imagenpantallazoREMAIN-300x134.jpg\"},{\"@type\":\"BreadcrumbList\",\"@id\":\"https:\/\/interreg-sudoe.eu\/fr\/evento-proyecto\/presentacion-del-proyecto-y-reunion-del-consorcio\/#breadcrumb\",\"itemListElement\":[{\"@type\":\"ListItem\",\"position\":1,\"name\":\"Home\",\"item\":\"https:\/\/interreg-sudoe.eu\/fr\/\"},{\"@type\":\"ListItem\",\"position\":2,\"name\":\"REMAIN | Pr\u00e9sentation du Projet et R\u00e9union du Consortium\"}]},{\"@type\":\"WebSite\",\"@id\":\"https:\/\/interreg-sudoe.eu\/fr\/#website\",\"url\":\"https:\/\/interreg-sudoe.eu\/fr\/\",\"name\":\"Interreg Sudoe\",\"description\":\"Interreg Sudoe\",\"publisher\":{\"@id\":\"https:\/\/interreg-sudoe.eu\/fr\/#organization\"},\"alternateName\":\"Interreg Sudoe\",\"potentialAction\":[{\"@type\":\"SearchAction\",\"target\":{\"@type\":\"EntryPoint\",\"urlTemplate\":\"https:\/\/interreg-sudoe.eu\/fr\/?s={search_term_string}\"},\"query-input\":{\"@type\":\"PropertyValueSpecification\",\"valueRequired\":true,\"valueName\":\"search_term_string\"}}],\"inLanguage\":\"fr-FR\"},{\"@type\":\"Organization\",\"@id\":\"https:\/\/interreg-sudoe.eu\/fr\/#organization\",\"name\":\"Interreg Sudoe\",\"alternateName\":\"Interreg Sudoe\",\"url\":\"https:\/\/interreg-sudoe.eu\/fr\/\",\"logo\":{\"@type\":\"ImageObject\",\"inLanguage\":\"fr-FR\",\"@id\":\"https:\/\/interreg-sudoe.eu\/fr\/#\/schema\/logo\/image\/\",\"url\":\"https:\/\/interreg-sudoe.eu\/wp-content\/uploads\/2024\/03\/logo-interreg.png\",\"contentUrl\":\"https:\/\/interreg-sudoe.eu\/wp-content\/uploads\/2024\/03\/logo-interreg.png\",\"width\":1200,\"height\":675,\"caption\":\"Interreg Sudoe\"},\"image\":{\"@id\":\"https:\/\/interreg-sudoe.eu\/fr\/#\/schema\/logo\/image\/\"},\"sameAs\":[\"https:\/\/www.facebook.com\/interregsudoe\",\"https:\/\/x.com\/Sudoe5\",\"https:\/\/www.youtube.com\/channel\/UCeGx2edoB32beRc9dbKA2vw\",\"https:\/\/www.linkedin.com\/company\/interreg-sudoe-programme\/\",\"https:\/\/www.flickr.com\/photos\/148704685@N06\/\"]}]}<\/script>\n<!-- \/ Yoast SEO plugin. -->","yoast_head_json":{"title":"REMAIN | Pr\u00e9sentation du Projet et R\u00e9union du Consortium - Interreg Sudoe","robots":{"index":"index","follow":"follow","max-snippet":"max-snippet:-1","max-image-preview":"max-image-preview:large","max-video-preview":"max-video-preview:-1"},"canonical":"https:\/\/interreg-sudoe.eu\/fr\/evento-proyecto\/presentacion-del-proyecto-y-reunion-del-consorcio\/","og_locale":"fr_FR","og_type":"article","og_title":"REMAIN | Pr\u00e9sentation du Projet et R\u00e9union du Consortium - Interreg Sudoe","og_description":"A l&rsquo;occasion du lancement du projet REMAIN, la deuxi\u00e8me r\u00e9union transnationale du Consortium se tiendra \u00e0 Aveiro (Portugal) les 14 et 15 octobre 2024. Par la suite, un s\u00e9minaire sur le projet sera organis\u00e9 avec plusieurs entreprises portugaises. Cette r\u00e9union sera l&rsquo;occasion de pr\u00e9senter les objectifs et les progr\u00e8s de REMAIN, ainsi que de promouvoir [&hellip;]","og_url":"https:\/\/interreg-sudoe.eu\/fr\/evento-proyecto\/presentacion-del-proyecto-y-reunion-del-consorcio\/","og_site_name":"Interreg Sudoe","article_publisher":"https:\/\/www.facebook.com\/interregsudoe","article_modified_time":"2026-02-13T11:15:08+00:00","og_image":[{"width":1920,"height":857,"url":"https:\/\/interreg-sudoe.eu\/wp-content\/uploads\/2024\/09\/imagenpantallazoREMAIN.jpg","type":"image\/jpeg"}],"twitter_card":"summary_large_image","twitter_site":"@Sudoe5","schema":{"@context":"https:\/\/schema.org","@graph":[{"@type":"WebPage","@id":"https:\/\/interreg-sudoe.eu\/fr\/evento-proyecto\/presentacion-del-proyecto-y-reunion-del-consorcio\/","url":"https:\/\/interreg-sudoe.eu\/fr\/evento-proyecto\/presentacion-del-proyecto-y-reunion-del-consorcio\/","name":"REMAIN | Pr\u00e9sentation du Projet et R\u00e9union du Consortium - Interreg Sudoe","isPartOf":{"@id":"https:\/\/interreg-sudoe.eu\/fr\/#website"},"primaryImageOfPage":{"@id":"https:\/\/interreg-sudoe.eu\/fr\/evento-proyecto\/presentacion-del-proyecto-y-reunion-del-consorcio\/#primaryimage"},"image":{"@id":"https:\/\/interreg-sudoe.eu\/fr\/evento-proyecto\/presentacion-del-proyecto-y-reunion-del-consorcio\/#primaryimage"},"thumbnailUrl":"https:\/\/interreg-sudoe.eu\/wp-content\/uploads\/2024\/09\/imagenpantallazoREMAIN-300x134.jpg","datePublished":"2024-09-19T14:52:50+00:00","dateModified":"2026-02-13T11:15:08+00:00","breadcrumb":{"@id":"https:\/\/interreg-sudoe.eu\/fr\/evento-proyecto\/presentacion-del-proyecto-y-reunion-del-consorcio\/#breadcrumb"},"inLanguage":"fr-FR","potentialAction":[{"@type":"ReadAction","target":["https:\/\/interreg-sudoe.eu\/fr\/evento-proyecto\/presentacion-del-proyecto-y-reunion-del-consorcio\/"]}]},{"@type":"ImageObject","inLanguage":"fr-FR","@id":"https:\/\/interreg-sudoe.eu\/fr\/evento-proyecto\/presentacion-del-proyecto-y-reunion-del-consorcio\/#primaryimage","url":"https:\/\/interreg-sudoe.eu\/wp-content\/uploads\/2024\/09\/imagenpantallazoREMAIN-300x134.jpg","contentUrl":"https:\/\/interreg-sudoe.eu\/wp-content\/uploads\/2024\/09\/imagenpantallazoREMAIN-300x134.jpg"},{"@type":"BreadcrumbList","@id":"https:\/\/interreg-sudoe.eu\/fr\/evento-proyecto\/presentacion-del-proyecto-y-reunion-del-consorcio\/#breadcrumb","itemListElement":[{"@type":"ListItem","position":1,"name":"Home","item":"https:\/\/interreg-sudoe.eu\/fr\/"},{"@type":"ListItem","position":2,"name":"REMAIN | Pr\u00e9sentation du Projet et R\u00e9union du Consortium"}]},{"@type":"WebSite","@id":"https:\/\/interreg-sudoe.eu\/fr\/#website","url":"https:\/\/interreg-sudoe.eu\/fr\/","name":"Interreg Sudoe","description":"Interreg Sudoe","publisher":{"@id":"https:\/\/interreg-sudoe.eu\/fr\/#organization"},"alternateName":"Interreg Sudoe","potentialAction":[{"@type":"SearchAction","target":{"@type":"EntryPoint","urlTemplate":"https:\/\/interreg-sudoe.eu\/fr\/?s={search_term_string}"},"query-input":{"@type":"PropertyValueSpecification","valueRequired":true,"valueName":"search_term_string"}}],"inLanguage":"fr-FR"},{"@type":"Organization","@id":"https:\/\/interreg-sudoe.eu\/fr\/#organization","name":"Interreg Sudoe","alternateName":"Interreg Sudoe","url":"https:\/\/interreg-sudoe.eu\/fr\/","logo":{"@type":"ImageObject","inLanguage":"fr-FR","@id":"https:\/\/interreg-sudoe.eu\/fr\/#\/schema\/logo\/image\/","url":"https:\/\/interreg-sudoe.eu\/wp-content\/uploads\/2024\/03\/logo-interreg.png","contentUrl":"https:\/\/interreg-sudoe.eu\/wp-content\/uploads\/2024\/03\/logo-interreg.png","width":1200,"height":675,"caption":"Interreg Sudoe"},"image":{"@id":"https:\/\/interreg-sudoe.eu\/fr\/#\/schema\/logo\/image\/"},"sameAs":["https:\/\/www.facebook.com\/interregsudoe","https:\/\/x.com\/Sudoe5","https:\/\/www.youtube.com\/channel\/UCeGx2edoB32beRc9dbKA2vw","https:\/\/www.linkedin.com\/company\/interreg-sudoe-programme\/","https:\/\/www.flickr.com\/photos\/148704685@N06\/"]}]}},"_links":{"self":[{"href":"https:\/\/interreg-sudoe.eu\/fr\/wp-json\/wp\/v2\/evento-proyecto\/40267","targetHints":{"allow":["GET"]}}],"collection":[{"href":"https:\/\/interreg-sudoe.eu\/fr\/wp-json\/wp\/v2\/evento-proyecto"}],"about":[{"href":"https:\/\/interreg-sudoe.eu\/fr\/wp-json\/wp\/v2\/types\/evento-proyecto"}],"author":[{"embeddable":true,"href":"https:\/\/interreg-sudoe.eu\/fr\/wp-json\/wp\/v2\/users\/4903"}],"wp:attachment":[{"href":"https:\/\/interreg-sudoe.eu\/fr\/wp-json\/wp\/v2\/media?parent=40267"}],"curies":[{"name":"wp","href":"https:\/\/api.w.org\/{rel}","templated":true}]}}