{"id":41405,"date":"2024-10-29T13:03:32","date_gmt":"2024-10-29T12:03:32","guid":{"rendered":"https:\/\/interreg-sudoe.eu\/evento-proyecto\/1st-call-for-applications-join-our-online-info-day\/"},"modified":"2026-02-13T12:17:13","modified_gmt":"2026-02-13T11:17:13","slug":"1st-call-for-applications-join-our-online-info-day","status":"publish","type":"evento-proyecto","link":"https:\/\/interreg-sudoe.eu\/fr\/evento-proyecto\/1st-call-for-applications-join-our-online-info-day\/","title":{"rendered":"1er appel \u00e0 candidatures : participez \u00e0 notre Info Day"},"content":{"rendered":"<h2>Inscrivez-vous d\u00e8s maintenant \u00e0 notre session d\u2019information en ligne pour tout savoir sur le parcours du premier appel \u00e0 candidatures aupr\u00e8s de ses organisateurs nationaux.<\/h2>\n<h2>L\u2019\u00e9v\u00e9nement aura lieu le 13 novembre 2024 de 11 h \u00e0 12 h 30 CET !<\/h2>\n<p>Il s\u2019agit d\u2019un <strong><a href=\"https:\/\/interreg-sudoe.eu\/fr\/noticia-proyecto\/scaira-info-day-te-contamos-todo-sobre-la-primera-convocatoria\/\">communiqu\u00e9 de presse<\/a> <\/strong>sp\u00e9cialement destin\u00e9 aux entrepreneurs, innovateurs et porteurs de projet de\u00a0<strong>start-ups europ\u00e9ens<\/strong>\u00a0qui ont besoin d\u2019un soutien pour faire murir leur projet. Les<em>\u00a0startuppers<\/em>\u00a0\u00e0 la recherche de conseils d\u2019experts, d\u2019un soutien financier et d\u2019un mentorat pour d\u00e9velopper leur entreprise sont encourag\u00e9s \u00e0 s\u2019inscrire \u00e0 notre<a href=\"https:\/\/aerospace-valley.webex.com\/weblink\/register\/r6041653b05a253b383c7d877bf470953\"><strong>\u00a0session d\u2019information en ligne<\/strong><\/a>, au cours de laquelle\u00a0<strong>les partenaires fran\u00e7ais de SCAIRA<\/strong>\u00a0expliqueront en d\u00e9tail le parcours du\u00a0<strong><a href=\"https:\/\/interreg-sudoe.eu\/fr\/noticia-proyecto\/ya-esta-abierta-la-primera-open-call-del-programa-de-aceleracion-de-start-ups-scaira\/\">premier appel \u00e0 candidatures<\/a><\/strong>, qui est\u00a0<strong><a href=\"https:\/\/scaira.grantplatform.com\/\">d\u00e9j\u00e0 ouvert<\/a><\/strong>. L\u2019\u00e9v\u00e9nement aura lieu le\u00a0<strong>13 novembre 2024 de 11 h \u00e0 12 h 30 CET<\/strong>.<\/p>\n<p>Pour vous inscrire,<strong><a href=\"https:\/\/aerospace-valley.webex.com\/weblink\/register\/r6041653b05a253b383c7d877bf470953\">\u00a0cliquez ici<\/a><\/strong>. L\u2019innovation est entre vos mains, et nous sommes l\u00e0 pour vous aider \u00e0 aller plus loin !<\/p>\n<h3 class=\"wp-block-heading\">Suivez-nous !<\/h3>\n<p>\ud83d\udc49\u00a0<a href=\"https:\/\/twitter.com\/Interreg_SCAIRA\">@Interreg_SCAIRA<\/a><br \/>\n\ud83d\udc49\u00a0<a href=\"https:\/\/www.linkedin.com\/company\/scaira-interreg-sudoe\/\">SCAIRA \u2013 Interreg SUDOE<\/a><br \/>\n\ud83d\udc49\u00a0<a href=\"https:\/\/youtube.com\/@interreg_scaira?feature=shared\">SCAIRA-Interreg-SUDOE<\/a><\/p>\n","protected":false},"author":5002,"featured_media":41337,"template":"","meta":{"_acf_changed":false,"content-type":"","_monsterinsights_skip_tracking":false,"_monsterinsights_sitenote_active":false,"_monsterinsights_sitenote_note":"","_monsterinsights_sitenote_category":0},"class_list":["post-41405","evento-proyecto","type-evento-proyecto","status-publish","has-post-thumbnail","hentry"],"acf":[],"yoast_head":"<!-- This site is optimized with the Yoast SEO plugin v27.4 - https:\/\/yoast.com\/product\/yoast-seo-wordpress\/ -->\n<title>1er appel \u00e0 candidatures : participez \u00e0 notre Info Day - Interreg Sudoe<\/title>\n<meta name=\"robots\" content=\"index, follow, max-snippet:-1, max-image-preview:large, max-video-preview:-1\" \/>\n<link rel=\"canonical\" href=\"https:\/\/interreg-sudoe.eu\/fr\/evento-proyecto\/1st-call-for-applications-join-our-online-info-day\/\" \/>\n<meta property=\"og:locale\" content=\"fr_FR\" \/>\n<meta property=\"og:type\" content=\"article\" \/>\n<meta property=\"og:title\" content=\"1er appel \u00e0 candidatures : participez \u00e0 notre Info Day - Interreg Sudoe\" \/>\n<meta property=\"og:description\" content=\"Inscrivez-vous d\u00e8s maintenant \u00e0 notre session d\u2019information en ligne pour tout savoir sur le parcours du premier appel \u00e0 candidatures aupr\u00e8s de ses organisateurs nationaux. L\u2019\u00e9v\u00e9nement aura lieu le 13 novembre 2024 de 11 h \u00e0 12 h 30 CET ! Il s\u2019agit d\u2019un communiqu\u00e9 de presse sp\u00e9cialement destin\u00e9 aux entrepreneurs, innovateurs et porteurs de [&hellip;]\" \/>\n<meta property=\"og:url\" content=\"https:\/\/interreg-sudoe.eu\/fr\/evento-proyecto\/1st-call-for-applications-join-our-online-info-day\/\" \/>\n<meta property=\"og:site_name\" content=\"Interreg Sudoe\" \/>\n<meta property=\"article:publisher\" content=\"https:\/\/www.facebook.com\/interregsudoe\" \/>\n<meta property=\"article:modified_time\" content=\"2026-02-13T11:17:13+00:00\" \/>\n<meta property=\"og:image\" content=\"https:\/\/interreg-sudoe.eu\/wp-content\/uploads\/2024\/10\/Join_Our_Online_Info_Day_imagen-e1729856349302.png\" \/>\n\t<meta property=\"og:image:width\" content=\"900\" \/>\n\t<meta property=\"og:image:height\" content=\"445\" \/>\n\t<meta property=\"og:image:type\" content=\"image\/png\" \/>\n<meta name=\"twitter:card\" content=\"summary_large_image\" \/>\n<meta name=\"twitter:site\" content=\"@Sudoe5\" \/>\n<meta name=\"twitter:label1\" content=\"Dur\u00e9e de lecture estim\u00e9e\" \/>\n\t<meta name=\"twitter:data1\" content=\"1 minute\" \/>\n<script type=\"application\/ld+json\" class=\"yoast-schema-graph\">{\"@context\":\"https:\\\/\\\/schema.org\",\"@graph\":[{\"@type\":\"WebPage\",\"@id\":\"https:\\\/\\\/interreg-sudoe.eu\\\/fr\\\/evento-proyecto\\\/1st-call-for-applications-join-our-online-info-day\\\/\",\"url\":\"https:\\\/\\\/interreg-sudoe.eu\\\/fr\\\/evento-proyecto\\\/1st-call-for-applications-join-our-online-info-day\\\/\",\"name\":\"1er appel \u00e0 candidatures : participez \u00e0 notre Info Day - Interreg Sudoe\",\"isPartOf\":{\"@id\":\"https:\\\/\\\/interreg-sudoe.eu\\\/fr\\\/#website\"},\"primaryImageOfPage\":{\"@id\":\"https:\\\/\\\/interreg-sudoe.eu\\\/fr\\\/evento-proyecto\\\/1st-call-for-applications-join-our-online-info-day\\\/#primaryimage\"},\"image\":{\"@id\":\"https:\\\/\\\/interreg-sudoe.eu\\\/fr\\\/evento-proyecto\\\/1st-call-for-applications-join-our-online-info-day\\\/#primaryimage\"},\"thumbnailUrl\":\"https:\\\/\\\/interreg-sudoe.eu\\\/wp-content\\\/uploads\\\/2024\\\/10\\\/Join_Our_Online_Info_Day_imagen-e1729856349302.png\",\"datePublished\":\"2024-10-29T12:03:32+00:00\",\"dateModified\":\"2026-02-13T11:17:13+00:00\",\"breadcrumb\":{\"@id\":\"https:\\\/\\\/interreg-sudoe.eu\\\/fr\\\/evento-proyecto\\\/1st-call-for-applications-join-our-online-info-day\\\/#breadcrumb\"},\"inLanguage\":\"fr-FR\",\"potentialAction\":[{\"@type\":\"ReadAction\",\"target\":[\"https:\\\/\\\/interreg-sudoe.eu\\\/fr\\\/evento-proyecto\\\/1st-call-for-applications-join-our-online-info-day\\\/\"]}]},{\"@type\":\"ImageObject\",\"inLanguage\":\"fr-FR\",\"@id\":\"https:\\\/\\\/interreg-sudoe.eu\\\/fr\\\/evento-proyecto\\\/1st-call-for-applications-join-our-online-info-day\\\/#primaryimage\",\"url\":\"https:\\\/\\\/interreg-sudoe.eu\\\/wp-content\\\/uploads\\\/2024\\\/10\\\/Join_Our_Online_Info_Day_imagen-e1729856349302.png\",\"contentUrl\":\"https:\\\/\\\/interreg-sudoe.eu\\\/wp-content\\\/uploads\\\/2024\\\/10\\\/Join_Our_Online_Info_Day_imagen-e1729856349302.png\",\"width\":900,\"height\":445,\"caption\":\"Info Day\"},{\"@type\":\"BreadcrumbList\",\"@id\":\"https:\\\/\\\/interreg-sudoe.eu\\\/fr\\\/evento-proyecto\\\/1st-call-for-applications-join-our-online-info-day\\\/#breadcrumb\",\"itemListElement\":[{\"@type\":\"ListItem\",\"position\":1,\"name\":\"Home\",\"item\":\"https:\\\/\\\/interreg-sudoe.eu\\\/fr\\\/\"},{\"@type\":\"ListItem\",\"position\":2,\"name\":\"1er appel \u00e0 candidatures : participez \u00e0 notre Info Day\"}]},{\"@type\":\"WebSite\",\"@id\":\"https:\\\/\\\/interreg-sudoe.eu\\\/fr\\\/#website\",\"url\":\"https:\\\/\\\/interreg-sudoe.eu\\\/fr\\\/\",\"name\":\"Interreg Sudoe\",\"description\":\"Interreg Sudoe\",\"publisher\":{\"@id\":\"https:\\\/\\\/interreg-sudoe.eu\\\/fr\\\/#organization\"},\"alternateName\":\"Interreg Sudoe\",\"potentialAction\":[{\"@type\":\"SearchAction\",\"target\":{\"@type\":\"EntryPoint\",\"urlTemplate\":\"https:\\\/\\\/interreg-sudoe.eu\\\/fr\\\/?s={search_term_string}\"},\"query-input\":{\"@type\":\"PropertyValueSpecification\",\"valueRequired\":true,\"valueName\":\"search_term_string\"}}],\"inLanguage\":\"fr-FR\"},{\"@type\":\"Organization\",\"@id\":\"https:\\\/\\\/interreg-sudoe.eu\\\/fr\\\/#organization\",\"name\":\"Interreg Sudoe\",\"alternateName\":\"Interreg Sudoe\",\"url\":\"https:\\\/\\\/interreg-sudoe.eu\\\/fr\\\/\",\"logo\":{\"@type\":\"ImageObject\",\"inLanguage\":\"fr-FR\",\"@id\":\"https:\\\/\\\/interreg-sudoe.eu\\\/fr\\\/#\\\/schema\\\/logo\\\/image\\\/\",\"url\":\"https:\\\/\\\/interreg-sudoe.eu\\\/wp-content\\\/uploads\\\/2024\\\/03\\\/logo-interreg.png\",\"contentUrl\":\"https:\\\/\\\/interreg-sudoe.eu\\\/wp-content\\\/uploads\\\/2024\\\/03\\\/logo-interreg.png\",\"width\":1200,\"height\":675,\"caption\":\"Interreg Sudoe\"},\"image\":{\"@id\":\"https:\\\/\\\/interreg-sudoe.eu\\\/fr\\\/#\\\/schema\\\/logo\\\/image\\\/\"},\"sameAs\":[\"https:\\\/\\\/www.facebook.com\\\/interregsudoe\",\"https:\\\/\\\/x.com\\\/Sudoe5\",\"https:\\\/\\\/www.youtube.com\\\/channel\\\/UCeGx2edoB32beRc9dbKA2vw\",\"https:\\\/\\\/www.linkedin.com\\\/company\\\/interreg-sudoe-programme\\\/\",\"https:\\\/\\\/www.flickr.com\\\/photos\\\/148704685@N06\\\/\"]}]}<\/script>\n<!-- \/ Yoast SEO plugin. -->","yoast_head_json":{"title":"1er appel \u00e0 candidatures : participez \u00e0 notre Info Day - Interreg Sudoe","robots":{"index":"index","follow":"follow","max-snippet":"max-snippet:-1","max-image-preview":"max-image-preview:large","max-video-preview":"max-video-preview:-1"},"canonical":"https:\/\/interreg-sudoe.eu\/fr\/evento-proyecto\/1st-call-for-applications-join-our-online-info-day\/","og_locale":"fr_FR","og_type":"article","og_title":"1er appel \u00e0 candidatures : participez \u00e0 notre Info Day - Interreg Sudoe","og_description":"Inscrivez-vous d\u00e8s maintenant \u00e0 notre session d\u2019information en ligne pour tout savoir sur le parcours du premier appel \u00e0 candidatures aupr\u00e8s de ses organisateurs nationaux. L\u2019\u00e9v\u00e9nement aura lieu le 13 novembre 2024 de 11 h \u00e0 12 h 30 CET ! Il s\u2019agit d\u2019un communiqu\u00e9 de presse sp\u00e9cialement destin\u00e9 aux entrepreneurs, innovateurs et porteurs de [&hellip;]","og_url":"https:\/\/interreg-sudoe.eu\/fr\/evento-proyecto\/1st-call-for-applications-join-our-online-info-day\/","og_site_name":"Interreg Sudoe","article_publisher":"https:\/\/www.facebook.com\/interregsudoe","article_modified_time":"2026-02-13T11:17:13+00:00","og_image":[{"width":900,"height":445,"url":"https:\/\/interreg-sudoe.eu\/wp-content\/uploads\/2024\/10\/Join_Our_Online_Info_Day_imagen-e1729856349302.png","type":"image\/png"}],"twitter_card":"summary_large_image","twitter_site":"@Sudoe5","twitter_misc":{"Dur\u00e9e de lecture estim\u00e9e":"1 minute"},"schema":{"@context":"https:\/\/schema.org","@graph":[{"@type":"WebPage","@id":"https:\/\/interreg-sudoe.eu\/fr\/evento-proyecto\/1st-call-for-applications-join-our-online-info-day\/","url":"https:\/\/interreg-sudoe.eu\/fr\/evento-proyecto\/1st-call-for-applications-join-our-online-info-day\/","name":"1er appel \u00e0 candidatures : participez \u00e0 notre Info Day - Interreg Sudoe","isPartOf":{"@id":"https:\/\/interreg-sudoe.eu\/fr\/#website"},"primaryImageOfPage":{"@id":"https:\/\/interreg-sudoe.eu\/fr\/evento-proyecto\/1st-call-for-applications-join-our-online-info-day\/#primaryimage"},"image":{"@id":"https:\/\/interreg-sudoe.eu\/fr\/evento-proyecto\/1st-call-for-applications-join-our-online-info-day\/#primaryimage"},"thumbnailUrl":"https:\/\/interreg-sudoe.eu\/wp-content\/uploads\/2024\/10\/Join_Our_Online_Info_Day_imagen-e1729856349302.png","datePublished":"2024-10-29T12:03:32+00:00","dateModified":"2026-02-13T11:17:13+00:00","breadcrumb":{"@id":"https:\/\/interreg-sudoe.eu\/fr\/evento-proyecto\/1st-call-for-applications-join-our-online-info-day\/#breadcrumb"},"inLanguage":"fr-FR","potentialAction":[{"@type":"ReadAction","target":["https:\/\/interreg-sudoe.eu\/fr\/evento-proyecto\/1st-call-for-applications-join-our-online-info-day\/"]}]},{"@type":"ImageObject","inLanguage":"fr-FR","@id":"https:\/\/interreg-sudoe.eu\/fr\/evento-proyecto\/1st-call-for-applications-join-our-online-info-day\/#primaryimage","url":"https:\/\/interreg-sudoe.eu\/wp-content\/uploads\/2024\/10\/Join_Our_Online_Info_Day_imagen-e1729856349302.png","contentUrl":"https:\/\/interreg-sudoe.eu\/wp-content\/uploads\/2024\/10\/Join_Our_Online_Info_Day_imagen-e1729856349302.png","width":900,"height":445,"caption":"Info Day"},{"@type":"BreadcrumbList","@id":"https:\/\/interreg-sudoe.eu\/fr\/evento-proyecto\/1st-call-for-applications-join-our-online-info-day\/#breadcrumb","itemListElement":[{"@type":"ListItem","position":1,"name":"Home","item":"https:\/\/interreg-sudoe.eu\/fr\/"},{"@type":"ListItem","position":2,"name":"1er appel \u00e0 candidatures : participez \u00e0 notre Info Day"}]},{"@type":"WebSite","@id":"https:\/\/interreg-sudoe.eu\/fr\/#website","url":"https:\/\/interreg-sudoe.eu\/fr\/","name":"Interreg Sudoe","description":"Interreg Sudoe","publisher":{"@id":"https:\/\/interreg-sudoe.eu\/fr\/#organization"},"alternateName":"Interreg Sudoe","potentialAction":[{"@type":"SearchAction","target":{"@type":"EntryPoint","urlTemplate":"https:\/\/interreg-sudoe.eu\/fr\/?s={search_term_string}"},"query-input":{"@type":"PropertyValueSpecification","valueRequired":true,"valueName":"search_term_string"}}],"inLanguage":"fr-FR"},{"@type":"Organization","@id":"https:\/\/interreg-sudoe.eu\/fr\/#organization","name":"Interreg Sudoe","alternateName":"Interreg Sudoe","url":"https:\/\/interreg-sudoe.eu\/fr\/","logo":{"@type":"ImageObject","inLanguage":"fr-FR","@id":"https:\/\/interreg-sudoe.eu\/fr\/#\/schema\/logo\/image\/","url":"https:\/\/interreg-sudoe.eu\/wp-content\/uploads\/2024\/03\/logo-interreg.png","contentUrl":"https:\/\/interreg-sudoe.eu\/wp-content\/uploads\/2024\/03\/logo-interreg.png","width":1200,"height":675,"caption":"Interreg Sudoe"},"image":{"@id":"https:\/\/interreg-sudoe.eu\/fr\/#\/schema\/logo\/image\/"},"sameAs":["https:\/\/www.facebook.com\/interregsudoe","https:\/\/x.com\/Sudoe5","https:\/\/www.youtube.com\/channel\/UCeGx2edoB32beRc9dbKA2vw","https:\/\/www.linkedin.com\/company\/interreg-sudoe-programme\/","https:\/\/www.flickr.com\/photos\/148704685@N06\/"]}]}},"_links":{"self":[{"href":"https:\/\/interreg-sudoe.eu\/fr\/wp-json\/wp\/v2\/evento-proyecto\/41405","targetHints":{"allow":["GET"]}}],"collection":[{"href":"https:\/\/interreg-sudoe.eu\/fr\/wp-json\/wp\/v2\/evento-proyecto"}],"about":[{"href":"https:\/\/interreg-sudoe.eu\/fr\/wp-json\/wp\/v2\/types\/evento-proyecto"}],"author":[{"embeddable":true,"href":"https:\/\/interreg-sudoe.eu\/fr\/wp-json\/wp\/v2\/users\/5002"}],"wp:featuredmedia":[{"embeddable":true,"href":"https:\/\/interreg-sudoe.eu\/fr\/wp-json\/wp\/v2\/media\/41337"}],"wp:attachment":[{"href":"https:\/\/interreg-sudoe.eu\/fr\/wp-json\/wp\/v2\/media?parent=41405"}],"curies":[{"name":"wp","href":"https:\/\/api.w.org\/{rel}","templated":true}]}}