{"id":43578,"date":"2024-12-16T14:12:49","date_gmt":"2024-12-16T13:12:49","guid":{"rendered":"https:\/\/interreg-sudoe.eu\/evento-proyecto\/the-patient-pathway-in-palliative-care\/"},"modified":"2026-02-13T13:05:51","modified_gmt":"2026-02-13T12:05:51","slug":"the-patient-pathway-in-palliative-care","status":"publish","type":"evento-proyecto","link":"https:\/\/interreg-sudoe.eu\/fr\/evento-proyecto\/the-patient-pathway-in-palliative-care\/","title":{"rendered":"THE PATIENT PATHWAY IN PALLIATIVE CARE (28 janvier 2025, Limoges)"},"content":{"rendered":"<p>Le G\u00e9rontop\u00f4le Nouvelle-Aquitaine et le CHU de Bordeaux organisent une journ\u00e9e pour explorer le parcours des patients en soins palliatifs, en mettant en avant les innovations num\u00e9riques d\u00e9velopp\u00e9es en France, en Espagne et au Portugal.<\/p>\n<p>Cet \u00e9v\u00e9nement, dans le cadre du projet europ\u00e9en HENKO NET, s\u2019adresse aux professionnels de sant\u00e9, b\u00e9n\u00e9voles et aidants. L\u2019objectif est d\u2019explorer le parcours du patient \u00e0 travers les pratiques et d\u00e9fis rencontr\u00e9s en Nouvelle-Aquitaine, au Portugal et en Espagne. Cette journ\u00e9e permettra de d\u00e9couvrir des outils num\u00e9riques innovants pour am\u00e9liorer la coordination des soins, anticiper les besoins et faciliter le suivi \u00e0 domicile, en particulier en milieu rural. Elle sera aussi un moment d\u2019\u00e9changes et de partage d\u2019exp\u00e9riences.<\/p>\n<p>La matin\u00e9e analysera le parcours du patient avec des t\u00e9moignages des trois pays. L\u2019apr\u00e8s-midi sera d\u00e9di\u00e9e aux outils num\u00e9riques, \u00e0 leur potentiel et \u00e0 leur int\u00e9gration dans les pratiques professionnelles.<\/p>\n<p>&nbsp;<\/p>\n<p><em>\ud83d\udc49<\/em><em> Plus d\u2019informations et inscription :<\/em><\/p>\n<p><em>France :\u00a0<\/em><a href=\"https:\/\/www.eventbrite.fr\/e\/the-patient-journey-in-palliative-care-tickets-1097626393089?aff=oddtdtcreator\">https:\/\/www.eventbrite.fr\/e\/the-patient-journey-in-palliative-care-tickets-1097626393089?aff=oddtdtcreator<\/a><\/p>\n<p><em>Espagne et Portugal :\u00a0<a href=\"https:\/\/www.eventbrite.fr\/e\/1097626393089?aff=oddtdtcreator\">https:\/\/www.eventbrite.fr\/e\/1097626393089?aff=oddtdtcreator<\/a><\/em><\/p>\n<p>&nbsp;<\/p>\n","protected":false},"author":4922,"featured_media":43575,"template":"","meta":{"_acf_changed":false,"content-type":"","_monsterinsights_skip_tracking":false,"_monsterinsights_sitenote_active":false,"_monsterinsights_sitenote_note":"","_monsterinsights_sitenote_category":0},"class_list":["post-43578","evento-proyecto","type-evento-proyecto","status-publish","has-post-thumbnail","hentry"],"acf":[],"yoast_head":"<!-- This site is optimized with the Yoast SEO plugin v27.4 - https:\/\/yoast.com\/product\/yoast-seo-wordpress\/ -->\n<title>THE PATIENT PATHWAY IN PALLIATIVE CARE (28 janvier 2025, Limoges) - Interreg Sudoe<\/title>\n<meta name=\"robots\" content=\"index, follow, max-snippet:-1, max-image-preview:large, max-video-preview:-1\" \/>\n<link rel=\"canonical\" href=\"https:\/\/interreg-sudoe.eu\/fr\/evento-proyecto\/the-patient-pathway-in-palliative-care\/\" \/>\n<meta property=\"og:locale\" content=\"fr_FR\" \/>\n<meta property=\"og:type\" content=\"article\" \/>\n<meta property=\"og:title\" content=\"THE PATIENT PATHWAY IN PALLIATIVE CARE (28 janvier 2025, Limoges) - Interreg Sudoe\" \/>\n<meta property=\"og:description\" content=\"Le G\u00e9rontop\u00f4le Nouvelle-Aquitaine et le CHU de Bordeaux organisent une journ\u00e9e pour explorer le parcours des patients en soins palliatifs, en mettant en avant les innovations num\u00e9riques d\u00e9velopp\u00e9es en France, en Espagne et au Portugal. Cet \u00e9v\u00e9nement, dans le cadre du projet europ\u00e9en HENKO NET, s\u2019adresse aux professionnels de sant\u00e9, b\u00e9n\u00e9voles et aidants. L\u2019objectif est [&hellip;]\" \/>\n<meta property=\"og:url\" content=\"https:\/\/interreg-sudoe.eu\/fr\/evento-proyecto\/the-patient-pathway-in-palliative-care\/\" \/>\n<meta property=\"og:site_name\" content=\"Interreg Sudoe\" \/>\n<meta property=\"article:publisher\" content=\"https:\/\/www.facebook.com\/interregsudoe\" \/>\n<meta property=\"article:modified_time\" content=\"2026-02-13T12:05:51+00:00\" \/>\n<meta property=\"og:image\" content=\"https:\/\/interreg-sudoe.eu\/wp-content\/uploads\/2024\/12\/Limogne.png\" \/>\n\t<meta property=\"og:image:width\" content=\"559\" \/>\n\t<meta property=\"og:image:height\" content=\"277\" \/>\n\t<meta property=\"og:image:type\" content=\"image\/png\" \/>\n<meta name=\"twitter:card\" content=\"summary_large_image\" \/>\n<meta name=\"twitter:site\" content=\"@Sudoe5\" \/>\n<meta name=\"twitter:label1\" content=\"Dur\u00e9e de lecture estim\u00e9e\" \/>\n\t<meta name=\"twitter:data1\" content=\"1 minute\" \/>\n<script type=\"application\/ld+json\" class=\"yoast-schema-graph\">{\"@context\":\"https:\\\/\\\/schema.org\",\"@graph\":[{\"@type\":\"WebPage\",\"@id\":\"https:\\\/\\\/interreg-sudoe.eu\\\/fr\\\/evento-proyecto\\\/the-patient-pathway-in-palliative-care\\\/\",\"url\":\"https:\\\/\\\/interreg-sudoe.eu\\\/fr\\\/evento-proyecto\\\/the-patient-pathway-in-palliative-care\\\/\",\"name\":\"THE PATIENT PATHWAY IN PALLIATIVE CARE (28 janvier 2025, Limoges) - Interreg Sudoe\",\"isPartOf\":{\"@id\":\"https:\\\/\\\/interreg-sudoe.eu\\\/fr\\\/#website\"},\"primaryImageOfPage\":{\"@id\":\"https:\\\/\\\/interreg-sudoe.eu\\\/fr\\\/evento-proyecto\\\/the-patient-pathway-in-palliative-care\\\/#primaryimage\"},\"image\":{\"@id\":\"https:\\\/\\\/interreg-sudoe.eu\\\/fr\\\/evento-proyecto\\\/the-patient-pathway-in-palliative-care\\\/#primaryimage\"},\"thumbnailUrl\":\"https:\\\/\\\/interreg-sudoe.eu\\\/wp-content\\\/uploads\\\/2024\\\/12\\\/Limogne.png\",\"datePublished\":\"2024-12-16T13:12:49+00:00\",\"dateModified\":\"2026-02-13T12:05:51+00:00\",\"breadcrumb\":{\"@id\":\"https:\\\/\\\/interreg-sudoe.eu\\\/fr\\\/evento-proyecto\\\/the-patient-pathway-in-palliative-care\\\/#breadcrumb\"},\"inLanguage\":\"fr-FR\",\"potentialAction\":[{\"@type\":\"ReadAction\",\"target\":[\"https:\\\/\\\/interreg-sudoe.eu\\\/fr\\\/evento-proyecto\\\/the-patient-pathway-in-palliative-care\\\/\"]}]},{\"@type\":\"ImageObject\",\"inLanguage\":\"fr-FR\",\"@id\":\"https:\\\/\\\/interreg-sudoe.eu\\\/fr\\\/evento-proyecto\\\/the-patient-pathway-in-palliative-care\\\/#primaryimage\",\"url\":\"https:\\\/\\\/interreg-sudoe.eu\\\/wp-content\\\/uploads\\\/2024\\\/12\\\/Limogne.png\",\"contentUrl\":\"https:\\\/\\\/interreg-sudoe.eu\\\/wp-content\\\/uploads\\\/2024\\\/12\\\/Limogne.png\",\"width\":559,\"height\":277},{\"@type\":\"BreadcrumbList\",\"@id\":\"https:\\\/\\\/interreg-sudoe.eu\\\/fr\\\/evento-proyecto\\\/the-patient-pathway-in-palliative-care\\\/#breadcrumb\",\"itemListElement\":[{\"@type\":\"ListItem\",\"position\":1,\"name\":\"Home\",\"item\":\"https:\\\/\\\/interreg-sudoe.eu\\\/fr\\\/\"},{\"@type\":\"ListItem\",\"position\":2,\"name\":\"THE PATIENT PATHWAY IN PALLIATIVE CARE (28 janvier 2025, Limoges)\"}]},{\"@type\":\"WebSite\",\"@id\":\"https:\\\/\\\/interreg-sudoe.eu\\\/fr\\\/#website\",\"url\":\"https:\\\/\\\/interreg-sudoe.eu\\\/fr\\\/\",\"name\":\"Interreg Sudoe\",\"description\":\"Interreg Sudoe\",\"publisher\":{\"@id\":\"https:\\\/\\\/interreg-sudoe.eu\\\/fr\\\/#organization\"},\"alternateName\":\"Interreg Sudoe\",\"potentialAction\":[{\"@type\":\"SearchAction\",\"target\":{\"@type\":\"EntryPoint\",\"urlTemplate\":\"https:\\\/\\\/interreg-sudoe.eu\\\/fr\\\/?s={search_term_string}\"},\"query-input\":{\"@type\":\"PropertyValueSpecification\",\"valueRequired\":true,\"valueName\":\"search_term_string\"}}],\"inLanguage\":\"fr-FR\"},{\"@type\":\"Organization\",\"@id\":\"https:\\\/\\\/interreg-sudoe.eu\\\/fr\\\/#organization\",\"name\":\"Interreg Sudoe\",\"alternateName\":\"Interreg Sudoe\",\"url\":\"https:\\\/\\\/interreg-sudoe.eu\\\/fr\\\/\",\"logo\":{\"@type\":\"ImageObject\",\"inLanguage\":\"fr-FR\",\"@id\":\"https:\\\/\\\/interreg-sudoe.eu\\\/fr\\\/#\\\/schema\\\/logo\\\/image\\\/\",\"url\":\"https:\\\/\\\/interreg-sudoe.eu\\\/wp-content\\\/uploads\\\/2024\\\/03\\\/logo-interreg.png\",\"contentUrl\":\"https:\\\/\\\/interreg-sudoe.eu\\\/wp-content\\\/uploads\\\/2024\\\/03\\\/logo-interreg.png\",\"width\":1200,\"height\":675,\"caption\":\"Interreg Sudoe\"},\"image\":{\"@id\":\"https:\\\/\\\/interreg-sudoe.eu\\\/fr\\\/#\\\/schema\\\/logo\\\/image\\\/\"},\"sameAs\":[\"https:\\\/\\\/www.facebook.com\\\/interregsudoe\",\"https:\\\/\\\/x.com\\\/Sudoe5\",\"https:\\\/\\\/www.youtube.com\\\/channel\\\/UCeGx2edoB32beRc9dbKA2vw\",\"https:\\\/\\\/www.linkedin.com\\\/company\\\/interreg-sudoe-programme\\\/\",\"https:\\\/\\\/www.flickr.com\\\/photos\\\/148704685@N06\\\/\"]}]}<\/script>\n<!-- \/ Yoast SEO plugin. -->","yoast_head_json":{"title":"THE PATIENT PATHWAY IN PALLIATIVE CARE (28 janvier 2025, Limoges) - Interreg Sudoe","robots":{"index":"index","follow":"follow","max-snippet":"max-snippet:-1","max-image-preview":"max-image-preview:large","max-video-preview":"max-video-preview:-1"},"canonical":"https:\/\/interreg-sudoe.eu\/fr\/evento-proyecto\/the-patient-pathway-in-palliative-care\/","og_locale":"fr_FR","og_type":"article","og_title":"THE PATIENT PATHWAY IN PALLIATIVE CARE (28 janvier 2025, Limoges) - Interreg Sudoe","og_description":"Le G\u00e9rontop\u00f4le Nouvelle-Aquitaine et le CHU de Bordeaux organisent une journ\u00e9e pour explorer le parcours des patients en soins palliatifs, en mettant en avant les innovations num\u00e9riques d\u00e9velopp\u00e9es en France, en Espagne et au Portugal. Cet \u00e9v\u00e9nement, dans le cadre du projet europ\u00e9en HENKO NET, s\u2019adresse aux professionnels de sant\u00e9, b\u00e9n\u00e9voles et aidants. L\u2019objectif est [&hellip;]","og_url":"https:\/\/interreg-sudoe.eu\/fr\/evento-proyecto\/the-patient-pathway-in-palliative-care\/","og_site_name":"Interreg Sudoe","article_publisher":"https:\/\/www.facebook.com\/interregsudoe","article_modified_time":"2026-02-13T12:05:51+00:00","og_image":[{"width":559,"height":277,"url":"https:\/\/interreg-sudoe.eu\/wp-content\/uploads\/2024\/12\/Limogne.png","type":"image\/png"}],"twitter_card":"summary_large_image","twitter_site":"@Sudoe5","twitter_misc":{"Dur\u00e9e de lecture estim\u00e9e":"1 minute"},"schema":{"@context":"https:\/\/schema.org","@graph":[{"@type":"WebPage","@id":"https:\/\/interreg-sudoe.eu\/fr\/evento-proyecto\/the-patient-pathway-in-palliative-care\/","url":"https:\/\/interreg-sudoe.eu\/fr\/evento-proyecto\/the-patient-pathway-in-palliative-care\/","name":"THE PATIENT PATHWAY IN PALLIATIVE CARE (28 janvier 2025, Limoges) - Interreg Sudoe","isPartOf":{"@id":"https:\/\/interreg-sudoe.eu\/fr\/#website"},"primaryImageOfPage":{"@id":"https:\/\/interreg-sudoe.eu\/fr\/evento-proyecto\/the-patient-pathway-in-palliative-care\/#primaryimage"},"image":{"@id":"https:\/\/interreg-sudoe.eu\/fr\/evento-proyecto\/the-patient-pathway-in-palliative-care\/#primaryimage"},"thumbnailUrl":"https:\/\/interreg-sudoe.eu\/wp-content\/uploads\/2024\/12\/Limogne.png","datePublished":"2024-12-16T13:12:49+00:00","dateModified":"2026-02-13T12:05:51+00:00","breadcrumb":{"@id":"https:\/\/interreg-sudoe.eu\/fr\/evento-proyecto\/the-patient-pathway-in-palliative-care\/#breadcrumb"},"inLanguage":"fr-FR","potentialAction":[{"@type":"ReadAction","target":["https:\/\/interreg-sudoe.eu\/fr\/evento-proyecto\/the-patient-pathway-in-palliative-care\/"]}]},{"@type":"ImageObject","inLanguage":"fr-FR","@id":"https:\/\/interreg-sudoe.eu\/fr\/evento-proyecto\/the-patient-pathway-in-palliative-care\/#primaryimage","url":"https:\/\/interreg-sudoe.eu\/wp-content\/uploads\/2024\/12\/Limogne.png","contentUrl":"https:\/\/interreg-sudoe.eu\/wp-content\/uploads\/2024\/12\/Limogne.png","width":559,"height":277},{"@type":"BreadcrumbList","@id":"https:\/\/interreg-sudoe.eu\/fr\/evento-proyecto\/the-patient-pathway-in-palliative-care\/#breadcrumb","itemListElement":[{"@type":"ListItem","position":1,"name":"Home","item":"https:\/\/interreg-sudoe.eu\/fr\/"},{"@type":"ListItem","position":2,"name":"THE PATIENT PATHWAY IN PALLIATIVE CARE (28 janvier 2025, Limoges)"}]},{"@type":"WebSite","@id":"https:\/\/interreg-sudoe.eu\/fr\/#website","url":"https:\/\/interreg-sudoe.eu\/fr\/","name":"Interreg Sudoe","description":"Interreg Sudoe","publisher":{"@id":"https:\/\/interreg-sudoe.eu\/fr\/#organization"},"alternateName":"Interreg Sudoe","potentialAction":[{"@type":"SearchAction","target":{"@type":"EntryPoint","urlTemplate":"https:\/\/interreg-sudoe.eu\/fr\/?s={search_term_string}"},"query-input":{"@type":"PropertyValueSpecification","valueRequired":true,"valueName":"search_term_string"}}],"inLanguage":"fr-FR"},{"@type":"Organization","@id":"https:\/\/interreg-sudoe.eu\/fr\/#organization","name":"Interreg Sudoe","alternateName":"Interreg Sudoe","url":"https:\/\/interreg-sudoe.eu\/fr\/","logo":{"@type":"ImageObject","inLanguage":"fr-FR","@id":"https:\/\/interreg-sudoe.eu\/fr\/#\/schema\/logo\/image\/","url":"https:\/\/interreg-sudoe.eu\/wp-content\/uploads\/2024\/03\/logo-interreg.png","contentUrl":"https:\/\/interreg-sudoe.eu\/wp-content\/uploads\/2024\/03\/logo-interreg.png","width":1200,"height":675,"caption":"Interreg Sudoe"},"image":{"@id":"https:\/\/interreg-sudoe.eu\/fr\/#\/schema\/logo\/image\/"},"sameAs":["https:\/\/www.facebook.com\/interregsudoe","https:\/\/x.com\/Sudoe5","https:\/\/www.youtube.com\/channel\/UCeGx2edoB32beRc9dbKA2vw","https:\/\/www.linkedin.com\/company\/interreg-sudoe-programme\/","https:\/\/www.flickr.com\/photos\/148704685@N06\/"]}]}},"_links":{"self":[{"href":"https:\/\/interreg-sudoe.eu\/fr\/wp-json\/wp\/v2\/evento-proyecto\/43578","targetHints":{"allow":["GET"]}}],"collection":[{"href":"https:\/\/interreg-sudoe.eu\/fr\/wp-json\/wp\/v2\/evento-proyecto"}],"about":[{"href":"https:\/\/interreg-sudoe.eu\/fr\/wp-json\/wp\/v2\/types\/evento-proyecto"}],"author":[{"embeddable":true,"href":"https:\/\/interreg-sudoe.eu\/fr\/wp-json\/wp\/v2\/users\/4922"}],"wp:featuredmedia":[{"embeddable":true,"href":"https:\/\/interreg-sudoe.eu\/fr\/wp-json\/wp\/v2\/media\/43575"}],"wp:attachment":[{"href":"https:\/\/interreg-sudoe.eu\/fr\/wp-json\/wp\/v2\/media?parent=43578"}],"curies":[{"name":"wp","href":"https:\/\/api.w.org\/{rel}","templated":true}]}}