{"id":56389,"date":"2025-12-01T14:21:28","date_gmt":"2025-12-01T13:21:28","guid":{"rendered":"https:\/\/interreg-sudoe.eu\/evento-proyecto\/segundo-workshop-tupart-en-macao-11-y-12-de-diciembre-diseno-del-plan-de-accion-26-28\/"},"modified":"2026-02-13T12:13:12","modified_gmt":"2026-02-13T11:13:12","slug":"segundo-workshop-tupart-en-macao-11-y-12-de-diciembre-diseno-del-plan-de-accion-26-28","status":"publish","type":"evento-proyecto","link":"https:\/\/interreg-sudoe.eu\/fr\/evento-proyecto\/segundo-workshop-tupart-en-macao-11-y-12-de-diciembre-diseno-del-plan-de-accion-26-28\/","title":{"rendered":"Deuxi\u00e8me atelier TupART \u00e0 Ma\u00e7\u00e3o\u00a0: 11-12 d\u00e9cembre\u00a0: \u00c9laboration du plan d\u2019action 2026-2028"},"content":{"rendered":"<div class=\"n4sEPd\">\n<div class=\"FFpbKc\">\n<div class=\"xMmqsf\"><span class=\"jCAhz ChMk0b\"><span class=\"ryNqvb\">Le projet europ\u00e9en TupART \u2013 Territoires unis par l\u2019art ancien, cofinanc\u00e9 par le programme Interreg Sudoe, tiendra son deuxi\u00e8me atelier les 11 et 12 d\u00e9cembre 2025 \u00e0 l\u2019auditorium Elvino Pereira de Ma\u00e7\u00e3o, au Portugal.<\/span><\/span> <span class=\"jCAhz ChMk0b\"><span class=\"ryNqvb\">Intitul\u00e9 \u00ab\u00a0\u00c9laboration du plan d\u2019action 2026-2028\u00a0\u00bb, cet atelier r\u00e9unira des partenaires institutionnels d\u2019Espagne, de France et du Portugal afin de d\u00e9finir les futures strat\u00e9gies de coop\u00e9ration li\u00e9es \u00e0 l\u2019art rupestre et au d\u00e9veloppement rural.<\/span><\/span><span class=\"jCAhz ChMk0b\"><span class=\"ryNqvb\"> Cet \u00e9v\u00e9nement co\u00efncide avec l\u2019Assembl\u00e9e g\u00e9n\u00e9rale de l\u2019Association internationale des sentiers d\u2019art rupestre pr\u00e9historique, partenaire du projet TupART.<\/span><\/span> <span class=\"jCAhz ChMk0b\"><span class=\"ryNqvb\">Cette association g\u00e8re l\u2019Itin\u00e9raire culturel du Conseil de l\u2019Europe, le plus vaste r\u00e9seau europ\u00e9en de destinations culturelles et touristiques d\u00e9di\u00e9 \u00e0 la promotion de l\u2019art rupestre europ\u00e9en aupr\u00e8s du grand public.<\/span><\/span> <span class=\"jCAhz ChMk0b\"><span class=\"ryNqvb\">Le r\u00e9seau comprend actuellement dix pays et plus de 165 destinations, gr\u00e2ce \u00e0 une alliance solide entre les institutions charg\u00e9es de la gestion technique et administrative des sites d&rsquo;art rupestre.<\/span><\/span> <span class=\"jCAhz ChMk0b\"><span class=\"ryNqvb\">Cette collaboration s&rsquo;est particuli\u00e8rement renforc\u00e9e depuis sa d\u00e9signation comme Route culturelle europ\u00e9enne en 2010.<\/span><\/span><\/div>\n<div><\/div>\n<div class=\"xMmqsf\"><a href=\"https:\/\/interreg-sudoe.eu\/wp-content\/uploads\/2025\/11\/Programa-Macao-PT_ESP_FR_ENG.pdf\" target=\"_blank\" rel=\"noopener\"><span class=\"jCAhz ChMk0b\"><span class=\"ryNqvb\">PROGRAMME PROVISOIRE MA\u00c7AO<\/span><\/span><\/a><\/div>\n<\/div>\n<\/div>\n<div class=\"QcsUad BDJ8fb BLojaf sMVRZe hCXDsb wneUed\">\n<div class=\"usGWQd\">\n<div class=\"KkbLmb\"><\/div>\n<\/div>\n<\/div>\n<p>&nbsp;<\/p>\n","protected":false},"author":6637,"featured_media":56236,"template":"","meta":{"_acf_changed":false,"content-type":"","_monsterinsights_skip_tracking":false,"_monsterinsights_sitenote_active":false,"_monsterinsights_sitenote_note":"","_monsterinsights_sitenote_category":0},"class_list":["post-56389","evento-proyecto","type-evento-proyecto","status-publish","has-post-thumbnail","hentry"],"acf":[],"yoast_head":"<!-- This site is optimized with the Yoast SEO plugin v27.4 - https:\/\/yoast.com\/product\/yoast-seo-wordpress\/ -->\n<title>Deuxi\u00e8me atelier TupART \u00e0 Ma\u00e7\u00e3o\u00a0: 11-12 d\u00e9cembre\u00a0: \u00c9laboration du plan d\u2019action 2026-2028 - Interreg Sudoe<\/title>\n<meta name=\"robots\" content=\"index, follow, max-snippet:-1, max-image-preview:large, max-video-preview:-1\" \/>\n<link rel=\"canonical\" href=\"https:\/\/interreg-sudoe.eu\/fr\/evento-proyecto\/segundo-workshop-tupart-en-macao-11-y-12-de-diciembre-diseno-del-plan-de-accion-26-28\/\" \/>\n<meta property=\"og:locale\" content=\"fr_FR\" \/>\n<meta property=\"og:type\" content=\"article\" \/>\n<meta property=\"og:title\" content=\"Deuxi\u00e8me atelier TupART \u00e0 Ma\u00e7\u00e3o\u00a0: 11-12 d\u00e9cembre\u00a0: \u00c9laboration du plan d\u2019action 2026-2028 - Interreg Sudoe\" \/>\n<meta property=\"og:description\" content=\"Le projet europ\u00e9en TupART \u2013 Territoires unis par l\u2019art ancien, cofinanc\u00e9 par le programme Interreg Sudoe, tiendra son deuxi\u00e8me atelier les 11 et 12 d\u00e9cembre 2025 \u00e0 l\u2019auditorium Elvino Pereira de Ma\u00e7\u00e3o, au Portugal. Intitul\u00e9 \u00ab\u00a0\u00c9laboration du plan d\u2019action 2026-2028\u00a0\u00bb, cet atelier r\u00e9unira des partenaires institutionnels d\u2019Espagne, de France et du Portugal afin de d\u00e9finir [&hellip;]\" \/>\n<meta property=\"og:url\" content=\"https:\/\/interreg-sudoe.eu\/fr\/evento-proyecto\/segundo-workshop-tupart-en-macao-11-y-12-de-diciembre-diseno-del-plan-de-accion-26-28\/\" \/>\n<meta property=\"og:site_name\" content=\"Interreg Sudoe\" \/>\n<meta property=\"article:publisher\" content=\"https:\/\/www.facebook.com\/interregsudoe\" \/>\n<meta property=\"article:modified_time\" content=\"2026-02-13T11:13:12+00:00\" \/>\n<meta property=\"og:image\" content=\"https:\/\/interreg-sudoe.eu\/wp-content\/uploads\/2025\/11\/workshop-2-Macao.jpg\" \/>\n\t<meta property=\"og:image:width\" content=\"1451\" \/>\n\t<meta property=\"og:image:height\" content=\"2048\" \/>\n\t<meta property=\"og:image:type\" content=\"image\/jpeg\" \/>\n<meta name=\"twitter:card\" content=\"summary_large_image\" \/>\n<meta name=\"twitter:site\" content=\"@Sudoe5\" \/>\n<meta name=\"twitter:label1\" content=\"Dur\u00e9e de lecture estim\u00e9e\" \/>\n\t<meta name=\"twitter:data1\" content=\"1 minute\" \/>\n<script type=\"application\/ld+json\" class=\"yoast-schema-graph\">{\"@context\":\"https:\\\/\\\/schema.org\",\"@graph\":[{\"@type\":\"WebPage\",\"@id\":\"https:\\\/\\\/interreg-sudoe.eu\\\/fr\\\/evento-proyecto\\\/segundo-workshop-tupart-en-macao-11-y-12-de-diciembre-diseno-del-plan-de-accion-26-28\\\/\",\"url\":\"https:\\\/\\\/interreg-sudoe.eu\\\/fr\\\/evento-proyecto\\\/segundo-workshop-tupart-en-macao-11-y-12-de-diciembre-diseno-del-plan-de-accion-26-28\\\/\",\"name\":\"Deuxi\u00e8me atelier TupART \u00e0 Ma\u00e7\u00e3o\u00a0: 11-12 d\u00e9cembre\u00a0: \u00c9laboration du plan d\u2019action 2026-2028 - Interreg Sudoe\",\"isPartOf\":{\"@id\":\"https:\\\/\\\/interreg-sudoe.eu\\\/fr\\\/#website\"},\"primaryImageOfPage\":{\"@id\":\"https:\\\/\\\/interreg-sudoe.eu\\\/fr\\\/evento-proyecto\\\/segundo-workshop-tupart-en-macao-11-y-12-de-diciembre-diseno-del-plan-de-accion-26-28\\\/#primaryimage\"},\"image\":{\"@id\":\"https:\\\/\\\/interreg-sudoe.eu\\\/fr\\\/evento-proyecto\\\/segundo-workshop-tupart-en-macao-11-y-12-de-diciembre-diseno-del-plan-de-accion-26-28\\\/#primaryimage\"},\"thumbnailUrl\":\"https:\\\/\\\/interreg-sudoe.eu\\\/wp-content\\\/uploads\\\/2025\\\/11\\\/workshop-2-Macao.jpg\",\"datePublished\":\"2025-12-01T13:21:28+00:00\",\"dateModified\":\"2026-02-13T11:13:12+00:00\",\"breadcrumb\":{\"@id\":\"https:\\\/\\\/interreg-sudoe.eu\\\/fr\\\/evento-proyecto\\\/segundo-workshop-tupart-en-macao-11-y-12-de-diciembre-diseno-del-plan-de-accion-26-28\\\/#breadcrumb\"},\"inLanguage\":\"fr-FR\",\"potentialAction\":[{\"@type\":\"ReadAction\",\"target\":[\"https:\\\/\\\/interreg-sudoe.eu\\\/fr\\\/evento-proyecto\\\/segundo-workshop-tupart-en-macao-11-y-12-de-diciembre-diseno-del-plan-de-accion-26-28\\\/\"]}]},{\"@type\":\"ImageObject\",\"inLanguage\":\"fr-FR\",\"@id\":\"https:\\\/\\\/interreg-sudoe.eu\\\/fr\\\/evento-proyecto\\\/segundo-workshop-tupart-en-macao-11-y-12-de-diciembre-diseno-del-plan-de-accion-26-28\\\/#primaryimage\",\"url\":\"https:\\\/\\\/interreg-sudoe.eu\\\/wp-content\\\/uploads\\\/2025\\\/11\\\/workshop-2-Macao.jpg\",\"contentUrl\":\"https:\\\/\\\/interreg-sudoe.eu\\\/wp-content\\\/uploads\\\/2025\\\/11\\\/workshop-2-Macao.jpg\",\"width\":1451,\"height\":2048},{\"@type\":\"BreadcrumbList\",\"@id\":\"https:\\\/\\\/interreg-sudoe.eu\\\/fr\\\/evento-proyecto\\\/segundo-workshop-tupart-en-macao-11-y-12-de-diciembre-diseno-del-plan-de-accion-26-28\\\/#breadcrumb\",\"itemListElement\":[{\"@type\":\"ListItem\",\"position\":1,\"name\":\"Home\",\"item\":\"https:\\\/\\\/interreg-sudoe.eu\\\/fr\\\/\"},{\"@type\":\"ListItem\",\"position\":2,\"name\":\"Deuxi\u00e8me atelier TupART \u00e0 Ma\u00e7\u00e3o\u00a0: 11-12 d\u00e9cembre\u00a0: \u00c9laboration du plan d\u2019action 2026-2028\"}]},{\"@type\":\"WebSite\",\"@id\":\"https:\\\/\\\/interreg-sudoe.eu\\\/fr\\\/#website\",\"url\":\"https:\\\/\\\/interreg-sudoe.eu\\\/fr\\\/\",\"name\":\"Interreg Sudoe\",\"description\":\"Interreg Sudoe\",\"publisher\":{\"@id\":\"https:\\\/\\\/interreg-sudoe.eu\\\/fr\\\/#organization\"},\"alternateName\":\"Interreg Sudoe\",\"potentialAction\":[{\"@type\":\"SearchAction\",\"target\":{\"@type\":\"EntryPoint\",\"urlTemplate\":\"https:\\\/\\\/interreg-sudoe.eu\\\/fr\\\/?s={search_term_string}\"},\"query-input\":{\"@type\":\"PropertyValueSpecification\",\"valueRequired\":true,\"valueName\":\"search_term_string\"}}],\"inLanguage\":\"fr-FR\"},{\"@type\":\"Organization\",\"@id\":\"https:\\\/\\\/interreg-sudoe.eu\\\/fr\\\/#organization\",\"name\":\"Interreg Sudoe\",\"alternateName\":\"Interreg Sudoe\",\"url\":\"https:\\\/\\\/interreg-sudoe.eu\\\/fr\\\/\",\"logo\":{\"@type\":\"ImageObject\",\"inLanguage\":\"fr-FR\",\"@id\":\"https:\\\/\\\/interreg-sudoe.eu\\\/fr\\\/#\\\/schema\\\/logo\\\/image\\\/\",\"url\":\"https:\\\/\\\/interreg-sudoe.eu\\\/wp-content\\\/uploads\\\/2024\\\/03\\\/logo-interreg.png\",\"contentUrl\":\"https:\\\/\\\/interreg-sudoe.eu\\\/wp-content\\\/uploads\\\/2024\\\/03\\\/logo-interreg.png\",\"width\":1200,\"height\":675,\"caption\":\"Interreg Sudoe\"},\"image\":{\"@id\":\"https:\\\/\\\/interreg-sudoe.eu\\\/fr\\\/#\\\/schema\\\/logo\\\/image\\\/\"},\"sameAs\":[\"https:\\\/\\\/www.facebook.com\\\/interregsudoe\",\"https:\\\/\\\/x.com\\\/Sudoe5\",\"https:\\\/\\\/www.youtube.com\\\/channel\\\/UCeGx2edoB32beRc9dbKA2vw\",\"https:\\\/\\\/www.linkedin.com\\\/company\\\/interreg-sudoe-programme\\\/\",\"https:\\\/\\\/www.flickr.com\\\/photos\\\/148704685@N06\\\/\"]}]}<\/script>\n<!-- \/ Yoast SEO plugin. -->","yoast_head_json":{"title":"Deuxi\u00e8me atelier TupART \u00e0 Ma\u00e7\u00e3o\u00a0: 11-12 d\u00e9cembre\u00a0: \u00c9laboration du plan d\u2019action 2026-2028 - Interreg Sudoe","robots":{"index":"index","follow":"follow","max-snippet":"max-snippet:-1","max-image-preview":"max-image-preview:large","max-video-preview":"max-video-preview:-1"},"canonical":"https:\/\/interreg-sudoe.eu\/fr\/evento-proyecto\/segundo-workshop-tupart-en-macao-11-y-12-de-diciembre-diseno-del-plan-de-accion-26-28\/","og_locale":"fr_FR","og_type":"article","og_title":"Deuxi\u00e8me atelier TupART \u00e0 Ma\u00e7\u00e3o\u00a0: 11-12 d\u00e9cembre\u00a0: \u00c9laboration du plan d\u2019action 2026-2028 - Interreg Sudoe","og_description":"Le projet europ\u00e9en TupART \u2013 Territoires unis par l\u2019art ancien, cofinanc\u00e9 par le programme Interreg Sudoe, tiendra son deuxi\u00e8me atelier les 11 et 12 d\u00e9cembre 2025 \u00e0 l\u2019auditorium Elvino Pereira de Ma\u00e7\u00e3o, au Portugal. Intitul\u00e9 \u00ab\u00a0\u00c9laboration du plan d\u2019action 2026-2028\u00a0\u00bb, cet atelier r\u00e9unira des partenaires institutionnels d\u2019Espagne, de France et du Portugal afin de d\u00e9finir [&hellip;]","og_url":"https:\/\/interreg-sudoe.eu\/fr\/evento-proyecto\/segundo-workshop-tupart-en-macao-11-y-12-de-diciembre-diseno-del-plan-de-accion-26-28\/","og_site_name":"Interreg Sudoe","article_publisher":"https:\/\/www.facebook.com\/interregsudoe","article_modified_time":"2026-02-13T11:13:12+00:00","og_image":[{"width":1451,"height":2048,"url":"https:\/\/interreg-sudoe.eu\/wp-content\/uploads\/2025\/11\/workshop-2-Macao.jpg","type":"image\/jpeg"}],"twitter_card":"summary_large_image","twitter_site":"@Sudoe5","twitter_misc":{"Dur\u00e9e de lecture estim\u00e9e":"1 minute"},"schema":{"@context":"https:\/\/schema.org","@graph":[{"@type":"WebPage","@id":"https:\/\/interreg-sudoe.eu\/fr\/evento-proyecto\/segundo-workshop-tupart-en-macao-11-y-12-de-diciembre-diseno-del-plan-de-accion-26-28\/","url":"https:\/\/interreg-sudoe.eu\/fr\/evento-proyecto\/segundo-workshop-tupart-en-macao-11-y-12-de-diciembre-diseno-del-plan-de-accion-26-28\/","name":"Deuxi\u00e8me atelier TupART \u00e0 Ma\u00e7\u00e3o\u00a0: 11-12 d\u00e9cembre\u00a0: \u00c9laboration du plan d\u2019action 2026-2028 - Interreg Sudoe","isPartOf":{"@id":"https:\/\/interreg-sudoe.eu\/fr\/#website"},"primaryImageOfPage":{"@id":"https:\/\/interreg-sudoe.eu\/fr\/evento-proyecto\/segundo-workshop-tupart-en-macao-11-y-12-de-diciembre-diseno-del-plan-de-accion-26-28\/#primaryimage"},"image":{"@id":"https:\/\/interreg-sudoe.eu\/fr\/evento-proyecto\/segundo-workshop-tupart-en-macao-11-y-12-de-diciembre-diseno-del-plan-de-accion-26-28\/#primaryimage"},"thumbnailUrl":"https:\/\/interreg-sudoe.eu\/wp-content\/uploads\/2025\/11\/workshop-2-Macao.jpg","datePublished":"2025-12-01T13:21:28+00:00","dateModified":"2026-02-13T11:13:12+00:00","breadcrumb":{"@id":"https:\/\/interreg-sudoe.eu\/fr\/evento-proyecto\/segundo-workshop-tupart-en-macao-11-y-12-de-diciembre-diseno-del-plan-de-accion-26-28\/#breadcrumb"},"inLanguage":"fr-FR","potentialAction":[{"@type":"ReadAction","target":["https:\/\/interreg-sudoe.eu\/fr\/evento-proyecto\/segundo-workshop-tupart-en-macao-11-y-12-de-diciembre-diseno-del-plan-de-accion-26-28\/"]}]},{"@type":"ImageObject","inLanguage":"fr-FR","@id":"https:\/\/interreg-sudoe.eu\/fr\/evento-proyecto\/segundo-workshop-tupart-en-macao-11-y-12-de-diciembre-diseno-del-plan-de-accion-26-28\/#primaryimage","url":"https:\/\/interreg-sudoe.eu\/wp-content\/uploads\/2025\/11\/workshop-2-Macao.jpg","contentUrl":"https:\/\/interreg-sudoe.eu\/wp-content\/uploads\/2025\/11\/workshop-2-Macao.jpg","width":1451,"height":2048},{"@type":"BreadcrumbList","@id":"https:\/\/interreg-sudoe.eu\/fr\/evento-proyecto\/segundo-workshop-tupart-en-macao-11-y-12-de-diciembre-diseno-del-plan-de-accion-26-28\/#breadcrumb","itemListElement":[{"@type":"ListItem","position":1,"name":"Home","item":"https:\/\/interreg-sudoe.eu\/fr\/"},{"@type":"ListItem","position":2,"name":"Deuxi\u00e8me atelier TupART \u00e0 Ma\u00e7\u00e3o\u00a0: 11-12 d\u00e9cembre\u00a0: \u00c9laboration du plan d\u2019action 2026-2028"}]},{"@type":"WebSite","@id":"https:\/\/interreg-sudoe.eu\/fr\/#website","url":"https:\/\/interreg-sudoe.eu\/fr\/","name":"Interreg Sudoe","description":"Interreg Sudoe","publisher":{"@id":"https:\/\/interreg-sudoe.eu\/fr\/#organization"},"alternateName":"Interreg Sudoe","potentialAction":[{"@type":"SearchAction","target":{"@type":"EntryPoint","urlTemplate":"https:\/\/interreg-sudoe.eu\/fr\/?s={search_term_string}"},"query-input":{"@type":"PropertyValueSpecification","valueRequired":true,"valueName":"search_term_string"}}],"inLanguage":"fr-FR"},{"@type":"Organization","@id":"https:\/\/interreg-sudoe.eu\/fr\/#organization","name":"Interreg Sudoe","alternateName":"Interreg Sudoe","url":"https:\/\/interreg-sudoe.eu\/fr\/","logo":{"@type":"ImageObject","inLanguage":"fr-FR","@id":"https:\/\/interreg-sudoe.eu\/fr\/#\/schema\/logo\/image\/","url":"https:\/\/interreg-sudoe.eu\/wp-content\/uploads\/2024\/03\/logo-interreg.png","contentUrl":"https:\/\/interreg-sudoe.eu\/wp-content\/uploads\/2024\/03\/logo-interreg.png","width":1200,"height":675,"caption":"Interreg Sudoe"},"image":{"@id":"https:\/\/interreg-sudoe.eu\/fr\/#\/schema\/logo\/image\/"},"sameAs":["https:\/\/www.facebook.com\/interregsudoe","https:\/\/x.com\/Sudoe5","https:\/\/www.youtube.com\/channel\/UCeGx2edoB32beRc9dbKA2vw","https:\/\/www.linkedin.com\/company\/interreg-sudoe-programme\/","https:\/\/www.flickr.com\/photos\/148704685@N06\/"]}]}},"_links":{"self":[{"href":"https:\/\/interreg-sudoe.eu\/fr\/wp-json\/wp\/v2\/evento-proyecto\/56389","targetHints":{"allow":["GET"]}}],"collection":[{"href":"https:\/\/interreg-sudoe.eu\/fr\/wp-json\/wp\/v2\/evento-proyecto"}],"about":[{"href":"https:\/\/interreg-sudoe.eu\/fr\/wp-json\/wp\/v2\/types\/evento-proyecto"}],"author":[{"embeddable":true,"href":"https:\/\/interreg-sudoe.eu\/fr\/wp-json\/wp\/v2\/users\/6637"}],"wp:featuredmedia":[{"embeddable":true,"href":"https:\/\/interreg-sudoe.eu\/fr\/wp-json\/wp\/v2\/media\/56236"}],"wp:attachment":[{"href":"https:\/\/interreg-sudoe.eu\/fr\/wp-json\/wp\/v2\/media?parent=56389"}],"curies":[{"name":"wp","href":"https:\/\/api.w.org\/{rel}","templated":true}]}}