{"id":62257,"date":"2026-03-11T11:49:20","date_gmt":"2026-03-11T10:49:20","guid":{"rendered":"https:\/\/interreg-sudoe.eu\/evento-proyecto\/webinar-valorizacion-integral-de-residuos-agroforestales-para-la-obtencion-de-ingredientes-bioactivos-y-funcionales-newpower\/"},"modified":"2026-03-27T10:21:53","modified_gmt":"2026-03-27T09:21:53","slug":"webinar-valorizacion-integral-de-residuos-agroforestales-para-la-obtencion-de-ingredientes-bioactivos-y-funcionales-newpower","status":"publish","type":"evento-proyecto","link":"https:\/\/interreg-sudoe.eu\/fr\/evento-proyecto\/webinar-valorizacion-integral-de-residuos-agroforestales-para-la-obtencion-de-ingredientes-bioactivos-y-funcionales-newpower\/","title":{"rendered":"Webinar : Valorisation int\u00e9grale des r\u00e9sidus agroforestiers pour l\u2019obtention d\u2019ingr\u00e9dients bioactifs et fonctionnels \u2013 NEWPOWER"},"content":{"rendered":"<p data-start=\"2759\" data-end=\"3051\">Le <strong data-start=\"2762\" data-end=\"2778\">27 mars 2026<\/strong>, le projet <strong data-start=\"2790\" data-end=\"2802\">NEWPOWER<\/strong> organisera le webinaire <strong data-start=\"2827\" data-end=\"2941\">\u00ab Valorisation int\u00e9grale des r\u00e9sidus agroforestiers pour l\u2019obtention d\u2019ingr\u00e9dients bioactifs et fonctionnels \u00bb<\/strong>, consacr\u00e9 au potentiel des ressources agroforesti\u00e8res r\u00e9siduelles dans le cadre de la bio\u00e9conomie circulaire.<\/p>\n<p data-start=\"3053\" data-end=\"3410\">Cette session s\u2019inscrit dans le cycle de webinaires <strong data-start=\"3105\" data-end=\"3192\">\u00ab De residuo a recurso: cooperaci\u00f3n transfronteriza para una bioeconom\u00eda circular \u00bb<\/strong>, une initiative du consortium NEWPOWER visant \u00e0 partager les avanc\u00e9es scientifiques, favoriser le transfert de connaissances et renforcer la coop\u00e9ration dans la valorisation durable de la biomasse dans l\u2019espace SUDOE.<\/p>\n<p data-start=\"3412\" data-end=\"3685\">Au cours de cette rencontre, diff\u00e9rentes approches et technologies permettant de transformer les r\u00e9sidus agroforestiers en compos\u00e9s bioactifs et en ingr\u00e9dients fonctionnels seront pr\u00e9sent\u00e9es, ainsi que des exp\u00e9riences de recherche d\u00e9velopp\u00e9es par les partenaires du projet.<\/p>\n<p data-start=\"3687\" data-end=\"4043\">Le webinaire s\u2019adresse aux <strong data-start=\"3714\" data-end=\"3895\">chercheurs et chercheuses, professionnels des secteurs agroforestier et agroalimentaire, entreprises biotechnologiques, administrations publiques et \u00e9tudiants de troisi\u00e8me cycle<\/strong>, ainsi qu\u2019\u00e0 toutes les personnes int\u00e9ress\u00e9es par les opportunit\u00e9s offertes par la bio\u00e9conomie circulaire et la valorisation durable de la biomasse.<\/p>\n<p data-start=\"4045\" data-end=\"4123\">\ud83d\udc49 D\u00e9couvrez l\u2019ensemble du cycle de webinaires et les prochaines sessions <a href=\"https:\/\/interreg-sudoe.eu\/fr\/noticia-proyecto\/newpower-impulsa-un-ciclo-de-webinars-para-fortalecer-la-cooperacion-transfronteriza-en-bioeconomia-circular\/\">ici<\/a>.<\/p>\n<p data-start=\"4125\" data-end=\"4225\">\ud83d\udcc5 <strong data-start=\"4128\" data-end=\"4144\">27 mars 2026<\/strong><br data-start=\"4144\" data-end=\"4147\" \/>\ud83d\udd52 <strong data-start=\"4150\" data-end=\"4200\">10:00 \u2013 11:30 h (PT) | 11:00 \u2013 12:30 h (ES\u2013FR)<\/strong><br data-start=\"4200\" data-end=\"4203\" \/>\ud83d\udccd <strong data-start=\"4206\" data-end=\"4225\">En ligne | Zoom<\/strong><\/p>\n<p data-start=\"4227\" data-end=\"4240\"><strong data-start=\"4227\" data-end=\"4240\">Programme<\/strong><\/p>\n<p data-start=\"4242\" data-end=\"4327\"><strong data-start=\"4242\" data-end=\"4259\">10:00 \u2013 10:05<\/strong><br data-start=\"4259\" data-end=\"4262\" \/><strong>Accueil et introduction<\/strong><br data-start=\"4285\" data-end=\"4288\" \/>Jos\u00e9 Teixeira &#8211; Universidade do Minho<\/p>\n<p data-start=\"4329\" data-end=\"4469\"><strong data-start=\"4329\" data-end=\"4346\">10:05 \u2013 10:15<\/strong><br data-start=\"4346\" data-end=\"4349\" \/><strong>Pr\u00e9sentation du projet NEWPOWER<\/strong><br data-start=\"4380\" data-end=\"4383\" \/>Pedro Miguel Ferreira Santos &#8211; Universidade de Vigo, Coordinateur du projet NEWPOWER<\/p>\n<p data-start=\"4471\" data-end=\"4638\"><strong data-start=\"4471\" data-end=\"4488\">10:15 \u2013 10:35<\/strong><br data-start=\"4488\" data-end=\"4491\" \/><strong>Contribution de la valorisation de la biomasse aux politiques r\u00e9gionales de bio\u00e9conomie et de gestion foresti\u00e8re<\/strong><br data-start=\"4603\" data-end=\"4606\" \/>Mafalda Silva &#8211; BLC3 Evolution<\/p>\n<p data-start=\"4640\" data-end=\"4760\"><strong data-start=\"4640\" data-end=\"4657\">10:35 \u2013 10:55<\/strong><br data-start=\"4657\" data-end=\"4660\" \/><strong>Technologies durables pour la valorisation de la biomasse<\/strong><br data-start=\"4717\" data-end=\"4720\" \/>Cristina Rocha &#8211; Universidade do Minho<\/p>\n<p data-start=\"4762\" data-end=\"4802\"><strong data-start=\"4762\" data-end=\"4779\">10:55 \u2013 11:15<\/strong><br data-start=\"4779\" data-end=\"4782\" \/><strong>Discussion ouverte<\/strong><\/p>\n<p data-start=\"4804\" data-end=\"4833\"><strong data-start=\"4804\" data-end=\"4821\">11:15 \u2013 11:30<\/strong><br data-start=\"4821\" data-end=\"4824\" \/><strong>Cl\u00f4ture<\/strong><\/p>\n<p data-start=\"4835\" data-end=\"5012\">Le webinaire se d\u00e9roulera <strong data-start=\"4861\" data-end=\"4877\">en portugais<\/strong> et disposera <strong data-start=\"4891\" data-end=\"4949\">d\u2019un service de sous-titres avec traduction simultan\u00e9e<\/strong> afin de faciliter le suivi par des participants d\u2019autres pays.<\/p>\n<p data-start=\"5014\" data-end=\"5088\">La participation est <strong data-start=\"5035\" data-end=\"5047\">gratuite<\/strong> et n\u00e9cessite une inscription pr\u00e9alable :<\/p>\n<p data-start=\"5090\" data-end=\"5116\">\ud83d\udc49 <strong data-start=\"5093\" data-end=\"5116\">Inscrivez-vous <a href=\"https:\/\/forms.gle\/gWMDGxfw5tfZJerYA\">ici<\/a>.<\/strong><\/p>\n<p data-start=\"5223\" data-end=\"5259\"><strong data-start=\"5223\" data-end=\"5259\">T\u00e9l\u00e9charger le <a href=\"https:\/\/interreg-sudoe.eu\/wp-content\/uploads\/2026\/03\/NEWPOWER-2o-Webinar-27.03-Programa-1.pdf\">programme en PDF<\/a>.<br \/>\n<\/strong><\/p>\n<p data-start=\"432\" data-end=\"527\">\ud83d\udc49 Acc\u00e9dez ici :<br data-start=\"448\" data-end=\"451\" \/><a class=\"decorated-link\" href=\"https:\/\/us06web.zoom.us\/j\/82064520181?pwd=E96IogyaQnlnhEeFcOocbFA6hRnhLS.1\" target=\"_new\" rel=\"noopener\" data-start=\"451\" data-end=\"525\">https:\/\/us06web.zoom.us\/j\/82064520181?pwd=E96IogyaQnlnhEeFcOocbFA6hRnhLS.1<\/a><\/p>\n<p data-start=\"529\" data-end=\"590\">\ud83c\udd94 ID de r\u00e9union : 820 6452 0181<br data-start=\"561\" data-end=\"564\" \/>\ud83d\udd11 Code d\u2019acc\u00e8s : 537552<\/p>\n<p data-start=\"5223\" data-end=\"5259\"><strong data-start=\"5223\" data-end=\"5259\">\u00a0<\/strong><\/p>\n","protected":false},"author":4986,"featured_media":62306,"template":"","meta":{"_acf_changed":false,"content-type":"","_monsterinsights_skip_tracking":false,"_monsterinsights_sitenote_active":false,"_monsterinsights_sitenote_note":"","_monsterinsights_sitenote_category":0},"class_list":["post-62257","evento-proyecto","type-evento-proyecto","status-publish","has-post-thumbnail","hentry"],"acf":[],"yoast_head":"<!-- This site is optimized with the Yoast SEO plugin v27.4 - https:\/\/yoast.com\/product\/yoast-seo-wordpress\/ -->\n<title>Webinar : Valorisation int\u00e9grale des r\u00e9sidus agroforestiers pour l\u2019obtention d\u2019ingr\u00e9dients bioactifs et fonctionnels \u2013 NEWPOWER - Interreg Sudoe<\/title>\n<meta name=\"robots\" content=\"index, follow, max-snippet:-1, max-image-preview:large, max-video-preview:-1\" \/>\n<link rel=\"canonical\" href=\"https:\/\/interreg-sudoe.eu\/fr\/evento-proyecto\/webinar-valorizacion-integral-de-residuos-agroforestales-para-la-obtencion-de-ingredientes-bioactivos-y-funcionales-newpower\/\" \/>\n<meta property=\"og:locale\" content=\"fr_FR\" \/>\n<meta property=\"og:type\" content=\"article\" \/>\n<meta property=\"og:title\" content=\"Webinar : Valorisation int\u00e9grale des r\u00e9sidus agroforestiers pour l\u2019obtention d\u2019ingr\u00e9dients bioactifs et fonctionnels \u2013 NEWPOWER - Interreg Sudoe\" \/>\n<meta property=\"og:description\" content=\"Le 27 mars 2026, le projet NEWPOWER organisera le webinaire \u00ab Valorisation int\u00e9grale des r\u00e9sidus agroforestiers pour l\u2019obtention d\u2019ingr\u00e9dients bioactifs et fonctionnels \u00bb, consacr\u00e9 au potentiel des ressources agroforesti\u00e8res r\u00e9siduelles dans le cadre de la bio\u00e9conomie circulaire. Cette session s\u2019inscrit dans le cycle de webinaires \u00ab De residuo a recurso: cooperaci\u00f3n transfronteriza para una bioeconom\u00eda [&hellip;]\" \/>\n<meta property=\"og:url\" content=\"https:\/\/interreg-sudoe.eu\/fr\/evento-proyecto\/webinar-valorizacion-integral-de-residuos-agroforestales-para-la-obtencion-de-ingredientes-bioactivos-y-funcionales-newpower\/\" \/>\n<meta property=\"og:site_name\" content=\"Interreg Sudoe\" \/>\n<meta property=\"article:publisher\" content=\"https:\/\/www.facebook.com\/interregsudoe\" \/>\n<meta property=\"article:modified_time\" content=\"2026-03-27T09:21:53+00:00\" \/>\n<meta property=\"og:image\" content=\"https:\/\/interreg-sudoe.eu\/wp-content\/uploads\/2026\/03\/Noticia-FR.jpg\" \/>\n\t<meta property=\"og:image:width\" content=\"1920\" \/>\n\t<meta property=\"og:image:height\" content=\"1080\" \/>\n\t<meta property=\"og:image:type\" content=\"image\/jpeg\" \/>\n<meta name=\"twitter:card\" content=\"summary_large_image\" \/>\n<meta name=\"twitter:site\" content=\"@Sudoe5\" \/>\n<meta name=\"twitter:label1\" content=\"Dur\u00e9e de lecture estim\u00e9e\" \/>\n\t<meta name=\"twitter:data1\" content=\"2 minutes\" \/>\n<script type=\"application\/ld+json\" class=\"yoast-schema-graph\">{\"@context\":\"https:\\\/\\\/schema.org\",\"@graph\":[{\"@type\":\"WebPage\",\"@id\":\"https:\\\/\\\/interreg-sudoe.eu\\\/fr\\\/evento-proyecto\\\/webinar-valorizacion-integral-de-residuos-agroforestales-para-la-obtencion-de-ingredientes-bioactivos-y-funcionales-newpower\\\/\",\"url\":\"https:\\\/\\\/interreg-sudoe.eu\\\/fr\\\/evento-proyecto\\\/webinar-valorizacion-integral-de-residuos-agroforestales-para-la-obtencion-de-ingredientes-bioactivos-y-funcionales-newpower\\\/\",\"name\":\"Webinar : Valorisation int\u00e9grale des r\u00e9sidus agroforestiers pour l\u2019obtention d\u2019ingr\u00e9dients bioactifs et fonctionnels \u2013 NEWPOWER - Interreg Sudoe\",\"isPartOf\":{\"@id\":\"https:\\\/\\\/interreg-sudoe.eu\\\/fr\\\/#website\"},\"primaryImageOfPage\":{\"@id\":\"https:\\\/\\\/interreg-sudoe.eu\\\/fr\\\/evento-proyecto\\\/webinar-valorizacion-integral-de-residuos-agroforestales-para-la-obtencion-de-ingredientes-bioactivos-y-funcionales-newpower\\\/#primaryimage\"},\"image\":{\"@id\":\"https:\\\/\\\/interreg-sudoe.eu\\\/fr\\\/evento-proyecto\\\/webinar-valorizacion-integral-de-residuos-agroforestales-para-la-obtencion-de-ingredientes-bioactivos-y-funcionales-newpower\\\/#primaryimage\"},\"thumbnailUrl\":\"https:\\\/\\\/interreg-sudoe.eu\\\/wp-content\\\/uploads\\\/2026\\\/03\\\/Noticia-FR.jpg\",\"datePublished\":\"2026-03-11T10:49:20+00:00\",\"dateModified\":\"2026-03-27T09:21:53+00:00\",\"breadcrumb\":{\"@id\":\"https:\\\/\\\/interreg-sudoe.eu\\\/fr\\\/evento-proyecto\\\/webinar-valorizacion-integral-de-residuos-agroforestales-para-la-obtencion-de-ingredientes-bioactivos-y-funcionales-newpower\\\/#breadcrumb\"},\"inLanguage\":\"fr-FR\",\"potentialAction\":[{\"@type\":\"ReadAction\",\"target\":[\"https:\\\/\\\/interreg-sudoe.eu\\\/fr\\\/evento-proyecto\\\/webinar-valorizacion-integral-de-residuos-agroforestales-para-la-obtencion-de-ingredientes-bioactivos-y-funcionales-newpower\\\/\"]}]},{\"@type\":\"ImageObject\",\"inLanguage\":\"fr-FR\",\"@id\":\"https:\\\/\\\/interreg-sudoe.eu\\\/fr\\\/evento-proyecto\\\/webinar-valorizacion-integral-de-residuos-agroforestales-para-la-obtencion-de-ingredientes-bioactivos-y-funcionales-newpower\\\/#primaryimage\",\"url\":\"https:\\\/\\\/interreg-sudoe.eu\\\/wp-content\\\/uploads\\\/2026\\\/03\\\/Noticia-FR.jpg\",\"contentUrl\":\"https:\\\/\\\/interreg-sudoe.eu\\\/wp-content\\\/uploads\\\/2026\\\/03\\\/Noticia-FR.jpg\",\"width\":1920,\"height\":1080},{\"@type\":\"BreadcrumbList\",\"@id\":\"https:\\\/\\\/interreg-sudoe.eu\\\/fr\\\/evento-proyecto\\\/webinar-valorizacion-integral-de-residuos-agroforestales-para-la-obtencion-de-ingredientes-bioactivos-y-funcionales-newpower\\\/#breadcrumb\",\"itemListElement\":[{\"@type\":\"ListItem\",\"position\":1,\"name\":\"Home\",\"item\":\"https:\\\/\\\/interreg-sudoe.eu\\\/fr\\\/\"},{\"@type\":\"ListItem\",\"position\":2,\"name\":\"Webinar : Valorisation int\u00e9grale des r\u00e9sidus agroforestiers pour l\u2019obtention d\u2019ingr\u00e9dients bioactifs et fonctionnels \u2013 NEWPOWER\"}]},{\"@type\":\"WebSite\",\"@id\":\"https:\\\/\\\/interreg-sudoe.eu\\\/fr\\\/#website\",\"url\":\"https:\\\/\\\/interreg-sudoe.eu\\\/fr\\\/\",\"name\":\"Interreg Sudoe\",\"description\":\"Interreg Sudoe\",\"publisher\":{\"@id\":\"https:\\\/\\\/interreg-sudoe.eu\\\/fr\\\/#organization\"},\"alternateName\":\"Interreg Sudoe\",\"potentialAction\":[{\"@type\":\"SearchAction\",\"target\":{\"@type\":\"EntryPoint\",\"urlTemplate\":\"https:\\\/\\\/interreg-sudoe.eu\\\/fr\\\/?s={search_term_string}\"},\"query-input\":{\"@type\":\"PropertyValueSpecification\",\"valueRequired\":true,\"valueName\":\"search_term_string\"}}],\"inLanguage\":\"fr-FR\"},{\"@type\":\"Organization\",\"@id\":\"https:\\\/\\\/interreg-sudoe.eu\\\/fr\\\/#organization\",\"name\":\"Interreg Sudoe\",\"alternateName\":\"Interreg Sudoe\",\"url\":\"https:\\\/\\\/interreg-sudoe.eu\\\/fr\\\/\",\"logo\":{\"@type\":\"ImageObject\",\"inLanguage\":\"fr-FR\",\"@id\":\"https:\\\/\\\/interreg-sudoe.eu\\\/fr\\\/#\\\/schema\\\/logo\\\/image\\\/\",\"url\":\"https:\\\/\\\/interreg-sudoe.eu\\\/wp-content\\\/uploads\\\/2024\\\/03\\\/logo-interreg.png\",\"contentUrl\":\"https:\\\/\\\/interreg-sudoe.eu\\\/wp-content\\\/uploads\\\/2024\\\/03\\\/logo-interreg.png\",\"width\":1200,\"height\":675,\"caption\":\"Interreg Sudoe\"},\"image\":{\"@id\":\"https:\\\/\\\/interreg-sudoe.eu\\\/fr\\\/#\\\/schema\\\/logo\\\/image\\\/\"},\"sameAs\":[\"https:\\\/\\\/www.facebook.com\\\/interregsudoe\",\"https:\\\/\\\/x.com\\\/Sudoe5\",\"https:\\\/\\\/www.youtube.com\\\/channel\\\/UCeGx2edoB32beRc9dbKA2vw\",\"https:\\\/\\\/www.linkedin.com\\\/company\\\/interreg-sudoe-programme\\\/\",\"https:\\\/\\\/www.flickr.com\\\/photos\\\/148704685@N06\\\/\"]}]}<\/script>\n<!-- \/ Yoast SEO plugin. -->","yoast_head_json":{"title":"Webinar : Valorisation int\u00e9grale des r\u00e9sidus agroforestiers pour l\u2019obtention d\u2019ingr\u00e9dients bioactifs et fonctionnels \u2013 NEWPOWER - Interreg Sudoe","robots":{"index":"index","follow":"follow","max-snippet":"max-snippet:-1","max-image-preview":"max-image-preview:large","max-video-preview":"max-video-preview:-1"},"canonical":"https:\/\/interreg-sudoe.eu\/fr\/evento-proyecto\/webinar-valorizacion-integral-de-residuos-agroforestales-para-la-obtencion-de-ingredientes-bioactivos-y-funcionales-newpower\/","og_locale":"fr_FR","og_type":"article","og_title":"Webinar : Valorisation int\u00e9grale des r\u00e9sidus agroforestiers pour l\u2019obtention d\u2019ingr\u00e9dients bioactifs et fonctionnels \u2013 NEWPOWER - Interreg Sudoe","og_description":"Le 27 mars 2026, le projet NEWPOWER organisera le webinaire \u00ab Valorisation int\u00e9grale des r\u00e9sidus agroforestiers pour l\u2019obtention d\u2019ingr\u00e9dients bioactifs et fonctionnels \u00bb, consacr\u00e9 au potentiel des ressources agroforesti\u00e8res r\u00e9siduelles dans le cadre de la bio\u00e9conomie circulaire. Cette session s\u2019inscrit dans le cycle de webinaires \u00ab De residuo a recurso: cooperaci\u00f3n transfronteriza para una bioeconom\u00eda [&hellip;]","og_url":"https:\/\/interreg-sudoe.eu\/fr\/evento-proyecto\/webinar-valorizacion-integral-de-residuos-agroforestales-para-la-obtencion-de-ingredientes-bioactivos-y-funcionales-newpower\/","og_site_name":"Interreg Sudoe","article_publisher":"https:\/\/www.facebook.com\/interregsudoe","article_modified_time":"2026-03-27T09:21:53+00:00","og_image":[{"width":1920,"height":1080,"url":"https:\/\/interreg-sudoe.eu\/wp-content\/uploads\/2026\/03\/Noticia-FR.jpg","type":"image\/jpeg"}],"twitter_card":"summary_large_image","twitter_site":"@Sudoe5","twitter_misc":{"Dur\u00e9e de lecture estim\u00e9e":"2 minutes"},"schema":{"@context":"https:\/\/schema.org","@graph":[{"@type":"WebPage","@id":"https:\/\/interreg-sudoe.eu\/fr\/evento-proyecto\/webinar-valorizacion-integral-de-residuos-agroforestales-para-la-obtencion-de-ingredientes-bioactivos-y-funcionales-newpower\/","url":"https:\/\/interreg-sudoe.eu\/fr\/evento-proyecto\/webinar-valorizacion-integral-de-residuos-agroforestales-para-la-obtencion-de-ingredientes-bioactivos-y-funcionales-newpower\/","name":"Webinar : Valorisation int\u00e9grale des r\u00e9sidus agroforestiers pour l\u2019obtention d\u2019ingr\u00e9dients bioactifs et fonctionnels \u2013 NEWPOWER - Interreg Sudoe","isPartOf":{"@id":"https:\/\/interreg-sudoe.eu\/fr\/#website"},"primaryImageOfPage":{"@id":"https:\/\/interreg-sudoe.eu\/fr\/evento-proyecto\/webinar-valorizacion-integral-de-residuos-agroforestales-para-la-obtencion-de-ingredientes-bioactivos-y-funcionales-newpower\/#primaryimage"},"image":{"@id":"https:\/\/interreg-sudoe.eu\/fr\/evento-proyecto\/webinar-valorizacion-integral-de-residuos-agroforestales-para-la-obtencion-de-ingredientes-bioactivos-y-funcionales-newpower\/#primaryimage"},"thumbnailUrl":"https:\/\/interreg-sudoe.eu\/wp-content\/uploads\/2026\/03\/Noticia-FR.jpg","datePublished":"2026-03-11T10:49:20+00:00","dateModified":"2026-03-27T09:21:53+00:00","breadcrumb":{"@id":"https:\/\/interreg-sudoe.eu\/fr\/evento-proyecto\/webinar-valorizacion-integral-de-residuos-agroforestales-para-la-obtencion-de-ingredientes-bioactivos-y-funcionales-newpower\/#breadcrumb"},"inLanguage":"fr-FR","potentialAction":[{"@type":"ReadAction","target":["https:\/\/interreg-sudoe.eu\/fr\/evento-proyecto\/webinar-valorizacion-integral-de-residuos-agroforestales-para-la-obtencion-de-ingredientes-bioactivos-y-funcionales-newpower\/"]}]},{"@type":"ImageObject","inLanguage":"fr-FR","@id":"https:\/\/interreg-sudoe.eu\/fr\/evento-proyecto\/webinar-valorizacion-integral-de-residuos-agroforestales-para-la-obtencion-de-ingredientes-bioactivos-y-funcionales-newpower\/#primaryimage","url":"https:\/\/interreg-sudoe.eu\/wp-content\/uploads\/2026\/03\/Noticia-FR.jpg","contentUrl":"https:\/\/interreg-sudoe.eu\/wp-content\/uploads\/2026\/03\/Noticia-FR.jpg","width":1920,"height":1080},{"@type":"BreadcrumbList","@id":"https:\/\/interreg-sudoe.eu\/fr\/evento-proyecto\/webinar-valorizacion-integral-de-residuos-agroforestales-para-la-obtencion-de-ingredientes-bioactivos-y-funcionales-newpower\/#breadcrumb","itemListElement":[{"@type":"ListItem","position":1,"name":"Home","item":"https:\/\/interreg-sudoe.eu\/fr\/"},{"@type":"ListItem","position":2,"name":"Webinar : Valorisation int\u00e9grale des r\u00e9sidus agroforestiers pour l\u2019obtention d\u2019ingr\u00e9dients bioactifs et fonctionnels \u2013 NEWPOWER"}]},{"@type":"WebSite","@id":"https:\/\/interreg-sudoe.eu\/fr\/#website","url":"https:\/\/interreg-sudoe.eu\/fr\/","name":"Interreg Sudoe","description":"Interreg Sudoe","publisher":{"@id":"https:\/\/interreg-sudoe.eu\/fr\/#organization"},"alternateName":"Interreg Sudoe","potentialAction":[{"@type":"SearchAction","target":{"@type":"EntryPoint","urlTemplate":"https:\/\/interreg-sudoe.eu\/fr\/?s={search_term_string}"},"query-input":{"@type":"PropertyValueSpecification","valueRequired":true,"valueName":"search_term_string"}}],"inLanguage":"fr-FR"},{"@type":"Organization","@id":"https:\/\/interreg-sudoe.eu\/fr\/#organization","name":"Interreg Sudoe","alternateName":"Interreg Sudoe","url":"https:\/\/interreg-sudoe.eu\/fr\/","logo":{"@type":"ImageObject","inLanguage":"fr-FR","@id":"https:\/\/interreg-sudoe.eu\/fr\/#\/schema\/logo\/image\/","url":"https:\/\/interreg-sudoe.eu\/wp-content\/uploads\/2024\/03\/logo-interreg.png","contentUrl":"https:\/\/interreg-sudoe.eu\/wp-content\/uploads\/2024\/03\/logo-interreg.png","width":1200,"height":675,"caption":"Interreg Sudoe"},"image":{"@id":"https:\/\/interreg-sudoe.eu\/fr\/#\/schema\/logo\/image\/"},"sameAs":["https:\/\/www.facebook.com\/interregsudoe","https:\/\/x.com\/Sudoe5","https:\/\/www.youtube.com\/channel\/UCeGx2edoB32beRc9dbKA2vw","https:\/\/www.linkedin.com\/company\/interreg-sudoe-programme\/","https:\/\/www.flickr.com\/photos\/148704685@N06\/"]}]}},"_links":{"self":[{"href":"https:\/\/interreg-sudoe.eu\/fr\/wp-json\/wp\/v2\/evento-proyecto\/62257","targetHints":{"allow":["GET"]}}],"collection":[{"href":"https:\/\/interreg-sudoe.eu\/fr\/wp-json\/wp\/v2\/evento-proyecto"}],"about":[{"href":"https:\/\/interreg-sudoe.eu\/fr\/wp-json\/wp\/v2\/types\/evento-proyecto"}],"author":[{"embeddable":true,"href":"https:\/\/interreg-sudoe.eu\/fr\/wp-json\/wp\/v2\/users\/4986"}],"wp:featuredmedia":[{"embeddable":true,"href":"https:\/\/interreg-sudoe.eu\/fr\/wp-json\/wp\/v2\/media\/62306"}],"wp:attachment":[{"href":"https:\/\/interreg-sudoe.eu\/fr\/wp-json\/wp\/v2\/media?parent=62257"}],"curies":[{"name":"wp","href":"https:\/\/api.w.org\/{rel}","templated":true}]}}