{"id":63673,"date":"2025-01-27T09:41:05","date_gmt":"2025-01-27T08:41:05","guid":{"rendered":"https:\/\/interreg-sudoe.eu\/?post_type=evento-proyecto&#038;p=63673"},"modified":"2026-04-09T09:48:03","modified_gmt":"2026-04-09T07:48:03","slug":"use4forest-stimule-leconomie-rurale-a-o-barco-de-valdeorras","status":"publish","type":"evento-proyecto","link":"https:\/\/interreg-sudoe.eu\/fr\/evento-proyecto\/use4forest-stimule-leconomie-rurale-a-o-barco-de-valdeorras\/","title":{"rendered":"USE4FOREST stimule l\u2019\u00e9conomie rurale \u00e0 O Barco de Valdeorras"},"content":{"rendered":"<p data-start=\"1094\" data-end=\"1506\">Le 27 janvier 2025, O Barco de Valdeorras a accueilli la pr\u00e9sentation d\u2019une initiative port\u00e9e par la Xunta de Galice dans le cadre du projet USE4FOREST, visant \u00e0 promouvoir l\u2019\u00e9conomie rurale. L\u2019action se concentre sur la cr\u00e9ation d\u2019un incubateur de fermes et sur le d\u00e9veloppement de ressources agroalimentaires, dans le but de relancer l\u2019activit\u00e9 dans des zones touch\u00e9es par le d\u00e9peuplement et le vieillissement.<\/p>\n<p data-start=\"1508\" data-end=\"1899\">Ces mesures permettent de fixer la population sur le territoire, de dynamiser le tissu productif local et de r\u00e9duire la charge de biomasse non g\u00e9r\u00e9e, l\u2019un des principaux facteurs de risque dans la propagation des incendies de for\u00eat. Ainsi, USE4FOREST renforce le lien entre d\u00e9veloppement \u00e9conomique et pr\u00e9vention, en favorisant une gestion plus active, durable et r\u00e9siliente du milieu rural.<\/p>\n<p data-start=\"1901\" data-end=\"1968\">\ud83d\udccd O Barco de Valdeorras, Galice, Espagne.<br data-start=\"1943\" data-end=\"1946\" \/>\ud83d\uddd3\ufe0f 27 janvier 2025.<\/p>\n<p data-start=\"1970\" data-end=\"2019\">USE4FOREST : For\u00eats g\u00e9r\u00e9es, territoires prot\u00e9g\u00e9s.<\/p>\n","protected":false},"author":6728,"featured_media":62919,"template":"","meta":{"_acf_changed":false,"content-type":"","_monsterinsights_skip_tracking":false,"_monsterinsights_sitenote_active":false,"_monsterinsights_sitenote_note":"","_monsterinsights_sitenote_category":0},"class_list":["post-63673","evento-proyecto","type-evento-proyecto","status-publish","has-post-thumbnail","hentry"],"acf":[],"yoast_head":"<!-- This site is optimized with the Yoast SEO plugin v27.4 - https:\/\/yoast.com\/product\/yoast-seo-wordpress\/ -->\n<title>USE4FOREST stimule l\u2019\u00e9conomie rurale \u00e0 O Barco de Valdeorras - Interreg Sudoe<\/title>\n<meta name=\"robots\" content=\"index, follow, max-snippet:-1, max-image-preview:large, max-video-preview:-1\" \/>\n<link rel=\"canonical\" href=\"https:\/\/interreg-sudoe.eu\/fr\/evento-proyecto\/use4forest-stimule-leconomie-rurale-a-o-barco-de-valdeorras\/\" \/>\n<meta property=\"og:locale\" content=\"fr_FR\" \/>\n<meta property=\"og:type\" content=\"article\" \/>\n<meta property=\"og:title\" content=\"USE4FOREST stimule l\u2019\u00e9conomie rurale \u00e0 O Barco de Valdeorras - Interreg Sudoe\" \/>\n<meta property=\"og:description\" content=\"Le 27 janvier 2025, O Barco de Valdeorras a accueilli la pr\u00e9sentation d\u2019une initiative port\u00e9e par la Xunta de Galice dans le cadre du projet USE4FOREST, visant \u00e0 promouvoir l\u2019\u00e9conomie rurale. L\u2019action se concentre sur la cr\u00e9ation d\u2019un incubateur de fermes et sur le d\u00e9veloppement de ressources agroalimentaires, dans le but de relancer l\u2019activit\u00e9 dans [&hellip;]\" \/>\n<meta property=\"og:url\" content=\"https:\/\/interreg-sudoe.eu\/fr\/evento-proyecto\/use4forest-stimule-leconomie-rurale-a-o-barco-de-valdeorras\/\" \/>\n<meta property=\"og:site_name\" content=\"Interreg Sudoe\" \/>\n<meta property=\"article:publisher\" content=\"https:\/\/www.facebook.com\/interregsudoe\" \/>\n<meta property=\"article:modified_time\" content=\"2026-04-09T07:48:03+00:00\" \/>\n<meta property=\"og:image\" content=\"https:\/\/interreg-sudoe.eu\/wp-content\/uploads\/2026\/03\/3.jpg\" \/>\n\t<meta property=\"og:image:width\" content=\"1080\" \/>\n\t<meta property=\"og:image:height\" content=\"1350\" \/>\n\t<meta property=\"og:image:type\" content=\"image\/jpeg\" \/>\n<meta name=\"twitter:card\" content=\"summary_large_image\" \/>\n<meta name=\"twitter:site\" content=\"@Sudoe5\" \/>\n<meta name=\"twitter:label1\" content=\"Dur\u00e9e de lecture estim\u00e9e\" \/>\n\t<meta name=\"twitter:data1\" content=\"1 minute\" \/>\n<script type=\"application\/ld+json\" class=\"yoast-schema-graph\">{\"@context\":\"https:\\\/\\\/schema.org\",\"@graph\":[{\"@type\":\"WebPage\",\"@id\":\"https:\\\/\\\/interreg-sudoe.eu\\\/fr\\\/evento-proyecto\\\/use4forest-stimule-leconomie-rurale-a-o-barco-de-valdeorras\\\/\",\"url\":\"https:\\\/\\\/interreg-sudoe.eu\\\/fr\\\/evento-proyecto\\\/use4forest-stimule-leconomie-rurale-a-o-barco-de-valdeorras\\\/\",\"name\":\"USE4FOREST stimule l\u2019\u00e9conomie rurale \u00e0 O Barco de Valdeorras - Interreg Sudoe\",\"isPartOf\":{\"@id\":\"https:\\\/\\\/interreg-sudoe.eu\\\/fr\\\/#website\"},\"primaryImageOfPage\":{\"@id\":\"https:\\\/\\\/interreg-sudoe.eu\\\/fr\\\/evento-proyecto\\\/use4forest-stimule-leconomie-rurale-a-o-barco-de-valdeorras\\\/#primaryimage\"},\"image\":{\"@id\":\"https:\\\/\\\/interreg-sudoe.eu\\\/fr\\\/evento-proyecto\\\/use4forest-stimule-leconomie-rurale-a-o-barco-de-valdeorras\\\/#primaryimage\"},\"thumbnailUrl\":\"https:\\\/\\\/interreg-sudoe.eu\\\/wp-content\\\/uploads\\\/2026\\\/03\\\/3.jpg\",\"datePublished\":\"2025-01-27T08:41:05+00:00\",\"dateModified\":\"2026-04-09T07:48:03+00:00\",\"breadcrumb\":{\"@id\":\"https:\\\/\\\/interreg-sudoe.eu\\\/fr\\\/evento-proyecto\\\/use4forest-stimule-leconomie-rurale-a-o-barco-de-valdeorras\\\/#breadcrumb\"},\"inLanguage\":\"fr-FR\",\"potentialAction\":[{\"@type\":\"ReadAction\",\"target\":[\"https:\\\/\\\/interreg-sudoe.eu\\\/fr\\\/evento-proyecto\\\/use4forest-stimule-leconomie-rurale-a-o-barco-de-valdeorras\\\/\"]}]},{\"@type\":\"ImageObject\",\"inLanguage\":\"fr-FR\",\"@id\":\"https:\\\/\\\/interreg-sudoe.eu\\\/fr\\\/evento-proyecto\\\/use4forest-stimule-leconomie-rurale-a-o-barco-de-valdeorras\\\/#primaryimage\",\"url\":\"https:\\\/\\\/interreg-sudoe.eu\\\/wp-content\\\/uploads\\\/2026\\\/03\\\/3.jpg\",\"contentUrl\":\"https:\\\/\\\/interreg-sudoe.eu\\\/wp-content\\\/uploads\\\/2026\\\/03\\\/3.jpg\",\"width\":1080,\"height\":1350},{\"@type\":\"BreadcrumbList\",\"@id\":\"https:\\\/\\\/interreg-sudoe.eu\\\/fr\\\/evento-proyecto\\\/use4forest-stimule-leconomie-rurale-a-o-barco-de-valdeorras\\\/#breadcrumb\",\"itemListElement\":[{\"@type\":\"ListItem\",\"position\":1,\"name\":\"Home\",\"item\":\"https:\\\/\\\/interreg-sudoe.eu\\\/fr\\\/\"},{\"@type\":\"ListItem\",\"position\":2,\"name\":\"USE4FOREST stimule l\u2019\u00e9conomie rurale \u00e0 O Barco de Valdeorras\"}]},{\"@type\":\"WebSite\",\"@id\":\"https:\\\/\\\/interreg-sudoe.eu\\\/fr\\\/#website\",\"url\":\"https:\\\/\\\/interreg-sudoe.eu\\\/fr\\\/\",\"name\":\"Interreg Sudoe\",\"description\":\"Interreg Sudoe\",\"publisher\":{\"@id\":\"https:\\\/\\\/interreg-sudoe.eu\\\/fr\\\/#organization\"},\"alternateName\":\"Interreg Sudoe\",\"potentialAction\":[{\"@type\":\"SearchAction\",\"target\":{\"@type\":\"EntryPoint\",\"urlTemplate\":\"https:\\\/\\\/interreg-sudoe.eu\\\/fr\\\/?s={search_term_string}\"},\"query-input\":{\"@type\":\"PropertyValueSpecification\",\"valueRequired\":true,\"valueName\":\"search_term_string\"}}],\"inLanguage\":\"fr-FR\"},{\"@type\":\"Organization\",\"@id\":\"https:\\\/\\\/interreg-sudoe.eu\\\/fr\\\/#organization\",\"name\":\"Interreg Sudoe\",\"alternateName\":\"Interreg Sudoe\",\"url\":\"https:\\\/\\\/interreg-sudoe.eu\\\/fr\\\/\",\"logo\":{\"@type\":\"ImageObject\",\"inLanguage\":\"fr-FR\",\"@id\":\"https:\\\/\\\/interreg-sudoe.eu\\\/fr\\\/#\\\/schema\\\/logo\\\/image\\\/\",\"url\":\"https:\\\/\\\/interreg-sudoe.eu\\\/wp-content\\\/uploads\\\/2024\\\/03\\\/logo-interreg.png\",\"contentUrl\":\"https:\\\/\\\/interreg-sudoe.eu\\\/wp-content\\\/uploads\\\/2024\\\/03\\\/logo-interreg.png\",\"width\":1200,\"height\":675,\"caption\":\"Interreg Sudoe\"},\"image\":{\"@id\":\"https:\\\/\\\/interreg-sudoe.eu\\\/fr\\\/#\\\/schema\\\/logo\\\/image\\\/\"},\"sameAs\":[\"https:\\\/\\\/www.facebook.com\\\/interregsudoe\",\"https:\\\/\\\/x.com\\\/Sudoe5\",\"https:\\\/\\\/www.youtube.com\\\/channel\\\/UCeGx2edoB32beRc9dbKA2vw\",\"https:\\\/\\\/www.linkedin.com\\\/company\\\/interreg-sudoe-programme\\\/\",\"https:\\\/\\\/www.flickr.com\\\/photos\\\/148704685@N06\\\/\"]}]}<\/script>\n<!-- \/ Yoast SEO plugin. -->","yoast_head_json":{"title":"USE4FOREST stimule l\u2019\u00e9conomie rurale \u00e0 O Barco de Valdeorras - Interreg Sudoe","robots":{"index":"index","follow":"follow","max-snippet":"max-snippet:-1","max-image-preview":"max-image-preview:large","max-video-preview":"max-video-preview:-1"},"canonical":"https:\/\/interreg-sudoe.eu\/fr\/evento-proyecto\/use4forest-stimule-leconomie-rurale-a-o-barco-de-valdeorras\/","og_locale":"fr_FR","og_type":"article","og_title":"USE4FOREST stimule l\u2019\u00e9conomie rurale \u00e0 O Barco de Valdeorras - Interreg Sudoe","og_description":"Le 27 janvier 2025, O Barco de Valdeorras a accueilli la pr\u00e9sentation d\u2019une initiative port\u00e9e par la Xunta de Galice dans le cadre du projet USE4FOREST, visant \u00e0 promouvoir l\u2019\u00e9conomie rurale. L\u2019action se concentre sur la cr\u00e9ation d\u2019un incubateur de fermes et sur le d\u00e9veloppement de ressources agroalimentaires, dans le but de relancer l\u2019activit\u00e9 dans [&hellip;]","og_url":"https:\/\/interreg-sudoe.eu\/fr\/evento-proyecto\/use4forest-stimule-leconomie-rurale-a-o-barco-de-valdeorras\/","og_site_name":"Interreg Sudoe","article_publisher":"https:\/\/www.facebook.com\/interregsudoe","article_modified_time":"2026-04-09T07:48:03+00:00","og_image":[{"width":1080,"height":1350,"url":"https:\/\/interreg-sudoe.eu\/wp-content\/uploads\/2026\/03\/3.jpg","type":"image\/jpeg"}],"twitter_card":"summary_large_image","twitter_site":"@Sudoe5","twitter_misc":{"Dur\u00e9e de lecture estim\u00e9e":"1 minute"},"schema":{"@context":"https:\/\/schema.org","@graph":[{"@type":"WebPage","@id":"https:\/\/interreg-sudoe.eu\/fr\/evento-proyecto\/use4forest-stimule-leconomie-rurale-a-o-barco-de-valdeorras\/","url":"https:\/\/interreg-sudoe.eu\/fr\/evento-proyecto\/use4forest-stimule-leconomie-rurale-a-o-barco-de-valdeorras\/","name":"USE4FOREST stimule l\u2019\u00e9conomie rurale \u00e0 O Barco de Valdeorras - Interreg Sudoe","isPartOf":{"@id":"https:\/\/interreg-sudoe.eu\/fr\/#website"},"primaryImageOfPage":{"@id":"https:\/\/interreg-sudoe.eu\/fr\/evento-proyecto\/use4forest-stimule-leconomie-rurale-a-o-barco-de-valdeorras\/#primaryimage"},"image":{"@id":"https:\/\/interreg-sudoe.eu\/fr\/evento-proyecto\/use4forest-stimule-leconomie-rurale-a-o-barco-de-valdeorras\/#primaryimage"},"thumbnailUrl":"https:\/\/interreg-sudoe.eu\/wp-content\/uploads\/2026\/03\/3.jpg","datePublished":"2025-01-27T08:41:05+00:00","dateModified":"2026-04-09T07:48:03+00:00","breadcrumb":{"@id":"https:\/\/interreg-sudoe.eu\/fr\/evento-proyecto\/use4forest-stimule-leconomie-rurale-a-o-barco-de-valdeorras\/#breadcrumb"},"inLanguage":"fr-FR","potentialAction":[{"@type":"ReadAction","target":["https:\/\/interreg-sudoe.eu\/fr\/evento-proyecto\/use4forest-stimule-leconomie-rurale-a-o-barco-de-valdeorras\/"]}]},{"@type":"ImageObject","inLanguage":"fr-FR","@id":"https:\/\/interreg-sudoe.eu\/fr\/evento-proyecto\/use4forest-stimule-leconomie-rurale-a-o-barco-de-valdeorras\/#primaryimage","url":"https:\/\/interreg-sudoe.eu\/wp-content\/uploads\/2026\/03\/3.jpg","contentUrl":"https:\/\/interreg-sudoe.eu\/wp-content\/uploads\/2026\/03\/3.jpg","width":1080,"height":1350},{"@type":"BreadcrumbList","@id":"https:\/\/interreg-sudoe.eu\/fr\/evento-proyecto\/use4forest-stimule-leconomie-rurale-a-o-barco-de-valdeorras\/#breadcrumb","itemListElement":[{"@type":"ListItem","position":1,"name":"Home","item":"https:\/\/interreg-sudoe.eu\/fr\/"},{"@type":"ListItem","position":2,"name":"USE4FOREST stimule l\u2019\u00e9conomie rurale \u00e0 O Barco de Valdeorras"}]},{"@type":"WebSite","@id":"https:\/\/interreg-sudoe.eu\/fr\/#website","url":"https:\/\/interreg-sudoe.eu\/fr\/","name":"Interreg Sudoe","description":"Interreg Sudoe","publisher":{"@id":"https:\/\/interreg-sudoe.eu\/fr\/#organization"},"alternateName":"Interreg Sudoe","potentialAction":[{"@type":"SearchAction","target":{"@type":"EntryPoint","urlTemplate":"https:\/\/interreg-sudoe.eu\/fr\/?s={search_term_string}"},"query-input":{"@type":"PropertyValueSpecification","valueRequired":true,"valueName":"search_term_string"}}],"inLanguage":"fr-FR"},{"@type":"Organization","@id":"https:\/\/interreg-sudoe.eu\/fr\/#organization","name":"Interreg Sudoe","alternateName":"Interreg Sudoe","url":"https:\/\/interreg-sudoe.eu\/fr\/","logo":{"@type":"ImageObject","inLanguage":"fr-FR","@id":"https:\/\/interreg-sudoe.eu\/fr\/#\/schema\/logo\/image\/","url":"https:\/\/interreg-sudoe.eu\/wp-content\/uploads\/2024\/03\/logo-interreg.png","contentUrl":"https:\/\/interreg-sudoe.eu\/wp-content\/uploads\/2024\/03\/logo-interreg.png","width":1200,"height":675,"caption":"Interreg Sudoe"},"image":{"@id":"https:\/\/interreg-sudoe.eu\/fr\/#\/schema\/logo\/image\/"},"sameAs":["https:\/\/www.facebook.com\/interregsudoe","https:\/\/x.com\/Sudoe5","https:\/\/www.youtube.com\/channel\/UCeGx2edoB32beRc9dbKA2vw","https:\/\/www.linkedin.com\/company\/interreg-sudoe-programme\/","https:\/\/www.flickr.com\/photos\/148704685@N06\/"]}]}},"_links":{"self":[{"href":"https:\/\/interreg-sudoe.eu\/fr\/wp-json\/wp\/v2\/evento-proyecto\/63673","targetHints":{"allow":["GET"]}}],"collection":[{"href":"https:\/\/interreg-sudoe.eu\/fr\/wp-json\/wp\/v2\/evento-proyecto"}],"about":[{"href":"https:\/\/interreg-sudoe.eu\/fr\/wp-json\/wp\/v2\/types\/evento-proyecto"}],"author":[{"embeddable":true,"href":"https:\/\/interreg-sudoe.eu\/fr\/wp-json\/wp\/v2\/users\/6728"}],"wp:featuredmedia":[{"embeddable":true,"href":"https:\/\/interreg-sudoe.eu\/fr\/wp-json\/wp\/v2\/media\/62919"}],"wp:attachment":[{"href":"https:\/\/interreg-sudoe.eu\/fr\/wp-json\/wp\/v2\/media?parent=63673"}],"curies":[{"name":"wp","href":"https:\/\/api.w.org\/{rel}","templated":true}]}}