{"id":63682,"date":"2025-03-27T09:49:24","date_gmt":"2025-03-27T08:49:24","guid":{"rendered":"https:\/\/interreg-sudoe.eu\/?post_type=evento-proyecto&#038;p=63682"},"modified":"2026-04-09T09:59:12","modified_gmt":"2026-04-09T07:59:12","slug":"le-workshop-fire-res-aborde-les-defis-des-incendies-de-foret-extremes","status":"publish","type":"evento-proyecto","link":"https:\/\/interreg-sudoe.eu\/fr\/evento-proyecto\/le-workshop-fire-res-aborde-les-defis-des-incendies-de-foret-extremes\/","title":{"rendered":"Le workshop FIRE-RES aborde les d\u00e9fis des incendies de for\u00eat extr\u00eames"},"content":{"rendered":"<p data-start=\"1154\" data-end=\"1342\">Les 26 et 27 mars 2025 s\u2019est tenu \u00e0 Silleda (Galice) le workshop FIRE-RES, organis\u00e9 par la Xunta de Galice, centr\u00e9 sur l\u2019am\u00e9lioration de la r\u00e9silience face aux incendies de for\u00eat extr\u00eames.<\/p>\n<p data-start=\"1344\" data-end=\"1922\">La rencontre a abord\u00e9 l\u2019impact des incendies sur les communaut\u00e9s rurales, ainsi que les strat\u00e9gies de pr\u00e9vention et de r\u00e9ponse op\u00e9rationnelle en situation de risque \u00e9lev\u00e9. De nouvelles technologies et outils appliqu\u00e9s \u00e0 la gestion du feu ont \u00e9galement \u00e9t\u00e9 pr\u00e9sent\u00e9s. Au cours des sessions, les principaux d\u00e9fis li\u00e9s \u00e0 la d\u00e9fense des espaces forestiers face \u00e0 des incendies de grande ampleur ont \u00e9t\u00e9 analys\u00e9s, et des solutions d\u00e9velopp\u00e9es dans le cadre du projet europ\u00e9en FIRE-RES ont \u00e9t\u00e9 partag\u00e9es, afin d\u2019am\u00e9liorer la capacit\u00e9 d\u2019anticipation et de r\u00e9ponse \u00e0 ce type d\u2019urgences.<\/p>\n<p data-start=\"1924\" data-end=\"1980\">\ud83d\udccd Silleda, Galice, Espagne.<br data-start=\"1952\" data-end=\"1955\" \/>\ud83d\uddd3\ufe0f 26 et 27 mars 2025.<\/p>\n<p data-start=\"1982\" data-end=\"2033\">USE4FOREST : For\u00eats g\u00e9r\u00e9es, territoires prot\u00e9g\u00e9s.<\/p>\n","protected":false},"author":6728,"featured_media":62930,"template":"","meta":{"_acf_changed":false,"content-type":"","_monsterinsights_skip_tracking":false,"_monsterinsights_sitenote_active":false,"_monsterinsights_sitenote_note":"","_monsterinsights_sitenote_category":0},"class_list":["post-63682","evento-proyecto","type-evento-proyecto","status-publish","has-post-thumbnail","hentry"],"acf":[],"yoast_head":"<!-- This site is optimized with the Yoast SEO plugin v27.4 - https:\/\/yoast.com\/product\/yoast-seo-wordpress\/ -->\n<title>Le workshop FIRE-RES aborde les d\u00e9fis des incendies de for\u00eat extr\u00eames - Interreg Sudoe<\/title>\n<meta name=\"robots\" content=\"index, follow, max-snippet:-1, max-image-preview:large, max-video-preview:-1\" \/>\n<link rel=\"canonical\" href=\"https:\/\/interreg-sudoe.eu\/fr\/evento-proyecto\/le-workshop-fire-res-aborde-les-defis-des-incendies-de-foret-extremes\/\" \/>\n<meta property=\"og:locale\" content=\"fr_FR\" \/>\n<meta property=\"og:type\" content=\"article\" \/>\n<meta property=\"og:title\" content=\"Le workshop FIRE-RES aborde les d\u00e9fis des incendies de for\u00eat extr\u00eames - Interreg Sudoe\" \/>\n<meta property=\"og:description\" content=\"Les 26 et 27 mars 2025 s\u2019est tenu \u00e0 Silleda (Galice) le workshop FIRE-RES, organis\u00e9 par la Xunta de Galice, centr\u00e9 sur l\u2019am\u00e9lioration de la r\u00e9silience face aux incendies de for\u00eat extr\u00eames. La rencontre a abord\u00e9 l\u2019impact des incendies sur les communaut\u00e9s rurales, ainsi que les strat\u00e9gies de pr\u00e9vention et de r\u00e9ponse op\u00e9rationnelle en situation [&hellip;]\" \/>\n<meta property=\"og:url\" content=\"https:\/\/interreg-sudoe.eu\/fr\/evento-proyecto\/le-workshop-fire-res-aborde-les-defis-des-incendies-de-foret-extremes\/\" \/>\n<meta property=\"og:site_name\" content=\"Interreg Sudoe\" \/>\n<meta property=\"article:publisher\" content=\"https:\/\/www.facebook.com\/interregsudoe\" \/>\n<meta property=\"article:modified_time\" content=\"2026-04-09T07:59:12+00:00\" \/>\n<meta property=\"og:image\" content=\"https:\/\/interreg-sudoe.eu\/wp-content\/uploads\/2025\/03\/4-2.jpg\" \/>\n\t<meta property=\"og:image:width\" content=\"1080\" \/>\n\t<meta property=\"og:image:height\" content=\"1350\" \/>\n\t<meta property=\"og:image:type\" content=\"image\/jpeg\" \/>\n<meta name=\"twitter:card\" content=\"summary_large_image\" \/>\n<meta name=\"twitter:site\" content=\"@Sudoe5\" \/>\n<meta name=\"twitter:label1\" content=\"Dur\u00e9e de lecture estim\u00e9e\" \/>\n\t<meta name=\"twitter:data1\" content=\"1 minute\" \/>\n<script type=\"application\/ld+json\" class=\"yoast-schema-graph\">{\"@context\":\"https:\\\/\\\/schema.org\",\"@graph\":[{\"@type\":\"WebPage\",\"@id\":\"https:\\\/\\\/interreg-sudoe.eu\\\/fr\\\/evento-proyecto\\\/le-workshop-fire-res-aborde-les-defis-des-incendies-de-foret-extremes\\\/\",\"url\":\"https:\\\/\\\/interreg-sudoe.eu\\\/fr\\\/evento-proyecto\\\/le-workshop-fire-res-aborde-les-defis-des-incendies-de-foret-extremes\\\/\",\"name\":\"Le workshop FIRE-RES aborde les d\u00e9fis des incendies de for\u00eat extr\u00eames - Interreg Sudoe\",\"isPartOf\":{\"@id\":\"https:\\\/\\\/interreg-sudoe.eu\\\/fr\\\/#website\"},\"primaryImageOfPage\":{\"@id\":\"https:\\\/\\\/interreg-sudoe.eu\\\/fr\\\/evento-proyecto\\\/le-workshop-fire-res-aborde-les-defis-des-incendies-de-foret-extremes\\\/#primaryimage\"},\"image\":{\"@id\":\"https:\\\/\\\/interreg-sudoe.eu\\\/fr\\\/evento-proyecto\\\/le-workshop-fire-res-aborde-les-defis-des-incendies-de-foret-extremes\\\/#primaryimage\"},\"thumbnailUrl\":\"https:\\\/\\\/interreg-sudoe.eu\\\/wp-content\\\/uploads\\\/2025\\\/03\\\/4-2.jpg\",\"datePublished\":\"2025-03-27T08:49:24+00:00\",\"dateModified\":\"2026-04-09T07:59:12+00:00\",\"breadcrumb\":{\"@id\":\"https:\\\/\\\/interreg-sudoe.eu\\\/fr\\\/evento-proyecto\\\/le-workshop-fire-res-aborde-les-defis-des-incendies-de-foret-extremes\\\/#breadcrumb\"},\"inLanguage\":\"fr-FR\",\"potentialAction\":[{\"@type\":\"ReadAction\",\"target\":[\"https:\\\/\\\/interreg-sudoe.eu\\\/fr\\\/evento-proyecto\\\/le-workshop-fire-res-aborde-les-defis-des-incendies-de-foret-extremes\\\/\"]}]},{\"@type\":\"ImageObject\",\"inLanguage\":\"fr-FR\",\"@id\":\"https:\\\/\\\/interreg-sudoe.eu\\\/fr\\\/evento-proyecto\\\/le-workshop-fire-res-aborde-les-defis-des-incendies-de-foret-extremes\\\/#primaryimage\",\"url\":\"https:\\\/\\\/interreg-sudoe.eu\\\/wp-content\\\/uploads\\\/2025\\\/03\\\/4-2.jpg\",\"contentUrl\":\"https:\\\/\\\/interreg-sudoe.eu\\\/wp-content\\\/uploads\\\/2025\\\/03\\\/4-2.jpg\",\"width\":1080,\"height\":1350},{\"@type\":\"BreadcrumbList\",\"@id\":\"https:\\\/\\\/interreg-sudoe.eu\\\/fr\\\/evento-proyecto\\\/le-workshop-fire-res-aborde-les-defis-des-incendies-de-foret-extremes\\\/#breadcrumb\",\"itemListElement\":[{\"@type\":\"ListItem\",\"position\":1,\"name\":\"Home\",\"item\":\"https:\\\/\\\/interreg-sudoe.eu\\\/fr\\\/\"},{\"@type\":\"ListItem\",\"position\":2,\"name\":\"Le workshop FIRE-RES aborde les d\u00e9fis des incendies de for\u00eat extr\u00eames\"}]},{\"@type\":\"WebSite\",\"@id\":\"https:\\\/\\\/interreg-sudoe.eu\\\/fr\\\/#website\",\"url\":\"https:\\\/\\\/interreg-sudoe.eu\\\/fr\\\/\",\"name\":\"Interreg Sudoe\",\"description\":\"Interreg Sudoe\",\"publisher\":{\"@id\":\"https:\\\/\\\/interreg-sudoe.eu\\\/fr\\\/#organization\"},\"alternateName\":\"Interreg Sudoe\",\"potentialAction\":[{\"@type\":\"SearchAction\",\"target\":{\"@type\":\"EntryPoint\",\"urlTemplate\":\"https:\\\/\\\/interreg-sudoe.eu\\\/fr\\\/?s={search_term_string}\"},\"query-input\":{\"@type\":\"PropertyValueSpecification\",\"valueRequired\":true,\"valueName\":\"search_term_string\"}}],\"inLanguage\":\"fr-FR\"},{\"@type\":\"Organization\",\"@id\":\"https:\\\/\\\/interreg-sudoe.eu\\\/fr\\\/#organization\",\"name\":\"Interreg Sudoe\",\"alternateName\":\"Interreg Sudoe\",\"url\":\"https:\\\/\\\/interreg-sudoe.eu\\\/fr\\\/\",\"logo\":{\"@type\":\"ImageObject\",\"inLanguage\":\"fr-FR\",\"@id\":\"https:\\\/\\\/interreg-sudoe.eu\\\/fr\\\/#\\\/schema\\\/logo\\\/image\\\/\",\"url\":\"https:\\\/\\\/interreg-sudoe.eu\\\/wp-content\\\/uploads\\\/2024\\\/03\\\/logo-interreg.png\",\"contentUrl\":\"https:\\\/\\\/interreg-sudoe.eu\\\/wp-content\\\/uploads\\\/2024\\\/03\\\/logo-interreg.png\",\"width\":1200,\"height\":675,\"caption\":\"Interreg Sudoe\"},\"image\":{\"@id\":\"https:\\\/\\\/interreg-sudoe.eu\\\/fr\\\/#\\\/schema\\\/logo\\\/image\\\/\"},\"sameAs\":[\"https:\\\/\\\/www.facebook.com\\\/interregsudoe\",\"https:\\\/\\\/x.com\\\/Sudoe5\",\"https:\\\/\\\/www.youtube.com\\\/channel\\\/UCeGx2edoB32beRc9dbKA2vw\",\"https:\\\/\\\/www.linkedin.com\\\/company\\\/interreg-sudoe-programme\\\/\",\"https:\\\/\\\/www.flickr.com\\\/photos\\\/148704685@N06\\\/\"]}]}<\/script>\n<!-- \/ Yoast SEO plugin. -->","yoast_head_json":{"title":"Le workshop FIRE-RES aborde les d\u00e9fis des incendies de for\u00eat extr\u00eames - Interreg Sudoe","robots":{"index":"index","follow":"follow","max-snippet":"max-snippet:-1","max-image-preview":"max-image-preview:large","max-video-preview":"max-video-preview:-1"},"canonical":"https:\/\/interreg-sudoe.eu\/fr\/evento-proyecto\/le-workshop-fire-res-aborde-les-defis-des-incendies-de-foret-extremes\/","og_locale":"fr_FR","og_type":"article","og_title":"Le workshop FIRE-RES aborde les d\u00e9fis des incendies de for\u00eat extr\u00eames - Interreg Sudoe","og_description":"Les 26 et 27 mars 2025 s\u2019est tenu \u00e0 Silleda (Galice) le workshop FIRE-RES, organis\u00e9 par la Xunta de Galice, centr\u00e9 sur l\u2019am\u00e9lioration de la r\u00e9silience face aux incendies de for\u00eat extr\u00eames. La rencontre a abord\u00e9 l\u2019impact des incendies sur les communaut\u00e9s rurales, ainsi que les strat\u00e9gies de pr\u00e9vention et de r\u00e9ponse op\u00e9rationnelle en situation [&hellip;]","og_url":"https:\/\/interreg-sudoe.eu\/fr\/evento-proyecto\/le-workshop-fire-res-aborde-les-defis-des-incendies-de-foret-extremes\/","og_site_name":"Interreg Sudoe","article_publisher":"https:\/\/www.facebook.com\/interregsudoe","article_modified_time":"2026-04-09T07:59:12+00:00","og_image":[{"width":1080,"height":1350,"url":"https:\/\/interreg-sudoe.eu\/wp-content\/uploads\/2025\/03\/4-2.jpg","type":"image\/jpeg"}],"twitter_card":"summary_large_image","twitter_site":"@Sudoe5","twitter_misc":{"Dur\u00e9e de lecture estim\u00e9e":"1 minute"},"schema":{"@context":"https:\/\/schema.org","@graph":[{"@type":"WebPage","@id":"https:\/\/interreg-sudoe.eu\/fr\/evento-proyecto\/le-workshop-fire-res-aborde-les-defis-des-incendies-de-foret-extremes\/","url":"https:\/\/interreg-sudoe.eu\/fr\/evento-proyecto\/le-workshop-fire-res-aborde-les-defis-des-incendies-de-foret-extremes\/","name":"Le workshop FIRE-RES aborde les d\u00e9fis des incendies de for\u00eat extr\u00eames - Interreg Sudoe","isPartOf":{"@id":"https:\/\/interreg-sudoe.eu\/fr\/#website"},"primaryImageOfPage":{"@id":"https:\/\/interreg-sudoe.eu\/fr\/evento-proyecto\/le-workshop-fire-res-aborde-les-defis-des-incendies-de-foret-extremes\/#primaryimage"},"image":{"@id":"https:\/\/interreg-sudoe.eu\/fr\/evento-proyecto\/le-workshop-fire-res-aborde-les-defis-des-incendies-de-foret-extremes\/#primaryimage"},"thumbnailUrl":"https:\/\/interreg-sudoe.eu\/wp-content\/uploads\/2025\/03\/4-2.jpg","datePublished":"2025-03-27T08:49:24+00:00","dateModified":"2026-04-09T07:59:12+00:00","breadcrumb":{"@id":"https:\/\/interreg-sudoe.eu\/fr\/evento-proyecto\/le-workshop-fire-res-aborde-les-defis-des-incendies-de-foret-extremes\/#breadcrumb"},"inLanguage":"fr-FR","potentialAction":[{"@type":"ReadAction","target":["https:\/\/interreg-sudoe.eu\/fr\/evento-proyecto\/le-workshop-fire-res-aborde-les-defis-des-incendies-de-foret-extremes\/"]}]},{"@type":"ImageObject","inLanguage":"fr-FR","@id":"https:\/\/interreg-sudoe.eu\/fr\/evento-proyecto\/le-workshop-fire-res-aborde-les-defis-des-incendies-de-foret-extremes\/#primaryimage","url":"https:\/\/interreg-sudoe.eu\/wp-content\/uploads\/2025\/03\/4-2.jpg","contentUrl":"https:\/\/interreg-sudoe.eu\/wp-content\/uploads\/2025\/03\/4-2.jpg","width":1080,"height":1350},{"@type":"BreadcrumbList","@id":"https:\/\/interreg-sudoe.eu\/fr\/evento-proyecto\/le-workshop-fire-res-aborde-les-defis-des-incendies-de-foret-extremes\/#breadcrumb","itemListElement":[{"@type":"ListItem","position":1,"name":"Home","item":"https:\/\/interreg-sudoe.eu\/fr\/"},{"@type":"ListItem","position":2,"name":"Le workshop FIRE-RES aborde les d\u00e9fis des incendies de for\u00eat extr\u00eames"}]},{"@type":"WebSite","@id":"https:\/\/interreg-sudoe.eu\/fr\/#website","url":"https:\/\/interreg-sudoe.eu\/fr\/","name":"Interreg Sudoe","description":"Interreg Sudoe","publisher":{"@id":"https:\/\/interreg-sudoe.eu\/fr\/#organization"},"alternateName":"Interreg Sudoe","potentialAction":[{"@type":"SearchAction","target":{"@type":"EntryPoint","urlTemplate":"https:\/\/interreg-sudoe.eu\/fr\/?s={search_term_string}"},"query-input":{"@type":"PropertyValueSpecification","valueRequired":true,"valueName":"search_term_string"}}],"inLanguage":"fr-FR"},{"@type":"Organization","@id":"https:\/\/interreg-sudoe.eu\/fr\/#organization","name":"Interreg Sudoe","alternateName":"Interreg Sudoe","url":"https:\/\/interreg-sudoe.eu\/fr\/","logo":{"@type":"ImageObject","inLanguage":"fr-FR","@id":"https:\/\/interreg-sudoe.eu\/fr\/#\/schema\/logo\/image\/","url":"https:\/\/interreg-sudoe.eu\/wp-content\/uploads\/2024\/03\/logo-interreg.png","contentUrl":"https:\/\/interreg-sudoe.eu\/wp-content\/uploads\/2024\/03\/logo-interreg.png","width":1200,"height":675,"caption":"Interreg Sudoe"},"image":{"@id":"https:\/\/interreg-sudoe.eu\/fr\/#\/schema\/logo\/image\/"},"sameAs":["https:\/\/www.facebook.com\/interregsudoe","https:\/\/x.com\/Sudoe5","https:\/\/www.youtube.com\/channel\/UCeGx2edoB32beRc9dbKA2vw","https:\/\/www.linkedin.com\/company\/interreg-sudoe-programme\/","https:\/\/www.flickr.com\/photos\/148704685@N06\/"]}]}},"_links":{"self":[{"href":"https:\/\/interreg-sudoe.eu\/fr\/wp-json\/wp\/v2\/evento-proyecto\/63682","targetHints":{"allow":["GET"]}}],"collection":[{"href":"https:\/\/interreg-sudoe.eu\/fr\/wp-json\/wp\/v2\/evento-proyecto"}],"about":[{"href":"https:\/\/interreg-sudoe.eu\/fr\/wp-json\/wp\/v2\/types\/evento-proyecto"}],"author":[{"embeddable":true,"href":"https:\/\/interreg-sudoe.eu\/fr\/wp-json\/wp\/v2\/users\/6728"}],"wp:featuredmedia":[{"embeddable":true,"href":"https:\/\/interreg-sudoe.eu\/fr\/wp-json\/wp\/v2\/media\/62930"}],"wp:attachment":[{"href":"https:\/\/interreg-sudoe.eu\/fr\/wp-json\/wp\/v2\/media?parent=63682"}],"curies":[{"name":"wp","href":"https:\/\/api.w.org\/{rel}","templated":true}]}}