{"id":63699,"date":"2025-04-22T10:08:29","date_gmt":"2025-04-22T08:08:29","guid":{"rendered":"https:\/\/interreg-sudoe.eu\/?post_type=evento-proyecto&#038;p=63699"},"modified":"2026-04-09T10:14:37","modified_gmt":"2026-04-09T08:14:37","slug":"use4forest-participe-a-la-presentation-dun-conte-pour-enfants-sur-les-incendies-de-foret","status":"publish","type":"evento-proyecto","link":"https:\/\/interreg-sudoe.eu\/fr\/evento-proyecto\/use4forest-participe-a-la-presentation-dun-conte-pour-enfants-sur-les-incendies-de-foret\/","title":{"rendered":"USE4FOREST participe \u00e0 la pr\u00e9sentation d\u2019un conte pour enfants sur les incendies de for\u00eat"},"content":{"rendered":"<p data-start=\"2606\" data-end=\"2789\">Le 22 avril 2025 a eu lieu \u00e0 La Corogne la pr\u00e9sentation d\u2019une nouvelle publication d\u2019Os Bolechas, port\u00e9e par la Xunta de Galice, centr\u00e9e sur la sensibilisation aux incendies de for\u00eat.<\/p>\n<p data-start=\"2791\" data-end=\"3153\">L\u2019ouvrage, destin\u00e9 au jeune public, vise \u00e0 sensibiliser les enfants \u00e0 l\u2019importance de pr\u00e9server l\u2019environnement et de pr\u00e9venir les comportements \u00e0 risque dans le milieu naturel. \u00c0 travers une approche p\u00e9dagogique et accessible, il introduit des notions de base li\u00e9es au feu et \u00e0 ses cons\u00e9quences, en encourageant des habitudes responsables d\u00e8s le plus jeune \u00e2ge.<\/p>\n<p data-start=\"3155\" data-end=\"3567\">La publication s\u2019inscrit dans les actions d\u2019\u00e9ducation et de sensibilisation environnementale visant \u00e0 renforcer la pr\u00e9vention des incendies de for\u00eat, en soulignant le r\u00f4le de la sensibilisation citoyenne dans la protection du territoire. Dans ce contexte, USE4FOREST participe \u00e0 des initiatives qui promeuvent la sensibilisation et la formation comme fondement d\u2019une gestion plus responsable du milieu forestier.<\/p>\n<p data-start=\"3569\" data-end=\"3642\">\ud83d\udccd La Corogne, Galice, Espagne.<br data-start=\"3619\" data-end=\"3622\" \/>\ud83d\uddd3\ufe0f 22 avril 2025.<\/p>\n<p data-start=\"3644\" data-end=\"3695\">USE4FOREST : For\u00eats g\u00e9r\u00e9es, territoires prot\u00e9g\u00e9s.<\/p>\n","protected":false},"author":6728,"featured_media":62952,"template":"","meta":{"_acf_changed":false,"content-type":"","_monsterinsights_skip_tracking":false,"_monsterinsights_sitenote_active":false,"_monsterinsights_sitenote_note":"","_monsterinsights_sitenote_category":0},"class_list":["post-63699","evento-proyecto","type-evento-proyecto","status-publish","has-post-thumbnail","hentry"],"acf":[],"yoast_head":"<!-- This site is optimized with the Yoast SEO plugin v27.4 - https:\/\/yoast.com\/product\/yoast-seo-wordpress\/ -->\n<title>USE4FOREST participe \u00e0 la pr\u00e9sentation d\u2019un conte pour enfants sur les incendies de for\u00eat - Interreg Sudoe<\/title>\n<meta name=\"robots\" content=\"index, follow, max-snippet:-1, max-image-preview:large, max-video-preview:-1\" \/>\n<link rel=\"canonical\" href=\"https:\/\/interreg-sudoe.eu\/fr\/evento-proyecto\/use4forest-participe-a-la-presentation-dun-conte-pour-enfants-sur-les-incendies-de-foret\/\" \/>\n<meta property=\"og:locale\" content=\"fr_FR\" \/>\n<meta property=\"og:type\" content=\"article\" \/>\n<meta property=\"og:title\" content=\"USE4FOREST participe \u00e0 la pr\u00e9sentation d\u2019un conte pour enfants sur les incendies de for\u00eat - Interreg Sudoe\" \/>\n<meta property=\"og:description\" content=\"Le 22 avril 2025 a eu lieu \u00e0 La Corogne la pr\u00e9sentation d\u2019une nouvelle publication d\u2019Os Bolechas, port\u00e9e par la Xunta de Galice, centr\u00e9e sur la sensibilisation aux incendies de for\u00eat. L\u2019ouvrage, destin\u00e9 au jeune public, vise \u00e0 sensibiliser les enfants \u00e0 l\u2019importance de pr\u00e9server l\u2019environnement et de pr\u00e9venir les comportements \u00e0 risque dans le [&hellip;]\" \/>\n<meta property=\"og:url\" content=\"https:\/\/interreg-sudoe.eu\/fr\/evento-proyecto\/use4forest-participe-a-la-presentation-dun-conte-pour-enfants-sur-les-incendies-de-foret\/\" \/>\n<meta property=\"og:site_name\" content=\"Interreg Sudoe\" \/>\n<meta property=\"article:publisher\" content=\"https:\/\/www.facebook.com\/interregsudoe\" \/>\n<meta property=\"article:modified_time\" content=\"2026-04-09T08:14:37+00:00\" \/>\n<meta property=\"og:image\" content=\"https:\/\/interreg-sudoe.eu\/wp-content\/uploads\/2026\/03\/6.jpg\" \/>\n\t<meta property=\"og:image:width\" content=\"1080\" \/>\n\t<meta property=\"og:image:height\" content=\"1350\" \/>\n\t<meta property=\"og:image:type\" content=\"image\/jpeg\" \/>\n<meta name=\"twitter:card\" content=\"summary_large_image\" \/>\n<meta name=\"twitter:site\" content=\"@Sudoe5\" \/>\n<meta name=\"twitter:label1\" content=\"Dur\u00e9e de lecture estim\u00e9e\" \/>\n\t<meta name=\"twitter:data1\" content=\"1 minute\" \/>\n<script type=\"application\/ld+json\" class=\"yoast-schema-graph\">{\"@context\":\"https:\\\/\\\/schema.org\",\"@graph\":[{\"@type\":\"WebPage\",\"@id\":\"https:\\\/\\\/interreg-sudoe.eu\\\/fr\\\/evento-proyecto\\\/use4forest-participe-a-la-presentation-dun-conte-pour-enfants-sur-les-incendies-de-foret\\\/\",\"url\":\"https:\\\/\\\/interreg-sudoe.eu\\\/fr\\\/evento-proyecto\\\/use4forest-participe-a-la-presentation-dun-conte-pour-enfants-sur-les-incendies-de-foret\\\/\",\"name\":\"USE4FOREST participe \u00e0 la pr\u00e9sentation d\u2019un conte pour enfants sur les incendies de for\u00eat - Interreg Sudoe\",\"isPartOf\":{\"@id\":\"https:\\\/\\\/interreg-sudoe.eu\\\/fr\\\/#website\"},\"primaryImageOfPage\":{\"@id\":\"https:\\\/\\\/interreg-sudoe.eu\\\/fr\\\/evento-proyecto\\\/use4forest-participe-a-la-presentation-dun-conte-pour-enfants-sur-les-incendies-de-foret\\\/#primaryimage\"},\"image\":{\"@id\":\"https:\\\/\\\/interreg-sudoe.eu\\\/fr\\\/evento-proyecto\\\/use4forest-participe-a-la-presentation-dun-conte-pour-enfants-sur-les-incendies-de-foret\\\/#primaryimage\"},\"thumbnailUrl\":\"https:\\\/\\\/interreg-sudoe.eu\\\/wp-content\\\/uploads\\\/2026\\\/03\\\/6.jpg\",\"datePublished\":\"2025-04-22T08:08:29+00:00\",\"dateModified\":\"2026-04-09T08:14:37+00:00\",\"breadcrumb\":{\"@id\":\"https:\\\/\\\/interreg-sudoe.eu\\\/fr\\\/evento-proyecto\\\/use4forest-participe-a-la-presentation-dun-conte-pour-enfants-sur-les-incendies-de-foret\\\/#breadcrumb\"},\"inLanguage\":\"fr-FR\",\"potentialAction\":[{\"@type\":\"ReadAction\",\"target\":[\"https:\\\/\\\/interreg-sudoe.eu\\\/fr\\\/evento-proyecto\\\/use4forest-participe-a-la-presentation-dun-conte-pour-enfants-sur-les-incendies-de-foret\\\/\"]}]},{\"@type\":\"ImageObject\",\"inLanguage\":\"fr-FR\",\"@id\":\"https:\\\/\\\/interreg-sudoe.eu\\\/fr\\\/evento-proyecto\\\/use4forest-participe-a-la-presentation-dun-conte-pour-enfants-sur-les-incendies-de-foret\\\/#primaryimage\",\"url\":\"https:\\\/\\\/interreg-sudoe.eu\\\/wp-content\\\/uploads\\\/2026\\\/03\\\/6.jpg\",\"contentUrl\":\"https:\\\/\\\/interreg-sudoe.eu\\\/wp-content\\\/uploads\\\/2026\\\/03\\\/6.jpg\",\"width\":1080,\"height\":1350},{\"@type\":\"BreadcrumbList\",\"@id\":\"https:\\\/\\\/interreg-sudoe.eu\\\/fr\\\/evento-proyecto\\\/use4forest-participe-a-la-presentation-dun-conte-pour-enfants-sur-les-incendies-de-foret\\\/#breadcrumb\",\"itemListElement\":[{\"@type\":\"ListItem\",\"position\":1,\"name\":\"Home\",\"item\":\"https:\\\/\\\/interreg-sudoe.eu\\\/fr\\\/\"},{\"@type\":\"ListItem\",\"position\":2,\"name\":\"USE4FOREST participe \u00e0 la pr\u00e9sentation d\u2019un conte pour enfants sur les incendies de for\u00eat\"}]},{\"@type\":\"WebSite\",\"@id\":\"https:\\\/\\\/interreg-sudoe.eu\\\/fr\\\/#website\",\"url\":\"https:\\\/\\\/interreg-sudoe.eu\\\/fr\\\/\",\"name\":\"Interreg Sudoe\",\"description\":\"Interreg Sudoe\",\"publisher\":{\"@id\":\"https:\\\/\\\/interreg-sudoe.eu\\\/fr\\\/#organization\"},\"alternateName\":\"Interreg Sudoe\",\"potentialAction\":[{\"@type\":\"SearchAction\",\"target\":{\"@type\":\"EntryPoint\",\"urlTemplate\":\"https:\\\/\\\/interreg-sudoe.eu\\\/fr\\\/?s={search_term_string}\"},\"query-input\":{\"@type\":\"PropertyValueSpecification\",\"valueRequired\":true,\"valueName\":\"search_term_string\"}}],\"inLanguage\":\"fr-FR\"},{\"@type\":\"Organization\",\"@id\":\"https:\\\/\\\/interreg-sudoe.eu\\\/fr\\\/#organization\",\"name\":\"Interreg Sudoe\",\"alternateName\":\"Interreg Sudoe\",\"url\":\"https:\\\/\\\/interreg-sudoe.eu\\\/fr\\\/\",\"logo\":{\"@type\":\"ImageObject\",\"inLanguage\":\"fr-FR\",\"@id\":\"https:\\\/\\\/interreg-sudoe.eu\\\/fr\\\/#\\\/schema\\\/logo\\\/image\\\/\",\"url\":\"https:\\\/\\\/interreg-sudoe.eu\\\/wp-content\\\/uploads\\\/2024\\\/03\\\/logo-interreg.png\",\"contentUrl\":\"https:\\\/\\\/interreg-sudoe.eu\\\/wp-content\\\/uploads\\\/2024\\\/03\\\/logo-interreg.png\",\"width\":1200,\"height\":675,\"caption\":\"Interreg Sudoe\"},\"image\":{\"@id\":\"https:\\\/\\\/interreg-sudoe.eu\\\/fr\\\/#\\\/schema\\\/logo\\\/image\\\/\"},\"sameAs\":[\"https:\\\/\\\/www.facebook.com\\\/interregsudoe\",\"https:\\\/\\\/x.com\\\/Sudoe5\",\"https:\\\/\\\/www.youtube.com\\\/channel\\\/UCeGx2edoB32beRc9dbKA2vw\",\"https:\\\/\\\/www.linkedin.com\\\/company\\\/interreg-sudoe-programme\\\/\",\"https:\\\/\\\/www.flickr.com\\\/photos\\\/148704685@N06\\\/\"]}]}<\/script>\n<!-- \/ Yoast SEO plugin. -->","yoast_head_json":{"title":"USE4FOREST participe \u00e0 la pr\u00e9sentation d\u2019un conte pour enfants sur les incendies de for\u00eat - Interreg Sudoe","robots":{"index":"index","follow":"follow","max-snippet":"max-snippet:-1","max-image-preview":"max-image-preview:large","max-video-preview":"max-video-preview:-1"},"canonical":"https:\/\/interreg-sudoe.eu\/fr\/evento-proyecto\/use4forest-participe-a-la-presentation-dun-conte-pour-enfants-sur-les-incendies-de-foret\/","og_locale":"fr_FR","og_type":"article","og_title":"USE4FOREST participe \u00e0 la pr\u00e9sentation d\u2019un conte pour enfants sur les incendies de for\u00eat - Interreg Sudoe","og_description":"Le 22 avril 2025 a eu lieu \u00e0 La Corogne la pr\u00e9sentation d\u2019une nouvelle publication d\u2019Os Bolechas, port\u00e9e par la Xunta de Galice, centr\u00e9e sur la sensibilisation aux incendies de for\u00eat. L\u2019ouvrage, destin\u00e9 au jeune public, vise \u00e0 sensibiliser les enfants \u00e0 l\u2019importance de pr\u00e9server l\u2019environnement et de pr\u00e9venir les comportements \u00e0 risque dans le [&hellip;]","og_url":"https:\/\/interreg-sudoe.eu\/fr\/evento-proyecto\/use4forest-participe-a-la-presentation-dun-conte-pour-enfants-sur-les-incendies-de-foret\/","og_site_name":"Interreg Sudoe","article_publisher":"https:\/\/www.facebook.com\/interregsudoe","article_modified_time":"2026-04-09T08:14:37+00:00","og_image":[{"width":1080,"height":1350,"url":"https:\/\/interreg-sudoe.eu\/wp-content\/uploads\/2026\/03\/6.jpg","type":"image\/jpeg"}],"twitter_card":"summary_large_image","twitter_site":"@Sudoe5","twitter_misc":{"Dur\u00e9e de lecture estim\u00e9e":"1 minute"},"schema":{"@context":"https:\/\/schema.org","@graph":[{"@type":"WebPage","@id":"https:\/\/interreg-sudoe.eu\/fr\/evento-proyecto\/use4forest-participe-a-la-presentation-dun-conte-pour-enfants-sur-les-incendies-de-foret\/","url":"https:\/\/interreg-sudoe.eu\/fr\/evento-proyecto\/use4forest-participe-a-la-presentation-dun-conte-pour-enfants-sur-les-incendies-de-foret\/","name":"USE4FOREST participe \u00e0 la pr\u00e9sentation d\u2019un conte pour enfants sur les incendies de for\u00eat - Interreg Sudoe","isPartOf":{"@id":"https:\/\/interreg-sudoe.eu\/fr\/#website"},"primaryImageOfPage":{"@id":"https:\/\/interreg-sudoe.eu\/fr\/evento-proyecto\/use4forest-participe-a-la-presentation-dun-conte-pour-enfants-sur-les-incendies-de-foret\/#primaryimage"},"image":{"@id":"https:\/\/interreg-sudoe.eu\/fr\/evento-proyecto\/use4forest-participe-a-la-presentation-dun-conte-pour-enfants-sur-les-incendies-de-foret\/#primaryimage"},"thumbnailUrl":"https:\/\/interreg-sudoe.eu\/wp-content\/uploads\/2026\/03\/6.jpg","datePublished":"2025-04-22T08:08:29+00:00","dateModified":"2026-04-09T08:14:37+00:00","breadcrumb":{"@id":"https:\/\/interreg-sudoe.eu\/fr\/evento-proyecto\/use4forest-participe-a-la-presentation-dun-conte-pour-enfants-sur-les-incendies-de-foret\/#breadcrumb"},"inLanguage":"fr-FR","potentialAction":[{"@type":"ReadAction","target":["https:\/\/interreg-sudoe.eu\/fr\/evento-proyecto\/use4forest-participe-a-la-presentation-dun-conte-pour-enfants-sur-les-incendies-de-foret\/"]}]},{"@type":"ImageObject","inLanguage":"fr-FR","@id":"https:\/\/interreg-sudoe.eu\/fr\/evento-proyecto\/use4forest-participe-a-la-presentation-dun-conte-pour-enfants-sur-les-incendies-de-foret\/#primaryimage","url":"https:\/\/interreg-sudoe.eu\/wp-content\/uploads\/2026\/03\/6.jpg","contentUrl":"https:\/\/interreg-sudoe.eu\/wp-content\/uploads\/2026\/03\/6.jpg","width":1080,"height":1350},{"@type":"BreadcrumbList","@id":"https:\/\/interreg-sudoe.eu\/fr\/evento-proyecto\/use4forest-participe-a-la-presentation-dun-conte-pour-enfants-sur-les-incendies-de-foret\/#breadcrumb","itemListElement":[{"@type":"ListItem","position":1,"name":"Home","item":"https:\/\/interreg-sudoe.eu\/fr\/"},{"@type":"ListItem","position":2,"name":"USE4FOREST participe \u00e0 la pr\u00e9sentation d\u2019un conte pour enfants sur les incendies de for\u00eat"}]},{"@type":"WebSite","@id":"https:\/\/interreg-sudoe.eu\/fr\/#website","url":"https:\/\/interreg-sudoe.eu\/fr\/","name":"Interreg Sudoe","description":"Interreg Sudoe","publisher":{"@id":"https:\/\/interreg-sudoe.eu\/fr\/#organization"},"alternateName":"Interreg Sudoe","potentialAction":[{"@type":"SearchAction","target":{"@type":"EntryPoint","urlTemplate":"https:\/\/interreg-sudoe.eu\/fr\/?s={search_term_string}"},"query-input":{"@type":"PropertyValueSpecification","valueRequired":true,"valueName":"search_term_string"}}],"inLanguage":"fr-FR"},{"@type":"Organization","@id":"https:\/\/interreg-sudoe.eu\/fr\/#organization","name":"Interreg Sudoe","alternateName":"Interreg Sudoe","url":"https:\/\/interreg-sudoe.eu\/fr\/","logo":{"@type":"ImageObject","inLanguage":"fr-FR","@id":"https:\/\/interreg-sudoe.eu\/fr\/#\/schema\/logo\/image\/","url":"https:\/\/interreg-sudoe.eu\/wp-content\/uploads\/2024\/03\/logo-interreg.png","contentUrl":"https:\/\/interreg-sudoe.eu\/wp-content\/uploads\/2024\/03\/logo-interreg.png","width":1200,"height":675,"caption":"Interreg Sudoe"},"image":{"@id":"https:\/\/interreg-sudoe.eu\/fr\/#\/schema\/logo\/image\/"},"sameAs":["https:\/\/www.facebook.com\/interregsudoe","https:\/\/x.com\/Sudoe5","https:\/\/www.youtube.com\/channel\/UCeGx2edoB32beRc9dbKA2vw","https:\/\/www.linkedin.com\/company\/interreg-sudoe-programme\/","https:\/\/www.flickr.com\/photos\/148704685@N06\/"]}]}},"_links":{"self":[{"href":"https:\/\/interreg-sudoe.eu\/fr\/wp-json\/wp\/v2\/evento-proyecto\/63699","targetHints":{"allow":["GET"]}}],"collection":[{"href":"https:\/\/interreg-sudoe.eu\/fr\/wp-json\/wp\/v2\/evento-proyecto"}],"about":[{"href":"https:\/\/interreg-sudoe.eu\/fr\/wp-json\/wp\/v2\/types\/evento-proyecto"}],"author":[{"embeddable":true,"href":"https:\/\/interreg-sudoe.eu\/fr\/wp-json\/wp\/v2\/users\/6728"}],"wp:featuredmedia":[{"embeddable":true,"href":"https:\/\/interreg-sudoe.eu\/fr\/wp-json\/wp\/v2\/media\/62952"}],"wp:attachment":[{"href":"https:\/\/interreg-sudoe.eu\/fr\/wp-json\/wp\/v2\/media?parent=63699"}],"curies":[{"name":"wp","href":"https:\/\/api.w.org\/{rel}","templated":true}]}}