{"id":63708,"date":"2025-04-23T10:16:32","date_gmt":"2025-04-23T08:16:32","guid":{"rendered":"https:\/\/interreg-sudoe.eu\/?post_type=evento-proyecto&#038;p=63708"},"modified":"2026-04-09T10:22:14","modified_gmt":"2026-04-09T08:22:14","slug":"reunion-de-suivi-du-projet-use4forest-a-bragance","status":"publish","type":"evento-proyecto","link":"https:\/\/interreg-sudoe.eu\/fr\/evento-proyecto\/reunion-de-suivi-du-projet-use4forest-a-bragance\/","title":{"rendered":"R\u00e9union de suivi du projet USE4FOREST \u00e0 Bragance"},"content":{"rendered":"<p data-start=\"2135\" data-end=\"2312\">Le 23 avril 2025 a eu lieu \u00e0 Bragance (Portugal) une r\u00e9union de suivi du projet USE4FOREST, \u00e0 laquelle ont particip\u00e9 des entit\u00e9s partenaires d\u2019Espagne, de France et du Portugal.<\/p>\n<p data-start=\"2314\" data-end=\"2718\">Au cours de la rencontre, l\u2019\u00e9tat d\u2019avancement des actions en cours a \u00e9t\u00e9 \u00e9valu\u00e9 et les prochaines lignes de travail ont \u00e9t\u00e9 coordonn\u00e9es, centr\u00e9es sur l\u2019am\u00e9lioration de la pr\u00e9vention et de la gestion du risque d\u2019incendies de for\u00eat dans l\u2019espace Sudoe. Des r\u00e9sultats ont \u00e9galement \u00e9t\u00e9 partag\u00e9s et diff\u00e9rentes initiatives pilotes visant \u00e0 renforcer la r\u00e9silience du territoire face au feu ont \u00e9t\u00e9 examin\u00e9es.<\/p>\n<p data-start=\"2720\" data-end=\"2923\">La r\u00e9union a permis de consolider la coop\u00e9ration entre r\u00e9gions et de progresser dans la mise en \u0153uvre de solutions conjointes face \u00e0 un risque commun, en renfor\u00e7ant la dimension transnationale du projet.<\/p>\n<p data-start=\"2925\" data-end=\"2989\">\ud83d\udccd Bragance, Portugal.<br data-start=\"2966\" data-end=\"2969\" \/>\ud83d\uddd3\ufe0f 23 avril 2025.<\/p>\n<p data-start=\"2991\" data-end=\"3042\">USE4FOREST : For\u00eats g\u00e9r\u00e9es, territoires prot\u00e9g\u00e9s.<\/p>\n","protected":false},"author":6728,"featured_media":62969,"template":"","meta":{"_acf_changed":false,"content-type":"","_monsterinsights_skip_tracking":false,"_monsterinsights_sitenote_active":false,"_monsterinsights_sitenote_note":"","_monsterinsights_sitenote_category":0},"class_list":["post-63708","evento-proyecto","type-evento-proyecto","status-publish","has-post-thumbnail","hentry"],"acf":[],"yoast_head":"<!-- This site is optimized with the Yoast SEO plugin v27.4 - https:\/\/yoast.com\/product\/yoast-seo-wordpress\/ -->\n<title>R\u00e9union de suivi du projet USE4FOREST \u00e0 Bragance - Interreg Sudoe<\/title>\n<meta name=\"robots\" content=\"index, follow, max-snippet:-1, max-image-preview:large, max-video-preview:-1\" \/>\n<link rel=\"canonical\" href=\"https:\/\/interreg-sudoe.eu\/fr\/evento-proyecto\/reunion-de-suivi-du-projet-use4forest-a-bragance\/\" \/>\n<meta property=\"og:locale\" content=\"fr_FR\" \/>\n<meta property=\"og:type\" content=\"article\" \/>\n<meta property=\"og:title\" content=\"R\u00e9union de suivi du projet USE4FOREST \u00e0 Bragance - Interreg Sudoe\" \/>\n<meta property=\"og:description\" content=\"Le 23 avril 2025 a eu lieu \u00e0 Bragance (Portugal) une r\u00e9union de suivi du projet USE4FOREST, \u00e0 laquelle ont particip\u00e9 des entit\u00e9s partenaires d\u2019Espagne, de France et du Portugal. Au cours de la rencontre, l\u2019\u00e9tat d\u2019avancement des actions en cours a \u00e9t\u00e9 \u00e9valu\u00e9 et les prochaines lignes de travail ont \u00e9t\u00e9 coordonn\u00e9es, centr\u00e9es sur [&hellip;]\" \/>\n<meta property=\"og:url\" content=\"https:\/\/interreg-sudoe.eu\/fr\/evento-proyecto\/reunion-de-suivi-du-projet-use4forest-a-bragance\/\" \/>\n<meta property=\"og:site_name\" content=\"Interreg Sudoe\" \/>\n<meta property=\"article:publisher\" content=\"https:\/\/www.facebook.com\/interregsudoe\" \/>\n<meta property=\"article:modified_time\" content=\"2026-04-09T08:22:14+00:00\" \/>\n<meta property=\"og:image\" content=\"https:\/\/interreg-sudoe.eu\/wp-content\/uploads\/2026\/03\/8.jpg\" \/>\n\t<meta property=\"og:image:width\" content=\"1080\" \/>\n\t<meta property=\"og:image:height\" content=\"1350\" \/>\n\t<meta property=\"og:image:type\" content=\"image\/jpeg\" \/>\n<meta name=\"twitter:card\" content=\"summary_large_image\" \/>\n<meta name=\"twitter:site\" content=\"@Sudoe5\" \/>\n<meta name=\"twitter:label1\" content=\"Dur\u00e9e de lecture estim\u00e9e\" \/>\n\t<meta name=\"twitter:data1\" content=\"1 minute\" \/>\n<script type=\"application\/ld+json\" class=\"yoast-schema-graph\">{\"@context\":\"https:\\\/\\\/schema.org\",\"@graph\":[{\"@type\":\"WebPage\",\"@id\":\"https:\\\/\\\/interreg-sudoe.eu\\\/fr\\\/evento-proyecto\\\/reunion-de-suivi-du-projet-use4forest-a-bragance\\\/\",\"url\":\"https:\\\/\\\/interreg-sudoe.eu\\\/fr\\\/evento-proyecto\\\/reunion-de-suivi-du-projet-use4forest-a-bragance\\\/\",\"name\":\"R\u00e9union de suivi du projet USE4FOREST \u00e0 Bragance - Interreg Sudoe\",\"isPartOf\":{\"@id\":\"https:\\\/\\\/interreg-sudoe.eu\\\/fr\\\/#website\"},\"primaryImageOfPage\":{\"@id\":\"https:\\\/\\\/interreg-sudoe.eu\\\/fr\\\/evento-proyecto\\\/reunion-de-suivi-du-projet-use4forest-a-bragance\\\/#primaryimage\"},\"image\":{\"@id\":\"https:\\\/\\\/interreg-sudoe.eu\\\/fr\\\/evento-proyecto\\\/reunion-de-suivi-du-projet-use4forest-a-bragance\\\/#primaryimage\"},\"thumbnailUrl\":\"https:\\\/\\\/interreg-sudoe.eu\\\/wp-content\\\/uploads\\\/2026\\\/03\\\/8.jpg\",\"datePublished\":\"2025-04-23T08:16:32+00:00\",\"dateModified\":\"2026-04-09T08:22:14+00:00\",\"breadcrumb\":{\"@id\":\"https:\\\/\\\/interreg-sudoe.eu\\\/fr\\\/evento-proyecto\\\/reunion-de-suivi-du-projet-use4forest-a-bragance\\\/#breadcrumb\"},\"inLanguage\":\"fr-FR\",\"potentialAction\":[{\"@type\":\"ReadAction\",\"target\":[\"https:\\\/\\\/interreg-sudoe.eu\\\/fr\\\/evento-proyecto\\\/reunion-de-suivi-du-projet-use4forest-a-bragance\\\/\"]}]},{\"@type\":\"ImageObject\",\"inLanguage\":\"fr-FR\",\"@id\":\"https:\\\/\\\/interreg-sudoe.eu\\\/fr\\\/evento-proyecto\\\/reunion-de-suivi-du-projet-use4forest-a-bragance\\\/#primaryimage\",\"url\":\"https:\\\/\\\/interreg-sudoe.eu\\\/wp-content\\\/uploads\\\/2026\\\/03\\\/8.jpg\",\"contentUrl\":\"https:\\\/\\\/interreg-sudoe.eu\\\/wp-content\\\/uploads\\\/2026\\\/03\\\/8.jpg\",\"width\":1080,\"height\":1350},{\"@type\":\"BreadcrumbList\",\"@id\":\"https:\\\/\\\/interreg-sudoe.eu\\\/fr\\\/evento-proyecto\\\/reunion-de-suivi-du-projet-use4forest-a-bragance\\\/#breadcrumb\",\"itemListElement\":[{\"@type\":\"ListItem\",\"position\":1,\"name\":\"Home\",\"item\":\"https:\\\/\\\/interreg-sudoe.eu\\\/fr\\\/\"},{\"@type\":\"ListItem\",\"position\":2,\"name\":\"R\u00e9union de suivi du projet USE4FOREST \u00e0 Bragance\"}]},{\"@type\":\"WebSite\",\"@id\":\"https:\\\/\\\/interreg-sudoe.eu\\\/fr\\\/#website\",\"url\":\"https:\\\/\\\/interreg-sudoe.eu\\\/fr\\\/\",\"name\":\"Interreg Sudoe\",\"description\":\"Interreg Sudoe\",\"publisher\":{\"@id\":\"https:\\\/\\\/interreg-sudoe.eu\\\/fr\\\/#organization\"},\"alternateName\":\"Interreg Sudoe\",\"potentialAction\":[{\"@type\":\"SearchAction\",\"target\":{\"@type\":\"EntryPoint\",\"urlTemplate\":\"https:\\\/\\\/interreg-sudoe.eu\\\/fr\\\/?s={search_term_string}\"},\"query-input\":{\"@type\":\"PropertyValueSpecification\",\"valueRequired\":true,\"valueName\":\"search_term_string\"}}],\"inLanguage\":\"fr-FR\"},{\"@type\":\"Organization\",\"@id\":\"https:\\\/\\\/interreg-sudoe.eu\\\/fr\\\/#organization\",\"name\":\"Interreg Sudoe\",\"alternateName\":\"Interreg Sudoe\",\"url\":\"https:\\\/\\\/interreg-sudoe.eu\\\/fr\\\/\",\"logo\":{\"@type\":\"ImageObject\",\"inLanguage\":\"fr-FR\",\"@id\":\"https:\\\/\\\/interreg-sudoe.eu\\\/fr\\\/#\\\/schema\\\/logo\\\/image\\\/\",\"url\":\"https:\\\/\\\/interreg-sudoe.eu\\\/wp-content\\\/uploads\\\/2024\\\/03\\\/logo-interreg.png\",\"contentUrl\":\"https:\\\/\\\/interreg-sudoe.eu\\\/wp-content\\\/uploads\\\/2024\\\/03\\\/logo-interreg.png\",\"width\":1200,\"height\":675,\"caption\":\"Interreg Sudoe\"},\"image\":{\"@id\":\"https:\\\/\\\/interreg-sudoe.eu\\\/fr\\\/#\\\/schema\\\/logo\\\/image\\\/\"},\"sameAs\":[\"https:\\\/\\\/www.facebook.com\\\/interregsudoe\",\"https:\\\/\\\/x.com\\\/Sudoe5\",\"https:\\\/\\\/www.youtube.com\\\/channel\\\/UCeGx2edoB32beRc9dbKA2vw\",\"https:\\\/\\\/www.linkedin.com\\\/company\\\/interreg-sudoe-programme\\\/\",\"https:\\\/\\\/www.flickr.com\\\/photos\\\/148704685@N06\\\/\"]}]}<\/script>\n<!-- \/ Yoast SEO plugin. -->","yoast_head_json":{"title":"R\u00e9union de suivi du projet USE4FOREST \u00e0 Bragance - Interreg Sudoe","robots":{"index":"index","follow":"follow","max-snippet":"max-snippet:-1","max-image-preview":"max-image-preview:large","max-video-preview":"max-video-preview:-1"},"canonical":"https:\/\/interreg-sudoe.eu\/fr\/evento-proyecto\/reunion-de-suivi-du-projet-use4forest-a-bragance\/","og_locale":"fr_FR","og_type":"article","og_title":"R\u00e9union de suivi du projet USE4FOREST \u00e0 Bragance - Interreg Sudoe","og_description":"Le 23 avril 2025 a eu lieu \u00e0 Bragance (Portugal) une r\u00e9union de suivi du projet USE4FOREST, \u00e0 laquelle ont particip\u00e9 des entit\u00e9s partenaires d\u2019Espagne, de France et du Portugal. Au cours de la rencontre, l\u2019\u00e9tat d\u2019avancement des actions en cours a \u00e9t\u00e9 \u00e9valu\u00e9 et les prochaines lignes de travail ont \u00e9t\u00e9 coordonn\u00e9es, centr\u00e9es sur [&hellip;]","og_url":"https:\/\/interreg-sudoe.eu\/fr\/evento-proyecto\/reunion-de-suivi-du-projet-use4forest-a-bragance\/","og_site_name":"Interreg Sudoe","article_publisher":"https:\/\/www.facebook.com\/interregsudoe","article_modified_time":"2026-04-09T08:22:14+00:00","og_image":[{"width":1080,"height":1350,"url":"https:\/\/interreg-sudoe.eu\/wp-content\/uploads\/2026\/03\/8.jpg","type":"image\/jpeg"}],"twitter_card":"summary_large_image","twitter_site":"@Sudoe5","twitter_misc":{"Dur\u00e9e de lecture estim\u00e9e":"1 minute"},"schema":{"@context":"https:\/\/schema.org","@graph":[{"@type":"WebPage","@id":"https:\/\/interreg-sudoe.eu\/fr\/evento-proyecto\/reunion-de-suivi-du-projet-use4forest-a-bragance\/","url":"https:\/\/interreg-sudoe.eu\/fr\/evento-proyecto\/reunion-de-suivi-du-projet-use4forest-a-bragance\/","name":"R\u00e9union de suivi du projet USE4FOREST \u00e0 Bragance - Interreg Sudoe","isPartOf":{"@id":"https:\/\/interreg-sudoe.eu\/fr\/#website"},"primaryImageOfPage":{"@id":"https:\/\/interreg-sudoe.eu\/fr\/evento-proyecto\/reunion-de-suivi-du-projet-use4forest-a-bragance\/#primaryimage"},"image":{"@id":"https:\/\/interreg-sudoe.eu\/fr\/evento-proyecto\/reunion-de-suivi-du-projet-use4forest-a-bragance\/#primaryimage"},"thumbnailUrl":"https:\/\/interreg-sudoe.eu\/wp-content\/uploads\/2026\/03\/8.jpg","datePublished":"2025-04-23T08:16:32+00:00","dateModified":"2026-04-09T08:22:14+00:00","breadcrumb":{"@id":"https:\/\/interreg-sudoe.eu\/fr\/evento-proyecto\/reunion-de-suivi-du-projet-use4forest-a-bragance\/#breadcrumb"},"inLanguage":"fr-FR","potentialAction":[{"@type":"ReadAction","target":["https:\/\/interreg-sudoe.eu\/fr\/evento-proyecto\/reunion-de-suivi-du-projet-use4forest-a-bragance\/"]}]},{"@type":"ImageObject","inLanguage":"fr-FR","@id":"https:\/\/interreg-sudoe.eu\/fr\/evento-proyecto\/reunion-de-suivi-du-projet-use4forest-a-bragance\/#primaryimage","url":"https:\/\/interreg-sudoe.eu\/wp-content\/uploads\/2026\/03\/8.jpg","contentUrl":"https:\/\/interreg-sudoe.eu\/wp-content\/uploads\/2026\/03\/8.jpg","width":1080,"height":1350},{"@type":"BreadcrumbList","@id":"https:\/\/interreg-sudoe.eu\/fr\/evento-proyecto\/reunion-de-suivi-du-projet-use4forest-a-bragance\/#breadcrumb","itemListElement":[{"@type":"ListItem","position":1,"name":"Home","item":"https:\/\/interreg-sudoe.eu\/fr\/"},{"@type":"ListItem","position":2,"name":"R\u00e9union de suivi du projet USE4FOREST \u00e0 Bragance"}]},{"@type":"WebSite","@id":"https:\/\/interreg-sudoe.eu\/fr\/#website","url":"https:\/\/interreg-sudoe.eu\/fr\/","name":"Interreg Sudoe","description":"Interreg Sudoe","publisher":{"@id":"https:\/\/interreg-sudoe.eu\/fr\/#organization"},"alternateName":"Interreg Sudoe","potentialAction":[{"@type":"SearchAction","target":{"@type":"EntryPoint","urlTemplate":"https:\/\/interreg-sudoe.eu\/fr\/?s={search_term_string}"},"query-input":{"@type":"PropertyValueSpecification","valueRequired":true,"valueName":"search_term_string"}}],"inLanguage":"fr-FR"},{"@type":"Organization","@id":"https:\/\/interreg-sudoe.eu\/fr\/#organization","name":"Interreg Sudoe","alternateName":"Interreg Sudoe","url":"https:\/\/interreg-sudoe.eu\/fr\/","logo":{"@type":"ImageObject","inLanguage":"fr-FR","@id":"https:\/\/interreg-sudoe.eu\/fr\/#\/schema\/logo\/image\/","url":"https:\/\/interreg-sudoe.eu\/wp-content\/uploads\/2024\/03\/logo-interreg.png","contentUrl":"https:\/\/interreg-sudoe.eu\/wp-content\/uploads\/2024\/03\/logo-interreg.png","width":1200,"height":675,"caption":"Interreg Sudoe"},"image":{"@id":"https:\/\/interreg-sudoe.eu\/fr\/#\/schema\/logo\/image\/"},"sameAs":["https:\/\/www.facebook.com\/interregsudoe","https:\/\/x.com\/Sudoe5","https:\/\/www.youtube.com\/channel\/UCeGx2edoB32beRc9dbKA2vw","https:\/\/www.linkedin.com\/company\/interreg-sudoe-programme\/","https:\/\/www.flickr.com\/photos\/148704685@N06\/"]}]}},"_links":{"self":[{"href":"https:\/\/interreg-sudoe.eu\/fr\/wp-json\/wp\/v2\/evento-proyecto\/63708","targetHints":{"allow":["GET"]}}],"collection":[{"href":"https:\/\/interreg-sudoe.eu\/fr\/wp-json\/wp\/v2\/evento-proyecto"}],"about":[{"href":"https:\/\/interreg-sudoe.eu\/fr\/wp-json\/wp\/v2\/types\/evento-proyecto"}],"author":[{"embeddable":true,"href":"https:\/\/interreg-sudoe.eu\/fr\/wp-json\/wp\/v2\/users\/6728"}],"wp:featuredmedia":[{"embeddable":true,"href":"https:\/\/interreg-sudoe.eu\/fr\/wp-json\/wp\/v2\/media\/62969"}],"wp:attachment":[{"href":"https:\/\/interreg-sudoe.eu\/fr\/wp-json\/wp\/v2\/media?parent=63708"}],"curies":[{"name":"wp","href":"https:\/\/api.w.org\/{rel}","templated":true}]}}