{"id":63726,"date":"2025-12-04T10:30:15","date_gmt":"2025-12-04T09:30:15","guid":{"rendered":"https:\/\/interreg-sudoe.eu\/?post_type=evento-proyecto&#038;p=63726"},"modified":"2026-04-09T10:39:08","modified_gmt":"2026-04-09T08:39:08","slug":"de-la-science-a-laction-unis-face-aux-pfas","status":"publish","type":"evento-proyecto","link":"https:\/\/interreg-sudoe.eu\/fr\/evento-proyecto\/de-la-science-a-laction-unis-face-aux-pfas\/","title":{"rendered":"De la science \u00e0 l\u2019action : unis face aux PFAS"},"content":{"rendered":"<p data-start=\"190\" data-end=\"402\">Le 4 d\u00e9cembre 2025 s\u2019est tenue \u00e0 Santiago de Compostela une rencontre organis\u00e9e dans le cadre du programme Interreg Sudoe, consacr\u00e9e \u00e0 l\u2019impact des PFAS dans des contextes d\u2019incendies \u00e0 l\u2019interface for\u00eat-habitat.<\/p>\n<p data-start=\"404\" data-end=\"1085\">Les PFAS (substances per- et polyfluoroalkyl\u00e9es) sont des compos\u00e9s chimiques largement utilis\u00e9s pour leur r\u00e9sistance \u00e0 la chaleur, \u00e0 l\u2019eau et aux graisses. On les retrouve notamment dans les mousses anti-incendie, les textiles imperm\u00e9ables, les emballages alimentaires ou encore les rev\u00eatements antiadh\u00e9sifs. Leur forte persistance dans l\u2019environnement leur a valu le nom de \u00ab polluants \u00e9ternels \u00bb. En situation d\u2019incendie, en particulier dans les zones \u00e0 l\u2019interface for\u00eat-habitat, ils peuvent \u00eatre lib\u00e9r\u00e9s dans l\u2019environnement et se disperser par la fum\u00e9e, le sol ou l\u2019eau, augmentant ainsi le risque de contamination et affectant les \u00e9cosyst\u00e8mes ainsi que les ressources en eau.<\/p>\n<p data-start=\"1087\" data-end=\"1406\">Au cours de la journ\u00e9e, des avanc\u00e9es ont \u00e9t\u00e9 r\u00e9alis\u00e9es en vue d\u2019une r\u00e9ponse coordonn\u00e9e entre pays, avec la pr\u00e9sentation d\u2019outils permettant d\u2019\u00e9valuer les risques et de pr\u00e9venir la dispersion de ces contaminants, en int\u00e9grant les connaissances scientifiques dans la gestion du territoire face \u00e0 des situations complexes.<\/p>\n<p data-start=\"1408\" data-end=\"1495\">\ud83d\udccd Santiago de Compostela, Galicia, Espa\u00f1a.<br data-start=\"1470\" data-end=\"1473\" \/>\ud83d\uddd3\ufe0f 4 d\u00e9cembre 2025.<\/p>\n<p data-start=\"1497\" data-end=\"1548\">USE4FOREST : For\u00eats g\u00e9r\u00e9es, territoires prot\u00e9g\u00e9s.<\/p>\n","protected":false},"author":6728,"featured_media":62996,"template":"","meta":{"_acf_changed":false,"content-type":"","_monsterinsights_skip_tracking":false,"_monsterinsights_sitenote_active":false,"_monsterinsights_sitenote_note":"","_monsterinsights_sitenote_category":0},"class_list":["post-63726","evento-proyecto","type-evento-proyecto","status-publish","has-post-thumbnail","hentry"],"acf":[],"yoast_head":"<!-- This site is optimized with the Yoast SEO plugin v27.4 - https:\/\/yoast.com\/product\/yoast-seo-wordpress\/ -->\n<title>De la science \u00e0 l\u2019action : unis face aux PFAS - Interreg Sudoe<\/title>\n<meta name=\"robots\" content=\"index, follow, max-snippet:-1, max-image-preview:large, max-video-preview:-1\" \/>\n<link rel=\"canonical\" href=\"https:\/\/interreg-sudoe.eu\/fr\/evento-proyecto\/de-la-science-a-laction-unis-face-aux-pfas\/\" \/>\n<meta property=\"og:locale\" content=\"fr_FR\" \/>\n<meta property=\"og:type\" content=\"article\" \/>\n<meta property=\"og:title\" content=\"De la science \u00e0 l\u2019action : unis face aux PFAS - Interreg Sudoe\" \/>\n<meta property=\"og:description\" content=\"Le 4 d\u00e9cembre 2025 s\u2019est tenue \u00e0 Santiago de Compostela une rencontre organis\u00e9e dans le cadre du programme Interreg Sudoe, consacr\u00e9e \u00e0 l\u2019impact des PFAS dans des contextes d\u2019incendies \u00e0 l\u2019interface for\u00eat-habitat. Les PFAS (substances per- et polyfluoroalkyl\u00e9es) sont des compos\u00e9s chimiques largement utilis\u00e9s pour leur r\u00e9sistance \u00e0 la chaleur, \u00e0 l\u2019eau et aux graisses. [&hellip;]\" \/>\n<meta property=\"og:url\" content=\"https:\/\/interreg-sudoe.eu\/fr\/evento-proyecto\/de-la-science-a-laction-unis-face-aux-pfas\/\" \/>\n<meta property=\"og:site_name\" content=\"Interreg Sudoe\" \/>\n<meta property=\"article:publisher\" content=\"https:\/\/www.facebook.com\/interregsudoe\" \/>\n<meta property=\"article:modified_time\" content=\"2026-04-09T08:39:08+00:00\" \/>\n<meta property=\"og:image\" content=\"https:\/\/interreg-sudoe.eu\/wp-content\/uploads\/2026\/03\/11.jpg\" \/>\n\t<meta property=\"og:image:width\" content=\"1080\" \/>\n\t<meta property=\"og:image:height\" content=\"1350\" \/>\n\t<meta property=\"og:image:type\" content=\"image\/jpeg\" \/>\n<meta name=\"twitter:card\" content=\"summary_large_image\" \/>\n<meta name=\"twitter:site\" content=\"@Sudoe5\" \/>\n<meta name=\"twitter:label1\" content=\"Dur\u00e9e de lecture estim\u00e9e\" \/>\n\t<meta name=\"twitter:data1\" content=\"1 minute\" \/>\n<script type=\"application\/ld+json\" class=\"yoast-schema-graph\">{\"@context\":\"https:\\\/\\\/schema.org\",\"@graph\":[{\"@type\":\"WebPage\",\"@id\":\"https:\\\/\\\/interreg-sudoe.eu\\\/fr\\\/evento-proyecto\\\/de-la-science-a-laction-unis-face-aux-pfas\\\/\",\"url\":\"https:\\\/\\\/interreg-sudoe.eu\\\/fr\\\/evento-proyecto\\\/de-la-science-a-laction-unis-face-aux-pfas\\\/\",\"name\":\"De la science \u00e0 l\u2019action : unis face aux PFAS - Interreg Sudoe\",\"isPartOf\":{\"@id\":\"https:\\\/\\\/interreg-sudoe.eu\\\/fr\\\/#website\"},\"primaryImageOfPage\":{\"@id\":\"https:\\\/\\\/interreg-sudoe.eu\\\/fr\\\/evento-proyecto\\\/de-la-science-a-laction-unis-face-aux-pfas\\\/#primaryimage\"},\"image\":{\"@id\":\"https:\\\/\\\/interreg-sudoe.eu\\\/fr\\\/evento-proyecto\\\/de-la-science-a-laction-unis-face-aux-pfas\\\/#primaryimage\"},\"thumbnailUrl\":\"https:\\\/\\\/interreg-sudoe.eu\\\/wp-content\\\/uploads\\\/2026\\\/03\\\/11.jpg\",\"datePublished\":\"2025-12-04T09:30:15+00:00\",\"dateModified\":\"2026-04-09T08:39:08+00:00\",\"breadcrumb\":{\"@id\":\"https:\\\/\\\/interreg-sudoe.eu\\\/fr\\\/evento-proyecto\\\/de-la-science-a-laction-unis-face-aux-pfas\\\/#breadcrumb\"},\"inLanguage\":\"fr-FR\",\"potentialAction\":[{\"@type\":\"ReadAction\",\"target\":[\"https:\\\/\\\/interreg-sudoe.eu\\\/fr\\\/evento-proyecto\\\/de-la-science-a-laction-unis-face-aux-pfas\\\/\"]}]},{\"@type\":\"ImageObject\",\"inLanguage\":\"fr-FR\",\"@id\":\"https:\\\/\\\/interreg-sudoe.eu\\\/fr\\\/evento-proyecto\\\/de-la-science-a-laction-unis-face-aux-pfas\\\/#primaryimage\",\"url\":\"https:\\\/\\\/interreg-sudoe.eu\\\/wp-content\\\/uploads\\\/2026\\\/03\\\/11.jpg\",\"contentUrl\":\"https:\\\/\\\/interreg-sudoe.eu\\\/wp-content\\\/uploads\\\/2026\\\/03\\\/11.jpg\",\"width\":1080,\"height\":1350},{\"@type\":\"BreadcrumbList\",\"@id\":\"https:\\\/\\\/interreg-sudoe.eu\\\/fr\\\/evento-proyecto\\\/de-la-science-a-laction-unis-face-aux-pfas\\\/#breadcrumb\",\"itemListElement\":[{\"@type\":\"ListItem\",\"position\":1,\"name\":\"Home\",\"item\":\"https:\\\/\\\/interreg-sudoe.eu\\\/fr\\\/\"},{\"@type\":\"ListItem\",\"position\":2,\"name\":\"De la science \u00e0 l\u2019action : unis face aux PFAS\"}]},{\"@type\":\"WebSite\",\"@id\":\"https:\\\/\\\/interreg-sudoe.eu\\\/fr\\\/#website\",\"url\":\"https:\\\/\\\/interreg-sudoe.eu\\\/fr\\\/\",\"name\":\"Interreg Sudoe\",\"description\":\"Interreg Sudoe\",\"publisher\":{\"@id\":\"https:\\\/\\\/interreg-sudoe.eu\\\/fr\\\/#organization\"},\"alternateName\":\"Interreg Sudoe\",\"potentialAction\":[{\"@type\":\"SearchAction\",\"target\":{\"@type\":\"EntryPoint\",\"urlTemplate\":\"https:\\\/\\\/interreg-sudoe.eu\\\/fr\\\/?s={search_term_string}\"},\"query-input\":{\"@type\":\"PropertyValueSpecification\",\"valueRequired\":true,\"valueName\":\"search_term_string\"}}],\"inLanguage\":\"fr-FR\"},{\"@type\":\"Organization\",\"@id\":\"https:\\\/\\\/interreg-sudoe.eu\\\/fr\\\/#organization\",\"name\":\"Interreg Sudoe\",\"alternateName\":\"Interreg Sudoe\",\"url\":\"https:\\\/\\\/interreg-sudoe.eu\\\/fr\\\/\",\"logo\":{\"@type\":\"ImageObject\",\"inLanguage\":\"fr-FR\",\"@id\":\"https:\\\/\\\/interreg-sudoe.eu\\\/fr\\\/#\\\/schema\\\/logo\\\/image\\\/\",\"url\":\"https:\\\/\\\/interreg-sudoe.eu\\\/wp-content\\\/uploads\\\/2024\\\/03\\\/logo-interreg.png\",\"contentUrl\":\"https:\\\/\\\/interreg-sudoe.eu\\\/wp-content\\\/uploads\\\/2024\\\/03\\\/logo-interreg.png\",\"width\":1200,\"height\":675,\"caption\":\"Interreg Sudoe\"},\"image\":{\"@id\":\"https:\\\/\\\/interreg-sudoe.eu\\\/fr\\\/#\\\/schema\\\/logo\\\/image\\\/\"},\"sameAs\":[\"https:\\\/\\\/www.facebook.com\\\/interregsudoe\",\"https:\\\/\\\/x.com\\\/Sudoe5\",\"https:\\\/\\\/www.youtube.com\\\/channel\\\/UCeGx2edoB32beRc9dbKA2vw\",\"https:\\\/\\\/www.linkedin.com\\\/company\\\/interreg-sudoe-programme\\\/\",\"https:\\\/\\\/www.flickr.com\\\/photos\\\/148704685@N06\\\/\"]}]}<\/script>\n<!-- \/ Yoast SEO plugin. -->","yoast_head_json":{"title":"De la science \u00e0 l\u2019action : unis face aux PFAS - Interreg Sudoe","robots":{"index":"index","follow":"follow","max-snippet":"max-snippet:-1","max-image-preview":"max-image-preview:large","max-video-preview":"max-video-preview:-1"},"canonical":"https:\/\/interreg-sudoe.eu\/fr\/evento-proyecto\/de-la-science-a-laction-unis-face-aux-pfas\/","og_locale":"fr_FR","og_type":"article","og_title":"De la science \u00e0 l\u2019action : unis face aux PFAS - Interreg Sudoe","og_description":"Le 4 d\u00e9cembre 2025 s\u2019est tenue \u00e0 Santiago de Compostela une rencontre organis\u00e9e dans le cadre du programme Interreg Sudoe, consacr\u00e9e \u00e0 l\u2019impact des PFAS dans des contextes d\u2019incendies \u00e0 l\u2019interface for\u00eat-habitat. Les PFAS (substances per- et polyfluoroalkyl\u00e9es) sont des compos\u00e9s chimiques largement utilis\u00e9s pour leur r\u00e9sistance \u00e0 la chaleur, \u00e0 l\u2019eau et aux graisses. [&hellip;]","og_url":"https:\/\/interreg-sudoe.eu\/fr\/evento-proyecto\/de-la-science-a-laction-unis-face-aux-pfas\/","og_site_name":"Interreg Sudoe","article_publisher":"https:\/\/www.facebook.com\/interregsudoe","article_modified_time":"2026-04-09T08:39:08+00:00","og_image":[{"width":1080,"height":1350,"url":"https:\/\/interreg-sudoe.eu\/wp-content\/uploads\/2026\/03\/11.jpg","type":"image\/jpeg"}],"twitter_card":"summary_large_image","twitter_site":"@Sudoe5","twitter_misc":{"Dur\u00e9e de lecture estim\u00e9e":"1 minute"},"schema":{"@context":"https:\/\/schema.org","@graph":[{"@type":"WebPage","@id":"https:\/\/interreg-sudoe.eu\/fr\/evento-proyecto\/de-la-science-a-laction-unis-face-aux-pfas\/","url":"https:\/\/interreg-sudoe.eu\/fr\/evento-proyecto\/de-la-science-a-laction-unis-face-aux-pfas\/","name":"De la science \u00e0 l\u2019action : unis face aux PFAS - Interreg Sudoe","isPartOf":{"@id":"https:\/\/interreg-sudoe.eu\/fr\/#website"},"primaryImageOfPage":{"@id":"https:\/\/interreg-sudoe.eu\/fr\/evento-proyecto\/de-la-science-a-laction-unis-face-aux-pfas\/#primaryimage"},"image":{"@id":"https:\/\/interreg-sudoe.eu\/fr\/evento-proyecto\/de-la-science-a-laction-unis-face-aux-pfas\/#primaryimage"},"thumbnailUrl":"https:\/\/interreg-sudoe.eu\/wp-content\/uploads\/2026\/03\/11.jpg","datePublished":"2025-12-04T09:30:15+00:00","dateModified":"2026-04-09T08:39:08+00:00","breadcrumb":{"@id":"https:\/\/interreg-sudoe.eu\/fr\/evento-proyecto\/de-la-science-a-laction-unis-face-aux-pfas\/#breadcrumb"},"inLanguage":"fr-FR","potentialAction":[{"@type":"ReadAction","target":["https:\/\/interreg-sudoe.eu\/fr\/evento-proyecto\/de-la-science-a-laction-unis-face-aux-pfas\/"]}]},{"@type":"ImageObject","inLanguage":"fr-FR","@id":"https:\/\/interreg-sudoe.eu\/fr\/evento-proyecto\/de-la-science-a-laction-unis-face-aux-pfas\/#primaryimage","url":"https:\/\/interreg-sudoe.eu\/wp-content\/uploads\/2026\/03\/11.jpg","contentUrl":"https:\/\/interreg-sudoe.eu\/wp-content\/uploads\/2026\/03\/11.jpg","width":1080,"height":1350},{"@type":"BreadcrumbList","@id":"https:\/\/interreg-sudoe.eu\/fr\/evento-proyecto\/de-la-science-a-laction-unis-face-aux-pfas\/#breadcrumb","itemListElement":[{"@type":"ListItem","position":1,"name":"Home","item":"https:\/\/interreg-sudoe.eu\/fr\/"},{"@type":"ListItem","position":2,"name":"De la science \u00e0 l\u2019action : unis face aux PFAS"}]},{"@type":"WebSite","@id":"https:\/\/interreg-sudoe.eu\/fr\/#website","url":"https:\/\/interreg-sudoe.eu\/fr\/","name":"Interreg Sudoe","description":"Interreg Sudoe","publisher":{"@id":"https:\/\/interreg-sudoe.eu\/fr\/#organization"},"alternateName":"Interreg Sudoe","potentialAction":[{"@type":"SearchAction","target":{"@type":"EntryPoint","urlTemplate":"https:\/\/interreg-sudoe.eu\/fr\/?s={search_term_string}"},"query-input":{"@type":"PropertyValueSpecification","valueRequired":true,"valueName":"search_term_string"}}],"inLanguage":"fr-FR"},{"@type":"Organization","@id":"https:\/\/interreg-sudoe.eu\/fr\/#organization","name":"Interreg Sudoe","alternateName":"Interreg Sudoe","url":"https:\/\/interreg-sudoe.eu\/fr\/","logo":{"@type":"ImageObject","inLanguage":"fr-FR","@id":"https:\/\/interreg-sudoe.eu\/fr\/#\/schema\/logo\/image\/","url":"https:\/\/interreg-sudoe.eu\/wp-content\/uploads\/2024\/03\/logo-interreg.png","contentUrl":"https:\/\/interreg-sudoe.eu\/wp-content\/uploads\/2024\/03\/logo-interreg.png","width":1200,"height":675,"caption":"Interreg Sudoe"},"image":{"@id":"https:\/\/interreg-sudoe.eu\/fr\/#\/schema\/logo\/image\/"},"sameAs":["https:\/\/www.facebook.com\/interregsudoe","https:\/\/x.com\/Sudoe5","https:\/\/www.youtube.com\/channel\/UCeGx2edoB32beRc9dbKA2vw","https:\/\/www.linkedin.com\/company\/interreg-sudoe-programme\/","https:\/\/www.flickr.com\/photos\/148704685@N06\/"]}]}},"_links":{"self":[{"href":"https:\/\/interreg-sudoe.eu\/fr\/wp-json\/wp\/v2\/evento-proyecto\/63726","targetHints":{"allow":["GET"]}}],"collection":[{"href":"https:\/\/interreg-sudoe.eu\/fr\/wp-json\/wp\/v2\/evento-proyecto"}],"about":[{"href":"https:\/\/interreg-sudoe.eu\/fr\/wp-json\/wp\/v2\/types\/evento-proyecto"}],"author":[{"embeddable":true,"href":"https:\/\/interreg-sudoe.eu\/fr\/wp-json\/wp\/v2\/users\/6728"}],"wp:featuredmedia":[{"embeddable":true,"href":"https:\/\/interreg-sudoe.eu\/fr\/wp-json\/wp\/v2\/media\/62996"}],"wp:attachment":[{"href":"https:\/\/interreg-sudoe.eu\/fr\/wp-json\/wp\/v2\/media?parent=63726"}],"curies":[{"name":"wp","href":"https:\/\/api.w.org\/{rel}","templated":true}]}}