{"id":63733,"date":"2026-03-12T10:47:23","date_gmt":"2026-03-12T09:47:23","guid":{"rendered":"https:\/\/interreg-sudoe.eu\/?post_type=evento-proyecto&#038;p=63733"},"modified":"2026-04-09T10:57:10","modified_gmt":"2026-04-09T08:57:10","slug":"memoire-du-territoire-et-prevention-des-incendies-de-foret-dans-le-tras-os-montes","status":"publish","type":"evento-proyecto","link":"https:\/\/interreg-sudoe.eu\/fr\/evento-proyecto\/memoire-du-territoire-et-prevention-des-incendies-de-foret-dans-le-tras-os-montes\/","title":{"rendered":"M\u00e9moire du territoire et pr\u00e9vention des incendies de for\u00eat dans le Tr\u00e1s-os-Montes"},"content":{"rendered":"<p data-start=\"1763\" data-end=\"2309\">Le 12 mars 2026, un atelier s\u2019est tenu dans le Tr\u00e1s-os-Montes (Portugal), organis\u00e9 par la CIM Terras de Tr\u00e1s-os-Montes et l\u2019Institut polytechnique de Bragan\u00e7a (IPB), en collaboration avec la protection civile, et consacr\u00e9 \u00e0 la m\u00e9moire du territoire et \u00e0 son r\u00f4le dans la pr\u00e9vention des incendies de for\u00eat. L\u2019activit\u00e9 a mis en \u00e9vidence l\u2019importance des connaissances historiques et territoriales comme outil pour am\u00e9liorer la gestion des paysages et r\u00e9duire le risque d\u2019incendie, en valorisant l\u2019exp\u00e9rience locale dans la planification pr\u00e9ventive.<\/p>\n<p data-start=\"2311\" data-end=\"2380\">\ud83d\udccd Tr\u00e1s-os-Montes, Portugal.<br data-start=\"2358\" data-end=\"2361\" \/>\ud83d\uddd3\ufe0f 12 mars 2026.<\/p>\n<p data-start=\"2382\" data-end=\"2433\">USE4FOREST : For\u00eats g\u00e9r\u00e9es, territoires prot\u00e9g\u00e9s.<\/p>\n","protected":false},"author":6728,"featured_media":63420,"template":"","meta":{"_acf_changed":false,"content-type":"","_monsterinsights_skip_tracking":false,"_monsterinsights_sitenote_active":false,"_monsterinsights_sitenote_note":"","_monsterinsights_sitenote_category":0},"class_list":["post-63733","evento-proyecto","type-evento-proyecto","status-publish","has-post-thumbnail","hentry"],"acf":[],"yoast_head":"<!-- This site is optimized with the Yoast SEO plugin v27.4 - https:\/\/yoast.com\/product\/yoast-seo-wordpress\/ -->\n<title>M\u00e9moire du territoire et pr\u00e9vention des incendies de for\u00eat dans le Tr\u00e1s-os-Montes - Interreg Sudoe<\/title>\n<meta name=\"robots\" content=\"index, follow, max-snippet:-1, max-image-preview:large, max-video-preview:-1\" \/>\n<link rel=\"canonical\" href=\"https:\/\/interreg-sudoe.eu\/fr\/evento-proyecto\/memoire-du-territoire-et-prevention-des-incendies-de-foret-dans-le-tras-os-montes\/\" \/>\n<meta property=\"og:locale\" content=\"fr_FR\" \/>\n<meta property=\"og:type\" content=\"article\" \/>\n<meta property=\"og:title\" content=\"M\u00e9moire du territoire et pr\u00e9vention des incendies de for\u00eat dans le Tr\u00e1s-os-Montes - Interreg Sudoe\" \/>\n<meta property=\"og:description\" content=\"Le 12 mars 2026, un atelier s\u2019est tenu dans le Tr\u00e1s-os-Montes (Portugal), organis\u00e9 par la CIM Terras de Tr\u00e1s-os-Montes et l\u2019Institut polytechnique de Bragan\u00e7a (IPB), en collaboration avec la protection civile, et consacr\u00e9 \u00e0 la m\u00e9moire du territoire et \u00e0 son r\u00f4le dans la pr\u00e9vention des incendies de for\u00eat. L\u2019activit\u00e9 a mis en \u00e9vidence l\u2019importance [&hellip;]\" \/>\n<meta property=\"og:url\" content=\"https:\/\/interreg-sudoe.eu\/fr\/evento-proyecto\/memoire-du-territoire-et-prevention-des-incendies-de-foret-dans-le-tras-os-montes\/\" \/>\n<meta property=\"og:site_name\" content=\"Interreg Sudoe\" \/>\n<meta property=\"article:publisher\" content=\"https:\/\/www.facebook.com\/interregsudoe\" \/>\n<meta property=\"article:modified_time\" content=\"2026-04-09T08:57:10+00:00\" \/>\n<meta property=\"og:image\" content=\"https:\/\/interreg-sudoe.eu\/wp-content\/uploads\/2026\/04\/23.jpg\" \/>\n\t<meta property=\"og:image:width\" content=\"1080\" \/>\n\t<meta property=\"og:image:height\" content=\"1350\" \/>\n\t<meta property=\"og:image:type\" content=\"image\/jpeg\" \/>\n<meta name=\"twitter:card\" content=\"summary_large_image\" \/>\n<meta name=\"twitter:site\" content=\"@Sudoe5\" \/>\n<meta name=\"twitter:label1\" content=\"Dur\u00e9e de lecture estim\u00e9e\" \/>\n\t<meta name=\"twitter:data1\" content=\"1 minute\" \/>\n<script type=\"application\/ld+json\" class=\"yoast-schema-graph\">{\"@context\":\"https:\\\/\\\/schema.org\",\"@graph\":[{\"@type\":\"WebPage\",\"@id\":\"https:\\\/\\\/interreg-sudoe.eu\\\/fr\\\/evento-proyecto\\\/memoire-du-territoire-et-prevention-des-incendies-de-foret-dans-le-tras-os-montes\\\/\",\"url\":\"https:\\\/\\\/interreg-sudoe.eu\\\/fr\\\/evento-proyecto\\\/memoire-du-territoire-et-prevention-des-incendies-de-foret-dans-le-tras-os-montes\\\/\",\"name\":\"M\u00e9moire du territoire et pr\u00e9vention des incendies de for\u00eat dans le Tr\u00e1s-os-Montes - Interreg Sudoe\",\"isPartOf\":{\"@id\":\"https:\\\/\\\/interreg-sudoe.eu\\\/fr\\\/#website\"},\"primaryImageOfPage\":{\"@id\":\"https:\\\/\\\/interreg-sudoe.eu\\\/fr\\\/evento-proyecto\\\/memoire-du-territoire-et-prevention-des-incendies-de-foret-dans-le-tras-os-montes\\\/#primaryimage\"},\"image\":{\"@id\":\"https:\\\/\\\/interreg-sudoe.eu\\\/fr\\\/evento-proyecto\\\/memoire-du-territoire-et-prevention-des-incendies-de-foret-dans-le-tras-os-montes\\\/#primaryimage\"},\"thumbnailUrl\":\"https:\\\/\\\/interreg-sudoe.eu\\\/wp-content\\\/uploads\\\/2026\\\/04\\\/23.jpg\",\"datePublished\":\"2026-03-12T09:47:23+00:00\",\"dateModified\":\"2026-04-09T08:57:10+00:00\",\"breadcrumb\":{\"@id\":\"https:\\\/\\\/interreg-sudoe.eu\\\/fr\\\/evento-proyecto\\\/memoire-du-territoire-et-prevention-des-incendies-de-foret-dans-le-tras-os-montes\\\/#breadcrumb\"},\"inLanguage\":\"fr-FR\",\"potentialAction\":[{\"@type\":\"ReadAction\",\"target\":[\"https:\\\/\\\/interreg-sudoe.eu\\\/fr\\\/evento-proyecto\\\/memoire-du-territoire-et-prevention-des-incendies-de-foret-dans-le-tras-os-montes\\\/\"]}]},{\"@type\":\"ImageObject\",\"inLanguage\":\"fr-FR\",\"@id\":\"https:\\\/\\\/interreg-sudoe.eu\\\/fr\\\/evento-proyecto\\\/memoire-du-territoire-et-prevention-des-incendies-de-foret-dans-le-tras-os-montes\\\/#primaryimage\",\"url\":\"https:\\\/\\\/interreg-sudoe.eu\\\/wp-content\\\/uploads\\\/2026\\\/04\\\/23.jpg\",\"contentUrl\":\"https:\\\/\\\/interreg-sudoe.eu\\\/wp-content\\\/uploads\\\/2026\\\/04\\\/23.jpg\",\"width\":1080,\"height\":1350},{\"@type\":\"BreadcrumbList\",\"@id\":\"https:\\\/\\\/interreg-sudoe.eu\\\/fr\\\/evento-proyecto\\\/memoire-du-territoire-et-prevention-des-incendies-de-foret-dans-le-tras-os-montes\\\/#breadcrumb\",\"itemListElement\":[{\"@type\":\"ListItem\",\"position\":1,\"name\":\"Home\",\"item\":\"https:\\\/\\\/interreg-sudoe.eu\\\/fr\\\/\"},{\"@type\":\"ListItem\",\"position\":2,\"name\":\"M\u00e9moire du territoire et pr\u00e9vention des incendies de for\u00eat dans le Tr\u00e1s-os-Montes\"}]},{\"@type\":\"WebSite\",\"@id\":\"https:\\\/\\\/interreg-sudoe.eu\\\/fr\\\/#website\",\"url\":\"https:\\\/\\\/interreg-sudoe.eu\\\/fr\\\/\",\"name\":\"Interreg Sudoe\",\"description\":\"Interreg Sudoe\",\"publisher\":{\"@id\":\"https:\\\/\\\/interreg-sudoe.eu\\\/fr\\\/#organization\"},\"alternateName\":\"Interreg Sudoe\",\"potentialAction\":[{\"@type\":\"SearchAction\",\"target\":{\"@type\":\"EntryPoint\",\"urlTemplate\":\"https:\\\/\\\/interreg-sudoe.eu\\\/fr\\\/?s={search_term_string}\"},\"query-input\":{\"@type\":\"PropertyValueSpecification\",\"valueRequired\":true,\"valueName\":\"search_term_string\"}}],\"inLanguage\":\"fr-FR\"},{\"@type\":\"Organization\",\"@id\":\"https:\\\/\\\/interreg-sudoe.eu\\\/fr\\\/#organization\",\"name\":\"Interreg Sudoe\",\"alternateName\":\"Interreg Sudoe\",\"url\":\"https:\\\/\\\/interreg-sudoe.eu\\\/fr\\\/\",\"logo\":{\"@type\":\"ImageObject\",\"inLanguage\":\"fr-FR\",\"@id\":\"https:\\\/\\\/interreg-sudoe.eu\\\/fr\\\/#\\\/schema\\\/logo\\\/image\\\/\",\"url\":\"https:\\\/\\\/interreg-sudoe.eu\\\/wp-content\\\/uploads\\\/2024\\\/03\\\/logo-interreg.png\",\"contentUrl\":\"https:\\\/\\\/interreg-sudoe.eu\\\/wp-content\\\/uploads\\\/2024\\\/03\\\/logo-interreg.png\",\"width\":1200,\"height\":675,\"caption\":\"Interreg Sudoe\"},\"image\":{\"@id\":\"https:\\\/\\\/interreg-sudoe.eu\\\/fr\\\/#\\\/schema\\\/logo\\\/image\\\/\"},\"sameAs\":[\"https:\\\/\\\/www.facebook.com\\\/interregsudoe\",\"https:\\\/\\\/x.com\\\/Sudoe5\",\"https:\\\/\\\/www.youtube.com\\\/channel\\\/UCeGx2edoB32beRc9dbKA2vw\",\"https:\\\/\\\/www.linkedin.com\\\/company\\\/interreg-sudoe-programme\\\/\",\"https:\\\/\\\/www.flickr.com\\\/photos\\\/148704685@N06\\\/\"]}]}<\/script>\n<!-- \/ Yoast SEO plugin. -->","yoast_head_json":{"title":"M\u00e9moire du territoire et pr\u00e9vention des incendies de for\u00eat dans le Tr\u00e1s-os-Montes - Interreg Sudoe","robots":{"index":"index","follow":"follow","max-snippet":"max-snippet:-1","max-image-preview":"max-image-preview:large","max-video-preview":"max-video-preview:-1"},"canonical":"https:\/\/interreg-sudoe.eu\/fr\/evento-proyecto\/memoire-du-territoire-et-prevention-des-incendies-de-foret-dans-le-tras-os-montes\/","og_locale":"fr_FR","og_type":"article","og_title":"M\u00e9moire du territoire et pr\u00e9vention des incendies de for\u00eat dans le Tr\u00e1s-os-Montes - Interreg Sudoe","og_description":"Le 12 mars 2026, un atelier s\u2019est tenu dans le Tr\u00e1s-os-Montes (Portugal), organis\u00e9 par la CIM Terras de Tr\u00e1s-os-Montes et l\u2019Institut polytechnique de Bragan\u00e7a (IPB), en collaboration avec la protection civile, et consacr\u00e9 \u00e0 la m\u00e9moire du territoire et \u00e0 son r\u00f4le dans la pr\u00e9vention des incendies de for\u00eat. L\u2019activit\u00e9 a mis en \u00e9vidence l\u2019importance [&hellip;]","og_url":"https:\/\/interreg-sudoe.eu\/fr\/evento-proyecto\/memoire-du-territoire-et-prevention-des-incendies-de-foret-dans-le-tras-os-montes\/","og_site_name":"Interreg Sudoe","article_publisher":"https:\/\/www.facebook.com\/interregsudoe","article_modified_time":"2026-04-09T08:57:10+00:00","og_image":[{"width":1080,"height":1350,"url":"https:\/\/interreg-sudoe.eu\/wp-content\/uploads\/2026\/04\/23.jpg","type":"image\/jpeg"}],"twitter_card":"summary_large_image","twitter_site":"@Sudoe5","twitter_misc":{"Dur\u00e9e de lecture estim\u00e9e":"1 minute"},"schema":{"@context":"https:\/\/schema.org","@graph":[{"@type":"WebPage","@id":"https:\/\/interreg-sudoe.eu\/fr\/evento-proyecto\/memoire-du-territoire-et-prevention-des-incendies-de-foret-dans-le-tras-os-montes\/","url":"https:\/\/interreg-sudoe.eu\/fr\/evento-proyecto\/memoire-du-territoire-et-prevention-des-incendies-de-foret-dans-le-tras-os-montes\/","name":"M\u00e9moire du territoire et pr\u00e9vention des incendies de for\u00eat dans le Tr\u00e1s-os-Montes - Interreg Sudoe","isPartOf":{"@id":"https:\/\/interreg-sudoe.eu\/fr\/#website"},"primaryImageOfPage":{"@id":"https:\/\/interreg-sudoe.eu\/fr\/evento-proyecto\/memoire-du-territoire-et-prevention-des-incendies-de-foret-dans-le-tras-os-montes\/#primaryimage"},"image":{"@id":"https:\/\/interreg-sudoe.eu\/fr\/evento-proyecto\/memoire-du-territoire-et-prevention-des-incendies-de-foret-dans-le-tras-os-montes\/#primaryimage"},"thumbnailUrl":"https:\/\/interreg-sudoe.eu\/wp-content\/uploads\/2026\/04\/23.jpg","datePublished":"2026-03-12T09:47:23+00:00","dateModified":"2026-04-09T08:57:10+00:00","breadcrumb":{"@id":"https:\/\/interreg-sudoe.eu\/fr\/evento-proyecto\/memoire-du-territoire-et-prevention-des-incendies-de-foret-dans-le-tras-os-montes\/#breadcrumb"},"inLanguage":"fr-FR","potentialAction":[{"@type":"ReadAction","target":["https:\/\/interreg-sudoe.eu\/fr\/evento-proyecto\/memoire-du-territoire-et-prevention-des-incendies-de-foret-dans-le-tras-os-montes\/"]}]},{"@type":"ImageObject","inLanguage":"fr-FR","@id":"https:\/\/interreg-sudoe.eu\/fr\/evento-proyecto\/memoire-du-territoire-et-prevention-des-incendies-de-foret-dans-le-tras-os-montes\/#primaryimage","url":"https:\/\/interreg-sudoe.eu\/wp-content\/uploads\/2026\/04\/23.jpg","contentUrl":"https:\/\/interreg-sudoe.eu\/wp-content\/uploads\/2026\/04\/23.jpg","width":1080,"height":1350},{"@type":"BreadcrumbList","@id":"https:\/\/interreg-sudoe.eu\/fr\/evento-proyecto\/memoire-du-territoire-et-prevention-des-incendies-de-foret-dans-le-tras-os-montes\/#breadcrumb","itemListElement":[{"@type":"ListItem","position":1,"name":"Home","item":"https:\/\/interreg-sudoe.eu\/fr\/"},{"@type":"ListItem","position":2,"name":"M\u00e9moire du territoire et pr\u00e9vention des incendies de for\u00eat dans le Tr\u00e1s-os-Montes"}]},{"@type":"WebSite","@id":"https:\/\/interreg-sudoe.eu\/fr\/#website","url":"https:\/\/interreg-sudoe.eu\/fr\/","name":"Interreg Sudoe","description":"Interreg Sudoe","publisher":{"@id":"https:\/\/interreg-sudoe.eu\/fr\/#organization"},"alternateName":"Interreg Sudoe","potentialAction":[{"@type":"SearchAction","target":{"@type":"EntryPoint","urlTemplate":"https:\/\/interreg-sudoe.eu\/fr\/?s={search_term_string}"},"query-input":{"@type":"PropertyValueSpecification","valueRequired":true,"valueName":"search_term_string"}}],"inLanguage":"fr-FR"},{"@type":"Organization","@id":"https:\/\/interreg-sudoe.eu\/fr\/#organization","name":"Interreg Sudoe","alternateName":"Interreg Sudoe","url":"https:\/\/interreg-sudoe.eu\/fr\/","logo":{"@type":"ImageObject","inLanguage":"fr-FR","@id":"https:\/\/interreg-sudoe.eu\/fr\/#\/schema\/logo\/image\/","url":"https:\/\/interreg-sudoe.eu\/wp-content\/uploads\/2024\/03\/logo-interreg.png","contentUrl":"https:\/\/interreg-sudoe.eu\/wp-content\/uploads\/2024\/03\/logo-interreg.png","width":1200,"height":675,"caption":"Interreg Sudoe"},"image":{"@id":"https:\/\/interreg-sudoe.eu\/fr\/#\/schema\/logo\/image\/"},"sameAs":["https:\/\/www.facebook.com\/interregsudoe","https:\/\/x.com\/Sudoe5","https:\/\/www.youtube.com\/channel\/UCeGx2edoB32beRc9dbKA2vw","https:\/\/www.linkedin.com\/company\/interreg-sudoe-programme\/","https:\/\/www.flickr.com\/photos\/148704685@N06\/"]}]}},"_links":{"self":[{"href":"https:\/\/interreg-sudoe.eu\/fr\/wp-json\/wp\/v2\/evento-proyecto\/63733","targetHints":{"allow":["GET"]}}],"collection":[{"href":"https:\/\/interreg-sudoe.eu\/fr\/wp-json\/wp\/v2\/evento-proyecto"}],"about":[{"href":"https:\/\/interreg-sudoe.eu\/fr\/wp-json\/wp\/v2\/types\/evento-proyecto"}],"author":[{"embeddable":true,"href":"https:\/\/interreg-sudoe.eu\/fr\/wp-json\/wp\/v2\/users\/6728"}],"wp:featuredmedia":[{"embeddable":true,"href":"https:\/\/interreg-sudoe.eu\/fr\/wp-json\/wp\/v2\/media\/63420"}],"wp:attachment":[{"href":"https:\/\/interreg-sudoe.eu\/fr\/wp-json\/wp\/v2\/media?parent=63733"}],"curies":[{"name":"wp","href":"https:\/\/api.w.org\/{rel}","templated":true}]}}