{"id":63738,"date":"2026-03-26T10:59:19","date_gmt":"2026-03-26T09:59:19","guid":{"rendered":"https:\/\/interreg-sudoe.eu\/?post_type=evento-proyecto&#038;p=63738"},"modified":"2026-04-09T11:05:17","modified_gmt":"2026-04-09T09:05:17","slug":"use4forest-renforce-la-gestion-forestiere-du-sud-ouest-europeen-a-miranda-do-douro","status":"publish","type":"evento-proyecto","link":"https:\/\/interreg-sudoe.eu\/fr\/evento-proyecto\/use4forest-renforce-la-gestion-forestiere-du-sud-ouest-europeen-a-miranda-do-douro\/","title":{"rendered":"USE4FOREST renforce la gestion foresti\u00e8re du sud-ouest europ\u00e9en \u00e0 Miranda do Douro"},"content":{"rendered":"<p data-start=\"2478\" data-end=\"2806\">Les 25 et 26 mars 2026, les partenaires du projet europ\u00e9en USE4FOREST se sont r\u00e9unis \u00e0 Miranda do Douro (Portugal) afin de progresser dans l\u2019am\u00e9lioration de la gestion foresti\u00e8re et la pr\u00e9vention des incendies dans le sud-ouest europ\u00e9en, en renfor\u00e7ant la coop\u00e9ration entre les territoires d\u2019Espagne, du Portugal et de la France. Au cours de la rencontre, les prochaines \u00e9tapes du projet ont \u00e9t\u00e9 abord\u00e9es, avec une attention particuli\u00e8re port\u00e9e aux strat\u00e9gies de pr\u00e9vention et de gestion durable du territoire, en coh\u00e9rence avec les initiatives mises en \u0153uvre par les administrations participantes pour r\u00e9duire le risque d\u2019incendies de for\u00eat.<\/p>\n<p data-start=\"3122\" data-end=\"3445\">Le programme a combin\u00e9 des sessions techniques avec des activit\u00e9s de terrain, notamment un exercice de simulation d\u2019incendie \u00e0 Picote, la visite de la tradition couteli\u00e8re de Pala\u00e7oulo et un parcours \u00e0 travers le paysage atlantique du fleuve Douro, mettant en valeur le lien entre territoire, culture et gestion foresti\u00e8re.<\/p>\n<p data-start=\"3447\" data-end=\"3524\">\ud83d\udccd Miranda do Douro, Portugal.<br data-start=\"3496\" data-end=\"3499\" \/>\ud83d\uddd3\ufe0f 25 et 26 mars 2026.<\/p>\n<p data-start=\"3526\" data-end=\"3577\">USE4FOREST : For\u00eats g\u00e9r\u00e9es, territoires prot\u00e9g\u00e9s.<\/p>\n","protected":false},"author":6728,"featured_media":63434,"template":"","meta":{"_acf_changed":false,"content-type":"","_monsterinsights_skip_tracking":false,"_monsterinsights_sitenote_active":false,"_monsterinsights_sitenote_note":"","_monsterinsights_sitenote_category":0},"class_list":["post-63738","evento-proyecto","type-evento-proyecto","status-publish","has-post-thumbnail","hentry"],"acf":[],"yoast_head":"<!-- This site is optimized with the Yoast SEO plugin v27.4 - https:\/\/yoast.com\/product\/yoast-seo-wordpress\/ -->\n<title>USE4FOREST renforce la gestion foresti\u00e8re du sud-ouest europ\u00e9en \u00e0 Miranda do Douro - Interreg Sudoe<\/title>\n<meta name=\"robots\" content=\"index, follow, max-snippet:-1, max-image-preview:large, max-video-preview:-1\" \/>\n<link rel=\"canonical\" href=\"https:\/\/interreg-sudoe.eu\/fr\/evento-proyecto\/use4forest-renforce-la-gestion-forestiere-du-sud-ouest-europeen-a-miranda-do-douro\/\" \/>\n<meta property=\"og:locale\" content=\"fr_FR\" \/>\n<meta property=\"og:type\" content=\"article\" \/>\n<meta property=\"og:title\" content=\"USE4FOREST renforce la gestion foresti\u00e8re du sud-ouest europ\u00e9en \u00e0 Miranda do Douro - Interreg Sudoe\" \/>\n<meta property=\"og:description\" content=\"Les 25 et 26 mars 2026, les partenaires du projet europ\u00e9en USE4FOREST se sont r\u00e9unis \u00e0 Miranda do Douro (Portugal) afin de progresser dans l\u2019am\u00e9lioration de la gestion foresti\u00e8re et la pr\u00e9vention des incendies dans le sud-ouest europ\u00e9en, en renfor\u00e7ant la coop\u00e9ration entre les territoires d\u2019Espagne, du Portugal et de la France. Au cours de [&hellip;]\" \/>\n<meta property=\"og:url\" content=\"https:\/\/interreg-sudoe.eu\/fr\/evento-proyecto\/use4forest-renforce-la-gestion-forestiere-du-sud-ouest-europeen-a-miranda-do-douro\/\" \/>\n<meta property=\"og:site_name\" content=\"Interreg Sudoe\" \/>\n<meta property=\"article:publisher\" content=\"https:\/\/www.facebook.com\/interregsudoe\" \/>\n<meta property=\"article:modified_time\" content=\"2026-04-09T09:05:17+00:00\" \/>\n<meta property=\"og:image\" content=\"https:\/\/interreg-sudoe.eu\/wp-content\/uploads\/2026\/04\/32.jpg\" \/>\n\t<meta property=\"og:image:width\" content=\"1080\" \/>\n\t<meta property=\"og:image:height\" content=\"1350\" \/>\n\t<meta property=\"og:image:type\" content=\"image\/jpeg\" \/>\n<meta name=\"twitter:card\" content=\"summary_large_image\" \/>\n<meta name=\"twitter:site\" content=\"@Sudoe5\" \/>\n<meta name=\"twitter:label1\" content=\"Dur\u00e9e de lecture estim\u00e9e\" \/>\n\t<meta name=\"twitter:data1\" content=\"1 minute\" \/>\n<script type=\"application\/ld+json\" class=\"yoast-schema-graph\">{\"@context\":\"https:\\\/\\\/schema.org\",\"@graph\":[{\"@type\":\"WebPage\",\"@id\":\"https:\\\/\\\/interreg-sudoe.eu\\\/fr\\\/evento-proyecto\\\/use4forest-renforce-la-gestion-forestiere-du-sud-ouest-europeen-a-miranda-do-douro\\\/\",\"url\":\"https:\\\/\\\/interreg-sudoe.eu\\\/fr\\\/evento-proyecto\\\/use4forest-renforce-la-gestion-forestiere-du-sud-ouest-europeen-a-miranda-do-douro\\\/\",\"name\":\"USE4FOREST renforce la gestion foresti\u00e8re du sud-ouest europ\u00e9en \u00e0 Miranda do Douro - Interreg Sudoe\",\"isPartOf\":{\"@id\":\"https:\\\/\\\/interreg-sudoe.eu\\\/fr\\\/#website\"},\"primaryImageOfPage\":{\"@id\":\"https:\\\/\\\/interreg-sudoe.eu\\\/fr\\\/evento-proyecto\\\/use4forest-renforce-la-gestion-forestiere-du-sud-ouest-europeen-a-miranda-do-douro\\\/#primaryimage\"},\"image\":{\"@id\":\"https:\\\/\\\/interreg-sudoe.eu\\\/fr\\\/evento-proyecto\\\/use4forest-renforce-la-gestion-forestiere-du-sud-ouest-europeen-a-miranda-do-douro\\\/#primaryimage\"},\"thumbnailUrl\":\"https:\\\/\\\/interreg-sudoe.eu\\\/wp-content\\\/uploads\\\/2026\\\/04\\\/32.jpg\",\"datePublished\":\"2026-03-26T09:59:19+00:00\",\"dateModified\":\"2026-04-09T09:05:17+00:00\",\"breadcrumb\":{\"@id\":\"https:\\\/\\\/interreg-sudoe.eu\\\/fr\\\/evento-proyecto\\\/use4forest-renforce-la-gestion-forestiere-du-sud-ouest-europeen-a-miranda-do-douro\\\/#breadcrumb\"},\"inLanguage\":\"fr-FR\",\"potentialAction\":[{\"@type\":\"ReadAction\",\"target\":[\"https:\\\/\\\/interreg-sudoe.eu\\\/fr\\\/evento-proyecto\\\/use4forest-renforce-la-gestion-forestiere-du-sud-ouest-europeen-a-miranda-do-douro\\\/\"]}]},{\"@type\":\"ImageObject\",\"inLanguage\":\"fr-FR\",\"@id\":\"https:\\\/\\\/interreg-sudoe.eu\\\/fr\\\/evento-proyecto\\\/use4forest-renforce-la-gestion-forestiere-du-sud-ouest-europeen-a-miranda-do-douro\\\/#primaryimage\",\"url\":\"https:\\\/\\\/interreg-sudoe.eu\\\/wp-content\\\/uploads\\\/2026\\\/04\\\/32.jpg\",\"contentUrl\":\"https:\\\/\\\/interreg-sudoe.eu\\\/wp-content\\\/uploads\\\/2026\\\/04\\\/32.jpg\",\"width\":1080,\"height\":1350},{\"@type\":\"BreadcrumbList\",\"@id\":\"https:\\\/\\\/interreg-sudoe.eu\\\/fr\\\/evento-proyecto\\\/use4forest-renforce-la-gestion-forestiere-du-sud-ouest-europeen-a-miranda-do-douro\\\/#breadcrumb\",\"itemListElement\":[{\"@type\":\"ListItem\",\"position\":1,\"name\":\"Home\",\"item\":\"https:\\\/\\\/interreg-sudoe.eu\\\/fr\\\/\"},{\"@type\":\"ListItem\",\"position\":2,\"name\":\"USE4FOREST renforce la gestion foresti\u00e8re du sud-ouest europ\u00e9en \u00e0 Miranda do Douro\"}]},{\"@type\":\"WebSite\",\"@id\":\"https:\\\/\\\/interreg-sudoe.eu\\\/fr\\\/#website\",\"url\":\"https:\\\/\\\/interreg-sudoe.eu\\\/fr\\\/\",\"name\":\"Interreg Sudoe\",\"description\":\"Interreg Sudoe\",\"publisher\":{\"@id\":\"https:\\\/\\\/interreg-sudoe.eu\\\/fr\\\/#organization\"},\"alternateName\":\"Interreg Sudoe\",\"potentialAction\":[{\"@type\":\"SearchAction\",\"target\":{\"@type\":\"EntryPoint\",\"urlTemplate\":\"https:\\\/\\\/interreg-sudoe.eu\\\/fr\\\/?s={search_term_string}\"},\"query-input\":{\"@type\":\"PropertyValueSpecification\",\"valueRequired\":true,\"valueName\":\"search_term_string\"}}],\"inLanguage\":\"fr-FR\"},{\"@type\":\"Organization\",\"@id\":\"https:\\\/\\\/interreg-sudoe.eu\\\/fr\\\/#organization\",\"name\":\"Interreg Sudoe\",\"alternateName\":\"Interreg Sudoe\",\"url\":\"https:\\\/\\\/interreg-sudoe.eu\\\/fr\\\/\",\"logo\":{\"@type\":\"ImageObject\",\"inLanguage\":\"fr-FR\",\"@id\":\"https:\\\/\\\/interreg-sudoe.eu\\\/fr\\\/#\\\/schema\\\/logo\\\/image\\\/\",\"url\":\"https:\\\/\\\/interreg-sudoe.eu\\\/wp-content\\\/uploads\\\/2024\\\/03\\\/logo-interreg.png\",\"contentUrl\":\"https:\\\/\\\/interreg-sudoe.eu\\\/wp-content\\\/uploads\\\/2024\\\/03\\\/logo-interreg.png\",\"width\":1200,\"height\":675,\"caption\":\"Interreg Sudoe\"},\"image\":{\"@id\":\"https:\\\/\\\/interreg-sudoe.eu\\\/fr\\\/#\\\/schema\\\/logo\\\/image\\\/\"},\"sameAs\":[\"https:\\\/\\\/www.facebook.com\\\/interregsudoe\",\"https:\\\/\\\/x.com\\\/Sudoe5\",\"https:\\\/\\\/www.youtube.com\\\/channel\\\/UCeGx2edoB32beRc9dbKA2vw\",\"https:\\\/\\\/www.linkedin.com\\\/company\\\/interreg-sudoe-programme\\\/\",\"https:\\\/\\\/www.flickr.com\\\/photos\\\/148704685@N06\\\/\"]}]}<\/script>\n<!-- \/ Yoast SEO plugin. -->","yoast_head_json":{"title":"USE4FOREST renforce la gestion foresti\u00e8re du sud-ouest europ\u00e9en \u00e0 Miranda do Douro - Interreg Sudoe","robots":{"index":"index","follow":"follow","max-snippet":"max-snippet:-1","max-image-preview":"max-image-preview:large","max-video-preview":"max-video-preview:-1"},"canonical":"https:\/\/interreg-sudoe.eu\/fr\/evento-proyecto\/use4forest-renforce-la-gestion-forestiere-du-sud-ouest-europeen-a-miranda-do-douro\/","og_locale":"fr_FR","og_type":"article","og_title":"USE4FOREST renforce la gestion foresti\u00e8re du sud-ouest europ\u00e9en \u00e0 Miranda do Douro - Interreg Sudoe","og_description":"Les 25 et 26 mars 2026, les partenaires du projet europ\u00e9en USE4FOREST se sont r\u00e9unis \u00e0 Miranda do Douro (Portugal) afin de progresser dans l\u2019am\u00e9lioration de la gestion foresti\u00e8re et la pr\u00e9vention des incendies dans le sud-ouest europ\u00e9en, en renfor\u00e7ant la coop\u00e9ration entre les territoires d\u2019Espagne, du Portugal et de la France. Au cours de [&hellip;]","og_url":"https:\/\/interreg-sudoe.eu\/fr\/evento-proyecto\/use4forest-renforce-la-gestion-forestiere-du-sud-ouest-europeen-a-miranda-do-douro\/","og_site_name":"Interreg Sudoe","article_publisher":"https:\/\/www.facebook.com\/interregsudoe","article_modified_time":"2026-04-09T09:05:17+00:00","og_image":[{"width":1080,"height":1350,"url":"https:\/\/interreg-sudoe.eu\/wp-content\/uploads\/2026\/04\/32.jpg","type":"image\/jpeg"}],"twitter_card":"summary_large_image","twitter_site":"@Sudoe5","twitter_misc":{"Dur\u00e9e de lecture estim\u00e9e":"1 minute"},"schema":{"@context":"https:\/\/schema.org","@graph":[{"@type":"WebPage","@id":"https:\/\/interreg-sudoe.eu\/fr\/evento-proyecto\/use4forest-renforce-la-gestion-forestiere-du-sud-ouest-europeen-a-miranda-do-douro\/","url":"https:\/\/interreg-sudoe.eu\/fr\/evento-proyecto\/use4forest-renforce-la-gestion-forestiere-du-sud-ouest-europeen-a-miranda-do-douro\/","name":"USE4FOREST renforce la gestion foresti\u00e8re du sud-ouest europ\u00e9en \u00e0 Miranda do Douro - Interreg Sudoe","isPartOf":{"@id":"https:\/\/interreg-sudoe.eu\/fr\/#website"},"primaryImageOfPage":{"@id":"https:\/\/interreg-sudoe.eu\/fr\/evento-proyecto\/use4forest-renforce-la-gestion-forestiere-du-sud-ouest-europeen-a-miranda-do-douro\/#primaryimage"},"image":{"@id":"https:\/\/interreg-sudoe.eu\/fr\/evento-proyecto\/use4forest-renforce-la-gestion-forestiere-du-sud-ouest-europeen-a-miranda-do-douro\/#primaryimage"},"thumbnailUrl":"https:\/\/interreg-sudoe.eu\/wp-content\/uploads\/2026\/04\/32.jpg","datePublished":"2026-03-26T09:59:19+00:00","dateModified":"2026-04-09T09:05:17+00:00","breadcrumb":{"@id":"https:\/\/interreg-sudoe.eu\/fr\/evento-proyecto\/use4forest-renforce-la-gestion-forestiere-du-sud-ouest-europeen-a-miranda-do-douro\/#breadcrumb"},"inLanguage":"fr-FR","potentialAction":[{"@type":"ReadAction","target":["https:\/\/interreg-sudoe.eu\/fr\/evento-proyecto\/use4forest-renforce-la-gestion-forestiere-du-sud-ouest-europeen-a-miranda-do-douro\/"]}]},{"@type":"ImageObject","inLanguage":"fr-FR","@id":"https:\/\/interreg-sudoe.eu\/fr\/evento-proyecto\/use4forest-renforce-la-gestion-forestiere-du-sud-ouest-europeen-a-miranda-do-douro\/#primaryimage","url":"https:\/\/interreg-sudoe.eu\/wp-content\/uploads\/2026\/04\/32.jpg","contentUrl":"https:\/\/interreg-sudoe.eu\/wp-content\/uploads\/2026\/04\/32.jpg","width":1080,"height":1350},{"@type":"BreadcrumbList","@id":"https:\/\/interreg-sudoe.eu\/fr\/evento-proyecto\/use4forest-renforce-la-gestion-forestiere-du-sud-ouest-europeen-a-miranda-do-douro\/#breadcrumb","itemListElement":[{"@type":"ListItem","position":1,"name":"Home","item":"https:\/\/interreg-sudoe.eu\/fr\/"},{"@type":"ListItem","position":2,"name":"USE4FOREST renforce la gestion foresti\u00e8re du sud-ouest europ\u00e9en \u00e0 Miranda do Douro"}]},{"@type":"WebSite","@id":"https:\/\/interreg-sudoe.eu\/fr\/#website","url":"https:\/\/interreg-sudoe.eu\/fr\/","name":"Interreg Sudoe","description":"Interreg Sudoe","publisher":{"@id":"https:\/\/interreg-sudoe.eu\/fr\/#organization"},"alternateName":"Interreg Sudoe","potentialAction":[{"@type":"SearchAction","target":{"@type":"EntryPoint","urlTemplate":"https:\/\/interreg-sudoe.eu\/fr\/?s={search_term_string}"},"query-input":{"@type":"PropertyValueSpecification","valueRequired":true,"valueName":"search_term_string"}}],"inLanguage":"fr-FR"},{"@type":"Organization","@id":"https:\/\/interreg-sudoe.eu\/fr\/#organization","name":"Interreg Sudoe","alternateName":"Interreg Sudoe","url":"https:\/\/interreg-sudoe.eu\/fr\/","logo":{"@type":"ImageObject","inLanguage":"fr-FR","@id":"https:\/\/interreg-sudoe.eu\/fr\/#\/schema\/logo\/image\/","url":"https:\/\/interreg-sudoe.eu\/wp-content\/uploads\/2024\/03\/logo-interreg.png","contentUrl":"https:\/\/interreg-sudoe.eu\/wp-content\/uploads\/2024\/03\/logo-interreg.png","width":1200,"height":675,"caption":"Interreg Sudoe"},"image":{"@id":"https:\/\/interreg-sudoe.eu\/fr\/#\/schema\/logo\/image\/"},"sameAs":["https:\/\/www.facebook.com\/interregsudoe","https:\/\/x.com\/Sudoe5","https:\/\/www.youtube.com\/channel\/UCeGx2edoB32beRc9dbKA2vw","https:\/\/www.linkedin.com\/company\/interreg-sudoe-programme\/","https:\/\/www.flickr.com\/photos\/148704685@N06\/"]}]}},"_links":{"self":[{"href":"https:\/\/interreg-sudoe.eu\/fr\/wp-json\/wp\/v2\/evento-proyecto\/63738","targetHints":{"allow":["GET"]}}],"collection":[{"href":"https:\/\/interreg-sudoe.eu\/fr\/wp-json\/wp\/v2\/evento-proyecto"}],"about":[{"href":"https:\/\/interreg-sudoe.eu\/fr\/wp-json\/wp\/v2\/types\/evento-proyecto"}],"author":[{"embeddable":true,"href":"https:\/\/interreg-sudoe.eu\/fr\/wp-json\/wp\/v2\/users\/6728"}],"wp:featuredmedia":[{"embeddable":true,"href":"https:\/\/interreg-sudoe.eu\/fr\/wp-json\/wp\/v2\/media\/63434"}],"wp:attachment":[{"href":"https:\/\/interreg-sudoe.eu\/fr\/wp-json\/wp\/v2\/media?parent=63738"}],"curies":[{"name":"wp","href":"https:\/\/api.w.org\/{rel}","templated":true}]}}