{"id":64473,"date":"2026-04-23T08:33:36","date_gmt":"2026-04-23T06:33:36","guid":{"rendered":"https:\/\/interreg-sudoe.eu\/?post_type=evento-proyecto&#038;p=64473"},"modified":"2026-04-27T08:38:24","modified_gmt":"2026-04-27T06:38:24","slug":"journees-de-formation-a-bragance-et-ourense","status":"publish","type":"evento-proyecto","link":"https:\/\/interreg-sudoe.eu\/fr\/evento-proyecto\/journees-de-formation-a-bragance-et-ourense\/","title":{"rendered":"Journ\u00e9es de formation \u00e0 Bragance et Ourense"},"content":{"rendered":"<p data-start=\"1769\" data-end=\"2242\">Les 23 et 24 avril 2026, deux journ\u00e9es de formation se sont tenues \u00e0 Bragance (Portugal) et Ourense (Espagne), dans le cadre du projet USE4FOREST, visant \u00e0 renforcer la pr\u00e9paration des administrations locales face \u00e0 des incendies de for\u00eat de plus en plus complexes. Ces sessions ont port\u00e9 sur l\u2019am\u00e9lioration de la gestion des risques \u00e0 l\u2019\u00e9chelle municipale, en abordant l\u2019\u00e9volution r\u00e9cente des incendies et la n\u00e9cessit\u00e9 d\u2019adapter les strat\u00e9gies de pr\u00e9vention et de r\u00e9ponse.<\/p>\n<p data-start=\"2244\" data-end=\"2712\">Au cours des journ\u00e9es, responsables municipaux, personnel technique et professionnels des services d\u2019urgence ont travaill\u00e9 sur l\u2019identification des risques et des vuln\u00e9rabilit\u00e9s du territoire, ainsi que sur le d\u00e9veloppement de mesures de pr\u00e9vention, d\u2019autoprotection et de r\u00e9duction des risques. La formation, d\u2019une dur\u00e9e de six heures en pr\u00e9sentiel, a combin\u00e9 des contenus th\u00e9oriques et des approches pratiques orient\u00e9es vers leur application directe au niveau local.<\/p>\n<p data-start=\"2714\" data-end=\"2958\">Ce type d\u2019initiatives r\u00e9pond \u00e0 la complexit\u00e9 croissante des incendies de for\u00eat, qui n\u00e9cessitent une plus grande capacit\u00e9 des acteurs locaux et une planification plus efficace pour en r\u00e9duire les impacts environnementaux, sociaux et \u00e9conomiques.<\/p>\n<p data-start=\"2960\" data-end=\"3006\">\ud83d\udccd Bragance (Portugal) et Ourense (Espagne).<\/p>\n<p data-start=\"3008\" data-end=\"3034\">\ud83d\uddd3\ufe0f 23 et 24 avril 2026.<\/p>\n<p data-start=\"3036\" data-end=\"3085\">USE4FOREST : For\u00eats g\u00e9r\u00e9es, territoires prot\u00e9g\u00e9s.<\/p>\n","protected":false},"author":6728,"featured_media":64466,"template":"","meta":{"_acf_changed":false,"content-type":"","_monsterinsights_skip_tracking":false,"_monsterinsights_sitenote_active":false,"_monsterinsights_sitenote_note":"","_monsterinsights_sitenote_category":0},"class_list":["post-64473","evento-proyecto","type-evento-proyecto","status-publish","has-post-thumbnail","hentry"],"acf":[],"yoast_head":"<!-- This site is optimized with the Yoast SEO plugin v27.4 - https:\/\/yoast.com\/product\/yoast-seo-wordpress\/ -->\n<title>Journ\u00e9es de formation \u00e0 Bragance et Ourense - Interreg Sudoe<\/title>\n<meta name=\"robots\" content=\"index, follow, max-snippet:-1, max-image-preview:large, max-video-preview:-1\" \/>\n<link rel=\"canonical\" href=\"https:\/\/interreg-sudoe.eu\/fr\/evento-proyecto\/journees-de-formation-a-bragance-et-ourense\/\" \/>\n<meta property=\"og:locale\" content=\"fr_FR\" \/>\n<meta property=\"og:type\" content=\"article\" \/>\n<meta property=\"og:title\" content=\"Journ\u00e9es de formation \u00e0 Bragance et Ourense - Interreg Sudoe\" \/>\n<meta property=\"og:description\" content=\"Les 23 et 24 avril 2026, deux journ\u00e9es de formation se sont tenues \u00e0 Bragance (Portugal) et Ourense (Espagne), dans le cadre du projet USE4FOREST, visant \u00e0 renforcer la pr\u00e9paration des administrations locales face \u00e0 des incendies de for\u00eat de plus en plus complexes. Ces sessions ont port\u00e9 sur l\u2019am\u00e9lioration de la gestion des risques [&hellip;]\" \/>\n<meta property=\"og:url\" content=\"https:\/\/interreg-sudoe.eu\/fr\/evento-proyecto\/journees-de-formation-a-bragance-et-ourense\/\" \/>\n<meta property=\"og:site_name\" content=\"Interreg Sudoe\" \/>\n<meta property=\"article:publisher\" content=\"https:\/\/www.facebook.com\/interregsudoe\" \/>\n<meta property=\"article:modified_time\" content=\"2026-04-27T06:38:24+00:00\" \/>\n<meta property=\"og:image\" content=\"https:\/\/interreg-sudoe.eu\/wp-content\/uploads\/2026\/04\/USE4-POST.jpg\" \/>\n\t<meta property=\"og:image:width\" content=\"1080\" \/>\n\t<meta property=\"og:image:height\" content=\"1350\" \/>\n\t<meta property=\"og:image:type\" content=\"image\/jpeg\" \/>\n<meta name=\"twitter:card\" content=\"summary_large_image\" \/>\n<meta name=\"twitter:site\" content=\"@Sudoe5\" \/>\n<meta name=\"twitter:label1\" content=\"Dur\u00e9e de lecture estim\u00e9e\" \/>\n\t<meta name=\"twitter:data1\" content=\"1 minute\" \/>\n<script type=\"application\/ld+json\" class=\"yoast-schema-graph\">{\"@context\":\"https:\\\/\\\/schema.org\",\"@graph\":[{\"@type\":\"WebPage\",\"@id\":\"https:\\\/\\\/interreg-sudoe.eu\\\/fr\\\/evento-proyecto\\\/journees-de-formation-a-bragance-et-ourense\\\/\",\"url\":\"https:\\\/\\\/interreg-sudoe.eu\\\/fr\\\/evento-proyecto\\\/journees-de-formation-a-bragance-et-ourense\\\/\",\"name\":\"Journ\u00e9es de formation \u00e0 Bragance et Ourense - Interreg Sudoe\",\"isPartOf\":{\"@id\":\"https:\\\/\\\/interreg-sudoe.eu\\\/fr\\\/#website\"},\"primaryImageOfPage\":{\"@id\":\"https:\\\/\\\/interreg-sudoe.eu\\\/fr\\\/evento-proyecto\\\/journees-de-formation-a-bragance-et-ourense\\\/#primaryimage\"},\"image\":{\"@id\":\"https:\\\/\\\/interreg-sudoe.eu\\\/fr\\\/evento-proyecto\\\/journees-de-formation-a-bragance-et-ourense\\\/#primaryimage\"},\"thumbnailUrl\":\"https:\\\/\\\/interreg-sudoe.eu\\\/wp-content\\\/uploads\\\/2026\\\/04\\\/USE4-POST.jpg\",\"datePublished\":\"2026-04-23T06:33:36+00:00\",\"dateModified\":\"2026-04-27T06:38:24+00:00\",\"breadcrumb\":{\"@id\":\"https:\\\/\\\/interreg-sudoe.eu\\\/fr\\\/evento-proyecto\\\/journees-de-formation-a-bragance-et-ourense\\\/#breadcrumb\"},\"inLanguage\":\"fr-FR\",\"potentialAction\":[{\"@type\":\"ReadAction\",\"target\":[\"https:\\\/\\\/interreg-sudoe.eu\\\/fr\\\/evento-proyecto\\\/journees-de-formation-a-bragance-et-ourense\\\/\"]}]},{\"@type\":\"ImageObject\",\"inLanguage\":\"fr-FR\",\"@id\":\"https:\\\/\\\/interreg-sudoe.eu\\\/fr\\\/evento-proyecto\\\/journees-de-formation-a-bragance-et-ourense\\\/#primaryimage\",\"url\":\"https:\\\/\\\/interreg-sudoe.eu\\\/wp-content\\\/uploads\\\/2026\\\/04\\\/USE4-POST.jpg\",\"contentUrl\":\"https:\\\/\\\/interreg-sudoe.eu\\\/wp-content\\\/uploads\\\/2026\\\/04\\\/USE4-POST.jpg\",\"width\":1080,\"height\":1350},{\"@type\":\"BreadcrumbList\",\"@id\":\"https:\\\/\\\/interreg-sudoe.eu\\\/fr\\\/evento-proyecto\\\/journees-de-formation-a-bragance-et-ourense\\\/#breadcrumb\",\"itemListElement\":[{\"@type\":\"ListItem\",\"position\":1,\"name\":\"Home\",\"item\":\"https:\\\/\\\/interreg-sudoe.eu\\\/fr\\\/\"},{\"@type\":\"ListItem\",\"position\":2,\"name\":\"Journ\u00e9es de formation \u00e0 Bragance et Ourense\"}]},{\"@type\":\"WebSite\",\"@id\":\"https:\\\/\\\/interreg-sudoe.eu\\\/fr\\\/#website\",\"url\":\"https:\\\/\\\/interreg-sudoe.eu\\\/fr\\\/\",\"name\":\"Interreg Sudoe\",\"description\":\"Interreg Sudoe\",\"publisher\":{\"@id\":\"https:\\\/\\\/interreg-sudoe.eu\\\/fr\\\/#organization\"},\"alternateName\":\"Interreg Sudoe\",\"potentialAction\":[{\"@type\":\"SearchAction\",\"target\":{\"@type\":\"EntryPoint\",\"urlTemplate\":\"https:\\\/\\\/interreg-sudoe.eu\\\/fr\\\/?s={search_term_string}\"},\"query-input\":{\"@type\":\"PropertyValueSpecification\",\"valueRequired\":true,\"valueName\":\"search_term_string\"}}],\"inLanguage\":\"fr-FR\"},{\"@type\":\"Organization\",\"@id\":\"https:\\\/\\\/interreg-sudoe.eu\\\/fr\\\/#organization\",\"name\":\"Interreg Sudoe\",\"alternateName\":\"Interreg Sudoe\",\"url\":\"https:\\\/\\\/interreg-sudoe.eu\\\/fr\\\/\",\"logo\":{\"@type\":\"ImageObject\",\"inLanguage\":\"fr-FR\",\"@id\":\"https:\\\/\\\/interreg-sudoe.eu\\\/fr\\\/#\\\/schema\\\/logo\\\/image\\\/\",\"url\":\"https:\\\/\\\/interreg-sudoe.eu\\\/wp-content\\\/uploads\\\/2024\\\/03\\\/logo-interreg.png\",\"contentUrl\":\"https:\\\/\\\/interreg-sudoe.eu\\\/wp-content\\\/uploads\\\/2024\\\/03\\\/logo-interreg.png\",\"width\":1200,\"height\":675,\"caption\":\"Interreg Sudoe\"},\"image\":{\"@id\":\"https:\\\/\\\/interreg-sudoe.eu\\\/fr\\\/#\\\/schema\\\/logo\\\/image\\\/\"},\"sameAs\":[\"https:\\\/\\\/www.facebook.com\\\/interregsudoe\",\"https:\\\/\\\/x.com\\\/Sudoe5\",\"https:\\\/\\\/www.youtube.com\\\/channel\\\/UCeGx2edoB32beRc9dbKA2vw\",\"https:\\\/\\\/www.linkedin.com\\\/company\\\/interreg-sudoe-programme\\\/\",\"https:\\\/\\\/www.flickr.com\\\/photos\\\/148704685@N06\\\/\"]}]}<\/script>\n<!-- \/ Yoast SEO plugin. -->","yoast_head_json":{"title":"Journ\u00e9es de formation \u00e0 Bragance et Ourense - Interreg Sudoe","robots":{"index":"index","follow":"follow","max-snippet":"max-snippet:-1","max-image-preview":"max-image-preview:large","max-video-preview":"max-video-preview:-1"},"canonical":"https:\/\/interreg-sudoe.eu\/fr\/evento-proyecto\/journees-de-formation-a-bragance-et-ourense\/","og_locale":"fr_FR","og_type":"article","og_title":"Journ\u00e9es de formation \u00e0 Bragance et Ourense - Interreg Sudoe","og_description":"Les 23 et 24 avril 2026, deux journ\u00e9es de formation se sont tenues \u00e0 Bragance (Portugal) et Ourense (Espagne), dans le cadre du projet USE4FOREST, visant \u00e0 renforcer la pr\u00e9paration des administrations locales face \u00e0 des incendies de for\u00eat de plus en plus complexes. Ces sessions ont port\u00e9 sur l\u2019am\u00e9lioration de la gestion des risques [&hellip;]","og_url":"https:\/\/interreg-sudoe.eu\/fr\/evento-proyecto\/journees-de-formation-a-bragance-et-ourense\/","og_site_name":"Interreg Sudoe","article_publisher":"https:\/\/www.facebook.com\/interregsudoe","article_modified_time":"2026-04-27T06:38:24+00:00","og_image":[{"width":1080,"height":1350,"url":"https:\/\/interreg-sudoe.eu\/wp-content\/uploads\/2026\/04\/USE4-POST.jpg","type":"image\/jpeg"}],"twitter_card":"summary_large_image","twitter_site":"@Sudoe5","twitter_misc":{"Dur\u00e9e de lecture estim\u00e9e":"1 minute"},"schema":{"@context":"https:\/\/schema.org","@graph":[{"@type":"WebPage","@id":"https:\/\/interreg-sudoe.eu\/fr\/evento-proyecto\/journees-de-formation-a-bragance-et-ourense\/","url":"https:\/\/interreg-sudoe.eu\/fr\/evento-proyecto\/journees-de-formation-a-bragance-et-ourense\/","name":"Journ\u00e9es de formation \u00e0 Bragance et Ourense - Interreg Sudoe","isPartOf":{"@id":"https:\/\/interreg-sudoe.eu\/fr\/#website"},"primaryImageOfPage":{"@id":"https:\/\/interreg-sudoe.eu\/fr\/evento-proyecto\/journees-de-formation-a-bragance-et-ourense\/#primaryimage"},"image":{"@id":"https:\/\/interreg-sudoe.eu\/fr\/evento-proyecto\/journees-de-formation-a-bragance-et-ourense\/#primaryimage"},"thumbnailUrl":"https:\/\/interreg-sudoe.eu\/wp-content\/uploads\/2026\/04\/USE4-POST.jpg","datePublished":"2026-04-23T06:33:36+00:00","dateModified":"2026-04-27T06:38:24+00:00","breadcrumb":{"@id":"https:\/\/interreg-sudoe.eu\/fr\/evento-proyecto\/journees-de-formation-a-bragance-et-ourense\/#breadcrumb"},"inLanguage":"fr-FR","potentialAction":[{"@type":"ReadAction","target":["https:\/\/interreg-sudoe.eu\/fr\/evento-proyecto\/journees-de-formation-a-bragance-et-ourense\/"]}]},{"@type":"ImageObject","inLanguage":"fr-FR","@id":"https:\/\/interreg-sudoe.eu\/fr\/evento-proyecto\/journees-de-formation-a-bragance-et-ourense\/#primaryimage","url":"https:\/\/interreg-sudoe.eu\/wp-content\/uploads\/2026\/04\/USE4-POST.jpg","contentUrl":"https:\/\/interreg-sudoe.eu\/wp-content\/uploads\/2026\/04\/USE4-POST.jpg","width":1080,"height":1350},{"@type":"BreadcrumbList","@id":"https:\/\/interreg-sudoe.eu\/fr\/evento-proyecto\/journees-de-formation-a-bragance-et-ourense\/#breadcrumb","itemListElement":[{"@type":"ListItem","position":1,"name":"Home","item":"https:\/\/interreg-sudoe.eu\/fr\/"},{"@type":"ListItem","position":2,"name":"Journ\u00e9es de formation \u00e0 Bragance et Ourense"}]},{"@type":"WebSite","@id":"https:\/\/interreg-sudoe.eu\/fr\/#website","url":"https:\/\/interreg-sudoe.eu\/fr\/","name":"Interreg Sudoe","description":"Interreg Sudoe","publisher":{"@id":"https:\/\/interreg-sudoe.eu\/fr\/#organization"},"alternateName":"Interreg Sudoe","potentialAction":[{"@type":"SearchAction","target":{"@type":"EntryPoint","urlTemplate":"https:\/\/interreg-sudoe.eu\/fr\/?s={search_term_string}"},"query-input":{"@type":"PropertyValueSpecification","valueRequired":true,"valueName":"search_term_string"}}],"inLanguage":"fr-FR"},{"@type":"Organization","@id":"https:\/\/interreg-sudoe.eu\/fr\/#organization","name":"Interreg Sudoe","alternateName":"Interreg Sudoe","url":"https:\/\/interreg-sudoe.eu\/fr\/","logo":{"@type":"ImageObject","inLanguage":"fr-FR","@id":"https:\/\/interreg-sudoe.eu\/fr\/#\/schema\/logo\/image\/","url":"https:\/\/interreg-sudoe.eu\/wp-content\/uploads\/2024\/03\/logo-interreg.png","contentUrl":"https:\/\/interreg-sudoe.eu\/wp-content\/uploads\/2024\/03\/logo-interreg.png","width":1200,"height":675,"caption":"Interreg Sudoe"},"image":{"@id":"https:\/\/interreg-sudoe.eu\/fr\/#\/schema\/logo\/image\/"},"sameAs":["https:\/\/www.facebook.com\/interregsudoe","https:\/\/x.com\/Sudoe5","https:\/\/www.youtube.com\/channel\/UCeGx2edoB32beRc9dbKA2vw","https:\/\/www.linkedin.com\/company\/interreg-sudoe-programme\/","https:\/\/www.flickr.com\/photos\/148704685@N06\/"]}]}},"_links":{"self":[{"href":"https:\/\/interreg-sudoe.eu\/fr\/wp-json\/wp\/v2\/evento-proyecto\/64473","targetHints":{"allow":["GET"]}}],"collection":[{"href":"https:\/\/interreg-sudoe.eu\/fr\/wp-json\/wp\/v2\/evento-proyecto"}],"about":[{"href":"https:\/\/interreg-sudoe.eu\/fr\/wp-json\/wp\/v2\/types\/evento-proyecto"}],"author":[{"embeddable":true,"href":"https:\/\/interreg-sudoe.eu\/fr\/wp-json\/wp\/v2\/users\/6728"}],"wp:featuredmedia":[{"embeddable":true,"href":"https:\/\/interreg-sudoe.eu\/fr\/wp-json\/wp\/v2\/media\/64466"}],"wp:attachment":[{"href":"https:\/\/interreg-sudoe.eu\/fr\/wp-json\/wp\/v2\/media?parent=64473"}],"curies":[{"name":"wp","href":"https:\/\/api.w.org\/{rel}","templated":true}]}}