{"id":64897,"date":"2026-04-28T16:14:09","date_gmt":"2026-04-28T14:14:09","guid":{"rendered":"https:\/\/interreg-sudoe.eu\/?post_type=evento-proyecto&#038;p=64897"},"modified":"2026-04-28T16:16:47","modified_gmt":"2026-04-28T14:16:47","slug":"webinar-procedes-durables-pour-lobtention-de-bioemballages-et-de-biocarburants-a-partir-de-residus-agroforestiers-newpower","status":"publish","type":"evento-proyecto","link":"https:\/\/interreg-sudoe.eu\/fr\/evento-proyecto\/webinar-procedes-durables-pour-lobtention-de-bioemballages-et-de-biocarburants-a-partir-de-residus-agroforestiers-newpower\/","title":{"rendered":"Webinar : Proc\u00e9d\u00e9s durables pour l\u2019obtention de bioemballages et de biocarburants \u00e0 partir de r\u00e9sidus agroforestiers \u2013 NEWPOWER"},"content":{"rendered":"<p data-start=\"2611\" data-end=\"3000\">Le <strong data-start=\"2614\" data-end=\"2629\">21 mai 2026<\/strong>, le projet NEWPOWER organisera le webinar <strong data-start=\"2672\" data-end=\"2786\">\u00ab Proc\u00e9d\u00e9s durables pour l\u2019obtention de bioemballages et de biocarburants \u00e0 partir de r\u00e9sidus agroforestiers \u00bb<\/strong>, une session consacr\u00e9e \u00e0 la transformation de la biomasse r\u00e9siduelle au moyen de technologies innovantes orient\u00e9es vers la production de biocarburants, de biomat\u00e9riaux et de solutions durables pour les emballages.<\/p>\n<p data-start=\"3002\" data-end=\"3226\">Cette session s\u2019inscrit dans le cycle de webinars du projet, visant \u00e0 partager les avanc\u00e9es scientifiques, \u00e0 favoriser le transfert de connaissances et \u00e0 renforcer la coop\u00e9ration dans le domaine de la bio\u00e9conomie circulaire.<\/p>\n<p data-start=\"3228\" data-end=\"3591\">Ce quatri\u00e8me webinar, organis\u00e9 par <strong data-start=\"3263\" data-end=\"3287\">Universidade de Vigo<\/strong> et <strong data-start=\"3291\" data-end=\"3321\">CETIM Technological Centre<\/strong>, abordera le potentiel des r\u00e9sidus agroforestiers comme mati\u00e8re premi\u00e8re pour le d\u00e9veloppement de proc\u00e9d\u00e9s durables de valorisation, avec une attention particuli\u00e8re port\u00e9e \u00e0 l\u2019obtention de biocarburants et de biomat\u00e9riaux applicables au secteur des emballages durables.<\/p>\n<p data-start=\"3593\" data-end=\"3833\">Le webinar s\u2019adresse aux professionnels des milieux acad\u00e9mique, entrepreneurial et institutionnel li\u00e9s \u00e0 la bio\u00e9conomie circulaire, \u00e0 la valorisation des r\u00e9sidus, \u00e0 la biotechnologie industrielle, aux biomat\u00e9riaux et \u00e0 l\u2019innovation durable.<\/p>\n<p data-start=\"3835\" data-end=\"3908\">\ud83d\udc49 D\u00e9couvrez le cycle complet de webinars et les prochaines sessions ici.<\/p>\n<p data-start=\"3910\" data-end=\"4007\">\ud83d\udcc5 <strong data-start=\"3913\" data-end=\"3928\">21 mai 2026<\/strong><br data-start=\"3928\" data-end=\"3931\" \/>\ud83d\udd52 <strong data-start=\"3934\" data-end=\"3982\">11h00 \u2013 12h30 (ES \u2013 FR) | 10h00 \u2013 11h30 (PT)<\/strong><br data-start=\"3982\" data-end=\"3985\" \/>\ud83d\udccd <strong data-start=\"3988\" data-end=\"4007\">En ligne | Zoom<\/strong><\/p>\n<h3 data-section-id=\"fjvm7u\" data-start=\"4009\" data-end=\"4022\">Programme<\/h3>\n<p data-start=\"4024\" data-end=\"4170\"><strong data-start=\"4024\" data-end=\"4041\">11h00 \u2013 11h15<\/strong><br data-start=\"4041\" data-end=\"4044\" \/>Accueil et pr\u00e9sentation du projet NEWPOWER<br data-start=\"4086\" data-end=\"4089\" \/><strong data-start=\"4089\" data-end=\"4114\">Pedro Ferreira Santos<\/strong> \u2013 Coordinateur du projet NEWPOWER, Universidade de Vigo<\/p>\n<p data-start=\"4172\" data-end=\"4368\"><strong data-start=\"4172\" data-end=\"4189\">11h15 \u2013 11h45<\/strong><br data-start=\"4189\" data-end=\"4192\" \/>Innovation technologique pour la transformation des r\u00e9sidus agroforestiers en biocarburants<br data-start=\"4283\" data-end=\"4286\" \/><strong data-start=\"4286\" data-end=\"4301\">Gil Garrote<\/strong> \u2013 Professeur des universit\u00e9s, G\u00e9nie chimique, Universidade de Vigo<\/p>\n<p data-start=\"4370\" data-end=\"4612\"><strong data-start=\"4370\" data-end=\"4387\">11h45 \u2013 12h15<\/strong><br data-start=\"4387\" data-end=\"4390\" \/>Valorisation int\u00e9grale des biomasses agroforesti\u00e8res pour le d\u00e9veloppement de biomat\u00e9riaux destin\u00e9s aux emballages durables<br data-start=\"4513\" data-end=\"4516\" \/><strong data-start=\"4516\" data-end=\"4534\">Mohamed Traor\u00e9<\/strong> \u2013 Chercheur senior, domaine des Mat\u00e9riaux avanc\u00e9s, CETIM Technological Centre<\/p>\n<p data-start=\"4614\" data-end=\"4652\"><strong data-start=\"4614\" data-end=\"4631\">12h15 \u2013 12h25<\/strong><br data-start=\"4631\" data-end=\"4634\" \/>Discussion ouverte<\/p>\n<p data-start=\"4654\" data-end=\"4698\"><strong data-start=\"4654\" data-end=\"4671\">12h25 \u2013 12h30<\/strong><br data-start=\"4671\" data-end=\"4674\" \/>Cl\u00f4ture et remerciements<\/p>\n<p data-start=\"4700\" data-end=\"4793\">Le webinar se d\u00e9roulera en espagnol, avec traduction simultan\u00e9e par sous-titres en portugais.<\/p>\n<p data-start=\"4795\" data-end=\"4865\">La participation est gratuite et n\u00e9cessite une inscription pr\u00e9alable :<\/p>\n<p data-start=\"4867\" data-end=\"4889\">\ud83d\udc49 Inscrivez-vous ici.<\/p>\n<p data-start=\"4891\" data-end=\"4923\" data-is-last-node=\"\" data-is-only-node=\"\">T\u00e9l\u00e9charger le programme en PDF.<\/p>\n","protected":false},"author":4986,"featured_media":0,"template":"","meta":{"_acf_changed":false,"content-type":"","_monsterinsights_skip_tracking":false,"_monsterinsights_sitenote_active":false,"_monsterinsights_sitenote_note":"","_monsterinsights_sitenote_category":0},"class_list":["post-64897","evento-proyecto","type-evento-proyecto","status-publish","hentry"],"acf":[],"yoast_head":"<!-- This site is optimized with the Yoast SEO plugin v27.4 - https:\/\/yoast.com\/product\/yoast-seo-wordpress\/ -->\n<title>Webinar : Proc\u00e9d\u00e9s durables pour l\u2019obtention de bioemballages et de biocarburants \u00e0 partir de r\u00e9sidus agroforestiers \u2013 NEWPOWER - Interreg Sudoe<\/title>\n<meta name=\"robots\" content=\"index, follow, max-snippet:-1, max-image-preview:large, max-video-preview:-1\" \/>\n<link rel=\"canonical\" href=\"https:\/\/interreg-sudoe.eu\/fr\/evento-proyecto\/webinar-procedes-durables-pour-lobtention-de-bioemballages-et-de-biocarburants-a-partir-de-residus-agroforestiers-newpower\/\" \/>\n<meta property=\"og:locale\" content=\"fr_FR\" \/>\n<meta property=\"og:type\" content=\"article\" \/>\n<meta property=\"og:title\" content=\"Webinar : Proc\u00e9d\u00e9s durables pour l\u2019obtention de bioemballages et de biocarburants \u00e0 partir de r\u00e9sidus agroforestiers \u2013 NEWPOWER - Interreg Sudoe\" \/>\n<meta property=\"og:description\" content=\"Le 21 mai 2026, le projet NEWPOWER organisera le webinar \u00ab Proc\u00e9d\u00e9s durables pour l\u2019obtention de bioemballages et de biocarburants \u00e0 partir de r\u00e9sidus agroforestiers \u00bb, une session consacr\u00e9e \u00e0 la transformation de la biomasse r\u00e9siduelle au moyen de technologies innovantes orient\u00e9es vers la production de biocarburants, de biomat\u00e9riaux et de solutions durables pour les [&hellip;]\" \/>\n<meta property=\"og:url\" content=\"https:\/\/interreg-sudoe.eu\/fr\/evento-proyecto\/webinar-procedes-durables-pour-lobtention-de-bioemballages-et-de-biocarburants-a-partir-de-residus-agroforestiers-newpower\/\" \/>\n<meta property=\"og:site_name\" content=\"Interreg Sudoe\" \/>\n<meta property=\"article:publisher\" content=\"https:\/\/www.facebook.com\/interregsudoe\" \/>\n<meta property=\"article:modified_time\" content=\"2026-04-28T14:16:47+00:00\" \/>\n<meta property=\"og:image\" content=\"https:\/\/interreg-sudoe.eu\/wp-content\/uploads\/2024\/03\/download.png\" \/>\n\t<meta property=\"og:image:width\" content=\"344\" \/>\n\t<meta property=\"og:image:height\" content=\"147\" \/>\n\t<meta property=\"og:image:type\" content=\"image\/png\" \/>\n<meta name=\"twitter:card\" content=\"summary_large_image\" \/>\n<meta name=\"twitter:site\" content=\"@Sudoe5\" \/>\n<meta name=\"twitter:label1\" content=\"Dur\u00e9e de lecture estim\u00e9e\" \/>\n\t<meta name=\"twitter:data1\" content=\"2 minutes\" \/>\n<script type=\"application\/ld+json\" class=\"yoast-schema-graph\">{\"@context\":\"https:\\\/\\\/schema.org\",\"@graph\":[{\"@type\":\"WebPage\",\"@id\":\"https:\\\/\\\/interreg-sudoe.eu\\\/fr\\\/evento-proyecto\\\/webinar-procedes-durables-pour-lobtention-de-bioemballages-et-de-biocarburants-a-partir-de-residus-agroforestiers-newpower\\\/\",\"url\":\"https:\\\/\\\/interreg-sudoe.eu\\\/fr\\\/evento-proyecto\\\/webinar-procedes-durables-pour-lobtention-de-bioemballages-et-de-biocarburants-a-partir-de-residus-agroforestiers-newpower\\\/\",\"name\":\"Webinar : Proc\u00e9d\u00e9s durables pour l\u2019obtention de bioemballages et de biocarburants \u00e0 partir de r\u00e9sidus agroforestiers \u2013 NEWPOWER - Interreg Sudoe\",\"isPartOf\":{\"@id\":\"https:\\\/\\\/interreg-sudoe.eu\\\/fr\\\/#website\"},\"datePublished\":\"2026-04-28T14:14:09+00:00\",\"dateModified\":\"2026-04-28T14:16:47+00:00\",\"breadcrumb\":{\"@id\":\"https:\\\/\\\/interreg-sudoe.eu\\\/fr\\\/evento-proyecto\\\/webinar-procedes-durables-pour-lobtention-de-bioemballages-et-de-biocarburants-a-partir-de-residus-agroforestiers-newpower\\\/#breadcrumb\"},\"inLanguage\":\"fr-FR\",\"potentialAction\":[{\"@type\":\"ReadAction\",\"target\":[\"https:\\\/\\\/interreg-sudoe.eu\\\/fr\\\/evento-proyecto\\\/webinar-procedes-durables-pour-lobtention-de-bioemballages-et-de-biocarburants-a-partir-de-residus-agroforestiers-newpower\\\/\"]}]},{\"@type\":\"BreadcrumbList\",\"@id\":\"https:\\\/\\\/interreg-sudoe.eu\\\/fr\\\/evento-proyecto\\\/webinar-procedes-durables-pour-lobtention-de-bioemballages-et-de-biocarburants-a-partir-de-residus-agroforestiers-newpower\\\/#breadcrumb\",\"itemListElement\":[{\"@type\":\"ListItem\",\"position\":1,\"name\":\"Home\",\"item\":\"https:\\\/\\\/interreg-sudoe.eu\\\/fr\\\/\"},{\"@type\":\"ListItem\",\"position\":2,\"name\":\"Webinar : Proc\u00e9d\u00e9s durables pour l\u2019obtention de bioemballages et de biocarburants \u00e0 partir de r\u00e9sidus agroforestiers \u2013 NEWPOWER\"}]},{\"@type\":\"WebSite\",\"@id\":\"https:\\\/\\\/interreg-sudoe.eu\\\/fr\\\/#website\",\"url\":\"https:\\\/\\\/interreg-sudoe.eu\\\/fr\\\/\",\"name\":\"Interreg Sudoe\",\"description\":\"Interreg Sudoe\",\"publisher\":{\"@id\":\"https:\\\/\\\/interreg-sudoe.eu\\\/fr\\\/#organization\"},\"alternateName\":\"Interreg Sudoe\",\"potentialAction\":[{\"@type\":\"SearchAction\",\"target\":{\"@type\":\"EntryPoint\",\"urlTemplate\":\"https:\\\/\\\/interreg-sudoe.eu\\\/fr\\\/?s={search_term_string}\"},\"query-input\":{\"@type\":\"PropertyValueSpecification\",\"valueRequired\":true,\"valueName\":\"search_term_string\"}}],\"inLanguage\":\"fr-FR\"},{\"@type\":\"Organization\",\"@id\":\"https:\\\/\\\/interreg-sudoe.eu\\\/fr\\\/#organization\",\"name\":\"Interreg Sudoe\",\"alternateName\":\"Interreg Sudoe\",\"url\":\"https:\\\/\\\/interreg-sudoe.eu\\\/fr\\\/\",\"logo\":{\"@type\":\"ImageObject\",\"inLanguage\":\"fr-FR\",\"@id\":\"https:\\\/\\\/interreg-sudoe.eu\\\/fr\\\/#\\\/schema\\\/logo\\\/image\\\/\",\"url\":\"https:\\\/\\\/interreg-sudoe.eu\\\/wp-content\\\/uploads\\\/2024\\\/03\\\/logo-interreg.png\",\"contentUrl\":\"https:\\\/\\\/interreg-sudoe.eu\\\/wp-content\\\/uploads\\\/2024\\\/03\\\/logo-interreg.png\",\"width\":1200,\"height\":675,\"caption\":\"Interreg Sudoe\"},\"image\":{\"@id\":\"https:\\\/\\\/interreg-sudoe.eu\\\/fr\\\/#\\\/schema\\\/logo\\\/image\\\/\"},\"sameAs\":[\"https:\\\/\\\/www.facebook.com\\\/interregsudoe\",\"https:\\\/\\\/x.com\\\/Sudoe5\",\"https:\\\/\\\/www.youtube.com\\\/channel\\\/UCeGx2edoB32beRc9dbKA2vw\",\"https:\\\/\\\/www.linkedin.com\\\/company\\\/interreg-sudoe-programme\\\/\",\"https:\\\/\\\/www.flickr.com\\\/photos\\\/148704685@N06\\\/\"]}]}<\/script>\n<!-- \/ Yoast SEO plugin. -->","yoast_head_json":{"title":"Webinar : Proc\u00e9d\u00e9s durables pour l\u2019obtention de bioemballages et de biocarburants \u00e0 partir de r\u00e9sidus agroforestiers \u2013 NEWPOWER - Interreg Sudoe","robots":{"index":"index","follow":"follow","max-snippet":"max-snippet:-1","max-image-preview":"max-image-preview:large","max-video-preview":"max-video-preview:-1"},"canonical":"https:\/\/interreg-sudoe.eu\/fr\/evento-proyecto\/webinar-procedes-durables-pour-lobtention-de-bioemballages-et-de-biocarburants-a-partir-de-residus-agroforestiers-newpower\/","og_locale":"fr_FR","og_type":"article","og_title":"Webinar : Proc\u00e9d\u00e9s durables pour l\u2019obtention de bioemballages et de biocarburants \u00e0 partir de r\u00e9sidus agroforestiers \u2013 NEWPOWER - Interreg Sudoe","og_description":"Le 21 mai 2026, le projet NEWPOWER organisera le webinar \u00ab Proc\u00e9d\u00e9s durables pour l\u2019obtention de bioemballages et de biocarburants \u00e0 partir de r\u00e9sidus agroforestiers \u00bb, une session consacr\u00e9e \u00e0 la transformation de la biomasse r\u00e9siduelle au moyen de technologies innovantes orient\u00e9es vers la production de biocarburants, de biomat\u00e9riaux et de solutions durables pour les [&hellip;]","og_url":"https:\/\/interreg-sudoe.eu\/fr\/evento-proyecto\/webinar-procedes-durables-pour-lobtention-de-bioemballages-et-de-biocarburants-a-partir-de-residus-agroforestiers-newpower\/","og_site_name":"Interreg Sudoe","article_publisher":"https:\/\/www.facebook.com\/interregsudoe","article_modified_time":"2026-04-28T14:16:47+00:00","og_image":[{"width":344,"height":147,"url":"https:\/\/interreg-sudoe.eu\/wp-content\/uploads\/2024\/03\/download.png","type":"image\/png"}],"twitter_card":"summary_large_image","twitter_site":"@Sudoe5","twitter_misc":{"Dur\u00e9e de lecture estim\u00e9e":"2 minutes"},"schema":{"@context":"https:\/\/schema.org","@graph":[{"@type":"WebPage","@id":"https:\/\/interreg-sudoe.eu\/fr\/evento-proyecto\/webinar-procedes-durables-pour-lobtention-de-bioemballages-et-de-biocarburants-a-partir-de-residus-agroforestiers-newpower\/","url":"https:\/\/interreg-sudoe.eu\/fr\/evento-proyecto\/webinar-procedes-durables-pour-lobtention-de-bioemballages-et-de-biocarburants-a-partir-de-residus-agroforestiers-newpower\/","name":"Webinar : Proc\u00e9d\u00e9s durables pour l\u2019obtention de bioemballages et de biocarburants \u00e0 partir de r\u00e9sidus agroforestiers \u2013 NEWPOWER - Interreg Sudoe","isPartOf":{"@id":"https:\/\/interreg-sudoe.eu\/fr\/#website"},"datePublished":"2026-04-28T14:14:09+00:00","dateModified":"2026-04-28T14:16:47+00:00","breadcrumb":{"@id":"https:\/\/interreg-sudoe.eu\/fr\/evento-proyecto\/webinar-procedes-durables-pour-lobtention-de-bioemballages-et-de-biocarburants-a-partir-de-residus-agroforestiers-newpower\/#breadcrumb"},"inLanguage":"fr-FR","potentialAction":[{"@type":"ReadAction","target":["https:\/\/interreg-sudoe.eu\/fr\/evento-proyecto\/webinar-procedes-durables-pour-lobtention-de-bioemballages-et-de-biocarburants-a-partir-de-residus-agroforestiers-newpower\/"]}]},{"@type":"BreadcrumbList","@id":"https:\/\/interreg-sudoe.eu\/fr\/evento-proyecto\/webinar-procedes-durables-pour-lobtention-de-bioemballages-et-de-biocarburants-a-partir-de-residus-agroforestiers-newpower\/#breadcrumb","itemListElement":[{"@type":"ListItem","position":1,"name":"Home","item":"https:\/\/interreg-sudoe.eu\/fr\/"},{"@type":"ListItem","position":2,"name":"Webinar : Proc\u00e9d\u00e9s durables pour l\u2019obtention de bioemballages et de biocarburants \u00e0 partir de r\u00e9sidus agroforestiers \u2013 NEWPOWER"}]},{"@type":"WebSite","@id":"https:\/\/interreg-sudoe.eu\/fr\/#website","url":"https:\/\/interreg-sudoe.eu\/fr\/","name":"Interreg Sudoe","description":"Interreg Sudoe","publisher":{"@id":"https:\/\/interreg-sudoe.eu\/fr\/#organization"},"alternateName":"Interreg Sudoe","potentialAction":[{"@type":"SearchAction","target":{"@type":"EntryPoint","urlTemplate":"https:\/\/interreg-sudoe.eu\/fr\/?s={search_term_string}"},"query-input":{"@type":"PropertyValueSpecification","valueRequired":true,"valueName":"search_term_string"}}],"inLanguage":"fr-FR"},{"@type":"Organization","@id":"https:\/\/interreg-sudoe.eu\/fr\/#organization","name":"Interreg Sudoe","alternateName":"Interreg Sudoe","url":"https:\/\/interreg-sudoe.eu\/fr\/","logo":{"@type":"ImageObject","inLanguage":"fr-FR","@id":"https:\/\/interreg-sudoe.eu\/fr\/#\/schema\/logo\/image\/","url":"https:\/\/interreg-sudoe.eu\/wp-content\/uploads\/2024\/03\/logo-interreg.png","contentUrl":"https:\/\/interreg-sudoe.eu\/wp-content\/uploads\/2024\/03\/logo-interreg.png","width":1200,"height":675,"caption":"Interreg Sudoe"},"image":{"@id":"https:\/\/interreg-sudoe.eu\/fr\/#\/schema\/logo\/image\/"},"sameAs":["https:\/\/www.facebook.com\/interregsudoe","https:\/\/x.com\/Sudoe5","https:\/\/www.youtube.com\/channel\/UCeGx2edoB32beRc9dbKA2vw","https:\/\/www.linkedin.com\/company\/interreg-sudoe-programme\/","https:\/\/www.flickr.com\/photos\/148704685@N06\/"]}]}},"_links":{"self":[{"href":"https:\/\/interreg-sudoe.eu\/fr\/wp-json\/wp\/v2\/evento-proyecto\/64897","targetHints":{"allow":["GET"]}}],"collection":[{"href":"https:\/\/interreg-sudoe.eu\/fr\/wp-json\/wp\/v2\/evento-proyecto"}],"about":[{"href":"https:\/\/interreg-sudoe.eu\/fr\/wp-json\/wp\/v2\/types\/evento-proyecto"}],"author":[{"embeddable":true,"href":"https:\/\/interreg-sudoe.eu\/fr\/wp-json\/wp\/v2\/users\/4986"}],"wp:attachment":[{"href":"https:\/\/interreg-sudoe.eu\/fr\/wp-json\/wp\/v2\/media?parent=64897"}],"curies":[{"name":"wp","href":"https:\/\/api.w.org\/{rel}","templated":true}]}}