{"id":64936,"date":"2026-04-29T10:22:48","date_gmt":"2026-04-29T08:22:48","guid":{"rendered":"https:\/\/interreg-sudoe.eu\/evento-proyecto\/i-rewater-jornada-de-sensibilizacion-en-la-rioja-reutilizacion-de-agua-en-agricultura\/"},"modified":"2026-04-29T10:29:22","modified_gmt":"2026-04-29T08:29:22","slug":"i-rewater-journee-de-sensibilisation-a-la-rioja-reutilisation-de-leau-en-agriculture","status":"publish","type":"evento-proyecto","link":"https:\/\/interreg-sudoe.eu\/fr\/evento-proyecto\/i-rewater-journee-de-sensibilisation-a-la-rioja-reutilisation-de-leau-en-agriculture\/","title":{"rendered":"I-ReWater | Journ\u00e9e de sensibilisation \u00e0 La Rioja : r\u00e9utilisation de l\u2019eau en agriculture"},"content":{"rendered":"<p data-start=\"692\" data-end=\"1002\">Le vendredi 8 mai 2026, le projet I-ReWater organise \u00e0 La Grajera (Logro\u00f1o, La Rioja) la journ\u00e9e de sensibilisation \u00ab Utilisation de l\u2019eau produite par les stations d\u2019\u00e9puration pour sa r\u00e9utilisation en agriculture \u00bb, une rencontre centr\u00e9e sur le potentiel de l\u2019eau r\u00e9g\u00e9n\u00e9r\u00e9e pour une irrigation plus durable.<\/p>\n<p data-start=\"1004\" data-end=\"1371\">La session abordera la situation actuelle de l\u2019utilisation de l\u2019eau r\u00e9g\u00e9n\u00e9r\u00e9e en agriculture, les r\u00e9sultats du projet pilote de La Grajera, son impact agronomique, ainsi que la relation entre l\u2019irrigation avec de l\u2019eau r\u00e9g\u00e9n\u00e9r\u00e9e et la qualit\u00e9 du raisin. La journ\u00e9e comprendra \u00e9galement une visite de la station d\u2019\u00e9puration de La Grajera et du vignoble exp\u00e9rimental.<\/p>\n<p data-start=\"1373\" data-end=\"1425\">Inscription gratuite : <a class=\"decorated-link\" href=\"https:\/\/lnkd.in\/dyti7Zcp\" target=\"_new\" rel=\"noopener\" data-start=\"1399\" data-end=\"1423\">https:\/\/lnkd.in\/dyti7Zcp<\/a><\/p>\n","protected":false},"author":4973,"featured_media":64931,"template":"","meta":{"_acf_changed":false,"content-type":"","_monsterinsights_skip_tracking":false,"_monsterinsights_sitenote_active":false,"_monsterinsights_sitenote_note":"","_monsterinsights_sitenote_category":0},"class_list":["post-64936","evento-proyecto","type-evento-proyecto","status-publish","has-post-thumbnail","hentry"],"acf":[],"yoast_head":"<!-- This site is optimized with the Yoast SEO plugin v27.4 - https:\/\/yoast.com\/product\/yoast-seo-wordpress\/ -->\n<title>I-ReWater | Journ\u00e9e de sensibilisation \u00e0 La Rioja : r\u00e9utilisation de l\u2019eau en agriculture - Interreg Sudoe<\/title>\n<meta name=\"robots\" content=\"index, follow, max-snippet:-1, max-image-preview:large, max-video-preview:-1\" \/>\n<link rel=\"canonical\" href=\"https:\/\/interreg-sudoe.eu\/fr\/evento-proyecto\/i-rewater-journee-de-sensibilisation-a-la-rioja-reutilisation-de-leau-en-agriculture\/\" \/>\n<meta property=\"og:locale\" content=\"fr_FR\" \/>\n<meta property=\"og:type\" content=\"article\" \/>\n<meta property=\"og:title\" content=\"I-ReWater | Journ\u00e9e de sensibilisation \u00e0 La Rioja : r\u00e9utilisation de l\u2019eau en agriculture - Interreg Sudoe\" \/>\n<meta property=\"og:description\" content=\"Le vendredi 8 mai 2026, le projet I-ReWater organise \u00e0 La Grajera (Logro\u00f1o, La Rioja) la journ\u00e9e de sensibilisation \u00ab Utilisation de l\u2019eau produite par les stations d\u2019\u00e9puration pour sa r\u00e9utilisation en agriculture \u00bb, une rencontre centr\u00e9e sur le potentiel de l\u2019eau r\u00e9g\u00e9n\u00e9r\u00e9e pour une irrigation plus durable. La session abordera la situation actuelle de [&hellip;]\" \/>\n<meta property=\"og:url\" content=\"https:\/\/interreg-sudoe.eu\/fr\/evento-proyecto\/i-rewater-journee-de-sensibilisation-a-la-rioja-reutilisation-de-leau-en-agriculture\/\" \/>\n<meta property=\"og:site_name\" content=\"Interreg Sudoe\" \/>\n<meta property=\"article:publisher\" content=\"https:\/\/www.facebook.com\/interregsudoe\" \/>\n<meta property=\"article:modified_time\" content=\"2026-04-29T08:29:22+00:00\" \/>\n<meta property=\"og:image\" content=\"https:\/\/interreg-sudoe.eu\/wp-content\/uploads\/2026\/04\/Copia-de-I-ReWater-Portada-H-web-1140-x-640-px-copia.jpg\" \/>\n\t<meta property=\"og:image:width\" content=\"1140\" \/>\n\t<meta property=\"og:image:height\" content=\"640\" \/>\n\t<meta property=\"og:image:type\" content=\"image\/jpeg\" \/>\n<meta name=\"twitter:card\" content=\"summary_large_image\" \/>\n<meta name=\"twitter:site\" content=\"@Sudoe5\" \/>\n<meta name=\"twitter:label1\" content=\"Dur\u00e9e de lecture estim\u00e9e\" \/>\n\t<meta name=\"twitter:data1\" content=\"1 minute\" \/>\n<script type=\"application\/ld+json\" class=\"yoast-schema-graph\">{\"@context\":\"https:\\\/\\\/schema.org\",\"@graph\":[{\"@type\":\"WebPage\",\"@id\":\"https:\\\/\\\/interreg-sudoe.eu\\\/fr\\\/evento-proyecto\\\/i-rewater-journee-de-sensibilisation-a-la-rioja-reutilisation-de-leau-en-agriculture\\\/\",\"url\":\"https:\\\/\\\/interreg-sudoe.eu\\\/fr\\\/evento-proyecto\\\/i-rewater-journee-de-sensibilisation-a-la-rioja-reutilisation-de-leau-en-agriculture\\\/\",\"name\":\"I-ReWater | Journ\u00e9e de sensibilisation \u00e0 La Rioja : r\u00e9utilisation de l\u2019eau en agriculture - Interreg Sudoe\",\"isPartOf\":{\"@id\":\"https:\\\/\\\/interreg-sudoe.eu\\\/fr\\\/#website\"},\"primaryImageOfPage\":{\"@id\":\"https:\\\/\\\/interreg-sudoe.eu\\\/fr\\\/evento-proyecto\\\/i-rewater-journee-de-sensibilisation-a-la-rioja-reutilisation-de-leau-en-agriculture\\\/#primaryimage\"},\"image\":{\"@id\":\"https:\\\/\\\/interreg-sudoe.eu\\\/fr\\\/evento-proyecto\\\/i-rewater-journee-de-sensibilisation-a-la-rioja-reutilisation-de-leau-en-agriculture\\\/#primaryimage\"},\"thumbnailUrl\":\"https:\\\/\\\/interreg-sudoe.eu\\\/wp-content\\\/uploads\\\/2026\\\/04\\\/Copia-de-I-ReWater-Portada-H-web-1140-x-640-px-copia.jpg\",\"datePublished\":\"2026-04-29T08:22:48+00:00\",\"dateModified\":\"2026-04-29T08:29:22+00:00\",\"breadcrumb\":{\"@id\":\"https:\\\/\\\/interreg-sudoe.eu\\\/fr\\\/evento-proyecto\\\/i-rewater-journee-de-sensibilisation-a-la-rioja-reutilisation-de-leau-en-agriculture\\\/#breadcrumb\"},\"inLanguage\":\"fr-FR\",\"potentialAction\":[{\"@type\":\"ReadAction\",\"target\":[\"https:\\\/\\\/interreg-sudoe.eu\\\/fr\\\/evento-proyecto\\\/i-rewater-journee-de-sensibilisation-a-la-rioja-reutilisation-de-leau-en-agriculture\\\/\"]}]},{\"@type\":\"ImageObject\",\"inLanguage\":\"fr-FR\",\"@id\":\"https:\\\/\\\/interreg-sudoe.eu\\\/fr\\\/evento-proyecto\\\/i-rewater-journee-de-sensibilisation-a-la-rioja-reutilisation-de-leau-en-agriculture\\\/#primaryimage\",\"url\":\"https:\\\/\\\/interreg-sudoe.eu\\\/wp-content\\\/uploads\\\/2026\\\/04\\\/Copia-de-I-ReWater-Portada-H-web-1140-x-640-px-copia.jpg\",\"contentUrl\":\"https:\\\/\\\/interreg-sudoe.eu\\\/wp-content\\\/uploads\\\/2026\\\/04\\\/Copia-de-I-ReWater-Portada-H-web-1140-x-640-px-copia.jpg\",\"width\":1140,\"height\":640},{\"@type\":\"BreadcrumbList\",\"@id\":\"https:\\\/\\\/interreg-sudoe.eu\\\/fr\\\/evento-proyecto\\\/i-rewater-journee-de-sensibilisation-a-la-rioja-reutilisation-de-leau-en-agriculture\\\/#breadcrumb\",\"itemListElement\":[{\"@type\":\"ListItem\",\"position\":1,\"name\":\"Home\",\"item\":\"https:\\\/\\\/interreg-sudoe.eu\\\/fr\\\/\"},{\"@type\":\"ListItem\",\"position\":2,\"name\":\"I-ReWater | Journ\u00e9e de sensibilisation \u00e0 La Rioja : r\u00e9utilisation de l\u2019eau en agriculture\"}]},{\"@type\":\"WebSite\",\"@id\":\"https:\\\/\\\/interreg-sudoe.eu\\\/fr\\\/#website\",\"url\":\"https:\\\/\\\/interreg-sudoe.eu\\\/fr\\\/\",\"name\":\"Interreg Sudoe\",\"description\":\"Interreg Sudoe\",\"publisher\":{\"@id\":\"https:\\\/\\\/interreg-sudoe.eu\\\/fr\\\/#organization\"},\"alternateName\":\"Interreg Sudoe\",\"potentialAction\":[{\"@type\":\"SearchAction\",\"target\":{\"@type\":\"EntryPoint\",\"urlTemplate\":\"https:\\\/\\\/interreg-sudoe.eu\\\/fr\\\/?s={search_term_string}\"},\"query-input\":{\"@type\":\"PropertyValueSpecification\",\"valueRequired\":true,\"valueName\":\"search_term_string\"}}],\"inLanguage\":\"fr-FR\"},{\"@type\":\"Organization\",\"@id\":\"https:\\\/\\\/interreg-sudoe.eu\\\/fr\\\/#organization\",\"name\":\"Interreg Sudoe\",\"alternateName\":\"Interreg Sudoe\",\"url\":\"https:\\\/\\\/interreg-sudoe.eu\\\/fr\\\/\",\"logo\":{\"@type\":\"ImageObject\",\"inLanguage\":\"fr-FR\",\"@id\":\"https:\\\/\\\/interreg-sudoe.eu\\\/fr\\\/#\\\/schema\\\/logo\\\/image\\\/\",\"url\":\"https:\\\/\\\/interreg-sudoe.eu\\\/wp-content\\\/uploads\\\/2024\\\/03\\\/logo-interreg.png\",\"contentUrl\":\"https:\\\/\\\/interreg-sudoe.eu\\\/wp-content\\\/uploads\\\/2024\\\/03\\\/logo-interreg.png\",\"width\":1200,\"height\":675,\"caption\":\"Interreg Sudoe\"},\"image\":{\"@id\":\"https:\\\/\\\/interreg-sudoe.eu\\\/fr\\\/#\\\/schema\\\/logo\\\/image\\\/\"},\"sameAs\":[\"https:\\\/\\\/www.facebook.com\\\/interregsudoe\",\"https:\\\/\\\/x.com\\\/Sudoe5\",\"https:\\\/\\\/www.youtube.com\\\/channel\\\/UCeGx2edoB32beRc9dbKA2vw\",\"https:\\\/\\\/www.linkedin.com\\\/company\\\/interreg-sudoe-programme\\\/\",\"https:\\\/\\\/www.flickr.com\\\/photos\\\/148704685@N06\\\/\"]}]}<\/script>\n<!-- \/ Yoast SEO plugin. -->","yoast_head_json":{"title":"I-ReWater | Journ\u00e9e de sensibilisation \u00e0 La Rioja : r\u00e9utilisation de l\u2019eau en agriculture - Interreg Sudoe","robots":{"index":"index","follow":"follow","max-snippet":"max-snippet:-1","max-image-preview":"max-image-preview:large","max-video-preview":"max-video-preview:-1"},"canonical":"https:\/\/interreg-sudoe.eu\/fr\/evento-proyecto\/i-rewater-journee-de-sensibilisation-a-la-rioja-reutilisation-de-leau-en-agriculture\/","og_locale":"fr_FR","og_type":"article","og_title":"I-ReWater | Journ\u00e9e de sensibilisation \u00e0 La Rioja : r\u00e9utilisation de l\u2019eau en agriculture - Interreg Sudoe","og_description":"Le vendredi 8 mai 2026, le projet I-ReWater organise \u00e0 La Grajera (Logro\u00f1o, La Rioja) la journ\u00e9e de sensibilisation \u00ab Utilisation de l\u2019eau produite par les stations d\u2019\u00e9puration pour sa r\u00e9utilisation en agriculture \u00bb, une rencontre centr\u00e9e sur le potentiel de l\u2019eau r\u00e9g\u00e9n\u00e9r\u00e9e pour une irrigation plus durable. La session abordera la situation actuelle de [&hellip;]","og_url":"https:\/\/interreg-sudoe.eu\/fr\/evento-proyecto\/i-rewater-journee-de-sensibilisation-a-la-rioja-reutilisation-de-leau-en-agriculture\/","og_site_name":"Interreg Sudoe","article_publisher":"https:\/\/www.facebook.com\/interregsudoe","article_modified_time":"2026-04-29T08:29:22+00:00","og_image":[{"width":1140,"height":640,"url":"https:\/\/interreg-sudoe.eu\/wp-content\/uploads\/2026\/04\/Copia-de-I-ReWater-Portada-H-web-1140-x-640-px-copia.jpg","type":"image\/jpeg"}],"twitter_card":"summary_large_image","twitter_site":"@Sudoe5","twitter_misc":{"Dur\u00e9e de lecture estim\u00e9e":"1 minute"},"schema":{"@context":"https:\/\/schema.org","@graph":[{"@type":"WebPage","@id":"https:\/\/interreg-sudoe.eu\/fr\/evento-proyecto\/i-rewater-journee-de-sensibilisation-a-la-rioja-reutilisation-de-leau-en-agriculture\/","url":"https:\/\/interreg-sudoe.eu\/fr\/evento-proyecto\/i-rewater-journee-de-sensibilisation-a-la-rioja-reutilisation-de-leau-en-agriculture\/","name":"I-ReWater | Journ\u00e9e de sensibilisation \u00e0 La Rioja : r\u00e9utilisation de l\u2019eau en agriculture - Interreg Sudoe","isPartOf":{"@id":"https:\/\/interreg-sudoe.eu\/fr\/#website"},"primaryImageOfPage":{"@id":"https:\/\/interreg-sudoe.eu\/fr\/evento-proyecto\/i-rewater-journee-de-sensibilisation-a-la-rioja-reutilisation-de-leau-en-agriculture\/#primaryimage"},"image":{"@id":"https:\/\/interreg-sudoe.eu\/fr\/evento-proyecto\/i-rewater-journee-de-sensibilisation-a-la-rioja-reutilisation-de-leau-en-agriculture\/#primaryimage"},"thumbnailUrl":"https:\/\/interreg-sudoe.eu\/wp-content\/uploads\/2026\/04\/Copia-de-I-ReWater-Portada-H-web-1140-x-640-px-copia.jpg","datePublished":"2026-04-29T08:22:48+00:00","dateModified":"2026-04-29T08:29:22+00:00","breadcrumb":{"@id":"https:\/\/interreg-sudoe.eu\/fr\/evento-proyecto\/i-rewater-journee-de-sensibilisation-a-la-rioja-reutilisation-de-leau-en-agriculture\/#breadcrumb"},"inLanguage":"fr-FR","potentialAction":[{"@type":"ReadAction","target":["https:\/\/interreg-sudoe.eu\/fr\/evento-proyecto\/i-rewater-journee-de-sensibilisation-a-la-rioja-reutilisation-de-leau-en-agriculture\/"]}]},{"@type":"ImageObject","inLanguage":"fr-FR","@id":"https:\/\/interreg-sudoe.eu\/fr\/evento-proyecto\/i-rewater-journee-de-sensibilisation-a-la-rioja-reutilisation-de-leau-en-agriculture\/#primaryimage","url":"https:\/\/interreg-sudoe.eu\/wp-content\/uploads\/2026\/04\/Copia-de-I-ReWater-Portada-H-web-1140-x-640-px-copia.jpg","contentUrl":"https:\/\/interreg-sudoe.eu\/wp-content\/uploads\/2026\/04\/Copia-de-I-ReWater-Portada-H-web-1140-x-640-px-copia.jpg","width":1140,"height":640},{"@type":"BreadcrumbList","@id":"https:\/\/interreg-sudoe.eu\/fr\/evento-proyecto\/i-rewater-journee-de-sensibilisation-a-la-rioja-reutilisation-de-leau-en-agriculture\/#breadcrumb","itemListElement":[{"@type":"ListItem","position":1,"name":"Home","item":"https:\/\/interreg-sudoe.eu\/fr\/"},{"@type":"ListItem","position":2,"name":"I-ReWater | Journ\u00e9e de sensibilisation \u00e0 La Rioja : r\u00e9utilisation de l\u2019eau en agriculture"}]},{"@type":"WebSite","@id":"https:\/\/interreg-sudoe.eu\/fr\/#website","url":"https:\/\/interreg-sudoe.eu\/fr\/","name":"Interreg Sudoe","description":"Interreg Sudoe","publisher":{"@id":"https:\/\/interreg-sudoe.eu\/fr\/#organization"},"alternateName":"Interreg Sudoe","potentialAction":[{"@type":"SearchAction","target":{"@type":"EntryPoint","urlTemplate":"https:\/\/interreg-sudoe.eu\/fr\/?s={search_term_string}"},"query-input":{"@type":"PropertyValueSpecification","valueRequired":true,"valueName":"search_term_string"}}],"inLanguage":"fr-FR"},{"@type":"Organization","@id":"https:\/\/interreg-sudoe.eu\/fr\/#organization","name":"Interreg Sudoe","alternateName":"Interreg Sudoe","url":"https:\/\/interreg-sudoe.eu\/fr\/","logo":{"@type":"ImageObject","inLanguage":"fr-FR","@id":"https:\/\/interreg-sudoe.eu\/fr\/#\/schema\/logo\/image\/","url":"https:\/\/interreg-sudoe.eu\/wp-content\/uploads\/2024\/03\/logo-interreg.png","contentUrl":"https:\/\/interreg-sudoe.eu\/wp-content\/uploads\/2024\/03\/logo-interreg.png","width":1200,"height":675,"caption":"Interreg Sudoe"},"image":{"@id":"https:\/\/interreg-sudoe.eu\/fr\/#\/schema\/logo\/image\/"},"sameAs":["https:\/\/www.facebook.com\/interregsudoe","https:\/\/x.com\/Sudoe5","https:\/\/www.youtube.com\/channel\/UCeGx2edoB32beRc9dbKA2vw","https:\/\/www.linkedin.com\/company\/interreg-sudoe-programme\/","https:\/\/www.flickr.com\/photos\/148704685@N06\/"]}]}},"_links":{"self":[{"href":"https:\/\/interreg-sudoe.eu\/fr\/wp-json\/wp\/v2\/evento-proyecto\/64936","targetHints":{"allow":["GET"]}}],"collection":[{"href":"https:\/\/interreg-sudoe.eu\/fr\/wp-json\/wp\/v2\/evento-proyecto"}],"about":[{"href":"https:\/\/interreg-sudoe.eu\/fr\/wp-json\/wp\/v2\/types\/evento-proyecto"}],"author":[{"embeddable":true,"href":"https:\/\/interreg-sudoe.eu\/fr\/wp-json\/wp\/v2\/users\/4973"}],"wp:featuredmedia":[{"embeddable":true,"href":"https:\/\/interreg-sudoe.eu\/fr\/wp-json\/wp\/v2\/media\/64931"}],"wp:attachment":[{"href":"https:\/\/interreg-sudoe.eu\/fr\/wp-json\/wp\/v2\/media?parent=64936"}],"curies":[{"name":"wp","href":"https:\/\/api.w.org\/{rel}","templated":true}]}}