{"id":65203,"date":"2026-04-30T12:04:20","date_gmt":"2026-04-30T10:04:20","guid":{"rendered":"https:\/\/interreg-sudoe.eu\/evento-proyecto\/seminario-transnacional-de-conclusiones-de-los-proyectos-piloto-y-taller-de-transferencia-a-agentes-territoriales\/"},"modified":"2026-04-30T12:20:03","modified_gmt":"2026-04-30T10:20:03","slug":"seminario-transnacional-de-conclusiones-de-los-proyectos-piloto-y-taller-de-transferencia-a-agentes-territoriales","status":"publish","type":"evento-proyecto","link":"https:\/\/interreg-sudoe.eu\/fr\/evento-proyecto\/seminario-transnacional-de-conclusiones-de-los-proyectos-piloto-y-taller-de-transferencia-a-agentes-territoriales\/","title":{"rendered":"S\u00e9minaire transnational de synth\u00e8se des projets pilotes et atelier de transfert de connaissances \u00e0 l&rsquo;intention des acteurs territoriaux"},"content":{"rendered":"<p>Le S\u00e9minaire se tiendra les 24 et 25 mars \u00e0 Solsona (Catalogne) selon le programme suivant :<\/p>\n<p>Mardi 24<\/p>\n<table>\n<tbody>\n<tr>\n<td width=\"104\">9:30 \u2013 9:45<\/td>\n<td width=\"463\">Enregistrement des participants<\/td>\n<\/tr>\n<tr>\n<td width=\"104\">9:45 \u2013 10:00<\/td>\n<td width=\"463\">Accueil et introduction \u00e0 la journ\u00e9e<\/td>\n<\/tr>\n<tr>\n<td width=\"104\">10:30 \u2013 10:30<\/td>\n<td width=\"463\">Conf\u00e9rence : \u00ab R\u00e9duction de la charge de combustible forestier gr\u00e2ce \u00e0 des syst\u00e8mes m\u00e9canis\u00e9s \u00bb<\/p>\n<p>Gianni Picchi, chercheur au CNR-IBE sp\u00e9cialis\u00e9 dans l&rsquo;exploitation et la m\u00e9canisation foresti\u00e8res<\/td>\n<\/tr>\n<tr>\n<td width=\"104\">10:30 \u2013 11:00<\/td>\n<td width=\"463\">Conf\u00e9rence : \u00ab Mod\u00e8le de gestion locale de la biomasse \u00bb<\/p>\n<p>Laura Oliver, conseill\u00e8re r\u00e9gionale charg\u00e9e de l&rsquo;urgence climatique du Vall\u00e8s Occidental<\/p>\n<p>Nat\u00e0lia Tierno, responsable des services techniques du d\u00e9partement de dynamisation territoriale du Conseil r\u00e9gional du Vall\u00e8s Occidental<\/td>\n<\/tr>\n<tr>\n<td width=\"104\">11:00 \u2013 11:30<\/td>\n<td width=\"463\">Conf\u00e9rence : \u00ab Politique en mati\u00e8re d&rsquo;incendies de for\u00eat : r\u00e9alit\u00e9 ou mythe ? \u00bb<\/p>\n<p>Ignasi Castell\u00f3, ancien responsable du bureau technique de pr\u00e9vention municipale des incendies de for\u00eat de la D\u00e9putation de Barcelone<\/td>\n<\/tr>\n<tr>\n<td width=\"104\">11:30 \u2013 12:00<\/td>\n<td width=\"463\">Pause-caf\u00e9<\/td>\n<\/tr>\n<tr>\n<td width=\"104\">12:00 \u2013 14:00<\/td>\n<td width=\"463\">Pr\u00e9sentation des r\u00e9sultats des actions pilotes du projet BIO4RES et de la strat\u00e9gie de valorisation de la biomasse<\/td>\n<\/tr>\n<tr>\n<td width=\"104\">14:00 \u2013 15:30<\/td>\n<td width=\"463\">D\u00e9jeuner<\/td>\n<\/tr>\n<tr>\n<td width=\"104\">16:00 \u2013 17:00<\/td>\n<td width=\"463\">D\u00e9placement et visite du <a href=\"https:\/\/www.ctfc.cat\/es\/hubforestal.php\">HUB Forestal<\/a>, \u00e0 Olius<\/td>\n<\/tr>\n<\/tbody>\n<\/table>\n<p>Le programme du 24 est compl\u00e9t\u00e9 par une visite sur le terrain le matin du 25 dans les sites de La Serra et Puit de Ponts, dans la commune de Lladurs, afin d&rsquo;observer des exemples de sylviculture appliqu\u00e9e et de travaux sylvicoles, et de r\u00e9aliser une d\u00e9monstration du LiDAR terrestre.<\/p>\n","protected":false},"author":5373,"featured_media":65184,"template":"","meta":{"_acf_changed":false,"content-type":"","_monsterinsights_skip_tracking":false,"_monsterinsights_sitenote_active":false,"_monsterinsights_sitenote_note":"","_monsterinsights_sitenote_category":0},"class_list":["post-65203","evento-proyecto","type-evento-proyecto","status-publish","has-post-thumbnail","hentry"],"acf":[],"yoast_head":"<!-- This site is optimized with the Yoast SEO plugin v27.4 - https:\/\/yoast.com\/product\/yoast-seo-wordpress\/ -->\n<title>S\u00e9minaire transnational de synth\u00e8se des projets pilotes et atelier de transfert de connaissances \u00e0 l&#039;intention des acteurs territoriaux - Interreg Sudoe<\/title>\n<meta name=\"robots\" content=\"index, follow, max-snippet:-1, max-image-preview:large, max-video-preview:-1\" \/>\n<link rel=\"canonical\" href=\"https:\/\/interreg-sudoe.eu\/fr\/evento-proyecto\/seminario-transnacional-de-conclusiones-de-los-proyectos-piloto-y-taller-de-transferencia-a-agentes-territoriales\/\" \/>\n<meta property=\"og:locale\" content=\"fr_FR\" \/>\n<meta property=\"og:type\" content=\"article\" \/>\n<meta property=\"og:title\" content=\"S\u00e9minaire transnational de synth\u00e8se des projets pilotes et atelier de transfert de connaissances \u00e0 l&#039;intention des acteurs territoriaux - Interreg Sudoe\" \/>\n<meta property=\"og:description\" content=\"Le S\u00e9minaire se tiendra les 24 et 25 mars \u00e0 Solsona (Catalogne) selon le programme suivant : Mardi 24 9:30 \u2013 9:45 Enregistrement des participants 9:45 \u2013 10:00 Accueil et introduction \u00e0 la journ\u00e9e 10:30 \u2013 10:30 Conf\u00e9rence : \u00ab R\u00e9duction de la charge de combustible forestier gr\u00e2ce \u00e0 des syst\u00e8mes m\u00e9canis\u00e9s \u00bb Gianni Picchi, [&hellip;]\" \/>\n<meta property=\"og:url\" content=\"https:\/\/interreg-sudoe.eu\/fr\/evento-proyecto\/seminario-transnacional-de-conclusiones-de-los-proyectos-piloto-y-taller-de-transferencia-a-agentes-territoriales\/\" \/>\n<meta property=\"og:site_name\" content=\"Interreg Sudoe\" \/>\n<meta property=\"article:publisher\" content=\"https:\/\/www.facebook.com\/interregsudoe\" \/>\n<meta property=\"article:modified_time\" content=\"2026-04-30T10:20:03+00:00\" \/>\n<meta property=\"og:image\" content=\"https:\/\/interreg-sudoe.eu\/wp-content\/uploads\/2026\/04\/Programa.jpg\" \/>\n\t<meta property=\"og:image:width\" content=\"570\" \/>\n\t<meta property=\"og:image:height\" content=\"863\" \/>\n\t<meta property=\"og:image:type\" content=\"image\/jpeg\" \/>\n<meta name=\"twitter:card\" content=\"summary_large_image\" \/>\n<meta name=\"twitter:site\" content=\"@Sudoe5\" \/>\n<meta name=\"twitter:label1\" content=\"Dur\u00e9e de lecture estim\u00e9e\" \/>\n\t<meta name=\"twitter:data1\" content=\"1 minute\" \/>\n<script type=\"application\/ld+json\" class=\"yoast-schema-graph\">{\"@context\":\"https:\\\/\\\/schema.org\",\"@graph\":[{\"@type\":\"WebPage\",\"@id\":\"https:\\\/\\\/interreg-sudoe.eu\\\/fr\\\/evento-proyecto\\\/seminario-transnacional-de-conclusiones-de-los-proyectos-piloto-y-taller-de-transferencia-a-agentes-territoriales\\\/\",\"url\":\"https:\\\/\\\/interreg-sudoe.eu\\\/fr\\\/evento-proyecto\\\/seminario-transnacional-de-conclusiones-de-los-proyectos-piloto-y-taller-de-transferencia-a-agentes-territoriales\\\/\",\"name\":\"S\u00e9minaire transnational de synth\u00e8se des projets pilotes et atelier de transfert de connaissances \u00e0 l'intention des acteurs territoriaux - Interreg Sudoe\",\"isPartOf\":{\"@id\":\"https:\\\/\\\/interreg-sudoe.eu\\\/fr\\\/#website\"},\"primaryImageOfPage\":{\"@id\":\"https:\\\/\\\/interreg-sudoe.eu\\\/fr\\\/evento-proyecto\\\/seminario-transnacional-de-conclusiones-de-los-proyectos-piloto-y-taller-de-transferencia-a-agentes-territoriales\\\/#primaryimage\"},\"image\":{\"@id\":\"https:\\\/\\\/interreg-sudoe.eu\\\/fr\\\/evento-proyecto\\\/seminario-transnacional-de-conclusiones-de-los-proyectos-piloto-y-taller-de-transferencia-a-agentes-territoriales\\\/#primaryimage\"},\"thumbnailUrl\":\"https:\\\/\\\/interreg-sudoe.eu\\\/wp-content\\\/uploads\\\/2026\\\/04\\\/Programa.jpg\",\"datePublished\":\"2026-04-30T10:04:20+00:00\",\"dateModified\":\"2026-04-30T10:20:03+00:00\",\"breadcrumb\":{\"@id\":\"https:\\\/\\\/interreg-sudoe.eu\\\/fr\\\/evento-proyecto\\\/seminario-transnacional-de-conclusiones-de-los-proyectos-piloto-y-taller-de-transferencia-a-agentes-territoriales\\\/#breadcrumb\"},\"inLanguage\":\"fr-FR\",\"potentialAction\":[{\"@type\":\"ReadAction\",\"target\":[\"https:\\\/\\\/interreg-sudoe.eu\\\/fr\\\/evento-proyecto\\\/seminario-transnacional-de-conclusiones-de-los-proyectos-piloto-y-taller-de-transferencia-a-agentes-territoriales\\\/\"]}]},{\"@type\":\"ImageObject\",\"inLanguage\":\"fr-FR\",\"@id\":\"https:\\\/\\\/interreg-sudoe.eu\\\/fr\\\/evento-proyecto\\\/seminario-transnacional-de-conclusiones-de-los-proyectos-piloto-y-taller-de-transferencia-a-agentes-territoriales\\\/#primaryimage\",\"url\":\"https:\\\/\\\/interreg-sudoe.eu\\\/wp-content\\\/uploads\\\/2026\\\/04\\\/Programa.jpg\",\"contentUrl\":\"https:\\\/\\\/interreg-sudoe.eu\\\/wp-content\\\/uploads\\\/2026\\\/04\\\/Programa.jpg\",\"width\":570,\"height\":863},{\"@type\":\"BreadcrumbList\",\"@id\":\"https:\\\/\\\/interreg-sudoe.eu\\\/fr\\\/evento-proyecto\\\/seminario-transnacional-de-conclusiones-de-los-proyectos-piloto-y-taller-de-transferencia-a-agentes-territoriales\\\/#breadcrumb\",\"itemListElement\":[{\"@type\":\"ListItem\",\"position\":1,\"name\":\"Home\",\"item\":\"https:\\\/\\\/interreg-sudoe.eu\\\/fr\\\/\"},{\"@type\":\"ListItem\",\"position\":2,\"name\":\"S\u00e9minaire transnational de synth\u00e8se des projets pilotes et atelier de transfert de connaissances \u00e0 l&#8217;intention des acteurs territoriaux\"}]},{\"@type\":\"WebSite\",\"@id\":\"https:\\\/\\\/interreg-sudoe.eu\\\/fr\\\/#website\",\"url\":\"https:\\\/\\\/interreg-sudoe.eu\\\/fr\\\/\",\"name\":\"Interreg Sudoe\",\"description\":\"Interreg Sudoe\",\"publisher\":{\"@id\":\"https:\\\/\\\/interreg-sudoe.eu\\\/fr\\\/#organization\"},\"alternateName\":\"Interreg Sudoe\",\"potentialAction\":[{\"@type\":\"SearchAction\",\"target\":{\"@type\":\"EntryPoint\",\"urlTemplate\":\"https:\\\/\\\/interreg-sudoe.eu\\\/fr\\\/?s={search_term_string}\"},\"query-input\":{\"@type\":\"PropertyValueSpecification\",\"valueRequired\":true,\"valueName\":\"search_term_string\"}}],\"inLanguage\":\"fr-FR\"},{\"@type\":\"Organization\",\"@id\":\"https:\\\/\\\/interreg-sudoe.eu\\\/fr\\\/#organization\",\"name\":\"Interreg Sudoe\",\"alternateName\":\"Interreg Sudoe\",\"url\":\"https:\\\/\\\/interreg-sudoe.eu\\\/fr\\\/\",\"logo\":{\"@type\":\"ImageObject\",\"inLanguage\":\"fr-FR\",\"@id\":\"https:\\\/\\\/interreg-sudoe.eu\\\/fr\\\/#\\\/schema\\\/logo\\\/image\\\/\",\"url\":\"https:\\\/\\\/interreg-sudoe.eu\\\/wp-content\\\/uploads\\\/2024\\\/03\\\/logo-interreg.png\",\"contentUrl\":\"https:\\\/\\\/interreg-sudoe.eu\\\/wp-content\\\/uploads\\\/2024\\\/03\\\/logo-interreg.png\",\"width\":1200,\"height\":675,\"caption\":\"Interreg Sudoe\"},\"image\":{\"@id\":\"https:\\\/\\\/interreg-sudoe.eu\\\/fr\\\/#\\\/schema\\\/logo\\\/image\\\/\"},\"sameAs\":[\"https:\\\/\\\/www.facebook.com\\\/interregsudoe\",\"https:\\\/\\\/x.com\\\/Sudoe5\",\"https:\\\/\\\/www.youtube.com\\\/channel\\\/UCeGx2edoB32beRc9dbKA2vw\",\"https:\\\/\\\/www.linkedin.com\\\/company\\\/interreg-sudoe-programme\\\/\",\"https:\\\/\\\/www.flickr.com\\\/photos\\\/148704685@N06\\\/\"]}]}<\/script>\n<!-- \/ Yoast SEO plugin. -->","yoast_head_json":{"title":"S\u00e9minaire transnational de synth\u00e8se des projets pilotes et atelier de transfert de connaissances \u00e0 l'intention des acteurs territoriaux - Interreg Sudoe","robots":{"index":"index","follow":"follow","max-snippet":"max-snippet:-1","max-image-preview":"max-image-preview:large","max-video-preview":"max-video-preview:-1"},"canonical":"https:\/\/interreg-sudoe.eu\/fr\/evento-proyecto\/seminario-transnacional-de-conclusiones-de-los-proyectos-piloto-y-taller-de-transferencia-a-agentes-territoriales\/","og_locale":"fr_FR","og_type":"article","og_title":"S\u00e9minaire transnational de synth\u00e8se des projets pilotes et atelier de transfert de connaissances \u00e0 l'intention des acteurs territoriaux - Interreg Sudoe","og_description":"Le S\u00e9minaire se tiendra les 24 et 25 mars \u00e0 Solsona (Catalogne) selon le programme suivant : Mardi 24 9:30 \u2013 9:45 Enregistrement des participants 9:45 \u2013 10:00 Accueil et introduction \u00e0 la journ\u00e9e 10:30 \u2013 10:30 Conf\u00e9rence : \u00ab R\u00e9duction de la charge de combustible forestier gr\u00e2ce \u00e0 des syst\u00e8mes m\u00e9canis\u00e9s \u00bb Gianni Picchi, [&hellip;]","og_url":"https:\/\/interreg-sudoe.eu\/fr\/evento-proyecto\/seminario-transnacional-de-conclusiones-de-los-proyectos-piloto-y-taller-de-transferencia-a-agentes-territoriales\/","og_site_name":"Interreg Sudoe","article_publisher":"https:\/\/www.facebook.com\/interregsudoe","article_modified_time":"2026-04-30T10:20:03+00:00","og_image":[{"width":570,"height":863,"url":"https:\/\/interreg-sudoe.eu\/wp-content\/uploads\/2026\/04\/Programa.jpg","type":"image\/jpeg"}],"twitter_card":"summary_large_image","twitter_site":"@Sudoe5","twitter_misc":{"Dur\u00e9e de lecture estim\u00e9e":"1 minute"},"schema":{"@context":"https:\/\/schema.org","@graph":[{"@type":"WebPage","@id":"https:\/\/interreg-sudoe.eu\/fr\/evento-proyecto\/seminario-transnacional-de-conclusiones-de-los-proyectos-piloto-y-taller-de-transferencia-a-agentes-territoriales\/","url":"https:\/\/interreg-sudoe.eu\/fr\/evento-proyecto\/seminario-transnacional-de-conclusiones-de-los-proyectos-piloto-y-taller-de-transferencia-a-agentes-territoriales\/","name":"S\u00e9minaire transnational de synth\u00e8se des projets pilotes et atelier de transfert de connaissances \u00e0 l'intention des acteurs territoriaux - Interreg Sudoe","isPartOf":{"@id":"https:\/\/interreg-sudoe.eu\/fr\/#website"},"primaryImageOfPage":{"@id":"https:\/\/interreg-sudoe.eu\/fr\/evento-proyecto\/seminario-transnacional-de-conclusiones-de-los-proyectos-piloto-y-taller-de-transferencia-a-agentes-territoriales\/#primaryimage"},"image":{"@id":"https:\/\/interreg-sudoe.eu\/fr\/evento-proyecto\/seminario-transnacional-de-conclusiones-de-los-proyectos-piloto-y-taller-de-transferencia-a-agentes-territoriales\/#primaryimage"},"thumbnailUrl":"https:\/\/interreg-sudoe.eu\/wp-content\/uploads\/2026\/04\/Programa.jpg","datePublished":"2026-04-30T10:04:20+00:00","dateModified":"2026-04-30T10:20:03+00:00","breadcrumb":{"@id":"https:\/\/interreg-sudoe.eu\/fr\/evento-proyecto\/seminario-transnacional-de-conclusiones-de-los-proyectos-piloto-y-taller-de-transferencia-a-agentes-territoriales\/#breadcrumb"},"inLanguage":"fr-FR","potentialAction":[{"@type":"ReadAction","target":["https:\/\/interreg-sudoe.eu\/fr\/evento-proyecto\/seminario-transnacional-de-conclusiones-de-los-proyectos-piloto-y-taller-de-transferencia-a-agentes-territoriales\/"]}]},{"@type":"ImageObject","inLanguage":"fr-FR","@id":"https:\/\/interreg-sudoe.eu\/fr\/evento-proyecto\/seminario-transnacional-de-conclusiones-de-los-proyectos-piloto-y-taller-de-transferencia-a-agentes-territoriales\/#primaryimage","url":"https:\/\/interreg-sudoe.eu\/wp-content\/uploads\/2026\/04\/Programa.jpg","contentUrl":"https:\/\/interreg-sudoe.eu\/wp-content\/uploads\/2026\/04\/Programa.jpg","width":570,"height":863},{"@type":"BreadcrumbList","@id":"https:\/\/interreg-sudoe.eu\/fr\/evento-proyecto\/seminario-transnacional-de-conclusiones-de-los-proyectos-piloto-y-taller-de-transferencia-a-agentes-territoriales\/#breadcrumb","itemListElement":[{"@type":"ListItem","position":1,"name":"Home","item":"https:\/\/interreg-sudoe.eu\/fr\/"},{"@type":"ListItem","position":2,"name":"S\u00e9minaire transnational de synth\u00e8se des projets pilotes et atelier de transfert de connaissances \u00e0 l&#8217;intention des acteurs territoriaux"}]},{"@type":"WebSite","@id":"https:\/\/interreg-sudoe.eu\/fr\/#website","url":"https:\/\/interreg-sudoe.eu\/fr\/","name":"Interreg Sudoe","description":"Interreg Sudoe","publisher":{"@id":"https:\/\/interreg-sudoe.eu\/fr\/#organization"},"alternateName":"Interreg Sudoe","potentialAction":[{"@type":"SearchAction","target":{"@type":"EntryPoint","urlTemplate":"https:\/\/interreg-sudoe.eu\/fr\/?s={search_term_string}"},"query-input":{"@type":"PropertyValueSpecification","valueRequired":true,"valueName":"search_term_string"}}],"inLanguage":"fr-FR"},{"@type":"Organization","@id":"https:\/\/interreg-sudoe.eu\/fr\/#organization","name":"Interreg Sudoe","alternateName":"Interreg Sudoe","url":"https:\/\/interreg-sudoe.eu\/fr\/","logo":{"@type":"ImageObject","inLanguage":"fr-FR","@id":"https:\/\/interreg-sudoe.eu\/fr\/#\/schema\/logo\/image\/","url":"https:\/\/interreg-sudoe.eu\/wp-content\/uploads\/2024\/03\/logo-interreg.png","contentUrl":"https:\/\/interreg-sudoe.eu\/wp-content\/uploads\/2024\/03\/logo-interreg.png","width":1200,"height":675,"caption":"Interreg Sudoe"},"image":{"@id":"https:\/\/interreg-sudoe.eu\/fr\/#\/schema\/logo\/image\/"},"sameAs":["https:\/\/www.facebook.com\/interregsudoe","https:\/\/x.com\/Sudoe5","https:\/\/www.youtube.com\/channel\/UCeGx2edoB32beRc9dbKA2vw","https:\/\/www.linkedin.com\/company\/interreg-sudoe-programme\/","https:\/\/www.flickr.com\/photos\/148704685@N06\/"]}]}},"_links":{"self":[{"href":"https:\/\/interreg-sudoe.eu\/fr\/wp-json\/wp\/v2\/evento-proyecto\/65203","targetHints":{"allow":["GET"]}}],"collection":[{"href":"https:\/\/interreg-sudoe.eu\/fr\/wp-json\/wp\/v2\/evento-proyecto"}],"about":[{"href":"https:\/\/interreg-sudoe.eu\/fr\/wp-json\/wp\/v2\/types\/evento-proyecto"}],"author":[{"embeddable":true,"href":"https:\/\/interreg-sudoe.eu\/fr\/wp-json\/wp\/v2\/users\/5373"}],"wp:featuredmedia":[{"embeddable":true,"href":"https:\/\/interreg-sudoe.eu\/fr\/wp-json\/wp\/v2\/media\/65184"}],"wp:attachment":[{"href":"https:\/\/interreg-sudoe.eu\/fr\/wp-json\/wp\/v2\/media?parent=65203"}],"curies":[{"name":"wp","href":"https:\/\/api.w.org\/{rel}","templated":true}]}}