{"id":35694,"date":"2024-05-30T19:05:05","date_gmt":"2024-05-30T17:05:05","guid":{"rendered":"https:\/\/interreg-sudoe.eu\/piloto-proyecto-27\/impact-des-typologies-et-densites-de-vegetation-forestiere-sur-leur-protection-contre-les-incendies\/"},"modified":"2026-02-19T16:51:51","modified_gmt":"2026-02-19T15:51:51","slug":"impact-des-typologies-et-densites-de-vegetation-forestiere-sur-leur-protection-contre-les-incendies","status":"publish","type":"piloto-proyecto-27","link":"https:\/\/interreg-sudoe.eu\/fr\/piloto-proyecto-27\/impact-des-typologies-et-densites-de-vegetation-forestiere-sur-leur-protection-contre-les-incendies\/","title":{"rendered":"Impact des typologies et densit\u00e9s de v\u00e9g\u00e9tation foresti\u00e8re sur leur protection contre les incendies"},"content":{"rendered":"<p>D\u00e9veloppement et mise en \u0153uvre conjointe par le B9-CIM-TTM et le B12-CD Aude, sous la coordination du B10-IPB, d&rsquo;une action pilote visant \u00e0 d\u00e9montrer l&rsquo;impact des diff\u00e9rentes typologies et densit\u00e9s de v\u00e9g\u00e9tation foresti\u00e8re sur leur protection contre les incendies, incluant le suivi et la \u00e9valuation de son impact et de sa transf\u00e9rabilit\u00e9. Ce pilote sera test\u00e9 sur le territoire de Terras de Tras-osMontes (PT) et d&rsquo;Aude (FR) comme outil innovant de pr\u00e9vention et de gestion des incendies de for\u00eat.<\/p>\n","protected":false},"excerpt":{"rendered":"<p>D\u00e9veloppement et mise en \u0153uvre conjointe par le B9-CIM-TTM et le B12-CD Aude, sous la coordination du B10-IPB, d&rsquo;une action pilote visant \u00e0 d\u00e9montrer l&rsquo;impact des diff\u00e9rentes typologies et densit\u00e9s de v\u00e9g\u00e9tation foresti\u00e8re sur leur protection contre les incendies, incluant le suivi et la \u00e9valuation de son impact et de sa transf\u00e9rabilit\u00e9. Ce pilote sera test\u00e9 sur le territoire de Terras de Tras-osMontes (PT) et d&rsquo;Aude (FR) comme outil innovant de pr\u00e9vention et de gestion des incendies de for\u00eat.<\/p>\n","protected":false},"author":6728,"featured_media":0,"template":"","meta":{"_acf_changed":false,"content-type":"","_monsterinsights_skip_tracking":false,"_monsterinsights_sitenote_active":false,"_monsterinsights_sitenote_note":"","_monsterinsights_sitenote_category":0},"convocatoria-proyecto-27":[3309],"estado-proyecto-27":[3363],"objetivo-especifico-proyecto-27":[3284],"pais-proyecto-27":[],"periodo":[3556],"prioridad-proyecto-27":[3270],"publico-objetivo":[],"region-proyecto-27":[],"tematica-proyecto-27":[],"class_list":["post-35694","piloto-proyecto-27","type-piloto-proyecto-27","status-publish","hentry","convocatoria-proyecto-27-1er-appel-a-projets","estado-proyecto-27-en-cours","objetivo-especifico-proyecto-27-os-2-4-adaptation-au-changement-climatique-prevention-des-risques","periodo-2021-2027-fr","prioridad-proyecto-27-1-preserver-le-capital-naturel-et-renforcer-ladaptation-au-changement-climatique-du-sudoe"],"acf":[],"yoast_head":"<!-- This site is optimized with the Yoast SEO plugin v27.2 - https:\/\/yoast.com\/product\/yoast-seo-wordpress\/ -->\n<title>Impact des typologies et densit\u00e9s de v\u00e9g\u00e9tation foresti\u00e8re sur leur protection contre les incendies - Interreg Sudoe<\/title>\n<meta name=\"robots\" content=\"index, follow, max-snippet:-1, max-image-preview:large, max-video-preview:-1\" \/>\n<link rel=\"canonical\" href=\"https:\/\/interreg-sudoe.eu\/fr\/piloto-proyecto-27\/impact-des-typologies-et-densites-de-vegetation-forestiere-sur-leur-protection-contre-les-incendies\/\" \/>\n<meta property=\"og:locale\" content=\"fr_FR\" \/>\n<meta property=\"og:type\" content=\"article\" \/>\n<meta property=\"og:title\" content=\"Impact des typologies et densit\u00e9s de v\u00e9g\u00e9tation foresti\u00e8re sur leur protection contre les incendies - Interreg Sudoe\" \/>\n<meta property=\"og:description\" content=\"D\u00e9veloppement et mise en \u0153uvre conjointe par le B9-CIM-TTM et le B12-CD Aude, sous la coordination du B10-IPB, d&#039;une action pilote visant \u00e0 d\u00e9montrer l&#039;impact des diff\u00e9rentes typologies et densit\u00e9s de v\u00e9g\u00e9tation foresti\u00e8re sur leur protection contre les incendies, incluant le suivi et la \u00e9valuation de son impact et de sa transf\u00e9rabilit\u00e9. Ce pilote sera test\u00e9 sur le territoire de Terras de Tras-osMontes (PT) et d&#039;Aude (FR) comme outil innovant de pr\u00e9vention et de gestion des incendies de for\u00eat.\" \/>\n<meta property=\"og:url\" content=\"https:\/\/interreg-sudoe.eu\/fr\/piloto-proyecto-27\/impact-des-typologies-et-densites-de-vegetation-forestiere-sur-leur-protection-contre-les-incendies\/\" \/>\n<meta property=\"og:site_name\" content=\"Interreg Sudoe\" \/>\n<meta property=\"article:publisher\" content=\"https:\/\/www.facebook.com\/interregsudoe\" \/>\n<meta property=\"article:modified_time\" content=\"2026-02-19T15:51:51+00:00\" \/>\n<meta property=\"og:image\" content=\"https:\/\/interreg-sudoe.eu\/wp-content\/uploads\/2024\/03\/download.png\" \/>\n\t<meta property=\"og:image:width\" content=\"344\" \/>\n\t<meta property=\"og:image:height\" content=\"147\" \/>\n\t<meta property=\"og:image:type\" content=\"image\/png\" \/>\n<meta name=\"twitter:card\" content=\"summary_large_image\" \/>\n<meta name=\"twitter:site\" content=\"@Sudoe5\" \/>\n<script type=\"application\/ld+json\" class=\"yoast-schema-graph\">{\"@context\":\"https:\/\/schema.org\",\"@graph\":[{\"@type\":\"WebPage\",\"@id\":\"https:\/\/interreg-sudoe.eu\/fr\/piloto-proyecto-27\/impact-des-typologies-et-densites-de-vegetation-forestiere-sur-leur-protection-contre-les-incendies\/\",\"url\":\"https:\/\/interreg-sudoe.eu\/fr\/piloto-proyecto-27\/impact-des-typologies-et-densites-de-vegetation-forestiere-sur-leur-protection-contre-les-incendies\/\",\"name\":\"Impact des typologies et densit\u00e9s de v\u00e9g\u00e9tation foresti\u00e8re sur leur protection contre les incendies - Interreg Sudoe\",\"isPartOf\":{\"@id\":\"https:\/\/interreg-sudoe.eu\/fr\/#website\"},\"datePublished\":\"2024-05-30T17:05:05+00:00\",\"dateModified\":\"2026-02-19T15:51:51+00:00\",\"breadcrumb\":{\"@id\":\"https:\/\/interreg-sudoe.eu\/fr\/piloto-proyecto-27\/impact-des-typologies-et-densites-de-vegetation-forestiere-sur-leur-protection-contre-les-incendies\/#breadcrumb\"},\"inLanguage\":\"fr-FR\",\"potentialAction\":[{\"@type\":\"ReadAction\",\"target\":[\"https:\/\/interreg-sudoe.eu\/fr\/piloto-proyecto-27\/impact-des-typologies-et-densites-de-vegetation-forestiere-sur-leur-protection-contre-les-incendies\/\"]}]},{\"@type\":\"BreadcrumbList\",\"@id\":\"https:\/\/interreg-sudoe.eu\/fr\/piloto-proyecto-27\/impact-des-typologies-et-densites-de-vegetation-forestiere-sur-leur-protection-contre-les-incendies\/#breadcrumb\",\"itemListElement\":[{\"@type\":\"ListItem\",\"position\":1,\"name\":\"Home\",\"item\":\"https:\/\/interreg-sudoe.eu\/fr\/\"},{\"@type\":\"ListItem\",\"position\":2,\"name\":\"Impact des typologies et densit\u00e9s de v\u00e9g\u00e9tation foresti\u00e8re sur leur protection contre les incendies\"}]},{\"@type\":\"WebSite\",\"@id\":\"https:\/\/interreg-sudoe.eu\/fr\/#website\",\"url\":\"https:\/\/interreg-sudoe.eu\/fr\/\",\"name\":\"Interreg Sudoe\",\"description\":\"Interreg Sudoe\",\"publisher\":{\"@id\":\"https:\/\/interreg-sudoe.eu\/fr\/#organization\"},\"alternateName\":\"Interreg Sudoe\",\"potentialAction\":[{\"@type\":\"SearchAction\",\"target\":{\"@type\":\"EntryPoint\",\"urlTemplate\":\"https:\/\/interreg-sudoe.eu\/fr\/?s={search_term_string}\"},\"query-input\":{\"@type\":\"PropertyValueSpecification\",\"valueRequired\":true,\"valueName\":\"search_term_string\"}}],\"inLanguage\":\"fr-FR\"},{\"@type\":\"Organization\",\"@id\":\"https:\/\/interreg-sudoe.eu\/fr\/#organization\",\"name\":\"Interreg Sudoe\",\"alternateName\":\"Interreg Sudoe\",\"url\":\"https:\/\/interreg-sudoe.eu\/fr\/\",\"logo\":{\"@type\":\"ImageObject\",\"inLanguage\":\"fr-FR\",\"@id\":\"https:\/\/interreg-sudoe.eu\/fr\/#\/schema\/logo\/image\/\",\"url\":\"https:\/\/interreg-sudoe.eu\/wp-content\/uploads\/2024\/03\/logo-interreg.png\",\"contentUrl\":\"https:\/\/interreg-sudoe.eu\/wp-content\/uploads\/2024\/03\/logo-interreg.png\",\"width\":1200,\"height\":675,\"caption\":\"Interreg Sudoe\"},\"image\":{\"@id\":\"https:\/\/interreg-sudoe.eu\/fr\/#\/schema\/logo\/image\/\"},\"sameAs\":[\"https:\/\/www.facebook.com\/interregsudoe\",\"https:\/\/x.com\/Sudoe5\",\"https:\/\/www.youtube.com\/channel\/UCeGx2edoB32beRc9dbKA2vw\",\"https:\/\/www.linkedin.com\/company\/interreg-sudoe-programme\/\",\"https:\/\/www.flickr.com\/photos\/148704685@N06\/\"]}]}<\/script>\n<!-- \/ Yoast SEO plugin. -->","yoast_head_json":{"title":"Impact des typologies et densit\u00e9s de v\u00e9g\u00e9tation foresti\u00e8re sur leur protection contre les incendies - Interreg Sudoe","robots":{"index":"index","follow":"follow","max-snippet":"max-snippet:-1","max-image-preview":"max-image-preview:large","max-video-preview":"max-video-preview:-1"},"canonical":"https:\/\/interreg-sudoe.eu\/fr\/piloto-proyecto-27\/impact-des-typologies-et-densites-de-vegetation-forestiere-sur-leur-protection-contre-les-incendies\/","og_locale":"fr_FR","og_type":"article","og_title":"Impact des typologies et densit\u00e9s de v\u00e9g\u00e9tation foresti\u00e8re sur leur protection contre les incendies - Interreg Sudoe","og_description":"D\u00e9veloppement et mise en \u0153uvre conjointe par le B9-CIM-TTM et le B12-CD Aude, sous la coordination du B10-IPB, d'une action pilote visant \u00e0 d\u00e9montrer l'impact des diff\u00e9rentes typologies et densit\u00e9s de v\u00e9g\u00e9tation foresti\u00e8re sur leur protection contre les incendies, incluant le suivi et la \u00e9valuation de son impact et de sa transf\u00e9rabilit\u00e9. Ce pilote sera test\u00e9 sur le territoire de Terras de Tras-osMontes (PT) et d'Aude (FR) comme outil innovant de pr\u00e9vention et de gestion des incendies de for\u00eat.","og_url":"https:\/\/interreg-sudoe.eu\/fr\/piloto-proyecto-27\/impact-des-typologies-et-densites-de-vegetation-forestiere-sur-leur-protection-contre-les-incendies\/","og_site_name":"Interreg Sudoe","article_publisher":"https:\/\/www.facebook.com\/interregsudoe","article_modified_time":"2026-02-19T15:51:51+00:00","og_image":[{"width":344,"height":147,"url":"https:\/\/interreg-sudoe.eu\/wp-content\/uploads\/2024\/03\/download.png","type":"image\/png"}],"twitter_card":"summary_large_image","twitter_site":"@Sudoe5","schema":{"@context":"https:\/\/schema.org","@graph":[{"@type":"WebPage","@id":"https:\/\/interreg-sudoe.eu\/fr\/piloto-proyecto-27\/impact-des-typologies-et-densites-de-vegetation-forestiere-sur-leur-protection-contre-les-incendies\/","url":"https:\/\/interreg-sudoe.eu\/fr\/piloto-proyecto-27\/impact-des-typologies-et-densites-de-vegetation-forestiere-sur-leur-protection-contre-les-incendies\/","name":"Impact des typologies et densit\u00e9s de v\u00e9g\u00e9tation foresti\u00e8re sur leur protection contre les incendies - Interreg Sudoe","isPartOf":{"@id":"https:\/\/interreg-sudoe.eu\/fr\/#website"},"datePublished":"2024-05-30T17:05:05+00:00","dateModified":"2026-02-19T15:51:51+00:00","breadcrumb":{"@id":"https:\/\/interreg-sudoe.eu\/fr\/piloto-proyecto-27\/impact-des-typologies-et-densites-de-vegetation-forestiere-sur-leur-protection-contre-les-incendies\/#breadcrumb"},"inLanguage":"fr-FR","potentialAction":[{"@type":"ReadAction","target":["https:\/\/interreg-sudoe.eu\/fr\/piloto-proyecto-27\/impact-des-typologies-et-densites-de-vegetation-forestiere-sur-leur-protection-contre-les-incendies\/"]}]},{"@type":"BreadcrumbList","@id":"https:\/\/interreg-sudoe.eu\/fr\/piloto-proyecto-27\/impact-des-typologies-et-densites-de-vegetation-forestiere-sur-leur-protection-contre-les-incendies\/#breadcrumb","itemListElement":[{"@type":"ListItem","position":1,"name":"Home","item":"https:\/\/interreg-sudoe.eu\/fr\/"},{"@type":"ListItem","position":2,"name":"Impact des typologies et densit\u00e9s de v\u00e9g\u00e9tation foresti\u00e8re sur leur protection contre les incendies"}]},{"@type":"WebSite","@id":"https:\/\/interreg-sudoe.eu\/fr\/#website","url":"https:\/\/interreg-sudoe.eu\/fr\/","name":"Interreg Sudoe","description":"Interreg Sudoe","publisher":{"@id":"https:\/\/interreg-sudoe.eu\/fr\/#organization"},"alternateName":"Interreg Sudoe","potentialAction":[{"@type":"SearchAction","target":{"@type":"EntryPoint","urlTemplate":"https:\/\/interreg-sudoe.eu\/fr\/?s={search_term_string}"},"query-input":{"@type":"PropertyValueSpecification","valueRequired":true,"valueName":"search_term_string"}}],"inLanguage":"fr-FR"},{"@type":"Organization","@id":"https:\/\/interreg-sudoe.eu\/fr\/#organization","name":"Interreg Sudoe","alternateName":"Interreg Sudoe","url":"https:\/\/interreg-sudoe.eu\/fr\/","logo":{"@type":"ImageObject","inLanguage":"fr-FR","@id":"https:\/\/interreg-sudoe.eu\/fr\/#\/schema\/logo\/image\/","url":"https:\/\/interreg-sudoe.eu\/wp-content\/uploads\/2024\/03\/logo-interreg.png","contentUrl":"https:\/\/interreg-sudoe.eu\/wp-content\/uploads\/2024\/03\/logo-interreg.png","width":1200,"height":675,"caption":"Interreg Sudoe"},"image":{"@id":"https:\/\/interreg-sudoe.eu\/fr\/#\/schema\/logo\/image\/"},"sameAs":["https:\/\/www.facebook.com\/interregsudoe","https:\/\/x.com\/Sudoe5","https:\/\/www.youtube.com\/channel\/UCeGx2edoB32beRc9dbKA2vw","https:\/\/www.linkedin.com\/company\/interreg-sudoe-programme\/","https:\/\/www.flickr.com\/photos\/148704685@N06\/"]}]}},"_links":{"self":[{"href":"https:\/\/interreg-sudoe.eu\/fr\/wp-json\/wp\/v2\/piloto-proyecto-27\/35694","targetHints":{"allow":["GET"]}}],"collection":[{"href":"https:\/\/interreg-sudoe.eu\/fr\/wp-json\/wp\/v2\/piloto-proyecto-27"}],"about":[{"href":"https:\/\/interreg-sudoe.eu\/fr\/wp-json\/wp\/v2\/types\/piloto-proyecto-27"}],"author":[{"embeddable":true,"href":"https:\/\/interreg-sudoe.eu\/fr\/wp-json\/wp\/v2\/users\/6728"}],"wp:attachment":[{"href":"https:\/\/interreg-sudoe.eu\/fr\/wp-json\/wp\/v2\/media?parent=35694"}],"wp:term":[{"taxonomy":"convocatoria-proyecto-27","embeddable":true,"href":"https:\/\/interreg-sudoe.eu\/fr\/wp-json\/wp\/v2\/convocatoria-proyecto-27?post=35694"},{"taxonomy":"estado-proyecto-27","embeddable":true,"href":"https:\/\/interreg-sudoe.eu\/fr\/wp-json\/wp\/v2\/estado-proyecto-27?post=35694"},{"taxonomy":"objetivo-especifico-proyecto-27","embeddable":true,"href":"https:\/\/interreg-sudoe.eu\/fr\/wp-json\/wp\/v2\/objetivo-especifico-proyecto-27?post=35694"},{"taxonomy":"pais-proyecto-27","embeddable":true,"href":"https:\/\/interreg-sudoe.eu\/fr\/wp-json\/wp\/v2\/pais-proyecto-27?post=35694"},{"taxonomy":"periodo","embeddable":true,"href":"https:\/\/interreg-sudoe.eu\/fr\/wp-json\/wp\/v2\/periodo?post=35694"},{"taxonomy":"prioridad-proyecto-27","embeddable":true,"href":"https:\/\/interreg-sudoe.eu\/fr\/wp-json\/wp\/v2\/prioridad-proyecto-27?post=35694"},{"taxonomy":"publico-objetivo","embeddable":true,"href":"https:\/\/interreg-sudoe.eu\/fr\/wp-json\/wp\/v2\/publico-objetivo?post=35694"},{"taxonomy":"region-proyecto-27","embeddable":true,"href":"https:\/\/interreg-sudoe.eu\/fr\/wp-json\/wp\/v2\/region-proyecto-27?post=35694"},{"taxonomy":"tematica-proyecto-27","embeddable":true,"href":"https:\/\/interreg-sudoe.eu\/fr\/wp-json\/wp\/v2\/tematica-proyecto-27?post=35694"}],"curies":[{"name":"wp","href":"https:\/\/api.w.org\/{rel}","templated":true}]}}