{"id":35733,"date":"2024-05-30T19:06:34","date_gmt":"2024-05-30T17:06:34","guid":{"rendered":"https:\/\/interreg-sudoe.eu\/piloto-proyecto-27\/projet-pilote-du-hub-de-dynamisation-et-du-concept-parada-en-el-camino\/"},"modified":"2026-02-19T16:31:26","modified_gmt":"2026-02-19T15:31:26","slug":"projet-pilote-du-hub-de-dynamisation-et-du-concept-parada-en-el-camino","status":"publish","type":"piloto-proyecto-27","link":"https:\/\/interreg-sudoe.eu\/fr\/piloto-proyecto-27\/projet-pilote-du-hub-de-dynamisation-et-du-concept-parada-en-el-camino\/","title":{"rendered":"Projet pilote du Hub de dynamisation et du concept Parada en el Camino"},"content":{"rendered":"<p>Co-conception et d\u00e9finition d&rsquo;un projet pilote pour tester le concept de Dynamisation Hubs et Paradas en el Camino du CaS. Le pilote sera r\u00e9alis\u00e9 sur 5 territoires : 1 au Portugal, 3 en Espagne et 1 en France, afin d\u2019assurer la repr\u00e9sentativit\u00e9 de la zone de collaboration Sudoe. Hub de dynamisation : Groupe de travail charg\u00e9 de r\u00e9aliser, entre autres, la cartographie des principaux acteurs, l\u2019implication des acteurs cl\u00e9s, une analyse strat\u00e9gique, l\u2019\u00e9laboration d\u2019une m\u00e9thodologie et d\u2019un plan de travail, la mesure de l\u2019impact, la collecte des le\u00e7ons apprises et des mod\u00e8les de r\u00e9plicabilit\u00e9 vers d\u2019autres territoires. Le Parada en el Camino sera un lieu physique et virtuel o\u00f9 vous pourrez d\u00e9guster, acheter et envoyer des produits agroalimentaires, artisanaux et cr\u00e9atifs typiques. Il offrira des informations culturelles, touristiques, environnementales et de loisirs sous forme physique et virtuelle, avec des connexions r\u00e9seau, et collectera des \u00e9valuations de produits et de services. Il servira de point de rencontre entre les habitants des zones rurales et les visiteurs et usagers des routes. Ce projet pilote s\u2019appuiera sur la strat\u00e9gie commune \u00e9labor\u00e9e en collaboration, et sa mise en \u0153uvre simultan\u00e9e fera l\u2019objet d\u2019un suivi dans les 5 territoires s\u00e9lectionn\u00e9s (A3.2 et A3.3). Les informations obtenues gr\u00e2ce \u00e0 ce d\u00e9veloppement seront utilis\u00e9es pour l\u2019am\u00e9lioration continue de la version finale de la strat\u00e9gie et du plan d\u2019action communs.<\/p>\n","protected":false},"excerpt":{"rendered":"<p>Co-conception et d\u00e9finition d&rsquo;un projet pilote pour tester le concept de Dynamisation Hubs et Paradas en el Camino du CaS. Le pilote sera r\u00e9alis\u00e9 sur 5 territoires : 1 au Portugal, 3 en Espagne et 1 en France, afin d\u2019assurer la repr\u00e9sentativit\u00e9 de la zone de collaboration Sudoe.  Hub de dynamisation : Groupe de travail charg\u00e9 de r\u00e9aliser, entre autres, la cartographie des principaux acteurs, l\u2019implication des acteurs cl\u00e9s, une analyse strat\u00e9gique, l\u2019\u00e9laboration d\u2019une m\u00e9thodologie et d\u2019un plan de travail, la mesure de l\u2019impact, la collecte des le\u00e7ons apprises et des mod\u00e8les de r\u00e9plicabilit\u00e9 vers d\u2019autres territoires. Le Parada en el Camino sera un lieu physique et virtuel o\u00f9 vous pourrez d\u00e9guster, acheter et envoyer des produits agroalimentaires, artisanaux et cr\u00e9atifs typiques. Il offrira des informations culturelles, touristiques, environnementales et de loisirs sous forme physique et virtuelle, avec des connexions r\u00e9seau, et collectera des \u00e9valuations de produits et de services. Il servira de point de rencontre entre les habitants des zones rurales et les visiteurs et usagers des routes.  Ce projet pilote s\u2019appuiera sur la strat\u00e9gie commune \u00e9labor\u00e9e en collaboration, et sa mise en \u0153uvre simultan\u00e9e fera l\u2019objet d\u2019un suivi dans les 5 territoires s\u00e9lectionn\u00e9s (A3.2 et A3.3). Les informations obtenues gr\u00e2ce \u00e0 ce d\u00e9veloppement seront utilis\u00e9es pour l\u2019am\u00e9lioration continue de la version finale de la strat\u00e9gie et du plan d\u2019action communs.<\/p>\n","protected":false},"author":4906,"featured_media":0,"template":"","meta":{"_acf_changed":false,"content-type":"","_monsterinsights_skip_tracking":false,"_monsterinsights_sitenote_active":false,"_monsterinsights_sitenote_note":"","_monsterinsights_sitenote_category":0},"convocatoria-proyecto-27":[3309],"estado-proyecto-27":[3363],"objetivo-especifico-proyecto-27":[3289],"pais-proyecto-27":[],"periodo":[3556],"prioridad-proyecto-27":[3272],"publico-objetivo":[],"region-proyecto-27":[],"tematica-proyecto-27":[],"class_list":["post-35733","piloto-proyecto-27","type-piloto-proyecto-27","status-publish","hentry","convocatoria-proyecto-27-1er-appel-a-projets","estado-proyecto-27-en-cours","objetivo-especifico-proyecto-27-os-4-6-culture-tourisme-durable","periodo-2021-2027-fr","prioridad-proyecto-27-3-promouvoir-la-cohesion-sociale-et-lequilibre-territorial-et-demographique-du-sudoe-a-travers-linnovation-sociale-la-valorisation-du-patrimoine-et-les-services"],"acf":[],"yoast_head":"<!-- This site is optimized with the Yoast SEO plugin v27.4 - https:\/\/yoast.com\/product\/yoast-seo-wordpress\/ -->\n<title>Projet pilote du Hub de dynamisation et du concept Parada en el Camino - Interreg Sudoe<\/title>\n<meta name=\"robots\" content=\"index, follow, max-snippet:-1, max-image-preview:large, max-video-preview:-1\" \/>\n<link rel=\"canonical\" href=\"https:\/\/interreg-sudoe.eu\/fr\/piloto-proyecto-27\/projet-pilote-du-hub-de-dynamisation-et-du-concept-parada-en-el-camino\/\" \/>\n<meta property=\"og:locale\" content=\"fr_FR\" \/>\n<meta property=\"og:type\" content=\"article\" \/>\n<meta property=\"og:title\" content=\"Projet pilote du Hub de dynamisation et du concept Parada en el Camino - Interreg Sudoe\" \/>\n<meta property=\"og:description\" content=\"Co-conception et d\u00e9finition d&#039;un projet pilote pour tester le concept de Dynamisation Hubs et Paradas en el Camino du CaS. Le pilote sera r\u00e9alis\u00e9 sur 5 territoires : 1 au Portugal, 3 en Espagne et 1 en France, afin d\u2019assurer la repr\u00e9sentativit\u00e9 de la zone de collaboration Sudoe. Hub de dynamisation : Groupe de travail charg\u00e9 de r\u00e9aliser, entre autres, la cartographie des principaux acteurs, l\u2019implication des acteurs cl\u00e9s, une analyse strat\u00e9gique, l\u2019\u00e9laboration d\u2019une m\u00e9thodologie et d\u2019un plan de travail, la mesure de l\u2019impact, la collecte des le\u00e7ons apprises et des mod\u00e8les de r\u00e9plicabilit\u00e9 vers d\u2019autres territoires. Le Parada en el Camino sera un lieu physique et virtuel o\u00f9 vous pourrez d\u00e9guster, acheter et envoyer des produits agroalimentaires, artisanaux et cr\u00e9atifs typiques. Il offrira des informations culturelles, touristiques, environnementales et de loisirs sous forme physique et virtuelle, avec des connexions r\u00e9seau, et collectera des \u00e9valuations de produits et de services. Il servira de point de rencontre entre les habitants des zones rurales et les visiteurs et usagers des routes. Ce projet pilote s\u2019appuiera sur la strat\u00e9gie commune \u00e9labor\u00e9e en collaboration, et sa mise en \u0153uvre simultan\u00e9e fera l\u2019objet d\u2019un suivi dans les 5 territoires s\u00e9lectionn\u00e9s (A3.2 et A3.3). Les informations obtenues gr\u00e2ce \u00e0 ce d\u00e9veloppement seront utilis\u00e9es pour l\u2019am\u00e9lioration continue de la version finale de la strat\u00e9gie et du plan d\u2019action communs.\" \/>\n<meta property=\"og:url\" content=\"https:\/\/interreg-sudoe.eu\/fr\/piloto-proyecto-27\/projet-pilote-du-hub-de-dynamisation-et-du-concept-parada-en-el-camino\/\" \/>\n<meta property=\"og:site_name\" content=\"Interreg Sudoe\" \/>\n<meta property=\"article:publisher\" content=\"https:\/\/www.facebook.com\/interregsudoe\" \/>\n<meta property=\"article:modified_time\" content=\"2026-02-19T15:31:26+00:00\" \/>\n<meta property=\"og:image\" content=\"https:\/\/interreg-sudoe.eu\/wp-content\/uploads\/2024\/03\/download.png\" \/>\n\t<meta property=\"og:image:width\" content=\"344\" \/>\n\t<meta property=\"og:image:height\" content=\"147\" \/>\n\t<meta property=\"og:image:type\" content=\"image\/png\" \/>\n<meta name=\"twitter:card\" content=\"summary_large_image\" \/>\n<meta name=\"twitter:site\" content=\"@Sudoe5\" \/>\n<meta name=\"twitter:label1\" content=\"Dur\u00e9e de lecture estim\u00e9e\" \/>\n\t<meta name=\"twitter:data1\" content=\"2 minutes\" \/>\n<script type=\"application\/ld+json\" class=\"yoast-schema-graph\">{\"@context\":\"https:\\\/\\\/schema.org\",\"@graph\":[{\"@type\":\"WebPage\",\"@id\":\"https:\\\/\\\/interreg-sudoe.eu\\\/fr\\\/piloto-proyecto-27\\\/projet-pilote-du-hub-de-dynamisation-et-du-concept-parada-en-el-camino\\\/\",\"url\":\"https:\\\/\\\/interreg-sudoe.eu\\\/fr\\\/piloto-proyecto-27\\\/projet-pilote-du-hub-de-dynamisation-et-du-concept-parada-en-el-camino\\\/\",\"name\":\"Projet pilote du Hub de dynamisation et du concept Parada en el Camino - Interreg Sudoe\",\"isPartOf\":{\"@id\":\"https:\\\/\\\/interreg-sudoe.eu\\\/fr\\\/#website\"},\"datePublished\":\"2024-05-30T17:06:34+00:00\",\"dateModified\":\"2026-02-19T15:31:26+00:00\",\"breadcrumb\":{\"@id\":\"https:\\\/\\\/interreg-sudoe.eu\\\/fr\\\/piloto-proyecto-27\\\/projet-pilote-du-hub-de-dynamisation-et-du-concept-parada-en-el-camino\\\/#breadcrumb\"},\"inLanguage\":\"fr-FR\",\"potentialAction\":[{\"@type\":\"ReadAction\",\"target\":[\"https:\\\/\\\/interreg-sudoe.eu\\\/fr\\\/piloto-proyecto-27\\\/projet-pilote-du-hub-de-dynamisation-et-du-concept-parada-en-el-camino\\\/\"]}]},{\"@type\":\"BreadcrumbList\",\"@id\":\"https:\\\/\\\/interreg-sudoe.eu\\\/fr\\\/piloto-proyecto-27\\\/projet-pilote-du-hub-de-dynamisation-et-du-concept-parada-en-el-camino\\\/#breadcrumb\",\"itemListElement\":[{\"@type\":\"ListItem\",\"position\":1,\"name\":\"Home\",\"item\":\"https:\\\/\\\/interreg-sudoe.eu\\\/fr\\\/\"},{\"@type\":\"ListItem\",\"position\":2,\"name\":\"Projet pilote du Hub de dynamisation et du concept Parada en el Camino\"}]},{\"@type\":\"WebSite\",\"@id\":\"https:\\\/\\\/interreg-sudoe.eu\\\/fr\\\/#website\",\"url\":\"https:\\\/\\\/interreg-sudoe.eu\\\/fr\\\/\",\"name\":\"Interreg Sudoe\",\"description\":\"Interreg Sudoe\",\"publisher\":{\"@id\":\"https:\\\/\\\/interreg-sudoe.eu\\\/fr\\\/#organization\"},\"alternateName\":\"Interreg Sudoe\",\"potentialAction\":[{\"@type\":\"SearchAction\",\"target\":{\"@type\":\"EntryPoint\",\"urlTemplate\":\"https:\\\/\\\/interreg-sudoe.eu\\\/fr\\\/?s={search_term_string}\"},\"query-input\":{\"@type\":\"PropertyValueSpecification\",\"valueRequired\":true,\"valueName\":\"search_term_string\"}}],\"inLanguage\":\"fr-FR\"},{\"@type\":\"Organization\",\"@id\":\"https:\\\/\\\/interreg-sudoe.eu\\\/fr\\\/#organization\",\"name\":\"Interreg Sudoe\",\"alternateName\":\"Interreg Sudoe\",\"url\":\"https:\\\/\\\/interreg-sudoe.eu\\\/fr\\\/\",\"logo\":{\"@type\":\"ImageObject\",\"inLanguage\":\"fr-FR\",\"@id\":\"https:\\\/\\\/interreg-sudoe.eu\\\/fr\\\/#\\\/schema\\\/logo\\\/image\\\/\",\"url\":\"https:\\\/\\\/interreg-sudoe.eu\\\/wp-content\\\/uploads\\\/2024\\\/03\\\/logo-interreg.png\",\"contentUrl\":\"https:\\\/\\\/interreg-sudoe.eu\\\/wp-content\\\/uploads\\\/2024\\\/03\\\/logo-interreg.png\",\"width\":1200,\"height\":675,\"caption\":\"Interreg Sudoe\"},\"image\":{\"@id\":\"https:\\\/\\\/interreg-sudoe.eu\\\/fr\\\/#\\\/schema\\\/logo\\\/image\\\/\"},\"sameAs\":[\"https:\\\/\\\/www.facebook.com\\\/interregsudoe\",\"https:\\\/\\\/x.com\\\/Sudoe5\",\"https:\\\/\\\/www.youtube.com\\\/channel\\\/UCeGx2edoB32beRc9dbKA2vw\",\"https:\\\/\\\/www.linkedin.com\\\/company\\\/interreg-sudoe-programme\\\/\",\"https:\\\/\\\/www.flickr.com\\\/photos\\\/148704685@N06\\\/\"]}]}<\/script>\n<!-- \/ Yoast SEO plugin. -->","yoast_head_json":{"title":"Projet pilote du Hub de dynamisation et du concept Parada en el Camino - Interreg Sudoe","robots":{"index":"index","follow":"follow","max-snippet":"max-snippet:-1","max-image-preview":"max-image-preview:large","max-video-preview":"max-video-preview:-1"},"canonical":"https:\/\/interreg-sudoe.eu\/fr\/piloto-proyecto-27\/projet-pilote-du-hub-de-dynamisation-et-du-concept-parada-en-el-camino\/","og_locale":"fr_FR","og_type":"article","og_title":"Projet pilote du Hub de dynamisation et du concept Parada en el Camino - Interreg Sudoe","og_description":"Co-conception et d\u00e9finition d'un projet pilote pour tester le concept de Dynamisation Hubs et Paradas en el Camino du CaS. Le pilote sera r\u00e9alis\u00e9 sur 5 territoires : 1 au Portugal, 3 en Espagne et 1 en France, afin d\u2019assurer la repr\u00e9sentativit\u00e9 de la zone de collaboration Sudoe. Hub de dynamisation : Groupe de travail charg\u00e9 de r\u00e9aliser, entre autres, la cartographie des principaux acteurs, l\u2019implication des acteurs cl\u00e9s, une analyse strat\u00e9gique, l\u2019\u00e9laboration d\u2019une m\u00e9thodologie et d\u2019un plan de travail, la mesure de l\u2019impact, la collecte des le\u00e7ons apprises et des mod\u00e8les de r\u00e9plicabilit\u00e9 vers d\u2019autres territoires. Le Parada en el Camino sera un lieu physique et virtuel o\u00f9 vous pourrez d\u00e9guster, acheter et envoyer des produits agroalimentaires, artisanaux et cr\u00e9atifs typiques. Il offrira des informations culturelles, touristiques, environnementales et de loisirs sous forme physique et virtuelle, avec des connexions r\u00e9seau, et collectera des \u00e9valuations de produits et de services. Il servira de point de rencontre entre les habitants des zones rurales et les visiteurs et usagers des routes. Ce projet pilote s\u2019appuiera sur la strat\u00e9gie commune \u00e9labor\u00e9e en collaboration, et sa mise en \u0153uvre simultan\u00e9e fera l\u2019objet d\u2019un suivi dans les 5 territoires s\u00e9lectionn\u00e9s (A3.2 et A3.3). Les informations obtenues gr\u00e2ce \u00e0 ce d\u00e9veloppement seront utilis\u00e9es pour l\u2019am\u00e9lioration continue de la version finale de la strat\u00e9gie et du plan d\u2019action communs.","og_url":"https:\/\/interreg-sudoe.eu\/fr\/piloto-proyecto-27\/projet-pilote-du-hub-de-dynamisation-et-du-concept-parada-en-el-camino\/","og_site_name":"Interreg Sudoe","article_publisher":"https:\/\/www.facebook.com\/interregsudoe","article_modified_time":"2026-02-19T15:31:26+00:00","og_image":[{"width":344,"height":147,"url":"https:\/\/interreg-sudoe.eu\/wp-content\/uploads\/2024\/03\/download.png","type":"image\/png"}],"twitter_card":"summary_large_image","twitter_site":"@Sudoe5","twitter_misc":{"Dur\u00e9e de lecture estim\u00e9e":"2 minutes"},"schema":{"@context":"https:\/\/schema.org","@graph":[{"@type":"WebPage","@id":"https:\/\/interreg-sudoe.eu\/fr\/piloto-proyecto-27\/projet-pilote-du-hub-de-dynamisation-et-du-concept-parada-en-el-camino\/","url":"https:\/\/interreg-sudoe.eu\/fr\/piloto-proyecto-27\/projet-pilote-du-hub-de-dynamisation-et-du-concept-parada-en-el-camino\/","name":"Projet pilote du Hub de dynamisation et du concept Parada en el Camino - Interreg Sudoe","isPartOf":{"@id":"https:\/\/interreg-sudoe.eu\/fr\/#website"},"datePublished":"2024-05-30T17:06:34+00:00","dateModified":"2026-02-19T15:31:26+00:00","breadcrumb":{"@id":"https:\/\/interreg-sudoe.eu\/fr\/piloto-proyecto-27\/projet-pilote-du-hub-de-dynamisation-et-du-concept-parada-en-el-camino\/#breadcrumb"},"inLanguage":"fr-FR","potentialAction":[{"@type":"ReadAction","target":["https:\/\/interreg-sudoe.eu\/fr\/piloto-proyecto-27\/projet-pilote-du-hub-de-dynamisation-et-du-concept-parada-en-el-camino\/"]}]},{"@type":"BreadcrumbList","@id":"https:\/\/interreg-sudoe.eu\/fr\/piloto-proyecto-27\/projet-pilote-du-hub-de-dynamisation-et-du-concept-parada-en-el-camino\/#breadcrumb","itemListElement":[{"@type":"ListItem","position":1,"name":"Home","item":"https:\/\/interreg-sudoe.eu\/fr\/"},{"@type":"ListItem","position":2,"name":"Projet pilote du Hub de dynamisation et du concept Parada en el Camino"}]},{"@type":"WebSite","@id":"https:\/\/interreg-sudoe.eu\/fr\/#website","url":"https:\/\/interreg-sudoe.eu\/fr\/","name":"Interreg Sudoe","description":"Interreg Sudoe","publisher":{"@id":"https:\/\/interreg-sudoe.eu\/fr\/#organization"},"alternateName":"Interreg Sudoe","potentialAction":[{"@type":"SearchAction","target":{"@type":"EntryPoint","urlTemplate":"https:\/\/interreg-sudoe.eu\/fr\/?s={search_term_string}"},"query-input":{"@type":"PropertyValueSpecification","valueRequired":true,"valueName":"search_term_string"}}],"inLanguage":"fr-FR"},{"@type":"Organization","@id":"https:\/\/interreg-sudoe.eu\/fr\/#organization","name":"Interreg Sudoe","alternateName":"Interreg Sudoe","url":"https:\/\/interreg-sudoe.eu\/fr\/","logo":{"@type":"ImageObject","inLanguage":"fr-FR","@id":"https:\/\/interreg-sudoe.eu\/fr\/#\/schema\/logo\/image\/","url":"https:\/\/interreg-sudoe.eu\/wp-content\/uploads\/2024\/03\/logo-interreg.png","contentUrl":"https:\/\/interreg-sudoe.eu\/wp-content\/uploads\/2024\/03\/logo-interreg.png","width":1200,"height":675,"caption":"Interreg Sudoe"},"image":{"@id":"https:\/\/interreg-sudoe.eu\/fr\/#\/schema\/logo\/image\/"},"sameAs":["https:\/\/www.facebook.com\/interregsudoe","https:\/\/x.com\/Sudoe5","https:\/\/www.youtube.com\/channel\/UCeGx2edoB32beRc9dbKA2vw","https:\/\/www.linkedin.com\/company\/interreg-sudoe-programme\/","https:\/\/www.flickr.com\/photos\/148704685@N06\/"]}]}},"_links":{"self":[{"href":"https:\/\/interreg-sudoe.eu\/fr\/wp-json\/wp\/v2\/piloto-proyecto-27\/35733","targetHints":{"allow":["GET"]}}],"collection":[{"href":"https:\/\/interreg-sudoe.eu\/fr\/wp-json\/wp\/v2\/piloto-proyecto-27"}],"about":[{"href":"https:\/\/interreg-sudoe.eu\/fr\/wp-json\/wp\/v2\/types\/piloto-proyecto-27"}],"author":[{"embeddable":true,"href":"https:\/\/interreg-sudoe.eu\/fr\/wp-json\/wp\/v2\/users\/4906"}],"wp:attachment":[{"href":"https:\/\/interreg-sudoe.eu\/fr\/wp-json\/wp\/v2\/media?parent=35733"}],"wp:term":[{"taxonomy":"convocatoria-proyecto-27","embeddable":true,"href":"https:\/\/interreg-sudoe.eu\/fr\/wp-json\/wp\/v2\/convocatoria-proyecto-27?post=35733"},{"taxonomy":"estado-proyecto-27","embeddable":true,"href":"https:\/\/interreg-sudoe.eu\/fr\/wp-json\/wp\/v2\/estado-proyecto-27?post=35733"},{"taxonomy":"objetivo-especifico-proyecto-27","embeddable":true,"href":"https:\/\/interreg-sudoe.eu\/fr\/wp-json\/wp\/v2\/objetivo-especifico-proyecto-27?post=35733"},{"taxonomy":"pais-proyecto-27","embeddable":true,"href":"https:\/\/interreg-sudoe.eu\/fr\/wp-json\/wp\/v2\/pais-proyecto-27?post=35733"},{"taxonomy":"periodo","embeddable":true,"href":"https:\/\/interreg-sudoe.eu\/fr\/wp-json\/wp\/v2\/periodo?post=35733"},{"taxonomy":"prioridad-proyecto-27","embeddable":true,"href":"https:\/\/interreg-sudoe.eu\/fr\/wp-json\/wp\/v2\/prioridad-proyecto-27?post=35733"},{"taxonomy":"publico-objetivo","embeddable":true,"href":"https:\/\/interreg-sudoe.eu\/fr\/wp-json\/wp\/v2\/publico-objetivo?post=35733"},{"taxonomy":"region-proyecto-27","embeddable":true,"href":"https:\/\/interreg-sudoe.eu\/fr\/wp-json\/wp\/v2\/region-proyecto-27?post=35733"},{"taxonomy":"tematica-proyecto-27","embeddable":true,"href":"https:\/\/interreg-sudoe.eu\/fr\/wp-json\/wp\/v2\/tematica-proyecto-27?post=35733"}],"curies":[{"name":"wp","href":"https:\/\/api.w.org\/{rel}","templated":true}]}}