{"id":59856,"date":"2025-06-06T08:54:25","date_gmt":"2025-06-06T06:54:25","guid":{"rendered":"https:\/\/interreg-sudoe.eu\/?post_type=piloto-proyecto-27&#038;p=59856"},"modified":"2026-02-03T08:55:42","modified_gmt":"2026-02-03T07:55:42","slug":"quatre-sites-pour-le-developpement-du-site-pilote-en-nouvelle-aquitaine","status":"publish","type":"piloto-proyecto-27","link":"https:\/\/interreg-sudoe.eu\/fr\/piloto-proyecto-27\/quatre-sites-pour-le-developpement-du-site-pilote-en-nouvelle-aquitaine\/","title":{"rendered":"Quatre sites pour le d\u00e9veloppement du site pilote en Nouvelle-Aquitaine"},"content":{"rendered":"<p><strong>LOCALISATION DU SITE PILOTE<\/strong><\/p>\n<p>Le site pilote de la Nouvelle-Aquitaine se d\u00e9ploie en 4 localisations distantes\u00a0:<\/p>\n<p>2 localisations pour la pr\u00e9vention des feux de for\u00eat\u00a0:<\/p>\n<ul>\n<li>33620 Cestas<\/li>\n<li>33720 Landiras<\/li>\n<\/ul>\n<p>2 localisations gestion post feux de for\u00eat\u00a0:<\/p>\n<ul>\n<li>33720 Guillos<\/li>\n<li>33125 Hostens<\/li>\n<\/ul>\n<p>&nbsp;<\/p>\n<p><strong>DESCRIPTION DES ACTIONS PR\u00c9VUES<\/strong><\/p>\n<p>Dans le cadre de ce projet, Xylofutur doit mettre en place une zone pilote en Nouvelle-Aquitaine avec deux entit\u00e9s innovantes dans le secteur forestier fran\u00e7ais, notamment en mati\u00e8re de gestion des risques d\u2019incendie. D\u2019une part, pour la d\u00e9tection pr\u00e9coce des incendies et de l\u2019autre, dans la phase post-incendie, afin d\u2019acc\u00e9l\u00e9rer et de renforcer la croissance des jeunes plantes avec l\u2019utilisation de biofertilisants. L\u2019objectif \u00e9tant de favoriser les innovations port\u00e9es par des start-ups qui ont besoin de financement et de visibilit\u00e9 pour consolider leurs activit\u00e9s.<\/p>\n<p>Deux soci\u00e9t\u00e9s ont \u00e9t\u00e9 selection\u00e9es pour mettre en place ces actions\u00a0:<\/p>\n<p><strong>SYLVIACARE\u00a0&#8211; la startup qui m\u00e8nera l\u2019exp\u00e9rience sur la d\u00e9tection pr\u00e9coce des incendies de for\u00eat\u00a0: <\/strong>Dans le cadre de ce projet, SYLVIACARE se propose de mettre en \u0153uvre une solution de d\u00e9tection pr\u00e9coce constitu\u00e9e de :<\/p>\n<ul>\n<li>Quatre capteurs permettant de surveiller une zone de l\u2019ordre de 10ha maximum.<\/li>\n<li>Une plateforme de supervision permettant de communiquer avec les capteurs et recevoir les alarmes.<\/li>\n<\/ul>\n<p>SYLVIACARE r\u00e9pond totalement aux trois objectifs principaux :<\/p>\n<ul>\n<li>D\u00e9tecter les d\u00e9parts de feu le plus rapidement possible dans la zone \u00e0 prot\u00e9ger (moins de 10 minutes).<\/li>\n<li>G\u00e9olocaliser les incendies avec pr\u00e9cision.<\/li>\n<li>Transmettre les informations en temps r\u00e9el aux acteurs pr\u00e9alablement identifi\u00e9s : alarme sur plateforme, SMS, e-mails.<\/li>\n<\/ul>\n<p>Par rapport aux solutions existantes, la solution propos\u00e9e par SYLVIACARE a pour but de de r\u00e9duire de fa\u00e7on drastique la dur\u00e9e de ces diff\u00e9rentes \u00e9tapes qui pr\u00e9c\u00e9dent l\u2019arriv\u00e9e des secours.<\/p>\n<p><strong>ELICIR \u2013 la startup qui propose une innovation pour acc\u00e9l\u00e9rer et renforcer la croissance des jeunes arbres avec l\u2019utilisation de biostimulants\u00a0<\/strong>: ELICIR d\u00e9veloppe un extrait 100 % v\u00e9g\u00e9tal, issu d\u2019une plante alimentaire, s\u00e9lectionn\u00e9e pour sa composition. Le biostimulant qui en est tir\u00e9 offre une famille de mol\u00e9cules signal in\u00e9dite sur le march\u00e9. Cette technologie est prot\u00e9g\u00e9e par plusieurs brevets internationaux. \u00a0Les produits qui en sont issus offrent \u00e0 la plante une meilleure capacit\u00e9 \u00e0 prospecter son milieu et d\u2019optimiser son hormonologie tout au long de son cycle de croissance, nonobstant les stress environnementaux qu\u2019elle peut subir. En outre, elle permet \u00e9galement \u00e0 la plante le contr\u00f4le de sa d\u00e9fense contre les pathog\u00e8nes (champignons, virus, bact\u00e9ries). Ce sont des m\u00e9canismes naturels propres aux plantes trait\u00e9es qui sont (re)activ\u00e9s, d\u2019o\u00f9 l\u2019expression d\u2019une solution trouv\u00e9e dans la nature.<\/p>\n<p>&nbsp;<\/p>\n<p><strong>R\u00c9SULTATS OU APPLICATIONS ATTENDUS<\/strong><\/p>\n<p><strong>SYLVIACARE<\/strong><\/p>\n<ul>\n<li>R\u00e9duction significative du temps de r\u00e9action entre le d\u00e9part du feu et l\u2019intervention des secours.<\/li>\n<li>Am\u00e9lioration de la surveillance de zones foresti\u00e8res (jusqu\u2019\u00e0 10 ha par installation) gr\u00e2ce \u00e0 des capteurs pr\u00e9cis et une plateforme centralis\u00e9e.<\/li>\n<li>Validation op\u00e9rationnelle de la solution innovante par rapport aux dispositifs existants, avec des donn\u00e9es concr\u00e8tes sur sa rapidit\u00e9, sa fiabilit\u00e9 et sa capacit\u00e9 de communication en temps r\u00e9el.<\/li>\n<li>Potentiel de pr\u00e9vention renforc\u00e9e et de limitation des dommages forestiers gr\u00e2ce \u00e0 la d\u00e9tection ultra-pr\u00e9cise et rapide.<\/li>\n<\/ul>\n<p><strong>ELICIR<\/strong><\/p>\n<ul>\n<li>Am\u00e9lioration de la vigueur et de la croissance des arbres trait\u00e9s gr\u00e2ce aux mol\u00e9cules signal uniques du biostimulant.<\/li>\n<li>Renforcement de la r\u00e9silience des jeunes plants face aux stress abiotiques (s\u00e9cheresse, temp\u00e9rature, etc.).<\/li>\n<li>Activation naturelle des m\u00e9canismes de d\u00e9fense contre les champignons, virus et bact\u00e9ries, sans recours \u00e0 des produits chimiques externes.<\/li>\n<li>G\u00e9n\u00e9ration de donn\u00e9es exp\u00e9rimentales pour d\u00e9montrer l\u2019efficacit\u00e9 du produit et appuyer le d\u00e9veloppement commercial et la protection par brevet.<\/li>\n<\/ul>\n","protected":false},"excerpt":{"rendered":"<p>Dans le cadre de ce projet, Xylofutur doit mettre en place une zone pilote en Nouvelle-Aquitaine avec deux entit\u00e9s innovantes dans le secteur forestier fran\u00e7ais, notamment en mati\u00e8re de gestion des risques d\u2019incendie. D\u2019une part, pour la d\u00e9tection pr\u00e9coce des incendies et de l\u2019autre, dans la phase post-incendie, afin d\u2019acc\u00e9l\u00e9rer et de renforcer la croissance des jeunes plantes avec l\u2019utilisation de biofertilisants. L\u2019objectif \u00e9tant de favoriser les innovations port\u00e9es par des start-ups qui ont besoin de financement et de visibilit\u00e9 pour consolider leurs activit\u00e9s.<\/p>\n","protected":false},"author":6602,"featured_media":0,"template":"","meta":{"_acf_changed":false,"content-type":"","_monsterinsights_skip_tracking":false,"_monsterinsights_sitenote_active":false,"_monsterinsights_sitenote_note":"","_monsterinsights_sitenote_category":0},"convocatoria-proyecto-27":[],"estado-proyecto-27":[],"objetivo-especifico-proyecto-27":[],"pais-proyecto-27":[],"periodo":[],"prioridad-proyecto-27":[],"publico-objetivo":[],"region-proyecto-27":[],"tematica-proyecto-27":[],"class_list":["post-59856","piloto-proyecto-27","type-piloto-proyecto-27","status-publish","hentry"],"acf":[],"yoast_head":"<!-- This site is optimized with the Yoast SEO plugin v27.2 - https:\/\/yoast.com\/product\/yoast-seo-wordpress\/ -->\n<title>Quatre sites pour le d\u00e9veloppement du site pilote en Nouvelle-Aquitaine - Interreg Sudoe<\/title>\n<meta name=\"robots\" content=\"index, follow, max-snippet:-1, max-image-preview:large, max-video-preview:-1\" \/>\n<link rel=\"canonical\" href=\"https:\/\/interreg-sudoe.eu\/fr\/piloto-proyecto-27\/quatre-sites-pour-le-developpement-du-site-pilote-en-nouvelle-aquitaine\/\" \/>\n<meta property=\"og:locale\" content=\"fr_FR\" \/>\n<meta property=\"og:type\" content=\"article\" \/>\n<meta property=\"og:title\" content=\"Quatre sites pour le d\u00e9veloppement du site pilote en Nouvelle-Aquitaine - Interreg Sudoe\" \/>\n<meta property=\"og:description\" content=\"Dans le cadre de ce projet, Xylofutur doit mettre en place une zone pilote en Nouvelle-Aquitaine avec deux entit\u00e9s innovantes dans le secteur forestier fran\u00e7ais, notamment en mati\u00e8re de gestion des risques d\u2019incendie. D\u2019une part, pour la d\u00e9tection pr\u00e9coce des incendies et de l\u2019autre, dans la phase post-incendie, afin d\u2019acc\u00e9l\u00e9rer et de renforcer la croissance des jeunes plantes avec l\u2019utilisation de biofertilisants. L\u2019objectif \u00e9tant de favoriser les innovations port\u00e9es par des start-ups qui ont besoin de financement et de visibilit\u00e9 pour consolider leurs activit\u00e9s.\" \/>\n<meta property=\"og:url\" content=\"https:\/\/interreg-sudoe.eu\/fr\/piloto-proyecto-27\/quatre-sites-pour-le-developpement-du-site-pilote-en-nouvelle-aquitaine\/\" \/>\n<meta property=\"og:site_name\" content=\"Interreg Sudoe\" \/>\n<meta property=\"article:publisher\" content=\"https:\/\/www.facebook.com\/interregsudoe\" \/>\n<meta property=\"article:modified_time\" content=\"2026-02-03T07:55:42+00:00\" \/>\n<meta property=\"og:image\" content=\"https:\/\/interreg-sudoe.eu\/wp-content\/uploads\/2024\/03\/download.png\" \/>\n\t<meta property=\"og:image:width\" content=\"344\" \/>\n\t<meta property=\"og:image:height\" content=\"147\" \/>\n\t<meta property=\"og:image:type\" content=\"image\/png\" \/>\n<meta name=\"twitter:card\" content=\"summary_large_image\" \/>\n<meta name=\"twitter:site\" content=\"@Sudoe5\" \/>\n<meta name=\"twitter:label1\" content=\"Dur\u00e9e de lecture estim\u00e9e\" \/>\n\t<meta name=\"twitter:data1\" content=\"3 minutes\" \/>\n<script type=\"application\/ld+json\" class=\"yoast-schema-graph\">{\"@context\":\"https:\/\/schema.org\",\"@graph\":[{\"@type\":\"WebPage\",\"@id\":\"https:\/\/interreg-sudoe.eu\/fr\/piloto-proyecto-27\/quatre-sites-pour-le-developpement-du-site-pilote-en-nouvelle-aquitaine\/\",\"url\":\"https:\/\/interreg-sudoe.eu\/fr\/piloto-proyecto-27\/quatre-sites-pour-le-developpement-du-site-pilote-en-nouvelle-aquitaine\/\",\"name\":\"Quatre sites pour le d\u00e9veloppement du site pilote en Nouvelle-Aquitaine - Interreg Sudoe\",\"isPartOf\":{\"@id\":\"https:\/\/interreg-sudoe.eu\/fr\/#website\"},\"datePublished\":\"2025-06-06T06:54:25+00:00\",\"dateModified\":\"2026-02-03T07:55:42+00:00\",\"breadcrumb\":{\"@id\":\"https:\/\/interreg-sudoe.eu\/fr\/piloto-proyecto-27\/quatre-sites-pour-le-developpement-du-site-pilote-en-nouvelle-aquitaine\/#breadcrumb\"},\"inLanguage\":\"fr-FR\",\"potentialAction\":[{\"@type\":\"ReadAction\",\"target\":[\"https:\/\/interreg-sudoe.eu\/fr\/piloto-proyecto-27\/quatre-sites-pour-le-developpement-du-site-pilote-en-nouvelle-aquitaine\/\"]}]},{\"@type\":\"BreadcrumbList\",\"@id\":\"https:\/\/interreg-sudoe.eu\/fr\/piloto-proyecto-27\/quatre-sites-pour-le-developpement-du-site-pilote-en-nouvelle-aquitaine\/#breadcrumb\",\"itemListElement\":[{\"@type\":\"ListItem\",\"position\":1,\"name\":\"Home\",\"item\":\"https:\/\/interreg-sudoe.eu\/fr\/\"},{\"@type\":\"ListItem\",\"position\":2,\"name\":\"Quatre sites pour le d\u00e9veloppement du site pilote en Nouvelle-Aquitaine\"}]},{\"@type\":\"WebSite\",\"@id\":\"https:\/\/interreg-sudoe.eu\/fr\/#website\",\"url\":\"https:\/\/interreg-sudoe.eu\/fr\/\",\"name\":\"Interreg Sudoe\",\"description\":\"Interreg Sudoe\",\"publisher\":{\"@id\":\"https:\/\/interreg-sudoe.eu\/fr\/#organization\"},\"alternateName\":\"Interreg Sudoe\",\"potentialAction\":[{\"@type\":\"SearchAction\",\"target\":{\"@type\":\"EntryPoint\",\"urlTemplate\":\"https:\/\/interreg-sudoe.eu\/fr\/?s={search_term_string}\"},\"query-input\":{\"@type\":\"PropertyValueSpecification\",\"valueRequired\":true,\"valueName\":\"search_term_string\"}}],\"inLanguage\":\"fr-FR\"},{\"@type\":\"Organization\",\"@id\":\"https:\/\/interreg-sudoe.eu\/fr\/#organization\",\"name\":\"Interreg Sudoe\",\"alternateName\":\"Interreg Sudoe\",\"url\":\"https:\/\/interreg-sudoe.eu\/fr\/\",\"logo\":{\"@type\":\"ImageObject\",\"inLanguage\":\"fr-FR\",\"@id\":\"https:\/\/interreg-sudoe.eu\/fr\/#\/schema\/logo\/image\/\",\"url\":\"https:\/\/interreg-sudoe.eu\/wp-content\/uploads\/2024\/03\/logo-interreg.png\",\"contentUrl\":\"https:\/\/interreg-sudoe.eu\/wp-content\/uploads\/2024\/03\/logo-interreg.png\",\"width\":1200,\"height\":675,\"caption\":\"Interreg Sudoe\"},\"image\":{\"@id\":\"https:\/\/interreg-sudoe.eu\/fr\/#\/schema\/logo\/image\/\"},\"sameAs\":[\"https:\/\/www.facebook.com\/interregsudoe\",\"https:\/\/x.com\/Sudoe5\",\"https:\/\/www.youtube.com\/channel\/UCeGx2edoB32beRc9dbKA2vw\",\"https:\/\/www.linkedin.com\/company\/interreg-sudoe-programme\/\",\"https:\/\/www.flickr.com\/photos\/148704685@N06\/\"]}]}<\/script>\n<!-- \/ Yoast SEO plugin. -->","yoast_head_json":{"title":"Quatre sites pour le d\u00e9veloppement du site pilote en Nouvelle-Aquitaine - Interreg Sudoe","robots":{"index":"index","follow":"follow","max-snippet":"max-snippet:-1","max-image-preview":"max-image-preview:large","max-video-preview":"max-video-preview:-1"},"canonical":"https:\/\/interreg-sudoe.eu\/fr\/piloto-proyecto-27\/quatre-sites-pour-le-developpement-du-site-pilote-en-nouvelle-aquitaine\/","og_locale":"fr_FR","og_type":"article","og_title":"Quatre sites pour le d\u00e9veloppement du site pilote en Nouvelle-Aquitaine - Interreg Sudoe","og_description":"Dans le cadre de ce projet, Xylofutur doit mettre en place une zone pilote en Nouvelle-Aquitaine avec deux entit\u00e9s innovantes dans le secteur forestier fran\u00e7ais, notamment en mati\u00e8re de gestion des risques d\u2019incendie. D\u2019une part, pour la d\u00e9tection pr\u00e9coce des incendies et de l\u2019autre, dans la phase post-incendie, afin d\u2019acc\u00e9l\u00e9rer et de renforcer la croissance des jeunes plantes avec l\u2019utilisation de biofertilisants. L\u2019objectif \u00e9tant de favoriser les innovations port\u00e9es par des start-ups qui ont besoin de financement et de visibilit\u00e9 pour consolider leurs activit\u00e9s.","og_url":"https:\/\/interreg-sudoe.eu\/fr\/piloto-proyecto-27\/quatre-sites-pour-le-developpement-du-site-pilote-en-nouvelle-aquitaine\/","og_site_name":"Interreg Sudoe","article_publisher":"https:\/\/www.facebook.com\/interregsudoe","article_modified_time":"2026-02-03T07:55:42+00:00","og_image":[{"width":344,"height":147,"url":"https:\/\/interreg-sudoe.eu\/wp-content\/uploads\/2024\/03\/download.png","type":"image\/png"}],"twitter_card":"summary_large_image","twitter_site":"@Sudoe5","twitter_misc":{"Dur\u00e9e de lecture estim\u00e9e":"3 minutes"},"schema":{"@context":"https:\/\/schema.org","@graph":[{"@type":"WebPage","@id":"https:\/\/interreg-sudoe.eu\/fr\/piloto-proyecto-27\/quatre-sites-pour-le-developpement-du-site-pilote-en-nouvelle-aquitaine\/","url":"https:\/\/interreg-sudoe.eu\/fr\/piloto-proyecto-27\/quatre-sites-pour-le-developpement-du-site-pilote-en-nouvelle-aquitaine\/","name":"Quatre sites pour le d\u00e9veloppement du site pilote en Nouvelle-Aquitaine - Interreg Sudoe","isPartOf":{"@id":"https:\/\/interreg-sudoe.eu\/fr\/#website"},"datePublished":"2025-06-06T06:54:25+00:00","dateModified":"2026-02-03T07:55:42+00:00","breadcrumb":{"@id":"https:\/\/interreg-sudoe.eu\/fr\/piloto-proyecto-27\/quatre-sites-pour-le-developpement-du-site-pilote-en-nouvelle-aquitaine\/#breadcrumb"},"inLanguage":"fr-FR","potentialAction":[{"@type":"ReadAction","target":["https:\/\/interreg-sudoe.eu\/fr\/piloto-proyecto-27\/quatre-sites-pour-le-developpement-du-site-pilote-en-nouvelle-aquitaine\/"]}]},{"@type":"BreadcrumbList","@id":"https:\/\/interreg-sudoe.eu\/fr\/piloto-proyecto-27\/quatre-sites-pour-le-developpement-du-site-pilote-en-nouvelle-aquitaine\/#breadcrumb","itemListElement":[{"@type":"ListItem","position":1,"name":"Home","item":"https:\/\/interreg-sudoe.eu\/fr\/"},{"@type":"ListItem","position":2,"name":"Quatre sites pour le d\u00e9veloppement du site pilote en Nouvelle-Aquitaine"}]},{"@type":"WebSite","@id":"https:\/\/interreg-sudoe.eu\/fr\/#website","url":"https:\/\/interreg-sudoe.eu\/fr\/","name":"Interreg Sudoe","description":"Interreg Sudoe","publisher":{"@id":"https:\/\/interreg-sudoe.eu\/fr\/#organization"},"alternateName":"Interreg Sudoe","potentialAction":[{"@type":"SearchAction","target":{"@type":"EntryPoint","urlTemplate":"https:\/\/interreg-sudoe.eu\/fr\/?s={search_term_string}"},"query-input":{"@type":"PropertyValueSpecification","valueRequired":true,"valueName":"search_term_string"}}],"inLanguage":"fr-FR"},{"@type":"Organization","@id":"https:\/\/interreg-sudoe.eu\/fr\/#organization","name":"Interreg Sudoe","alternateName":"Interreg Sudoe","url":"https:\/\/interreg-sudoe.eu\/fr\/","logo":{"@type":"ImageObject","inLanguage":"fr-FR","@id":"https:\/\/interreg-sudoe.eu\/fr\/#\/schema\/logo\/image\/","url":"https:\/\/interreg-sudoe.eu\/wp-content\/uploads\/2024\/03\/logo-interreg.png","contentUrl":"https:\/\/interreg-sudoe.eu\/wp-content\/uploads\/2024\/03\/logo-interreg.png","width":1200,"height":675,"caption":"Interreg Sudoe"},"image":{"@id":"https:\/\/interreg-sudoe.eu\/fr\/#\/schema\/logo\/image\/"},"sameAs":["https:\/\/www.facebook.com\/interregsudoe","https:\/\/x.com\/Sudoe5","https:\/\/www.youtube.com\/channel\/UCeGx2edoB32beRc9dbKA2vw","https:\/\/www.linkedin.com\/company\/interreg-sudoe-programme\/","https:\/\/www.flickr.com\/photos\/148704685@N06\/"]}]}},"_links":{"self":[{"href":"https:\/\/interreg-sudoe.eu\/fr\/wp-json\/wp\/v2\/piloto-proyecto-27\/59856","targetHints":{"allow":["GET"]}}],"collection":[{"href":"https:\/\/interreg-sudoe.eu\/fr\/wp-json\/wp\/v2\/piloto-proyecto-27"}],"about":[{"href":"https:\/\/interreg-sudoe.eu\/fr\/wp-json\/wp\/v2\/types\/piloto-proyecto-27"}],"author":[{"embeddable":true,"href":"https:\/\/interreg-sudoe.eu\/fr\/wp-json\/wp\/v2\/users\/6602"}],"wp:attachment":[{"href":"https:\/\/interreg-sudoe.eu\/fr\/wp-json\/wp\/v2\/media?parent=59856"}],"wp:term":[{"taxonomy":"convocatoria-proyecto-27","embeddable":true,"href":"https:\/\/interreg-sudoe.eu\/fr\/wp-json\/wp\/v2\/convocatoria-proyecto-27?post=59856"},{"taxonomy":"estado-proyecto-27","embeddable":true,"href":"https:\/\/interreg-sudoe.eu\/fr\/wp-json\/wp\/v2\/estado-proyecto-27?post=59856"},{"taxonomy":"objetivo-especifico-proyecto-27","embeddable":true,"href":"https:\/\/interreg-sudoe.eu\/fr\/wp-json\/wp\/v2\/objetivo-especifico-proyecto-27?post=59856"},{"taxonomy":"pais-proyecto-27","embeddable":true,"href":"https:\/\/interreg-sudoe.eu\/fr\/wp-json\/wp\/v2\/pais-proyecto-27?post=59856"},{"taxonomy":"periodo","embeddable":true,"href":"https:\/\/interreg-sudoe.eu\/fr\/wp-json\/wp\/v2\/periodo?post=59856"},{"taxonomy":"prioridad-proyecto-27","embeddable":true,"href":"https:\/\/interreg-sudoe.eu\/fr\/wp-json\/wp\/v2\/prioridad-proyecto-27?post=59856"},{"taxonomy":"publico-objetivo","embeddable":true,"href":"https:\/\/interreg-sudoe.eu\/fr\/wp-json\/wp\/v2\/publico-objetivo?post=59856"},{"taxonomy":"region-proyecto-27","embeddable":true,"href":"https:\/\/interreg-sudoe.eu\/fr\/wp-json\/wp\/v2\/region-proyecto-27?post=59856"},{"taxonomy":"tematica-proyecto-27","embeddable":true,"href":"https:\/\/interreg-sudoe.eu\/fr\/wp-json\/wp\/v2\/tematica-proyecto-27?post=59856"}],"curies":[{"name":"wp","href":"https:\/\/api.w.org\/{rel}","templated":true}]}}