{"id":72015,"date":"2026-09-04T11:31:22","date_gmt":"2026-09-04T09:31:22","guid":{"rendered":"https:\/\/interreg-sudoe.eu\/piloto-proyecto-27\/fashion-forward-calculo-de-la-huella-de-carbono-e-hidrica-de-productos-textiles\/"},"modified":"2026-09-04T11:51:20","modified_gmt":"2026-09-04T09:51:20","slug":"fashion-forward-calculo-de-la-huella-de-carbono-e-hidrica-de-productos-textiles","status":"publish","type":"piloto-proyecto-27","link":"https:\/\/interreg-sudoe.eu\/fr\/piloto-proyecto-27\/fashion-forward-calculo-de-la-huella-de-carbono-e-hidrica-de-productos-textiles\/","title":{"rendered":"Fashion Forward | Calcul des empreintes carbone et eau des produits textiles"},"content":{"rendered":"<p style=\"text-align: justify;\"><strong>INFORMATIONS G\u00c9N\u00c9RALES SUR LE PROJET PILOTE<\/strong><\/p>\n<ul style=\"text-align: justify;\">\n<li>Nom du projet pilote : Calcul des empreintes carbone et eau des produits textiles<\/li>\n<li>Partenaire(s) responsable(s) : MODACC<\/li>\n<li>Lieu :\n<ul>\n<li>Collecte des donn\u00e9es\u00a0:dans les trois pays<\/li>\n<li>Traitement et analyse des donn\u00e9es : Barcelone<\/li>\n<\/ul>\n<\/li>\n<li>Dur\u00e9e : D&rsquo;octobre 2025 \u00e0 mai\/juin 2026<\/li>\n<\/ul>\n<p style=\"text-align: justify;\">\n<p style=\"text-align: justify;\"><strong>CONTEXTE ET PROBL\u00c9MATIQUE<\/strong><\/p>\n<p style=\"text-align: justify;\">Ce projet pilote accompagne les entreprises souhaitant mettre en \u0153uvre un plan de durabilit\u00e9 ou entamer la transformation de leur processus de conception pour se conformer \u00e0 la nouvelle directive sur l&rsquo;\u00e9coconception. Pour r\u00e9duire l&rsquo;impact environnemental des produits et proposer des changements, il est n\u00e9cessaire d&rsquo;analyser la situation actuelle et d&rsquo;\u00e9tablir une r\u00e9f\u00e9rence (\u00e9tat des lieux). L&rsquo;une des m\u00e9thodes pour y parvenir consiste \u00e0 d\u00e9terminer les empreintes carbone et eau des produits gr\u00e2ce \u00e0 une analyse du cycle de vie.<\/p>\n<p style=\"text-align: justify;\">\n<p style=\"text-align: justify;\"><strong>OBJECTIF DU PROJET PILOTE<\/strong><\/p>\n<p style=\"text-align: justify;\">L&rsquo;objectif principal est d&rsquo;\u00e9valuer l&rsquo;impact environnemental de trois produits pour chacune des quinze marques participantes. Cette \u00e9valuation consistera \u00e0 identifier les points critiques (\u00ab hotspots \u00bb) au sein de leurs cha\u00eenes de valeur et \u00e0 formuler des recommandations pour am\u00e9liorer la performance environnementale.<\/p>\n<p style=\"text-align: justify;\">\n<p style=\"text-align: justify;\"><strong>SOLUTION PROPOS\u00c9E \/ INNOVATION<\/strong><\/p>\n<p style=\"text-align: justify;\">Les entreprises apprennent \u00e0 utiliser des syst\u00e8mes d&rsquo;analyse du cycle de vie. Ces outils les aident \u00e0 comprendre leur impact et \u00e0 syst\u00e9matiser la gestion de la cha\u00eene de valeur, garantissant ainsi l&rsquo;acc\u00e8s \u00e0 des donn\u00e9es organis\u00e9es et compl\u00e8tes tout au long du processus de production.<\/p>\n<p style=\"text-align: justify;\">Les r\u00e9sultats serviront de base pour d\u00e9finir les meilleures pratiques du secteur et des strat\u00e9gies d&rsquo;\u00e9coconception applicables \u00e0 l&rsquo;ensemble de l&rsquo;industrie.<\/p>\n<p style=\"text-align: justify;\">\n<p style=\"text-align: justify;\"><strong>ACTIONS PRINCIPALES<\/strong><\/p>\n<ul style=\"text-align: justify;\">\n<li>Collecte de donn\u00e9es (composition et poids des mati\u00e8res premi\u00e8res, processus de fabrication, traitements, origine des mat\u00e9riaux et des fournisseurs, logistique, emballage, utilisation et fin de vie)<\/li>\n<li>Saisie des donn\u00e9es<\/li>\n<li>Interpr\u00e9tation des donn\u00e9es et analyse des r\u00e9sultats<\/li>\n<li>Rapport de r\u00e9sultats individuel pour chaque entreprise<\/li>\n<li>Rapport sur les meilleures pratiques<\/li>\n<\/ul>\n<p style=\"text-align: justify;\">\n<p style=\"text-align: justify;\"><strong>INDICATEURS CL\u00c9S<\/strong><\/p>\n<ul>\n<li style=\"text-align: justify;\">Nombre de produits analys\u00e9s : 45<\/li>\n<li style=\"text-align: justify;\">Nombre d&rsquo;entreprises impliqu\u00e9es : 15<\/li>\n<\/ul>\n","protected":false},"excerpt":{"rendered":"<p>\u00ab\u00a0La port\u00e9e des v\u00eatements d\u00e9passe le cadre du magasin ou de la garde-robe ; ils ont un impact direct et quantifiable sur l&rsquo;environnement. Gr\u00e2ce \u00e0 l&rsquo;analyse du cycle de vie (ACV), nous pouvons d\u00e9terminer les ressources consomm\u00e9es par un v\u00eatement ou les \u00e9missions qu&rsquo;il g\u00e9n\u00e8re.\u00a0\u00bb<\/p>\n","protected":false},"author":6620,"featured_media":0,"template":"","meta":{"_acf_changed":false,"content-type":"","_monsterinsights_skip_tracking":false,"_members_access_role":[],"_members_access_error":""},"convocatoria-proyecto-27":[],"estado-proyecto-27":[3363],"objetivo-especifico-proyecto-27":[4091],"pais-proyecto-27":[],"periodo":[3556],"prioridad-proyecto-27":[3271],"publico-objetivo":[],"region-proyecto-27":[],"tematica-proyecto-27":[],"class_list":["post-72015","piloto-proyecto-27","type-piloto-proyecto-27","status-publish","hentry","estado-proyecto-27-en-cours","objetivo-especifico-proyecto-27-1-4-desarrollar-capacidades-para-la-especializacion-inteligente-la-transicion-industrial-y-el-emprendimiento","periodo-2021-2027-fr","prioridad-proyecto-27-2-promouvoir-la-cohesion-sociale-et-lequilibre-territorial-et-demographique-du-sudoe-a-travers-linnovation-et-la-transformation-des-secteurs-productifs"],"acf":[],"yoast_head":"<!-- This site is optimized with the Yoast SEO plugin v28.3 - https:\/\/yoast.com\/product\/yoast-seo-wordpress\/ -->\n<title>Fashion Forward | Calcul des empreintes carbone et eau des produits textiles - Interreg Sudoe<\/title>\n<meta name=\"robots\" content=\"index, follow, max-snippet:-1, max-image-preview:large, max-video-preview:-1\" \/>\n<link rel=\"canonical\" href=\"https:\/\/interreg-sudoe.eu\/fr\/piloto-proyecto-27\/fashion-forward-calculo-de-la-huella-de-carbono-e-hidrica-de-productos-textiles\/\" \/>\n<meta property=\"og:locale\" content=\"fr_FR\" \/>\n<meta property=\"og:type\" content=\"article\" \/>\n<meta property=\"og:title\" content=\"Fashion Forward | Calcul des empreintes carbone et eau des produits textiles - Interreg Sudoe\" \/>\n<meta property=\"og:description\" content=\"&quot;La port\u00e9e des v\u00eatements d\u00e9passe le cadre du magasin ou de la garde-robe ; ils ont un impact direct et quantifiable sur l&#039;environnement. Gr\u00e2ce \u00e0 l&#039;analyse du cycle de vie (ACV), nous pouvons d\u00e9terminer les ressources consomm\u00e9es par un v\u00eatement ou les \u00e9missions qu&#039;il g\u00e9n\u00e8re.&quot;\" \/>\n<meta property=\"og:url\" content=\"https:\/\/interreg-sudoe.eu\/fr\/piloto-proyecto-27\/fashion-forward-calculo-de-la-huella-de-carbono-e-hidrica-de-productos-textiles\/\" \/>\n<meta property=\"og:site_name\" content=\"Interreg Sudoe\" \/>\n<meta property=\"article:publisher\" content=\"https:\/\/www.facebook.com\/interregsudoe\" \/>\n<meta property=\"article:modified_time\" content=\"2026-09-04T09:51:20+00:00\" \/>\n<meta property=\"og:image\" content=\"https:\/\/interreg-sudoe.eu\/wp-content\/uploads\/2024\/03\/download.png\" \/>\n\t<meta property=\"og:image:width\" content=\"344\" \/>\n\t<meta property=\"og:image:height\" content=\"147\" \/>\n\t<meta property=\"og:image:type\" content=\"image\/png\" \/>\n<meta name=\"twitter:card\" content=\"summary_large_image\" \/>\n<meta name=\"twitter:site\" content=\"@Sudoe5\" \/>\n<meta name=\"twitter:label1\" content=\"Dur\u00e9e de lecture estim\u00e9e\" \/>\n\t<meta name=\"twitter:data1\" content=\"2 minutes\" \/>\n<script type=\"application\/ld+json\" class=\"yoast-schema-graph\">{\"@context\":\"https:\\\/\\\/schema.org\",\"@graph\":[{\"@type\":\"WebPage\",\"@id\":\"https:\\\/\\\/interreg-sudoe.eu\\\/fr\\\/piloto-proyecto-27\\\/fashion-forward-calculo-de-la-huella-de-carbono-e-hidrica-de-productos-textiles\\\/\",\"url\":\"https:\\\/\\\/interreg-sudoe.eu\\\/fr\\\/piloto-proyecto-27\\\/fashion-forward-calculo-de-la-huella-de-carbono-e-hidrica-de-productos-textiles\\\/\",\"name\":\"Fashion Forward | Calcul des empreintes carbone et eau des produits textiles - Interreg Sudoe\",\"isPartOf\":{\"@id\":\"https:\\\/\\\/interreg-sudoe.eu\\\/fr\\\/#website\"},\"datePublished\":\"2026-09-04T09:31:22+00:00\",\"dateModified\":\"2026-09-04T09:51:20+00:00\",\"breadcrumb\":{\"@id\":\"https:\\\/\\\/interreg-sudoe.eu\\\/fr\\\/piloto-proyecto-27\\\/fashion-forward-calculo-de-la-huella-de-carbono-e-hidrica-de-productos-textiles\\\/#breadcrumb\"},\"inLanguage\":\"fr-FR\",\"potentialAction\":[{\"@type\":\"ReadAction\",\"target\":[\"https:\\\/\\\/interreg-sudoe.eu\\\/fr\\\/piloto-proyecto-27\\\/fashion-forward-calculo-de-la-huella-de-carbono-e-hidrica-de-productos-textiles\\\/\"]}]},{\"@type\":\"BreadcrumbList\",\"@id\":\"https:\\\/\\\/interreg-sudoe.eu\\\/fr\\\/piloto-proyecto-27\\\/fashion-forward-calculo-de-la-huella-de-carbono-e-hidrica-de-productos-textiles\\\/#breadcrumb\",\"itemListElement\":[{\"@type\":\"ListItem\",\"position\":1,\"name\":\"Home\",\"item\":\"https:\\\/\\\/interreg-sudoe.eu\\\/fr\\\/\"},{\"@type\":\"ListItem\",\"position\":2,\"name\":\"Fashion Forward | Calcul des empreintes carbone et eau des produits textiles\"}]},{\"@type\":\"WebSite\",\"@id\":\"https:\\\/\\\/interreg-sudoe.eu\\\/fr\\\/#website\",\"url\":\"https:\\\/\\\/interreg-sudoe.eu\\\/fr\\\/\",\"name\":\"Interreg Sudoe\",\"description\":\"Interreg Sudoe\",\"publisher\":{\"@id\":\"https:\\\/\\\/interreg-sudoe.eu\\\/fr\\\/#organization\"},\"alternateName\":\"Interreg Sudoe\",\"potentialAction\":[{\"@type\":\"SearchAction\",\"target\":{\"@type\":\"EntryPoint\",\"urlTemplate\":\"https:\\\/\\\/interreg-sudoe.eu\\\/fr\\\/?s={search_term_string}\"},\"query-input\":{\"@type\":\"PropertyValueSpecification\",\"valueRequired\":true,\"valueName\":\"search_term_string\"}}],\"inLanguage\":\"fr-FR\"},{\"@type\":\"Organization\",\"@id\":\"https:\\\/\\\/interreg-sudoe.eu\\\/fr\\\/#organization\",\"name\":\"Interreg Sudoe\",\"alternateName\":\"Interreg Sudoe\",\"url\":\"https:\\\/\\\/interreg-sudoe.eu\\\/fr\\\/\",\"logo\":{\"@type\":\"ImageObject\",\"inLanguage\":\"fr-FR\",\"@id\":\"https:\\\/\\\/interreg-sudoe.eu\\\/fr\\\/#\\\/schema\\\/logo\\\/image\\\/\",\"url\":\"https:\\\/\\\/interreg-sudoe.eu\\\/wp-content\\\/uploads\\\/2024\\\/03\\\/logo-interreg.png\",\"contentUrl\":\"https:\\\/\\\/interreg-sudoe.eu\\\/wp-content\\\/uploads\\\/2024\\\/03\\\/logo-interreg.png\",\"width\":1200,\"height\":675,\"caption\":\"Interreg Sudoe\"},\"image\":{\"@id\":\"https:\\\/\\\/interreg-sudoe.eu\\\/fr\\\/#\\\/schema\\\/logo\\\/image\\\/\"},\"sameAs\":[\"https:\\\/\\\/www.facebook.com\\\/interregsudoe\",\"https:\\\/\\\/x.com\\\/Sudoe5\",\"https:\\\/\\\/www.youtube.com\\\/channel\\\/UCeGx2edoB32beRc9dbKA2vw\",\"https:\\\/\\\/www.linkedin.com\\\/company\\\/interreg-sudoe-programme\\\/\",\"https:\\\/\\\/www.flickr.com\\\/photos\\\/148704685@N06\\\/\"]}]}<\/script>\n<!-- \/ Yoast SEO plugin. -->","yoast_head_json":{"title":"Fashion Forward | Calcul des empreintes carbone et eau des produits textiles - Interreg Sudoe","robots":{"index":"index","follow":"follow","max-snippet":"max-snippet:-1","max-image-preview":"max-image-preview:large","max-video-preview":"max-video-preview:-1"},"canonical":"https:\/\/interreg-sudoe.eu\/fr\/piloto-proyecto-27\/fashion-forward-calculo-de-la-huella-de-carbono-e-hidrica-de-productos-textiles\/","og_locale":"fr_FR","og_type":"article","og_title":"Fashion Forward | Calcul des empreintes carbone et eau des produits textiles - Interreg Sudoe","og_description":"\"La port\u00e9e des v\u00eatements d\u00e9passe le cadre du magasin ou de la garde-robe ; ils ont un impact direct et quantifiable sur l'environnement. Gr\u00e2ce \u00e0 l'analyse du cycle de vie (ACV), nous pouvons d\u00e9terminer les ressources consomm\u00e9es par un v\u00eatement ou les \u00e9missions qu'il g\u00e9n\u00e8re.\"","og_url":"https:\/\/interreg-sudoe.eu\/fr\/piloto-proyecto-27\/fashion-forward-calculo-de-la-huella-de-carbono-e-hidrica-de-productos-textiles\/","og_site_name":"Interreg Sudoe","article_publisher":"https:\/\/www.facebook.com\/interregsudoe","article_modified_time":"2026-09-04T09:51:20+00:00","og_image":[{"width":344,"height":147,"url":"https:\/\/interreg-sudoe.eu\/wp-content\/uploads\/2024\/03\/download.png","type":"image\/png"}],"twitter_card":"summary_large_image","twitter_site":"@Sudoe5","twitter_misc":{"Dur\u00e9e de lecture estim\u00e9e":"2 minutes"},"schema":{"@context":"https:\/\/schema.org","@graph":[{"@type":"WebPage","@id":"https:\/\/interreg-sudoe.eu\/fr\/piloto-proyecto-27\/fashion-forward-calculo-de-la-huella-de-carbono-e-hidrica-de-productos-textiles\/","url":"https:\/\/interreg-sudoe.eu\/fr\/piloto-proyecto-27\/fashion-forward-calculo-de-la-huella-de-carbono-e-hidrica-de-productos-textiles\/","name":"Fashion Forward | Calcul des empreintes carbone et eau des produits textiles - Interreg Sudoe","isPartOf":{"@id":"https:\/\/interreg-sudoe.eu\/fr\/#website"},"datePublished":"2026-09-04T09:31:22+00:00","dateModified":"2026-09-04T09:51:20+00:00","breadcrumb":{"@id":"https:\/\/interreg-sudoe.eu\/fr\/piloto-proyecto-27\/fashion-forward-calculo-de-la-huella-de-carbono-e-hidrica-de-productos-textiles\/#breadcrumb"},"inLanguage":"fr-FR","potentialAction":[{"@type":"ReadAction","target":["https:\/\/interreg-sudoe.eu\/fr\/piloto-proyecto-27\/fashion-forward-calculo-de-la-huella-de-carbono-e-hidrica-de-productos-textiles\/"]}]},{"@type":"BreadcrumbList","@id":"https:\/\/interreg-sudoe.eu\/fr\/piloto-proyecto-27\/fashion-forward-calculo-de-la-huella-de-carbono-e-hidrica-de-productos-textiles\/#breadcrumb","itemListElement":[{"@type":"ListItem","position":1,"name":"Home","item":"https:\/\/interreg-sudoe.eu\/fr\/"},{"@type":"ListItem","position":2,"name":"Fashion Forward | Calcul des empreintes carbone et eau des produits textiles"}]},{"@type":"WebSite","@id":"https:\/\/interreg-sudoe.eu\/fr\/#website","url":"https:\/\/interreg-sudoe.eu\/fr\/","name":"Interreg Sudoe","description":"Interreg Sudoe","publisher":{"@id":"https:\/\/interreg-sudoe.eu\/fr\/#organization"},"alternateName":"Interreg Sudoe","potentialAction":[{"@type":"SearchAction","target":{"@type":"EntryPoint","urlTemplate":"https:\/\/interreg-sudoe.eu\/fr\/?s={search_term_string}"},"query-input":{"@type":"PropertyValueSpecification","valueRequired":true,"valueName":"search_term_string"}}],"inLanguage":"fr-FR"},{"@type":"Organization","@id":"https:\/\/interreg-sudoe.eu\/fr\/#organization","name":"Interreg Sudoe","alternateName":"Interreg Sudoe","url":"https:\/\/interreg-sudoe.eu\/fr\/","logo":{"@type":"ImageObject","inLanguage":"fr-FR","@id":"https:\/\/interreg-sudoe.eu\/fr\/#\/schema\/logo\/image\/","url":"https:\/\/interreg-sudoe.eu\/wp-content\/uploads\/2024\/03\/logo-interreg.png","contentUrl":"https:\/\/interreg-sudoe.eu\/wp-content\/uploads\/2024\/03\/logo-interreg.png","width":1200,"height":675,"caption":"Interreg Sudoe"},"image":{"@id":"https:\/\/interreg-sudoe.eu\/fr\/#\/schema\/logo\/image\/"},"sameAs":["https:\/\/www.facebook.com\/interregsudoe","https:\/\/x.com\/Sudoe5","https:\/\/www.youtube.com\/channel\/UCeGx2edoB32beRc9dbKA2vw","https:\/\/www.linkedin.com\/company\/interreg-sudoe-programme\/","https:\/\/www.flickr.com\/photos\/148704685@N06\/"]}]}},"_links":{"self":[{"href":"https:\/\/interreg-sudoe.eu\/fr\/wp-json\/wp\/v2\/piloto-proyecto-27\/72015","targetHints":{"allow":["GET"]}}],"collection":[{"href":"https:\/\/interreg-sudoe.eu\/fr\/wp-json\/wp\/v2\/piloto-proyecto-27"}],"about":[{"href":"https:\/\/interreg-sudoe.eu\/fr\/wp-json\/wp\/v2\/types\/piloto-proyecto-27"}],"author":[{"embeddable":true,"href":"https:\/\/interreg-sudoe.eu\/fr\/wp-json\/wp\/v2\/users\/6620"}],"wp:attachment":[{"href":"https:\/\/interreg-sudoe.eu\/fr\/wp-json\/wp\/v2\/media?parent=72015"}],"wp:term":[{"taxonomy":"convocatoria-proyecto-27","embeddable":true,"href":"https:\/\/interreg-sudoe.eu\/fr\/wp-json\/wp\/v2\/convocatoria-proyecto-27?post=72015"},{"taxonomy":"estado-proyecto-27","embeddable":true,"href":"https:\/\/interreg-sudoe.eu\/fr\/wp-json\/wp\/v2\/estado-proyecto-27?post=72015"},{"taxonomy":"objetivo-especifico-proyecto-27","embeddable":true,"href":"https:\/\/interreg-sudoe.eu\/fr\/wp-json\/wp\/v2\/objetivo-especifico-proyecto-27?post=72015"},{"taxonomy":"pais-proyecto-27","embeddable":true,"href":"https:\/\/interreg-sudoe.eu\/fr\/wp-json\/wp\/v2\/pais-proyecto-27?post=72015"},{"taxonomy":"periodo","embeddable":true,"href":"https:\/\/interreg-sudoe.eu\/fr\/wp-json\/wp\/v2\/periodo?post=72015"},{"taxonomy":"prioridad-proyecto-27","embeddable":true,"href":"https:\/\/interreg-sudoe.eu\/fr\/wp-json\/wp\/v2\/prioridad-proyecto-27?post=72015"},{"taxonomy":"publico-objetivo","embeddable":true,"href":"https:\/\/interreg-sudoe.eu\/fr\/wp-json\/wp\/v2\/publico-objetivo?post=72015"},{"taxonomy":"region-proyecto-27","embeddable":true,"href":"https:\/\/interreg-sudoe.eu\/fr\/wp-json\/wp\/v2\/region-proyecto-27?post=72015"},{"taxonomy":"tematica-proyecto-27","embeddable":true,"href":"https:\/\/interreg-sudoe.eu\/fr\/wp-json\/wp\/v2\/tematica-proyecto-27?post=72015"}],"curies":[{"name":"wp","href":"https:\/\/api.w.org\/{rel}","templated":true}]}}