{"id":72034,"date":"2026-09-04T12:26:19","date_gmt":"2026-09-04T10:26:19","guid":{"rendered":"https:\/\/interreg-sudoe.eu\/piloto-proyecto-27\/una-unidad-industrial-local-para-transformar-residuos-textiles-en-nuevas-materias-primas\/"},"modified":"2026-09-04T12:46:47","modified_gmt":"2026-09-04T10:46:47","slug":"una-unidad-industrial-local-para-transformar-residuos-textiles-en-nuevas-materias-primas","status":"publish","type":"piloto-proyecto-27","link":"https:\/\/interreg-sudoe.eu\/fr\/piloto-proyecto-27\/una-unidad-industrial-local-para-transformar-residuos-textiles-en-nuevas-materias-primas\/","title":{"rendered":"Fashion Forward | Une unit\u00e9 industrielle territoriale pour transformer les d\u00e9chets textiles en nouvelles mati\u00e8res premi\u00e8res"},"content":{"rendered":"<p style=\"text-align: justify;\"><strong>INFORMATIONS G\u00c9N\u00c9RALES SUR LE PROJET PILOTE<\/strong><\/p>\n<ul style=\"text-align: justify;\">\n<li><strong>Nom du pilote : <\/strong>RECYCLocal Textiles \u2013 Une unit\u00e9 industrielle territoriale pour transformer les d\u00e9chets textiles en nouvelles mati\u00e8res premi\u00e8res<\/li>\n<li><strong>Partenaire(s) responsable(s) : <\/strong>RECYCL\u2019Occ Textile et RECYCLocal Textiles, en collaboration avec les huit associ\u00e9s fondateurs de la coop\u00e9rative : Buitex, Coleo, Europrotect, Les Filatures du Parc, Paul Boy\u00e9 Technologies, PETshka, Atelier REGAIN et RECYCL\u2019Occ Textile.<\/li>\n<li>Coleo assure la direction g\u00e9n\u00e9rale et op\u00e9rationnelle de RECYCLocal Textiles et RECYCL\u2019Occ Textile la pr\u00e9sidence de la coop\u00e9rative.<\/li>\n<li><strong>Lieu : <\/strong>Le Vernet, Occitanie, France.<\/li>\n<\/ul>\n<p style=\"text-align: justify;\"><strong>Dur\u00e9e :<\/strong><\/p>\n<ul style=\"text-align: justify;\">\n<li>Pr\u00e9paration : 2022\u20132023<\/li>\n<li>Mise en \u0153uvre : 2024 \u2013 1er semestre 2025<\/li>\n<li>Phase de test et d\u00e9marrage op\u00e9rationnel : 4e trimestre 2025<\/li>\n<li>Ajustements : 4e trimestre 2025 \u2013 1er trimestre 2026<\/li>\n<li>Analyse et mont\u00e9e en puissance : 2026.<\/li>\n<li>Les machines ont \u00e9t\u00e9 install\u00e9es en septembre 2025, les premiers tests ont d\u00e9but\u00e9 en novembre et la production en d\u00e9cembre 2025.<\/li>\n<\/ul>\n<p style=\"text-align: justify;\"><strong>\u00a0<\/strong><\/p>\n<p style=\"text-align: justify;\"><strong>CONTEXTE ET PROBL\u00c9MATIQUE<\/strong><\/p>\n<p style=\"text-align: justify;\">Le d\u00e9veloppement du recyclage textile n\u00e9cessite de disposer de capacit\u00e9s industrielles permettant de trier finement les textiles qui ne peuvent plus \u00eatre r\u00e9employ\u00e9s et de les orienter vers les fili\u00e8res de recyclage adapt\u00e9es.<\/p>\n<p style=\"text-align: justify;\">[ Rappel du contexte : En Occitanie, le PTCE RECYCL\u2019Occ Textile, cr\u00e9\u00e9 en 2021 et regroupant une cinquantaine d\u2019entreprises, a fait du recyclage des d\u00e9chets textiles l\u2019un de ses axes strat\u00e9giques. Plusieurs industriels et recycleurs du territoire se sont ainsi associ\u00e9s pour cr\u00e9er en 2024 la coop\u00e9rative RECYCLocal Textiles et d\u00e9velopper une unit\u00e9 industrielle r\u00e9gionale d\u00e9di\u00e9e \u00e0 la valorisation de ces mati\u00e8res. ]<\/p>\n<p style=\"text-align: justify;\">L\u2019enjeu est \u00e0 la fois environnemental et \u00e9conomique : \u00e9viter que des textiles sans d\u00e9bouch\u00e9 de r\u00e9emploi ne soient incin\u00e9r\u00e9s ou enfouis, tout en produisant localement des mati\u00e8res premi\u00e8res secondaires dont la composition, la provenance et la qualit\u00e9 sont ma\u00eetris\u00e9es pour alimenter de nouvelles fili\u00e8res de recyclage.<\/p>\n<p style=\"text-align: justify;\">\n<p style=\"text-align: justify;\"><strong>OBJECTIF DU PROJET PILOTE<\/strong><\/p>\n<p style=\"text-align: justify;\">Le pilote vise \u00e0 :<\/p>\n<ul style=\"text-align: justify;\">\n<li>d\u00e9velopper \u00e0 l\u2019\u00e9chelle industrielle une solution territoriale de tri et de valorisation des d\u00e9chets textiles<\/li>\n<li>transformer les textiles non r\u00e9employables en mati\u00e8res premi\u00e8res secondaires adapt\u00e9es aux besoins des recycleurs<\/li>\n<li>assurer la tra\u00e7abilit\u00e9 des flux et favoriser leur valorisation au sein de cha\u00eenes de valeur circulaires<\/li>\n<li>atteindre un taux de valorisation de <strong>70 % des textiles entrants<\/strong>.<\/li>\n<\/ul>\n<p style=\"text-align: justify;\">\u00c0 terme, le projet vise \u00e9galement \u00e0 augmenter progressivement les capacit\u00e9s de traitement de l\u2019unit\u00e9 afin de <strong>contribuer au d\u00e9veloppement d\u2019une v\u00e9ritable fili\u00e8re r\u00e9gionale de recyclage textile<\/strong>.<\/p>\n<p style=\"text-align: justify;\">\n<p style=\"text-align: justify;\"><strong>SOLUTION PROPOS\u00c9E \/ INNOVATION\u00a0<\/strong><\/p>\n<p style=\"text-align: justify;\">RECYCLocal Textiles met en \u0153uvre une unit\u00e9 industrielle \u00e9quip\u00e9e de <strong>deux lignes de tri automatis\u00e9es<\/strong> permettant de classer les textiles selon des cat\u00e9gories d\u00e9finies en fonction des besoins des recycleurs. Les flux trait\u00e9s peuvent provenir de textiles post-consommation, de v\u00eatements professionnels, de textiles techniques ou encore de chutes de production. \u00c0 leur arriv\u00e9e, les mati\u00e8res sont pes\u00e9es afin d\u2019assurer leur tra\u00e7abilit\u00e9. Lorsque cela est n\u00e9cessaire, un pr\u00e9-tri manuel permet de retirer les textiles r\u00e9employables ainsi que les \u00e9l\u00e9ments manifestement non valorisables.<\/p>\n<p style=\"text-align: justify;\">Les textiles sont ensuite introduits sur les lignes de tri. Les diff\u00e9rentes cat\u00e9gories sont programm\u00e9es pour correspondre aux cahiers des charges des recycleurs auxquels les mati\u00e8res seront destin\u00e9es. Certaines fractions font ensuite l\u2019objet d\u2019une pr\u00e9paration compl\u00e9mentaire, notamment par <strong>d\u00e9lissage<\/strong>, afin d&rsquo;enlever les \u00e9l\u00e9ments durs susceptibles de perturber le recyclage.<\/p>\n<p style=\"text-align: justify;\">L\u2019innovation ne r\u00e9side donc pas uniquement dans une technologie de tri : elle repose sur la mise en place d\u2019une <strong>cha\u00eene de valeur industrielle territoriale<\/strong>, allant de l\u2019identification et du tri des d\u00e9chets jusqu\u2019\u00e0 la production et \u00e0 la commercialisation de mati\u00e8res premi\u00e8res secondaires adapt\u00e9es aux besoins de recycleurs identifi\u00e9s.<\/p>\n<p style=\"text-align: justify;\">\n<p style=\"text-align: justify;\"><strong>ACTIONS PRINCIPALES<\/strong><\/p>\n<ul style=\"text-align: justify;\">\n<li>Mise aux normes et adaptation du b\u00e2timent industriel.<\/li>\n<li>Installation et mise en service de deux lignes de tri automatis\u00e9es.<\/li>\n<li>Mise en place d\u2019un syst\u00e8me de tra\u00e7abilit\u00e9 et de reporting des flux.<\/li>\n<li>R\u00e9ception, pes\u00e9e et caract\u00e9risation des diff\u00e9rents flux textiles.<\/li>\n<li>Pr\u00e9-tri manuel lorsque n\u00e9cessaire.<\/li>\n<li>Tri automatis\u00e9 selon les cat\u00e9gories et cahiers des charges des recycleurs.<\/li>\n<li>Pr\u00e9paration des mati\u00e8res pour leur recyclage, notamment par d\u00e9lissage.<\/li>\n<li>D\u00e9veloppement de d\u00e9bouch\u00e9s pour les mati\u00e8res premi\u00e8res secondaires produites.<\/li>\n<li>Recrutement et formation progressive d\u2019op\u00e9rateurs de tri locaux.<\/li>\n<li>Suivi des performances de l\u2019unit\u00e9 : tonnages re\u00e7us, tri\u00e9s et surtri\u00e9s, mati\u00e8res vendues, effectifs et indicateurs \u00e9conomiques.<\/li>\n<\/ul>\n<p style=\"text-align: justify;\">\n<p style=\"text-align: justify;\"><strong>R\u00c9SULTATS ATTENDUS \/ IMPACT<\/strong><\/p>\n<ul style=\"text-align: justify;\">\n<li><strong>Environnemental\u00a0: <\/strong>Le pilote permet de d\u00e9tourner de l\u2019incin\u00e9ration ou de l\u2019enfouissement des textiles pour lesquels aucune solution de r\u00e9emploi n\u2019est disponible et de les r\u00e9orienter vers des solutions de valorisation mati\u00e8re. L\u2019objectif est de valoriser <strong>70 % des volumes entrants<\/strong>. Les 30 % restants correspondent actuellement \u00e0 des textiles dits \u00ab orphelins \u00bb, pour lesquels aucune solution de recyclage n\u2019est encore disponible.<\/li>\n<li><strong>\u00c9conomique\u00a0:<\/strong> RECYCLocal contribue \u00e0 structurer une cha\u00eene de valeur r\u00e9gionale du recyclage textile et \u00e0 s\u00e9curiser l\u2019acc\u00e8s des industriels \u00e0 des mati\u00e8res premi\u00e8res secondaires dont la provenance, la composition et la qualit\u00e9 sont connues. Le mod\u00e8le repose notamment sur la vente de ces mati\u00e8res, la prestation de services aupr\u00e8s des producteurs de d\u00e9chets textiles professionnels et les soutiens de la fili\u00e8re REP.<\/li>\n<li><strong>Social\u00a0:<\/strong> Le projet pr\u00e9voit l\u2019int\u00e9gration et la formation de <strong>10 op\u00e9rateurs de tri recrut\u00e9s localement la premi\u00e8re ann\u00e9e<\/strong>, avec un objectif de croissance progressive des effectifs. Le rapport souligne \u00e9galement un nombre important de candidatures locales et une bonne int\u00e9gration du personnel recrut\u00e9.<\/li>\n<li><strong>Territorial\u00a0:<\/strong> Le projet rassemble dans une m\u00eame coop\u00e9rative des acteurs repr\u00e9sentant diff\u00e9rentes \u00e9tapes de la cha\u00eene de valeur textile et organise concr\u00e8tement les liens entre d\u00e9tenteurs de mati\u00e8res, op\u00e9rateurs de tri, recycleurs et industriels utilisateurs des mati\u00e8res recycl\u00e9es.<\/li>\n<\/ul>\n<p style=\"text-align: justify;\">\n<p style=\"text-align: justify;\"><strong>INDICATEURS CL\u00c9S\u00a0<\/strong><\/p>\n<p style=\"text-align: justify;\"><strong>R\u00e9sultats \/ indicateurs 2026 :<\/strong><\/p>\n<ul style=\"text-align: justify;\">\n<li>1 000 tonnes de textiles trait\u00e9es en 2026 ;<\/li>\n<li>70 % de taux de valorisation ma\u00eetris\u00e9 ;<\/li>\n<li>2 lignes de tri automatis\u00e9es install\u00e9es ;<\/li>\n<li>8 associ\u00e9s fondateurs repr\u00e9sentant diff\u00e9rentes \u00e9tapes de la cha\u00eene de valeur textile ;<\/li>\n<li>2,2 M\u20ac d&rsquo;investissements industriels ;<\/li>\n<li>objectif d\u2019int\u00e9gration et de formation de 10 op\u00e9rateurs de tri en premi\u00e8re ann\u00e9e.<\/li>\n<\/ul>\n<p style=\"text-align: justify;\">Le rapport indique qu\u2019un objectif initial de 1 500 tonnes avait \u00e9t\u00e9 envisag\u00e9 pour 2026, contre 1 000 tonnes effectivement trait\u00e9es, en raison notamment des difficult\u00e9s rencontr\u00e9es par la fili\u00e8re textile et d\u2019une mont\u00e9e en puissance plus progressive de la production.<\/p>\n<p style=\"text-align: justify;\">\n","protected":false},"excerpt":{"rendered":"<p>\u00ab Avec RECYCLocal Textiles, les textiles qui ne peuvent plus \u00eatre r\u00e9employ\u00e9s deviennent de nouvelles mati\u00e8res premi\u00e8res pour l\u2019industrie textile. \u00bb<\/p>\n","protected":false},"author":6620,"featured_media":0,"template":"","meta":{"_acf_changed":false,"content-type":"","_monsterinsights_skip_tracking":false,"_members_access_role":[],"_members_access_error":""},"convocatoria-proyecto-27":[],"estado-proyecto-27":[3363],"objetivo-especifico-proyecto-27":[4091],"pais-proyecto-27":[],"periodo":[3556],"prioridad-proyecto-27":[3271],"publico-objetivo":[],"region-proyecto-27":[],"tematica-proyecto-27":[],"class_list":["post-72034","piloto-proyecto-27","type-piloto-proyecto-27","status-publish","hentry","estado-proyecto-27-en-cours","objetivo-especifico-proyecto-27-1-4-desarrollar-capacidades-para-la-especializacion-inteligente-la-transicion-industrial-y-el-emprendimiento","periodo-2021-2027-fr","prioridad-proyecto-27-2-promouvoir-la-cohesion-sociale-et-lequilibre-territorial-et-demographique-du-sudoe-a-travers-linnovation-et-la-transformation-des-secteurs-productifs"],"acf":[],"yoast_head":"<!-- This site is optimized with the Yoast SEO plugin v28.3 - https:\/\/yoast.com\/product\/yoast-seo-wordpress\/ -->\n<title>Fashion Forward | Une unit\u00e9 industrielle territoriale pour transformer les d\u00e9chets textiles en nouvelles mati\u00e8res premi\u00e8res - Interreg Sudoe<\/title>\n<meta name=\"robots\" content=\"index, follow, max-snippet:-1, max-image-preview:large, max-video-preview:-1\" \/>\n<link rel=\"canonical\" href=\"https:\/\/interreg-sudoe.eu\/fr\/piloto-proyecto-27\/una-unidad-industrial-local-para-transformar-residuos-textiles-en-nuevas-materias-primas\/\" \/>\n<meta property=\"og:locale\" content=\"fr_FR\" \/>\n<meta property=\"og:type\" content=\"article\" \/>\n<meta property=\"og:title\" content=\"Fashion Forward | Une unit\u00e9 industrielle territoriale pour transformer les d\u00e9chets textiles en nouvelles mati\u00e8res premi\u00e8res - Interreg Sudoe\" \/>\n<meta property=\"og:description\" content=\"\u00ab Avec RECYCLocal Textiles, les textiles qui ne peuvent plus \u00eatre r\u00e9employ\u00e9s deviennent de nouvelles mati\u00e8res premi\u00e8res pour l\u2019industrie textile. \u00bb\" \/>\n<meta property=\"og:url\" content=\"https:\/\/interreg-sudoe.eu\/fr\/piloto-proyecto-27\/una-unidad-industrial-local-para-transformar-residuos-textiles-en-nuevas-materias-primas\/\" \/>\n<meta property=\"og:site_name\" content=\"Interreg Sudoe\" \/>\n<meta property=\"article:publisher\" content=\"https:\/\/www.facebook.com\/interregsudoe\" \/>\n<meta property=\"article:modified_time\" content=\"2026-09-04T10:46:47+00:00\" \/>\n<meta property=\"og:image\" content=\"https:\/\/interreg-sudoe.eu\/wp-content\/uploads\/2024\/03\/download.png\" \/>\n\t<meta property=\"og:image:width\" content=\"344\" \/>\n\t<meta property=\"og:image:height\" content=\"147\" \/>\n\t<meta property=\"og:image:type\" content=\"image\/png\" \/>\n<meta name=\"twitter:card\" content=\"summary_large_image\" \/>\n<meta name=\"twitter:site\" content=\"@Sudoe5\" \/>\n<meta name=\"twitter:label1\" content=\"Dur\u00e9e de lecture estim\u00e9e\" \/>\n\t<meta name=\"twitter:data1\" content=\"6 minutes\" \/>\n<script type=\"application\/ld+json\" class=\"yoast-schema-graph\">{\"@context\":\"https:\\\/\\\/schema.org\",\"@graph\":[{\"@type\":\"WebPage\",\"@id\":\"https:\\\/\\\/interreg-sudoe.eu\\\/fr\\\/piloto-proyecto-27\\\/una-unidad-industrial-local-para-transformar-residuos-textiles-en-nuevas-materias-primas\\\/\",\"url\":\"https:\\\/\\\/interreg-sudoe.eu\\\/fr\\\/piloto-proyecto-27\\\/una-unidad-industrial-local-para-transformar-residuos-textiles-en-nuevas-materias-primas\\\/\",\"name\":\"Fashion Forward | Une unit\u00e9 industrielle territoriale pour transformer les d\u00e9chets textiles en nouvelles mati\u00e8res premi\u00e8res - Interreg Sudoe\",\"isPartOf\":{\"@id\":\"https:\\\/\\\/interreg-sudoe.eu\\\/fr\\\/#website\"},\"datePublished\":\"2026-09-04T10:26:19+00:00\",\"dateModified\":\"2026-09-04T10:46:47+00:00\",\"breadcrumb\":{\"@id\":\"https:\\\/\\\/interreg-sudoe.eu\\\/fr\\\/piloto-proyecto-27\\\/una-unidad-industrial-local-para-transformar-residuos-textiles-en-nuevas-materias-primas\\\/#breadcrumb\"},\"inLanguage\":\"fr-FR\",\"potentialAction\":[{\"@type\":\"ReadAction\",\"target\":[\"https:\\\/\\\/interreg-sudoe.eu\\\/fr\\\/piloto-proyecto-27\\\/una-unidad-industrial-local-para-transformar-residuos-textiles-en-nuevas-materias-primas\\\/\"]}]},{\"@type\":\"BreadcrumbList\",\"@id\":\"https:\\\/\\\/interreg-sudoe.eu\\\/fr\\\/piloto-proyecto-27\\\/una-unidad-industrial-local-para-transformar-residuos-textiles-en-nuevas-materias-primas\\\/#breadcrumb\",\"itemListElement\":[{\"@type\":\"ListItem\",\"position\":1,\"name\":\"Home\",\"item\":\"https:\\\/\\\/interreg-sudoe.eu\\\/fr\\\/\"},{\"@type\":\"ListItem\",\"position\":2,\"name\":\"Fashion Forward | Une unit\u00e9 industrielle territoriale pour transformer les d\u00e9chets textiles en nouvelles mati\u00e8res premi\u00e8res\"}]},{\"@type\":\"WebSite\",\"@id\":\"https:\\\/\\\/interreg-sudoe.eu\\\/fr\\\/#website\",\"url\":\"https:\\\/\\\/interreg-sudoe.eu\\\/fr\\\/\",\"name\":\"Interreg Sudoe\",\"description\":\"Interreg Sudoe\",\"publisher\":{\"@id\":\"https:\\\/\\\/interreg-sudoe.eu\\\/fr\\\/#organization\"},\"alternateName\":\"Interreg Sudoe\",\"potentialAction\":[{\"@type\":\"SearchAction\",\"target\":{\"@type\":\"EntryPoint\",\"urlTemplate\":\"https:\\\/\\\/interreg-sudoe.eu\\\/fr\\\/?s={search_term_string}\"},\"query-input\":{\"@type\":\"PropertyValueSpecification\",\"valueRequired\":true,\"valueName\":\"search_term_string\"}}],\"inLanguage\":\"fr-FR\"},{\"@type\":\"Organization\",\"@id\":\"https:\\\/\\\/interreg-sudoe.eu\\\/fr\\\/#organization\",\"name\":\"Interreg Sudoe\",\"alternateName\":\"Interreg Sudoe\",\"url\":\"https:\\\/\\\/interreg-sudoe.eu\\\/fr\\\/\",\"logo\":{\"@type\":\"ImageObject\",\"inLanguage\":\"fr-FR\",\"@id\":\"https:\\\/\\\/interreg-sudoe.eu\\\/fr\\\/#\\\/schema\\\/logo\\\/image\\\/\",\"url\":\"https:\\\/\\\/interreg-sudoe.eu\\\/wp-content\\\/uploads\\\/2024\\\/03\\\/logo-interreg.png\",\"contentUrl\":\"https:\\\/\\\/interreg-sudoe.eu\\\/wp-content\\\/uploads\\\/2024\\\/03\\\/logo-interreg.png\",\"width\":1200,\"height\":675,\"caption\":\"Interreg Sudoe\"},\"image\":{\"@id\":\"https:\\\/\\\/interreg-sudoe.eu\\\/fr\\\/#\\\/schema\\\/logo\\\/image\\\/\"},\"sameAs\":[\"https:\\\/\\\/www.facebook.com\\\/interregsudoe\",\"https:\\\/\\\/x.com\\\/Sudoe5\",\"https:\\\/\\\/www.youtube.com\\\/channel\\\/UCeGx2edoB32beRc9dbKA2vw\",\"https:\\\/\\\/www.linkedin.com\\\/company\\\/interreg-sudoe-programme\\\/\",\"https:\\\/\\\/www.flickr.com\\\/photos\\\/148704685@N06\\\/\"]}]}<\/script>\n<!-- \/ Yoast SEO plugin. -->","yoast_head_json":{"title":"Fashion Forward | Une unit\u00e9 industrielle territoriale pour transformer les d\u00e9chets textiles en nouvelles mati\u00e8res premi\u00e8res - Interreg Sudoe","robots":{"index":"index","follow":"follow","max-snippet":"max-snippet:-1","max-image-preview":"max-image-preview:large","max-video-preview":"max-video-preview:-1"},"canonical":"https:\/\/interreg-sudoe.eu\/fr\/piloto-proyecto-27\/una-unidad-industrial-local-para-transformar-residuos-textiles-en-nuevas-materias-primas\/","og_locale":"fr_FR","og_type":"article","og_title":"Fashion Forward | Une unit\u00e9 industrielle territoriale pour transformer les d\u00e9chets textiles en nouvelles mati\u00e8res premi\u00e8res - Interreg Sudoe","og_description":"\u00ab Avec RECYCLocal Textiles, les textiles qui ne peuvent plus \u00eatre r\u00e9employ\u00e9s deviennent de nouvelles mati\u00e8res premi\u00e8res pour l\u2019industrie textile. \u00bb","og_url":"https:\/\/interreg-sudoe.eu\/fr\/piloto-proyecto-27\/una-unidad-industrial-local-para-transformar-residuos-textiles-en-nuevas-materias-primas\/","og_site_name":"Interreg Sudoe","article_publisher":"https:\/\/www.facebook.com\/interregsudoe","article_modified_time":"2026-09-04T10:46:47+00:00","og_image":[{"width":344,"height":147,"url":"https:\/\/interreg-sudoe.eu\/wp-content\/uploads\/2024\/03\/download.png","type":"image\/png"}],"twitter_card":"summary_large_image","twitter_site":"@Sudoe5","twitter_misc":{"Dur\u00e9e de lecture estim\u00e9e":"6 minutes"},"schema":{"@context":"https:\/\/schema.org","@graph":[{"@type":"WebPage","@id":"https:\/\/interreg-sudoe.eu\/fr\/piloto-proyecto-27\/una-unidad-industrial-local-para-transformar-residuos-textiles-en-nuevas-materias-primas\/","url":"https:\/\/interreg-sudoe.eu\/fr\/piloto-proyecto-27\/una-unidad-industrial-local-para-transformar-residuos-textiles-en-nuevas-materias-primas\/","name":"Fashion Forward | Une unit\u00e9 industrielle territoriale pour transformer les d\u00e9chets textiles en nouvelles mati\u00e8res premi\u00e8res - Interreg Sudoe","isPartOf":{"@id":"https:\/\/interreg-sudoe.eu\/fr\/#website"},"datePublished":"2026-09-04T10:26:19+00:00","dateModified":"2026-09-04T10:46:47+00:00","breadcrumb":{"@id":"https:\/\/interreg-sudoe.eu\/fr\/piloto-proyecto-27\/una-unidad-industrial-local-para-transformar-residuos-textiles-en-nuevas-materias-primas\/#breadcrumb"},"inLanguage":"fr-FR","potentialAction":[{"@type":"ReadAction","target":["https:\/\/interreg-sudoe.eu\/fr\/piloto-proyecto-27\/una-unidad-industrial-local-para-transformar-residuos-textiles-en-nuevas-materias-primas\/"]}]},{"@type":"BreadcrumbList","@id":"https:\/\/interreg-sudoe.eu\/fr\/piloto-proyecto-27\/una-unidad-industrial-local-para-transformar-residuos-textiles-en-nuevas-materias-primas\/#breadcrumb","itemListElement":[{"@type":"ListItem","position":1,"name":"Home","item":"https:\/\/interreg-sudoe.eu\/fr\/"},{"@type":"ListItem","position":2,"name":"Fashion Forward | Une unit\u00e9 industrielle territoriale pour transformer les d\u00e9chets textiles en nouvelles mati\u00e8res premi\u00e8res"}]},{"@type":"WebSite","@id":"https:\/\/interreg-sudoe.eu\/fr\/#website","url":"https:\/\/interreg-sudoe.eu\/fr\/","name":"Interreg Sudoe","description":"Interreg Sudoe","publisher":{"@id":"https:\/\/interreg-sudoe.eu\/fr\/#organization"},"alternateName":"Interreg Sudoe","potentialAction":[{"@type":"SearchAction","target":{"@type":"EntryPoint","urlTemplate":"https:\/\/interreg-sudoe.eu\/fr\/?s={search_term_string}"},"query-input":{"@type":"PropertyValueSpecification","valueRequired":true,"valueName":"search_term_string"}}],"inLanguage":"fr-FR"},{"@type":"Organization","@id":"https:\/\/interreg-sudoe.eu\/fr\/#organization","name":"Interreg Sudoe","alternateName":"Interreg Sudoe","url":"https:\/\/interreg-sudoe.eu\/fr\/","logo":{"@type":"ImageObject","inLanguage":"fr-FR","@id":"https:\/\/interreg-sudoe.eu\/fr\/#\/schema\/logo\/image\/","url":"https:\/\/interreg-sudoe.eu\/wp-content\/uploads\/2024\/03\/logo-interreg.png","contentUrl":"https:\/\/interreg-sudoe.eu\/wp-content\/uploads\/2024\/03\/logo-interreg.png","width":1200,"height":675,"caption":"Interreg Sudoe"},"image":{"@id":"https:\/\/interreg-sudoe.eu\/fr\/#\/schema\/logo\/image\/"},"sameAs":["https:\/\/www.facebook.com\/interregsudoe","https:\/\/x.com\/Sudoe5","https:\/\/www.youtube.com\/channel\/UCeGx2edoB32beRc9dbKA2vw","https:\/\/www.linkedin.com\/company\/interreg-sudoe-programme\/","https:\/\/www.flickr.com\/photos\/148704685@N06\/"]}]}},"_links":{"self":[{"href":"https:\/\/interreg-sudoe.eu\/fr\/wp-json\/wp\/v2\/piloto-proyecto-27\/72034","targetHints":{"allow":["GET"]}}],"collection":[{"href":"https:\/\/interreg-sudoe.eu\/fr\/wp-json\/wp\/v2\/piloto-proyecto-27"}],"about":[{"href":"https:\/\/interreg-sudoe.eu\/fr\/wp-json\/wp\/v2\/types\/piloto-proyecto-27"}],"author":[{"embeddable":true,"href":"https:\/\/interreg-sudoe.eu\/fr\/wp-json\/wp\/v2\/users\/6620"}],"wp:attachment":[{"href":"https:\/\/interreg-sudoe.eu\/fr\/wp-json\/wp\/v2\/media?parent=72034"}],"wp:term":[{"taxonomy":"convocatoria-proyecto-27","embeddable":true,"href":"https:\/\/interreg-sudoe.eu\/fr\/wp-json\/wp\/v2\/convocatoria-proyecto-27?post=72034"},{"taxonomy":"estado-proyecto-27","embeddable":true,"href":"https:\/\/interreg-sudoe.eu\/fr\/wp-json\/wp\/v2\/estado-proyecto-27?post=72034"},{"taxonomy":"objetivo-especifico-proyecto-27","embeddable":true,"href":"https:\/\/interreg-sudoe.eu\/fr\/wp-json\/wp\/v2\/objetivo-especifico-proyecto-27?post=72034"},{"taxonomy":"pais-proyecto-27","embeddable":true,"href":"https:\/\/interreg-sudoe.eu\/fr\/wp-json\/wp\/v2\/pais-proyecto-27?post=72034"},{"taxonomy":"periodo","embeddable":true,"href":"https:\/\/interreg-sudoe.eu\/fr\/wp-json\/wp\/v2\/periodo?post=72034"},{"taxonomy":"prioridad-proyecto-27","embeddable":true,"href":"https:\/\/interreg-sudoe.eu\/fr\/wp-json\/wp\/v2\/prioridad-proyecto-27?post=72034"},{"taxonomy":"publico-objetivo","embeddable":true,"href":"https:\/\/interreg-sudoe.eu\/fr\/wp-json\/wp\/v2\/publico-objetivo?post=72034"},{"taxonomy":"region-proyecto-27","embeddable":true,"href":"https:\/\/interreg-sudoe.eu\/fr\/wp-json\/wp\/v2\/region-proyecto-27?post=72034"},{"taxonomy":"tematica-proyecto-27","embeddable":true,"href":"https:\/\/interreg-sudoe.eu\/fr\/wp-json\/wp\/v2\/tematica-proyecto-27?post=72034"}],"curies":[{"name":"wp","href":"https:\/\/api.w.org\/{rel}","templated":true}]}}