{"id":35317,"date":"2024-05-30T16:00:40","date_gmt":"2024-05-30T14:00:40","guid":{"rendered":"https:\/\/interreg-sudoe.eu\/proyecto-interreg\/use4forest\/"},"modified":"2025-09-16T12:31:29","modified_gmt":"2025-09-16T10:31:29","slug":"use4forest","status":"publish","type":"proyecto-interreg","link":"https:\/\/interreg-sudoe.eu\/fr\/proyecto-interreg\/use4forest\/","title":{"rendered":"USE4FOREST"},"content":{"rendered":"<p>Pendant la derni\u00e8re d\u00e9cennie (2012-2022), les pays Sudoe ont souffert un grand num\u00e9ro d\u2019incendies, avec une moyenne annuelle de 222 en Espagne, 213 au Portugal et 105 en France, pays qui fassent partie des 5 de l\u2019UE avec plus d\u2019incendies (EFFIS, European Forest Fire Information System). Le fait d\u2019avoir registr\u00e9 dans les 6 derniers ann\u00e9es 3 des pires saisons d\u2019incendies dans l\u2019UE d\u00e9montre la tendance \u00e0 la hausse signal\u00e9e par les experts et due, en partie, aux effets du changement climatique, situation aggrav\u00e9e dans le Sudoe par le progressif abandon du rural et le cons\u00e9quent arr\u00eat des activit\u00e9s productives traditionnellement li\u00e9es \u00e0 la for\u00eat. Face \u00e0 ce d\u00e9fi, il faut adopter des mesures pr\u00e9ventives adapt\u00e9es aux caract\u00e9ristiques du sud-ouest europ\u00e9en (crise d\u00e9mographique, abondance de masse foresti\u00e8re, augmentation progressive des extr\u00eames climatiques), dont le succ\u00e8s d\u00e9pendra de la connaissance des d\u00e9terminants particuliers et de la d\u00e9monstration in situ de l\u2019efficacit\u00e9 des outils innovants, potentiellement transf\u00e9rables \u00e0 d\u2019autres zones affect\u00e9s par le m\u00eame probl\u00e8me. USE4FOREST propose une strat\u00e9gie pour la pr\u00e9vention des incendies dans le Sudoe gr\u00e2ce \u00e0 l\u2019am\u00e9lioration des espaces forestiers bas\u00e9e sur 3 phases : connaissance exhaustive des d\u00e9terminants du probl\u00e8me ; d\u00e9veloppement, preuve et d\u00e9monstration dans les territoires participants d\u2019outils innovants pour la pr\u00e9vention, gestion et anticipation des incendies forestiers ; et leur transfert et capitalisation \u00e0 l\u2019\u00e9chelle du Sudoe. USE4FOREST veut am\u00e9liorer la capacit\u00e9 de r\u00e9ponse des diff\u00e9rents administrations gr\u00e2ce \u00e0 la coordination avec des organisations ayant une vaste exp\u00e9rience dans la recherche et la gestion foresti\u00e8re. L\u2019analyse des diff\u00e9rentes variables, telles que l\u2019environnement (v\u00e9g\u00e9tation, climat\u2026) et des facteurs anthropiques (populations, cultures\u2026), permettra d\u2019arriver \u00e0 des nouvelles solutions et d\u2019\u00e9valuer leur impact, efficacit\u00e9 et transf\u00e9rabilit\u00e9, au but de d\u00e9velopper des strat\u00e9gies de pr\u00e9vention intelligente dans les espaces forestiers les plus menac\u00e9s, en tenant compte de leurs ressources naturelles, socio\u00e9conomiques, technologiques et de gestion pour aborder ce besoin d\u2019une fa\u00e7on globale.<\/p>\n","protected":false},"excerpt":{"rendered":"<p>Pendant la derni\u00e8re d\u00e9cennie (2012-2022), les pays Sudoe ont souffert un grand num\u00e9ro d\u2019incendies, avec une moyenne annuelle de 222 en Espagne, 213 au Portugal et 105 en France, pays qui fassent partie des 5 de l\u2019UE avec plus d\u2019incendies (EFFIS, European Forest Fire Information System). Le fait d\u2019avoir registr\u00e9 dans les 6 derniers ann\u00e9es [&hellip;]<\/p>\n","protected":false},"author":6728,"featured_media":34295,"template":"","meta":{"_acf_changed":false,"content-type":"","_monsterinsights_skip_tracking":false,"_monsterinsights_sitenote_active":false,"_monsterinsights_sitenote_note":"","_monsterinsights_sitenote_category":0,"footnotes":""},"convocatoria-proyecto-27":[3309],"estado-proyecto-27":[3363],"idioma-proyecto-27":[3561,3202],"objetivo-especifico-proyecto-27":[3284],"pais-proyecto-27":[3371,3374,3378],"periodo":[3556],"prioridad-proyecto-27":[3270],"publico-objetivo":[],"region-proyecto-27":[3390,3535,3399,3426,3435,3517,3520,3523],"tematica-proyecto-27":[3997],"class_list":["post-35317","proyecto-interreg","type-proyecto-interreg","status-publish","has-post-thumbnail","hentry","convocatoria-proyecto-27-1er-appel-a-projets","estado-proyecto-27-en-cours","idioma-proyecto-27-espanol-fr","idioma-proyecto-27-frances-fr","objetivo-especifico-proyecto-27-os-2-4-adaptation-au-changement-climatique-prevention-des-risques","pais-proyecto-27-espagne","pais-proyecto-27-france","pais-proyecto-27-portugal-fr","periodo-2021-2027-fr","prioridad-proyecto-27-1-preserver-le-capital-naturel-et-renforcer-ladaptation-au-changement-climatique-du-sudoe","region-proyecto-27-aquitaine-nouvelle-aquitaine-fr","region-proyecto-27-area-metropolitana-de-lisboa-fr","region-proyecto-27-castilla-y-leon-fr","region-proyecto-27-galicia-fr","region-proyecto-27-languedoc-roussillon-occitanie-fr","region-proyecto-27-norte-fr","region-proyecto-27-pais-vasco-fr","region-proyecto-27-poitou-charentes-nouvelle-aquitaine-fr","tematica-proyecto-27-gestion-des-menaces-naturelles-et-anthropiques-gestion-des-risques"],"acf":[],"yoast_head":"<!-- This site is optimized with the Yoast SEO plugin v27.4 - https:\/\/yoast.com\/product\/yoast-seo-wordpress\/ -->\n<title>USE4FOREST - Interreg Sudoe<\/title>\n<meta name=\"robots\" content=\"index, follow, max-snippet:-1, max-image-preview:large, max-video-preview:-1\" \/>\n<link rel=\"canonical\" href=\"https:\/\/interreg-sudoe.eu\/fr\/proyecto-interreg\/use4forest\/\" \/>\n<meta property=\"og:locale\" content=\"fr_FR\" \/>\n<meta property=\"og:type\" content=\"article\" \/>\n<meta property=\"og:title\" content=\"USE4FOREST - Interreg Sudoe\" \/>\n<meta property=\"og:description\" content=\"Pendant la derni\u00e8re d\u00e9cennie (2012-2022), les pays Sudoe ont souffert un grand num\u00e9ro d\u2019incendies, avec une moyenne annuelle de 222 en Espagne, 213 au Portugal et 105 en France, pays qui fassent partie des 5 de l\u2019UE avec plus d\u2019incendies (EFFIS, European Forest Fire Information System). Le fait d\u2019avoir registr\u00e9 dans les 6 derniers ann\u00e9es [&hellip;]\" \/>\n<meta property=\"og:url\" content=\"https:\/\/interreg-sudoe.eu\/fr\/proyecto-interreg\/use4forest\/\" \/>\n<meta property=\"og:site_name\" content=\"Interreg Sudoe\" \/>\n<meta property=\"article:publisher\" content=\"https:\/\/www.facebook.com\/interregsudoe\" \/>\n<meta property=\"article:modified_time\" content=\"2025-09-16T10:31:29+00:00\" \/>\n<meta property=\"og:image\" content=\"https:\/\/interreg-sudoe.eu\/wp-content\/uploads\/2024\/05\/USE4FOREST_Debajo_RGB-01.jpg\" \/>\n\t<meta property=\"og:image:width\" content=\"1111\" \/>\n\t<meta property=\"og:image:height\" content=\"319\" \/>\n\t<meta property=\"og:image:type\" content=\"image\/jpeg\" \/>\n<meta name=\"twitter:card\" content=\"summary_large_image\" \/>\n<meta name=\"twitter:site\" content=\"@Sudoe5\" \/>\n<meta name=\"twitter:label1\" content=\"Dur\u00e9e de lecture estim\u00e9e\" \/>\n\t<meta name=\"twitter:data1\" content=\"2 minutes\" \/>\n<script type=\"application\/ld+json\" class=\"yoast-schema-graph\">{\"@context\":\"https:\\\/\\\/schema.org\",\"@graph\":[{\"@type\":\"WebPage\",\"@id\":\"https:\\\/\\\/interreg-sudoe.eu\\\/fr\\\/proyecto-interreg\\\/use4forest\\\/\",\"url\":\"https:\\\/\\\/interreg-sudoe.eu\\\/fr\\\/proyecto-interreg\\\/use4forest\\\/\",\"name\":\"USE4FOREST - Interreg Sudoe\",\"isPartOf\":{\"@id\":\"https:\\\/\\\/interreg-sudoe.eu\\\/fr\\\/#website\"},\"primaryImageOfPage\":{\"@id\":\"https:\\\/\\\/interreg-sudoe.eu\\\/fr\\\/proyecto-interreg\\\/use4forest\\\/#primaryimage\"},\"image\":{\"@id\":\"https:\\\/\\\/interreg-sudoe.eu\\\/fr\\\/proyecto-interreg\\\/use4forest\\\/#primaryimage\"},\"thumbnailUrl\":\"https:\\\/\\\/interreg-sudoe.eu\\\/wp-content\\\/uploads\\\/2024\\\/05\\\/USE4FOREST_Debajo_RGB-01.jpg\",\"datePublished\":\"2024-05-30T14:00:40+00:00\",\"dateModified\":\"2025-09-16T10:31:29+00:00\",\"breadcrumb\":{\"@id\":\"https:\\\/\\\/interreg-sudoe.eu\\\/fr\\\/proyecto-interreg\\\/use4forest\\\/#breadcrumb\"},\"inLanguage\":\"fr-FR\",\"potentialAction\":[{\"@type\":\"ReadAction\",\"target\":[\"https:\\\/\\\/interreg-sudoe.eu\\\/fr\\\/proyecto-interreg\\\/use4forest\\\/\"]}]},{\"@type\":\"ImageObject\",\"inLanguage\":\"fr-FR\",\"@id\":\"https:\\\/\\\/interreg-sudoe.eu\\\/fr\\\/proyecto-interreg\\\/use4forest\\\/#primaryimage\",\"url\":\"https:\\\/\\\/interreg-sudoe.eu\\\/wp-content\\\/uploads\\\/2024\\\/05\\\/USE4FOREST_Debajo_RGB-01.jpg\",\"contentUrl\":\"https:\\\/\\\/interreg-sudoe.eu\\\/wp-content\\\/uploads\\\/2024\\\/05\\\/USE4FOREST_Debajo_RGB-01.jpg\",\"width\":1111,\"height\":319},{\"@type\":\"BreadcrumbList\",\"@id\":\"https:\\\/\\\/interreg-sudoe.eu\\\/fr\\\/proyecto-interreg\\\/use4forest\\\/#breadcrumb\",\"itemListElement\":[{\"@type\":\"ListItem\",\"position\":1,\"name\":\"Home\",\"item\":\"https:\\\/\\\/interreg-sudoe.eu\\\/fr\\\/\"},{\"@type\":\"ListItem\",\"position\":2,\"name\":\"USE4FOREST\"}]},{\"@type\":\"WebSite\",\"@id\":\"https:\\\/\\\/interreg-sudoe.eu\\\/fr\\\/#website\",\"url\":\"https:\\\/\\\/interreg-sudoe.eu\\\/fr\\\/\",\"name\":\"Interreg Sudoe\",\"description\":\"Interreg Sudoe\",\"publisher\":{\"@id\":\"https:\\\/\\\/interreg-sudoe.eu\\\/fr\\\/#organization\"},\"alternateName\":\"Interreg Sudoe\",\"potentialAction\":[{\"@type\":\"SearchAction\",\"target\":{\"@type\":\"EntryPoint\",\"urlTemplate\":\"https:\\\/\\\/interreg-sudoe.eu\\\/fr\\\/?s={search_term_string}\"},\"query-input\":{\"@type\":\"PropertyValueSpecification\",\"valueRequired\":true,\"valueName\":\"search_term_string\"}}],\"inLanguage\":\"fr-FR\"},{\"@type\":\"Organization\",\"@id\":\"https:\\\/\\\/interreg-sudoe.eu\\\/fr\\\/#organization\",\"name\":\"Interreg Sudoe\",\"alternateName\":\"Interreg Sudoe\",\"url\":\"https:\\\/\\\/interreg-sudoe.eu\\\/fr\\\/\",\"logo\":{\"@type\":\"ImageObject\",\"inLanguage\":\"fr-FR\",\"@id\":\"https:\\\/\\\/interreg-sudoe.eu\\\/fr\\\/#\\\/schema\\\/logo\\\/image\\\/\",\"url\":\"https:\\\/\\\/interreg-sudoe.eu\\\/wp-content\\\/uploads\\\/2024\\\/03\\\/logo-interreg.png\",\"contentUrl\":\"https:\\\/\\\/interreg-sudoe.eu\\\/wp-content\\\/uploads\\\/2024\\\/03\\\/logo-interreg.png\",\"width\":1200,\"height\":675,\"caption\":\"Interreg Sudoe\"},\"image\":{\"@id\":\"https:\\\/\\\/interreg-sudoe.eu\\\/fr\\\/#\\\/schema\\\/logo\\\/image\\\/\"},\"sameAs\":[\"https:\\\/\\\/www.facebook.com\\\/interregsudoe\",\"https:\\\/\\\/x.com\\\/Sudoe5\",\"https:\\\/\\\/www.youtube.com\\\/channel\\\/UCeGx2edoB32beRc9dbKA2vw\",\"https:\\\/\\\/www.linkedin.com\\\/company\\\/interreg-sudoe-programme\\\/\",\"https:\\\/\\\/www.flickr.com\\\/photos\\\/148704685@N06\\\/\"]}]}<\/script>\n<!-- \/ Yoast SEO plugin. -->","yoast_head_json":{"title":"USE4FOREST - Interreg Sudoe","robots":{"index":"index","follow":"follow","max-snippet":"max-snippet:-1","max-image-preview":"max-image-preview:large","max-video-preview":"max-video-preview:-1"},"canonical":"https:\/\/interreg-sudoe.eu\/fr\/proyecto-interreg\/use4forest\/","og_locale":"fr_FR","og_type":"article","og_title":"USE4FOREST - Interreg Sudoe","og_description":"Pendant la derni\u00e8re d\u00e9cennie (2012-2022), les pays Sudoe ont souffert un grand num\u00e9ro d\u2019incendies, avec une moyenne annuelle de 222 en Espagne, 213 au Portugal et 105 en France, pays qui fassent partie des 5 de l\u2019UE avec plus d\u2019incendies (EFFIS, European Forest Fire Information System). Le fait d\u2019avoir registr\u00e9 dans les 6 derniers ann\u00e9es [&hellip;]","og_url":"https:\/\/interreg-sudoe.eu\/fr\/proyecto-interreg\/use4forest\/","og_site_name":"Interreg Sudoe","article_publisher":"https:\/\/www.facebook.com\/interregsudoe","article_modified_time":"2025-09-16T10:31:29+00:00","og_image":[{"width":1111,"height":319,"url":"https:\/\/interreg-sudoe.eu\/wp-content\/uploads\/2024\/05\/USE4FOREST_Debajo_RGB-01.jpg","type":"image\/jpeg"}],"twitter_card":"summary_large_image","twitter_site":"@Sudoe5","twitter_misc":{"Dur\u00e9e de lecture estim\u00e9e":"2 minutes"},"schema":{"@context":"https:\/\/schema.org","@graph":[{"@type":"WebPage","@id":"https:\/\/interreg-sudoe.eu\/fr\/proyecto-interreg\/use4forest\/","url":"https:\/\/interreg-sudoe.eu\/fr\/proyecto-interreg\/use4forest\/","name":"USE4FOREST - Interreg Sudoe","isPartOf":{"@id":"https:\/\/interreg-sudoe.eu\/fr\/#website"},"primaryImageOfPage":{"@id":"https:\/\/interreg-sudoe.eu\/fr\/proyecto-interreg\/use4forest\/#primaryimage"},"image":{"@id":"https:\/\/interreg-sudoe.eu\/fr\/proyecto-interreg\/use4forest\/#primaryimage"},"thumbnailUrl":"https:\/\/interreg-sudoe.eu\/wp-content\/uploads\/2024\/05\/USE4FOREST_Debajo_RGB-01.jpg","datePublished":"2024-05-30T14:00:40+00:00","dateModified":"2025-09-16T10:31:29+00:00","breadcrumb":{"@id":"https:\/\/interreg-sudoe.eu\/fr\/proyecto-interreg\/use4forest\/#breadcrumb"},"inLanguage":"fr-FR","potentialAction":[{"@type":"ReadAction","target":["https:\/\/interreg-sudoe.eu\/fr\/proyecto-interreg\/use4forest\/"]}]},{"@type":"ImageObject","inLanguage":"fr-FR","@id":"https:\/\/interreg-sudoe.eu\/fr\/proyecto-interreg\/use4forest\/#primaryimage","url":"https:\/\/interreg-sudoe.eu\/wp-content\/uploads\/2024\/05\/USE4FOREST_Debajo_RGB-01.jpg","contentUrl":"https:\/\/interreg-sudoe.eu\/wp-content\/uploads\/2024\/05\/USE4FOREST_Debajo_RGB-01.jpg","width":1111,"height":319},{"@type":"BreadcrumbList","@id":"https:\/\/interreg-sudoe.eu\/fr\/proyecto-interreg\/use4forest\/#breadcrumb","itemListElement":[{"@type":"ListItem","position":1,"name":"Home","item":"https:\/\/interreg-sudoe.eu\/fr\/"},{"@type":"ListItem","position":2,"name":"USE4FOREST"}]},{"@type":"WebSite","@id":"https:\/\/interreg-sudoe.eu\/fr\/#website","url":"https:\/\/interreg-sudoe.eu\/fr\/","name":"Interreg Sudoe","description":"Interreg Sudoe","publisher":{"@id":"https:\/\/interreg-sudoe.eu\/fr\/#organization"},"alternateName":"Interreg Sudoe","potentialAction":[{"@type":"SearchAction","target":{"@type":"EntryPoint","urlTemplate":"https:\/\/interreg-sudoe.eu\/fr\/?s={search_term_string}"},"query-input":{"@type":"PropertyValueSpecification","valueRequired":true,"valueName":"search_term_string"}}],"inLanguage":"fr-FR"},{"@type":"Organization","@id":"https:\/\/interreg-sudoe.eu\/fr\/#organization","name":"Interreg Sudoe","alternateName":"Interreg Sudoe","url":"https:\/\/interreg-sudoe.eu\/fr\/","logo":{"@type":"ImageObject","inLanguage":"fr-FR","@id":"https:\/\/interreg-sudoe.eu\/fr\/#\/schema\/logo\/image\/","url":"https:\/\/interreg-sudoe.eu\/wp-content\/uploads\/2024\/03\/logo-interreg.png","contentUrl":"https:\/\/interreg-sudoe.eu\/wp-content\/uploads\/2024\/03\/logo-interreg.png","width":1200,"height":675,"caption":"Interreg Sudoe"},"image":{"@id":"https:\/\/interreg-sudoe.eu\/fr\/#\/schema\/logo\/image\/"},"sameAs":["https:\/\/www.facebook.com\/interregsudoe","https:\/\/x.com\/Sudoe5","https:\/\/www.youtube.com\/channel\/UCeGx2edoB32beRc9dbKA2vw","https:\/\/www.linkedin.com\/company\/interreg-sudoe-programme\/","https:\/\/www.flickr.com\/photos\/148704685@N06\/"]}]}},"_links":{"self":[{"href":"https:\/\/interreg-sudoe.eu\/fr\/wp-json\/wp\/v2\/proyecto-interreg\/35317","targetHints":{"allow":["GET"]}}],"collection":[{"href":"https:\/\/interreg-sudoe.eu\/fr\/wp-json\/wp\/v2\/proyecto-interreg"}],"about":[{"href":"https:\/\/interreg-sudoe.eu\/fr\/wp-json\/wp\/v2\/types\/proyecto-interreg"}],"author":[{"embeddable":true,"href":"https:\/\/interreg-sudoe.eu\/fr\/wp-json\/wp\/v2\/users\/6728"}],"version-history":[{"count":1,"href":"https:\/\/interreg-sudoe.eu\/fr\/wp-json\/wp\/v2\/proyecto-interreg\/35317\/revisions"}],"predecessor-version":[{"id":52046,"href":"https:\/\/interreg-sudoe.eu\/fr\/wp-json\/wp\/v2\/proyecto-interreg\/35317\/revisions\/52046"}],"wp:featuredmedia":[{"embeddable":true,"href":"https:\/\/interreg-sudoe.eu\/fr\/wp-json\/wp\/v2\/media\/34295"}],"wp:attachment":[{"href":"https:\/\/interreg-sudoe.eu\/fr\/wp-json\/wp\/v2\/media?parent=35317"}],"wp:term":[{"taxonomy":"convocatoria-proyecto-27","embeddable":true,"href":"https:\/\/interreg-sudoe.eu\/fr\/wp-json\/wp\/v2\/convocatoria-proyecto-27?post=35317"},{"taxonomy":"estado-proyecto-27","embeddable":true,"href":"https:\/\/interreg-sudoe.eu\/fr\/wp-json\/wp\/v2\/estado-proyecto-27?post=35317"},{"taxonomy":"idioma-proyecto-27","embeddable":true,"href":"https:\/\/interreg-sudoe.eu\/fr\/wp-json\/wp\/v2\/idioma-proyecto-27?post=35317"},{"taxonomy":"objetivo-especifico-proyecto-27","embeddable":true,"href":"https:\/\/interreg-sudoe.eu\/fr\/wp-json\/wp\/v2\/objetivo-especifico-proyecto-27?post=35317"},{"taxonomy":"pais-proyecto-27","embeddable":true,"href":"https:\/\/interreg-sudoe.eu\/fr\/wp-json\/wp\/v2\/pais-proyecto-27?post=35317"},{"taxonomy":"periodo","embeddable":true,"href":"https:\/\/interreg-sudoe.eu\/fr\/wp-json\/wp\/v2\/periodo?post=35317"},{"taxonomy":"prioridad-proyecto-27","embeddable":true,"href":"https:\/\/interreg-sudoe.eu\/fr\/wp-json\/wp\/v2\/prioridad-proyecto-27?post=35317"},{"taxonomy":"publico-objetivo","embeddable":true,"href":"https:\/\/interreg-sudoe.eu\/fr\/wp-json\/wp\/v2\/publico-objetivo?post=35317"},{"taxonomy":"region-proyecto-27","embeddable":true,"href":"https:\/\/interreg-sudoe.eu\/fr\/wp-json\/wp\/v2\/region-proyecto-27?post=35317"},{"taxonomy":"tematica-proyecto-27","embeddable":true,"href":"https:\/\/interreg-sudoe.eu\/fr\/wp-json\/wp\/v2\/tematica-proyecto-27?post=35317"}],"curies":[{"name":"wp","href":"https:\/\/api.w.org\/{rel}","templated":true}]}}