{"id":35327,"date":"2024-05-30T16:00:40","date_gmt":"2024-05-30T14:00:40","guid":{"rendered":"https:\/\/interreg-sudoe.eu\/proyecto-interreg\/thermecowat\/"},"modified":"2026-01-26T17:42:33","modified_gmt":"2026-01-26T16:42:33","slug":"thermecowat","status":"publish","type":"proyecto-interreg","link":"https:\/\/interreg-sudoe.eu\/fr\/proyecto-interreg\/thermecowat\/","title":{"rendered":"ThermEcoWat"},"content":{"rendered":"<figure id=\"attachment_48773\" aria-describedby=\"caption-attachment-48773\" style=\"width: 787px\" class=\"wp-caption alignnone\"><img fetchpriority=\"high\" decoding=\"async\" class=\" wp-image-48773\" src=\"https:\/\/interreg-sudoe.eu\/wp-content\/uploads\/2024\/05\/projet-thermecowat-001.jpg-300x168.webp\" alt=\"\" width=\"787\" height=\"441\" srcset=\"https:\/\/interreg-sudoe.eu\/wp-content\/uploads\/2024\/05\/projet-thermecowat-001.jpg-300x168.webp 300w, https:\/\/interreg-sudoe.eu\/wp-content\/uploads\/2024\/05\/projet-thermecowat-001.jpg-1024x574.webp 1024w, https:\/\/interreg-sudoe.eu\/wp-content\/uploads\/2024\/05\/projet-thermecowat-001.jpg-768x431.webp 768w, https:\/\/interreg-sudoe.eu\/wp-content\/uploads\/2024\/05\/projet-thermecowat-001.jpg.webp 1304w\" sizes=\"(max-width: 787px) 100vw, 787px\" \/><figcaption id=\"caption-attachment-48773\" class=\"wp-caption-text\"><strong>Probl\u00e9matique et composantes disciplinaires prises en compte dans le cadre du projet ThermEcoWat, ses partenaires de consortium et les ressources \u00e0 disposition.<\/strong><br \/><strong>\u00a9 BRGM &#8211; Christian Iasio<\/strong><\/figcaption><\/figure>\n<h4><strong><span style=\"color: #99cc00;\">Climat et ressources : un nouvel \u00e9quilibre \u00e0 trouver<\/span><\/strong><\/h4>\n<p>Les derni\u00e8res d\u00e9cennies ont \u00e9t\u00e9 marqu\u00e9es par des records de chaleur en Europe, avec 2020, 2022, 2019, 2015 et 2014 parmi les ann\u00e9es les plus chaudes enregistr\u00e9es. Dans la <strong>r\u00e9gion SUDOE<\/strong> (Sud-Ouest europ\u00e9en), 2022 a \u00e9t\u00e9 l\u2019ann\u00e9e la plus chaude depuis 1950. Cette \u00e9volution du climat a une influence sur la qualit\u00e9 des <strong>eaux souterraines<\/strong> et la capacit\u00e9 d\u2019adaptation des territoires, tout en modifiant les \u00e9quilibres \u00e9conomiques. Les dynamiques d\u00e9mographiques et migratoires entra\u00eenent une pression suppl\u00e9mentaire sur les ressources en eau et sur l\u2019\u00e9conomie locale.<\/p>\n<h4><span style=\"color: #99cc00;\"><strong>Les enjeux des sources thermales<\/strong><\/span><\/h4>\n<p><strong>Les sources thermales<\/strong> sont au c\u0153ur du d\u00e9veloppement de nombreuses villes du <strong>SUDOE<\/strong>. Elles constituent un patrimoine naturel pr\u00e9cieux, essentiel \u00e0 la fois pour l\u2019\u00e9conomie locale (tourisme, bien-\u00eatre, agriculture) et pour l\u2019environnement. Pourtant, le <strong>changement climatique<\/strong> menace leur \u00e9quilibre fragile : la baisse des pr\u00e9cipitations attendue pourrait modifier leurs propri\u00e9t\u00e9s naturelles et impacter leur \u00e9cosyst\u00e8me.<\/p>\n<h4><span style=\"color: #99cc00;\"><strong>Les objectifs du projet ThermEcoWat<\/strong><\/span><\/h4>\n<p><strong>ThermEcoWat<\/strong> a pour objectif de d\u00e9velopper des outils de gouvernance collaborative afin d\u2019assurer une gestion coordonn\u00e9e et durable des sources thermales, de pr\u00e9server cette ressource et de soutenir le d\u00e9veloppement \u00e9conomique et environnemental des territoires concern\u00e9s. Le projet s\u2019appuie sur la collaboration entre scientifiques, techniciens, d\u00e9cideurs publics et acteurs \u00e9conomiques pour\u202f:<\/p>\n<ul>\n<li><strong>Mieux comprendre <\/strong>l\u2019impact du changement climatique sur les sources thermales gr\u00e2ce \u00e0 la collecte et l\u2019analyse de donn\u00e9es fiables ;<\/li>\n<li><strong>D\u00e9velopper des outils et des m\u00e9thodes<\/strong>\u00a0pour adapter la gestion de ces ressources et pr\u00e9server leur qualit\u00e9 ;<\/li>\n<li><strong>Valoriser l\u2019\u00e9nergie thermique<\/strong>\u00a0des sources, en favorisant l\u2019utilisation de technologies g\u00e9othermiques \u00e0 basse temp\u00e9rature et le stockage de chaleur, pour soutenir une \u00e9conomie locale d\u00e9carbon\u00e9e ;<\/li>\n<li><strong>Renforcer la r\u00e9silience des territoires<\/strong>, notamment dans les petites communaut\u00e9s rurales, en diversifiant les activit\u00e9s \u00e9conomiques autour du tourisme durable et des \u00e9nergies renouvelables.<\/li>\n<\/ul>\n<h4><span style=\"color: #99cc00;\"><strong>Approche et M\u00e9thodologie<\/strong><\/span><\/h4>\n<p><strong>\u00a0<\/strong>Le projet s\u2019appuie sur :<\/p>\n<ul>\n<li>Un r\u00e9seau europ\u00e9en de partenaires<\/li>\n<li>Une Base de Connaissances Commune<\/li>\n<li>Trois sites pilotes :\n<ul>\n<li><strong>Chaudes-Aigues<\/strong> (France)<\/li>\n<li><strong>S\u00e3o Pedro do Sul<\/strong> (Portugal)<\/li>\n<li>C<strong>aldes de Montbui<\/strong> (Espagne)<\/li>\n<\/ul>\n<\/li>\n<\/ul>\n<h4><span style=\"color: #99cc00;\"><strong>Les Partenaires du Projet ThermEcoWat<\/strong><\/span><\/h4>\n<p><strong>Organismes scientifiques et techniques<\/strong><\/p>\n<ul>\n<li><strong>BRGM<\/strong> \u2013 Bureau de Recherches G\u00e9ologiques et Mini\u00e8res (France)<\/li>\n<li><strong>ICGC<\/strong> \u2013 Institut Cartogr\u00e0fic i Geol\u00f2gic de Catalunya (Espagne)<\/li>\n<li><strong>LNEG<\/strong> \u2013 Laborat\u00f3rio Nacional de Energia e Geologia (Portugal)<\/li>\n<li><strong>CSIC-IGME<\/strong> \u2013 Institut G\u00e9ologique et Minier d\u2019Espagne (Coordinateur)<\/li>\n<\/ul>\n<p>&nbsp;<\/p>\n<p><strong>Op\u00e9rateurs thermaux et institutions locales<\/strong><\/p>\n<ul>\n<li><strong>Termalistur<\/strong> (Portugal)<\/li>\n<li><strong>Termas de S\u00e3o Pedro do Sul<\/strong> E.M., S.A. (Portugal)<\/li>\n<li>Municipalit\u00e9 de <strong>Caldes de Montbui <\/strong>(Espagne)<\/li>\n<li>Province d\u2019<strong>Ourense <\/strong>(Espagne)<\/li>\n<li>Association<strong> Thermauvergne<\/strong> (France)<\/li>\n<\/ul>\n<p>&nbsp;<\/p>\n<h3>Suivez-nous sur nos diff\u00e9rents r\u00e9seaux sociaux :<\/h3>\n<p>Page Facebook : <a href=\"https:\/\/www.facebook.com\/ThermEcoWat\">https:\/\/www.facebook.com\/ThermEcoWat<\/a><\/p>\n<p>Page LinkedIn : <a href=\"https:\/\/www.linkedin.com\/company\/thermecowat\">https:\/\/www.linkedin.com\/company\/thermecowat<\/a><\/p>\n<p>Site Web : <a href=\"https:\/\/interreg-sudoe.eu\/fr\/proyecto-interreg\/thermecowat\/\">https:\/\/interreg-sudoe.eu\/fr\/proyecto-interreg\/thermecowat<\/a><\/p>\n","protected":false},"excerpt":{"rendered":"<p>Climat et ressources : un nouvel \u00e9quilibre \u00e0 trouver Les derni\u00e8res d\u00e9cennies ont \u00e9t\u00e9 marqu\u00e9es par des records de chaleur en Europe, avec 2020, 2022, 2019, 2015 et 2014 parmi les ann\u00e9es les plus chaudes enregistr\u00e9es. Dans la r\u00e9gion SUDOE (Sud-Ouest europ\u00e9en), 2022 a \u00e9t\u00e9 l\u2019ann\u00e9e la plus chaude depuis 1950. Cette \u00e9volution du climat [&hellip;]<\/p>\n","protected":false},"author":6514,"featured_media":34294,"template":"","meta":{"_acf_changed":false,"content-type":"","_monsterinsights_skip_tracking":false,"_monsterinsights_sitenote_active":false,"_monsterinsights_sitenote_note":"","_monsterinsights_sitenote_category":0,"footnotes":""},"convocatoria-proyecto-27":[3309],"estado-proyecto-27":[3363],"idioma-proyecto-27":[3561,3202],"objetivo-especifico-proyecto-27":[3285],"pais-proyecto-27":[3371,3374,3378],"periodo":[3556],"prioridad-proyecto-27":[3270],"publico-objetivo":[],"region-proyecto-27":[3535,3505,3403,3511,3417,3426],"tematica-proyecto-27":[4002],"class_list":["post-35327","proyecto-interreg","type-proyecto-interreg","status-publish","has-post-thumbnail","hentry","convocatoria-proyecto-27-1er-appel-a-projets","estado-proyecto-27-en-cours","idioma-proyecto-27-espanol-fr","idioma-proyecto-27-frances-fr","objetivo-especifico-proyecto-27-os-2-5-acces-a-leau-gestion-durable-de-leau","pais-proyecto-27-espagne","pais-proyecto-27-france","pais-proyecto-27-portugal-fr","periodo-2021-2027-fr","prioridad-proyecto-27-1-preserver-le-capital-naturel-et-renforcer-ladaptation-au-changement-climatique-du-sudoe","region-proyecto-27-area-metropolitana-de-lisboa-fr","region-proyecto-27-auvergne-auvergne-rhone-alpes-fr","region-proyecto-27-cataluna-fr","region-proyecto-27-centro-fr","region-proyecto-27-comunidad-de-madrid-fr","region-proyecto-27-galicia-fr","tematica-proyecto-27-gestion-durable-des-ressources-naturelles"],"acf":[],"yoast_head":"<!-- This site is optimized with the Yoast SEO plugin v27.4 - https:\/\/yoast.com\/product\/yoast-seo-wordpress\/ -->\n<title>ThermEcoWat - Interreg Sudoe<\/title>\n<meta name=\"robots\" content=\"index, follow, max-snippet:-1, max-image-preview:large, max-video-preview:-1\" \/>\n<link rel=\"canonical\" href=\"https:\/\/interreg-sudoe.eu\/fr\/proyecto-interreg\/thermecowat\/\" \/>\n<meta property=\"og:locale\" content=\"fr_FR\" \/>\n<meta property=\"og:type\" content=\"article\" \/>\n<meta property=\"og:title\" content=\"ThermEcoWat - Interreg Sudoe\" \/>\n<meta property=\"og:description\" content=\"Climat et ressources : un nouvel \u00e9quilibre \u00e0 trouver Les derni\u00e8res d\u00e9cennies ont \u00e9t\u00e9 marqu\u00e9es par des records de chaleur en Europe, avec 2020, 2022, 2019, 2015 et 2014 parmi les ann\u00e9es les plus chaudes enregistr\u00e9es. Dans la r\u00e9gion SUDOE (Sud-Ouest europ\u00e9en), 2022 a \u00e9t\u00e9 l\u2019ann\u00e9e la plus chaude depuis 1950. Cette \u00e9volution du climat [&hellip;]\" \/>\n<meta property=\"og:url\" content=\"https:\/\/interreg-sudoe.eu\/fr\/proyecto-interreg\/thermecowat\/\" \/>\n<meta property=\"og:site_name\" content=\"Interreg Sudoe\" \/>\n<meta property=\"article:publisher\" content=\"https:\/\/www.facebook.com\/interregsudoe\" \/>\n<meta property=\"article:modified_time\" content=\"2026-01-26T16:42:33+00:00\" \/>\n<meta property=\"og:image\" content=\"https:\/\/interreg-sudoe.eu\/wp-content\/uploads\/2024\/05\/ThermEcoWat_Debajo_RGB-01.jpg\" \/>\n\t<meta property=\"og:image:width\" content=\"1111\" \/>\n\t<meta property=\"og:image:height\" content=\"319\" \/>\n\t<meta property=\"og:image:type\" content=\"image\/jpeg\" \/>\n<meta name=\"twitter:card\" content=\"summary_large_image\" \/>\n<meta name=\"twitter:site\" content=\"@Sudoe5\" \/>\n<meta name=\"twitter:label1\" content=\"Dur\u00e9e de lecture estim\u00e9e\" \/>\n\t<meta name=\"twitter:data1\" content=\"3 minutes\" \/>\n<script type=\"application\/ld+json\" class=\"yoast-schema-graph\">{\"@context\":\"https:\\\/\\\/schema.org\",\"@graph\":[{\"@type\":\"WebPage\",\"@id\":\"https:\\\/\\\/interreg-sudoe.eu\\\/fr\\\/proyecto-interreg\\\/thermecowat\\\/\",\"url\":\"https:\\\/\\\/interreg-sudoe.eu\\\/fr\\\/proyecto-interreg\\\/thermecowat\\\/\",\"name\":\"ThermEcoWat - Interreg Sudoe\",\"isPartOf\":{\"@id\":\"https:\\\/\\\/interreg-sudoe.eu\\\/fr\\\/#website\"},\"primaryImageOfPage\":{\"@id\":\"https:\\\/\\\/interreg-sudoe.eu\\\/fr\\\/proyecto-interreg\\\/thermecowat\\\/#primaryimage\"},\"image\":{\"@id\":\"https:\\\/\\\/interreg-sudoe.eu\\\/fr\\\/proyecto-interreg\\\/thermecowat\\\/#primaryimage\"},\"thumbnailUrl\":\"https:\\\/\\\/interreg-sudoe.eu\\\/wp-content\\\/uploads\\\/2024\\\/05\\\/ThermEcoWat_Debajo_RGB-01.jpg\",\"datePublished\":\"2024-05-30T14:00:40+00:00\",\"dateModified\":\"2026-01-26T16:42:33+00:00\",\"breadcrumb\":{\"@id\":\"https:\\\/\\\/interreg-sudoe.eu\\\/fr\\\/proyecto-interreg\\\/thermecowat\\\/#breadcrumb\"},\"inLanguage\":\"fr-FR\",\"potentialAction\":[{\"@type\":\"ReadAction\",\"target\":[\"https:\\\/\\\/interreg-sudoe.eu\\\/fr\\\/proyecto-interreg\\\/thermecowat\\\/\"]}]},{\"@type\":\"ImageObject\",\"inLanguage\":\"fr-FR\",\"@id\":\"https:\\\/\\\/interreg-sudoe.eu\\\/fr\\\/proyecto-interreg\\\/thermecowat\\\/#primaryimage\",\"url\":\"https:\\\/\\\/interreg-sudoe.eu\\\/wp-content\\\/uploads\\\/2024\\\/05\\\/ThermEcoWat_Debajo_RGB-01.jpg\",\"contentUrl\":\"https:\\\/\\\/interreg-sudoe.eu\\\/wp-content\\\/uploads\\\/2024\\\/05\\\/ThermEcoWat_Debajo_RGB-01.jpg\",\"width\":1111,\"height\":319},{\"@type\":\"BreadcrumbList\",\"@id\":\"https:\\\/\\\/interreg-sudoe.eu\\\/fr\\\/proyecto-interreg\\\/thermecowat\\\/#breadcrumb\",\"itemListElement\":[{\"@type\":\"ListItem\",\"position\":1,\"name\":\"Home\",\"item\":\"https:\\\/\\\/interreg-sudoe.eu\\\/fr\\\/\"},{\"@type\":\"ListItem\",\"position\":2,\"name\":\"ThermEcoWat\"}]},{\"@type\":\"WebSite\",\"@id\":\"https:\\\/\\\/interreg-sudoe.eu\\\/fr\\\/#website\",\"url\":\"https:\\\/\\\/interreg-sudoe.eu\\\/fr\\\/\",\"name\":\"Interreg Sudoe\",\"description\":\"Interreg Sudoe\",\"publisher\":{\"@id\":\"https:\\\/\\\/interreg-sudoe.eu\\\/fr\\\/#organization\"},\"alternateName\":\"Interreg Sudoe\",\"potentialAction\":[{\"@type\":\"SearchAction\",\"target\":{\"@type\":\"EntryPoint\",\"urlTemplate\":\"https:\\\/\\\/interreg-sudoe.eu\\\/fr\\\/?s={search_term_string}\"},\"query-input\":{\"@type\":\"PropertyValueSpecification\",\"valueRequired\":true,\"valueName\":\"search_term_string\"}}],\"inLanguage\":\"fr-FR\"},{\"@type\":\"Organization\",\"@id\":\"https:\\\/\\\/interreg-sudoe.eu\\\/fr\\\/#organization\",\"name\":\"Interreg Sudoe\",\"alternateName\":\"Interreg Sudoe\",\"url\":\"https:\\\/\\\/interreg-sudoe.eu\\\/fr\\\/\",\"logo\":{\"@type\":\"ImageObject\",\"inLanguage\":\"fr-FR\",\"@id\":\"https:\\\/\\\/interreg-sudoe.eu\\\/fr\\\/#\\\/schema\\\/logo\\\/image\\\/\",\"url\":\"https:\\\/\\\/interreg-sudoe.eu\\\/wp-content\\\/uploads\\\/2024\\\/03\\\/logo-interreg.png\",\"contentUrl\":\"https:\\\/\\\/interreg-sudoe.eu\\\/wp-content\\\/uploads\\\/2024\\\/03\\\/logo-interreg.png\",\"width\":1200,\"height\":675,\"caption\":\"Interreg Sudoe\"},\"image\":{\"@id\":\"https:\\\/\\\/interreg-sudoe.eu\\\/fr\\\/#\\\/schema\\\/logo\\\/image\\\/\"},\"sameAs\":[\"https:\\\/\\\/www.facebook.com\\\/interregsudoe\",\"https:\\\/\\\/x.com\\\/Sudoe5\",\"https:\\\/\\\/www.youtube.com\\\/channel\\\/UCeGx2edoB32beRc9dbKA2vw\",\"https:\\\/\\\/www.linkedin.com\\\/company\\\/interreg-sudoe-programme\\\/\",\"https:\\\/\\\/www.flickr.com\\\/photos\\\/148704685@N06\\\/\"]}]}<\/script>\n<!-- \/ Yoast SEO plugin. -->","yoast_head_json":{"title":"ThermEcoWat - Interreg Sudoe","robots":{"index":"index","follow":"follow","max-snippet":"max-snippet:-1","max-image-preview":"max-image-preview:large","max-video-preview":"max-video-preview:-1"},"canonical":"https:\/\/interreg-sudoe.eu\/fr\/proyecto-interreg\/thermecowat\/","og_locale":"fr_FR","og_type":"article","og_title":"ThermEcoWat - Interreg Sudoe","og_description":"Climat et ressources : un nouvel \u00e9quilibre \u00e0 trouver Les derni\u00e8res d\u00e9cennies ont \u00e9t\u00e9 marqu\u00e9es par des records de chaleur en Europe, avec 2020, 2022, 2019, 2015 et 2014 parmi les ann\u00e9es les plus chaudes enregistr\u00e9es. Dans la r\u00e9gion SUDOE (Sud-Ouest europ\u00e9en), 2022 a \u00e9t\u00e9 l\u2019ann\u00e9e la plus chaude depuis 1950. Cette \u00e9volution du climat [&hellip;]","og_url":"https:\/\/interreg-sudoe.eu\/fr\/proyecto-interreg\/thermecowat\/","og_site_name":"Interreg Sudoe","article_publisher":"https:\/\/www.facebook.com\/interregsudoe","article_modified_time":"2026-01-26T16:42:33+00:00","og_image":[{"width":1111,"height":319,"url":"https:\/\/interreg-sudoe.eu\/wp-content\/uploads\/2024\/05\/ThermEcoWat_Debajo_RGB-01.jpg","type":"image\/jpeg"}],"twitter_card":"summary_large_image","twitter_site":"@Sudoe5","twitter_misc":{"Dur\u00e9e de lecture estim\u00e9e":"3 minutes"},"schema":{"@context":"https:\/\/schema.org","@graph":[{"@type":"WebPage","@id":"https:\/\/interreg-sudoe.eu\/fr\/proyecto-interreg\/thermecowat\/","url":"https:\/\/interreg-sudoe.eu\/fr\/proyecto-interreg\/thermecowat\/","name":"ThermEcoWat - Interreg Sudoe","isPartOf":{"@id":"https:\/\/interreg-sudoe.eu\/fr\/#website"},"primaryImageOfPage":{"@id":"https:\/\/interreg-sudoe.eu\/fr\/proyecto-interreg\/thermecowat\/#primaryimage"},"image":{"@id":"https:\/\/interreg-sudoe.eu\/fr\/proyecto-interreg\/thermecowat\/#primaryimage"},"thumbnailUrl":"https:\/\/interreg-sudoe.eu\/wp-content\/uploads\/2024\/05\/ThermEcoWat_Debajo_RGB-01.jpg","datePublished":"2024-05-30T14:00:40+00:00","dateModified":"2026-01-26T16:42:33+00:00","breadcrumb":{"@id":"https:\/\/interreg-sudoe.eu\/fr\/proyecto-interreg\/thermecowat\/#breadcrumb"},"inLanguage":"fr-FR","potentialAction":[{"@type":"ReadAction","target":["https:\/\/interreg-sudoe.eu\/fr\/proyecto-interreg\/thermecowat\/"]}]},{"@type":"ImageObject","inLanguage":"fr-FR","@id":"https:\/\/interreg-sudoe.eu\/fr\/proyecto-interreg\/thermecowat\/#primaryimage","url":"https:\/\/interreg-sudoe.eu\/wp-content\/uploads\/2024\/05\/ThermEcoWat_Debajo_RGB-01.jpg","contentUrl":"https:\/\/interreg-sudoe.eu\/wp-content\/uploads\/2024\/05\/ThermEcoWat_Debajo_RGB-01.jpg","width":1111,"height":319},{"@type":"BreadcrumbList","@id":"https:\/\/interreg-sudoe.eu\/fr\/proyecto-interreg\/thermecowat\/#breadcrumb","itemListElement":[{"@type":"ListItem","position":1,"name":"Home","item":"https:\/\/interreg-sudoe.eu\/fr\/"},{"@type":"ListItem","position":2,"name":"ThermEcoWat"}]},{"@type":"WebSite","@id":"https:\/\/interreg-sudoe.eu\/fr\/#website","url":"https:\/\/interreg-sudoe.eu\/fr\/","name":"Interreg Sudoe","description":"Interreg Sudoe","publisher":{"@id":"https:\/\/interreg-sudoe.eu\/fr\/#organization"},"alternateName":"Interreg Sudoe","potentialAction":[{"@type":"SearchAction","target":{"@type":"EntryPoint","urlTemplate":"https:\/\/interreg-sudoe.eu\/fr\/?s={search_term_string}"},"query-input":{"@type":"PropertyValueSpecification","valueRequired":true,"valueName":"search_term_string"}}],"inLanguage":"fr-FR"},{"@type":"Organization","@id":"https:\/\/interreg-sudoe.eu\/fr\/#organization","name":"Interreg Sudoe","alternateName":"Interreg Sudoe","url":"https:\/\/interreg-sudoe.eu\/fr\/","logo":{"@type":"ImageObject","inLanguage":"fr-FR","@id":"https:\/\/interreg-sudoe.eu\/fr\/#\/schema\/logo\/image\/","url":"https:\/\/interreg-sudoe.eu\/wp-content\/uploads\/2024\/03\/logo-interreg.png","contentUrl":"https:\/\/interreg-sudoe.eu\/wp-content\/uploads\/2024\/03\/logo-interreg.png","width":1200,"height":675,"caption":"Interreg Sudoe"},"image":{"@id":"https:\/\/interreg-sudoe.eu\/fr\/#\/schema\/logo\/image\/"},"sameAs":["https:\/\/www.facebook.com\/interregsudoe","https:\/\/x.com\/Sudoe5","https:\/\/www.youtube.com\/channel\/UCeGx2edoB32beRc9dbKA2vw","https:\/\/www.linkedin.com\/company\/interreg-sudoe-programme\/","https:\/\/www.flickr.com\/photos\/148704685@N06\/"]}]}},"_links":{"self":[{"href":"https:\/\/interreg-sudoe.eu\/fr\/wp-json\/wp\/v2\/proyecto-interreg\/35327","targetHints":{"allow":["GET"]}}],"collection":[{"href":"https:\/\/interreg-sudoe.eu\/fr\/wp-json\/wp\/v2\/proyecto-interreg"}],"about":[{"href":"https:\/\/interreg-sudoe.eu\/fr\/wp-json\/wp\/v2\/types\/proyecto-interreg"}],"author":[{"embeddable":true,"href":"https:\/\/interreg-sudoe.eu\/fr\/wp-json\/wp\/v2\/users\/6514"}],"version-history":[{"count":3,"href":"https:\/\/interreg-sudoe.eu\/fr\/wp-json\/wp\/v2\/proyecto-interreg\/35327\/revisions"}],"predecessor-version":[{"id":59249,"href":"https:\/\/interreg-sudoe.eu\/fr\/wp-json\/wp\/v2\/proyecto-interreg\/35327\/revisions\/59249"}],"wp:featuredmedia":[{"embeddable":true,"href":"https:\/\/interreg-sudoe.eu\/fr\/wp-json\/wp\/v2\/media\/34294"}],"wp:attachment":[{"href":"https:\/\/interreg-sudoe.eu\/fr\/wp-json\/wp\/v2\/media?parent=35327"}],"wp:term":[{"taxonomy":"convocatoria-proyecto-27","embeddable":true,"href":"https:\/\/interreg-sudoe.eu\/fr\/wp-json\/wp\/v2\/convocatoria-proyecto-27?post=35327"},{"taxonomy":"estado-proyecto-27","embeddable":true,"href":"https:\/\/interreg-sudoe.eu\/fr\/wp-json\/wp\/v2\/estado-proyecto-27?post=35327"},{"taxonomy":"idioma-proyecto-27","embeddable":true,"href":"https:\/\/interreg-sudoe.eu\/fr\/wp-json\/wp\/v2\/idioma-proyecto-27?post=35327"},{"taxonomy":"objetivo-especifico-proyecto-27","embeddable":true,"href":"https:\/\/interreg-sudoe.eu\/fr\/wp-json\/wp\/v2\/objetivo-especifico-proyecto-27?post=35327"},{"taxonomy":"pais-proyecto-27","embeddable":true,"href":"https:\/\/interreg-sudoe.eu\/fr\/wp-json\/wp\/v2\/pais-proyecto-27?post=35327"},{"taxonomy":"periodo","embeddable":true,"href":"https:\/\/interreg-sudoe.eu\/fr\/wp-json\/wp\/v2\/periodo?post=35327"},{"taxonomy":"prioridad-proyecto-27","embeddable":true,"href":"https:\/\/interreg-sudoe.eu\/fr\/wp-json\/wp\/v2\/prioridad-proyecto-27?post=35327"},{"taxonomy":"publico-objetivo","embeddable":true,"href":"https:\/\/interreg-sudoe.eu\/fr\/wp-json\/wp\/v2\/publico-objetivo?post=35327"},{"taxonomy":"region-proyecto-27","embeddable":true,"href":"https:\/\/interreg-sudoe.eu\/fr\/wp-json\/wp\/v2\/region-proyecto-27?post=35327"},{"taxonomy":"tematica-proyecto-27","embeddable":true,"href":"https:\/\/interreg-sudoe.eu\/fr\/wp-json\/wp\/v2\/tematica-proyecto-27?post=35327"}],"curies":[{"name":"wp","href":"https:\/\/api.w.org\/{rel}","templated":true}]}}