{"id":35337,"date":"2024-05-30T16:00:40","date_gmt":"2024-05-30T14:00:40","guid":{"rendered":"https:\/\/interreg-sudoe.eu\/proyecto-interreg\/aquapred\/"},"modified":"2025-09-16T11:19:16","modified_gmt":"2025-09-16T09:19:16","slug":"aquapred","status":"publish","type":"proyecto-interreg","link":"https:\/\/interreg-sudoe.eu\/fr\/proyecto-interreg\/aquapred\/","title":{"rendered":"AQUAPRED"},"content":{"rendered":"<p>La recherche et l&rsquo;innovation sont des sujets primordiaux dans l\u2019espace SUDOE aussi bien d&rsquo;un point de vue \u00e9conomique que sociale. Le thermalisme allie savoir-faire ancestrale et technologie de pointe, comme l&rsquo;a d\u00e9j\u00e0 d\u00e9montr\u00e9 le programme TERMARED. Au del\u00e0, du maintien d&rsquo;un partenariat fort entre centres d\u2019innovation, universit\u00e9s ou r\u00e9seaux d&rsquo;entreprise, ce lien entre pass\u00e9 et futur est la base du projet AQUAPRED.<br \/>\nAQUAPRED est un projet interdisciplinaire (physique, sant\u00e9, chimie, biologie et informatique), bas\u00e9 sur la volont\u00e9 de cr\u00e9er un outil de surveillance et de contr\u00f4le, en temps r\u00e9el, des eaux min\u00e9rales naturelles (ou eaux thermales), utilis\u00e9es \u00e0 des fins th\u00e9rapeutiques. Cet outil de pr\u00e9diction des contaminants s&rsquo;appuiera une num\u00e9risation des donn\u00e9es des param\u00e8tres physico-chimique des eaux min\u00e9rales naturelles.<br \/>\nDans un 1er temps, le projet d\u00e9terminera les param\u00e8tres fondamentaux des eaux thermales, ainsi que leurs plages de fluctuation au sein d&rsquo;\u00e9tablissement thermaux et analysera les cons\u00e9quences de cette fluctuation sur la qualit\u00e9 de l\u2019eau et notamment le d\u00e9veloppement de micro-organisme (nomm\u00e9 hydrobiome) . Par la suite, la corr\u00e9lation entre d\u00e9s\u00e9quilibre physico-chimique et contamination sera \u00e9tudi\u00e9e et un mod\u00e8le d&rsquo;hydrobiome pourra \u00eatre d\u00e9finie et associ\u00e9 aux propri\u00e9t\u00e9s des eaux thermales..<\/p>\n<p>Pour se faire, des syst\u00e8mes \u00ab\u00a0pilotes\u00a0\u00bb de collecte de donn\u00e9es en temps r\u00e9el seront d\u00e9velopp\u00e9s et install\u00e9s dans plusieurs \u00e9tablissements thermaux de la zone SUDOE. Les param\u00e8tres physico-chimique des eaux pourront alors \u00eatre surveill\u00e9s, en utilisant un dispositifs sp\u00e9cialement con\u00e7us pour le projet. Cet outil d\u2019intelligence artificielle ( IA) sera d\u00e9velopp\u00e9, sur la base des donn\u00e9es recueillies, lesquelles permettront d&rsquo;am\u00e9liorer le contr\u00f4le et le traitement de l\u2019eau (ex :d\u00e9sinfection&#8230;); l&rsquo;utilisation du Deep Learning permettra , par ailleurs, de pr\u00e9dire l\u2019apparition de contaminants dans ces eaux (ex : Legionella, E Coli, etc.).<br \/>\nEn outre, l&rsquo;outil devrait \u00e9galement permettre une meilleurs gestion des ressources \u00e9nerg\u00e9tiques, permettant ainsi d&rsquo;optimiser son efficacit\u00e9.<\/p>\n","protected":false},"excerpt":{"rendered":"<p>La recherche et l&rsquo;innovation sont des sujets primordiaux dans l\u2019espace SUDOE aussi bien d&rsquo;un point de vue \u00e9conomique que sociale. Le thermalisme allie savoir-faire ancestrale et technologie de pointe, comme l&rsquo;a d\u00e9j\u00e0 d\u00e9montr\u00e9 le programme TERMARED. Au del\u00e0, du maintien d&rsquo;un partenariat fort entre centres d\u2019innovation, universit\u00e9s ou r\u00e9seaux d&rsquo;entreprise, ce lien entre pass\u00e9 et [&hellip;]<\/p>\n","protected":false},"author":4941,"featured_media":34305,"template":"","meta":{"_acf_changed":false,"content-type":"","_monsterinsights_skip_tracking":false,"_monsterinsights_sitenote_active":false,"_monsterinsights_sitenote_note":"","_monsterinsights_sitenote_category":0,"footnotes":""},"convocatoria-proyecto-27":[3309],"estado-proyecto-27":[3363],"idioma-proyecto-27":[3561,3202],"objetivo-especifico-proyecto-27":[3282],"pais-proyecto-27":[3371,3374,3378],"periodo":[3556],"prioridad-proyecto-27":[3271],"publico-objetivo":[],"region-proyecto-27":[3390,3417,3514,3423,3426,3517],"tematica-proyecto-27":[4005],"class_list":["post-35337","proyecto-interreg","type-proyecto-interreg","status-publish","has-post-thumbnail","hentry","convocatoria-proyecto-27-1er-appel-a-projets","estado-proyecto-27-en-cours","idioma-proyecto-27-espanol-fr","idioma-proyecto-27-frances-fr","objetivo-especifico-proyecto-27-os-1-1-recherche-innovation","pais-proyecto-27-espagne","pais-proyecto-27-france","pais-proyecto-27-portugal-fr","periodo-2021-2027-fr","prioridad-proyecto-27-2-promouvoir-la-cohesion-sociale-et-lequilibre-territorial-et-demographique-du-sudoe-a-travers-linnovation-et-la-transformation-des-secteurs-productifs","region-proyecto-27-aquitaine-nouvelle-aquitaine-fr","region-proyecto-27-comunidad-de-madrid-fr","region-proyecto-27-comunidad-valenciana-fr","region-proyecto-27-extremadura-fr","region-proyecto-27-galicia-fr","region-proyecto-27-norte-fr","tematica-proyecto-27-gestion-de-leau"],"acf":[],"yoast_head":"<!-- This site is optimized with the Yoast SEO plugin v27.4 - https:\/\/yoast.com\/product\/yoast-seo-wordpress\/ -->\n<title>AQUAPRED - Interreg Sudoe<\/title>\n<meta name=\"robots\" content=\"index, follow, max-snippet:-1, max-image-preview:large, max-video-preview:-1\" \/>\n<link rel=\"canonical\" href=\"https:\/\/interreg-sudoe.eu\/fr\/proyecto-interreg\/aquapred\/\" \/>\n<meta property=\"og:locale\" content=\"fr_FR\" \/>\n<meta property=\"og:type\" content=\"article\" \/>\n<meta property=\"og:title\" content=\"AQUAPRED - Interreg Sudoe\" \/>\n<meta property=\"og:description\" content=\"La recherche et l&rsquo;innovation sont des sujets primordiaux dans l\u2019espace SUDOE aussi bien d&rsquo;un point de vue \u00e9conomique que sociale. Le thermalisme allie savoir-faire ancestrale et technologie de pointe, comme l&rsquo;a d\u00e9j\u00e0 d\u00e9montr\u00e9 le programme TERMARED. Au del\u00e0, du maintien d&rsquo;un partenariat fort entre centres d\u2019innovation, universit\u00e9s ou r\u00e9seaux d&rsquo;entreprise, ce lien entre pass\u00e9 et [&hellip;]\" \/>\n<meta property=\"og:url\" content=\"https:\/\/interreg-sudoe.eu\/fr\/proyecto-interreg\/aquapred\/\" \/>\n<meta property=\"og:site_name\" content=\"Interreg Sudoe\" \/>\n<meta property=\"article:publisher\" content=\"https:\/\/www.facebook.com\/interregsudoe\" \/>\n<meta property=\"article:modified_time\" content=\"2025-09-16T09:19:16+00:00\" \/>\n<meta property=\"og:image\" content=\"https:\/\/interreg-sudoe.eu\/wp-content\/uploads\/2024\/05\/AQUAPRED_Debajo_RGB-01.jpg\" \/>\n\t<meta property=\"og:image:width\" content=\"1111\" \/>\n\t<meta property=\"og:image:height\" content=\"319\" \/>\n\t<meta property=\"og:image:type\" content=\"image\/jpeg\" \/>\n<meta name=\"twitter:card\" content=\"summary_large_image\" \/>\n<meta name=\"twitter:site\" content=\"@Sudoe5\" \/>\n<meta name=\"twitter:label1\" content=\"Dur\u00e9e de lecture estim\u00e9e\" \/>\n\t<meta name=\"twitter:data1\" content=\"2 minutes\" \/>\n<script type=\"application\/ld+json\" class=\"yoast-schema-graph\">{\"@context\":\"https:\\\/\\\/schema.org\",\"@graph\":[{\"@type\":\"WebPage\",\"@id\":\"https:\\\/\\\/interreg-sudoe.eu\\\/fr\\\/proyecto-interreg\\\/aquapred\\\/\",\"url\":\"https:\\\/\\\/interreg-sudoe.eu\\\/fr\\\/proyecto-interreg\\\/aquapred\\\/\",\"name\":\"AQUAPRED - Interreg Sudoe\",\"isPartOf\":{\"@id\":\"https:\\\/\\\/interreg-sudoe.eu\\\/fr\\\/#website\"},\"primaryImageOfPage\":{\"@id\":\"https:\\\/\\\/interreg-sudoe.eu\\\/fr\\\/proyecto-interreg\\\/aquapred\\\/#primaryimage\"},\"image\":{\"@id\":\"https:\\\/\\\/interreg-sudoe.eu\\\/fr\\\/proyecto-interreg\\\/aquapred\\\/#primaryimage\"},\"thumbnailUrl\":\"https:\\\/\\\/interreg-sudoe.eu\\\/wp-content\\\/uploads\\\/2024\\\/05\\\/AQUAPRED_Debajo_RGB-01.jpg\",\"datePublished\":\"2024-05-30T14:00:40+00:00\",\"dateModified\":\"2025-09-16T09:19:16+00:00\",\"breadcrumb\":{\"@id\":\"https:\\\/\\\/interreg-sudoe.eu\\\/fr\\\/proyecto-interreg\\\/aquapred\\\/#breadcrumb\"},\"inLanguage\":\"fr-FR\",\"potentialAction\":[{\"@type\":\"ReadAction\",\"target\":[\"https:\\\/\\\/interreg-sudoe.eu\\\/fr\\\/proyecto-interreg\\\/aquapred\\\/\"]}]},{\"@type\":\"ImageObject\",\"inLanguage\":\"fr-FR\",\"@id\":\"https:\\\/\\\/interreg-sudoe.eu\\\/fr\\\/proyecto-interreg\\\/aquapred\\\/#primaryimage\",\"url\":\"https:\\\/\\\/interreg-sudoe.eu\\\/wp-content\\\/uploads\\\/2024\\\/05\\\/AQUAPRED_Debajo_RGB-01.jpg\",\"contentUrl\":\"https:\\\/\\\/interreg-sudoe.eu\\\/wp-content\\\/uploads\\\/2024\\\/05\\\/AQUAPRED_Debajo_RGB-01.jpg\",\"width\":1111,\"height\":319},{\"@type\":\"BreadcrumbList\",\"@id\":\"https:\\\/\\\/interreg-sudoe.eu\\\/fr\\\/proyecto-interreg\\\/aquapred\\\/#breadcrumb\",\"itemListElement\":[{\"@type\":\"ListItem\",\"position\":1,\"name\":\"Home\",\"item\":\"https:\\\/\\\/interreg-sudoe.eu\\\/fr\\\/\"},{\"@type\":\"ListItem\",\"position\":2,\"name\":\"AQUAPRED\"}]},{\"@type\":\"WebSite\",\"@id\":\"https:\\\/\\\/interreg-sudoe.eu\\\/fr\\\/#website\",\"url\":\"https:\\\/\\\/interreg-sudoe.eu\\\/fr\\\/\",\"name\":\"Interreg Sudoe\",\"description\":\"Interreg Sudoe\",\"publisher\":{\"@id\":\"https:\\\/\\\/interreg-sudoe.eu\\\/fr\\\/#organization\"},\"alternateName\":\"Interreg Sudoe\",\"potentialAction\":[{\"@type\":\"SearchAction\",\"target\":{\"@type\":\"EntryPoint\",\"urlTemplate\":\"https:\\\/\\\/interreg-sudoe.eu\\\/fr\\\/?s={search_term_string}\"},\"query-input\":{\"@type\":\"PropertyValueSpecification\",\"valueRequired\":true,\"valueName\":\"search_term_string\"}}],\"inLanguage\":\"fr-FR\"},{\"@type\":\"Organization\",\"@id\":\"https:\\\/\\\/interreg-sudoe.eu\\\/fr\\\/#organization\",\"name\":\"Interreg Sudoe\",\"alternateName\":\"Interreg Sudoe\",\"url\":\"https:\\\/\\\/interreg-sudoe.eu\\\/fr\\\/\",\"logo\":{\"@type\":\"ImageObject\",\"inLanguage\":\"fr-FR\",\"@id\":\"https:\\\/\\\/interreg-sudoe.eu\\\/fr\\\/#\\\/schema\\\/logo\\\/image\\\/\",\"url\":\"https:\\\/\\\/interreg-sudoe.eu\\\/wp-content\\\/uploads\\\/2024\\\/03\\\/logo-interreg.png\",\"contentUrl\":\"https:\\\/\\\/interreg-sudoe.eu\\\/wp-content\\\/uploads\\\/2024\\\/03\\\/logo-interreg.png\",\"width\":1200,\"height\":675,\"caption\":\"Interreg Sudoe\"},\"image\":{\"@id\":\"https:\\\/\\\/interreg-sudoe.eu\\\/fr\\\/#\\\/schema\\\/logo\\\/image\\\/\"},\"sameAs\":[\"https:\\\/\\\/www.facebook.com\\\/interregsudoe\",\"https:\\\/\\\/x.com\\\/Sudoe5\",\"https:\\\/\\\/www.youtube.com\\\/channel\\\/UCeGx2edoB32beRc9dbKA2vw\",\"https:\\\/\\\/www.linkedin.com\\\/company\\\/interreg-sudoe-programme\\\/\",\"https:\\\/\\\/www.flickr.com\\\/photos\\\/148704685@N06\\\/\"]}]}<\/script>\n<!-- \/ Yoast SEO plugin. -->","yoast_head_json":{"title":"AQUAPRED - Interreg Sudoe","robots":{"index":"index","follow":"follow","max-snippet":"max-snippet:-1","max-image-preview":"max-image-preview:large","max-video-preview":"max-video-preview:-1"},"canonical":"https:\/\/interreg-sudoe.eu\/fr\/proyecto-interreg\/aquapred\/","og_locale":"fr_FR","og_type":"article","og_title":"AQUAPRED - Interreg Sudoe","og_description":"La recherche et l&rsquo;innovation sont des sujets primordiaux dans l\u2019espace SUDOE aussi bien d&rsquo;un point de vue \u00e9conomique que sociale. Le thermalisme allie savoir-faire ancestrale et technologie de pointe, comme l&rsquo;a d\u00e9j\u00e0 d\u00e9montr\u00e9 le programme TERMARED. Au del\u00e0, du maintien d&rsquo;un partenariat fort entre centres d\u2019innovation, universit\u00e9s ou r\u00e9seaux d&rsquo;entreprise, ce lien entre pass\u00e9 et [&hellip;]","og_url":"https:\/\/interreg-sudoe.eu\/fr\/proyecto-interreg\/aquapred\/","og_site_name":"Interreg Sudoe","article_publisher":"https:\/\/www.facebook.com\/interregsudoe","article_modified_time":"2025-09-16T09:19:16+00:00","og_image":[{"width":1111,"height":319,"url":"https:\/\/interreg-sudoe.eu\/wp-content\/uploads\/2024\/05\/AQUAPRED_Debajo_RGB-01.jpg","type":"image\/jpeg"}],"twitter_card":"summary_large_image","twitter_site":"@Sudoe5","twitter_misc":{"Dur\u00e9e de lecture estim\u00e9e":"2 minutes"},"schema":{"@context":"https:\/\/schema.org","@graph":[{"@type":"WebPage","@id":"https:\/\/interreg-sudoe.eu\/fr\/proyecto-interreg\/aquapred\/","url":"https:\/\/interreg-sudoe.eu\/fr\/proyecto-interreg\/aquapred\/","name":"AQUAPRED - Interreg Sudoe","isPartOf":{"@id":"https:\/\/interreg-sudoe.eu\/fr\/#website"},"primaryImageOfPage":{"@id":"https:\/\/interreg-sudoe.eu\/fr\/proyecto-interreg\/aquapred\/#primaryimage"},"image":{"@id":"https:\/\/interreg-sudoe.eu\/fr\/proyecto-interreg\/aquapred\/#primaryimage"},"thumbnailUrl":"https:\/\/interreg-sudoe.eu\/wp-content\/uploads\/2024\/05\/AQUAPRED_Debajo_RGB-01.jpg","datePublished":"2024-05-30T14:00:40+00:00","dateModified":"2025-09-16T09:19:16+00:00","breadcrumb":{"@id":"https:\/\/interreg-sudoe.eu\/fr\/proyecto-interreg\/aquapred\/#breadcrumb"},"inLanguage":"fr-FR","potentialAction":[{"@type":"ReadAction","target":["https:\/\/interreg-sudoe.eu\/fr\/proyecto-interreg\/aquapred\/"]}]},{"@type":"ImageObject","inLanguage":"fr-FR","@id":"https:\/\/interreg-sudoe.eu\/fr\/proyecto-interreg\/aquapred\/#primaryimage","url":"https:\/\/interreg-sudoe.eu\/wp-content\/uploads\/2024\/05\/AQUAPRED_Debajo_RGB-01.jpg","contentUrl":"https:\/\/interreg-sudoe.eu\/wp-content\/uploads\/2024\/05\/AQUAPRED_Debajo_RGB-01.jpg","width":1111,"height":319},{"@type":"BreadcrumbList","@id":"https:\/\/interreg-sudoe.eu\/fr\/proyecto-interreg\/aquapred\/#breadcrumb","itemListElement":[{"@type":"ListItem","position":1,"name":"Home","item":"https:\/\/interreg-sudoe.eu\/fr\/"},{"@type":"ListItem","position":2,"name":"AQUAPRED"}]},{"@type":"WebSite","@id":"https:\/\/interreg-sudoe.eu\/fr\/#website","url":"https:\/\/interreg-sudoe.eu\/fr\/","name":"Interreg Sudoe","description":"Interreg Sudoe","publisher":{"@id":"https:\/\/interreg-sudoe.eu\/fr\/#organization"},"alternateName":"Interreg Sudoe","potentialAction":[{"@type":"SearchAction","target":{"@type":"EntryPoint","urlTemplate":"https:\/\/interreg-sudoe.eu\/fr\/?s={search_term_string}"},"query-input":{"@type":"PropertyValueSpecification","valueRequired":true,"valueName":"search_term_string"}}],"inLanguage":"fr-FR"},{"@type":"Organization","@id":"https:\/\/interreg-sudoe.eu\/fr\/#organization","name":"Interreg Sudoe","alternateName":"Interreg Sudoe","url":"https:\/\/interreg-sudoe.eu\/fr\/","logo":{"@type":"ImageObject","inLanguage":"fr-FR","@id":"https:\/\/interreg-sudoe.eu\/fr\/#\/schema\/logo\/image\/","url":"https:\/\/interreg-sudoe.eu\/wp-content\/uploads\/2024\/03\/logo-interreg.png","contentUrl":"https:\/\/interreg-sudoe.eu\/wp-content\/uploads\/2024\/03\/logo-interreg.png","width":1200,"height":675,"caption":"Interreg Sudoe"},"image":{"@id":"https:\/\/interreg-sudoe.eu\/fr\/#\/schema\/logo\/image\/"},"sameAs":["https:\/\/www.facebook.com\/interregsudoe","https:\/\/x.com\/Sudoe5","https:\/\/www.youtube.com\/channel\/UCeGx2edoB32beRc9dbKA2vw","https:\/\/www.linkedin.com\/company\/interreg-sudoe-programme\/","https:\/\/www.flickr.com\/photos\/148704685@N06\/"]}]}},"_links":{"self":[{"href":"https:\/\/interreg-sudoe.eu\/fr\/wp-json\/wp\/v2\/proyecto-interreg\/35337","targetHints":{"allow":["GET"]}}],"collection":[{"href":"https:\/\/interreg-sudoe.eu\/fr\/wp-json\/wp\/v2\/proyecto-interreg"}],"about":[{"href":"https:\/\/interreg-sudoe.eu\/fr\/wp-json\/wp\/v2\/types\/proyecto-interreg"}],"author":[{"embeddable":true,"href":"https:\/\/interreg-sudoe.eu\/fr\/wp-json\/wp\/v2\/users\/4941"}],"version-history":[{"count":2,"href":"https:\/\/interreg-sudoe.eu\/fr\/wp-json\/wp\/v2\/proyecto-interreg\/35337\/revisions"}],"predecessor-version":[{"id":51868,"href":"https:\/\/interreg-sudoe.eu\/fr\/wp-json\/wp\/v2\/proyecto-interreg\/35337\/revisions\/51868"}],"wp:featuredmedia":[{"embeddable":true,"href":"https:\/\/interreg-sudoe.eu\/fr\/wp-json\/wp\/v2\/media\/34305"}],"wp:attachment":[{"href":"https:\/\/interreg-sudoe.eu\/fr\/wp-json\/wp\/v2\/media?parent=35337"}],"wp:term":[{"taxonomy":"convocatoria-proyecto-27","embeddable":true,"href":"https:\/\/interreg-sudoe.eu\/fr\/wp-json\/wp\/v2\/convocatoria-proyecto-27?post=35337"},{"taxonomy":"estado-proyecto-27","embeddable":true,"href":"https:\/\/interreg-sudoe.eu\/fr\/wp-json\/wp\/v2\/estado-proyecto-27?post=35337"},{"taxonomy":"idioma-proyecto-27","embeddable":true,"href":"https:\/\/interreg-sudoe.eu\/fr\/wp-json\/wp\/v2\/idioma-proyecto-27?post=35337"},{"taxonomy":"objetivo-especifico-proyecto-27","embeddable":true,"href":"https:\/\/interreg-sudoe.eu\/fr\/wp-json\/wp\/v2\/objetivo-especifico-proyecto-27?post=35337"},{"taxonomy":"pais-proyecto-27","embeddable":true,"href":"https:\/\/interreg-sudoe.eu\/fr\/wp-json\/wp\/v2\/pais-proyecto-27?post=35337"},{"taxonomy":"periodo","embeddable":true,"href":"https:\/\/interreg-sudoe.eu\/fr\/wp-json\/wp\/v2\/periodo?post=35337"},{"taxonomy":"prioridad-proyecto-27","embeddable":true,"href":"https:\/\/interreg-sudoe.eu\/fr\/wp-json\/wp\/v2\/prioridad-proyecto-27?post=35337"},{"taxonomy":"publico-objetivo","embeddable":true,"href":"https:\/\/interreg-sudoe.eu\/fr\/wp-json\/wp\/v2\/publico-objetivo?post=35337"},{"taxonomy":"region-proyecto-27","embeddable":true,"href":"https:\/\/interreg-sudoe.eu\/fr\/wp-json\/wp\/v2\/region-proyecto-27?post=35337"},{"taxonomy":"tematica-proyecto-27","embeddable":true,"href":"https:\/\/interreg-sudoe.eu\/fr\/wp-json\/wp\/v2\/tematica-proyecto-27?post=35337"}],"curies":[{"name":"wp","href":"https:\/\/api.w.org\/{rel}","templated":true}]}}