{"id":24764,"date":"2016-07-01T00:00:00","date_gmt":"2016-06-30T22:00:00","guid":{"rendered":"https:\/\/interreg-sudoe.eu\/proyectos\/valorisation-des-plantes-aromatiques-et-medicinales-sylvestres-gestion-durable-de-la-biodiversite-vegetale-et-developpement-socioeconomique-des-zones-rurales-de-lespace-sudoe\/"},"modified":"2016-07-01T00:00:00","modified_gmt":"2016-06-30T22:00:00","slug":"valorisation-des-plantes-aromatiques-et-medicinales-sylvestres-gestion-durable-de-la-biodiversite-vegetale-et-developpement-socioeconomique-des-zones-rurales-de-lespace-sudoe","status":"publish","type":"proyectos","link":"https:\/\/interreg-sudoe.eu\/fr\/proyectos\/valorisation-des-plantes-aromatiques-et-medicinales-sylvestres-gestion-durable-de-la-biodiversite-vegetale-et-developpement-socioeconomique-des-zones-rurales-de-lespace-sudoe\/","title":{"rendered":"Valorisation des Plantes Aromatiques et M\u00e9dicinales sylvestres : Gestion durable de la biodiversit\u00e9 v\u00e9g\u00e9tale et d\u00e9veloppement socio\u00e9conomique des zones rurales de l&rsquo;Espace SUDOE"},"content":{"rendered":"<p style=\"text-align: justify \">VALUEPAM aspire \u00e0 am\u00e9liorer la gestion, la planification et la valorisation du secteur des plantes aromatique-m\u00e9dicinales (PAM) et leur utilisation comme outil de d\u00e9veloppement \u00e9conomique dans les espaces naturels et les zones rurales des pays du sud-ouest de l&rsquo;Europe. \u00c0 cet effet, le projet pr\u00e9voit d&rsquo;effectuer une \u00e9tude exhaustive sur le secteur et une m\u00e9thodologie commune de r\u00e9daction de plans de gestion et d\u2019utilisation \u00e9conomique de ces plantes. Pour mettre en pratique la th\u00e9orie, VALUEPAM d\u00e9veloppera des actions pilotes de culture et de commercialisation, qui seront post\u00e9rieurement transf\u00e9r\u00e9es aux administrations et aux entreprises.<\/p>\n","protected":false},"featured_media":2482,"template":"","meta":{"_acf_changed":false,"content-type":"","_monsterinsights_skip_tracking":false,"_monsterinsights_sitenote_active":false,"_monsterinsights_sitenote_note":"","_monsterinsights_sitenote_category":0,"footnotes":""},"destinatario-proyecto":[2130,2133,2136,2164,2232,2161,2258,2228,2234,2240,2191],"eje-proyectos":[3125],"objetivos-proyecto":[3158],"region-proyecto":[1821,1801,1785,1831,1805,1833,1811,1815],"resultado-proyecto":[],"seccion-proyecto":[2417],"class_list":["post-24764","proyectos","type-proyectos","status-publish","has-post-thumbnail","hentry","destinatario-proyecto-administration-generale-de-letat","destinatario-proyecto-agences-locales-de-developpement","destinatario-proyecto-agences-regionales-de-developpement","destinatario-proyecto-associations-professionnelles-associations-interprofessionnelles","destinatario-proyecto-autres","destinatario-proyecto-autres-centres-denseignement","destinatario-proyecto-mancomunaute","destinatario-proyecto-micro-entreprise","destinatario-proyecto-parc-national","destinatario-proyecto-parc-naturel-regional","destinatario-proyecto-tres-petite-entreprise-tpe","eje-proyectos-axe-5-environnement-et-efficacite-des-ressources","objetivos-proyecto-objectif-6c1","region-proyecto-alentejo-fr","region-proyecto-andalucia-fr","region-proyecto-cataluna-fr","region-proyecto-espagne","region-proyecto-france","region-proyecto-languedoc-roussillon-fr","region-proyecto-midi-pyrenees-fr","region-proyecto-portugal-fr","seccion-proyecto-gestion-du-patrimoine-naturel"],"acf":[],"yoast_head":"<!-- This site is optimized with the Yoast SEO plugin v27.4 - https:\/\/yoast.com\/product\/yoast-seo-wordpress\/ -->\n<title>Valorisation des Plantes Aromatiques et M\u00e9dicinales sylvestres : Gestion durable de la biodiversit\u00e9 v\u00e9g\u00e9tale et d\u00e9veloppement socio\u00e9conomique des zones rurales de l&#039;Espace SUDOE - Interreg Sudoe<\/title>\n<meta name=\"robots\" content=\"index, follow, max-snippet:-1, max-image-preview:large, max-video-preview:-1\" \/>\n<link rel=\"canonical\" href=\"https:\/\/interreg-sudoe.eu\/fr\/proyectos\/valorisation-des-plantes-aromatiques-et-medicinales-sylvestres-gestion-durable-de-la-biodiversite-vegetale-et-developpement-socioeconomique-des-zones-rurales-de-lespace-sudoe\/\" \/>\n<meta property=\"og:locale\" content=\"fr_FR\" \/>\n<meta property=\"og:type\" content=\"article\" \/>\n<meta property=\"og:title\" content=\"Valorisation des Plantes Aromatiques et M\u00e9dicinales sylvestres : Gestion durable de la biodiversit\u00e9 v\u00e9g\u00e9tale et d\u00e9veloppement socio\u00e9conomique des zones rurales de l&#039;Espace SUDOE - Interreg Sudoe\" \/>\n<meta property=\"og:description\" content=\"VALUEPAM aspire \u00e0 am\u00e9liorer la gestion, la planification et la valorisation du secteur des plantes aromatique-m\u00e9dicinales (PAM) et leur utilisation comme outil de d\u00e9veloppement \u00e9conomique dans les espaces naturels et les zones rurales des pays du sud-ouest de l&rsquo;Europe. \u00c0 cet effet, le projet pr\u00e9voit d&rsquo;effectuer une \u00e9tude exhaustive sur le secteur et une m\u00e9thodologie [&hellip;]\" \/>\n<meta property=\"og:url\" content=\"https:\/\/interreg-sudoe.eu\/fr\/proyectos\/valorisation-des-plantes-aromatiques-et-medicinales-sylvestres-gestion-durable-de-la-biodiversite-vegetale-et-developpement-socioeconomique-des-zones-rurales-de-lespace-sudoe\/\" \/>\n<meta property=\"og:site_name\" content=\"Interreg Sudoe\" \/>\n<meta property=\"article:publisher\" content=\"https:\/\/www.facebook.com\/interregsudoe\" \/>\n<meta property=\"og:image\" content=\"https:\/\/interreg-sudoe.eu\/wp-content\/uploads\/2023\/09\/FB24B954-6D5A-7BA9-2924-5B459B062628.jpg\" \/>\n\t<meta property=\"og:image:width\" content=\"579\" \/>\n\t<meta property=\"og:image:height\" content=\"330\" \/>\n\t<meta property=\"og:image:type\" content=\"image\/jpeg\" \/>\n<meta name=\"twitter:card\" content=\"summary_large_image\" \/>\n<meta name=\"twitter:site\" content=\"@Sudoe5\" \/>\n<meta name=\"twitter:label1\" content=\"Dur\u00e9e de lecture estim\u00e9e\" \/>\n\t<meta name=\"twitter:data1\" content=\"1 minute\" \/>\n<script type=\"application\/ld+json\" class=\"yoast-schema-graph\">{\"@context\":\"https:\\\/\\\/schema.org\",\"@graph\":[{\"@type\":\"WebPage\",\"@id\":\"https:\\\/\\\/interreg-sudoe.eu\\\/fr\\\/proyectos\\\/valorisation-des-plantes-aromatiques-et-medicinales-sylvestres-gestion-durable-de-la-biodiversite-vegetale-et-developpement-socioeconomique-des-zones-rurales-de-lespace-sudoe\\\/\",\"url\":\"https:\\\/\\\/interreg-sudoe.eu\\\/fr\\\/proyectos\\\/valorisation-des-plantes-aromatiques-et-medicinales-sylvestres-gestion-durable-de-la-biodiversite-vegetale-et-developpement-socioeconomique-des-zones-rurales-de-lespace-sudoe\\\/\",\"name\":\"Valorisation des Plantes Aromatiques et M\u00e9dicinales sylvestres : Gestion durable de la biodiversit\u00e9 v\u00e9g\u00e9tale et d\u00e9veloppement socio\u00e9conomique des zones rurales de l'Espace SUDOE - Interreg Sudoe\",\"isPartOf\":{\"@id\":\"https:\\\/\\\/interreg-sudoe.eu\\\/fr\\\/#website\"},\"primaryImageOfPage\":{\"@id\":\"https:\\\/\\\/interreg-sudoe.eu\\\/fr\\\/proyectos\\\/valorisation-des-plantes-aromatiques-et-medicinales-sylvestres-gestion-durable-de-la-biodiversite-vegetale-et-developpement-socioeconomique-des-zones-rurales-de-lespace-sudoe\\\/#primaryimage\"},\"image\":{\"@id\":\"https:\\\/\\\/interreg-sudoe.eu\\\/fr\\\/proyectos\\\/valorisation-des-plantes-aromatiques-et-medicinales-sylvestres-gestion-durable-de-la-biodiversite-vegetale-et-developpement-socioeconomique-des-zones-rurales-de-lespace-sudoe\\\/#primaryimage\"},\"thumbnailUrl\":\"https:\\\/\\\/interreg-sudoe.eu\\\/wp-content\\\/uploads\\\/2023\\\/09\\\/FB24B954-6D5A-7BA9-2924-5B459B062628.jpg\",\"datePublished\":\"2016-06-30T22:00:00+00:00\",\"breadcrumb\":{\"@id\":\"https:\\\/\\\/interreg-sudoe.eu\\\/fr\\\/proyectos\\\/valorisation-des-plantes-aromatiques-et-medicinales-sylvestres-gestion-durable-de-la-biodiversite-vegetale-et-developpement-socioeconomique-des-zones-rurales-de-lespace-sudoe\\\/#breadcrumb\"},\"inLanguage\":\"fr-FR\",\"potentialAction\":[{\"@type\":\"ReadAction\",\"target\":[\"https:\\\/\\\/interreg-sudoe.eu\\\/fr\\\/proyectos\\\/valorisation-des-plantes-aromatiques-et-medicinales-sylvestres-gestion-durable-de-la-biodiversite-vegetale-et-developpement-socioeconomique-des-zones-rurales-de-lespace-sudoe\\\/\"]}]},{\"@type\":\"ImageObject\",\"inLanguage\":\"fr-FR\",\"@id\":\"https:\\\/\\\/interreg-sudoe.eu\\\/fr\\\/proyectos\\\/valorisation-des-plantes-aromatiques-et-medicinales-sylvestres-gestion-durable-de-la-biodiversite-vegetale-et-developpement-socioeconomique-des-zones-rurales-de-lespace-sudoe\\\/#primaryimage\",\"url\":\"https:\\\/\\\/interreg-sudoe.eu\\\/wp-content\\\/uploads\\\/2023\\\/09\\\/FB24B954-6D5A-7BA9-2924-5B459B062628.jpg\",\"contentUrl\":\"https:\\\/\\\/interreg-sudoe.eu\\\/wp-content\\\/uploads\\\/2023\\\/09\\\/FB24B954-6D5A-7BA9-2924-5B459B062628.jpg\",\"width\":579,\"height\":330},{\"@type\":\"BreadcrumbList\",\"@id\":\"https:\\\/\\\/interreg-sudoe.eu\\\/fr\\\/proyectos\\\/valorisation-des-plantes-aromatiques-et-medicinales-sylvestres-gestion-durable-de-la-biodiversite-vegetale-et-developpement-socioeconomique-des-zones-rurales-de-lespace-sudoe\\\/#breadcrumb\",\"itemListElement\":[{\"@type\":\"ListItem\",\"position\":1,\"name\":\"Home\",\"item\":\"https:\\\/\\\/interreg-sudoe.eu\\\/fr\\\/\"},{\"@type\":\"ListItem\",\"position\":2,\"name\":\"Valorisation des Plantes Aromatiques et M\u00e9dicinales sylvestres : Gestion durable de la biodiversit\u00e9 v\u00e9g\u00e9tale et d\u00e9veloppement socio\u00e9conomique des zones rurales de l&#8217;Espace SUDOE\"}]},{\"@type\":\"WebSite\",\"@id\":\"https:\\\/\\\/interreg-sudoe.eu\\\/fr\\\/#website\",\"url\":\"https:\\\/\\\/interreg-sudoe.eu\\\/fr\\\/\",\"name\":\"Interreg Sudoe\",\"description\":\"Interreg Sudoe\",\"publisher\":{\"@id\":\"https:\\\/\\\/interreg-sudoe.eu\\\/fr\\\/#organization\"},\"alternateName\":\"Interreg Sudoe\",\"potentialAction\":[{\"@type\":\"SearchAction\",\"target\":{\"@type\":\"EntryPoint\",\"urlTemplate\":\"https:\\\/\\\/interreg-sudoe.eu\\\/fr\\\/?s={search_term_string}\"},\"query-input\":{\"@type\":\"PropertyValueSpecification\",\"valueRequired\":true,\"valueName\":\"search_term_string\"}}],\"inLanguage\":\"fr-FR\"},{\"@type\":\"Organization\",\"@id\":\"https:\\\/\\\/interreg-sudoe.eu\\\/fr\\\/#organization\",\"name\":\"Interreg Sudoe\",\"alternateName\":\"Interreg Sudoe\",\"url\":\"https:\\\/\\\/interreg-sudoe.eu\\\/fr\\\/\",\"logo\":{\"@type\":\"ImageObject\",\"inLanguage\":\"fr-FR\",\"@id\":\"https:\\\/\\\/interreg-sudoe.eu\\\/fr\\\/#\\\/schema\\\/logo\\\/image\\\/\",\"url\":\"https:\\\/\\\/interreg-sudoe.eu\\\/wp-content\\\/uploads\\\/2024\\\/03\\\/logo-interreg.png\",\"contentUrl\":\"https:\\\/\\\/interreg-sudoe.eu\\\/wp-content\\\/uploads\\\/2024\\\/03\\\/logo-interreg.png\",\"width\":1200,\"height\":675,\"caption\":\"Interreg Sudoe\"},\"image\":{\"@id\":\"https:\\\/\\\/interreg-sudoe.eu\\\/fr\\\/#\\\/schema\\\/logo\\\/image\\\/\"},\"sameAs\":[\"https:\\\/\\\/www.facebook.com\\\/interregsudoe\",\"https:\\\/\\\/x.com\\\/Sudoe5\",\"https:\\\/\\\/www.youtube.com\\\/channel\\\/UCeGx2edoB32beRc9dbKA2vw\",\"https:\\\/\\\/www.linkedin.com\\\/company\\\/interreg-sudoe-programme\\\/\",\"https:\\\/\\\/www.flickr.com\\\/photos\\\/148704685@N06\\\/\"]}]}<\/script>\n<!-- \/ Yoast SEO plugin. -->","yoast_head_json":{"title":"Valorisation des Plantes Aromatiques et M\u00e9dicinales sylvestres : Gestion durable de la biodiversit\u00e9 v\u00e9g\u00e9tale et d\u00e9veloppement socio\u00e9conomique des zones rurales de l'Espace SUDOE - Interreg Sudoe","robots":{"index":"index","follow":"follow","max-snippet":"max-snippet:-1","max-image-preview":"max-image-preview:large","max-video-preview":"max-video-preview:-1"},"canonical":"https:\/\/interreg-sudoe.eu\/fr\/proyectos\/valorisation-des-plantes-aromatiques-et-medicinales-sylvestres-gestion-durable-de-la-biodiversite-vegetale-et-developpement-socioeconomique-des-zones-rurales-de-lespace-sudoe\/","og_locale":"fr_FR","og_type":"article","og_title":"Valorisation des Plantes Aromatiques et M\u00e9dicinales sylvestres : Gestion durable de la biodiversit\u00e9 v\u00e9g\u00e9tale et d\u00e9veloppement socio\u00e9conomique des zones rurales de l'Espace SUDOE - Interreg Sudoe","og_description":"VALUEPAM aspire \u00e0 am\u00e9liorer la gestion, la planification et la valorisation du secteur des plantes aromatique-m\u00e9dicinales (PAM) et leur utilisation comme outil de d\u00e9veloppement \u00e9conomique dans les espaces naturels et les zones rurales des pays du sud-ouest de l&rsquo;Europe. \u00c0 cet effet, le projet pr\u00e9voit d&rsquo;effectuer une \u00e9tude exhaustive sur le secteur et une m\u00e9thodologie [&hellip;]","og_url":"https:\/\/interreg-sudoe.eu\/fr\/proyectos\/valorisation-des-plantes-aromatiques-et-medicinales-sylvestres-gestion-durable-de-la-biodiversite-vegetale-et-developpement-socioeconomique-des-zones-rurales-de-lespace-sudoe\/","og_site_name":"Interreg Sudoe","article_publisher":"https:\/\/www.facebook.com\/interregsudoe","og_image":[{"width":579,"height":330,"url":"https:\/\/interreg-sudoe.eu\/wp-content\/uploads\/2023\/09\/FB24B954-6D5A-7BA9-2924-5B459B062628.jpg","type":"image\/jpeg"}],"twitter_card":"summary_large_image","twitter_site":"@Sudoe5","twitter_misc":{"Dur\u00e9e de lecture estim\u00e9e":"1 minute"},"schema":{"@context":"https:\/\/schema.org","@graph":[{"@type":"WebPage","@id":"https:\/\/interreg-sudoe.eu\/fr\/proyectos\/valorisation-des-plantes-aromatiques-et-medicinales-sylvestres-gestion-durable-de-la-biodiversite-vegetale-et-developpement-socioeconomique-des-zones-rurales-de-lespace-sudoe\/","url":"https:\/\/interreg-sudoe.eu\/fr\/proyectos\/valorisation-des-plantes-aromatiques-et-medicinales-sylvestres-gestion-durable-de-la-biodiversite-vegetale-et-developpement-socioeconomique-des-zones-rurales-de-lespace-sudoe\/","name":"Valorisation des Plantes Aromatiques et M\u00e9dicinales sylvestres : Gestion durable de la biodiversit\u00e9 v\u00e9g\u00e9tale et d\u00e9veloppement socio\u00e9conomique des zones rurales de l'Espace SUDOE - Interreg Sudoe","isPartOf":{"@id":"https:\/\/interreg-sudoe.eu\/fr\/#website"},"primaryImageOfPage":{"@id":"https:\/\/interreg-sudoe.eu\/fr\/proyectos\/valorisation-des-plantes-aromatiques-et-medicinales-sylvestres-gestion-durable-de-la-biodiversite-vegetale-et-developpement-socioeconomique-des-zones-rurales-de-lespace-sudoe\/#primaryimage"},"image":{"@id":"https:\/\/interreg-sudoe.eu\/fr\/proyectos\/valorisation-des-plantes-aromatiques-et-medicinales-sylvestres-gestion-durable-de-la-biodiversite-vegetale-et-developpement-socioeconomique-des-zones-rurales-de-lespace-sudoe\/#primaryimage"},"thumbnailUrl":"https:\/\/interreg-sudoe.eu\/wp-content\/uploads\/2023\/09\/FB24B954-6D5A-7BA9-2924-5B459B062628.jpg","datePublished":"2016-06-30T22:00:00+00:00","breadcrumb":{"@id":"https:\/\/interreg-sudoe.eu\/fr\/proyectos\/valorisation-des-plantes-aromatiques-et-medicinales-sylvestres-gestion-durable-de-la-biodiversite-vegetale-et-developpement-socioeconomique-des-zones-rurales-de-lespace-sudoe\/#breadcrumb"},"inLanguage":"fr-FR","potentialAction":[{"@type":"ReadAction","target":["https:\/\/interreg-sudoe.eu\/fr\/proyectos\/valorisation-des-plantes-aromatiques-et-medicinales-sylvestres-gestion-durable-de-la-biodiversite-vegetale-et-developpement-socioeconomique-des-zones-rurales-de-lespace-sudoe\/"]}]},{"@type":"ImageObject","inLanguage":"fr-FR","@id":"https:\/\/interreg-sudoe.eu\/fr\/proyectos\/valorisation-des-plantes-aromatiques-et-medicinales-sylvestres-gestion-durable-de-la-biodiversite-vegetale-et-developpement-socioeconomique-des-zones-rurales-de-lespace-sudoe\/#primaryimage","url":"https:\/\/interreg-sudoe.eu\/wp-content\/uploads\/2023\/09\/FB24B954-6D5A-7BA9-2924-5B459B062628.jpg","contentUrl":"https:\/\/interreg-sudoe.eu\/wp-content\/uploads\/2023\/09\/FB24B954-6D5A-7BA9-2924-5B459B062628.jpg","width":579,"height":330},{"@type":"BreadcrumbList","@id":"https:\/\/interreg-sudoe.eu\/fr\/proyectos\/valorisation-des-plantes-aromatiques-et-medicinales-sylvestres-gestion-durable-de-la-biodiversite-vegetale-et-developpement-socioeconomique-des-zones-rurales-de-lespace-sudoe\/#breadcrumb","itemListElement":[{"@type":"ListItem","position":1,"name":"Home","item":"https:\/\/interreg-sudoe.eu\/fr\/"},{"@type":"ListItem","position":2,"name":"Valorisation des Plantes Aromatiques et M\u00e9dicinales sylvestres : Gestion durable de la biodiversit\u00e9 v\u00e9g\u00e9tale et d\u00e9veloppement socio\u00e9conomique des zones rurales de l&#8217;Espace SUDOE"}]},{"@type":"WebSite","@id":"https:\/\/interreg-sudoe.eu\/fr\/#website","url":"https:\/\/interreg-sudoe.eu\/fr\/","name":"Interreg Sudoe","description":"Interreg Sudoe","publisher":{"@id":"https:\/\/interreg-sudoe.eu\/fr\/#organization"},"alternateName":"Interreg Sudoe","potentialAction":[{"@type":"SearchAction","target":{"@type":"EntryPoint","urlTemplate":"https:\/\/interreg-sudoe.eu\/fr\/?s={search_term_string}"},"query-input":{"@type":"PropertyValueSpecification","valueRequired":true,"valueName":"search_term_string"}}],"inLanguage":"fr-FR"},{"@type":"Organization","@id":"https:\/\/interreg-sudoe.eu\/fr\/#organization","name":"Interreg Sudoe","alternateName":"Interreg Sudoe","url":"https:\/\/interreg-sudoe.eu\/fr\/","logo":{"@type":"ImageObject","inLanguage":"fr-FR","@id":"https:\/\/interreg-sudoe.eu\/fr\/#\/schema\/logo\/image\/","url":"https:\/\/interreg-sudoe.eu\/wp-content\/uploads\/2024\/03\/logo-interreg.png","contentUrl":"https:\/\/interreg-sudoe.eu\/wp-content\/uploads\/2024\/03\/logo-interreg.png","width":1200,"height":675,"caption":"Interreg Sudoe"},"image":{"@id":"https:\/\/interreg-sudoe.eu\/fr\/#\/schema\/logo\/image\/"},"sameAs":["https:\/\/www.facebook.com\/interregsudoe","https:\/\/x.com\/Sudoe5","https:\/\/www.youtube.com\/channel\/UCeGx2edoB32beRc9dbKA2vw","https:\/\/www.linkedin.com\/company\/interreg-sudoe-programme\/","https:\/\/www.flickr.com\/photos\/148704685@N06\/"]}]}},"_links":{"self":[{"href":"https:\/\/interreg-sudoe.eu\/fr\/wp-json\/wp\/v2\/proyectos\/24764","targetHints":{"allow":["GET"]}}],"collection":[{"href":"https:\/\/interreg-sudoe.eu\/fr\/wp-json\/wp\/v2\/proyectos"}],"about":[{"href":"https:\/\/interreg-sudoe.eu\/fr\/wp-json\/wp\/v2\/types\/proyectos"}],"version-history":[{"count":0,"href":"https:\/\/interreg-sudoe.eu\/fr\/wp-json\/wp\/v2\/proyectos\/24764\/revisions"}],"wp:featuredmedia":[{"embeddable":true,"href":"https:\/\/interreg-sudoe.eu\/fr\/wp-json\/wp\/v2\/media\/2482"}],"wp:attachment":[{"href":"https:\/\/interreg-sudoe.eu\/fr\/wp-json\/wp\/v2\/media?parent=24764"}],"wp:term":[{"taxonomy":"destinatario-proyecto","embeddable":true,"href":"https:\/\/interreg-sudoe.eu\/fr\/wp-json\/wp\/v2\/destinatario-proyecto?post=24764"},{"taxonomy":"eje-proyectos","embeddable":true,"href":"https:\/\/interreg-sudoe.eu\/fr\/wp-json\/wp\/v2\/eje-proyectos?post=24764"},{"taxonomy":"objetivos-proyecto","embeddable":true,"href":"https:\/\/interreg-sudoe.eu\/fr\/wp-json\/wp\/v2\/objetivos-proyecto?post=24764"},{"taxonomy":"region-proyecto","embeddable":true,"href":"https:\/\/interreg-sudoe.eu\/fr\/wp-json\/wp\/v2\/region-proyecto?post=24764"},{"taxonomy":"resultado-proyecto","embeddable":true,"href":"https:\/\/interreg-sudoe.eu\/fr\/wp-json\/wp\/v2\/resultado-proyecto?post=24764"},{"taxonomy":"seccion-proyecto","embeddable":true,"href":"https:\/\/interreg-sudoe.eu\/fr\/wp-json\/wp\/v2\/seccion-proyecto?post=24764"}],"curies":[{"name":"wp","href":"https:\/\/api.w.org\/{rel}","templated":true}]}}