{"id":24766,"date":"2018-04-01T00:00:00","date_gmt":"2018-03-31T22:00:00","guid":{"rendered":"https:\/\/interreg-sudoe.eu\/proyectos\/developpement-et-validation-en-environnement-operationnel-dun-dispositif-a-bas-cout-et-a-faible-consommation-a-base-de-nanocapteurs-pour-le-suivi-en-temps-reel-de-la-qualite-de-lair\/"},"modified":"2018-04-01T00:00:00","modified_gmt":"2018-03-31T22:00:00","slug":"developpement-et-validation-en-environnement-operationnel-dun-dispositif-a-bas-cout-et-a-faible-consommation-a-base-de-nanocapteurs-pour-le-suivi-en-temps-reel-de-la-qualite-de-lair","status":"publish","type":"proyectos","link":"https:\/\/interreg-sudoe.eu\/fr\/proyectos\/developpement-et-validation-en-environnement-operationnel-dun-dispositif-a-bas-cout-et-a-faible-consommation-a-base-de-nanocapteurs-pour-le-suivi-en-temps-reel-de-la-qualite-de-lair\/","title":{"rendered":"D\u00e9veloppement et validation en environnement op\u00e9rationnel d\u2019un dispositif \u00e0 bas co\u00fbt et \u00e0 faible consommation \u00e0 base de nanocapteurs pour le suivi en temps r\u00e9el de la qualit\u00e9 de l\u2019air ext\u00e9rieur"},"content":{"rendered":"<p style=\"text-align: justify \">NanoSen-AQM permet de contr\u00f4ler la pollution environnementale au travers d\u2019un syst\u00e8me de contr\u00f4le de qualit\u00e9 de l\u2019air en temps r\u00e9el. A partir d\u2019un syst\u00e8me \u00e9lectronique de capteurs \u00e0 bas co\u00fbt et faible consommation d\u00e9velopp\u00e9 gr\u00e2ce aux nanotechnologies et \u00e0 la micro\u00e9lectronique, NanoSen-AQM produit des donn\u00e9es spatio-temporelles tr\u00e8s pr\u00e9cises permettant d\u2019\u00e9mettre des pr\u00e9dictions fiables concernant la qualit\u00e9 de l\u2019air. <\/p>\n","protected":false},"featured_media":2486,"template":"","meta":{"_acf_changed":false,"content-type":"","_monsterinsights_skip_tracking":false,"_monsterinsights_sitenote_active":false,"_monsterinsights_sitenote_note":"","_monsterinsights_sitenote_category":0,"footnotes":""},"destinatario-proyecto":[2133,2136,2167,2249,2230,2191,2200],"eje-proyectos":[3121],"objetivos-proyecto":[3143],"region-proyecto":[1821,1787,1785,1819,1791,1831,1793,1805,1811,1815],"resultado-proyecto":[],"seccion-proyecto":[],"class_list":["post-24766","proyectos","type-proyectos","status-publish","has-post-thumbnail","hentry","destinatario-proyecto-agences-locales-de-developpement","destinatario-proyecto-agences-regionales-de-developpement","destinatario-proyecto-autorite-aeroportuaire","destinatario-proyecto-instituts-laboratoires-et-centres-de-recherche","destinatario-proyecto-ong-fr","destinatario-proyecto-tres-petite-entreprise-tpe","destinatario-proyecto-universites-et-centres-denseignement-superieur","eje-proyectos-axe-1-recherche-et-innovation","objetivos-proyecto-objectif-1b2","region-proyecto-alentejo-fr","region-proyecto-castilla-y-leon-fr","region-proyecto-cataluna-fr","region-proyecto-centre","region-proyecto-comunidad-de-madrid-fr","region-proyecto-espagne","region-proyecto-extremadura-fr","region-proyecto-france","region-proyecto-midi-pyrenees-fr","region-proyecto-portugal-fr"],"acf":[],"yoast_head":"<!-- This site is optimized with the Yoast SEO plugin v27.2 - https:\/\/yoast.com\/product\/yoast-seo-wordpress\/ -->\n<title>D\u00e9veloppement et validation en environnement op\u00e9rationnel d\u2019un dispositif \u00e0 bas co\u00fbt et \u00e0 faible consommation \u00e0 base de nanocapteurs pour le suivi en temps r\u00e9el de la qualit\u00e9 de l\u2019air ext\u00e9rieur - Interreg Sudoe<\/title>\n<meta name=\"robots\" content=\"index, follow, max-snippet:-1, max-image-preview:large, max-video-preview:-1\" \/>\n<link rel=\"canonical\" href=\"https:\/\/interreg-sudoe.eu\/fr\/proyectos\/developpement-et-validation-en-environnement-operationnel-dun-dispositif-a-bas-cout-et-a-faible-consommation-a-base-de-nanocapteurs-pour-le-suivi-en-temps-reel-de-la-qualite-de-lair\/\" \/>\n<meta property=\"og:locale\" content=\"fr_FR\" \/>\n<meta property=\"og:type\" content=\"article\" \/>\n<meta property=\"og:title\" content=\"D\u00e9veloppement et validation en environnement op\u00e9rationnel d\u2019un dispositif \u00e0 bas co\u00fbt et \u00e0 faible consommation \u00e0 base de nanocapteurs pour le suivi en temps r\u00e9el de la qualit\u00e9 de l\u2019air ext\u00e9rieur - Interreg Sudoe\" \/>\n<meta property=\"og:description\" content=\"NanoSen-AQM permet de contr\u00f4ler la pollution environnementale au travers d\u2019un syst\u00e8me de contr\u00f4le de qualit\u00e9 de l\u2019air en temps r\u00e9el. A partir d\u2019un syst\u00e8me \u00e9lectronique de capteurs \u00e0 bas co\u00fbt et faible consommation d\u00e9velopp\u00e9 gr\u00e2ce aux nanotechnologies et \u00e0 la micro\u00e9lectronique, NanoSen-AQM produit des donn\u00e9es spatio-temporelles tr\u00e8s pr\u00e9cises permettant d\u2019\u00e9mettre des pr\u00e9dictions fiables concernant la [&hellip;]\" \/>\n<meta property=\"og:url\" content=\"https:\/\/interreg-sudoe.eu\/fr\/proyectos\/developpement-et-validation-en-environnement-operationnel-dun-dispositif-a-bas-cout-et-a-faible-consommation-a-base-de-nanocapteurs-pour-le-suivi-en-temps-reel-de-la-qualite-de-lair\/\" \/>\n<meta property=\"og:site_name\" content=\"Interreg Sudoe\" \/>\n<meta property=\"article:publisher\" content=\"https:\/\/www.facebook.com\/interregsudoe\" \/>\n<meta property=\"og:image\" content=\"https:\/\/interreg-sudoe.eu\/wp-content\/uploads\/2023\/09\/D2873FC3-0356-22D8-0002-CC9A6CEE2552.jpg\" \/>\n\t<meta property=\"og:image:width\" content=\"835\" \/>\n\t<meta property=\"og:image:height\" content=\"474\" \/>\n\t<meta property=\"og:image:type\" content=\"image\/jpeg\" \/>\n<meta name=\"twitter:card\" content=\"summary_large_image\" \/>\n<meta name=\"twitter:site\" content=\"@Sudoe5\" \/>\n<script type=\"application\/ld+json\" class=\"yoast-schema-graph\">{\"@context\":\"https:\/\/schema.org\",\"@graph\":[{\"@type\":\"WebPage\",\"@id\":\"https:\/\/interreg-sudoe.eu\/fr\/proyectos\/developpement-et-validation-en-environnement-operationnel-dun-dispositif-a-bas-cout-et-a-faible-consommation-a-base-de-nanocapteurs-pour-le-suivi-en-temps-reel-de-la-qualite-de-lair\/\",\"url\":\"https:\/\/interreg-sudoe.eu\/fr\/proyectos\/developpement-et-validation-en-environnement-operationnel-dun-dispositif-a-bas-cout-et-a-faible-consommation-a-base-de-nanocapteurs-pour-le-suivi-en-temps-reel-de-la-qualite-de-lair\/\",\"name\":\"D\u00e9veloppement et validation en environnement op\u00e9rationnel d\u2019un dispositif \u00e0 bas co\u00fbt et \u00e0 faible consommation \u00e0 base de nanocapteurs pour le suivi en temps r\u00e9el de la qualit\u00e9 de l\u2019air ext\u00e9rieur - Interreg Sudoe\",\"isPartOf\":{\"@id\":\"https:\/\/interreg-sudoe.eu\/fr\/#website\"},\"primaryImageOfPage\":{\"@id\":\"https:\/\/interreg-sudoe.eu\/fr\/proyectos\/developpement-et-validation-en-environnement-operationnel-dun-dispositif-a-bas-cout-et-a-faible-consommation-a-base-de-nanocapteurs-pour-le-suivi-en-temps-reel-de-la-qualite-de-lair\/#primaryimage\"},\"image\":{\"@id\":\"https:\/\/interreg-sudoe.eu\/fr\/proyectos\/developpement-et-validation-en-environnement-operationnel-dun-dispositif-a-bas-cout-et-a-faible-consommation-a-base-de-nanocapteurs-pour-le-suivi-en-temps-reel-de-la-qualite-de-lair\/#primaryimage\"},\"thumbnailUrl\":\"https:\/\/interreg-sudoe.eu\/wp-content\/uploads\/2023\/09\/D2873FC3-0356-22D8-0002-CC9A6CEE2552.jpg\",\"datePublished\":\"2018-03-31T22:00:00+00:00\",\"breadcrumb\":{\"@id\":\"https:\/\/interreg-sudoe.eu\/fr\/proyectos\/developpement-et-validation-en-environnement-operationnel-dun-dispositif-a-bas-cout-et-a-faible-consommation-a-base-de-nanocapteurs-pour-le-suivi-en-temps-reel-de-la-qualite-de-lair\/#breadcrumb\"},\"inLanguage\":\"fr-FR\",\"potentialAction\":[{\"@type\":\"ReadAction\",\"target\":[\"https:\/\/interreg-sudoe.eu\/fr\/proyectos\/developpement-et-validation-en-environnement-operationnel-dun-dispositif-a-bas-cout-et-a-faible-consommation-a-base-de-nanocapteurs-pour-le-suivi-en-temps-reel-de-la-qualite-de-lair\/\"]}]},{\"@type\":\"ImageObject\",\"inLanguage\":\"fr-FR\",\"@id\":\"https:\/\/interreg-sudoe.eu\/fr\/proyectos\/developpement-et-validation-en-environnement-operationnel-dun-dispositif-a-bas-cout-et-a-faible-consommation-a-base-de-nanocapteurs-pour-le-suivi-en-temps-reel-de-la-qualite-de-lair\/#primaryimage\",\"url\":\"https:\/\/interreg-sudoe.eu\/wp-content\/uploads\/2023\/09\/D2873FC3-0356-22D8-0002-CC9A6CEE2552.jpg\",\"contentUrl\":\"https:\/\/interreg-sudoe.eu\/wp-content\/uploads\/2023\/09\/D2873FC3-0356-22D8-0002-CC9A6CEE2552.jpg\",\"width\":835,\"height\":474},{\"@type\":\"BreadcrumbList\",\"@id\":\"https:\/\/interreg-sudoe.eu\/fr\/proyectos\/developpement-et-validation-en-environnement-operationnel-dun-dispositif-a-bas-cout-et-a-faible-consommation-a-base-de-nanocapteurs-pour-le-suivi-en-temps-reel-de-la-qualite-de-lair\/#breadcrumb\",\"itemListElement\":[{\"@type\":\"ListItem\",\"position\":1,\"name\":\"Home\",\"item\":\"https:\/\/interreg-sudoe.eu\/fr\/\"},{\"@type\":\"ListItem\",\"position\":2,\"name\":\"D\u00e9veloppement et validation en environnement op\u00e9rationnel d\u2019un dispositif \u00e0 bas co\u00fbt et \u00e0 faible consommation \u00e0 base de nanocapteurs pour le suivi en temps r\u00e9el de la qualit\u00e9 de l\u2019air ext\u00e9rieur\"}]},{\"@type\":\"WebSite\",\"@id\":\"https:\/\/interreg-sudoe.eu\/fr\/#website\",\"url\":\"https:\/\/interreg-sudoe.eu\/fr\/\",\"name\":\"Interreg Sudoe\",\"description\":\"Interreg Sudoe\",\"publisher\":{\"@id\":\"https:\/\/interreg-sudoe.eu\/fr\/#organization\"},\"alternateName\":\"Interreg Sudoe\",\"potentialAction\":[{\"@type\":\"SearchAction\",\"target\":{\"@type\":\"EntryPoint\",\"urlTemplate\":\"https:\/\/interreg-sudoe.eu\/fr\/?s={search_term_string}\"},\"query-input\":{\"@type\":\"PropertyValueSpecification\",\"valueRequired\":true,\"valueName\":\"search_term_string\"}}],\"inLanguage\":\"fr-FR\"},{\"@type\":\"Organization\",\"@id\":\"https:\/\/interreg-sudoe.eu\/fr\/#organization\",\"name\":\"Interreg Sudoe\",\"alternateName\":\"Interreg Sudoe\",\"url\":\"https:\/\/interreg-sudoe.eu\/fr\/\",\"logo\":{\"@type\":\"ImageObject\",\"inLanguage\":\"fr-FR\",\"@id\":\"https:\/\/interreg-sudoe.eu\/fr\/#\/schema\/logo\/image\/\",\"url\":\"https:\/\/interreg-sudoe.eu\/wp-content\/uploads\/2024\/03\/logo-interreg.png\",\"contentUrl\":\"https:\/\/interreg-sudoe.eu\/wp-content\/uploads\/2024\/03\/logo-interreg.png\",\"width\":1200,\"height\":675,\"caption\":\"Interreg Sudoe\"},\"image\":{\"@id\":\"https:\/\/interreg-sudoe.eu\/fr\/#\/schema\/logo\/image\/\"},\"sameAs\":[\"https:\/\/www.facebook.com\/interregsudoe\",\"https:\/\/x.com\/Sudoe5\",\"https:\/\/www.youtube.com\/channel\/UCeGx2edoB32beRc9dbKA2vw\",\"https:\/\/www.linkedin.com\/company\/interreg-sudoe-programme\/\",\"https:\/\/www.flickr.com\/photos\/148704685@N06\/\"]}]}<\/script>\n<!-- \/ Yoast SEO plugin. -->","yoast_head_json":{"title":"D\u00e9veloppement et validation en environnement op\u00e9rationnel d\u2019un dispositif \u00e0 bas co\u00fbt et \u00e0 faible consommation \u00e0 base de nanocapteurs pour le suivi en temps r\u00e9el de la qualit\u00e9 de l\u2019air ext\u00e9rieur - Interreg Sudoe","robots":{"index":"index","follow":"follow","max-snippet":"max-snippet:-1","max-image-preview":"max-image-preview:large","max-video-preview":"max-video-preview:-1"},"canonical":"https:\/\/interreg-sudoe.eu\/fr\/proyectos\/developpement-et-validation-en-environnement-operationnel-dun-dispositif-a-bas-cout-et-a-faible-consommation-a-base-de-nanocapteurs-pour-le-suivi-en-temps-reel-de-la-qualite-de-lair\/","og_locale":"fr_FR","og_type":"article","og_title":"D\u00e9veloppement et validation en environnement op\u00e9rationnel d\u2019un dispositif \u00e0 bas co\u00fbt et \u00e0 faible consommation \u00e0 base de nanocapteurs pour le suivi en temps r\u00e9el de la qualit\u00e9 de l\u2019air ext\u00e9rieur - Interreg Sudoe","og_description":"NanoSen-AQM permet de contr\u00f4ler la pollution environnementale au travers d\u2019un syst\u00e8me de contr\u00f4le de qualit\u00e9 de l\u2019air en temps r\u00e9el. A partir d\u2019un syst\u00e8me \u00e9lectronique de capteurs \u00e0 bas co\u00fbt et faible consommation d\u00e9velopp\u00e9 gr\u00e2ce aux nanotechnologies et \u00e0 la micro\u00e9lectronique, NanoSen-AQM produit des donn\u00e9es spatio-temporelles tr\u00e8s pr\u00e9cises permettant d\u2019\u00e9mettre des pr\u00e9dictions fiables concernant la [&hellip;]","og_url":"https:\/\/interreg-sudoe.eu\/fr\/proyectos\/developpement-et-validation-en-environnement-operationnel-dun-dispositif-a-bas-cout-et-a-faible-consommation-a-base-de-nanocapteurs-pour-le-suivi-en-temps-reel-de-la-qualite-de-lair\/","og_site_name":"Interreg Sudoe","article_publisher":"https:\/\/www.facebook.com\/interregsudoe","og_image":[{"width":835,"height":474,"url":"https:\/\/interreg-sudoe.eu\/wp-content\/uploads\/2023\/09\/D2873FC3-0356-22D8-0002-CC9A6CEE2552.jpg","type":"image\/jpeg"}],"twitter_card":"summary_large_image","twitter_site":"@Sudoe5","schema":{"@context":"https:\/\/schema.org","@graph":[{"@type":"WebPage","@id":"https:\/\/interreg-sudoe.eu\/fr\/proyectos\/developpement-et-validation-en-environnement-operationnel-dun-dispositif-a-bas-cout-et-a-faible-consommation-a-base-de-nanocapteurs-pour-le-suivi-en-temps-reel-de-la-qualite-de-lair\/","url":"https:\/\/interreg-sudoe.eu\/fr\/proyectos\/developpement-et-validation-en-environnement-operationnel-dun-dispositif-a-bas-cout-et-a-faible-consommation-a-base-de-nanocapteurs-pour-le-suivi-en-temps-reel-de-la-qualite-de-lair\/","name":"D\u00e9veloppement et validation en environnement op\u00e9rationnel d\u2019un dispositif \u00e0 bas co\u00fbt et \u00e0 faible consommation \u00e0 base de nanocapteurs pour le suivi en temps r\u00e9el de la qualit\u00e9 de l\u2019air ext\u00e9rieur - Interreg Sudoe","isPartOf":{"@id":"https:\/\/interreg-sudoe.eu\/fr\/#website"},"primaryImageOfPage":{"@id":"https:\/\/interreg-sudoe.eu\/fr\/proyectos\/developpement-et-validation-en-environnement-operationnel-dun-dispositif-a-bas-cout-et-a-faible-consommation-a-base-de-nanocapteurs-pour-le-suivi-en-temps-reel-de-la-qualite-de-lair\/#primaryimage"},"image":{"@id":"https:\/\/interreg-sudoe.eu\/fr\/proyectos\/developpement-et-validation-en-environnement-operationnel-dun-dispositif-a-bas-cout-et-a-faible-consommation-a-base-de-nanocapteurs-pour-le-suivi-en-temps-reel-de-la-qualite-de-lair\/#primaryimage"},"thumbnailUrl":"https:\/\/interreg-sudoe.eu\/wp-content\/uploads\/2023\/09\/D2873FC3-0356-22D8-0002-CC9A6CEE2552.jpg","datePublished":"2018-03-31T22:00:00+00:00","breadcrumb":{"@id":"https:\/\/interreg-sudoe.eu\/fr\/proyectos\/developpement-et-validation-en-environnement-operationnel-dun-dispositif-a-bas-cout-et-a-faible-consommation-a-base-de-nanocapteurs-pour-le-suivi-en-temps-reel-de-la-qualite-de-lair\/#breadcrumb"},"inLanguage":"fr-FR","potentialAction":[{"@type":"ReadAction","target":["https:\/\/interreg-sudoe.eu\/fr\/proyectos\/developpement-et-validation-en-environnement-operationnel-dun-dispositif-a-bas-cout-et-a-faible-consommation-a-base-de-nanocapteurs-pour-le-suivi-en-temps-reel-de-la-qualite-de-lair\/"]}]},{"@type":"ImageObject","inLanguage":"fr-FR","@id":"https:\/\/interreg-sudoe.eu\/fr\/proyectos\/developpement-et-validation-en-environnement-operationnel-dun-dispositif-a-bas-cout-et-a-faible-consommation-a-base-de-nanocapteurs-pour-le-suivi-en-temps-reel-de-la-qualite-de-lair\/#primaryimage","url":"https:\/\/interreg-sudoe.eu\/wp-content\/uploads\/2023\/09\/D2873FC3-0356-22D8-0002-CC9A6CEE2552.jpg","contentUrl":"https:\/\/interreg-sudoe.eu\/wp-content\/uploads\/2023\/09\/D2873FC3-0356-22D8-0002-CC9A6CEE2552.jpg","width":835,"height":474},{"@type":"BreadcrumbList","@id":"https:\/\/interreg-sudoe.eu\/fr\/proyectos\/developpement-et-validation-en-environnement-operationnel-dun-dispositif-a-bas-cout-et-a-faible-consommation-a-base-de-nanocapteurs-pour-le-suivi-en-temps-reel-de-la-qualite-de-lair\/#breadcrumb","itemListElement":[{"@type":"ListItem","position":1,"name":"Home","item":"https:\/\/interreg-sudoe.eu\/fr\/"},{"@type":"ListItem","position":2,"name":"D\u00e9veloppement et validation en environnement op\u00e9rationnel d\u2019un dispositif \u00e0 bas co\u00fbt et \u00e0 faible consommation \u00e0 base de nanocapteurs pour le suivi en temps r\u00e9el de la qualit\u00e9 de l\u2019air ext\u00e9rieur"}]},{"@type":"WebSite","@id":"https:\/\/interreg-sudoe.eu\/fr\/#website","url":"https:\/\/interreg-sudoe.eu\/fr\/","name":"Interreg Sudoe","description":"Interreg Sudoe","publisher":{"@id":"https:\/\/interreg-sudoe.eu\/fr\/#organization"},"alternateName":"Interreg Sudoe","potentialAction":[{"@type":"SearchAction","target":{"@type":"EntryPoint","urlTemplate":"https:\/\/interreg-sudoe.eu\/fr\/?s={search_term_string}"},"query-input":{"@type":"PropertyValueSpecification","valueRequired":true,"valueName":"search_term_string"}}],"inLanguage":"fr-FR"},{"@type":"Organization","@id":"https:\/\/interreg-sudoe.eu\/fr\/#organization","name":"Interreg Sudoe","alternateName":"Interreg Sudoe","url":"https:\/\/interreg-sudoe.eu\/fr\/","logo":{"@type":"ImageObject","inLanguage":"fr-FR","@id":"https:\/\/interreg-sudoe.eu\/fr\/#\/schema\/logo\/image\/","url":"https:\/\/interreg-sudoe.eu\/wp-content\/uploads\/2024\/03\/logo-interreg.png","contentUrl":"https:\/\/interreg-sudoe.eu\/wp-content\/uploads\/2024\/03\/logo-interreg.png","width":1200,"height":675,"caption":"Interreg Sudoe"},"image":{"@id":"https:\/\/interreg-sudoe.eu\/fr\/#\/schema\/logo\/image\/"},"sameAs":["https:\/\/www.facebook.com\/interregsudoe","https:\/\/x.com\/Sudoe5","https:\/\/www.youtube.com\/channel\/UCeGx2edoB32beRc9dbKA2vw","https:\/\/www.linkedin.com\/company\/interreg-sudoe-programme\/","https:\/\/www.flickr.com\/photos\/148704685@N06\/"]}]}},"_links":{"self":[{"href":"https:\/\/interreg-sudoe.eu\/fr\/wp-json\/wp\/v2\/proyectos\/24766","targetHints":{"allow":["GET"]}}],"collection":[{"href":"https:\/\/interreg-sudoe.eu\/fr\/wp-json\/wp\/v2\/proyectos"}],"about":[{"href":"https:\/\/interreg-sudoe.eu\/fr\/wp-json\/wp\/v2\/types\/proyectos"}],"version-history":[{"count":0,"href":"https:\/\/interreg-sudoe.eu\/fr\/wp-json\/wp\/v2\/proyectos\/24766\/revisions"}],"wp:featuredmedia":[{"embeddable":true,"href":"https:\/\/interreg-sudoe.eu\/fr\/wp-json\/wp\/v2\/media\/2486"}],"wp:attachment":[{"href":"https:\/\/interreg-sudoe.eu\/fr\/wp-json\/wp\/v2\/media?parent=24766"}],"wp:term":[{"taxonomy":"destinatario-proyecto","embeddable":true,"href":"https:\/\/interreg-sudoe.eu\/fr\/wp-json\/wp\/v2\/destinatario-proyecto?post=24766"},{"taxonomy":"eje-proyectos","embeddable":true,"href":"https:\/\/interreg-sudoe.eu\/fr\/wp-json\/wp\/v2\/eje-proyectos?post=24766"},{"taxonomy":"objetivos-proyecto","embeddable":true,"href":"https:\/\/interreg-sudoe.eu\/fr\/wp-json\/wp\/v2\/objetivos-proyecto?post=24766"},{"taxonomy":"region-proyecto","embeddable":true,"href":"https:\/\/interreg-sudoe.eu\/fr\/wp-json\/wp\/v2\/region-proyecto?post=24766"},{"taxonomy":"resultado-proyecto","embeddable":true,"href":"https:\/\/interreg-sudoe.eu\/fr\/wp-json\/wp\/v2\/resultado-proyecto?post=24766"},{"taxonomy":"seccion-proyecto","embeddable":true,"href":"https:\/\/interreg-sudoe.eu\/fr\/wp-json\/wp\/v2\/seccion-proyecto?post=24766"}],"curies":[{"name":"wp","href":"https:\/\/api.w.org\/{rel}","templated":true}]}}