{"id":24823,"date":"2020-05-01T00:00:00","date_gmt":"2020-04-30T22:00:00","guid":{"rendered":"https:\/\/interreg-sudoe.eu\/proyectos\/filieres-de-restauration-de-la-biodiversite-par-les-semences-natives-dans-les-vignes-les-agrosystemes-et-les-milieux-naturels-mediterraneens\/"},"modified":"2020-05-01T00:00:00","modified_gmt":"2020-04-30T22:00:00","slug":"filieres-de-restauration-de-la-biodiversite-par-les-semences-natives-dans-les-vignes-les-agrosystemes-et-les-milieux-naturels-mediterraneens","status":"publish","type":"proyectos","link":"https:\/\/interreg-sudoe.eu\/fr\/proyectos\/filieres-de-restauration-de-la-biodiversite-par-les-semences-natives-dans-les-vignes-les-agrosystemes-et-les-milieux-naturels-mediterraneens\/","title":{"rendered":"Fili\u00e8res de restauration de la biodiversit\u00e9 par les semences natives dans les vignes, les agrosyst\u00e8mes et les milieux naturels M\u00e9diterran\u00e9ens"},"content":{"rendered":"<p style=\"text-align: justify \">\u00ab\u00a0Fleurs locales\u00a0\u00bb construit des r\u00e9ponses concr\u00e8tes face \u00e0 l&rsquo;\u00e9rosion massive de la biodiversit\u00e9, acc\u00e9l\u00e9r\u00e9e par le d\u00e9r\u00e8glement climatique : adaptation de protocoles de reconqu\u00eate aux milieux m\u00e9diterran\u00e9ens et construction de fili\u00e8res de restauration \u00e9cologique avec tous les acteurs (gestionnaires d&rsquo;espaces, scientifiques, producteurs de semences, collectivit\u00e9s, usagers&#8230;) r\u00e9unis autour de \u00ab\u00a0contrats de gestion locale de la biodiversit\u00e9\u00a0\u00bb. Des territoires pilotes sont mobilis\u00e9s dans chaque pays. A partir de m\u00e9thodes communes, chaque partenaire d\u00e9veloppe des fili\u00e8res de restauration r\u00e9pondant \u00e0 des enjeux locaux sp\u00e9cifiques (enherbement viticole, prairies fleuries, espaces incendi\u00e9s&#8230;). Les partenaires du projet (scientifiques, gestionnaires et acteurs socio-\u00e9conomiques) unissent leurs comp\u00e9tences pour constituer des m\u00e9langes de semences indig\u00e8nes et structurer des fili\u00e8res de renaturation adapt\u00e9s \u00e0 la diversit\u00e9 des besoins des milieux du Sud-Ouest de l\u2019Europe.<\/p>\n","protected":false},"featured_media":2601,"template":"","meta":{"_acf_changed":false,"content-type":"","_monsterinsights_skip_tracking":false,"_monsterinsights_sitenote_active":false,"_monsterinsights_sitenote_note":"","_monsterinsights_sitenote_category":0,"footnotes":""},"destinatario-proyecto":[2127,2152,3137,2234,2240],"eje-proyectos":[3125],"objetivos-proyecto":[3155],"region-proyecto":[1821,1801,1791,1831,1805,1833,1817,1815],"resultado-proyecto":[],"seccion-proyecto":[2414],"class_list":["post-24823","proyectos","type-proyectos","status-publish","has-post-thumbnail","hentry","destinatario-proyecto-acteurs-de-lenvironnement-et-du-developpement-durable","destinatario-proyecto-agences-de-developpement-regional","destinatario-proyecto-autoridades-publicas-locales-provinciales-regionales-nacionales-y-comunitarias-ayuntamientos-mancomunidades-de-municipios-diputaciones-consejerias-ministerios-instituciones-europeas-etc-fr","destinatario-proyecto-parc-national","destinatario-proyecto-parc-naturel-regional","eje-proyectos-axe-5-environnement-et-efficacite-des-ressources","objetivos-proyecto-objectif-6d1","region-proyecto-alentejo-fr","region-proyecto-andalucia-fr","region-proyecto-comunidad-de-madrid-fr","region-proyecto-espagne","region-proyecto-france","region-proyecto-languedoc-roussillon-fr","region-proyecto-nord","region-proyecto-portugal-fr","seccion-proyecto-gestion-integree-des-ressources-et-espaces-naturels"],"acf":[],"yoast_head":"<!-- This site is optimized with the Yoast SEO plugin v27.4 - https:\/\/yoast.com\/product\/yoast-seo-wordpress\/ -->\n<title>Fili\u00e8res de restauration de la biodiversit\u00e9 par les semences natives dans les vignes, les agrosyst\u00e8mes et les milieux naturels M\u00e9diterran\u00e9ens - Interreg Sudoe<\/title>\n<meta name=\"robots\" content=\"index, follow, max-snippet:-1, max-image-preview:large, max-video-preview:-1\" \/>\n<link rel=\"canonical\" href=\"https:\/\/interreg-sudoe.eu\/fr\/proyectos\/filieres-de-restauration-de-la-biodiversite-par-les-semences-natives-dans-les-vignes-les-agrosystemes-et-les-milieux-naturels-mediterraneens\/\" \/>\n<meta property=\"og:locale\" content=\"fr_FR\" \/>\n<meta property=\"og:type\" content=\"article\" \/>\n<meta property=\"og:title\" content=\"Fili\u00e8res de restauration de la biodiversit\u00e9 par les semences natives dans les vignes, les agrosyst\u00e8mes et les milieux naturels M\u00e9diterran\u00e9ens - Interreg Sudoe\" \/>\n<meta property=\"og:description\" content=\"\u00ab\u00a0Fleurs locales\u00a0\u00bb construit des r\u00e9ponses concr\u00e8tes face \u00e0 l&rsquo;\u00e9rosion massive de la biodiversit\u00e9, acc\u00e9l\u00e9r\u00e9e par le d\u00e9r\u00e8glement climatique : adaptation de protocoles de reconqu\u00eate aux milieux m\u00e9diterran\u00e9ens et construction de fili\u00e8res de restauration \u00e9cologique avec tous les acteurs (gestionnaires d&rsquo;espaces, scientifiques, producteurs de semences, collectivit\u00e9s, usagers&#8230;) r\u00e9unis autour de \u00ab\u00a0contrats de gestion locale de la [&hellip;]\" \/>\n<meta property=\"og:url\" content=\"https:\/\/interreg-sudoe.eu\/fr\/proyectos\/filieres-de-restauration-de-la-biodiversite-par-les-semences-natives-dans-les-vignes-les-agrosystemes-et-les-milieux-naturels-mediterraneens\/\" \/>\n<meta property=\"og:site_name\" content=\"Interreg Sudoe\" \/>\n<meta property=\"article:publisher\" content=\"https:\/\/www.facebook.com\/interregsudoe\" \/>\n<meta property=\"og:image\" content=\"https:\/\/interreg-sudoe.eu\/wp-content\/uploads\/2023\/09\/CBAF43BE-B6EC-BB0C-CE61-9E1B7861C275.jpg\" \/>\n\t<meta property=\"og:image:width\" content=\"1980\" \/>\n\t<meta property=\"og:image:height\" content=\"1084\" \/>\n\t<meta property=\"og:image:type\" content=\"image\/jpeg\" \/>\n<meta name=\"twitter:card\" content=\"summary_large_image\" \/>\n<meta name=\"twitter:site\" content=\"@Sudoe5\" \/>\n<meta name=\"twitter:label1\" content=\"Dur\u00e9e de lecture estim\u00e9e\" \/>\n\t<meta name=\"twitter:data1\" content=\"1 minute\" \/>\n<script type=\"application\/ld+json\" class=\"yoast-schema-graph\">{\"@context\":\"https:\\\/\\\/schema.org\",\"@graph\":[{\"@type\":\"WebPage\",\"@id\":\"https:\\\/\\\/interreg-sudoe.eu\\\/fr\\\/proyectos\\\/filieres-de-restauration-de-la-biodiversite-par-les-semences-natives-dans-les-vignes-les-agrosystemes-et-les-milieux-naturels-mediterraneens\\\/\",\"url\":\"https:\\\/\\\/interreg-sudoe.eu\\\/fr\\\/proyectos\\\/filieres-de-restauration-de-la-biodiversite-par-les-semences-natives-dans-les-vignes-les-agrosystemes-et-les-milieux-naturels-mediterraneens\\\/\",\"name\":\"Fili\u00e8res de restauration de la biodiversit\u00e9 par les semences natives dans les vignes, les agrosyst\u00e8mes et les milieux naturels M\u00e9diterran\u00e9ens - Interreg Sudoe\",\"isPartOf\":{\"@id\":\"https:\\\/\\\/interreg-sudoe.eu\\\/fr\\\/#website\"},\"primaryImageOfPage\":{\"@id\":\"https:\\\/\\\/interreg-sudoe.eu\\\/fr\\\/proyectos\\\/filieres-de-restauration-de-la-biodiversite-par-les-semences-natives-dans-les-vignes-les-agrosystemes-et-les-milieux-naturels-mediterraneens\\\/#primaryimage\"},\"image\":{\"@id\":\"https:\\\/\\\/interreg-sudoe.eu\\\/fr\\\/proyectos\\\/filieres-de-restauration-de-la-biodiversite-par-les-semences-natives-dans-les-vignes-les-agrosystemes-et-les-milieux-naturels-mediterraneens\\\/#primaryimage\"},\"thumbnailUrl\":\"https:\\\/\\\/interreg-sudoe.eu\\\/wp-content\\\/uploads\\\/2023\\\/09\\\/CBAF43BE-B6EC-BB0C-CE61-9E1B7861C275.jpg\",\"datePublished\":\"2020-04-30T22:00:00+00:00\",\"breadcrumb\":{\"@id\":\"https:\\\/\\\/interreg-sudoe.eu\\\/fr\\\/proyectos\\\/filieres-de-restauration-de-la-biodiversite-par-les-semences-natives-dans-les-vignes-les-agrosystemes-et-les-milieux-naturels-mediterraneens\\\/#breadcrumb\"},\"inLanguage\":\"fr-FR\",\"potentialAction\":[{\"@type\":\"ReadAction\",\"target\":[\"https:\\\/\\\/interreg-sudoe.eu\\\/fr\\\/proyectos\\\/filieres-de-restauration-de-la-biodiversite-par-les-semences-natives-dans-les-vignes-les-agrosystemes-et-les-milieux-naturels-mediterraneens\\\/\"]}]},{\"@type\":\"ImageObject\",\"inLanguage\":\"fr-FR\",\"@id\":\"https:\\\/\\\/interreg-sudoe.eu\\\/fr\\\/proyectos\\\/filieres-de-restauration-de-la-biodiversite-par-les-semences-natives-dans-les-vignes-les-agrosystemes-et-les-milieux-naturels-mediterraneens\\\/#primaryimage\",\"url\":\"https:\\\/\\\/interreg-sudoe.eu\\\/wp-content\\\/uploads\\\/2023\\\/09\\\/CBAF43BE-B6EC-BB0C-CE61-9E1B7861C275.jpg\",\"contentUrl\":\"https:\\\/\\\/interreg-sudoe.eu\\\/wp-content\\\/uploads\\\/2023\\\/09\\\/CBAF43BE-B6EC-BB0C-CE61-9E1B7861C275.jpg\",\"width\":1980,\"height\":1084},{\"@type\":\"BreadcrumbList\",\"@id\":\"https:\\\/\\\/interreg-sudoe.eu\\\/fr\\\/proyectos\\\/filieres-de-restauration-de-la-biodiversite-par-les-semences-natives-dans-les-vignes-les-agrosystemes-et-les-milieux-naturels-mediterraneens\\\/#breadcrumb\",\"itemListElement\":[{\"@type\":\"ListItem\",\"position\":1,\"name\":\"Home\",\"item\":\"https:\\\/\\\/interreg-sudoe.eu\\\/fr\\\/\"},{\"@type\":\"ListItem\",\"position\":2,\"name\":\"Fili\u00e8res de restauration de la biodiversit\u00e9 par les semences natives dans les vignes, les agrosyst\u00e8mes et les milieux naturels M\u00e9diterran\u00e9ens\"}]},{\"@type\":\"WebSite\",\"@id\":\"https:\\\/\\\/interreg-sudoe.eu\\\/fr\\\/#website\",\"url\":\"https:\\\/\\\/interreg-sudoe.eu\\\/fr\\\/\",\"name\":\"Interreg Sudoe\",\"description\":\"Interreg Sudoe\",\"publisher\":{\"@id\":\"https:\\\/\\\/interreg-sudoe.eu\\\/fr\\\/#organization\"},\"alternateName\":\"Interreg Sudoe\",\"potentialAction\":[{\"@type\":\"SearchAction\",\"target\":{\"@type\":\"EntryPoint\",\"urlTemplate\":\"https:\\\/\\\/interreg-sudoe.eu\\\/fr\\\/?s={search_term_string}\"},\"query-input\":{\"@type\":\"PropertyValueSpecification\",\"valueRequired\":true,\"valueName\":\"search_term_string\"}}],\"inLanguage\":\"fr-FR\"},{\"@type\":\"Organization\",\"@id\":\"https:\\\/\\\/interreg-sudoe.eu\\\/fr\\\/#organization\",\"name\":\"Interreg Sudoe\",\"alternateName\":\"Interreg Sudoe\",\"url\":\"https:\\\/\\\/interreg-sudoe.eu\\\/fr\\\/\",\"logo\":{\"@type\":\"ImageObject\",\"inLanguage\":\"fr-FR\",\"@id\":\"https:\\\/\\\/interreg-sudoe.eu\\\/fr\\\/#\\\/schema\\\/logo\\\/image\\\/\",\"url\":\"https:\\\/\\\/interreg-sudoe.eu\\\/wp-content\\\/uploads\\\/2024\\\/03\\\/logo-interreg.png\",\"contentUrl\":\"https:\\\/\\\/interreg-sudoe.eu\\\/wp-content\\\/uploads\\\/2024\\\/03\\\/logo-interreg.png\",\"width\":1200,\"height\":675,\"caption\":\"Interreg Sudoe\"},\"image\":{\"@id\":\"https:\\\/\\\/interreg-sudoe.eu\\\/fr\\\/#\\\/schema\\\/logo\\\/image\\\/\"},\"sameAs\":[\"https:\\\/\\\/www.facebook.com\\\/interregsudoe\",\"https:\\\/\\\/x.com\\\/Sudoe5\",\"https:\\\/\\\/www.youtube.com\\\/channel\\\/UCeGx2edoB32beRc9dbKA2vw\",\"https:\\\/\\\/www.linkedin.com\\\/company\\\/interreg-sudoe-programme\\\/\",\"https:\\\/\\\/www.flickr.com\\\/photos\\\/148704685@N06\\\/\"]}]}<\/script>\n<!-- \/ Yoast SEO plugin. -->","yoast_head_json":{"title":"Fili\u00e8res de restauration de la biodiversit\u00e9 par les semences natives dans les vignes, les agrosyst\u00e8mes et les milieux naturels M\u00e9diterran\u00e9ens - Interreg Sudoe","robots":{"index":"index","follow":"follow","max-snippet":"max-snippet:-1","max-image-preview":"max-image-preview:large","max-video-preview":"max-video-preview:-1"},"canonical":"https:\/\/interreg-sudoe.eu\/fr\/proyectos\/filieres-de-restauration-de-la-biodiversite-par-les-semences-natives-dans-les-vignes-les-agrosystemes-et-les-milieux-naturels-mediterraneens\/","og_locale":"fr_FR","og_type":"article","og_title":"Fili\u00e8res de restauration de la biodiversit\u00e9 par les semences natives dans les vignes, les agrosyst\u00e8mes et les milieux naturels M\u00e9diterran\u00e9ens - Interreg Sudoe","og_description":"\u00ab\u00a0Fleurs locales\u00a0\u00bb construit des r\u00e9ponses concr\u00e8tes face \u00e0 l&rsquo;\u00e9rosion massive de la biodiversit\u00e9, acc\u00e9l\u00e9r\u00e9e par le d\u00e9r\u00e8glement climatique : adaptation de protocoles de reconqu\u00eate aux milieux m\u00e9diterran\u00e9ens et construction de fili\u00e8res de restauration \u00e9cologique avec tous les acteurs (gestionnaires d&rsquo;espaces, scientifiques, producteurs de semences, collectivit\u00e9s, usagers&#8230;) r\u00e9unis autour de \u00ab\u00a0contrats de gestion locale de la [&hellip;]","og_url":"https:\/\/interreg-sudoe.eu\/fr\/proyectos\/filieres-de-restauration-de-la-biodiversite-par-les-semences-natives-dans-les-vignes-les-agrosystemes-et-les-milieux-naturels-mediterraneens\/","og_site_name":"Interreg Sudoe","article_publisher":"https:\/\/www.facebook.com\/interregsudoe","og_image":[{"width":1980,"height":1084,"url":"https:\/\/interreg-sudoe.eu\/wp-content\/uploads\/2023\/09\/CBAF43BE-B6EC-BB0C-CE61-9E1B7861C275.jpg","type":"image\/jpeg"}],"twitter_card":"summary_large_image","twitter_site":"@Sudoe5","twitter_misc":{"Dur\u00e9e de lecture estim\u00e9e":"1 minute"},"schema":{"@context":"https:\/\/schema.org","@graph":[{"@type":"WebPage","@id":"https:\/\/interreg-sudoe.eu\/fr\/proyectos\/filieres-de-restauration-de-la-biodiversite-par-les-semences-natives-dans-les-vignes-les-agrosystemes-et-les-milieux-naturels-mediterraneens\/","url":"https:\/\/interreg-sudoe.eu\/fr\/proyectos\/filieres-de-restauration-de-la-biodiversite-par-les-semences-natives-dans-les-vignes-les-agrosystemes-et-les-milieux-naturels-mediterraneens\/","name":"Fili\u00e8res de restauration de la biodiversit\u00e9 par les semences natives dans les vignes, les agrosyst\u00e8mes et les milieux naturels M\u00e9diterran\u00e9ens - Interreg Sudoe","isPartOf":{"@id":"https:\/\/interreg-sudoe.eu\/fr\/#website"},"primaryImageOfPage":{"@id":"https:\/\/interreg-sudoe.eu\/fr\/proyectos\/filieres-de-restauration-de-la-biodiversite-par-les-semences-natives-dans-les-vignes-les-agrosystemes-et-les-milieux-naturels-mediterraneens\/#primaryimage"},"image":{"@id":"https:\/\/interreg-sudoe.eu\/fr\/proyectos\/filieres-de-restauration-de-la-biodiversite-par-les-semences-natives-dans-les-vignes-les-agrosystemes-et-les-milieux-naturels-mediterraneens\/#primaryimage"},"thumbnailUrl":"https:\/\/interreg-sudoe.eu\/wp-content\/uploads\/2023\/09\/CBAF43BE-B6EC-BB0C-CE61-9E1B7861C275.jpg","datePublished":"2020-04-30T22:00:00+00:00","breadcrumb":{"@id":"https:\/\/interreg-sudoe.eu\/fr\/proyectos\/filieres-de-restauration-de-la-biodiversite-par-les-semences-natives-dans-les-vignes-les-agrosystemes-et-les-milieux-naturels-mediterraneens\/#breadcrumb"},"inLanguage":"fr-FR","potentialAction":[{"@type":"ReadAction","target":["https:\/\/interreg-sudoe.eu\/fr\/proyectos\/filieres-de-restauration-de-la-biodiversite-par-les-semences-natives-dans-les-vignes-les-agrosystemes-et-les-milieux-naturels-mediterraneens\/"]}]},{"@type":"ImageObject","inLanguage":"fr-FR","@id":"https:\/\/interreg-sudoe.eu\/fr\/proyectos\/filieres-de-restauration-de-la-biodiversite-par-les-semences-natives-dans-les-vignes-les-agrosystemes-et-les-milieux-naturels-mediterraneens\/#primaryimage","url":"https:\/\/interreg-sudoe.eu\/wp-content\/uploads\/2023\/09\/CBAF43BE-B6EC-BB0C-CE61-9E1B7861C275.jpg","contentUrl":"https:\/\/interreg-sudoe.eu\/wp-content\/uploads\/2023\/09\/CBAF43BE-B6EC-BB0C-CE61-9E1B7861C275.jpg","width":1980,"height":1084},{"@type":"BreadcrumbList","@id":"https:\/\/interreg-sudoe.eu\/fr\/proyectos\/filieres-de-restauration-de-la-biodiversite-par-les-semences-natives-dans-les-vignes-les-agrosystemes-et-les-milieux-naturels-mediterraneens\/#breadcrumb","itemListElement":[{"@type":"ListItem","position":1,"name":"Home","item":"https:\/\/interreg-sudoe.eu\/fr\/"},{"@type":"ListItem","position":2,"name":"Fili\u00e8res de restauration de la biodiversit\u00e9 par les semences natives dans les vignes, les agrosyst\u00e8mes et les milieux naturels M\u00e9diterran\u00e9ens"}]},{"@type":"WebSite","@id":"https:\/\/interreg-sudoe.eu\/fr\/#website","url":"https:\/\/interreg-sudoe.eu\/fr\/","name":"Interreg Sudoe","description":"Interreg Sudoe","publisher":{"@id":"https:\/\/interreg-sudoe.eu\/fr\/#organization"},"alternateName":"Interreg Sudoe","potentialAction":[{"@type":"SearchAction","target":{"@type":"EntryPoint","urlTemplate":"https:\/\/interreg-sudoe.eu\/fr\/?s={search_term_string}"},"query-input":{"@type":"PropertyValueSpecification","valueRequired":true,"valueName":"search_term_string"}}],"inLanguage":"fr-FR"},{"@type":"Organization","@id":"https:\/\/interreg-sudoe.eu\/fr\/#organization","name":"Interreg Sudoe","alternateName":"Interreg Sudoe","url":"https:\/\/interreg-sudoe.eu\/fr\/","logo":{"@type":"ImageObject","inLanguage":"fr-FR","@id":"https:\/\/interreg-sudoe.eu\/fr\/#\/schema\/logo\/image\/","url":"https:\/\/interreg-sudoe.eu\/wp-content\/uploads\/2024\/03\/logo-interreg.png","contentUrl":"https:\/\/interreg-sudoe.eu\/wp-content\/uploads\/2024\/03\/logo-interreg.png","width":1200,"height":675,"caption":"Interreg Sudoe"},"image":{"@id":"https:\/\/interreg-sudoe.eu\/fr\/#\/schema\/logo\/image\/"},"sameAs":["https:\/\/www.facebook.com\/interregsudoe","https:\/\/x.com\/Sudoe5","https:\/\/www.youtube.com\/channel\/UCeGx2edoB32beRc9dbKA2vw","https:\/\/www.linkedin.com\/company\/interreg-sudoe-programme\/","https:\/\/www.flickr.com\/photos\/148704685@N06\/"]}]}},"_links":{"self":[{"href":"https:\/\/interreg-sudoe.eu\/fr\/wp-json\/wp\/v2\/proyectos\/24823","targetHints":{"allow":["GET"]}}],"collection":[{"href":"https:\/\/interreg-sudoe.eu\/fr\/wp-json\/wp\/v2\/proyectos"}],"about":[{"href":"https:\/\/interreg-sudoe.eu\/fr\/wp-json\/wp\/v2\/types\/proyectos"}],"version-history":[{"count":0,"href":"https:\/\/interreg-sudoe.eu\/fr\/wp-json\/wp\/v2\/proyectos\/24823\/revisions"}],"wp:featuredmedia":[{"embeddable":true,"href":"https:\/\/interreg-sudoe.eu\/fr\/wp-json\/wp\/v2\/media\/2601"}],"wp:attachment":[{"href":"https:\/\/interreg-sudoe.eu\/fr\/wp-json\/wp\/v2\/media?parent=24823"}],"wp:term":[{"taxonomy":"destinatario-proyecto","embeddable":true,"href":"https:\/\/interreg-sudoe.eu\/fr\/wp-json\/wp\/v2\/destinatario-proyecto?post=24823"},{"taxonomy":"eje-proyectos","embeddable":true,"href":"https:\/\/interreg-sudoe.eu\/fr\/wp-json\/wp\/v2\/eje-proyectos?post=24823"},{"taxonomy":"objetivos-proyecto","embeddable":true,"href":"https:\/\/interreg-sudoe.eu\/fr\/wp-json\/wp\/v2\/objetivos-proyecto?post=24823"},{"taxonomy":"region-proyecto","embeddable":true,"href":"https:\/\/interreg-sudoe.eu\/fr\/wp-json\/wp\/v2\/region-proyecto?post=24823"},{"taxonomy":"resultado-proyecto","embeddable":true,"href":"https:\/\/interreg-sudoe.eu\/fr\/wp-json\/wp\/v2\/resultado-proyecto?post=24823"},{"taxonomy":"seccion-proyecto","embeddable":true,"href":"https:\/\/interreg-sudoe.eu\/fr\/wp-json\/wp\/v2\/seccion-proyecto?post=24823"}],"curies":[{"name":"wp","href":"https:\/\/api.w.org\/{rel}","templated":true}]}}