{"id":35547,"date":"2024-05-30T18:17:38","date_gmt":"2024-05-30T16:17:38","guid":{"rendered":"https:\/\/interreg-sudoe.eu\/resultado-proyecto-2\/strategie-du-laboratoire-de-transition-rurale\/"},"modified":"2026-02-18T15:21:32","modified_gmt":"2026-02-18T14:21:32","slug":"strategie-du-laboratoire-de-transition-rurale","status":"publish","type":"resultado-proyecto-2","link":"https:\/\/interreg-sudoe.eu\/fr\/resultado-proyecto-2\/strategie-du-laboratoire-de-transition-rurale\/","title":{"rendered":"Strat\u00e9gie du Laboratoire de Transition Rurale"},"content":{"rendered":"<p>Une strat\u00e9gie conjointe pour la structuration et le d\u00e9veloppement des Rural Transition Labs sera \u00e9labor\u00e9e, s\u2019appuyant sur une vision partag\u00e9e du futur des territoires ruraux du Sudoe. Elle int\u00e9grera la dimension participative des Rural Transition Labs et l\u2019attention port\u00e9e aux ressources endog\u00e8nes et approches bas\u00e9es sur les \u00e9cosyst\u00e8mes. Pour la mettre en \u0153uvre, chaque territoire pilote coconstruira un plan d\u2019actions d\u00e9crivant les \u00e9tapes, priorit\u00e9s et la port\u00e9e du Lab.<\/p>\n","protected":false},"excerpt":{"rendered":"<p>Une strat\u00e9gie conjointe pour la structuration et le d\u00e9veloppement des Rural Transition Labs sera \u00e9labor\u00e9e, s\u2019appuyant sur une vision partag\u00e9e du futur des territoires ruraux du Sudoe. Elle int\u00e9grera la dimension participative des Rural Transition Labs et l\u2019attention port\u00e9e aux ressources endog\u00e8nes et approches bas\u00e9es sur les \u00e9cosyst\u00e8mes. Pour la mettre en \u0153uvre, chaque territoire pilote coconstruira un plan d\u2019actions d\u00e9crivant les \u00e9tapes, priorit\u00e9s et la port\u00e9e du Lab.<\/p>\n","protected":false},"author":4682,"template":"","meta":{"_acf_changed":false,"content-type":"","_monsterinsights_skip_tracking":false,"_monsterinsights_sitenote_active":false,"_monsterinsights_sitenote_note":"","_monsterinsights_sitenote_category":0},"convocatoria-proyecto-27":[3309],"estado-proyecto-27":[3363],"objetivo-especifico-proyecto-27":[3284],"periodo":[3556],"prioridad-proyecto-27":[3270],"publico-objetivo":[],"tematica-proyecto-27":[],"tipo-resultado":[3451],"class_list":["post-35547","resultado-proyecto-2","type-resultado-proyecto-2","status-publish","hentry","convocatoria-proyecto-27-1er-appel-a-projets","estado-proyecto-27-en-cours","objetivo-especifico-proyecto-27-os-2-4-adaptation-au-changement-climatique-prevention-des-risques","periodo-2021-2027-fr","prioridad-proyecto-27-1-preserver-le-capital-naturel-et-renforcer-ladaptation-au-changement-climatique-du-sudoe","tipo-resultado-strategies-plans-daction"],"acf":[],"yoast_head":"<!-- This site is optimized with the Yoast SEO plugin v27.4 - https:\/\/yoast.com\/product\/yoast-seo-wordpress\/ -->\n<title>Strat\u00e9gie du Laboratoire de Transition Rurale - Interreg Sudoe<\/title>\n<meta name=\"robots\" content=\"index, follow, max-snippet:-1, max-image-preview:large, max-video-preview:-1\" \/>\n<link rel=\"canonical\" href=\"https:\/\/interreg-sudoe.eu\/fr\/resultado-proyecto-2\/strategie-du-laboratoire-de-transition-rurale\/\" \/>\n<meta property=\"og:locale\" content=\"fr_FR\" \/>\n<meta property=\"og:type\" content=\"article\" \/>\n<meta property=\"og:title\" content=\"Strat\u00e9gie du Laboratoire de Transition Rurale - Interreg Sudoe\" \/>\n<meta property=\"og:description\" content=\"Une strat\u00e9gie conjointe pour la structuration et le d\u00e9veloppement des Rural Transition Labs sera \u00e9labor\u00e9e, s\u2019appuyant sur une vision partag\u00e9e du futur des territoires ruraux du Sudoe. Elle int\u00e9grera la dimension participative des Rural Transition Labs et l\u2019attention port\u00e9e aux ressources endog\u00e8nes et approches bas\u00e9es sur les \u00e9cosyst\u00e8mes. Pour la mettre en \u0153uvre, chaque territoire pilote coconstruira un plan d\u2019actions d\u00e9crivant les \u00e9tapes, priorit\u00e9s et la port\u00e9e du Lab.\" \/>\n<meta property=\"og:url\" content=\"https:\/\/interreg-sudoe.eu\/fr\/resultado-proyecto-2\/strategie-du-laboratoire-de-transition-rurale\/\" \/>\n<meta property=\"og:site_name\" content=\"Interreg Sudoe\" \/>\n<meta property=\"article:publisher\" content=\"https:\/\/www.facebook.com\/interregsudoe\" \/>\n<meta property=\"article:modified_time\" content=\"2026-02-18T14:21:32+00:00\" \/>\n<meta property=\"og:image\" content=\"https:\/\/interreg-sudoe.eu\/wp-content\/uploads\/2024\/03\/download.png\" \/>\n\t<meta property=\"og:image:width\" content=\"344\" \/>\n\t<meta property=\"og:image:height\" content=\"147\" \/>\n\t<meta property=\"og:image:type\" content=\"image\/png\" \/>\n<meta name=\"twitter:card\" content=\"summary_large_image\" \/>\n<meta name=\"twitter:site\" content=\"@Sudoe5\" \/>\n<script type=\"application\/ld+json\" class=\"yoast-schema-graph\">{\"@context\":\"https:\\\/\\\/schema.org\",\"@graph\":[{\"@type\":\"WebPage\",\"@id\":\"https:\\\/\\\/interreg-sudoe.eu\\\/fr\\\/resultado-proyecto-2\\\/strategie-du-laboratoire-de-transition-rurale\\\/\",\"url\":\"https:\\\/\\\/interreg-sudoe.eu\\\/fr\\\/resultado-proyecto-2\\\/strategie-du-laboratoire-de-transition-rurale\\\/\",\"name\":\"Strat\u00e9gie du Laboratoire de Transition Rurale - Interreg Sudoe\",\"isPartOf\":{\"@id\":\"https:\\\/\\\/interreg-sudoe.eu\\\/fr\\\/#website\"},\"datePublished\":\"2024-05-30T16:17:38+00:00\",\"dateModified\":\"2026-02-18T14:21:32+00:00\",\"breadcrumb\":{\"@id\":\"https:\\\/\\\/interreg-sudoe.eu\\\/fr\\\/resultado-proyecto-2\\\/strategie-du-laboratoire-de-transition-rurale\\\/#breadcrumb\"},\"inLanguage\":\"fr-FR\",\"potentialAction\":[{\"@type\":\"ReadAction\",\"target\":[\"https:\\\/\\\/interreg-sudoe.eu\\\/fr\\\/resultado-proyecto-2\\\/strategie-du-laboratoire-de-transition-rurale\\\/\"]}]},{\"@type\":\"BreadcrumbList\",\"@id\":\"https:\\\/\\\/interreg-sudoe.eu\\\/fr\\\/resultado-proyecto-2\\\/strategie-du-laboratoire-de-transition-rurale\\\/#breadcrumb\",\"itemListElement\":[{\"@type\":\"ListItem\",\"position\":1,\"name\":\"Home\",\"item\":\"https:\\\/\\\/interreg-sudoe.eu\\\/fr\\\/\"},{\"@type\":\"ListItem\",\"position\":2,\"name\":\"Strat\u00e9gie du Laboratoire de Transition Rurale\"}]},{\"@type\":\"WebSite\",\"@id\":\"https:\\\/\\\/interreg-sudoe.eu\\\/fr\\\/#website\",\"url\":\"https:\\\/\\\/interreg-sudoe.eu\\\/fr\\\/\",\"name\":\"Interreg Sudoe\",\"description\":\"Interreg Sudoe\",\"publisher\":{\"@id\":\"https:\\\/\\\/interreg-sudoe.eu\\\/fr\\\/#organization\"},\"alternateName\":\"Interreg Sudoe\",\"potentialAction\":[{\"@type\":\"SearchAction\",\"target\":{\"@type\":\"EntryPoint\",\"urlTemplate\":\"https:\\\/\\\/interreg-sudoe.eu\\\/fr\\\/?s={search_term_string}\"},\"query-input\":{\"@type\":\"PropertyValueSpecification\",\"valueRequired\":true,\"valueName\":\"search_term_string\"}}],\"inLanguage\":\"fr-FR\"},{\"@type\":\"Organization\",\"@id\":\"https:\\\/\\\/interreg-sudoe.eu\\\/fr\\\/#organization\",\"name\":\"Interreg Sudoe\",\"alternateName\":\"Interreg Sudoe\",\"url\":\"https:\\\/\\\/interreg-sudoe.eu\\\/fr\\\/\",\"logo\":{\"@type\":\"ImageObject\",\"inLanguage\":\"fr-FR\",\"@id\":\"https:\\\/\\\/interreg-sudoe.eu\\\/fr\\\/#\\\/schema\\\/logo\\\/image\\\/\",\"url\":\"https:\\\/\\\/interreg-sudoe.eu\\\/wp-content\\\/uploads\\\/2024\\\/03\\\/logo-interreg.png\",\"contentUrl\":\"https:\\\/\\\/interreg-sudoe.eu\\\/wp-content\\\/uploads\\\/2024\\\/03\\\/logo-interreg.png\",\"width\":1200,\"height\":675,\"caption\":\"Interreg Sudoe\"},\"image\":{\"@id\":\"https:\\\/\\\/interreg-sudoe.eu\\\/fr\\\/#\\\/schema\\\/logo\\\/image\\\/\"},\"sameAs\":[\"https:\\\/\\\/www.facebook.com\\\/interregsudoe\",\"https:\\\/\\\/x.com\\\/Sudoe5\",\"https:\\\/\\\/www.youtube.com\\\/channel\\\/UCeGx2edoB32beRc9dbKA2vw\",\"https:\\\/\\\/www.linkedin.com\\\/company\\\/interreg-sudoe-programme\\\/\",\"https:\\\/\\\/www.flickr.com\\\/photos\\\/148704685@N06\\\/\"]}]}<\/script>\n<!-- \/ Yoast SEO plugin. -->","yoast_head_json":{"title":"Strat\u00e9gie du Laboratoire de Transition Rurale - Interreg Sudoe","robots":{"index":"index","follow":"follow","max-snippet":"max-snippet:-1","max-image-preview":"max-image-preview:large","max-video-preview":"max-video-preview:-1"},"canonical":"https:\/\/interreg-sudoe.eu\/fr\/resultado-proyecto-2\/strategie-du-laboratoire-de-transition-rurale\/","og_locale":"fr_FR","og_type":"article","og_title":"Strat\u00e9gie du Laboratoire de Transition Rurale - Interreg Sudoe","og_description":"Une strat\u00e9gie conjointe pour la structuration et le d\u00e9veloppement des Rural Transition Labs sera \u00e9labor\u00e9e, s\u2019appuyant sur une vision partag\u00e9e du futur des territoires ruraux du Sudoe. Elle int\u00e9grera la dimension participative des Rural Transition Labs et l\u2019attention port\u00e9e aux ressources endog\u00e8nes et approches bas\u00e9es sur les \u00e9cosyst\u00e8mes. Pour la mettre en \u0153uvre, chaque territoire pilote coconstruira un plan d\u2019actions d\u00e9crivant les \u00e9tapes, priorit\u00e9s et la port\u00e9e du Lab.","og_url":"https:\/\/interreg-sudoe.eu\/fr\/resultado-proyecto-2\/strategie-du-laboratoire-de-transition-rurale\/","og_site_name":"Interreg Sudoe","article_publisher":"https:\/\/www.facebook.com\/interregsudoe","article_modified_time":"2026-02-18T14:21:32+00:00","og_image":[{"width":344,"height":147,"url":"https:\/\/interreg-sudoe.eu\/wp-content\/uploads\/2024\/03\/download.png","type":"image\/png"}],"twitter_card":"summary_large_image","twitter_site":"@Sudoe5","schema":{"@context":"https:\/\/schema.org","@graph":[{"@type":"WebPage","@id":"https:\/\/interreg-sudoe.eu\/fr\/resultado-proyecto-2\/strategie-du-laboratoire-de-transition-rurale\/","url":"https:\/\/interreg-sudoe.eu\/fr\/resultado-proyecto-2\/strategie-du-laboratoire-de-transition-rurale\/","name":"Strat\u00e9gie du Laboratoire de Transition Rurale - Interreg Sudoe","isPartOf":{"@id":"https:\/\/interreg-sudoe.eu\/fr\/#website"},"datePublished":"2024-05-30T16:17:38+00:00","dateModified":"2026-02-18T14:21:32+00:00","breadcrumb":{"@id":"https:\/\/interreg-sudoe.eu\/fr\/resultado-proyecto-2\/strategie-du-laboratoire-de-transition-rurale\/#breadcrumb"},"inLanguage":"fr-FR","potentialAction":[{"@type":"ReadAction","target":["https:\/\/interreg-sudoe.eu\/fr\/resultado-proyecto-2\/strategie-du-laboratoire-de-transition-rurale\/"]}]},{"@type":"BreadcrumbList","@id":"https:\/\/interreg-sudoe.eu\/fr\/resultado-proyecto-2\/strategie-du-laboratoire-de-transition-rurale\/#breadcrumb","itemListElement":[{"@type":"ListItem","position":1,"name":"Home","item":"https:\/\/interreg-sudoe.eu\/fr\/"},{"@type":"ListItem","position":2,"name":"Strat\u00e9gie du Laboratoire de Transition Rurale"}]},{"@type":"WebSite","@id":"https:\/\/interreg-sudoe.eu\/fr\/#website","url":"https:\/\/interreg-sudoe.eu\/fr\/","name":"Interreg Sudoe","description":"Interreg Sudoe","publisher":{"@id":"https:\/\/interreg-sudoe.eu\/fr\/#organization"},"alternateName":"Interreg Sudoe","potentialAction":[{"@type":"SearchAction","target":{"@type":"EntryPoint","urlTemplate":"https:\/\/interreg-sudoe.eu\/fr\/?s={search_term_string}"},"query-input":{"@type":"PropertyValueSpecification","valueRequired":true,"valueName":"search_term_string"}}],"inLanguage":"fr-FR"},{"@type":"Organization","@id":"https:\/\/interreg-sudoe.eu\/fr\/#organization","name":"Interreg Sudoe","alternateName":"Interreg Sudoe","url":"https:\/\/interreg-sudoe.eu\/fr\/","logo":{"@type":"ImageObject","inLanguage":"fr-FR","@id":"https:\/\/interreg-sudoe.eu\/fr\/#\/schema\/logo\/image\/","url":"https:\/\/interreg-sudoe.eu\/wp-content\/uploads\/2024\/03\/logo-interreg.png","contentUrl":"https:\/\/interreg-sudoe.eu\/wp-content\/uploads\/2024\/03\/logo-interreg.png","width":1200,"height":675,"caption":"Interreg Sudoe"},"image":{"@id":"https:\/\/interreg-sudoe.eu\/fr\/#\/schema\/logo\/image\/"},"sameAs":["https:\/\/www.facebook.com\/interregsudoe","https:\/\/x.com\/Sudoe5","https:\/\/www.youtube.com\/channel\/UCeGx2edoB32beRc9dbKA2vw","https:\/\/www.linkedin.com\/company\/interreg-sudoe-programme\/","https:\/\/www.flickr.com\/photos\/148704685@N06\/"]}]}},"_links":{"self":[{"href":"https:\/\/interreg-sudoe.eu\/fr\/wp-json\/wp\/v2\/resultado-proyecto-2\/35547","targetHints":{"allow":["GET"]}}],"collection":[{"href":"https:\/\/interreg-sudoe.eu\/fr\/wp-json\/wp\/v2\/resultado-proyecto-2"}],"about":[{"href":"https:\/\/interreg-sudoe.eu\/fr\/wp-json\/wp\/v2\/types\/resultado-proyecto-2"}],"author":[{"embeddable":true,"href":"https:\/\/interreg-sudoe.eu\/fr\/wp-json\/wp\/v2\/users\/4682"}],"wp:attachment":[{"href":"https:\/\/interreg-sudoe.eu\/fr\/wp-json\/wp\/v2\/media?parent=35547"}],"wp:term":[{"taxonomy":"convocatoria-proyecto-27","embeddable":true,"href":"https:\/\/interreg-sudoe.eu\/fr\/wp-json\/wp\/v2\/convocatoria-proyecto-27?post=35547"},{"taxonomy":"estado-proyecto-27","embeddable":true,"href":"https:\/\/interreg-sudoe.eu\/fr\/wp-json\/wp\/v2\/estado-proyecto-27?post=35547"},{"taxonomy":"objetivo-especifico-proyecto-27","embeddable":true,"href":"https:\/\/interreg-sudoe.eu\/fr\/wp-json\/wp\/v2\/objetivo-especifico-proyecto-27?post=35547"},{"taxonomy":"periodo","embeddable":true,"href":"https:\/\/interreg-sudoe.eu\/fr\/wp-json\/wp\/v2\/periodo?post=35547"},{"taxonomy":"prioridad-proyecto-27","embeddable":true,"href":"https:\/\/interreg-sudoe.eu\/fr\/wp-json\/wp\/v2\/prioridad-proyecto-27?post=35547"},{"taxonomy":"publico-objetivo","embeddable":true,"href":"https:\/\/interreg-sudoe.eu\/fr\/wp-json\/wp\/v2\/publico-objetivo?post=35547"},{"taxonomy":"tematica-proyecto-27","embeddable":true,"href":"https:\/\/interreg-sudoe.eu\/fr\/wp-json\/wp\/v2\/tematica-proyecto-27?post=35547"},{"taxonomy":"tipo-resultado","embeddable":true,"href":"https:\/\/interreg-sudoe.eu\/fr\/wp-json\/wp\/v2\/tipo-resultado?post=35547"}],"curies":[{"name":"wp","href":"https:\/\/api.w.org\/{rel}","templated":true}]}}