{"id":35557,"date":"2024-05-30T18:17:38","date_gmt":"2024-05-30T16:17:38","guid":{"rendered":"https:\/\/interreg-sudoe.eu\/resultado-proyecto-2\/strategie-et-plan-daction-pour-la-mise-en-oeuvre-de-living-labs-orientee-sur-leau-pour-les-sfn\/"},"modified":"2026-02-18T15:19:47","modified_gmt":"2026-02-18T14:19:47","slug":"strategie-et-plan-daction-pour-la-mise-en-oeuvre-de-living-labs-orientee-sur-leau-pour-les-sfn","status":"publish","type":"resultado-proyecto-2","link":"https:\/\/interreg-sudoe.eu\/fr\/resultado-proyecto-2\/strategie-et-plan-daction-pour-la-mise-en-oeuvre-de-living-labs-orientee-sur-leau-pour-les-sfn\/","title":{"rendered":"Strat\u00e9gie et plan d&rsquo;action pour la mise en \u0153uvre de Living Labs orient\u00e9e sur l&rsquo;eau pour les SFN"},"content":{"rendered":"<p>1 strat\u00e9gie sera \u00e9labor\u00e9e pour mettre en \u0153uvre des Living Labs orient\u00e9s sur l\u2019eau pour les SFN et la reuse (NB-WoLL). Elle d\u00e9crira la m\u00e9thode g\u00e9n\u00e9rale et la structure de mise en \u0153uvre de NB-WoLL bas\u00e9e sur une approche \u201cQuadruple Helix\u201d (ENoLL) pour d\u00e9velopper des solutions innovantes \u00e0 travers un mod\u00e8le collaboratif de co-cr\u00e9ation qui implique toutes les parties prenantes de la cha\u00eene de valeur de la r\u00e9utilisation de l&rsquo;eau. La strat\u00e9gie pr\u00e9sentera une approche adapt\u00e9e o\u00f9 les solutions seront d\u00e9finies en fonction de la demande.  1 plan d&rsquo;action sera cr\u00e9\u00e9 pour mettre en \u0153uvre la strat\u00e9gie NB-WoLL, en s&rsquo;appuyant sur l&rsquo;exp\u00e9rience des 3 sites de d\u00e9monstration.<\/p>\n","protected":false},"excerpt":{"rendered":"<p>1 strat\u00e9gie sera \u00e9labor\u00e9e pour mettre en \u0153uvre des Living Labs orient\u00e9s sur l\u2019eau pour les SFN et la reuse (NB-WoLL). Elle d\u00e9crira la m\u00e9thode g\u00e9n\u00e9rale et la structure de mise en \u0153uvre de NB-WoLL bas\u00e9e sur une approche \u201cQuadruple Helix\u201d (ENoLL) pour d\u00e9velopper des solutions innovantes \u00e0 travers un mod\u00e8le collaboratif de co-cr\u00e9ation qui implique toutes les parties prenantes de la cha\u00eene de valeur de la r\u00e9utilisation de l&rsquo;eau. La strat\u00e9gie pr\u00e9sentera une approche adapt\u00e9e o\u00f9 les solutions seront d\u00e9finies en fonction de la demande.  1 plan d&rsquo;action sera cr\u00e9\u00e9 pour mettre en \u0153uvre la strat\u00e9gie NB-WoLL, en s&rsquo;appuyant sur l&rsquo;exp\u00e9rience des 3 sites de d\u00e9monstration.<\/p>\n","protected":false},"author":5002,"template":"","meta":{"_acf_changed":false,"content-type":"","_monsterinsights_skip_tracking":false,"_monsterinsights_sitenote_active":false,"_monsterinsights_sitenote_note":"","_monsterinsights_sitenote_category":0},"convocatoria-proyecto-27":[3309],"estado-proyecto-27":[3363],"objetivo-especifico-proyecto-27":[3285],"periodo":[3556],"prioridad-proyecto-27":[3270],"publico-objetivo":[],"tematica-proyecto-27":[],"tipo-resultado":[3451],"class_list":["post-35557","resultado-proyecto-2","type-resultado-proyecto-2","status-publish","hentry","convocatoria-proyecto-27-1er-appel-a-projets","estado-proyecto-27-en-cours","objetivo-especifico-proyecto-27-os-2-5-acces-a-leau-gestion-durable-de-leau","periodo-2021-2027-fr","prioridad-proyecto-27-1-preserver-le-capital-naturel-et-renforcer-ladaptation-au-changement-climatique-du-sudoe","tipo-resultado-strategies-plans-daction"],"acf":[],"yoast_head":"<!-- This site is optimized with the Yoast SEO plugin v27.4 - https:\/\/yoast.com\/product\/yoast-seo-wordpress\/ -->\n<title>Strat\u00e9gie et plan d&#039;action pour la mise en \u0153uvre de Living Labs orient\u00e9e sur l&#039;eau pour les SFN - Interreg Sudoe<\/title>\n<meta name=\"robots\" content=\"index, follow, max-snippet:-1, max-image-preview:large, max-video-preview:-1\" \/>\n<link rel=\"canonical\" href=\"https:\/\/interreg-sudoe.eu\/fr\/resultado-proyecto-2\/strategie-et-plan-daction-pour-la-mise-en-oeuvre-de-living-labs-orientee-sur-leau-pour-les-sfn\/\" \/>\n<meta property=\"og:locale\" content=\"fr_FR\" \/>\n<meta property=\"og:type\" content=\"article\" \/>\n<meta property=\"og:title\" content=\"Strat\u00e9gie et plan d&#039;action pour la mise en \u0153uvre de Living Labs orient\u00e9e sur l&#039;eau pour les SFN - Interreg Sudoe\" \/>\n<meta property=\"og:description\" content=\"1 strat\u00e9gie sera \u00e9labor\u00e9e pour mettre en \u0153uvre des Living Labs orient\u00e9s sur l\u2019eau pour les SFN et la reuse (NB-WoLL). Elle d\u00e9crira la m\u00e9thode g\u00e9n\u00e9rale et la structure de mise en \u0153uvre de NB-WoLL bas\u00e9e sur une approche \u201cQuadruple Helix\u201d (ENoLL) pour d\u00e9velopper des solutions innovantes \u00e0 travers un mod\u00e8le collaboratif de co-cr\u00e9ation qui implique toutes les parties prenantes de la cha\u00eene de valeur de la r\u00e9utilisation de l&#039;eau. La strat\u00e9gie pr\u00e9sentera une approche adapt\u00e9e o\u00f9 les solutions seront d\u00e9finies en fonction de la demande. 1 plan d&#039;action sera cr\u00e9\u00e9 pour mettre en \u0153uvre la strat\u00e9gie NB-WoLL, en s&#039;appuyant sur l&#039;exp\u00e9rience des 3 sites de d\u00e9monstration.\" \/>\n<meta property=\"og:url\" content=\"https:\/\/interreg-sudoe.eu\/fr\/resultado-proyecto-2\/strategie-et-plan-daction-pour-la-mise-en-oeuvre-de-living-labs-orientee-sur-leau-pour-les-sfn\/\" \/>\n<meta property=\"og:site_name\" content=\"Interreg Sudoe\" \/>\n<meta property=\"article:publisher\" content=\"https:\/\/www.facebook.com\/interregsudoe\" \/>\n<meta property=\"article:modified_time\" content=\"2026-02-18T14:19:47+00:00\" \/>\n<meta property=\"og:image\" content=\"https:\/\/interreg-sudoe.eu\/wp-content\/uploads\/2024\/03\/download.png\" \/>\n\t<meta property=\"og:image:width\" content=\"344\" \/>\n\t<meta property=\"og:image:height\" content=\"147\" \/>\n\t<meta property=\"og:image:type\" content=\"image\/png\" \/>\n<meta name=\"twitter:card\" content=\"summary_large_image\" \/>\n<meta name=\"twitter:site\" content=\"@Sudoe5\" \/>\n<meta name=\"twitter:label1\" content=\"Dur\u00e9e de lecture estim\u00e9e\" \/>\n\t<meta name=\"twitter:data1\" content=\"1 minute\" \/>\n<script type=\"application\/ld+json\" class=\"yoast-schema-graph\">{\"@context\":\"https:\\\/\\\/schema.org\",\"@graph\":[{\"@type\":\"WebPage\",\"@id\":\"https:\\\/\\\/interreg-sudoe.eu\\\/fr\\\/resultado-proyecto-2\\\/strategie-et-plan-daction-pour-la-mise-en-oeuvre-de-living-labs-orientee-sur-leau-pour-les-sfn\\\/\",\"url\":\"https:\\\/\\\/interreg-sudoe.eu\\\/fr\\\/resultado-proyecto-2\\\/strategie-et-plan-daction-pour-la-mise-en-oeuvre-de-living-labs-orientee-sur-leau-pour-les-sfn\\\/\",\"name\":\"Strat\u00e9gie et plan d'action pour la mise en \u0153uvre de Living Labs orient\u00e9e sur l'eau pour les SFN - Interreg Sudoe\",\"isPartOf\":{\"@id\":\"https:\\\/\\\/interreg-sudoe.eu\\\/fr\\\/#website\"},\"datePublished\":\"2024-05-30T16:17:38+00:00\",\"dateModified\":\"2026-02-18T14:19:47+00:00\",\"breadcrumb\":{\"@id\":\"https:\\\/\\\/interreg-sudoe.eu\\\/fr\\\/resultado-proyecto-2\\\/strategie-et-plan-daction-pour-la-mise-en-oeuvre-de-living-labs-orientee-sur-leau-pour-les-sfn\\\/#breadcrumb\"},\"inLanguage\":\"fr-FR\",\"potentialAction\":[{\"@type\":\"ReadAction\",\"target\":[\"https:\\\/\\\/interreg-sudoe.eu\\\/fr\\\/resultado-proyecto-2\\\/strategie-et-plan-daction-pour-la-mise-en-oeuvre-de-living-labs-orientee-sur-leau-pour-les-sfn\\\/\"]}]},{\"@type\":\"BreadcrumbList\",\"@id\":\"https:\\\/\\\/interreg-sudoe.eu\\\/fr\\\/resultado-proyecto-2\\\/strategie-et-plan-daction-pour-la-mise-en-oeuvre-de-living-labs-orientee-sur-leau-pour-les-sfn\\\/#breadcrumb\",\"itemListElement\":[{\"@type\":\"ListItem\",\"position\":1,\"name\":\"Home\",\"item\":\"https:\\\/\\\/interreg-sudoe.eu\\\/fr\\\/\"},{\"@type\":\"ListItem\",\"position\":2,\"name\":\"Strat\u00e9gie et plan d&#8217;action pour la mise en \u0153uvre de Living Labs orient\u00e9e sur l&#8217;eau pour les SFN\"}]},{\"@type\":\"WebSite\",\"@id\":\"https:\\\/\\\/interreg-sudoe.eu\\\/fr\\\/#website\",\"url\":\"https:\\\/\\\/interreg-sudoe.eu\\\/fr\\\/\",\"name\":\"Interreg Sudoe\",\"description\":\"Interreg Sudoe\",\"publisher\":{\"@id\":\"https:\\\/\\\/interreg-sudoe.eu\\\/fr\\\/#organization\"},\"alternateName\":\"Interreg Sudoe\",\"potentialAction\":[{\"@type\":\"SearchAction\",\"target\":{\"@type\":\"EntryPoint\",\"urlTemplate\":\"https:\\\/\\\/interreg-sudoe.eu\\\/fr\\\/?s={search_term_string}\"},\"query-input\":{\"@type\":\"PropertyValueSpecification\",\"valueRequired\":true,\"valueName\":\"search_term_string\"}}],\"inLanguage\":\"fr-FR\"},{\"@type\":\"Organization\",\"@id\":\"https:\\\/\\\/interreg-sudoe.eu\\\/fr\\\/#organization\",\"name\":\"Interreg Sudoe\",\"alternateName\":\"Interreg Sudoe\",\"url\":\"https:\\\/\\\/interreg-sudoe.eu\\\/fr\\\/\",\"logo\":{\"@type\":\"ImageObject\",\"inLanguage\":\"fr-FR\",\"@id\":\"https:\\\/\\\/interreg-sudoe.eu\\\/fr\\\/#\\\/schema\\\/logo\\\/image\\\/\",\"url\":\"https:\\\/\\\/interreg-sudoe.eu\\\/wp-content\\\/uploads\\\/2024\\\/03\\\/logo-interreg.png\",\"contentUrl\":\"https:\\\/\\\/interreg-sudoe.eu\\\/wp-content\\\/uploads\\\/2024\\\/03\\\/logo-interreg.png\",\"width\":1200,\"height\":675,\"caption\":\"Interreg Sudoe\"},\"image\":{\"@id\":\"https:\\\/\\\/interreg-sudoe.eu\\\/fr\\\/#\\\/schema\\\/logo\\\/image\\\/\"},\"sameAs\":[\"https:\\\/\\\/www.facebook.com\\\/interregsudoe\",\"https:\\\/\\\/x.com\\\/Sudoe5\",\"https:\\\/\\\/www.youtube.com\\\/channel\\\/UCeGx2edoB32beRc9dbKA2vw\",\"https:\\\/\\\/www.linkedin.com\\\/company\\\/interreg-sudoe-programme\\\/\",\"https:\\\/\\\/www.flickr.com\\\/photos\\\/148704685@N06\\\/\"]}]}<\/script>\n<!-- \/ Yoast SEO plugin. -->","yoast_head_json":{"title":"Strat\u00e9gie et plan d'action pour la mise en \u0153uvre de Living Labs orient\u00e9e sur l'eau pour les SFN - Interreg Sudoe","robots":{"index":"index","follow":"follow","max-snippet":"max-snippet:-1","max-image-preview":"max-image-preview:large","max-video-preview":"max-video-preview:-1"},"canonical":"https:\/\/interreg-sudoe.eu\/fr\/resultado-proyecto-2\/strategie-et-plan-daction-pour-la-mise-en-oeuvre-de-living-labs-orientee-sur-leau-pour-les-sfn\/","og_locale":"fr_FR","og_type":"article","og_title":"Strat\u00e9gie et plan d'action pour la mise en \u0153uvre de Living Labs orient\u00e9e sur l'eau pour les SFN - Interreg Sudoe","og_description":"1 strat\u00e9gie sera \u00e9labor\u00e9e pour mettre en \u0153uvre des Living Labs orient\u00e9s sur l\u2019eau pour les SFN et la reuse (NB-WoLL). Elle d\u00e9crira la m\u00e9thode g\u00e9n\u00e9rale et la structure de mise en \u0153uvre de NB-WoLL bas\u00e9e sur une approche \u201cQuadruple Helix\u201d (ENoLL) pour d\u00e9velopper des solutions innovantes \u00e0 travers un mod\u00e8le collaboratif de co-cr\u00e9ation qui implique toutes les parties prenantes de la cha\u00eene de valeur de la r\u00e9utilisation de l'eau. La strat\u00e9gie pr\u00e9sentera une approche adapt\u00e9e o\u00f9 les solutions seront d\u00e9finies en fonction de la demande. 1 plan d'action sera cr\u00e9\u00e9 pour mettre en \u0153uvre la strat\u00e9gie NB-WoLL, en s'appuyant sur l'exp\u00e9rience des 3 sites de d\u00e9monstration.","og_url":"https:\/\/interreg-sudoe.eu\/fr\/resultado-proyecto-2\/strategie-et-plan-daction-pour-la-mise-en-oeuvre-de-living-labs-orientee-sur-leau-pour-les-sfn\/","og_site_name":"Interreg Sudoe","article_publisher":"https:\/\/www.facebook.com\/interregsudoe","article_modified_time":"2026-02-18T14:19:47+00:00","og_image":[{"width":344,"height":147,"url":"https:\/\/interreg-sudoe.eu\/wp-content\/uploads\/2024\/03\/download.png","type":"image\/png"}],"twitter_card":"summary_large_image","twitter_site":"@Sudoe5","twitter_misc":{"Dur\u00e9e de lecture estim\u00e9e":"1 minute"},"schema":{"@context":"https:\/\/schema.org","@graph":[{"@type":"WebPage","@id":"https:\/\/interreg-sudoe.eu\/fr\/resultado-proyecto-2\/strategie-et-plan-daction-pour-la-mise-en-oeuvre-de-living-labs-orientee-sur-leau-pour-les-sfn\/","url":"https:\/\/interreg-sudoe.eu\/fr\/resultado-proyecto-2\/strategie-et-plan-daction-pour-la-mise-en-oeuvre-de-living-labs-orientee-sur-leau-pour-les-sfn\/","name":"Strat\u00e9gie et plan d'action pour la mise en \u0153uvre de Living Labs orient\u00e9e sur l'eau pour les SFN - Interreg Sudoe","isPartOf":{"@id":"https:\/\/interreg-sudoe.eu\/fr\/#website"},"datePublished":"2024-05-30T16:17:38+00:00","dateModified":"2026-02-18T14:19:47+00:00","breadcrumb":{"@id":"https:\/\/interreg-sudoe.eu\/fr\/resultado-proyecto-2\/strategie-et-plan-daction-pour-la-mise-en-oeuvre-de-living-labs-orientee-sur-leau-pour-les-sfn\/#breadcrumb"},"inLanguage":"fr-FR","potentialAction":[{"@type":"ReadAction","target":["https:\/\/interreg-sudoe.eu\/fr\/resultado-proyecto-2\/strategie-et-plan-daction-pour-la-mise-en-oeuvre-de-living-labs-orientee-sur-leau-pour-les-sfn\/"]}]},{"@type":"BreadcrumbList","@id":"https:\/\/interreg-sudoe.eu\/fr\/resultado-proyecto-2\/strategie-et-plan-daction-pour-la-mise-en-oeuvre-de-living-labs-orientee-sur-leau-pour-les-sfn\/#breadcrumb","itemListElement":[{"@type":"ListItem","position":1,"name":"Home","item":"https:\/\/interreg-sudoe.eu\/fr\/"},{"@type":"ListItem","position":2,"name":"Strat\u00e9gie et plan d&#8217;action pour la mise en \u0153uvre de Living Labs orient\u00e9e sur l&#8217;eau pour les SFN"}]},{"@type":"WebSite","@id":"https:\/\/interreg-sudoe.eu\/fr\/#website","url":"https:\/\/interreg-sudoe.eu\/fr\/","name":"Interreg Sudoe","description":"Interreg Sudoe","publisher":{"@id":"https:\/\/interreg-sudoe.eu\/fr\/#organization"},"alternateName":"Interreg Sudoe","potentialAction":[{"@type":"SearchAction","target":{"@type":"EntryPoint","urlTemplate":"https:\/\/interreg-sudoe.eu\/fr\/?s={search_term_string}"},"query-input":{"@type":"PropertyValueSpecification","valueRequired":true,"valueName":"search_term_string"}}],"inLanguage":"fr-FR"},{"@type":"Organization","@id":"https:\/\/interreg-sudoe.eu\/fr\/#organization","name":"Interreg Sudoe","alternateName":"Interreg Sudoe","url":"https:\/\/interreg-sudoe.eu\/fr\/","logo":{"@type":"ImageObject","inLanguage":"fr-FR","@id":"https:\/\/interreg-sudoe.eu\/fr\/#\/schema\/logo\/image\/","url":"https:\/\/interreg-sudoe.eu\/wp-content\/uploads\/2024\/03\/logo-interreg.png","contentUrl":"https:\/\/interreg-sudoe.eu\/wp-content\/uploads\/2024\/03\/logo-interreg.png","width":1200,"height":675,"caption":"Interreg Sudoe"},"image":{"@id":"https:\/\/interreg-sudoe.eu\/fr\/#\/schema\/logo\/image\/"},"sameAs":["https:\/\/www.facebook.com\/interregsudoe","https:\/\/x.com\/Sudoe5","https:\/\/www.youtube.com\/channel\/UCeGx2edoB32beRc9dbKA2vw","https:\/\/www.linkedin.com\/company\/interreg-sudoe-programme\/","https:\/\/www.flickr.com\/photos\/148704685@N06\/"]}]}},"_links":{"self":[{"href":"https:\/\/interreg-sudoe.eu\/fr\/wp-json\/wp\/v2\/resultado-proyecto-2\/35557","targetHints":{"allow":["GET"]}}],"collection":[{"href":"https:\/\/interreg-sudoe.eu\/fr\/wp-json\/wp\/v2\/resultado-proyecto-2"}],"about":[{"href":"https:\/\/interreg-sudoe.eu\/fr\/wp-json\/wp\/v2\/types\/resultado-proyecto-2"}],"author":[{"embeddable":true,"href":"https:\/\/interreg-sudoe.eu\/fr\/wp-json\/wp\/v2\/users\/5002"}],"wp:attachment":[{"href":"https:\/\/interreg-sudoe.eu\/fr\/wp-json\/wp\/v2\/media?parent=35557"}],"wp:term":[{"taxonomy":"convocatoria-proyecto-27","embeddable":true,"href":"https:\/\/interreg-sudoe.eu\/fr\/wp-json\/wp\/v2\/convocatoria-proyecto-27?post=35557"},{"taxonomy":"estado-proyecto-27","embeddable":true,"href":"https:\/\/interreg-sudoe.eu\/fr\/wp-json\/wp\/v2\/estado-proyecto-27?post=35557"},{"taxonomy":"objetivo-especifico-proyecto-27","embeddable":true,"href":"https:\/\/interreg-sudoe.eu\/fr\/wp-json\/wp\/v2\/objetivo-especifico-proyecto-27?post=35557"},{"taxonomy":"periodo","embeddable":true,"href":"https:\/\/interreg-sudoe.eu\/fr\/wp-json\/wp\/v2\/periodo?post=35557"},{"taxonomy":"prioridad-proyecto-27","embeddable":true,"href":"https:\/\/interreg-sudoe.eu\/fr\/wp-json\/wp\/v2\/prioridad-proyecto-27?post=35557"},{"taxonomy":"publico-objetivo","embeddable":true,"href":"https:\/\/interreg-sudoe.eu\/fr\/wp-json\/wp\/v2\/publico-objetivo?post=35557"},{"taxonomy":"tematica-proyecto-27","embeddable":true,"href":"https:\/\/interreg-sudoe.eu\/fr\/wp-json\/wp\/v2\/tematica-proyecto-27?post=35557"},{"taxonomy":"tipo-resultado","embeddable":true,"href":"https:\/\/interreg-sudoe.eu\/fr\/wp-json\/wp\/v2\/tipo-resultado?post=35557"}],"curies":[{"name":"wp","href":"https:\/\/api.w.org\/{rel}","templated":true}]}}