{"id":35558,"date":"2024-05-30T18:17:38","date_gmt":"2024-05-30T16:17:38","guid":{"rendered":"https:\/\/interreg-sudoe.eu\/resultado-proyecto-2\/strategie-pour-ameliorer-lefficacite-et-la-qualite-de-leau-dans-les-zones-rurales-sudoe\/"},"modified":"2026-02-18T12:00:11","modified_gmt":"2026-02-18T11:00:11","slug":"strategie-pour-ameliorer-lefficacite-et-la-qualite-de-leau-dans-les-zones-rurales-sudoe","status":"publish","type":"resultado-proyecto-2","link":"https:\/\/interreg-sudoe.eu\/fr\/resultado-proyecto-2\/strategie-pour-ameliorer-lefficacite-et-la-qualite-de-leau-dans-les-zones-rurales-sudoe\/","title":{"rendered":"Strat\u00e9gie pour am\u00e9liorer l\u2019efficacit\u00e9 et la qualit\u00e9 de l\u2019eau dans les zones rurales SUDOE"},"content":{"rendered":"<p>Le projet GestEAUr d\u00e9veloppera une strat\u00e9gie int\u00e9grale qui servira de feuille de route pour am\u00e9liorer l&rsquo;efficacit\u00e9 et la qualit\u00e9 de la gestion de l&rsquo;eau et accro\u00eetre la r\u00e9silience dans les zones rurales de l&rsquo;espace SUDOE, dans le contexte du changement climatique. Cette strat\u00e9gie sera con\u00e7ue en collaboration avec des b\u00e9n\u00e9ficiaires de France, du Portugal et d\u2019Espagne et s\u2019appuiera sur toutes les exp\u00e9riences g\u00e9n\u00e9r\u00e9es par GestEAUr, en tirant parti des solutions rentables identifi\u00e9es dans le GT1, des r\u00e9sultats des pilotes de potabilisation, d&rsquo;\u00e9puration et de r\u00e9utilisation du GT2, ainsi que des simulations et fonctionnalit\u00e9s de l\u2019outil digital SID_AQUARURAL d\u00e9velopp\u00e9 dans le GT3. Les r\u00e9sultats sp\u00e9cifiques du projet incluent une strat\u00e9gie commune pour renforcer la r\u00e9silience hydrique dans cinq r\u00e9gions du SUDOE, ax\u00e9e sur l&rsquo;acc\u00e8s \u00e0 une eau de qualit\u00e9 et la promotion de pratiques innovantes de conservation et de traitement. De plus, cinq plans d\u2019action r\u00e9gionaux, adapt\u00e9s aux besoins de chaque zone, seront \u00e9labor\u00e9s pour int\u00e9grer les enseignements des pilotes et du diagnostic initial. Par ailleurs, trois essais pilotes seront mis en \u0153uvre pour optimiser les processus de potabilisation, d\u2019\u00e9puration et de r\u00e9utilisation dans des lieux strat\u00e9giques de chaque pays participant. Enfin, l&rsquo;outil digital SID_AQUARURAL, bas\u00e9 sur l&rsquo;intelligence artificielle, permettra une gestion avanc\u00e9e du cycle de l&rsquo;eau en surveillant en temps r\u00e9el les donn\u00e9es de qualit\u00e9 et de quantit\u00e9 d\u2019eau, facilitant ainsi une prise de d\u00e9cision efficace et opportune.<\/p>\n","protected":false},"excerpt":{"rendered":"<p>La strat\u00e9gie constituera une feuille de route pour am\u00e9liorer la gestion de l&rsquo;eau et accro\u00eetre la r\u00e9silience dans les zones rurales du SUDOE dans un contexte de changement climatique, en s&rsquo;appuyant sur toutes les exp\u00e9riences de GestEAUr. Elle reposera sur les solutions identifi\u00e9es dans le GT1, les r\u00e9sultats des pilotes du GT2 et les simulations de l&rsquo;outil SID_AQUARURAL (GT3), permettant une gestion optimis\u00e9e et en temps r\u00e9el gr\u00e2ce \u00e0 l&rsquo;intelligence artificielle.<\/p>\n","protected":false},"author":6528,"template":"","meta":{"_acf_changed":false,"content-type":"","_monsterinsights_skip_tracking":false,"_monsterinsights_sitenote_active":false,"_monsterinsights_sitenote_note":"","_monsterinsights_sitenote_category":0},"convocatoria-proyecto-27":[3309],"estado-proyecto-27":[3363],"objetivo-especifico-proyecto-27":[3285],"periodo":[3556],"prioridad-proyecto-27":[3270],"publico-objetivo":[],"tematica-proyecto-27":[],"tipo-resultado":[3451],"class_list":["post-35558","resultado-proyecto-2","type-resultado-proyecto-2","status-publish","hentry","convocatoria-proyecto-27-1er-appel-a-projets","estado-proyecto-27-en-cours","objetivo-especifico-proyecto-27-os-2-5-acces-a-leau-gestion-durable-de-leau","periodo-2021-2027-fr","prioridad-proyecto-27-1-preserver-le-capital-naturel-et-renforcer-ladaptation-au-changement-climatique-du-sudoe","tipo-resultado-strategies-plans-daction"],"acf":[],"yoast_head":"<!-- This site is optimized with the Yoast SEO plugin v27.2 - https:\/\/yoast.com\/product\/yoast-seo-wordpress\/ -->\n<title>Strat\u00e9gie pour am\u00e9liorer l\u2019efficacit\u00e9 et la qualit\u00e9 de l\u2019eau dans les zones rurales SUDOE - Interreg Sudoe<\/title>\n<meta name=\"robots\" content=\"index, follow, max-snippet:-1, max-image-preview:large, max-video-preview:-1\" \/>\n<link rel=\"canonical\" href=\"https:\/\/interreg-sudoe.eu\/fr\/resultado-proyecto-2\/strategie-pour-ameliorer-lefficacite-et-la-qualite-de-leau-dans-les-zones-rurales-sudoe\/\" \/>\n<meta property=\"og:locale\" content=\"fr_FR\" \/>\n<meta property=\"og:type\" content=\"article\" \/>\n<meta property=\"og:title\" content=\"Strat\u00e9gie pour am\u00e9liorer l\u2019efficacit\u00e9 et la qualit\u00e9 de l\u2019eau dans les zones rurales SUDOE - Interreg Sudoe\" \/>\n<meta property=\"og:description\" content=\"La strat\u00e9gie constituera une feuille de route pour am\u00e9liorer la gestion de l&#039;eau et accro\u00eetre la r\u00e9silience dans les zones rurales du SUDOE dans un contexte de changement climatique, en s&#039;appuyant sur toutes les exp\u00e9riences de GestEAUr. Elle reposera sur les solutions identifi\u00e9es dans le GT1, les r\u00e9sultats des pilotes du GT2 et les simulations de l&#039;outil SID_AQUARURAL (GT3), permettant une gestion optimis\u00e9e et en temps r\u00e9el gr\u00e2ce \u00e0 l&#039;intelligence artificielle.\" \/>\n<meta property=\"og:url\" content=\"https:\/\/interreg-sudoe.eu\/fr\/resultado-proyecto-2\/strategie-pour-ameliorer-lefficacite-et-la-qualite-de-leau-dans-les-zones-rurales-sudoe\/\" \/>\n<meta property=\"og:site_name\" content=\"Interreg Sudoe\" \/>\n<meta property=\"article:publisher\" content=\"https:\/\/www.facebook.com\/interregsudoe\" \/>\n<meta property=\"article:modified_time\" content=\"2026-02-18T11:00:11+00:00\" \/>\n<meta property=\"og:image\" content=\"https:\/\/interreg-sudoe.eu\/wp-content\/uploads\/2024\/03\/download.png\" \/>\n\t<meta property=\"og:image:width\" content=\"344\" \/>\n\t<meta property=\"og:image:height\" content=\"147\" \/>\n\t<meta property=\"og:image:type\" content=\"image\/png\" \/>\n<meta name=\"twitter:card\" content=\"summary_large_image\" \/>\n<meta name=\"twitter:site\" content=\"@Sudoe5\" \/>\n<meta name=\"twitter:label1\" content=\"Dur\u00e9e de lecture estim\u00e9e\" \/>\n\t<meta name=\"twitter:data1\" content=\"1 minute\" \/>\n<script type=\"application\/ld+json\" class=\"yoast-schema-graph\">{\"@context\":\"https:\/\/schema.org\",\"@graph\":[{\"@type\":\"WebPage\",\"@id\":\"https:\/\/interreg-sudoe.eu\/fr\/resultado-proyecto-2\/strategie-pour-ameliorer-lefficacite-et-la-qualite-de-leau-dans-les-zones-rurales-sudoe\/\",\"url\":\"https:\/\/interreg-sudoe.eu\/fr\/resultado-proyecto-2\/strategie-pour-ameliorer-lefficacite-et-la-qualite-de-leau-dans-les-zones-rurales-sudoe\/\",\"name\":\"Strat\u00e9gie pour am\u00e9liorer l\u2019efficacit\u00e9 et la qualit\u00e9 de l\u2019eau dans les zones rurales SUDOE - Interreg Sudoe\",\"isPartOf\":{\"@id\":\"https:\/\/interreg-sudoe.eu\/fr\/#website\"},\"datePublished\":\"2024-05-30T16:17:38+00:00\",\"dateModified\":\"2026-02-18T11:00:11+00:00\",\"breadcrumb\":{\"@id\":\"https:\/\/interreg-sudoe.eu\/fr\/resultado-proyecto-2\/strategie-pour-ameliorer-lefficacite-et-la-qualite-de-leau-dans-les-zones-rurales-sudoe\/#breadcrumb\"},\"inLanguage\":\"fr-FR\",\"potentialAction\":[{\"@type\":\"ReadAction\",\"target\":[\"https:\/\/interreg-sudoe.eu\/fr\/resultado-proyecto-2\/strategie-pour-ameliorer-lefficacite-et-la-qualite-de-leau-dans-les-zones-rurales-sudoe\/\"]}]},{\"@type\":\"BreadcrumbList\",\"@id\":\"https:\/\/interreg-sudoe.eu\/fr\/resultado-proyecto-2\/strategie-pour-ameliorer-lefficacite-et-la-qualite-de-leau-dans-les-zones-rurales-sudoe\/#breadcrumb\",\"itemListElement\":[{\"@type\":\"ListItem\",\"position\":1,\"name\":\"Home\",\"item\":\"https:\/\/interreg-sudoe.eu\/fr\/\"},{\"@type\":\"ListItem\",\"position\":2,\"name\":\"Strat\u00e9gie pour am\u00e9liorer l\u2019efficacit\u00e9 et la qualit\u00e9 de l\u2019eau dans les zones rurales SUDOE\"}]},{\"@type\":\"WebSite\",\"@id\":\"https:\/\/interreg-sudoe.eu\/fr\/#website\",\"url\":\"https:\/\/interreg-sudoe.eu\/fr\/\",\"name\":\"Interreg Sudoe\",\"description\":\"Interreg Sudoe\",\"publisher\":{\"@id\":\"https:\/\/interreg-sudoe.eu\/fr\/#organization\"},\"alternateName\":\"Interreg Sudoe\",\"potentialAction\":[{\"@type\":\"SearchAction\",\"target\":{\"@type\":\"EntryPoint\",\"urlTemplate\":\"https:\/\/interreg-sudoe.eu\/fr\/?s={search_term_string}\"},\"query-input\":{\"@type\":\"PropertyValueSpecification\",\"valueRequired\":true,\"valueName\":\"search_term_string\"}}],\"inLanguage\":\"fr-FR\"},{\"@type\":\"Organization\",\"@id\":\"https:\/\/interreg-sudoe.eu\/fr\/#organization\",\"name\":\"Interreg Sudoe\",\"alternateName\":\"Interreg Sudoe\",\"url\":\"https:\/\/interreg-sudoe.eu\/fr\/\",\"logo\":{\"@type\":\"ImageObject\",\"inLanguage\":\"fr-FR\",\"@id\":\"https:\/\/interreg-sudoe.eu\/fr\/#\/schema\/logo\/image\/\",\"url\":\"https:\/\/interreg-sudoe.eu\/wp-content\/uploads\/2024\/03\/logo-interreg.png\",\"contentUrl\":\"https:\/\/interreg-sudoe.eu\/wp-content\/uploads\/2024\/03\/logo-interreg.png\",\"width\":1200,\"height\":675,\"caption\":\"Interreg Sudoe\"},\"image\":{\"@id\":\"https:\/\/interreg-sudoe.eu\/fr\/#\/schema\/logo\/image\/\"},\"sameAs\":[\"https:\/\/www.facebook.com\/interregsudoe\",\"https:\/\/x.com\/Sudoe5\",\"https:\/\/www.youtube.com\/channel\/UCeGx2edoB32beRc9dbKA2vw\",\"https:\/\/www.linkedin.com\/company\/interreg-sudoe-programme\/\",\"https:\/\/www.flickr.com\/photos\/148704685@N06\/\"]}]}<\/script>\n<!-- \/ Yoast SEO plugin. -->","yoast_head_json":{"title":"Strat\u00e9gie pour am\u00e9liorer l\u2019efficacit\u00e9 et la qualit\u00e9 de l\u2019eau dans les zones rurales SUDOE - Interreg Sudoe","robots":{"index":"index","follow":"follow","max-snippet":"max-snippet:-1","max-image-preview":"max-image-preview:large","max-video-preview":"max-video-preview:-1"},"canonical":"https:\/\/interreg-sudoe.eu\/fr\/resultado-proyecto-2\/strategie-pour-ameliorer-lefficacite-et-la-qualite-de-leau-dans-les-zones-rurales-sudoe\/","og_locale":"fr_FR","og_type":"article","og_title":"Strat\u00e9gie pour am\u00e9liorer l\u2019efficacit\u00e9 et la qualit\u00e9 de l\u2019eau dans les zones rurales SUDOE - Interreg Sudoe","og_description":"La strat\u00e9gie constituera une feuille de route pour am\u00e9liorer la gestion de l'eau et accro\u00eetre la r\u00e9silience dans les zones rurales du SUDOE dans un contexte de changement climatique, en s'appuyant sur toutes les exp\u00e9riences de GestEAUr. Elle reposera sur les solutions identifi\u00e9es dans le GT1, les r\u00e9sultats des pilotes du GT2 et les simulations de l'outil SID_AQUARURAL (GT3), permettant une gestion optimis\u00e9e et en temps r\u00e9el gr\u00e2ce \u00e0 l'intelligence artificielle.","og_url":"https:\/\/interreg-sudoe.eu\/fr\/resultado-proyecto-2\/strategie-pour-ameliorer-lefficacite-et-la-qualite-de-leau-dans-les-zones-rurales-sudoe\/","og_site_name":"Interreg Sudoe","article_publisher":"https:\/\/www.facebook.com\/interregsudoe","article_modified_time":"2026-02-18T11:00:11+00:00","og_image":[{"width":344,"height":147,"url":"https:\/\/interreg-sudoe.eu\/wp-content\/uploads\/2024\/03\/download.png","type":"image\/png"}],"twitter_card":"summary_large_image","twitter_site":"@Sudoe5","twitter_misc":{"Dur\u00e9e de lecture estim\u00e9e":"1 minute"},"schema":{"@context":"https:\/\/schema.org","@graph":[{"@type":"WebPage","@id":"https:\/\/interreg-sudoe.eu\/fr\/resultado-proyecto-2\/strategie-pour-ameliorer-lefficacite-et-la-qualite-de-leau-dans-les-zones-rurales-sudoe\/","url":"https:\/\/interreg-sudoe.eu\/fr\/resultado-proyecto-2\/strategie-pour-ameliorer-lefficacite-et-la-qualite-de-leau-dans-les-zones-rurales-sudoe\/","name":"Strat\u00e9gie pour am\u00e9liorer l\u2019efficacit\u00e9 et la qualit\u00e9 de l\u2019eau dans les zones rurales SUDOE - Interreg Sudoe","isPartOf":{"@id":"https:\/\/interreg-sudoe.eu\/fr\/#website"},"datePublished":"2024-05-30T16:17:38+00:00","dateModified":"2026-02-18T11:00:11+00:00","breadcrumb":{"@id":"https:\/\/interreg-sudoe.eu\/fr\/resultado-proyecto-2\/strategie-pour-ameliorer-lefficacite-et-la-qualite-de-leau-dans-les-zones-rurales-sudoe\/#breadcrumb"},"inLanguage":"fr-FR","potentialAction":[{"@type":"ReadAction","target":["https:\/\/interreg-sudoe.eu\/fr\/resultado-proyecto-2\/strategie-pour-ameliorer-lefficacite-et-la-qualite-de-leau-dans-les-zones-rurales-sudoe\/"]}]},{"@type":"BreadcrumbList","@id":"https:\/\/interreg-sudoe.eu\/fr\/resultado-proyecto-2\/strategie-pour-ameliorer-lefficacite-et-la-qualite-de-leau-dans-les-zones-rurales-sudoe\/#breadcrumb","itemListElement":[{"@type":"ListItem","position":1,"name":"Home","item":"https:\/\/interreg-sudoe.eu\/fr\/"},{"@type":"ListItem","position":2,"name":"Strat\u00e9gie pour am\u00e9liorer l\u2019efficacit\u00e9 et la qualit\u00e9 de l\u2019eau dans les zones rurales SUDOE"}]},{"@type":"WebSite","@id":"https:\/\/interreg-sudoe.eu\/fr\/#website","url":"https:\/\/interreg-sudoe.eu\/fr\/","name":"Interreg Sudoe","description":"Interreg Sudoe","publisher":{"@id":"https:\/\/interreg-sudoe.eu\/fr\/#organization"},"alternateName":"Interreg Sudoe","potentialAction":[{"@type":"SearchAction","target":{"@type":"EntryPoint","urlTemplate":"https:\/\/interreg-sudoe.eu\/fr\/?s={search_term_string}"},"query-input":{"@type":"PropertyValueSpecification","valueRequired":true,"valueName":"search_term_string"}}],"inLanguage":"fr-FR"},{"@type":"Organization","@id":"https:\/\/interreg-sudoe.eu\/fr\/#organization","name":"Interreg Sudoe","alternateName":"Interreg Sudoe","url":"https:\/\/interreg-sudoe.eu\/fr\/","logo":{"@type":"ImageObject","inLanguage":"fr-FR","@id":"https:\/\/interreg-sudoe.eu\/fr\/#\/schema\/logo\/image\/","url":"https:\/\/interreg-sudoe.eu\/wp-content\/uploads\/2024\/03\/logo-interreg.png","contentUrl":"https:\/\/interreg-sudoe.eu\/wp-content\/uploads\/2024\/03\/logo-interreg.png","width":1200,"height":675,"caption":"Interreg Sudoe"},"image":{"@id":"https:\/\/interreg-sudoe.eu\/fr\/#\/schema\/logo\/image\/"},"sameAs":["https:\/\/www.facebook.com\/interregsudoe","https:\/\/x.com\/Sudoe5","https:\/\/www.youtube.com\/channel\/UCeGx2edoB32beRc9dbKA2vw","https:\/\/www.linkedin.com\/company\/interreg-sudoe-programme\/","https:\/\/www.flickr.com\/photos\/148704685@N06\/"]}]}},"_links":{"self":[{"href":"https:\/\/interreg-sudoe.eu\/fr\/wp-json\/wp\/v2\/resultado-proyecto-2\/35558","targetHints":{"allow":["GET"]}}],"collection":[{"href":"https:\/\/interreg-sudoe.eu\/fr\/wp-json\/wp\/v2\/resultado-proyecto-2"}],"about":[{"href":"https:\/\/interreg-sudoe.eu\/fr\/wp-json\/wp\/v2\/types\/resultado-proyecto-2"}],"author":[{"embeddable":true,"href":"https:\/\/interreg-sudoe.eu\/fr\/wp-json\/wp\/v2\/users\/6528"}],"wp:attachment":[{"href":"https:\/\/interreg-sudoe.eu\/fr\/wp-json\/wp\/v2\/media?parent=35558"}],"wp:term":[{"taxonomy":"convocatoria-proyecto-27","embeddable":true,"href":"https:\/\/interreg-sudoe.eu\/fr\/wp-json\/wp\/v2\/convocatoria-proyecto-27?post=35558"},{"taxonomy":"estado-proyecto-27","embeddable":true,"href":"https:\/\/interreg-sudoe.eu\/fr\/wp-json\/wp\/v2\/estado-proyecto-27?post=35558"},{"taxonomy":"objetivo-especifico-proyecto-27","embeddable":true,"href":"https:\/\/interreg-sudoe.eu\/fr\/wp-json\/wp\/v2\/objetivo-especifico-proyecto-27?post=35558"},{"taxonomy":"periodo","embeddable":true,"href":"https:\/\/interreg-sudoe.eu\/fr\/wp-json\/wp\/v2\/periodo?post=35558"},{"taxonomy":"prioridad-proyecto-27","embeddable":true,"href":"https:\/\/interreg-sudoe.eu\/fr\/wp-json\/wp\/v2\/prioridad-proyecto-27?post=35558"},{"taxonomy":"publico-objetivo","embeddable":true,"href":"https:\/\/interreg-sudoe.eu\/fr\/wp-json\/wp\/v2\/publico-objetivo?post=35558"},{"taxonomy":"tematica-proyecto-27","embeddable":true,"href":"https:\/\/interreg-sudoe.eu\/fr\/wp-json\/wp\/v2\/tematica-proyecto-27?post=35558"},{"taxonomy":"tipo-resultado","embeddable":true,"href":"https:\/\/interreg-sudoe.eu\/fr\/wp-json\/wp\/v2\/tipo-resultado?post=35558"}],"curies":[{"name":"wp","href":"https:\/\/api.w.org\/{rel}","templated":true}]}}