{"id":45007,"date":"2025-02-21T09:43:58","date_gmt":"2025-02-21T08:43:58","guid":{"rendered":"https:\/\/interreg-sudoe.eu\/evento-proyecto\/formacion-sobre-el-uso-de-maletas-didacticas-para-la-descubierta-de-los-paisajes-culturales-de-montana\/"},"modified":"2026-02-13T11:25:52","modified_gmt":"2026-02-13T10:25:52","slug":"formacion-sobre-el-uso-de-maletas-didacticas-para-la-descubierta-de-los-paisajes-culturales-de-montana","status":"publish","type":"evento-proyecto","link":"https:\/\/interreg-sudoe.eu\/pt-pt\/evento-proyecto\/formacion-sobre-el-uso-de-maletas-didacticas-para-la-descubierta-de-los-paisajes-culturales-de-montana\/","title":{"rendered":"Forma\u00e7\u00e3o sobre a utiliza\u00e7\u00e3o de malas did\u00e1cticas para a descoberta de paisagens culturais de montanha"},"content":{"rendered":"<p>A equipa Cultur-Monts do ICAC, em colabora\u00e7\u00e3o com o Parque Natural das Cabeceiras dos rios Ter e Freser, realizar\u00e1 uma a\u00e7\u00e3o de forma\u00e7\u00e3o na <strong>sexta-feira, 28 de fevereiro, no Museu Etnogr\u00e1fico de Ripoll<\/strong>, sobre a utiliza\u00e7\u00e3o e dinamiza\u00e7\u00e3o do laborat\u00f3rio did\u00e1tico ArqueoPirenaia Lab.<\/p>\n<p><img fetchpriority=\"high\" decoding=\"async\" class=\" wp-image-45000 alignright\" src=\"https:\/\/interreg-sudoe.eu\/wp-content\/uploads\/2025\/02\/IMG20240615121834-300x225.jpg\" alt=\"\" width=\"264\" height=\"198\" srcset=\"https:\/\/interreg-sudoe.eu\/wp-content\/uploads\/2025\/02\/IMG20240615121834-300x225.jpg 300w, https:\/\/interreg-sudoe.eu\/wp-content\/uploads\/2025\/02\/IMG20240615121834-1024x768.jpg 1024w, https:\/\/interreg-sudoe.eu\/wp-content\/uploads\/2025\/02\/IMG20240615121834-768x576.jpg 768w, https:\/\/interreg-sudoe.eu\/wp-content\/uploads\/2025\/02\/IMG20240615121834-1536x1152.jpg 1536w, https:\/\/interreg-sudoe.eu\/wp-content\/uploads\/2025\/02\/IMG20240615121834-2048x1536.jpg 2048w\" sizes=\"(max-width: 264px) 100vw, 264px\" \/><\/p>\n<p><strong>Destina-se ao pessoal t\u00e9cnico e aos profissionais do territ\u00f3rio<\/strong> que queiram aprender a utilizar uma mala did\u00e1tica sobre a arqueologia das paisagens de montanha. O objetivo \u00e9 formar agentes locais para que possam levar a cabo as tarefas de media\u00e7\u00e3o educativa e cultural entre o laborat\u00f3rio e o p\u00fablico.<\/p>\n<p>O <strong>Laborat\u00f3rio ArqueoPirenaia<\/strong> \u00e9 um recurso destinado a <strong>promover a transfer\u00eancia de conhecimentos sobre o patrim\u00f3nio das paisagens culturais<\/strong> do Vale de N\u00faria e Coma de Vaca entre as comunidades locais. As malas did\u00e1cticas s\u00e3o um dos mecanismos que a Cultur-Monts planeia testar no \u00e2mbito dos clusters de inova\u00e7\u00e3o sociocultural (GT3).<\/p>\n<p><img decoding=\"async\" class=\" wp-image-45001\" src=\"https:\/\/interreg-sudoe.eu\/wp-content\/uploads\/2025\/02\/IMG20240615134108-1-300x225.jpg\" alt=\"\" width=\"335\" height=\"251\" srcset=\"https:\/\/interreg-sudoe.eu\/wp-content\/uploads\/2025\/02\/IMG20240615134108-1-300x225.jpg 300w, https:\/\/interreg-sudoe.eu\/wp-content\/uploads\/2025\/02\/IMG20240615134108-1-1024x768.jpg 1024w, https:\/\/interreg-sudoe.eu\/wp-content\/uploads\/2025\/02\/IMG20240615134108-1-768x576.jpg 768w, https:\/\/interreg-sudoe.eu\/wp-content\/uploads\/2025\/02\/IMG20240615134108-1-1536x1152.jpg 1536w, https:\/\/interreg-sudoe.eu\/wp-content\/uploads\/2025\/02\/IMG20240615134108-1-2048x1536.jpg 2048w\" sizes=\"(max-width: 335px) 100vw, 335px\" \/><\/p>\n","protected":false},"author":4915,"featured_media":44998,"template":"","meta":{"_acf_changed":false,"content-type":"","_monsterinsights_skip_tracking":false,"_monsterinsights_sitenote_active":false,"_monsterinsights_sitenote_note":"","_monsterinsights_sitenote_category":0},"class_list":["post-45007","evento-proyecto","type-evento-proyecto","status-publish","has-post-thumbnail","hentry"],"acf":[],"yoast_head":"<!-- This site is optimized with the Yoast SEO plugin v27.4 - https:\/\/yoast.com\/product\/yoast-seo-wordpress\/ -->\n<title>Forma\u00e7\u00e3o sobre a utiliza\u00e7\u00e3o de malas did\u00e1cticas para a descoberta de paisagens culturais de montanha - Interreg Sudoe<\/title>\n<meta name=\"robots\" content=\"index, follow, max-snippet:-1, max-image-preview:large, max-video-preview:-1\" \/>\n<link rel=\"canonical\" href=\"https:\/\/interreg-sudoe.eu\/pt-pt\/evento-proyecto\/formacion-sobre-el-uso-de-maletas-didacticas-para-la-descubierta-de-los-paisajes-culturales-de-montana\/\" \/>\n<meta property=\"og:locale\" content=\"pt_PT\" \/>\n<meta property=\"og:type\" content=\"article\" \/>\n<meta property=\"og:title\" content=\"Forma\u00e7\u00e3o sobre a utiliza\u00e7\u00e3o de malas did\u00e1cticas para a descoberta de paisagens culturais de montanha - Interreg Sudoe\" \/>\n<meta property=\"og:description\" content=\"A equipa Cultur-Monts do ICAC, em colabora\u00e7\u00e3o com o Parque Natural das Cabeceiras dos rios Ter e Freser, realizar\u00e1 uma a\u00e7\u00e3o de forma\u00e7\u00e3o na sexta-feira, 28 de fevereiro, no Museu Etnogr\u00e1fico de Ripoll, sobre a utiliza\u00e7\u00e3o e dinamiza\u00e7\u00e3o do laborat\u00f3rio did\u00e1tico ArqueoPirenaia Lab. Destina-se ao pessoal t\u00e9cnico e aos profissionais do territ\u00f3rio que queiram aprender [&hellip;]\" \/>\n<meta property=\"og:url\" content=\"https:\/\/interreg-sudoe.eu\/pt-pt\/evento-proyecto\/formacion-sobre-el-uso-de-maletas-didacticas-para-la-descubierta-de-los-paisajes-culturales-de-montana\/\" \/>\n<meta property=\"og:site_name\" content=\"Interreg Sudoe\" \/>\n<meta property=\"article:publisher\" content=\"https:\/\/www.facebook.com\/interregsudoe\" \/>\n<meta property=\"article:modified_time\" content=\"2026-02-13T10:25:52+00:00\" \/>\n<meta property=\"og:image\" content=\"https:\/\/interreg-sudoe.eu\/wp-content\/uploads\/2025\/02\/Cartell-Formacio-Lab-Portatil-ICAC_jpg.jpg\" \/>\n\t<meta property=\"og:image:width\" content=\"1241\" \/>\n\t<meta property=\"og:image:height\" content=\"1755\" \/>\n\t<meta property=\"og:image:type\" content=\"image\/jpeg\" \/>\n<meta name=\"twitter:card\" content=\"summary_large_image\" \/>\n<meta name=\"twitter:site\" content=\"@Sudoe5\" \/>\n<meta name=\"twitter:label1\" content=\"Tempo estimado de leitura\" \/>\n\t<meta name=\"twitter:data1\" content=\"1 minuto\" \/>\n<script type=\"application\/ld+json\" class=\"yoast-schema-graph\">{\"@context\":\"https:\\\/\\\/schema.org\",\"@graph\":[{\"@type\":\"WebPage\",\"@id\":\"https:\\\/\\\/interreg-sudoe.eu\\\/pt-pt\\\/evento-proyecto\\\/formacion-sobre-el-uso-de-maletas-didacticas-para-la-descubierta-de-los-paisajes-culturales-de-montana\\\/\",\"url\":\"https:\\\/\\\/interreg-sudoe.eu\\\/pt-pt\\\/evento-proyecto\\\/formacion-sobre-el-uso-de-maletas-didacticas-para-la-descubierta-de-los-paisajes-culturales-de-montana\\\/\",\"name\":\"Forma\u00e7\u00e3o sobre a utiliza\u00e7\u00e3o de malas did\u00e1cticas para a descoberta de paisagens culturais de montanha - Interreg Sudoe\",\"isPartOf\":{\"@id\":\"https:\\\/\\\/interreg-sudoe.eu\\\/pt-pt\\\/#website\"},\"primaryImageOfPage\":{\"@id\":\"https:\\\/\\\/interreg-sudoe.eu\\\/pt-pt\\\/evento-proyecto\\\/formacion-sobre-el-uso-de-maletas-didacticas-para-la-descubierta-de-los-paisajes-culturales-de-montana\\\/#primaryimage\"},\"image\":{\"@id\":\"https:\\\/\\\/interreg-sudoe.eu\\\/pt-pt\\\/evento-proyecto\\\/formacion-sobre-el-uso-de-maletas-didacticas-para-la-descubierta-de-los-paisajes-culturales-de-montana\\\/#primaryimage\"},\"thumbnailUrl\":\"https:\\\/\\\/interreg-sudoe.eu\\\/wp-content\\\/uploads\\\/2025\\\/02\\\/Cartell-Formacio-Lab-Portatil-ICAC_jpg.jpg\",\"datePublished\":\"2025-02-21T08:43:58+00:00\",\"dateModified\":\"2026-02-13T10:25:52+00:00\",\"breadcrumb\":{\"@id\":\"https:\\\/\\\/interreg-sudoe.eu\\\/pt-pt\\\/evento-proyecto\\\/formacion-sobre-el-uso-de-maletas-didacticas-para-la-descubierta-de-los-paisajes-culturales-de-montana\\\/#breadcrumb\"},\"inLanguage\":\"pt-PT\",\"potentialAction\":[{\"@type\":\"ReadAction\",\"target\":[\"https:\\\/\\\/interreg-sudoe.eu\\\/pt-pt\\\/evento-proyecto\\\/formacion-sobre-el-uso-de-maletas-didacticas-para-la-descubierta-de-los-paisajes-culturales-de-montana\\\/\"]}]},{\"@type\":\"ImageObject\",\"inLanguage\":\"pt-PT\",\"@id\":\"https:\\\/\\\/interreg-sudoe.eu\\\/pt-pt\\\/evento-proyecto\\\/formacion-sobre-el-uso-de-maletas-didacticas-para-la-descubierta-de-los-paisajes-culturales-de-montana\\\/#primaryimage\",\"url\":\"https:\\\/\\\/interreg-sudoe.eu\\\/wp-content\\\/uploads\\\/2025\\\/02\\\/Cartell-Formacio-Lab-Portatil-ICAC_jpg.jpg\",\"contentUrl\":\"https:\\\/\\\/interreg-sudoe.eu\\\/wp-content\\\/uploads\\\/2025\\\/02\\\/Cartell-Formacio-Lab-Portatil-ICAC_jpg.jpg\",\"width\":1241,\"height\":1755},{\"@type\":\"BreadcrumbList\",\"@id\":\"https:\\\/\\\/interreg-sudoe.eu\\\/pt-pt\\\/evento-proyecto\\\/formacion-sobre-el-uso-de-maletas-didacticas-para-la-descubierta-de-los-paisajes-culturales-de-montana\\\/#breadcrumb\",\"itemListElement\":[{\"@type\":\"ListItem\",\"position\":1,\"name\":\"Home\",\"item\":\"https:\\\/\\\/interreg-sudoe.eu\\\/pt-pt\\\/\"},{\"@type\":\"ListItem\",\"position\":2,\"name\":\"Forma\u00e7\u00e3o sobre a utiliza\u00e7\u00e3o de malas did\u00e1cticas para a descoberta de paisagens culturais de montanha\"}]},{\"@type\":\"WebSite\",\"@id\":\"https:\\\/\\\/interreg-sudoe.eu\\\/pt-pt\\\/#website\",\"url\":\"https:\\\/\\\/interreg-sudoe.eu\\\/pt-pt\\\/\",\"name\":\"Interreg Sudoe\",\"description\":\"Interreg Sudoe\",\"publisher\":{\"@id\":\"https:\\\/\\\/interreg-sudoe.eu\\\/pt-pt\\\/#organization\"},\"alternateName\":\"Interreg Sudoe\",\"potentialAction\":[{\"@type\":\"SearchAction\",\"target\":{\"@type\":\"EntryPoint\",\"urlTemplate\":\"https:\\\/\\\/interreg-sudoe.eu\\\/pt-pt\\\/?s={search_term_string}\"},\"query-input\":{\"@type\":\"PropertyValueSpecification\",\"valueRequired\":true,\"valueName\":\"search_term_string\"}}],\"inLanguage\":\"pt-PT\"},{\"@type\":\"Organization\",\"@id\":\"https:\\\/\\\/interreg-sudoe.eu\\\/pt-pt\\\/#organization\",\"name\":\"Interreg Sudoe\",\"alternateName\":\"Interreg Sudoe\",\"url\":\"https:\\\/\\\/interreg-sudoe.eu\\\/pt-pt\\\/\",\"logo\":{\"@type\":\"ImageObject\",\"inLanguage\":\"pt-PT\",\"@id\":\"https:\\\/\\\/interreg-sudoe.eu\\\/pt-pt\\\/#\\\/schema\\\/logo\\\/image\\\/\",\"url\":\"https:\\\/\\\/interreg-sudoe.eu\\\/wp-content\\\/uploads\\\/2024\\\/03\\\/logo-interreg.png\",\"contentUrl\":\"https:\\\/\\\/interreg-sudoe.eu\\\/wp-content\\\/uploads\\\/2024\\\/03\\\/logo-interreg.png\",\"width\":1200,\"height\":675,\"caption\":\"Interreg Sudoe\"},\"image\":{\"@id\":\"https:\\\/\\\/interreg-sudoe.eu\\\/pt-pt\\\/#\\\/schema\\\/logo\\\/image\\\/\"},\"sameAs\":[\"https:\\\/\\\/www.facebook.com\\\/interregsudoe\",\"https:\\\/\\\/x.com\\\/Sudoe5\",\"https:\\\/\\\/www.youtube.com\\\/channel\\\/UCeGx2edoB32beRc9dbKA2vw\",\"https:\\\/\\\/www.linkedin.com\\\/company\\\/interreg-sudoe-programme\\\/\",\"https:\\\/\\\/www.flickr.com\\\/photos\\\/148704685@N06\\\/\"]}]}<\/script>\n<!-- \/ Yoast SEO plugin. -->","yoast_head_json":{"title":"Forma\u00e7\u00e3o sobre a utiliza\u00e7\u00e3o de malas did\u00e1cticas para a descoberta de paisagens culturais de montanha - Interreg Sudoe","robots":{"index":"index","follow":"follow","max-snippet":"max-snippet:-1","max-image-preview":"max-image-preview:large","max-video-preview":"max-video-preview:-1"},"canonical":"https:\/\/interreg-sudoe.eu\/pt-pt\/evento-proyecto\/formacion-sobre-el-uso-de-maletas-didacticas-para-la-descubierta-de-los-paisajes-culturales-de-montana\/","og_locale":"pt_PT","og_type":"article","og_title":"Forma\u00e7\u00e3o sobre a utiliza\u00e7\u00e3o de malas did\u00e1cticas para a descoberta de paisagens culturais de montanha - Interreg Sudoe","og_description":"A equipa Cultur-Monts do ICAC, em colabora\u00e7\u00e3o com o Parque Natural das Cabeceiras dos rios Ter e Freser, realizar\u00e1 uma a\u00e7\u00e3o de forma\u00e7\u00e3o na sexta-feira, 28 de fevereiro, no Museu Etnogr\u00e1fico de Ripoll, sobre a utiliza\u00e7\u00e3o e dinamiza\u00e7\u00e3o do laborat\u00f3rio did\u00e1tico ArqueoPirenaia Lab. Destina-se ao pessoal t\u00e9cnico e aos profissionais do territ\u00f3rio que queiram aprender [&hellip;]","og_url":"https:\/\/interreg-sudoe.eu\/pt-pt\/evento-proyecto\/formacion-sobre-el-uso-de-maletas-didacticas-para-la-descubierta-de-los-paisajes-culturales-de-montana\/","og_site_name":"Interreg Sudoe","article_publisher":"https:\/\/www.facebook.com\/interregsudoe","article_modified_time":"2026-02-13T10:25:52+00:00","og_image":[{"width":1241,"height":1755,"url":"https:\/\/interreg-sudoe.eu\/wp-content\/uploads\/2025\/02\/Cartell-Formacio-Lab-Portatil-ICAC_jpg.jpg","type":"image\/jpeg"}],"twitter_card":"summary_large_image","twitter_site":"@Sudoe5","twitter_misc":{"Tempo estimado de leitura":"1 minuto"},"schema":{"@context":"https:\/\/schema.org","@graph":[{"@type":"WebPage","@id":"https:\/\/interreg-sudoe.eu\/pt-pt\/evento-proyecto\/formacion-sobre-el-uso-de-maletas-didacticas-para-la-descubierta-de-los-paisajes-culturales-de-montana\/","url":"https:\/\/interreg-sudoe.eu\/pt-pt\/evento-proyecto\/formacion-sobre-el-uso-de-maletas-didacticas-para-la-descubierta-de-los-paisajes-culturales-de-montana\/","name":"Forma\u00e7\u00e3o sobre a utiliza\u00e7\u00e3o de malas did\u00e1cticas para a descoberta de paisagens culturais de montanha - Interreg Sudoe","isPartOf":{"@id":"https:\/\/interreg-sudoe.eu\/pt-pt\/#website"},"primaryImageOfPage":{"@id":"https:\/\/interreg-sudoe.eu\/pt-pt\/evento-proyecto\/formacion-sobre-el-uso-de-maletas-didacticas-para-la-descubierta-de-los-paisajes-culturales-de-montana\/#primaryimage"},"image":{"@id":"https:\/\/interreg-sudoe.eu\/pt-pt\/evento-proyecto\/formacion-sobre-el-uso-de-maletas-didacticas-para-la-descubierta-de-los-paisajes-culturales-de-montana\/#primaryimage"},"thumbnailUrl":"https:\/\/interreg-sudoe.eu\/wp-content\/uploads\/2025\/02\/Cartell-Formacio-Lab-Portatil-ICAC_jpg.jpg","datePublished":"2025-02-21T08:43:58+00:00","dateModified":"2026-02-13T10:25:52+00:00","breadcrumb":{"@id":"https:\/\/interreg-sudoe.eu\/pt-pt\/evento-proyecto\/formacion-sobre-el-uso-de-maletas-didacticas-para-la-descubierta-de-los-paisajes-culturales-de-montana\/#breadcrumb"},"inLanguage":"pt-PT","potentialAction":[{"@type":"ReadAction","target":["https:\/\/interreg-sudoe.eu\/pt-pt\/evento-proyecto\/formacion-sobre-el-uso-de-maletas-didacticas-para-la-descubierta-de-los-paisajes-culturales-de-montana\/"]}]},{"@type":"ImageObject","inLanguage":"pt-PT","@id":"https:\/\/interreg-sudoe.eu\/pt-pt\/evento-proyecto\/formacion-sobre-el-uso-de-maletas-didacticas-para-la-descubierta-de-los-paisajes-culturales-de-montana\/#primaryimage","url":"https:\/\/interreg-sudoe.eu\/wp-content\/uploads\/2025\/02\/Cartell-Formacio-Lab-Portatil-ICAC_jpg.jpg","contentUrl":"https:\/\/interreg-sudoe.eu\/wp-content\/uploads\/2025\/02\/Cartell-Formacio-Lab-Portatil-ICAC_jpg.jpg","width":1241,"height":1755},{"@type":"BreadcrumbList","@id":"https:\/\/interreg-sudoe.eu\/pt-pt\/evento-proyecto\/formacion-sobre-el-uso-de-maletas-didacticas-para-la-descubierta-de-los-paisajes-culturales-de-montana\/#breadcrumb","itemListElement":[{"@type":"ListItem","position":1,"name":"Home","item":"https:\/\/interreg-sudoe.eu\/pt-pt\/"},{"@type":"ListItem","position":2,"name":"Forma\u00e7\u00e3o sobre a utiliza\u00e7\u00e3o de malas did\u00e1cticas para a descoberta de paisagens culturais de montanha"}]},{"@type":"WebSite","@id":"https:\/\/interreg-sudoe.eu\/pt-pt\/#website","url":"https:\/\/interreg-sudoe.eu\/pt-pt\/","name":"Interreg Sudoe","description":"Interreg Sudoe","publisher":{"@id":"https:\/\/interreg-sudoe.eu\/pt-pt\/#organization"},"alternateName":"Interreg Sudoe","potentialAction":[{"@type":"SearchAction","target":{"@type":"EntryPoint","urlTemplate":"https:\/\/interreg-sudoe.eu\/pt-pt\/?s={search_term_string}"},"query-input":{"@type":"PropertyValueSpecification","valueRequired":true,"valueName":"search_term_string"}}],"inLanguage":"pt-PT"},{"@type":"Organization","@id":"https:\/\/interreg-sudoe.eu\/pt-pt\/#organization","name":"Interreg Sudoe","alternateName":"Interreg Sudoe","url":"https:\/\/interreg-sudoe.eu\/pt-pt\/","logo":{"@type":"ImageObject","inLanguage":"pt-PT","@id":"https:\/\/interreg-sudoe.eu\/pt-pt\/#\/schema\/logo\/image\/","url":"https:\/\/interreg-sudoe.eu\/wp-content\/uploads\/2024\/03\/logo-interreg.png","contentUrl":"https:\/\/interreg-sudoe.eu\/wp-content\/uploads\/2024\/03\/logo-interreg.png","width":1200,"height":675,"caption":"Interreg Sudoe"},"image":{"@id":"https:\/\/interreg-sudoe.eu\/pt-pt\/#\/schema\/logo\/image\/"},"sameAs":["https:\/\/www.facebook.com\/interregsudoe","https:\/\/x.com\/Sudoe5","https:\/\/www.youtube.com\/channel\/UCeGx2edoB32beRc9dbKA2vw","https:\/\/www.linkedin.com\/company\/interreg-sudoe-programme\/","https:\/\/www.flickr.com\/photos\/148704685@N06\/"]}]}},"_links":{"self":[{"href":"https:\/\/interreg-sudoe.eu\/pt-pt\/wp-json\/wp\/v2\/evento-proyecto\/45007","targetHints":{"allow":["GET"]}}],"collection":[{"href":"https:\/\/interreg-sudoe.eu\/pt-pt\/wp-json\/wp\/v2\/evento-proyecto"}],"about":[{"href":"https:\/\/interreg-sudoe.eu\/pt-pt\/wp-json\/wp\/v2\/types\/evento-proyecto"}],"author":[{"embeddable":true,"href":"https:\/\/interreg-sudoe.eu\/pt-pt\/wp-json\/wp\/v2\/users\/4915"}],"wp:featuredmedia":[{"embeddable":true,"href":"https:\/\/interreg-sudoe.eu\/pt-pt\/wp-json\/wp\/v2\/media\/44998"}],"wp:attachment":[{"href":"https:\/\/interreg-sudoe.eu\/pt-pt\/wp-json\/wp\/v2\/media?parent=45007"}],"curies":[{"name":"wp","href":"https:\/\/api.w.org\/{rel}","templated":true}]}}