{"id":56391,"date":"2025-12-01T14:21:28","date_gmt":"2025-12-01T13:21:28","guid":{"rendered":"https:\/\/interreg-sudoe.eu\/evento-proyecto\/segundo-workshop-tupart-en-macao-11-y-12-de-diciembre-diseno-del-plan-de-accion-26-28\/"},"modified":"2026-02-13T13:22:26","modified_gmt":"2026-02-13T12:22:26","slug":"segundo-workshop-tupart-en-macao-11-y-12-de-diciembre-diseno-del-plan-de-accion-26-28","status":"publish","type":"evento-proyecto","link":"https:\/\/interreg-sudoe.eu\/pt-pt\/evento-proyecto\/segundo-workshop-tupart-en-macao-11-y-12-de-diciembre-diseno-del-plan-de-accion-26-28\/","title":{"rendered":"Segundo Workshop TupART em Ma\u00e7\u00e3o: 11 e 12 de dezembro: Elabora\u00e7\u00e3o do Plano de A\u00e7\u00e3o 2026-2028"},"content":{"rendered":"<div class=\"n4sEPd\">\n<div class=\"FFpbKc\">\n<div class=\"xMmqsf\">\n<p>O projeto europeu TupART \u2013 Territ\u00f3rios Unidos pela Arte Antiga, cofinanciado pelo programa Interreg Sudoe, vai realizar o seu Segundo Workshop nos dias 11 e 12 de dezembro de 2025, no Audit\u00f3rio Elvino Pereira, em Ma\u00e7\u00e3o, Portugal. Intitulado \u201cElaborar o Plano de A\u00e7\u00e3o 2026-2028\u201d, o encontro reunir\u00e1 parceiros institucionais de Espanha, Fran\u00e7a e Portugal para definir futuras estrat\u00e9gias de coopera\u00e7\u00e3o relacionadas com a arte rupestre e o desenvolvimento rural.<\/p>\n<p>Este evento coincide com a Assembleia Geral da Associa\u00e7\u00e3o Internacional de Trilhos de Arte Rupestre Pr\u00e9-hist\u00f3rica, entidade colaboradora do projeto TupART. Esta associa\u00e7\u00e3o \u00e9 respons\u00e1vel pela gest\u00e3o da Rota Cultural do Conselho da Europa, a maior rede europeia de destinos culturais e tur\u00edsticos dedicada \u00e0 promo\u00e7\u00e3o da arte rupestre europeia junto do p\u00fablico em geral. A rede abrange atualmente dez pa\u00edses e mais de 165 destinos, tendo estabelecido uma forte alian\u00e7a entre as institui\u00e7\u00f5es respons\u00e1veis \u200b\u200bpela gest\u00e3o t\u00e9cnica e administrativa dos s\u00edtios de arte rupestre. Esta colabora\u00e7\u00e3o foi particularmente refor\u00e7ada desde a sua designa\u00e7\u00e3o como Rota Cultural Europeia em 2010.<\/p>\n<p><a href=\"https:\/\/interreg-sudoe.eu\/wp-content\/uploads\/2025\/11\/Programa-Macao-PT_ESP_FR_ENG.pdf\" target=\"_blank\" rel=\"noopener\">PROGRAMA PROVIS\u00d3RIO MA\u00c7AO<\/a><\/p>\n<\/div>\n<\/div>\n<\/div>\n<p>&nbsp;<\/p>\n","protected":false},"author":6637,"featured_media":56236,"template":"","meta":{"_acf_changed":false,"content-type":"","_monsterinsights_skip_tracking":false,"_monsterinsights_sitenote_active":false,"_monsterinsights_sitenote_note":"","_monsterinsights_sitenote_category":0},"class_list":["post-56391","evento-proyecto","type-evento-proyecto","status-publish","has-post-thumbnail","hentry"],"acf":[],"yoast_head":"<!-- This site is optimized with the Yoast SEO plugin v27.4 - https:\/\/yoast.com\/product\/yoast-seo-wordpress\/ -->\n<title>Segundo Workshop TupART em Ma\u00e7\u00e3o: 11 e 12 de dezembro: Elabora\u00e7\u00e3o do Plano de A\u00e7\u00e3o 2026-2028 - Interreg Sudoe<\/title>\n<meta name=\"robots\" content=\"index, follow, max-snippet:-1, max-image-preview:large, max-video-preview:-1\" \/>\n<link rel=\"canonical\" href=\"https:\/\/interreg-sudoe.eu\/pt-pt\/evento-proyecto\/segundo-workshop-tupart-en-macao-11-y-12-de-diciembre-diseno-del-plan-de-accion-26-28\/\" \/>\n<meta property=\"og:locale\" content=\"pt_PT\" \/>\n<meta property=\"og:type\" content=\"article\" \/>\n<meta property=\"og:title\" content=\"Segundo Workshop TupART em Ma\u00e7\u00e3o: 11 e 12 de dezembro: Elabora\u00e7\u00e3o do Plano de A\u00e7\u00e3o 2026-2028 - Interreg Sudoe\" \/>\n<meta property=\"og:description\" content=\"O projeto europeu TupART \u2013 Territ\u00f3rios Unidos pela Arte Antiga, cofinanciado pelo programa Interreg Sudoe, vai realizar o seu Segundo Workshop nos dias 11 e 12 de dezembro de 2025, no Audit\u00f3rio Elvino Pereira, em Ma\u00e7\u00e3o, Portugal. Intitulado \u201cElaborar o Plano de A\u00e7\u00e3o 2026-2028\u201d, o encontro reunir\u00e1 parceiros institucionais de Espanha, Fran\u00e7a e Portugal para [&hellip;]\" \/>\n<meta property=\"og:url\" content=\"https:\/\/interreg-sudoe.eu\/pt-pt\/evento-proyecto\/segundo-workshop-tupart-en-macao-11-y-12-de-diciembre-diseno-del-plan-de-accion-26-28\/\" \/>\n<meta property=\"og:site_name\" content=\"Interreg Sudoe\" \/>\n<meta property=\"article:publisher\" content=\"https:\/\/www.facebook.com\/interregsudoe\" \/>\n<meta property=\"article:modified_time\" content=\"2026-02-13T12:22:26+00:00\" \/>\n<meta property=\"og:image\" content=\"https:\/\/interreg-sudoe.eu\/wp-content\/uploads\/2025\/11\/workshop-2-Macao.jpg\" \/>\n\t<meta property=\"og:image:width\" content=\"1451\" \/>\n\t<meta property=\"og:image:height\" content=\"2048\" \/>\n\t<meta property=\"og:image:type\" content=\"image\/jpeg\" \/>\n<meta name=\"twitter:card\" content=\"summary_large_image\" \/>\n<meta name=\"twitter:site\" content=\"@Sudoe5\" \/>\n<meta name=\"twitter:label1\" content=\"Tempo estimado de leitura\" \/>\n\t<meta name=\"twitter:data1\" content=\"1 minuto\" \/>\n<script type=\"application\/ld+json\" class=\"yoast-schema-graph\">{\"@context\":\"https:\\\/\\\/schema.org\",\"@graph\":[{\"@type\":\"WebPage\",\"@id\":\"https:\\\/\\\/interreg-sudoe.eu\\\/pt-pt\\\/evento-proyecto\\\/segundo-workshop-tupart-en-macao-11-y-12-de-diciembre-diseno-del-plan-de-accion-26-28\\\/\",\"url\":\"https:\\\/\\\/interreg-sudoe.eu\\\/pt-pt\\\/evento-proyecto\\\/segundo-workshop-tupart-en-macao-11-y-12-de-diciembre-diseno-del-plan-de-accion-26-28\\\/\",\"name\":\"Segundo Workshop TupART em Ma\u00e7\u00e3o: 11 e 12 de dezembro: Elabora\u00e7\u00e3o do Plano de A\u00e7\u00e3o 2026-2028 - Interreg Sudoe\",\"isPartOf\":{\"@id\":\"https:\\\/\\\/interreg-sudoe.eu\\\/pt-pt\\\/#website\"},\"primaryImageOfPage\":{\"@id\":\"https:\\\/\\\/interreg-sudoe.eu\\\/pt-pt\\\/evento-proyecto\\\/segundo-workshop-tupart-en-macao-11-y-12-de-diciembre-diseno-del-plan-de-accion-26-28\\\/#primaryimage\"},\"image\":{\"@id\":\"https:\\\/\\\/interreg-sudoe.eu\\\/pt-pt\\\/evento-proyecto\\\/segundo-workshop-tupart-en-macao-11-y-12-de-diciembre-diseno-del-plan-de-accion-26-28\\\/#primaryimage\"},\"thumbnailUrl\":\"https:\\\/\\\/interreg-sudoe.eu\\\/wp-content\\\/uploads\\\/2025\\\/11\\\/workshop-2-Macao.jpg\",\"datePublished\":\"2025-12-01T13:21:28+00:00\",\"dateModified\":\"2026-02-13T12:22:26+00:00\",\"breadcrumb\":{\"@id\":\"https:\\\/\\\/interreg-sudoe.eu\\\/pt-pt\\\/evento-proyecto\\\/segundo-workshop-tupart-en-macao-11-y-12-de-diciembre-diseno-del-plan-de-accion-26-28\\\/#breadcrumb\"},\"inLanguage\":\"pt-PT\",\"potentialAction\":[{\"@type\":\"ReadAction\",\"target\":[\"https:\\\/\\\/interreg-sudoe.eu\\\/pt-pt\\\/evento-proyecto\\\/segundo-workshop-tupart-en-macao-11-y-12-de-diciembre-diseno-del-plan-de-accion-26-28\\\/\"]}]},{\"@type\":\"ImageObject\",\"inLanguage\":\"pt-PT\",\"@id\":\"https:\\\/\\\/interreg-sudoe.eu\\\/pt-pt\\\/evento-proyecto\\\/segundo-workshop-tupart-en-macao-11-y-12-de-diciembre-diseno-del-plan-de-accion-26-28\\\/#primaryimage\",\"url\":\"https:\\\/\\\/interreg-sudoe.eu\\\/wp-content\\\/uploads\\\/2025\\\/11\\\/workshop-2-Macao.jpg\",\"contentUrl\":\"https:\\\/\\\/interreg-sudoe.eu\\\/wp-content\\\/uploads\\\/2025\\\/11\\\/workshop-2-Macao.jpg\",\"width\":1451,\"height\":2048},{\"@type\":\"BreadcrumbList\",\"@id\":\"https:\\\/\\\/interreg-sudoe.eu\\\/pt-pt\\\/evento-proyecto\\\/segundo-workshop-tupart-en-macao-11-y-12-de-diciembre-diseno-del-plan-de-accion-26-28\\\/#breadcrumb\",\"itemListElement\":[{\"@type\":\"ListItem\",\"position\":1,\"name\":\"Home\",\"item\":\"https:\\\/\\\/interreg-sudoe.eu\\\/pt-pt\\\/\"},{\"@type\":\"ListItem\",\"position\":2,\"name\":\"Segundo Workshop TupART em Ma\u00e7\u00e3o: 11 e 12 de dezembro: Elabora\u00e7\u00e3o do Plano de A\u00e7\u00e3o 2026-2028\"}]},{\"@type\":\"WebSite\",\"@id\":\"https:\\\/\\\/interreg-sudoe.eu\\\/pt-pt\\\/#website\",\"url\":\"https:\\\/\\\/interreg-sudoe.eu\\\/pt-pt\\\/\",\"name\":\"Interreg Sudoe\",\"description\":\"Interreg Sudoe\",\"publisher\":{\"@id\":\"https:\\\/\\\/interreg-sudoe.eu\\\/pt-pt\\\/#organization\"},\"alternateName\":\"Interreg Sudoe\",\"potentialAction\":[{\"@type\":\"SearchAction\",\"target\":{\"@type\":\"EntryPoint\",\"urlTemplate\":\"https:\\\/\\\/interreg-sudoe.eu\\\/pt-pt\\\/?s={search_term_string}\"},\"query-input\":{\"@type\":\"PropertyValueSpecification\",\"valueRequired\":true,\"valueName\":\"search_term_string\"}}],\"inLanguage\":\"pt-PT\"},{\"@type\":\"Organization\",\"@id\":\"https:\\\/\\\/interreg-sudoe.eu\\\/pt-pt\\\/#organization\",\"name\":\"Interreg Sudoe\",\"alternateName\":\"Interreg Sudoe\",\"url\":\"https:\\\/\\\/interreg-sudoe.eu\\\/pt-pt\\\/\",\"logo\":{\"@type\":\"ImageObject\",\"inLanguage\":\"pt-PT\",\"@id\":\"https:\\\/\\\/interreg-sudoe.eu\\\/pt-pt\\\/#\\\/schema\\\/logo\\\/image\\\/\",\"url\":\"https:\\\/\\\/interreg-sudoe.eu\\\/wp-content\\\/uploads\\\/2024\\\/03\\\/logo-interreg.png\",\"contentUrl\":\"https:\\\/\\\/interreg-sudoe.eu\\\/wp-content\\\/uploads\\\/2024\\\/03\\\/logo-interreg.png\",\"width\":1200,\"height\":675,\"caption\":\"Interreg Sudoe\"},\"image\":{\"@id\":\"https:\\\/\\\/interreg-sudoe.eu\\\/pt-pt\\\/#\\\/schema\\\/logo\\\/image\\\/\"},\"sameAs\":[\"https:\\\/\\\/www.facebook.com\\\/interregsudoe\",\"https:\\\/\\\/x.com\\\/Sudoe5\",\"https:\\\/\\\/www.youtube.com\\\/channel\\\/UCeGx2edoB32beRc9dbKA2vw\",\"https:\\\/\\\/www.linkedin.com\\\/company\\\/interreg-sudoe-programme\\\/\",\"https:\\\/\\\/www.flickr.com\\\/photos\\\/148704685@N06\\\/\"]}]}<\/script>\n<!-- \/ Yoast SEO plugin. -->","yoast_head_json":{"title":"Segundo Workshop TupART em Ma\u00e7\u00e3o: 11 e 12 de dezembro: Elabora\u00e7\u00e3o do Plano de A\u00e7\u00e3o 2026-2028 - Interreg Sudoe","robots":{"index":"index","follow":"follow","max-snippet":"max-snippet:-1","max-image-preview":"max-image-preview:large","max-video-preview":"max-video-preview:-1"},"canonical":"https:\/\/interreg-sudoe.eu\/pt-pt\/evento-proyecto\/segundo-workshop-tupart-en-macao-11-y-12-de-diciembre-diseno-del-plan-de-accion-26-28\/","og_locale":"pt_PT","og_type":"article","og_title":"Segundo Workshop TupART em Ma\u00e7\u00e3o: 11 e 12 de dezembro: Elabora\u00e7\u00e3o do Plano de A\u00e7\u00e3o 2026-2028 - Interreg Sudoe","og_description":"O projeto europeu TupART \u2013 Territ\u00f3rios Unidos pela Arte Antiga, cofinanciado pelo programa Interreg Sudoe, vai realizar o seu Segundo Workshop nos dias 11 e 12 de dezembro de 2025, no Audit\u00f3rio Elvino Pereira, em Ma\u00e7\u00e3o, Portugal. Intitulado \u201cElaborar o Plano de A\u00e7\u00e3o 2026-2028\u201d, o encontro reunir\u00e1 parceiros institucionais de Espanha, Fran\u00e7a e Portugal para [&hellip;]","og_url":"https:\/\/interreg-sudoe.eu\/pt-pt\/evento-proyecto\/segundo-workshop-tupart-en-macao-11-y-12-de-diciembre-diseno-del-plan-de-accion-26-28\/","og_site_name":"Interreg Sudoe","article_publisher":"https:\/\/www.facebook.com\/interregsudoe","article_modified_time":"2026-02-13T12:22:26+00:00","og_image":[{"width":1451,"height":2048,"url":"https:\/\/interreg-sudoe.eu\/wp-content\/uploads\/2025\/11\/workshop-2-Macao.jpg","type":"image\/jpeg"}],"twitter_card":"summary_large_image","twitter_site":"@Sudoe5","twitter_misc":{"Tempo estimado de leitura":"1 minuto"},"schema":{"@context":"https:\/\/schema.org","@graph":[{"@type":"WebPage","@id":"https:\/\/interreg-sudoe.eu\/pt-pt\/evento-proyecto\/segundo-workshop-tupart-en-macao-11-y-12-de-diciembre-diseno-del-plan-de-accion-26-28\/","url":"https:\/\/interreg-sudoe.eu\/pt-pt\/evento-proyecto\/segundo-workshop-tupart-en-macao-11-y-12-de-diciembre-diseno-del-plan-de-accion-26-28\/","name":"Segundo Workshop TupART em Ma\u00e7\u00e3o: 11 e 12 de dezembro: Elabora\u00e7\u00e3o do Plano de A\u00e7\u00e3o 2026-2028 - Interreg Sudoe","isPartOf":{"@id":"https:\/\/interreg-sudoe.eu\/pt-pt\/#website"},"primaryImageOfPage":{"@id":"https:\/\/interreg-sudoe.eu\/pt-pt\/evento-proyecto\/segundo-workshop-tupart-en-macao-11-y-12-de-diciembre-diseno-del-plan-de-accion-26-28\/#primaryimage"},"image":{"@id":"https:\/\/interreg-sudoe.eu\/pt-pt\/evento-proyecto\/segundo-workshop-tupart-en-macao-11-y-12-de-diciembre-diseno-del-plan-de-accion-26-28\/#primaryimage"},"thumbnailUrl":"https:\/\/interreg-sudoe.eu\/wp-content\/uploads\/2025\/11\/workshop-2-Macao.jpg","datePublished":"2025-12-01T13:21:28+00:00","dateModified":"2026-02-13T12:22:26+00:00","breadcrumb":{"@id":"https:\/\/interreg-sudoe.eu\/pt-pt\/evento-proyecto\/segundo-workshop-tupart-en-macao-11-y-12-de-diciembre-diseno-del-plan-de-accion-26-28\/#breadcrumb"},"inLanguage":"pt-PT","potentialAction":[{"@type":"ReadAction","target":["https:\/\/interreg-sudoe.eu\/pt-pt\/evento-proyecto\/segundo-workshop-tupart-en-macao-11-y-12-de-diciembre-diseno-del-plan-de-accion-26-28\/"]}]},{"@type":"ImageObject","inLanguage":"pt-PT","@id":"https:\/\/interreg-sudoe.eu\/pt-pt\/evento-proyecto\/segundo-workshop-tupart-en-macao-11-y-12-de-diciembre-diseno-del-plan-de-accion-26-28\/#primaryimage","url":"https:\/\/interreg-sudoe.eu\/wp-content\/uploads\/2025\/11\/workshop-2-Macao.jpg","contentUrl":"https:\/\/interreg-sudoe.eu\/wp-content\/uploads\/2025\/11\/workshop-2-Macao.jpg","width":1451,"height":2048},{"@type":"BreadcrumbList","@id":"https:\/\/interreg-sudoe.eu\/pt-pt\/evento-proyecto\/segundo-workshop-tupart-en-macao-11-y-12-de-diciembre-diseno-del-plan-de-accion-26-28\/#breadcrumb","itemListElement":[{"@type":"ListItem","position":1,"name":"Home","item":"https:\/\/interreg-sudoe.eu\/pt-pt\/"},{"@type":"ListItem","position":2,"name":"Segundo Workshop TupART em Ma\u00e7\u00e3o: 11 e 12 de dezembro: Elabora\u00e7\u00e3o do Plano de A\u00e7\u00e3o 2026-2028"}]},{"@type":"WebSite","@id":"https:\/\/interreg-sudoe.eu\/pt-pt\/#website","url":"https:\/\/interreg-sudoe.eu\/pt-pt\/","name":"Interreg Sudoe","description":"Interreg Sudoe","publisher":{"@id":"https:\/\/interreg-sudoe.eu\/pt-pt\/#organization"},"alternateName":"Interreg Sudoe","potentialAction":[{"@type":"SearchAction","target":{"@type":"EntryPoint","urlTemplate":"https:\/\/interreg-sudoe.eu\/pt-pt\/?s={search_term_string}"},"query-input":{"@type":"PropertyValueSpecification","valueRequired":true,"valueName":"search_term_string"}}],"inLanguage":"pt-PT"},{"@type":"Organization","@id":"https:\/\/interreg-sudoe.eu\/pt-pt\/#organization","name":"Interreg Sudoe","alternateName":"Interreg Sudoe","url":"https:\/\/interreg-sudoe.eu\/pt-pt\/","logo":{"@type":"ImageObject","inLanguage":"pt-PT","@id":"https:\/\/interreg-sudoe.eu\/pt-pt\/#\/schema\/logo\/image\/","url":"https:\/\/interreg-sudoe.eu\/wp-content\/uploads\/2024\/03\/logo-interreg.png","contentUrl":"https:\/\/interreg-sudoe.eu\/wp-content\/uploads\/2024\/03\/logo-interreg.png","width":1200,"height":675,"caption":"Interreg Sudoe"},"image":{"@id":"https:\/\/interreg-sudoe.eu\/pt-pt\/#\/schema\/logo\/image\/"},"sameAs":["https:\/\/www.facebook.com\/interregsudoe","https:\/\/x.com\/Sudoe5","https:\/\/www.youtube.com\/channel\/UCeGx2edoB32beRc9dbKA2vw","https:\/\/www.linkedin.com\/company\/interreg-sudoe-programme\/","https:\/\/www.flickr.com\/photos\/148704685@N06\/"]}]}},"_links":{"self":[{"href":"https:\/\/interreg-sudoe.eu\/pt-pt\/wp-json\/wp\/v2\/evento-proyecto\/56391","targetHints":{"allow":["GET"]}}],"collection":[{"href":"https:\/\/interreg-sudoe.eu\/pt-pt\/wp-json\/wp\/v2\/evento-proyecto"}],"about":[{"href":"https:\/\/interreg-sudoe.eu\/pt-pt\/wp-json\/wp\/v2\/types\/evento-proyecto"}],"author":[{"embeddable":true,"href":"https:\/\/interreg-sudoe.eu\/pt-pt\/wp-json\/wp\/v2\/users\/6637"}],"wp:featuredmedia":[{"embeddable":true,"href":"https:\/\/interreg-sudoe.eu\/pt-pt\/wp-json\/wp\/v2\/media\/56236"}],"wp:attachment":[{"href":"https:\/\/interreg-sudoe.eu\/pt-pt\/wp-json\/wp\/v2\/media?parent=56391"}],"curies":[{"name":"wp","href":"https:\/\/api.w.org\/{rel}","templated":true}]}}