{"id":64909,"date":"2026-04-28T17:05:56","date_gmt":"2026-04-28T15:05:56","guid":{"rendered":"https:\/\/interreg-sudoe.eu\/?post_type=evento-proyecto&#038;p=64909"},"modified":"2026-04-28T17:12:20","modified_gmt":"2026-04-28T15:12:20","slug":"traitements-de-surface-durables-protection-contre-la-corrosion","status":"publish","type":"evento-proyecto","link":"https:\/\/interreg-sudoe.eu\/pt-pt\/evento-proyecto\/traitements-de-surface-durables-protection-contre-la-corrosion\/","title":{"rendered":"TRAITEMENTS DE SURFACE DURABLES &#8211; Protection contre la Corrosion"},"content":{"rendered":"<h4 class=\"my-2 [&amp;+p]:mt-4 [&amp;_strong:has(+br)]:inline-block [&amp;_strong:has(+br)]:pb-2\">\u2705 Reserve j\u00e1 o seu lugar!<\/h4>\n<p class=\"my-2 [&amp;+p]:mt-4 [&amp;_strong:has(+br)]:inline-block [&amp;_strong:has(+br)]:pb-2\">Gostaria de compreender melhor as principais orienta\u00e7\u00f5es do setor aeron\u00e1utico, antecipar evolu\u00e7\u00f5es regulamentares e descobrir as mais recentes inova\u00e7\u00f5es em tratamentos de superf\u00edcie?<\/p>\n<p class=\"my-2 [&amp;+p]:mt-4 [&amp;_strong:has(+br)]:inline-block [&amp;_strong:has(+br)]:pb-2\">\ud83d\udc49 N\u00e3o perca o pr\u00f3ximo workshop do projeto RESINSURF \u2013\u00a0<a class=\"reset interactable cursor-pointer decoration-1 underline-offset-1 text-super hover:underline\" href=\"https:\/\/www.linkedin.com\/company\/interreg-sudoe-programme\/\" target=\"_blank\" rel=\"nofollow noopener\"><span class=\"text-box-trim-both\">Interreg Sudoe Programme<\/span><\/a>, organizado em parceria com\u00a0<a class=\"reset interactable cursor-pointer decoration-1 underline-offset-1 text-super hover:underline\" href=\"https:\/\/www.linkedin.com\/company\/adi-nouvelle-aquitaine\/\" target=\"_blank\" rel=\"nofollow noopener\"><span class=\"text-box-trim-both\">ADI Nouvelle-Aquitaine | Agence de D\u00e9veloppement et d\u2019Innovation<\/span><\/a>,\u00a0<a class=\"reset interactable cursor-pointer decoration-1 underline-offset-1 text-super hover:underline\" href=\"https:\/\/www.linkedin.com\/company\/entreprise-europe-network-sud-ouest-france\/\" target=\"_blank\" rel=\"nofollow noopener\"><span class=\"text-box-trim-both\">Enterprise Europe Network Sud-Ouest France<\/span><\/a>\u00a0e\u00a0<a class=\"reset interactable cursor-pointer decoration-1 underline-offset-1 text-super hover:underline\" href=\"https:\/\/www.linkedin.com\/company\/aerospace-valley\/\" target=\"_blank\" rel=\"nofollow noopener\"><span class=\"text-box-trim-both\">Aerospace Valley<\/span><\/a>, intitulado:<br \/>\n\u201cTratamentos de superf\u00edcie sustent\u00e1veis e prote\u00e7\u00e3o contra a corros\u00e3o na aeron\u00e1utica\u201d<\/p>\n<p class=\"my-2 [&amp;+p]:mt-4 [&amp;_strong:has(+br)]:inline-block [&amp;_strong:has(+br)]:pb-2\"><strong>\ud83d\udcdc Programa:<\/strong><br \/>\n\ud83c\udfa4 Confer\u00eancias inspiradoras<br \/>\n\ud83c\udfed Testemunhos de empresas do setor<br \/>\n\ud83e\udd1d Momentos de networking num ambiente informal<\/p>\n<p class=\"my-2 [&amp;+p]:mt-4 [&amp;_strong:has(+br)]:inline-block [&amp;_strong:has(+br)]:pb-2\"><strong>Um evento imperd\u00edvel para os atores da investiga\u00e7\u00e3o, inova\u00e7\u00e3o e ind\u00fastria \ud83d\udca1<\/strong><\/p>\n<p class=\"my-2 [&amp;+p]:mt-4 [&amp;_strong:has(+br)]:inline-block [&amp;_strong:has(+br)]:pb-2\">\ud83d\udcc5 20 de maio de 2026<br \/>\n\ud83d\udccd Palais Beaumont, Pau<br \/>\n\ud83d\udcdd Inscri\u00e7\u00f5es gratuitas, lugares limitados: https:\/\/lnkd.in\/diRYK_3t<br \/>\n\ud83d\udccb<a href=\"https:\/\/interreg-sudoe.eu\/wp-content\/uploads\/2026\/04\/Program.pdf\"> Programa detalhado<\/a><\/p>\n<h5 class=\"my-2 [&amp;+p]:mt-4 [&amp;_strong:has(+br)]:inline-block [&amp;_strong:has(+br)]:pb-2\">\u26a0\ufe0f IMPORTANTE: Evento quase exclusivamente em franc\u00eas.<\/h5>\n","protected":false},"author":4905,"featured_media":64901,"template":"","meta":{"_acf_changed":false,"content-type":"","_monsterinsights_skip_tracking":false,"_monsterinsights_sitenote_active":false,"_monsterinsights_sitenote_note":"","_monsterinsights_sitenote_category":0},"class_list":["post-64909","evento-proyecto","type-evento-proyecto","status-publish","has-post-thumbnail","hentry"],"acf":[],"yoast_head":"<!-- This site is optimized with the Yoast SEO plugin v27.4 - https:\/\/yoast.com\/product\/yoast-seo-wordpress\/ -->\n<title>TRAITEMENTS DE SURFACE DURABLES - Protection contre la Corrosion - Interreg Sudoe<\/title>\n<meta name=\"robots\" content=\"index, follow, max-snippet:-1, max-image-preview:large, max-video-preview:-1\" \/>\n<link rel=\"canonical\" href=\"https:\/\/interreg-sudoe.eu\/pt-pt\/evento-proyecto\/traitements-de-surface-durables-protection-contre-la-corrosion\/\" \/>\n<meta property=\"og:locale\" content=\"pt_PT\" \/>\n<meta property=\"og:type\" content=\"article\" \/>\n<meta property=\"og:title\" content=\"TRAITEMENTS DE SURFACE DURABLES - Protection contre la Corrosion - Interreg Sudoe\" \/>\n<meta property=\"og:description\" content=\"\u2705 Reserve j\u00e1 o seu lugar! Gostaria de compreender melhor as principais orienta\u00e7\u00f5es do setor aeron\u00e1utico, antecipar evolu\u00e7\u00f5es regulamentares e descobrir as mais recentes inova\u00e7\u00f5es em tratamentos de superf\u00edcie? \ud83d\udc49 N\u00e3o perca o pr\u00f3ximo workshop do projeto RESINSURF \u2013\u00a0Interreg Sudoe Programme, organizado em parceria com\u00a0ADI Nouvelle-Aquitaine | Agence de D\u00e9veloppement et d\u2019Innovation,\u00a0Enterprise Europe Network Sud-Ouest [&hellip;]\" \/>\n<meta property=\"og:url\" content=\"https:\/\/interreg-sudoe.eu\/pt-pt\/evento-proyecto\/traitements-de-surface-durables-protection-contre-la-corrosion\/\" \/>\n<meta property=\"og:site_name\" content=\"Interreg Sudoe\" \/>\n<meta property=\"article:publisher\" content=\"https:\/\/www.facebook.com\/interregsudoe\" \/>\n<meta property=\"article:modified_time\" content=\"2026-04-28T15:12:20+00:00\" \/>\n<meta property=\"og:image\" content=\"https:\/\/interreg-sudoe.eu\/wp-content\/uploads\/2026\/04\/Banner.jpg\" \/>\n\t<meta property=\"og:image:width\" content=\"1086\" \/>\n\t<meta property=\"og:image:height\" content=\"508\" \/>\n\t<meta property=\"og:image:type\" content=\"image\/jpeg\" \/>\n<meta name=\"twitter:card\" content=\"summary_large_image\" \/>\n<meta name=\"twitter:site\" content=\"@Sudoe5\" \/>\n<meta name=\"twitter:label1\" content=\"Tempo estimado de leitura\" \/>\n\t<meta name=\"twitter:data1\" content=\"1 minuto\" \/>\n<script type=\"application\/ld+json\" class=\"yoast-schema-graph\">{\"@context\":\"https:\\\/\\\/schema.org\",\"@graph\":[{\"@type\":\"WebPage\",\"@id\":\"https:\\\/\\\/interreg-sudoe.eu\\\/pt-pt\\\/evento-proyecto\\\/traitements-de-surface-durables-protection-contre-la-corrosion\\\/\",\"url\":\"https:\\\/\\\/interreg-sudoe.eu\\\/pt-pt\\\/evento-proyecto\\\/traitements-de-surface-durables-protection-contre-la-corrosion\\\/\",\"name\":\"TRAITEMENTS DE SURFACE DURABLES - Protection contre la Corrosion - Interreg Sudoe\",\"isPartOf\":{\"@id\":\"https:\\\/\\\/interreg-sudoe.eu\\\/pt-pt\\\/#website\"},\"primaryImageOfPage\":{\"@id\":\"https:\\\/\\\/interreg-sudoe.eu\\\/pt-pt\\\/evento-proyecto\\\/traitements-de-surface-durables-protection-contre-la-corrosion\\\/#primaryimage\"},\"image\":{\"@id\":\"https:\\\/\\\/interreg-sudoe.eu\\\/pt-pt\\\/evento-proyecto\\\/traitements-de-surface-durables-protection-contre-la-corrosion\\\/#primaryimage\"},\"thumbnailUrl\":\"https:\\\/\\\/interreg-sudoe.eu\\\/wp-content\\\/uploads\\\/2026\\\/04\\\/Banner.jpg\",\"datePublished\":\"2026-04-28T15:05:56+00:00\",\"dateModified\":\"2026-04-28T15:12:20+00:00\",\"breadcrumb\":{\"@id\":\"https:\\\/\\\/interreg-sudoe.eu\\\/pt-pt\\\/evento-proyecto\\\/traitements-de-surface-durables-protection-contre-la-corrosion\\\/#breadcrumb\"},\"inLanguage\":\"pt-PT\",\"potentialAction\":[{\"@type\":\"ReadAction\",\"target\":[\"https:\\\/\\\/interreg-sudoe.eu\\\/pt-pt\\\/evento-proyecto\\\/traitements-de-surface-durables-protection-contre-la-corrosion\\\/\"]}]},{\"@type\":\"ImageObject\",\"inLanguage\":\"pt-PT\",\"@id\":\"https:\\\/\\\/interreg-sudoe.eu\\\/pt-pt\\\/evento-proyecto\\\/traitements-de-surface-durables-protection-contre-la-corrosion\\\/#primaryimage\",\"url\":\"https:\\\/\\\/interreg-sudoe.eu\\\/wp-content\\\/uploads\\\/2026\\\/04\\\/Banner.jpg\",\"contentUrl\":\"https:\\\/\\\/interreg-sudoe.eu\\\/wp-content\\\/uploads\\\/2026\\\/04\\\/Banner.jpg\",\"width\":1086,\"height\":508},{\"@type\":\"BreadcrumbList\",\"@id\":\"https:\\\/\\\/interreg-sudoe.eu\\\/pt-pt\\\/evento-proyecto\\\/traitements-de-surface-durables-protection-contre-la-corrosion\\\/#breadcrumb\",\"itemListElement\":[{\"@type\":\"ListItem\",\"position\":1,\"name\":\"Home\",\"item\":\"https:\\\/\\\/interreg-sudoe.eu\\\/pt-pt\\\/\"},{\"@type\":\"ListItem\",\"position\":2,\"name\":\"TRAITEMENTS DE SURFACE DURABLES &#8211; Protection contre la Corrosion\"}]},{\"@type\":\"WebSite\",\"@id\":\"https:\\\/\\\/interreg-sudoe.eu\\\/pt-pt\\\/#website\",\"url\":\"https:\\\/\\\/interreg-sudoe.eu\\\/pt-pt\\\/\",\"name\":\"Interreg Sudoe\",\"description\":\"Interreg Sudoe\",\"publisher\":{\"@id\":\"https:\\\/\\\/interreg-sudoe.eu\\\/pt-pt\\\/#organization\"},\"alternateName\":\"Interreg Sudoe\",\"potentialAction\":[{\"@type\":\"SearchAction\",\"target\":{\"@type\":\"EntryPoint\",\"urlTemplate\":\"https:\\\/\\\/interreg-sudoe.eu\\\/pt-pt\\\/?s={search_term_string}\"},\"query-input\":{\"@type\":\"PropertyValueSpecification\",\"valueRequired\":true,\"valueName\":\"search_term_string\"}}],\"inLanguage\":\"pt-PT\"},{\"@type\":\"Organization\",\"@id\":\"https:\\\/\\\/interreg-sudoe.eu\\\/pt-pt\\\/#organization\",\"name\":\"Interreg Sudoe\",\"alternateName\":\"Interreg Sudoe\",\"url\":\"https:\\\/\\\/interreg-sudoe.eu\\\/pt-pt\\\/\",\"logo\":{\"@type\":\"ImageObject\",\"inLanguage\":\"pt-PT\",\"@id\":\"https:\\\/\\\/interreg-sudoe.eu\\\/pt-pt\\\/#\\\/schema\\\/logo\\\/image\\\/\",\"url\":\"https:\\\/\\\/interreg-sudoe.eu\\\/wp-content\\\/uploads\\\/2024\\\/03\\\/logo-interreg.png\",\"contentUrl\":\"https:\\\/\\\/interreg-sudoe.eu\\\/wp-content\\\/uploads\\\/2024\\\/03\\\/logo-interreg.png\",\"width\":1200,\"height\":675,\"caption\":\"Interreg Sudoe\"},\"image\":{\"@id\":\"https:\\\/\\\/interreg-sudoe.eu\\\/pt-pt\\\/#\\\/schema\\\/logo\\\/image\\\/\"},\"sameAs\":[\"https:\\\/\\\/www.facebook.com\\\/interregsudoe\",\"https:\\\/\\\/x.com\\\/Sudoe5\",\"https:\\\/\\\/www.youtube.com\\\/channel\\\/UCeGx2edoB32beRc9dbKA2vw\",\"https:\\\/\\\/www.linkedin.com\\\/company\\\/interreg-sudoe-programme\\\/\",\"https:\\\/\\\/www.flickr.com\\\/photos\\\/148704685@N06\\\/\"]}]}<\/script>\n<!-- \/ Yoast SEO plugin. -->","yoast_head_json":{"title":"TRAITEMENTS DE SURFACE DURABLES - Protection contre la Corrosion - Interreg Sudoe","robots":{"index":"index","follow":"follow","max-snippet":"max-snippet:-1","max-image-preview":"max-image-preview:large","max-video-preview":"max-video-preview:-1"},"canonical":"https:\/\/interreg-sudoe.eu\/pt-pt\/evento-proyecto\/traitements-de-surface-durables-protection-contre-la-corrosion\/","og_locale":"pt_PT","og_type":"article","og_title":"TRAITEMENTS DE SURFACE DURABLES - Protection contre la Corrosion - Interreg Sudoe","og_description":"\u2705 Reserve j\u00e1 o seu lugar! Gostaria de compreender melhor as principais orienta\u00e7\u00f5es do setor aeron\u00e1utico, antecipar evolu\u00e7\u00f5es regulamentares e descobrir as mais recentes inova\u00e7\u00f5es em tratamentos de superf\u00edcie? \ud83d\udc49 N\u00e3o perca o pr\u00f3ximo workshop do projeto RESINSURF \u2013\u00a0Interreg Sudoe Programme, organizado em parceria com\u00a0ADI Nouvelle-Aquitaine | Agence de D\u00e9veloppement et d\u2019Innovation,\u00a0Enterprise Europe Network Sud-Ouest [&hellip;]","og_url":"https:\/\/interreg-sudoe.eu\/pt-pt\/evento-proyecto\/traitements-de-surface-durables-protection-contre-la-corrosion\/","og_site_name":"Interreg Sudoe","article_publisher":"https:\/\/www.facebook.com\/interregsudoe","article_modified_time":"2026-04-28T15:12:20+00:00","og_image":[{"width":1086,"height":508,"url":"https:\/\/interreg-sudoe.eu\/wp-content\/uploads\/2026\/04\/Banner.jpg","type":"image\/jpeg"}],"twitter_card":"summary_large_image","twitter_site":"@Sudoe5","twitter_misc":{"Tempo estimado de leitura":"1 minuto"},"schema":{"@context":"https:\/\/schema.org","@graph":[{"@type":"WebPage","@id":"https:\/\/interreg-sudoe.eu\/pt-pt\/evento-proyecto\/traitements-de-surface-durables-protection-contre-la-corrosion\/","url":"https:\/\/interreg-sudoe.eu\/pt-pt\/evento-proyecto\/traitements-de-surface-durables-protection-contre-la-corrosion\/","name":"TRAITEMENTS DE SURFACE DURABLES - Protection contre la Corrosion - Interreg Sudoe","isPartOf":{"@id":"https:\/\/interreg-sudoe.eu\/pt-pt\/#website"},"primaryImageOfPage":{"@id":"https:\/\/interreg-sudoe.eu\/pt-pt\/evento-proyecto\/traitements-de-surface-durables-protection-contre-la-corrosion\/#primaryimage"},"image":{"@id":"https:\/\/interreg-sudoe.eu\/pt-pt\/evento-proyecto\/traitements-de-surface-durables-protection-contre-la-corrosion\/#primaryimage"},"thumbnailUrl":"https:\/\/interreg-sudoe.eu\/wp-content\/uploads\/2026\/04\/Banner.jpg","datePublished":"2026-04-28T15:05:56+00:00","dateModified":"2026-04-28T15:12:20+00:00","breadcrumb":{"@id":"https:\/\/interreg-sudoe.eu\/pt-pt\/evento-proyecto\/traitements-de-surface-durables-protection-contre-la-corrosion\/#breadcrumb"},"inLanguage":"pt-PT","potentialAction":[{"@type":"ReadAction","target":["https:\/\/interreg-sudoe.eu\/pt-pt\/evento-proyecto\/traitements-de-surface-durables-protection-contre-la-corrosion\/"]}]},{"@type":"ImageObject","inLanguage":"pt-PT","@id":"https:\/\/interreg-sudoe.eu\/pt-pt\/evento-proyecto\/traitements-de-surface-durables-protection-contre-la-corrosion\/#primaryimage","url":"https:\/\/interreg-sudoe.eu\/wp-content\/uploads\/2026\/04\/Banner.jpg","contentUrl":"https:\/\/interreg-sudoe.eu\/wp-content\/uploads\/2026\/04\/Banner.jpg","width":1086,"height":508},{"@type":"BreadcrumbList","@id":"https:\/\/interreg-sudoe.eu\/pt-pt\/evento-proyecto\/traitements-de-surface-durables-protection-contre-la-corrosion\/#breadcrumb","itemListElement":[{"@type":"ListItem","position":1,"name":"Home","item":"https:\/\/interreg-sudoe.eu\/pt-pt\/"},{"@type":"ListItem","position":2,"name":"TRAITEMENTS DE SURFACE DURABLES &#8211; Protection contre la Corrosion"}]},{"@type":"WebSite","@id":"https:\/\/interreg-sudoe.eu\/pt-pt\/#website","url":"https:\/\/interreg-sudoe.eu\/pt-pt\/","name":"Interreg Sudoe","description":"Interreg Sudoe","publisher":{"@id":"https:\/\/interreg-sudoe.eu\/pt-pt\/#organization"},"alternateName":"Interreg Sudoe","potentialAction":[{"@type":"SearchAction","target":{"@type":"EntryPoint","urlTemplate":"https:\/\/interreg-sudoe.eu\/pt-pt\/?s={search_term_string}"},"query-input":{"@type":"PropertyValueSpecification","valueRequired":true,"valueName":"search_term_string"}}],"inLanguage":"pt-PT"},{"@type":"Organization","@id":"https:\/\/interreg-sudoe.eu\/pt-pt\/#organization","name":"Interreg Sudoe","alternateName":"Interreg Sudoe","url":"https:\/\/interreg-sudoe.eu\/pt-pt\/","logo":{"@type":"ImageObject","inLanguage":"pt-PT","@id":"https:\/\/interreg-sudoe.eu\/pt-pt\/#\/schema\/logo\/image\/","url":"https:\/\/interreg-sudoe.eu\/wp-content\/uploads\/2024\/03\/logo-interreg.png","contentUrl":"https:\/\/interreg-sudoe.eu\/wp-content\/uploads\/2024\/03\/logo-interreg.png","width":1200,"height":675,"caption":"Interreg Sudoe"},"image":{"@id":"https:\/\/interreg-sudoe.eu\/pt-pt\/#\/schema\/logo\/image\/"},"sameAs":["https:\/\/www.facebook.com\/interregsudoe","https:\/\/x.com\/Sudoe5","https:\/\/www.youtube.com\/channel\/UCeGx2edoB32beRc9dbKA2vw","https:\/\/www.linkedin.com\/company\/interreg-sudoe-programme\/","https:\/\/www.flickr.com\/photos\/148704685@N06\/"]}]}},"_links":{"self":[{"href":"https:\/\/interreg-sudoe.eu\/pt-pt\/wp-json\/wp\/v2\/evento-proyecto\/64909","targetHints":{"allow":["GET"]}}],"collection":[{"href":"https:\/\/interreg-sudoe.eu\/pt-pt\/wp-json\/wp\/v2\/evento-proyecto"}],"about":[{"href":"https:\/\/interreg-sudoe.eu\/pt-pt\/wp-json\/wp\/v2\/types\/evento-proyecto"}],"author":[{"embeddable":true,"href":"https:\/\/interreg-sudoe.eu\/pt-pt\/wp-json\/wp\/v2\/users\/4905"}],"wp:featuredmedia":[{"embeddable":true,"href":"https:\/\/interreg-sudoe.eu\/pt-pt\/wp-json\/wp\/v2\/media\/64901"}],"wp:attachment":[{"href":"https:\/\/interreg-sudoe.eu\/pt-pt\/wp-json\/wp\/v2\/media?parent=64909"}],"curies":[{"name":"wp","href":"https:\/\/api.w.org\/{rel}","templated":true}]}}