{"id":65204,"date":"2026-04-30T12:04:20","date_gmt":"2026-04-30T10:04:20","guid":{"rendered":"https:\/\/interreg-sudoe.eu\/evento-proyecto\/seminario-transnacional-de-conclusiones-de-los-proyectos-piloto-y-taller-de-transferencia-a-agentes-territoriales\/"},"modified":"2026-04-30T12:21:34","modified_gmt":"2026-04-30T10:21:34","slug":"seminario-transnacional-de-conclusiones-de-los-proyectos-piloto-y-taller-de-transferencia-a-agentes-territoriales","status":"publish","type":"evento-proyecto","link":"https:\/\/interreg-sudoe.eu\/pt-pt\/evento-proyecto\/seminario-transnacional-de-conclusiones-de-los-proyectos-piloto-y-taller-de-transferencia-a-agentes-territoriales\/","title":{"rendered":"Semin\u00e1rio transnacional de apresenta\u00e7\u00e3o dos resultados dos projetos-piloto e workshop de transfer\u00eancia de conhecimentos para os agentes territoriais"},"content":{"rendered":"<p>O Semin\u00e1rio decorrer\u00e1 nos dias 24 e 25 de mar\u00e7o em Solsona (Catalunha), com a seguinte programa\u00e7\u00e3o:<\/p>\n<p>Ter\u00e7a-feira, 24<\/p>\n<table>\n<tbody>\n<tr>\n<td width=\"104\">9:30 \u2013 9:45<\/td>\n<td width=\"463\">Registo de participantes<\/td>\n<\/tr>\n<tr>\n<td width=\"104\">9:45 \u2013 10:00<\/td>\n<td width=\"463\">Boas-vindas e introdu\u00e7\u00e3o ao evento<\/td>\n<\/tr>\n<tr>\n<td width=\"104\">10:30 \u2013 10:30<\/td>\n<td width=\"463\">Palestra: \u00abRedu\u00e7\u00e3o da carga de combust\u00edvel florestal atrav\u00e9s de sistemas mecanizados\u00bb<\/p>\n<p>Gianni Picchi, investigador do CNR-IBE na \u00e1rea de explora\u00e7\u00e3o e mecaniza\u00e7\u00e3o florestal<\/td>\n<\/tr>\n<tr>\n<td width=\"104\">10:30 \u2013 11:00<\/td>\n<td width=\"463\">Palestra: \u00abModelo de gest\u00e3o local da biomassa\u00bb<\/p>\n<p>Laura Oliver, Conselheira Regional para Emerg\u00eancias Clim\u00e1ticas do Vall\u00e8s Occidental<\/p>\n<p>Nat\u00e0lia Tierno, chefe dos Servi\u00e7os T\u00e9cnicos da \u00c1rea de Dinamiza\u00e7\u00e3o Territorial do Conselho Regional do Vall\u00e8s Occidental<\/td>\n<\/tr>\n<tr>\n<td width=\"104\">11:00 \u2013 11:30<\/td>\n<td width=\"463\">Palestra: \u201cPol\u00edtica de inc\u00eandios florestais: realidade ou narrativa?<\/p>\n<p>Ignasi Castell\u00f3, ex-respons\u00e1vel pelo Gabinete T\u00e9cnico de Preven\u00e7\u00e3o Municipal de Inc\u00eandios Florestais da Diputaci\u00f3n de Barcelona<\/td>\n<\/tr>\n<tr>\n<td width=\"104\">11:30 \u2013 12:00<\/td>\n<td width=\"463\">Pausa para caf\u00e9<\/td>\n<\/tr>\n<tr>\n<td width=\"104\">12:00 \u2013 14:00<\/td>\n<td width=\"463\">Apresenta\u00e7\u00e3o dos resultados das a\u00e7\u00f5es-piloto do projeto BIO4RES e da Estrat\u00e9gia para a valoriza\u00e7\u00e3o da biomassa<\/td>\n<\/tr>\n<tr>\n<td width=\"104\">14:00 \u2013 15:30<\/td>\n<td width=\"463\">Almo\u00e7o<\/td>\n<\/tr>\n<tr>\n<td width=\"104\">16:00 \u2013 17:00<\/td>\n<td width=\"463\">Desloca\u00e7\u00e3o e visita ao <a href=\"https:\/\/www.ctfc.cat\/es\/hubforestal.php\">HUB Florestal<\/a>, em Olius<\/td>\n<\/tr>\n<\/tbody>\n<\/table>\n<p>O programa do dia 24 \u00e9 completado com uma visita de campo na manh\u00e3 do dia 25 \u00e0s localidades de La Serra e Puit de Ponts, no munic\u00edpio de Lladurs, com o objetivo de observar exemplos de silvicultura aplicada e trabalhos silv\u00edcolas e realizar uma demonstra\u00e7\u00e3o de LiDAR terrestre.<\/p>\n","protected":false},"author":5373,"featured_media":65184,"template":"","meta":{"_acf_changed":false,"content-type":"","_monsterinsights_skip_tracking":false,"_monsterinsights_sitenote_active":false,"_monsterinsights_sitenote_note":"","_monsterinsights_sitenote_category":0},"class_list":["post-65204","evento-proyecto","type-evento-proyecto","status-publish","has-post-thumbnail","hentry"],"acf":[],"yoast_head":"<!-- This site is optimized with the Yoast SEO plugin v27.4 - https:\/\/yoast.com\/product\/yoast-seo-wordpress\/ -->\n<title>Semin\u00e1rio transnacional de apresenta\u00e7\u00e3o dos resultados dos projetos-piloto e workshop de transfer\u00eancia de conhecimentos para os agentes territoriais - Interreg Sudoe<\/title>\n<meta name=\"robots\" content=\"index, follow, max-snippet:-1, max-image-preview:large, max-video-preview:-1\" \/>\n<link rel=\"canonical\" href=\"https:\/\/interreg-sudoe.eu\/pt-pt\/evento-proyecto\/seminario-transnacional-de-conclusiones-de-los-proyectos-piloto-y-taller-de-transferencia-a-agentes-territoriales\/\" \/>\n<meta property=\"og:locale\" content=\"pt_PT\" \/>\n<meta property=\"og:type\" content=\"article\" \/>\n<meta property=\"og:title\" content=\"Semin\u00e1rio transnacional de apresenta\u00e7\u00e3o dos resultados dos projetos-piloto e workshop de transfer\u00eancia de conhecimentos para os agentes territoriais - Interreg Sudoe\" \/>\n<meta property=\"og:description\" content=\"O Semin\u00e1rio decorrer\u00e1 nos dias 24 e 25 de mar\u00e7o em Solsona (Catalunha), com a seguinte programa\u00e7\u00e3o: Ter\u00e7a-feira, 24 9:30 \u2013 9:45 Registo de participantes 9:45 \u2013 10:00 Boas-vindas e introdu\u00e7\u00e3o ao evento 10:30 \u2013 10:30 Palestra: \u00abRedu\u00e7\u00e3o da carga de combust\u00edvel florestal atrav\u00e9s de sistemas mecanizados\u00bb Gianni Picchi, investigador do CNR-IBE na \u00e1rea de [&hellip;]\" \/>\n<meta property=\"og:url\" content=\"https:\/\/interreg-sudoe.eu\/pt-pt\/evento-proyecto\/seminario-transnacional-de-conclusiones-de-los-proyectos-piloto-y-taller-de-transferencia-a-agentes-territoriales\/\" \/>\n<meta property=\"og:site_name\" content=\"Interreg Sudoe\" \/>\n<meta property=\"article:publisher\" content=\"https:\/\/www.facebook.com\/interregsudoe\" \/>\n<meta property=\"article:modified_time\" content=\"2026-04-30T10:21:34+00:00\" \/>\n<meta property=\"og:image\" content=\"https:\/\/interreg-sudoe.eu\/wp-content\/uploads\/2026\/04\/Programa.jpg\" \/>\n\t<meta property=\"og:image:width\" content=\"570\" \/>\n\t<meta property=\"og:image:height\" content=\"863\" \/>\n\t<meta property=\"og:image:type\" content=\"image\/jpeg\" \/>\n<meta name=\"twitter:card\" content=\"summary_large_image\" \/>\n<meta name=\"twitter:site\" content=\"@Sudoe5\" \/>\n<meta name=\"twitter:label1\" content=\"Tempo estimado de leitura\" \/>\n\t<meta name=\"twitter:data1\" content=\"1 minuto\" \/>\n<script type=\"application\/ld+json\" class=\"yoast-schema-graph\">{\"@context\":\"https:\\\/\\\/schema.org\",\"@graph\":[{\"@type\":\"WebPage\",\"@id\":\"https:\\\/\\\/interreg-sudoe.eu\\\/pt-pt\\\/evento-proyecto\\\/seminario-transnacional-de-conclusiones-de-los-proyectos-piloto-y-taller-de-transferencia-a-agentes-territoriales\\\/\",\"url\":\"https:\\\/\\\/interreg-sudoe.eu\\\/pt-pt\\\/evento-proyecto\\\/seminario-transnacional-de-conclusiones-de-los-proyectos-piloto-y-taller-de-transferencia-a-agentes-territoriales\\\/\",\"name\":\"Semin\u00e1rio transnacional de apresenta\u00e7\u00e3o dos resultados dos projetos-piloto e workshop de transfer\u00eancia de conhecimentos para os agentes territoriais - Interreg Sudoe\",\"isPartOf\":{\"@id\":\"https:\\\/\\\/interreg-sudoe.eu\\\/pt-pt\\\/#website\"},\"primaryImageOfPage\":{\"@id\":\"https:\\\/\\\/interreg-sudoe.eu\\\/pt-pt\\\/evento-proyecto\\\/seminario-transnacional-de-conclusiones-de-los-proyectos-piloto-y-taller-de-transferencia-a-agentes-territoriales\\\/#primaryimage\"},\"image\":{\"@id\":\"https:\\\/\\\/interreg-sudoe.eu\\\/pt-pt\\\/evento-proyecto\\\/seminario-transnacional-de-conclusiones-de-los-proyectos-piloto-y-taller-de-transferencia-a-agentes-territoriales\\\/#primaryimage\"},\"thumbnailUrl\":\"https:\\\/\\\/interreg-sudoe.eu\\\/wp-content\\\/uploads\\\/2026\\\/04\\\/Programa.jpg\",\"datePublished\":\"2026-04-30T10:04:20+00:00\",\"dateModified\":\"2026-04-30T10:21:34+00:00\",\"breadcrumb\":{\"@id\":\"https:\\\/\\\/interreg-sudoe.eu\\\/pt-pt\\\/evento-proyecto\\\/seminario-transnacional-de-conclusiones-de-los-proyectos-piloto-y-taller-de-transferencia-a-agentes-territoriales\\\/#breadcrumb\"},\"inLanguage\":\"pt-PT\",\"potentialAction\":[{\"@type\":\"ReadAction\",\"target\":[\"https:\\\/\\\/interreg-sudoe.eu\\\/pt-pt\\\/evento-proyecto\\\/seminario-transnacional-de-conclusiones-de-los-proyectos-piloto-y-taller-de-transferencia-a-agentes-territoriales\\\/\"]}]},{\"@type\":\"ImageObject\",\"inLanguage\":\"pt-PT\",\"@id\":\"https:\\\/\\\/interreg-sudoe.eu\\\/pt-pt\\\/evento-proyecto\\\/seminario-transnacional-de-conclusiones-de-los-proyectos-piloto-y-taller-de-transferencia-a-agentes-territoriales\\\/#primaryimage\",\"url\":\"https:\\\/\\\/interreg-sudoe.eu\\\/wp-content\\\/uploads\\\/2026\\\/04\\\/Programa.jpg\",\"contentUrl\":\"https:\\\/\\\/interreg-sudoe.eu\\\/wp-content\\\/uploads\\\/2026\\\/04\\\/Programa.jpg\",\"width\":570,\"height\":863},{\"@type\":\"BreadcrumbList\",\"@id\":\"https:\\\/\\\/interreg-sudoe.eu\\\/pt-pt\\\/evento-proyecto\\\/seminario-transnacional-de-conclusiones-de-los-proyectos-piloto-y-taller-de-transferencia-a-agentes-territoriales\\\/#breadcrumb\",\"itemListElement\":[{\"@type\":\"ListItem\",\"position\":1,\"name\":\"Home\",\"item\":\"https:\\\/\\\/interreg-sudoe.eu\\\/pt-pt\\\/\"},{\"@type\":\"ListItem\",\"position\":2,\"name\":\"Semin\u00e1rio transnacional de apresenta\u00e7\u00e3o dos resultados dos projetos-piloto e workshop de transfer\u00eancia de conhecimentos para os agentes territoriais\"}]},{\"@type\":\"WebSite\",\"@id\":\"https:\\\/\\\/interreg-sudoe.eu\\\/pt-pt\\\/#website\",\"url\":\"https:\\\/\\\/interreg-sudoe.eu\\\/pt-pt\\\/\",\"name\":\"Interreg Sudoe\",\"description\":\"Interreg Sudoe\",\"publisher\":{\"@id\":\"https:\\\/\\\/interreg-sudoe.eu\\\/pt-pt\\\/#organization\"},\"alternateName\":\"Interreg Sudoe\",\"potentialAction\":[{\"@type\":\"SearchAction\",\"target\":{\"@type\":\"EntryPoint\",\"urlTemplate\":\"https:\\\/\\\/interreg-sudoe.eu\\\/pt-pt\\\/?s={search_term_string}\"},\"query-input\":{\"@type\":\"PropertyValueSpecification\",\"valueRequired\":true,\"valueName\":\"search_term_string\"}}],\"inLanguage\":\"pt-PT\"},{\"@type\":\"Organization\",\"@id\":\"https:\\\/\\\/interreg-sudoe.eu\\\/pt-pt\\\/#organization\",\"name\":\"Interreg Sudoe\",\"alternateName\":\"Interreg Sudoe\",\"url\":\"https:\\\/\\\/interreg-sudoe.eu\\\/pt-pt\\\/\",\"logo\":{\"@type\":\"ImageObject\",\"inLanguage\":\"pt-PT\",\"@id\":\"https:\\\/\\\/interreg-sudoe.eu\\\/pt-pt\\\/#\\\/schema\\\/logo\\\/image\\\/\",\"url\":\"https:\\\/\\\/interreg-sudoe.eu\\\/wp-content\\\/uploads\\\/2024\\\/03\\\/logo-interreg.png\",\"contentUrl\":\"https:\\\/\\\/interreg-sudoe.eu\\\/wp-content\\\/uploads\\\/2024\\\/03\\\/logo-interreg.png\",\"width\":1200,\"height\":675,\"caption\":\"Interreg Sudoe\"},\"image\":{\"@id\":\"https:\\\/\\\/interreg-sudoe.eu\\\/pt-pt\\\/#\\\/schema\\\/logo\\\/image\\\/\"},\"sameAs\":[\"https:\\\/\\\/www.facebook.com\\\/interregsudoe\",\"https:\\\/\\\/x.com\\\/Sudoe5\",\"https:\\\/\\\/www.youtube.com\\\/channel\\\/UCeGx2edoB32beRc9dbKA2vw\",\"https:\\\/\\\/www.linkedin.com\\\/company\\\/interreg-sudoe-programme\\\/\",\"https:\\\/\\\/www.flickr.com\\\/photos\\\/148704685@N06\\\/\"]}]}<\/script>\n<!-- \/ Yoast SEO plugin. -->","yoast_head_json":{"title":"Semin\u00e1rio transnacional de apresenta\u00e7\u00e3o dos resultados dos projetos-piloto e workshop de transfer\u00eancia de conhecimentos para os agentes territoriais - Interreg Sudoe","robots":{"index":"index","follow":"follow","max-snippet":"max-snippet:-1","max-image-preview":"max-image-preview:large","max-video-preview":"max-video-preview:-1"},"canonical":"https:\/\/interreg-sudoe.eu\/pt-pt\/evento-proyecto\/seminario-transnacional-de-conclusiones-de-los-proyectos-piloto-y-taller-de-transferencia-a-agentes-territoriales\/","og_locale":"pt_PT","og_type":"article","og_title":"Semin\u00e1rio transnacional de apresenta\u00e7\u00e3o dos resultados dos projetos-piloto e workshop de transfer\u00eancia de conhecimentos para os agentes territoriais - Interreg Sudoe","og_description":"O Semin\u00e1rio decorrer\u00e1 nos dias 24 e 25 de mar\u00e7o em Solsona (Catalunha), com a seguinte programa\u00e7\u00e3o: Ter\u00e7a-feira, 24 9:30 \u2013 9:45 Registo de participantes 9:45 \u2013 10:00 Boas-vindas e introdu\u00e7\u00e3o ao evento 10:30 \u2013 10:30 Palestra: \u00abRedu\u00e7\u00e3o da carga de combust\u00edvel florestal atrav\u00e9s de sistemas mecanizados\u00bb Gianni Picchi, investigador do CNR-IBE na \u00e1rea de [&hellip;]","og_url":"https:\/\/interreg-sudoe.eu\/pt-pt\/evento-proyecto\/seminario-transnacional-de-conclusiones-de-los-proyectos-piloto-y-taller-de-transferencia-a-agentes-territoriales\/","og_site_name":"Interreg Sudoe","article_publisher":"https:\/\/www.facebook.com\/interregsudoe","article_modified_time":"2026-04-30T10:21:34+00:00","og_image":[{"width":570,"height":863,"url":"https:\/\/interreg-sudoe.eu\/wp-content\/uploads\/2026\/04\/Programa.jpg","type":"image\/jpeg"}],"twitter_card":"summary_large_image","twitter_site":"@Sudoe5","twitter_misc":{"Tempo estimado de leitura":"1 minuto"},"schema":{"@context":"https:\/\/schema.org","@graph":[{"@type":"WebPage","@id":"https:\/\/interreg-sudoe.eu\/pt-pt\/evento-proyecto\/seminario-transnacional-de-conclusiones-de-los-proyectos-piloto-y-taller-de-transferencia-a-agentes-territoriales\/","url":"https:\/\/interreg-sudoe.eu\/pt-pt\/evento-proyecto\/seminario-transnacional-de-conclusiones-de-los-proyectos-piloto-y-taller-de-transferencia-a-agentes-territoriales\/","name":"Semin\u00e1rio transnacional de apresenta\u00e7\u00e3o dos resultados dos projetos-piloto e workshop de transfer\u00eancia de conhecimentos para os agentes territoriais - Interreg Sudoe","isPartOf":{"@id":"https:\/\/interreg-sudoe.eu\/pt-pt\/#website"},"primaryImageOfPage":{"@id":"https:\/\/interreg-sudoe.eu\/pt-pt\/evento-proyecto\/seminario-transnacional-de-conclusiones-de-los-proyectos-piloto-y-taller-de-transferencia-a-agentes-territoriales\/#primaryimage"},"image":{"@id":"https:\/\/interreg-sudoe.eu\/pt-pt\/evento-proyecto\/seminario-transnacional-de-conclusiones-de-los-proyectos-piloto-y-taller-de-transferencia-a-agentes-territoriales\/#primaryimage"},"thumbnailUrl":"https:\/\/interreg-sudoe.eu\/wp-content\/uploads\/2026\/04\/Programa.jpg","datePublished":"2026-04-30T10:04:20+00:00","dateModified":"2026-04-30T10:21:34+00:00","breadcrumb":{"@id":"https:\/\/interreg-sudoe.eu\/pt-pt\/evento-proyecto\/seminario-transnacional-de-conclusiones-de-los-proyectos-piloto-y-taller-de-transferencia-a-agentes-territoriales\/#breadcrumb"},"inLanguage":"pt-PT","potentialAction":[{"@type":"ReadAction","target":["https:\/\/interreg-sudoe.eu\/pt-pt\/evento-proyecto\/seminario-transnacional-de-conclusiones-de-los-proyectos-piloto-y-taller-de-transferencia-a-agentes-territoriales\/"]}]},{"@type":"ImageObject","inLanguage":"pt-PT","@id":"https:\/\/interreg-sudoe.eu\/pt-pt\/evento-proyecto\/seminario-transnacional-de-conclusiones-de-los-proyectos-piloto-y-taller-de-transferencia-a-agentes-territoriales\/#primaryimage","url":"https:\/\/interreg-sudoe.eu\/wp-content\/uploads\/2026\/04\/Programa.jpg","contentUrl":"https:\/\/interreg-sudoe.eu\/wp-content\/uploads\/2026\/04\/Programa.jpg","width":570,"height":863},{"@type":"BreadcrumbList","@id":"https:\/\/interreg-sudoe.eu\/pt-pt\/evento-proyecto\/seminario-transnacional-de-conclusiones-de-los-proyectos-piloto-y-taller-de-transferencia-a-agentes-territoriales\/#breadcrumb","itemListElement":[{"@type":"ListItem","position":1,"name":"Home","item":"https:\/\/interreg-sudoe.eu\/pt-pt\/"},{"@type":"ListItem","position":2,"name":"Semin\u00e1rio transnacional de apresenta\u00e7\u00e3o dos resultados dos projetos-piloto e workshop de transfer\u00eancia de conhecimentos para os agentes territoriais"}]},{"@type":"WebSite","@id":"https:\/\/interreg-sudoe.eu\/pt-pt\/#website","url":"https:\/\/interreg-sudoe.eu\/pt-pt\/","name":"Interreg Sudoe","description":"Interreg Sudoe","publisher":{"@id":"https:\/\/interreg-sudoe.eu\/pt-pt\/#organization"},"alternateName":"Interreg Sudoe","potentialAction":[{"@type":"SearchAction","target":{"@type":"EntryPoint","urlTemplate":"https:\/\/interreg-sudoe.eu\/pt-pt\/?s={search_term_string}"},"query-input":{"@type":"PropertyValueSpecification","valueRequired":true,"valueName":"search_term_string"}}],"inLanguage":"pt-PT"},{"@type":"Organization","@id":"https:\/\/interreg-sudoe.eu\/pt-pt\/#organization","name":"Interreg Sudoe","alternateName":"Interreg Sudoe","url":"https:\/\/interreg-sudoe.eu\/pt-pt\/","logo":{"@type":"ImageObject","inLanguage":"pt-PT","@id":"https:\/\/interreg-sudoe.eu\/pt-pt\/#\/schema\/logo\/image\/","url":"https:\/\/interreg-sudoe.eu\/wp-content\/uploads\/2024\/03\/logo-interreg.png","contentUrl":"https:\/\/interreg-sudoe.eu\/wp-content\/uploads\/2024\/03\/logo-interreg.png","width":1200,"height":675,"caption":"Interreg Sudoe"},"image":{"@id":"https:\/\/interreg-sudoe.eu\/pt-pt\/#\/schema\/logo\/image\/"},"sameAs":["https:\/\/www.facebook.com\/interregsudoe","https:\/\/x.com\/Sudoe5","https:\/\/www.youtube.com\/channel\/UCeGx2edoB32beRc9dbKA2vw","https:\/\/www.linkedin.com\/company\/interreg-sudoe-programme\/","https:\/\/www.flickr.com\/photos\/148704685@N06\/"]}]}},"_links":{"self":[{"href":"https:\/\/interreg-sudoe.eu\/pt-pt\/wp-json\/wp\/v2\/evento-proyecto\/65204","targetHints":{"allow":["GET"]}}],"collection":[{"href":"https:\/\/interreg-sudoe.eu\/pt-pt\/wp-json\/wp\/v2\/evento-proyecto"}],"about":[{"href":"https:\/\/interreg-sudoe.eu\/pt-pt\/wp-json\/wp\/v2\/types\/evento-proyecto"}],"author":[{"embeddable":true,"href":"https:\/\/interreg-sudoe.eu\/pt-pt\/wp-json\/wp\/v2\/users\/5373"}],"wp:featuredmedia":[{"embeddable":true,"href":"https:\/\/interreg-sudoe.eu\/pt-pt\/wp-json\/wp\/v2\/media\/65184"}],"wp:attachment":[{"href":"https:\/\/interreg-sudoe.eu\/pt-pt\/wp-json\/wp\/v2\/media?parent=65204"}],"curies":[{"name":"wp","href":"https:\/\/api.w.org\/{rel}","templated":true}]}}