{"id":20348,"date":"2023-09-20T12:30:10","date_gmt":"2023-09-20T10:30:10","guid":{"rendered":"https:\/\/interreg-sudoe.eu\/autoridad-de-gestion\/"},"modified":"2025-05-12T13:18:19","modified_gmt":"2025-05-12T11:18:19","slug":"autoridad-de-gestion","status":"publish","type":"page","link":"https:\/\/interreg-sudoe.eu\/pt-pt\/autoridad-de-gestion\/","title":{"rendered":"Autoridade de Gest\u00e3o"},"content":{"rendered":"\t\t<div data-elementor-type=\"wp-page\" data-elementor-id=\"20348\" class=\"elementor elementor-20348 elementor-2627\" data-elementor-post-type=\"page\">\n\t\t\t\t<div class=\"elementor-element elementor-element-5cce7b7 e-flex e-con-boxed e-con e-parent\" data-id=\"5cce7b7\" data-element_type=\"container\" data-e-type=\"container\" data-settings=\"{&quot;jet_parallax_layout_list&quot;:[]}\">\n\t\t\t\t\t<div class=\"e-con-inner\">\n\t\t\t\t<div class=\"elementor-element elementor-element-b679613 elementor-widget elementor-widget-heading\" data-id=\"b679613\" data-element_type=\"widget\" data-e-type=\"widget\" data-widget_type=\"heading.default\">\n\t\t\t\t\t<h1 class=\"elementor-heading-title elementor-size-default\">Autoridade de Gest\u00e3o<\/h1>\t\t\t\t<\/div>\n\t\t\t\t<div class=\"elementor-element elementor-element-231c23e elementor-widget elementor-widget-text-editor\" data-id=\"231c23e\" data-element_type=\"widget\" data-e-type=\"widget\" data-widget_type=\"text-editor.default\">\n\t\t\t\t\t\t\t\t\t<p><span style=\"font-weight: 400;\">A Autoridade de Gest\u00e3o \u00e9 respons\u00e1vel pela execu\u00e7\u00e3o e gest\u00e3o do Programa. A Conselheria de Economia, Fazenda, Financiamento Auton\u00f3mico e Fundos Europeus do Governo da Cant\u00e1bria (Espanha) \u00e9 a Autoridade de Gest\u00e3o do Programa Sudoe.<\/span><\/p>\t\t\t\t\t\t\t\t<\/div>\n\t\t\t\t\t<\/div>\n\t\t\t\t<\/div>\n\t\t<div class=\"elementor-element elementor-element-cc6aa8a e-flex e-con-boxed e-con e-parent\" data-id=\"cc6aa8a\" data-element_type=\"container\" data-e-type=\"container\" data-settings=\"{&quot;jet_parallax_layout_list&quot;:[]}\">\n\t\t\t\t\t<div class=\"e-con-inner\">\n\t\t\t\t<div class=\"elementor-element elementor-element-ebb182a elementor-widget elementor-widget-spacer\" data-id=\"ebb182a\" data-element_type=\"widget\" data-e-type=\"widget\" data-widget_type=\"spacer.default\">\n\t\t\t\t\t\t\t<div class=\"elementor-spacer\">\n\t\t\t<div class=\"elementor-spacer-inner\"><\/div>\n\t\t<\/div>\n\t\t\t\t\t\t<\/div>\n\t\t\t\t<div class=\"elementor-element elementor-element-622b7fa elementor-widget elementor-widget-heading\" data-id=\"622b7fa\" data-element_type=\"widget\" data-e-type=\"widget\" data-widget_type=\"heading.default\">\n\t\t\t\t\t<h2 class=\"elementor-heading-title elementor-size-default\">Contato<\/h2>\t\t\t\t<\/div>\n\t\t\t\t\t<\/div>\n\t\t\t\t<\/div>\n\t\t<div class=\"elementor-element elementor-element-e2cfd2a e-flex e-con-boxed e-con e-parent\" data-id=\"e2cfd2a\" data-element_type=\"container\" data-e-type=\"container\" data-settings=\"{&quot;jet_parallax_layout_list&quot;:[]}\">\n\t\t\t\t\t<div class=\"e-con-inner\">\n\t\t\t\t<div class=\"elementor-element elementor-element-504eeec elementor-widget elementor-widget-heading\" data-id=\"504eeec\" data-element_type=\"widget\" data-e-type=\"widget\" data-widget_type=\"heading.default\">\n\t\t\t\t\t<h5 class=\"elementor-heading-title elementor-size-default\">Endere\u00e7o postal<\/h5>\t\t\t\t<\/div>\n\t\t\t\t<div class=\"elementor-element elementor-element-c1f1781 elementor-widget elementor-widget-text-editor\" data-id=\"c1f1781\" data-element_type=\"widget\" data-e-type=\"widget\" data-widget_type=\"text-editor.default\">\n\t\t\t\t\t\t\t\t\t<p><span style=\"font-size: 18px; color: var( --e-global-color-text ); font-family: var( --e-global-typography-text-font-family ), Sans-serif; font-weight: var( --e-global-typography-text-font-weight ); text-align: var(--text-align);\">Consejer\u00eda de Econom\u00eda, Hacienda, Financiaci\u00f3n Auton\u00f3mica y Fondos Europeos del Gobierno de Cantabria<\/span><\/p><p><span style=\"font-size: 18px; color: var( --e-global-color-text ); font-family: var( --e-global-typography-text-font-family ), Sans-serif; font-weight: var( --e-global-typography-text-font-weight ); text-align: var(--text-align);\">Plaza del Pr\u00edncipe, n\u00ba4, Primera planta<\/span><\/p><p><span style=\"font-size: 18px; color: var( --e-global-color-text ); font-family: var( --e-global-typography-text-font-family ), Sans-serif; font-weight: var( --e-global-typography-text-font-weight ); text-align: var(--text-align);\">39003 Santander (Espa\u00f1a)<\/span><\/p>\t\t\t\t\t\t\t\t<\/div>\n\t\t\t\t\t<\/div>\n\t\t\t\t<\/div>\n\t\t<div class=\"elementor-element elementor-element-9066734 e-flex e-con-boxed e-con e-parent\" data-id=\"9066734\" data-element_type=\"container\" data-e-type=\"container\" data-settings=\"{&quot;jet_parallax_layout_list&quot;:[]}\">\n\t\t\t\t\t<div class=\"e-con-inner\">\n\t\t<div class=\"elementor-element elementor-element-9d1b4bf e-con-full e-flex e-con e-child\" data-id=\"9d1b4bf\" data-element_type=\"container\" data-e-type=\"container\" data-settings=\"{&quot;jet_parallax_layout_list&quot;:[]}\">\n\t\t\t\t<div class=\"elementor-element elementor-element-295fa4f elementor-widget elementor-widget-heading\" data-id=\"295fa4f\" data-element_type=\"widget\" data-e-type=\"widget\" data-widget_type=\"heading.default\">\n\t\t\t\t\t<h3 class=\"elementor-heading-title elementor-size-default\">Juan Llanes<\/h3>\t\t\t\t<\/div>\n\t\t\t\t<div class=\"elementor-element elementor-element-97316e5 elementor-widget-divider--view-line elementor-widget elementor-widget-divider\" data-id=\"97316e5\" data-element_type=\"widget\" data-e-type=\"widget\" data-widget_type=\"divider.default\">\n\t\t\t\t\t\t\t<div class=\"elementor-divider\">\n\t\t\t<span class=\"elementor-divider-separator\">\n\t\t\t\t\t\t<\/span>\n\t\t<\/div>\n\t\t\t\t\t\t<\/div>\n\t\t\t\t<div class=\"elementor-element elementor-element-ce52542 elementor-widget elementor-widget-text-editor\" data-id=\"ce52542\" data-element_type=\"widget\" data-e-type=\"widget\" data-widget_type=\"text-editor.default\">\n\t\t\t\t\t\t\t\t\t<p>T\u00e9l: +34 942 31 84 20<\/p><p>aug@interreg-sudoe.eu<\/p>\t\t\t\t\t\t\t\t<\/div>\n\t\t\t\t<\/div>\n\t\t<div class=\"elementor-element elementor-element-52ebb0d e-con-full e-flex e-con e-child\" data-id=\"52ebb0d\" data-element_type=\"container\" data-e-type=\"container\" data-settings=\"{&quot;jet_parallax_layout_list&quot;:[]}\">\n\t\t\t\t<div class=\"elementor-element elementor-element-f46bb21 elementor-widget elementor-widget-heading\" data-id=\"f46bb21\" data-element_type=\"widget\" data-e-type=\"widget\" data-widget_type=\"heading.default\">\n\t\t\t\t\t<h3 class=\"elementor-heading-title elementor-size-default\">Eva Sota\n\n<\/h3>\t\t\t\t<\/div>\n\t\t\t\t<div class=\"elementor-element elementor-element-60d8378 elementor-widget-divider--view-line elementor-widget elementor-widget-divider\" data-id=\"60d8378\" data-element_type=\"widget\" data-e-type=\"widget\" data-widget_type=\"divider.default\">\n\t\t\t\t\t\t\t<div class=\"elementor-divider\">\n\t\t\t<span class=\"elementor-divider-separator\">\n\t\t\t\t\t\t<\/span>\n\t\t<\/div>\n\t\t\t\t\t\t<\/div>\n\t\t\t\t<div class=\"elementor-element elementor-element-b7e8f64 elementor-widget elementor-widget-text-editor\" data-id=\"b7e8f64\" data-element_type=\"widget\" data-e-type=\"widget\" data-widget_type=\"text-editor.default\">\n\t\t\t\t\t\t\t\t\t<p>T\u00e9l: +34 942 31 84 21<\/p>\n<p><span style=\"font-size: 16px; color: var( --e-global-color-text ); font-family: var( --e-global-typography-text-font-family ), Vollkorn; font-weight: var( --e-global-typography-text-font-weight ); text-align: var(--text-align);\">eva.sota@interreg-sudoe.eu<\/span><\/p>\n\t\t\t\t\t\t\t\t<\/div>\n\t\t\t\t<\/div>\n\t\t<div class=\"elementor-element elementor-element-3809046 e-con-full e-flex e-con e-child\" data-id=\"3809046\" data-element_type=\"container\" data-e-type=\"container\" data-settings=\"{&quot;jet_parallax_layout_list&quot;:[]}\">\n\t\t\t\t<\/div>\n\t\t\t\t\t<\/div>\n\t\t\t\t<\/div>\n\t\t\t\t<\/div>\n\t\t","protected":false},"excerpt":{"rendered":"<p>Autoridade de Gest\u00e3o A Autoridade de Gest\u00e3o \u00e9 respons\u00e1vel pela execu\u00e7\u00e3o e gest\u00e3o do Programa. A Conselheria de Economia, Fazenda, Financiamento Auton\u00f3mico e Fundos Europeus do Governo da Cant\u00e1bria (Espanha) \u00e9 a Autoridade de Gest\u00e3o do Programa Sudoe. Contato Endere\u00e7o postal Consejer\u00eda de Econom\u00eda, Hacienda, Financiaci\u00f3n Auton\u00f3mica y Fondos Europeos del Gobierno de Cantabria Plaza [&hellip;]<\/p>\n","protected":false},"author":1,"featured_media":0,"parent":0,"menu_order":0,"comment_status":"closed","ping_status":"closed","template":"","meta":{"_acf_changed":false,"content-type":"","_monsterinsights_skip_tracking":false,"_monsterinsights_sitenote_active":false,"_monsterinsights_sitenote_note":"","_monsterinsights_sitenote_category":0,"footnotes":""},"class_list":["post-20348","page","type-page","status-publish","hentry"],"acf":[],"yoast_head":"<!-- This site is optimized with the Yoast SEO plugin v27.2 - https:\/\/yoast.com\/product\/yoast-seo-wordpress\/ -->\n<title>Autoridade de Gest\u00e3o - Interreg Sudoe<\/title>\n<meta name=\"robots\" content=\"index, follow, max-snippet:-1, max-image-preview:large, max-video-preview:-1\" \/>\n<link rel=\"canonical\" href=\"https:\/\/interreg-sudoe.eu\/pt-pt\/autoridad-de-gestion\/\" \/>\n<meta property=\"og:locale\" content=\"pt_PT\" \/>\n<meta property=\"og:type\" content=\"article\" \/>\n<meta property=\"og:title\" content=\"Autoridade de Gest\u00e3o - Interreg Sudoe\" \/>\n<meta property=\"og:description\" content=\"Autoridade de Gest\u00e3o A Autoridade de Gest\u00e3o \u00e9 respons\u00e1vel pela execu\u00e7\u00e3o e gest\u00e3o do Programa. A Conselheria de Economia, Fazenda, Financiamento Auton\u00f3mico e Fundos Europeus do Governo da Cant\u00e1bria (Espanha) \u00e9 a Autoridade de Gest\u00e3o do Programa Sudoe. Contato Endere\u00e7o postal Consejer\u00eda de Econom\u00eda, Hacienda, Financiaci\u00f3n Auton\u00f3mica y Fondos Europeos del Gobierno de Cantabria Plaza [&hellip;]\" \/>\n<meta property=\"og:url\" content=\"https:\/\/interreg-sudoe.eu\/pt-pt\/autoridad-de-gestion\/\" \/>\n<meta property=\"og:site_name\" content=\"Interreg Sudoe\" \/>\n<meta property=\"article:publisher\" content=\"https:\/\/www.facebook.com\/interregsudoe\" \/>\n<meta property=\"article:modified_time\" content=\"2025-05-12T11:18:19+00:00\" \/>\n<meta property=\"og:image\" content=\"https:\/\/interreg-sudoe.eu\/wp-content\/uploads\/2024\/03\/download.png\" \/>\n\t<meta property=\"og:image:width\" content=\"344\" \/>\n\t<meta property=\"og:image:height\" content=\"147\" \/>\n\t<meta property=\"og:image:type\" content=\"image\/png\" \/>\n<meta name=\"twitter:card\" content=\"summary_large_image\" \/>\n<meta name=\"twitter:site\" content=\"@Sudoe5\" \/>\n<meta name=\"twitter:label1\" content=\"Tempo estimado de leitura\" \/>\n\t<meta name=\"twitter:data1\" content=\"1 minuto\" \/>\n<script type=\"application\/ld+json\" class=\"yoast-schema-graph\">{\"@context\":\"https:\/\/schema.org\",\"@graph\":[{\"@type\":\"WebPage\",\"@id\":\"https:\/\/interreg-sudoe.eu\/pt-pt\/autoridad-de-gestion\/\",\"url\":\"https:\/\/interreg-sudoe.eu\/pt-pt\/autoridad-de-gestion\/\",\"name\":\"Autoridade de Gest\u00e3o - Interreg Sudoe\",\"isPartOf\":{\"@id\":\"https:\/\/interreg-sudoe.eu\/pt-pt\/#website\"},\"datePublished\":\"2023-09-20T10:30:10+00:00\",\"dateModified\":\"2025-05-12T11:18:19+00:00\",\"breadcrumb\":{\"@id\":\"https:\/\/interreg-sudoe.eu\/pt-pt\/autoridad-de-gestion\/#breadcrumb\"},\"inLanguage\":\"pt-PT\",\"potentialAction\":[{\"@type\":\"ReadAction\",\"target\":[\"https:\/\/interreg-sudoe.eu\/pt-pt\/autoridad-de-gestion\/\"]}]},{\"@type\":\"BreadcrumbList\",\"@id\":\"https:\/\/interreg-sudoe.eu\/pt-pt\/autoridad-de-gestion\/#breadcrumb\",\"itemListElement\":[{\"@type\":\"ListItem\",\"position\":1,\"name\":\"Home\",\"item\":\"https:\/\/interreg-sudoe.eu\/pt-pt\/\"},{\"@type\":\"ListItem\",\"position\":2,\"name\":\"Autoridade de Gest\u00e3o\"}]},{\"@type\":\"WebSite\",\"@id\":\"https:\/\/interreg-sudoe.eu\/pt-pt\/#website\",\"url\":\"https:\/\/interreg-sudoe.eu\/pt-pt\/\",\"name\":\"Interreg Sudoe\",\"description\":\"Interreg Sudoe\",\"publisher\":{\"@id\":\"https:\/\/interreg-sudoe.eu\/pt-pt\/#organization\"},\"alternateName\":\"Interreg Sudoe\",\"potentialAction\":[{\"@type\":\"SearchAction\",\"target\":{\"@type\":\"EntryPoint\",\"urlTemplate\":\"https:\/\/interreg-sudoe.eu\/pt-pt\/?s={search_term_string}\"},\"query-input\":{\"@type\":\"PropertyValueSpecification\",\"valueRequired\":true,\"valueName\":\"search_term_string\"}}],\"inLanguage\":\"pt-PT\"},{\"@type\":\"Organization\",\"@id\":\"https:\/\/interreg-sudoe.eu\/pt-pt\/#organization\",\"name\":\"Interreg Sudoe\",\"alternateName\":\"Interreg Sudoe\",\"url\":\"https:\/\/interreg-sudoe.eu\/pt-pt\/\",\"logo\":{\"@type\":\"ImageObject\",\"inLanguage\":\"pt-PT\",\"@id\":\"https:\/\/interreg-sudoe.eu\/pt-pt\/#\/schema\/logo\/image\/\",\"url\":\"https:\/\/interreg-sudoe.eu\/wp-content\/uploads\/2024\/03\/logo-interreg.png\",\"contentUrl\":\"https:\/\/interreg-sudoe.eu\/wp-content\/uploads\/2024\/03\/logo-interreg.png\",\"width\":1200,\"height\":675,\"caption\":\"Interreg Sudoe\"},\"image\":{\"@id\":\"https:\/\/interreg-sudoe.eu\/pt-pt\/#\/schema\/logo\/image\/\"},\"sameAs\":[\"https:\/\/www.facebook.com\/interregsudoe\",\"https:\/\/x.com\/Sudoe5\",\"https:\/\/www.youtube.com\/channel\/UCeGx2edoB32beRc9dbKA2vw\",\"https:\/\/www.linkedin.com\/company\/interreg-sudoe-programme\/\",\"https:\/\/www.flickr.com\/photos\/148704685@N06\/\"]}]}<\/script>\n<!-- \/ Yoast SEO plugin. -->","yoast_head_json":{"title":"Autoridade de Gest\u00e3o - Interreg Sudoe","robots":{"index":"index","follow":"follow","max-snippet":"max-snippet:-1","max-image-preview":"max-image-preview:large","max-video-preview":"max-video-preview:-1"},"canonical":"https:\/\/interreg-sudoe.eu\/pt-pt\/autoridad-de-gestion\/","og_locale":"pt_PT","og_type":"article","og_title":"Autoridade de Gest\u00e3o - Interreg Sudoe","og_description":"Autoridade de Gest\u00e3o A Autoridade de Gest\u00e3o \u00e9 respons\u00e1vel pela execu\u00e7\u00e3o e gest\u00e3o do Programa. A Conselheria de Economia, Fazenda, Financiamento Auton\u00f3mico e Fundos Europeus do Governo da Cant\u00e1bria (Espanha) \u00e9 a Autoridade de Gest\u00e3o do Programa Sudoe. Contato Endere\u00e7o postal Consejer\u00eda de Econom\u00eda, Hacienda, Financiaci\u00f3n Auton\u00f3mica y Fondos Europeos del Gobierno de Cantabria Plaza [&hellip;]","og_url":"https:\/\/interreg-sudoe.eu\/pt-pt\/autoridad-de-gestion\/","og_site_name":"Interreg Sudoe","article_publisher":"https:\/\/www.facebook.com\/interregsudoe","article_modified_time":"2025-05-12T11:18:19+00:00","og_image":[{"width":344,"height":147,"url":"https:\/\/interreg-sudoe.eu\/wp-content\/uploads\/2024\/03\/download.png","type":"image\/png"}],"twitter_card":"summary_large_image","twitter_site":"@Sudoe5","twitter_misc":{"Tempo estimado de leitura":"1 minuto"},"schema":{"@context":"https:\/\/schema.org","@graph":[{"@type":"WebPage","@id":"https:\/\/interreg-sudoe.eu\/pt-pt\/autoridad-de-gestion\/","url":"https:\/\/interreg-sudoe.eu\/pt-pt\/autoridad-de-gestion\/","name":"Autoridade de Gest\u00e3o - Interreg Sudoe","isPartOf":{"@id":"https:\/\/interreg-sudoe.eu\/pt-pt\/#website"},"datePublished":"2023-09-20T10:30:10+00:00","dateModified":"2025-05-12T11:18:19+00:00","breadcrumb":{"@id":"https:\/\/interreg-sudoe.eu\/pt-pt\/autoridad-de-gestion\/#breadcrumb"},"inLanguage":"pt-PT","potentialAction":[{"@type":"ReadAction","target":["https:\/\/interreg-sudoe.eu\/pt-pt\/autoridad-de-gestion\/"]}]},{"@type":"BreadcrumbList","@id":"https:\/\/interreg-sudoe.eu\/pt-pt\/autoridad-de-gestion\/#breadcrumb","itemListElement":[{"@type":"ListItem","position":1,"name":"Home","item":"https:\/\/interreg-sudoe.eu\/pt-pt\/"},{"@type":"ListItem","position":2,"name":"Autoridade de Gest\u00e3o"}]},{"@type":"WebSite","@id":"https:\/\/interreg-sudoe.eu\/pt-pt\/#website","url":"https:\/\/interreg-sudoe.eu\/pt-pt\/","name":"Interreg Sudoe","description":"Interreg Sudoe","publisher":{"@id":"https:\/\/interreg-sudoe.eu\/pt-pt\/#organization"},"alternateName":"Interreg Sudoe","potentialAction":[{"@type":"SearchAction","target":{"@type":"EntryPoint","urlTemplate":"https:\/\/interreg-sudoe.eu\/pt-pt\/?s={search_term_string}"},"query-input":{"@type":"PropertyValueSpecification","valueRequired":true,"valueName":"search_term_string"}}],"inLanguage":"pt-PT"},{"@type":"Organization","@id":"https:\/\/interreg-sudoe.eu\/pt-pt\/#organization","name":"Interreg Sudoe","alternateName":"Interreg Sudoe","url":"https:\/\/interreg-sudoe.eu\/pt-pt\/","logo":{"@type":"ImageObject","inLanguage":"pt-PT","@id":"https:\/\/interreg-sudoe.eu\/pt-pt\/#\/schema\/logo\/image\/","url":"https:\/\/interreg-sudoe.eu\/wp-content\/uploads\/2024\/03\/logo-interreg.png","contentUrl":"https:\/\/interreg-sudoe.eu\/wp-content\/uploads\/2024\/03\/logo-interreg.png","width":1200,"height":675,"caption":"Interreg Sudoe"},"image":{"@id":"https:\/\/interreg-sudoe.eu\/pt-pt\/#\/schema\/logo\/image\/"},"sameAs":["https:\/\/www.facebook.com\/interregsudoe","https:\/\/x.com\/Sudoe5","https:\/\/www.youtube.com\/channel\/UCeGx2edoB32beRc9dbKA2vw","https:\/\/www.linkedin.com\/company\/interreg-sudoe-programme\/","https:\/\/www.flickr.com\/photos\/148704685@N06\/"]}]}},"_links":{"self":[{"href":"https:\/\/interreg-sudoe.eu\/pt-pt\/wp-json\/wp\/v2\/pages\/20348","targetHints":{"allow":["GET"]}}],"collection":[{"href":"https:\/\/interreg-sudoe.eu\/pt-pt\/wp-json\/wp\/v2\/pages"}],"about":[{"href":"https:\/\/interreg-sudoe.eu\/pt-pt\/wp-json\/wp\/v2\/types\/page"}],"author":[{"embeddable":true,"href":"https:\/\/interreg-sudoe.eu\/pt-pt\/wp-json\/wp\/v2\/users\/1"}],"replies":[{"embeddable":true,"href":"https:\/\/interreg-sudoe.eu\/pt-pt\/wp-json\/wp\/v2\/comments?post=20348"}],"version-history":[{"count":3,"href":"https:\/\/interreg-sudoe.eu\/pt-pt\/wp-json\/wp\/v2\/pages\/20348\/revisions"}],"predecessor-version":[{"id":46905,"href":"https:\/\/interreg-sudoe.eu\/pt-pt\/wp-json\/wp\/v2\/pages\/20348\/revisions\/46905"}],"wp:attachment":[{"href":"https:\/\/interreg-sudoe.eu\/pt-pt\/wp-json\/wp\/v2\/media?parent=20348"}],"curies":[{"name":"wp","href":"https:\/\/api.w.org\/{rel}","templated":true}]}}