{"id":55595,"date":"2023-10-09T12:38:59","date_gmt":"2023-10-09T10:38:59","guid":{"rendered":"https:\/\/interreg-sudoe.eu\/ofertas-de-emprego\/"},"modified":"2026-08-28T19:13:52","modified_gmt":"2026-08-28T17:13:52","slug":"ofertas-de-emprego","status":"publish","type":"page","link":"https:\/\/interreg-sudoe.eu\/pt-pt\/ofertas-de-emprego\/","title":{"rendered":"Ofertas de emprego"},"content":{"rendered":"\t\t<div data-elementor-type=\"wp-page\" data-elementor-id=\"55595\" class=\"elementor elementor-55595 elementor-2776\" data-elementor-post-type=\"page\">\n\t\t\t\t<div class=\"elementor-element elementor-element-aff9322 e-con-full e-flex e-con e-parent\" data-id=\"aff9322\" data-element_type=\"container\" data-e-type=\"container\" data-settings=\"{&quot;jet_parallax_layout_list&quot;:[]}\">\n\t\t\t\t<div class=\"elementor-element elementor-element-3faefa1 elementor-widget elementor-widget-image\" data-id=\"3faefa1\" data-element_type=\"widget\" data-e-type=\"widget\" data-widget_type=\"image.default\">\n\t\t\t\t\t\t\t\t\t\t\t\t\t\t\t<img decoding=\"async\" src=\"https:\/\/interreg-sudoe.eu\/wp-content\/uploads\/elementor\/thumbs\/Diseno-sin-titulo-3-1-r4eiaut0xftggi8ou9k6csai440m9avndodga0mw08.png\" title=\"Dise\u00f1o sin t\u00edtulo (3)\" alt=\"Dise\u00f1o sin t\u00edtulo (3)\" loading=\"lazy\" \/>\t\t\t\t\t\t\t\t\t\t\t\t\t\t\t<\/div>\n\t\t\t\t<\/div>\n\t\t<div class=\"elementor-element elementor-element-2b05af5 e-flex e-con-boxed e-con e-parent\" data-id=\"2b05af5\" data-element_type=\"container\" data-e-type=\"container\" data-settings=\"{&quot;jet_parallax_layout_list&quot;:[]}\">\n\t\t\t\t\t<div class=\"e-con-inner\">\n\t\t\t\t<div class=\"elementor-element elementor-element-1e449fe elementor-widget elementor-widget-heading\" data-id=\"1e449fe\" data-element_type=\"widget\" data-e-type=\"widget\" data-widget_type=\"heading.default\">\n\t\t\t\t\t<h1 class=\"elementor-heading-title elementor-size-default\">Ofertas de emprego<\/h1>\t\t\t\t<\/div>\n\t\t\t\t\t<\/div>\n\t\t\t\t<\/div>\n\t\t<div class=\"elementor-element elementor-element-f2635af e-flex e-con-boxed e-con e-parent\" data-id=\"f2635af\" data-element_type=\"container\" data-e-type=\"container\" data-settings=\"{&quot;jet_parallax_layout_list&quot;:[]}\">\n\t\t\t\t\t<div class=\"e-con-inner\">\n\t\t\t\t<div class=\"elementor-element elementor-element-0c7e4f0 elementor-widget elementor-widget-text-editor\" data-id=\"0c7e4f0\" data-element_type=\"widget\" data-e-type=\"widget\" data-widget_type=\"text-editor.default\">\n\t\t\t\t\t\t\t\t\t<h1>E se fosse o nosso futuro respons\u00e1vel pela comunica\u00e7\u00e3o?<\/h1>\t\t\t\t\t\t\t\t<\/div>\n\t\t\t\t\t<\/div>\n\t\t\t\t<\/div>\n\t\t<div class=\"elementor-element elementor-element-1776e95 e-flex e-con-boxed e-con e-parent\" data-id=\"1776e95\" data-element_type=\"container\" data-e-type=\"container\" data-settings=\"{&quot;jet_parallax_layout_list&quot;:[]}\">\n\t\t\t\t\t<div class=\"e-con-inner\">\n\t\t<div class=\"elementor-element elementor-element-eaa9043 e-con-full e-flex e-con e-child\" data-id=\"eaa9043\" data-element_type=\"container\" data-e-type=\"container\" data-settings=\"{&quot;jet_parallax_layout_list&quot;:[]}\">\n\t\t\t\t<div class=\"elementor-element elementor-element-2a2fa9c elementor-widget elementor-widget-text-editor\" data-id=\"2a2fa9c\" data-element_type=\"widget\" data-e-type=\"widget\" data-widget_type=\"text-editor.default\">\n\t\t\t\t\t\t\t\t\t<h2>A Autoridade de Gest\u00e3o do Programa Interreg Sudoe abre vaga para respons\u00e1vel pela comunica\u00e7\u00e3o (h\/m) no Secretariado Conjunto Sudoe<\/h2>\t\t\t\t\t\t\t\t<\/div>\n\t\t\t\t<\/div>\n\t\t\t\t\t<\/div>\n\t\t\t\t<\/div>\n\t\t<div class=\"elementor-element elementor-element-1580861 e-flex e-con-boxed e-con e-parent\" data-id=\"1580861\" data-element_type=\"container\" data-e-type=\"container\" data-settings=\"{&quot;jet_parallax_layout_list&quot;:[]}\">\n\t\t\t\t\t<div class=\"e-con-inner\">\n\t\t\t\t<div class=\"elementor-element elementor-element-664a46e elementor-widget elementor-widget-heading\" data-id=\"664a46e\" data-element_type=\"widget\" data-e-type=\"widget\" data-widget_type=\"heading.default\">\n\t\t\t\t\t<h2 class=\"elementor-heading-title elementor-size-default\"><p><span style=\"font-size: 2rem\">O cargo<\/span><\/p><\/h2>\t\t\t\t<\/div>\n\t\t\t\t<div class=\"elementor-element elementor-element-4a5f955 elementor-widget elementor-widget-text-editor\" data-id=\"4a5f955\" data-element_type=\"widget\" data-e-type=\"widget\" data-widget_type=\"text-editor.default\">\n\t\t\t\t\t\t\t\t\t<p>O\/a respons\u00e1vel pela comunica\u00e7\u00e3o implementa a estrat\u00e9gia de comunica\u00e7\u00e3o interna e externa do Programa Interreg VI-B 2021-2027 (167 M\u20ac, coopera\u00e7\u00e3o entre Espanha-Fran\u00e7a-Portugal-Andorra), em conformidade com a estrat\u00e9gia aprovada pelo Comit\u00e9 de Acompanhamento.<\/p>\t\t\t\t\t\t\t\t<\/div>\n\t\t\t\t<div class=\"elementor-element elementor-element-5c9a8f2 elementor-widget elementor-widget-heading\" data-id=\"5c9a8f2\" data-element_type=\"widget\" data-e-type=\"widget\" data-widget_type=\"heading.default\">\n\t\t\t\t\t<h2 class=\"elementor-heading-title elementor-size-default\">Principais fun\u00e7\u00f5es<\/h2>\t\t\t\t<\/div>\n\t\t\t\t<div class=\"elementor-element elementor-element-2f89c43 elementor-widget elementor-widget-text-editor\" data-id=\"2f89c43\" data-element_type=\"widget\" data-e-type=\"widget\" data-widget_type=\"text-editor.default\">\n\t\t\t\t\t\t\t\t\t<ul><li><strong>Comunica\u00e7\u00e3o estrat\u00e9gica<\/strong>: aplicar e avaliar a estrat\u00e9gia de comunica\u00e7\u00e3o e os planos anuais, em articula\u00e7\u00e3o com o Comit\u00e9 de Acompanhamento, os Estados-Membros e a Comiss\u00e3o Europeia;<\/li><li><strong>Comunica\u00e7\u00e3o operacional<\/strong>: planear e produzir os conte\u00fados (reda\u00e7\u00e3o, documentos de apresenta\u00e7\u00e3o, publica\u00e7\u00f5es), assegurando a sua coer\u00eancia com a identidade do Programa;<\/li><li><strong>Acompanhamento de projetos<\/strong>: apoiar os promotores de projetos no respetivo plano de comunica\u00e7\u00e3o e na correta aplica\u00e7\u00e3o das regras de publicidade, organizar forma\u00e7\u00f5es;<\/li><li><strong>Comunica\u00e7\u00e3o de eventos<\/strong>: conceber e organizar os semin\u00e1rios e eventos do Programa;<\/li><li><strong>Gest\u00e3o de ferramentas<\/strong>: gerir o site e as redes sociais, redigir os cadernos de encargos relacionados com a comunica\u00e7\u00e3o e coordenar os prestadores de servi\u00e7os;<\/li><li><strong>Rela\u00e7\u00f5es externas<\/strong>: manter a rede de respons\u00e1veis de comunica\u00e7\u00e3o Interreg e as rela\u00e7\u00f5es com os meios de comunica\u00e7\u00e3o;<\/li><li>Contribuir para a <strong>prepara\u00e7\u00e3o das reuni\u00f5es<\/strong> do Comit\u00e9 de Acompanhamento e para a reda\u00e7\u00e3o dos relat\u00f3rios do programa.<\/li><\/ul>\t\t\t\t\t\t\t\t<\/div>\n\t\t\t\t<div class=\"elementor-element elementor-element-5db5be4 elementor-widget elementor-widget-heading\" data-id=\"5db5be4\" data-element_type=\"widget\" data-e-type=\"widget\" data-widget_type=\"heading.default\">\n\t\t\t\t\t<h2 class=\"elementor-heading-title elementor-size-default\">Perfil procurado<\/h2>\t\t\t\t<\/div>\n\t\t\t\t<div class=\"elementor-element elementor-element-cdca137 elementor-widget elementor-widget-text-editor\" data-id=\"cdca137\" data-element_type=\"widget\" data-e-type=\"widget\" data-widget_type=\"text-editor.default\">\n\t\t\t\t\t\t\t\t\t<p><strong>Forma\u00e7\u00e3o \/ experi\u00eancia:<\/strong><\/p><ul><li>Forma\u00e7\u00e3o superior em comunica\u00e7\u00e3o, informa\u00e7\u00e3o ou marketing;<\/li><li>Pelo menos 7 anos de experi\u00eancia em comunica\u00e7\u00e3o, dos quais 3 anos em comunica\u00e7\u00e3o institucional num contexto internacional.<\/li><\/ul><p><strong>Compet\u00eancias obrigat\u00f3rias:<\/strong><\/p><ul><li>Excelentes compet\u00eancias de reda\u00e7\u00e3o e express\u00e3o oral;<\/li><li>Dom\u00ednio do WordPress e das redes sociais;<\/li><li>Dom\u00ednio pelo menos duas l\u00ednguas entre espanhol\/franc\u00eas\/portugu\u00eas.<\/li><\/ul><p><strong>Valoriza-se:<\/strong> dom\u00ednio de ferramentas gr\u00e1ficas (Canva, Adobe), no\u00e7\u00f5es de dire\u00e7\u00e3o art\u00edstica, conhecimento da terceira l\u00edngua e de ingl\u00eas.<\/p><p><strong>Qualidades esperadas:<\/strong> autonomia, capacidade de organiza\u00e7\u00e3o e de defini\u00e7\u00e3o de prioridades, capacidade de trabalhar sob press\u00e3o, boa capacidade relacional, disponibilidade para viajar, compromisso com os objetivos do programa.<\/p>\t\t\t\t\t\t\t\t<\/div>\n\t\t\t\t\t<\/div>\n\t\t\t\t<\/div>\n\t\t<div class=\"elementor-element elementor-element-b0d4b1b e-flex e-con-boxed e-con e-parent\" data-id=\"b0d4b1b\" data-element_type=\"container\" data-e-type=\"container\" data-settings=\"{&quot;jet_parallax_layout_list&quot;:[]}\">\n\t\t\t\t\t<div class=\"e-con-inner\">\n\t\t\t\t<div class=\"elementor-element elementor-element-0398a9d elementor-widget elementor-widget-heading\" data-id=\"0398a9d\" data-element_type=\"widget\" data-e-type=\"widget\" data-widget_type=\"heading.default\">\n\t\t\t\t\t<h2 class=\"elementor-heading-title elementor-size-default\">Condi\u00e7\u00f5es<\/h2>\t\t\t\t<\/div>\n\t\t\t\t<div class=\"elementor-element elementor-element-8a67e6b elementor-widget elementor-widget-text-editor\" data-id=\"8a67e6b\" data-element_type=\"widget\" data-e-type=\"widget\" data-widget_type=\"text-editor.default\">\n\t\t\t\t\t\t\t\t\t<ul><li><strong>Contrato<\/strong>: sem termo, direito laboral espanhol<\/li><li><strong>Local<\/strong>: Santander (Cant\u00e1bria, Espanha)<\/li><li><strong>Sal\u00e1rio<\/strong>: a partir de 33.000 \u20ac brutos\/ano, consoante a experi\u00eancia<\/li><li><strong>In\u00edcio de fun\u00e7\u00f5es<\/strong>: o mais rapidamente poss\u00edvel<\/li><\/ul>\t\t\t\t\t\t\t\t<\/div>\n\t\t\t\t\t<\/div>\n\t\t\t\t<\/div>\n\t\t<div class=\"elementor-element elementor-element-8e9c7cf e-flex e-con-boxed e-con e-parent\" data-id=\"8e9c7cf\" data-element_type=\"container\" data-e-type=\"container\" data-settings=\"{&quot;jet_parallax_layout_list&quot;:[]}\">\n\t\t\t\t\t<div class=\"e-con-inner\">\n\t\t\t\t<div class=\"elementor-element elementor-element-ef47495 elementor-widget elementor-widget-heading\" data-id=\"ef47495\" data-element_type=\"widget\" data-e-type=\"widget\" data-widget_type=\"heading.default\">\n\t\t\t\t\t<h2 class=\"elementor-heading-title elementor-size-default\">Como apresenta a sua candidatura<\/h2>\t\t\t\t<\/div>\n\t\t\t\t<div class=\"elementor-element elementor-element-8b491e8 elementor-alert-warning elementor-widget elementor-widget-alert\" data-id=\"8b491e8\" data-element_type=\"widget\" data-e-type=\"widget\" data-widget_type=\"alert.default\">\n\t\t\t\t\t\t\t<div class=\"elementor-alert\" role=\"alert\">\n\n\t\t\t\t\t\t<span class=\"elementor-alert-title\">IMPORTANTE<\/span>\n\t\t\t\n\t\t\t\t\t\t<span class=\"elementor-alert-description\">A sele\u00e7\u00e3o ser\u00e1 realizada por uma consultora externa: pr\u00e9-sele\u00e7\u00e3o com base no CV\/carta, entrevista por videoconfer\u00eancia e, posteriormente, teste e entrevista presencial em Santander (as despesas de desloca\u00e7\u00e3o dos\/as finalistas ser\u00e3o asseguradas). Caso seja pr\u00e9-selecionado(a), a empresa entrar\u00e1 em contato diretamente com voc\u00ea.<\/span>\n\t\t\t\n\t\t\t\t\t\t<button type=\"button\" class=\"elementor-alert-dismiss\" aria-label=\"Dismiss this alert.\">\n\t\t\t\t\t\t\t\t\t<span aria-hidden=\"true\">&times;<\/span>\n\t\t\t\t\t\t\t<\/button>\n\t\t\t\n\t\t<\/div>\n\t\t\t\t\t\t<\/div>\n\t\t\t\t<div class=\"elementor-element elementor-element-e3c203c elementor-widget elementor-widget-text-editor\" data-id=\"e3c203c\" data-element_type=\"widget\" data-e-type=\"widget\" data-widget_type=\"text-editor.default\">\n\t\t\t\t\t\t\t\t\t<p>CV + carta de motiva\u00e7\u00e3o (em espanhol, franc\u00eas, portugu\u00eas ou ingl\u00eas), a enviar atrav\u00e9s do link abaixo at\u00e9 <strong>20 de setembro de 2026 \u00e0s 23:59:59<\/strong> (UTC\/GMT+2, hora Espanha Continental).<\/p><p><strong>Link para candidatura:<\/strong> <a href=\"https:\/\/form.jotform.com\/262374111908051\" target=\"_blank\" rel=\"noopener\">https:\/\/form.jotform.com\/262374111908051<\/a><\/p>\t\t\t\t\t\t\t\t<\/div>\n\t\t\t\t<div class=\"elementor-element elementor-element-c8a4f6a elementor-align-center elementor-widget elementor-widget-button\" data-id=\"c8a4f6a\" data-element_type=\"widget\" data-e-type=\"widget\" data-widget_type=\"button.default\">\n\t\t\t\t\t\t\t\t\t\t<a class=\"elementor-button elementor-button-link elementor-size-sm\" href=\"https:\/\/interreg-sudoe.eu\/wp-content\/uploads\/2026\/08\/ficha_puesto_com_2026_PT.pdf\" target=\"_blank\">\n\t\t\t\t\t\t<span class=\"elementor-button-content-wrapper\">\n\t\t\t\t\t\t\t\t\t<span class=\"elementor-button-text\">Descarregar a ficha do posto<\/span>\n\t\t\t\t\t<\/span>\n\t\t\t\t\t<\/a>\n\t\t\t\t\t\t\t\t<\/div>\n\t\t\t\t\t<\/div>\n\t\t\t\t<\/div>\n\t\t<div class=\"elementor-element elementor-element-5fc4213 e-flex e-con-boxed e-con e-parent\" data-id=\"5fc4213\" data-element_type=\"container\" data-e-type=\"container\" data-settings=\"{&quot;jet_parallax_layout_list&quot;:[]}\">\n\t\t\t\t\t<div class=\"e-con-inner\">\n\t\t\t\t<div class=\"elementor-element elementor-element-5845456 elementor-widget elementor-widget-spacer\" data-id=\"5845456\" data-element_type=\"widget\" data-e-type=\"widget\" data-widget_type=\"spacer.default\">\n\t\t\t\t\t\t\t<div class=\"elementor-spacer\">\n\t\t\t<div class=\"elementor-spacer-inner\"><\/div>\n\t\t<\/div>\n\t\t\t\t\t\t<\/div>\n\t\t\t\t<div class=\"elementor-element elementor-element-3180a09 elementor-widget elementor-widget-text-editor\" data-id=\"3180a09\" data-element_type=\"widget\" data-e-type=\"widget\" data-widget_type=\"text-editor.default\">\n\t\t\t\t\t\t\t\t\t<h2 style=\"text-align: center;\">S\u00f3 lhe restam<\/h2>\t\t\t\t\t\t\t\t<\/div>\n\t\t\t\t<div class=\"elementor-element elementor-element-f634e51 elementor-countdown--label-block elementor-widget elementor-widget-countdown\" data-id=\"f634e51\" data-element_type=\"widget\" data-e-type=\"widget\" data-widget_type=\"countdown.default\">\n\t\t\t\t\t\t\t<div data-expire-actions=\"[{&quot;type&quot;:&quot;message&quot;}]\" class=\"elementor-countdown-wrapper\" data-date=\"1789941540\">\n\t\t\t<div class=\"elementor-countdown-item\"><span class=\"elementor-countdown-digits elementor-countdown-days\"><\/span> <span class=\"elementor-countdown-label\">Dias<\/span><\/div><div class=\"elementor-countdown-item\"><span class=\"elementor-countdown-digits elementor-countdown-hours\"><\/span> <span class=\"elementor-countdown-label\">Horas<\/span><\/div><div class=\"elementor-countdown-item\"><span class=\"elementor-countdown-digits elementor-countdown-minutes\"><\/span> <span class=\"elementor-countdown-label\">Minutos<\/span><\/div>\t\t<\/div>\n\t\t\t\t\t\t<div class=\"elementor-countdown-expire--message\">\n\t\t\t\t\tEl plazo para presentar candidaturas termin\u00f3 el 20 de septiembre a las 23:59:59.\t\t\t\t<\/div>\n\t\t\t\t\t\t\t\t<\/div>\n\t\t\t\t<div class=\"elementor-element elementor-element-9f3bfa4 elementor-headline--style-highlight elementor-widget elementor-widget-animated-headline\" data-id=\"9f3bfa4\" data-element_type=\"widget\" data-e-type=\"widget\" data-settings=\"{&quot;marker&quot;:&quot;double_underline&quot;,&quot;highlighted_text&quot;:&quot;candidatar &quot;,&quot;headline_style&quot;:&quot;highlight&quot;,&quot;loop&quot;:&quot;yes&quot;,&quot;highlight_animation_duration&quot;:1200,&quot;highlight_iteration_delay&quot;:8000}\" data-widget_type=\"animated-headline.default\">\n\t\t\t\t\t\t\t<h3 class=\"elementor-headline\">\n\t\t\t\t\t<span class=\"elementor-headline-plain-text elementor-headline-text-wrapper\">para se <\/span>\n\t\t\t\t<span class=\"elementor-headline-dynamic-wrapper elementor-headline-text-wrapper\">\n\t\t\t\t\t<span class=\"elementor-headline-dynamic-text elementor-headline-text-active\">candidatar <\/span>\n\t\t\t\t<\/span>\n\t\t\t\t<\/h3>\n\t\t\t\t\t\t<\/div>\n\t\t\t\t\t<\/div>\n\t\t\t\t<\/div>\n\t\t\t\t<\/div>\n\t\t","protected":false},"excerpt":{"rendered":"<p>Ofertas de emprego E se fosse o nosso futuro respons\u00e1vel pela comunica\u00e7\u00e3o? A Autoridade de Gest\u00e3o do Programa Interreg Sudoe abre vaga para respons\u00e1vel pela comunica\u00e7\u00e3o (h\/m) no Secretariado Conjunto Sudoe O cargo O\/a respons\u00e1vel pela comunica\u00e7\u00e3o implementa a estrat\u00e9gia de comunica\u00e7\u00e3o interna e externa do Programa Interreg VI-B 2021-2027 (167 M\u20ac, coopera\u00e7\u00e3o entre Espanha-Fran\u00e7a-Portugal-Andorra), [&hellip;]<\/p>\n","protected":false},"author":1,"featured_media":0,"parent":0,"menu_order":0,"comment_status":"closed","ping_status":"closed","template":"elementor_header_footer","meta":{"_acf_changed":false,"content-type":"","_monsterinsights_skip_tracking":false,"footnotes":"","_members_access_role":[],"_members_access_error":""},"class_list":["post-55595","page","type-page","status-publish","hentry"],"acf":[],"yoast_head":"<!-- This site is optimized with the Yoast SEO plugin v28.3 - https:\/\/yoast.com\/product\/yoast-seo-wordpress\/ -->\n<title>Ofertas de emprego - Interreg Sudoe<\/title>\n<meta name=\"robots\" content=\"index, follow, max-snippet:-1, max-image-preview:large, max-video-preview:-1\" \/>\n<link rel=\"canonical\" href=\"https:\/\/interreg-sudoe.eu\/pt-pt\/ofertas-de-emprego\/\" \/>\n<meta property=\"og:locale\" content=\"pt_PT\" \/>\n<meta property=\"og:type\" content=\"article\" \/>\n<meta property=\"og:title\" content=\"Ofertas de emprego - Interreg Sudoe\" \/>\n<meta property=\"og:description\" content=\"Ofertas de emprego E se fosse o nosso futuro respons\u00e1vel pela comunica\u00e7\u00e3o? A Autoridade de Gest\u00e3o do Programa Interreg Sudoe abre vaga para respons\u00e1vel pela comunica\u00e7\u00e3o (h\/m) no Secretariado Conjunto Sudoe O cargo O\/a respons\u00e1vel pela comunica\u00e7\u00e3o implementa a estrat\u00e9gia de comunica\u00e7\u00e3o interna e externa do Programa Interreg VI-B 2021-2027 (167 M\u20ac, coopera\u00e7\u00e3o entre Espanha-Fran\u00e7a-Portugal-Andorra), [&hellip;]\" \/>\n<meta property=\"og:url\" content=\"https:\/\/interreg-sudoe.eu\/pt-pt\/ofertas-de-emprego\/\" \/>\n<meta property=\"og:site_name\" content=\"Interreg Sudoe\" \/>\n<meta property=\"article:publisher\" content=\"https:\/\/www.facebook.com\/interregsudoe\" \/>\n<meta property=\"article:modified_time\" content=\"2026-08-28T17:13:52+00:00\" \/>\n<meta property=\"og:image\" content=\"https:\/\/interreg-sudoe.eu\/wp-content\/uploads\/elementor\/thumbs\/Diseno-sin-titulo-3-1-r4eiaut0xftggi8ou9k6csai440m9avndodga0mw08.png\" \/>\n<meta name=\"twitter:card\" content=\"summary_large_image\" \/>\n<meta name=\"twitter:site\" content=\"@Sudoe5\" \/>\n<meta name=\"twitter:label1\" content=\"Tempo estimado de leitura\" \/>\n\t<meta name=\"twitter:data1\" content=\"3 minutos\" \/>\n<script type=\"application\/ld+json\" class=\"yoast-schema-graph\">{\"@context\":\"https:\\\/\\\/schema.org\",\"@graph\":[{\"@type\":\"WebPage\",\"@id\":\"https:\\\/\\\/interreg-sudoe.eu\\\/pt-pt\\\/ofertas-de-emprego\\\/\",\"url\":\"https:\\\/\\\/interreg-sudoe.eu\\\/pt-pt\\\/ofertas-de-emprego\\\/\",\"name\":\"Ofertas de emprego - Interreg Sudoe\",\"isPartOf\":{\"@id\":\"https:\\\/\\\/interreg-sudoe.eu\\\/pt-pt\\\/#website\"},\"primaryImageOfPage\":{\"@id\":\"https:\\\/\\\/interreg-sudoe.eu\\\/pt-pt\\\/ofertas-de-emprego\\\/#primaryimage\"},\"image\":{\"@id\":\"https:\\\/\\\/interreg-sudoe.eu\\\/pt-pt\\\/ofertas-de-emprego\\\/#primaryimage\"},\"thumbnailUrl\":\"https:\\\/\\\/interreg-sudoe.eu\\\/wp-content\\\/uploads\\\/elementor\\\/thumbs\\\/Diseno-sin-titulo-3-1-r4eiaut0xftggi8ou9k6csai440m9avndodga0mw08.png\",\"datePublished\":\"2023-10-09T10:38:59+00:00\",\"dateModified\":\"2026-08-28T17:13:52+00:00\",\"breadcrumb\":{\"@id\":\"https:\\\/\\\/interreg-sudoe.eu\\\/pt-pt\\\/ofertas-de-emprego\\\/#breadcrumb\"},\"inLanguage\":\"pt-PT\",\"potentialAction\":[{\"@type\":\"ReadAction\",\"target\":[\"https:\\\/\\\/interreg-sudoe.eu\\\/pt-pt\\\/ofertas-de-emprego\\\/\"]}]},{\"@type\":\"ImageObject\",\"inLanguage\":\"pt-PT\",\"@id\":\"https:\\\/\\\/interreg-sudoe.eu\\\/pt-pt\\\/ofertas-de-emprego\\\/#primaryimage\",\"url\":\"https:\\\/\\\/interreg-sudoe.eu\\\/wp-content\\\/uploads\\\/elementor\\\/thumbs\\\/Diseno-sin-titulo-3-1-r4eiaut0xftggi8ou9k6csai440m9avndodga0mw08.png\",\"contentUrl\":\"https:\\\/\\\/interreg-sudoe.eu\\\/wp-content\\\/uploads\\\/elementor\\\/thumbs\\\/Diseno-sin-titulo-3-1-r4eiaut0xftggi8ou9k6csai440m9avndodga0mw08.png\"},{\"@type\":\"BreadcrumbList\",\"@id\":\"https:\\\/\\\/interreg-sudoe.eu\\\/pt-pt\\\/ofertas-de-emprego\\\/#breadcrumb\",\"itemListElement\":[{\"@type\":\"ListItem\",\"position\":1,\"name\":\"Home\",\"item\":\"https:\\\/\\\/interreg-sudoe.eu\\\/pt-pt\\\/\"},{\"@type\":\"ListItem\",\"position\":2,\"name\":\"Ofertas de emprego\"}]},{\"@type\":\"WebSite\",\"@id\":\"https:\\\/\\\/interreg-sudoe.eu\\\/pt-pt\\\/#website\",\"url\":\"https:\\\/\\\/interreg-sudoe.eu\\\/pt-pt\\\/\",\"name\":\"Interreg Sudoe\",\"description\":\"Interreg Sudoe\",\"publisher\":{\"@id\":\"https:\\\/\\\/interreg-sudoe.eu\\\/pt-pt\\\/#organization\"},\"alternateName\":\"Interreg Sudoe\",\"potentialAction\":[{\"@type\":\"SearchAction\",\"target\":{\"@type\":\"EntryPoint\",\"urlTemplate\":\"https:\\\/\\\/interreg-sudoe.eu\\\/pt-pt\\\/?s={search_term_string}\"},\"query-input\":{\"@type\":\"PropertyValueSpecification\",\"valueRequired\":true,\"valueName\":\"search_term_string\"}}],\"inLanguage\":\"pt-PT\"},{\"@type\":\"Organization\",\"@id\":\"https:\\\/\\\/interreg-sudoe.eu\\\/pt-pt\\\/#organization\",\"name\":\"Interreg Sudoe\",\"alternateName\":\"Interreg Sudoe\",\"url\":\"https:\\\/\\\/interreg-sudoe.eu\\\/pt-pt\\\/\",\"logo\":{\"@type\":\"ImageObject\",\"inLanguage\":\"pt-PT\",\"@id\":\"https:\\\/\\\/interreg-sudoe.eu\\\/pt-pt\\\/#\\\/schema\\\/logo\\\/image\\\/\",\"url\":\"https:\\\/\\\/interreg-sudoe.eu\\\/wp-content\\\/uploads\\\/2024\\\/03\\\/logo-interreg.png\",\"contentUrl\":\"https:\\\/\\\/interreg-sudoe.eu\\\/wp-content\\\/uploads\\\/2024\\\/03\\\/logo-interreg.png\",\"width\":1200,\"height\":675,\"caption\":\"Interreg Sudoe\"},\"image\":{\"@id\":\"https:\\\/\\\/interreg-sudoe.eu\\\/pt-pt\\\/#\\\/schema\\\/logo\\\/image\\\/\"},\"sameAs\":[\"https:\\\/\\\/www.facebook.com\\\/interregsudoe\",\"https:\\\/\\\/x.com\\\/Sudoe5\",\"https:\\\/\\\/www.youtube.com\\\/channel\\\/UCeGx2edoB32beRc9dbKA2vw\",\"https:\\\/\\\/www.linkedin.com\\\/company\\\/interreg-sudoe-programme\\\/\",\"https:\\\/\\\/www.flickr.com\\\/photos\\\/148704685@N06\\\/\"]}]}<\/script>\n<!-- \/ Yoast SEO plugin. -->","yoast_head_json":{"title":"Ofertas de emprego - Interreg Sudoe","robots":{"index":"index","follow":"follow","max-snippet":"max-snippet:-1","max-image-preview":"max-image-preview:large","max-video-preview":"max-video-preview:-1"},"canonical":"https:\/\/interreg-sudoe.eu\/pt-pt\/ofertas-de-emprego\/","og_locale":"pt_PT","og_type":"article","og_title":"Ofertas de emprego - Interreg Sudoe","og_description":"Ofertas de emprego E se fosse o nosso futuro respons\u00e1vel pela comunica\u00e7\u00e3o? A Autoridade de Gest\u00e3o do Programa Interreg Sudoe abre vaga para respons\u00e1vel pela comunica\u00e7\u00e3o (h\/m) no Secretariado Conjunto Sudoe O cargo O\/a respons\u00e1vel pela comunica\u00e7\u00e3o implementa a estrat\u00e9gia de comunica\u00e7\u00e3o interna e externa do Programa Interreg VI-B 2021-2027 (167 M\u20ac, coopera\u00e7\u00e3o entre Espanha-Fran\u00e7a-Portugal-Andorra), [&hellip;]","og_url":"https:\/\/interreg-sudoe.eu\/pt-pt\/ofertas-de-emprego\/","og_site_name":"Interreg Sudoe","article_publisher":"https:\/\/www.facebook.com\/interregsudoe","article_modified_time":"2026-08-28T17:13:52+00:00","og_image":[{"url":"https:\/\/interreg-sudoe.eu\/wp-content\/uploads\/elementor\/thumbs\/Diseno-sin-titulo-3-1-r4eiaut0xftggi8ou9k6csai440m9avndodga0mw08.png","type":"","width":"","height":""}],"twitter_card":"summary_large_image","twitter_site":"@Sudoe5","twitter_misc":{"Tempo estimado de leitura":"3 minutos"},"schema":{"@context":"https:\/\/schema.org","@graph":[{"@type":"WebPage","@id":"https:\/\/interreg-sudoe.eu\/pt-pt\/ofertas-de-emprego\/","url":"https:\/\/interreg-sudoe.eu\/pt-pt\/ofertas-de-emprego\/","name":"Ofertas de emprego - Interreg Sudoe","isPartOf":{"@id":"https:\/\/interreg-sudoe.eu\/pt-pt\/#website"},"primaryImageOfPage":{"@id":"https:\/\/interreg-sudoe.eu\/pt-pt\/ofertas-de-emprego\/#primaryimage"},"image":{"@id":"https:\/\/interreg-sudoe.eu\/pt-pt\/ofertas-de-emprego\/#primaryimage"},"thumbnailUrl":"https:\/\/interreg-sudoe.eu\/wp-content\/uploads\/elementor\/thumbs\/Diseno-sin-titulo-3-1-r4eiaut0xftggi8ou9k6csai440m9avndodga0mw08.png","datePublished":"2023-10-09T10:38:59+00:00","dateModified":"2026-08-28T17:13:52+00:00","breadcrumb":{"@id":"https:\/\/interreg-sudoe.eu\/pt-pt\/ofertas-de-emprego\/#breadcrumb"},"inLanguage":"pt-PT","potentialAction":[{"@type":"ReadAction","target":["https:\/\/interreg-sudoe.eu\/pt-pt\/ofertas-de-emprego\/"]}]},{"@type":"ImageObject","inLanguage":"pt-PT","@id":"https:\/\/interreg-sudoe.eu\/pt-pt\/ofertas-de-emprego\/#primaryimage","url":"https:\/\/interreg-sudoe.eu\/wp-content\/uploads\/elementor\/thumbs\/Diseno-sin-titulo-3-1-r4eiaut0xftggi8ou9k6csai440m9avndodga0mw08.png","contentUrl":"https:\/\/interreg-sudoe.eu\/wp-content\/uploads\/elementor\/thumbs\/Diseno-sin-titulo-3-1-r4eiaut0xftggi8ou9k6csai440m9avndodga0mw08.png"},{"@type":"BreadcrumbList","@id":"https:\/\/interreg-sudoe.eu\/pt-pt\/ofertas-de-emprego\/#breadcrumb","itemListElement":[{"@type":"ListItem","position":1,"name":"Home","item":"https:\/\/interreg-sudoe.eu\/pt-pt\/"},{"@type":"ListItem","position":2,"name":"Ofertas de emprego"}]},{"@type":"WebSite","@id":"https:\/\/interreg-sudoe.eu\/pt-pt\/#website","url":"https:\/\/interreg-sudoe.eu\/pt-pt\/","name":"Interreg Sudoe","description":"Interreg Sudoe","publisher":{"@id":"https:\/\/interreg-sudoe.eu\/pt-pt\/#organization"},"alternateName":"Interreg Sudoe","potentialAction":[{"@type":"SearchAction","target":{"@type":"EntryPoint","urlTemplate":"https:\/\/interreg-sudoe.eu\/pt-pt\/?s={search_term_string}"},"query-input":{"@type":"PropertyValueSpecification","valueRequired":true,"valueName":"search_term_string"}}],"inLanguage":"pt-PT"},{"@type":"Organization","@id":"https:\/\/interreg-sudoe.eu\/pt-pt\/#organization","name":"Interreg Sudoe","alternateName":"Interreg Sudoe","url":"https:\/\/interreg-sudoe.eu\/pt-pt\/","logo":{"@type":"ImageObject","inLanguage":"pt-PT","@id":"https:\/\/interreg-sudoe.eu\/pt-pt\/#\/schema\/logo\/image\/","url":"https:\/\/interreg-sudoe.eu\/wp-content\/uploads\/2024\/03\/logo-interreg.png","contentUrl":"https:\/\/interreg-sudoe.eu\/wp-content\/uploads\/2024\/03\/logo-interreg.png","width":1200,"height":675,"caption":"Interreg Sudoe"},"image":{"@id":"https:\/\/interreg-sudoe.eu\/pt-pt\/#\/schema\/logo\/image\/"},"sameAs":["https:\/\/www.facebook.com\/interregsudoe","https:\/\/x.com\/Sudoe5","https:\/\/www.youtube.com\/channel\/UCeGx2edoB32beRc9dbKA2vw","https:\/\/www.linkedin.com\/company\/interreg-sudoe-programme\/","https:\/\/www.flickr.com\/photos\/148704685@N06\/"]}]}},"_links":{"self":[{"href":"https:\/\/interreg-sudoe.eu\/pt-pt\/wp-json\/wp\/v2\/pages\/55595","targetHints":{"allow":["GET"]}}],"collection":[{"href":"https:\/\/interreg-sudoe.eu\/pt-pt\/wp-json\/wp\/v2\/pages"}],"about":[{"href":"https:\/\/interreg-sudoe.eu\/pt-pt\/wp-json\/wp\/v2\/types\/page"}],"author":[{"embeddable":true,"href":"https:\/\/interreg-sudoe.eu\/pt-pt\/wp-json\/wp\/v2\/users\/1"}],"replies":[{"embeddable":true,"href":"https:\/\/interreg-sudoe.eu\/pt-pt\/wp-json\/wp\/v2\/comments?post=55595"}],"version-history":[{"count":3,"href":"https:\/\/interreg-sudoe.eu\/pt-pt\/wp-json\/wp\/v2\/pages\/55595\/revisions"}],"predecessor-version":[{"id":71839,"href":"https:\/\/interreg-sudoe.eu\/pt-pt\/wp-json\/wp\/v2\/pages\/55595\/revisions\/71839"}],"wp:attachment":[{"href":"https:\/\/interreg-sudoe.eu\/pt-pt\/wp-json\/wp\/v2\/media?parent=55595"}],"curies":[{"name":"wp","href":"https:\/\/api.w.org\/{rel}","templated":true}]}}