{"id":64501,"date":"2026-04-24T15:35:59","date_gmt":"2026-04-24T13:35:59","guid":{"rendered":"https:\/\/interreg-sudoe.eu\/?page_id=64501"},"modified":"2026-04-27T15:36:30","modified_gmt":"2026-04-27T13:36:30","slug":"3a-convocatoria","status":"publish","type":"page","link":"https:\/\/interreg-sudoe.eu\/pt-pt\/3a-convocatoria\/","title":{"rendered":"3\u00aa convocat\u00f3ria"},"content":{"rendered":"\t\t<div data-elementor-type=\"wp-page\" data-elementor-id=\"64501\" class=\"elementor elementor-64501 elementor-64392\" data-elementor-post-type=\"page\">\n\t\t\t\t<div class=\"elementor-element elementor-element-055eae4 e-flex e-con-boxed e-con e-parent\" data-id=\"055eae4\" data-element_type=\"container\" data-e-type=\"container\" data-settings=\"{&quot;jet_parallax_layout_list&quot;:[]}\">\n\t\t\t\t\t<div class=\"e-con-inner\">\n\t\t\t\t<div class=\"elementor-element elementor-element-d65bad2 elementor-widget elementor-widget-heading\" data-id=\"d65bad2\" data-element_type=\"widget\" data-e-type=\"widget\" data-widget_type=\"heading.default\">\n\t\t\t\t\t<h2 class=\"elementor-heading-title elementor-size-default\"><p><b><span lang=\"PT\">Lan\u00e7amento da 3\u00aa convocat\u00f3ria de projetos Interreg Sudoe: foco na capitaliza\u00e7\u00e3o<\/span><\/b><span style=\"font-size: 2rem\"><\/span><\/p><\/h2>\t\t\t\t<\/div>\n\t\t\t\t<div class=\"elementor-element elementor-element-18f9711 elementor-widget elementor-widget-text-editor\" data-id=\"18f9711\" data-element_type=\"widget\" data-e-type=\"widget\" data-widget_type=\"text-editor.default\">\n\t\t\t\t\t\t\t\t\t<p>Ap\u00f3s duas convocat\u00f3rias cl\u00e1ssicas que financiaram 76 projetos transnacionais, o Programa lan\u00e7a a sua<span style=\"color: #0e6ebe;\"> <strong>terceira convocat\u00f3ria<\/strong><\/span>, totalmente dedicada \u00e0 <span style=\"color: #0e6ebe;\"><strong>capitaliza\u00e7\u00e3o<\/strong><\/span>, com o objetivo de valorizar e difundir os resultados obtidos em convocat\u00f3rias anteriores.<\/p>\t\t\t\t\t\t\t\t<\/div>\n\t\t\t\t<div class=\"elementor-element elementor-element-054a8a9 elementor-widget elementor-widget-spacer\" data-id=\"054a8a9\" data-element_type=\"widget\" data-e-type=\"widget\" data-widget_type=\"spacer.default\">\n\t\t\t\t\t\t\t<div class=\"elementor-spacer\">\n\t\t\t<div class=\"elementor-spacer-inner\"><\/div>\n\t\t<\/div>\n\t\t\t\t\t\t<\/div>\n\t\t\t\t\t<\/div>\n\t\t\t\t<\/div>\n\t\t<div class=\"elementor-element elementor-element-ab0add4 e-flex e-con-boxed e-con e-parent\" data-id=\"ab0add4\" data-element_type=\"container\" data-e-type=\"container\" data-settings=\"{&quot;jet_parallax_layout_list&quot;:[]}\">\n\t\t\t\t\t<div class=\"e-con-inner\">\n\t\t\t\t<div class=\"elementor-element elementor-element-1f8abf5 elementor-invisible elementor-widget elementor-widget-image\" data-id=\"1f8abf5\" data-element_type=\"widget\" data-e-type=\"widget\" data-settings=\"{&quot;_animation&quot;:&quot;zoomIn&quot;}\" data-widget_type=\"image.default\">\n\t\t\t\t\t\t\t\t\t\t\t\t\t\t\t<img fetchpriority=\"high\" decoding=\"async\" width=\"300\" height=\"300\" src=\"https:\/\/interreg-sudoe.eu\/wp-content\/uploads\/2026\/04\/capi.png\" class=\"attachment-large size-large wp-image-64409\" alt=\"\" srcset=\"https:\/\/interreg-sudoe.eu\/wp-content\/uploads\/2026\/04\/capi.png 300w, https:\/\/interreg-sudoe.eu\/wp-content\/uploads\/2026\/04\/capi-150x150.png 150w\" sizes=\"(max-width: 300px) 100vw, 300px\" \/>\t\t\t\t\t\t\t\t\t\t\t\t\t\t\t<\/div>\n\t\t\t\t<div class=\"elementor-element elementor-element-fb10fb9 elementor-widget elementor-widget-heading\" data-id=\"fb10fb9\" data-element_type=\"widget\" data-e-type=\"widget\" data-widget_type=\"heading.default\">\n\t\t\t\t\t<h2 class=\"elementor-heading-title elementor-size-default\"><p><b><span lang=\"PT\">O que \u00e9 a\ncapitaliza\u00e7\u00e3o?<\/span><\/b><\/p><\/h2>\t\t\t\t<\/div>\n\t\t\t\t<div class=\"elementor-element elementor-element-727efdd elementor-widget elementor-widget-text-editor\" data-id=\"727efdd\" data-element_type=\"widget\" data-e-type=\"widget\" data-widget_type=\"text-editor.default\">\n\t\t\t\t\t\t\t\t\t<p>Os projetos de capitaliza\u00e7\u00e3o s\u00e3o concebidos como<span style=\"color: #0e6ebe;\"> <strong>projetos agregadores <\/strong><\/span>dos resultados e realiza\u00e7\u00f5es produzidos pelos projetos cl\u00e1ssicos das convocat\u00f3rias Sudoe 2021\u20112027 e do Programa Sudoe 2014\u20112020, numa tem\u00e1tica espec\u00edfica.<\/p><p><strong>\u00a0<\/strong>Ao contr\u00e1rio dos projetos cl\u00e1ssicos, centrados na produ\u00e7\u00e3o de solu\u00e7\u00f5es tem\u00e1ticas no terreno, os projetos de capitaliza\u00e7\u00e3o t\u00eam uma voca\u00e7\u00e3o diferente: <span style=\"color: #0e6ebe;\"><strong>analisam, sintetizam e difundem<\/strong> <\/span><strong><span style=\"color: #0e6ebe;\">os resultados existentes<\/span>,<\/strong> criam sinergias entre projetos e transferem os seus resultados para decisores pol\u00edticos e redes institucionais europeias.<\/p>\t\t\t\t\t\t\t\t<\/div>\n\t\t\t\t\t<\/div>\n\t\t\t\t<\/div>\n\t\t<div class=\"elementor-element elementor-element-d0bbe7f e-flex e-con-boxed e-con e-parent\" data-id=\"d0bbe7f\" data-element_type=\"container\" data-e-type=\"container\" data-settings=\"{&quot;jet_parallax_layout_list&quot;:[]}\">\n\t\t\t\t\t<div class=\"e-con-inner\">\n\t\t\t\t<div class=\"elementor-element elementor-element-0cf4e1b elementor-widget elementor-widget-heading\" data-id=\"0cf4e1b\" data-element_type=\"widget\" data-e-type=\"widget\" data-widget_type=\"heading.default\">\n\t\t\t\t\t<h4 class=\"elementor-heading-title elementor-size-default\">A miss\u00e3o do projeto de capitaliza\u00e7\u00e3o<\/h4>\t\t\t\t<\/div>\n\t\t\t\t<div class=\"elementor-element elementor-element-5d8c4a7 elementor-widget elementor-widget-text-editor\" data-id=\"5d8c4a7\" data-element_type=\"widget\" data-e-type=\"widget\" data-widget_type=\"text-editor.default\">\n\t\t\t\t\t\t\t\t\t<p>O projeto animar\u00e1 uma <strong><span style=\"color: #0e6ebe;\">comunidade de projetos cl\u00e1ssico<\/span>s<\/strong> em torno de uma tem\u00e1tica comum. Reunir\u00e1 e valorizar\u00e1 os seus resultados, assegurar\u00e1 a sua transfer\u00eancia \u00e0 escala transnacional e contribuir\u00e1 para a sua integra\u00e7\u00e3o nas pol\u00edticas p\u00fablicas nacionais e europeias.<\/p>\t\t\t\t\t\t\t\t<\/div>\n\t\t\t\t\t<\/div>\n\t\t\t\t<\/div>\n\t\t<div class=\"elementor-element elementor-element-4da29ce e-flex e-con-boxed e-con e-parent\" data-id=\"4da29ce\" data-element_type=\"container\" data-e-type=\"container\" data-settings=\"{&quot;jet_parallax_layout_list&quot;:[]}\">\n\t\t\t\t\t<div class=\"e-con-inner\">\n\t\t\t\t<div class=\"elementor-element elementor-element-762f77d elementor-widget elementor-widget-heading\" data-id=\"762f77d\" data-element_type=\"widget\" data-e-type=\"widget\" data-widget_type=\"heading.default\">\n\t\t\t\t\t<h2 class=\"elementor-heading-title elementor-size-default\">As tem\u00e1ticas abertas \u00e0 capitaliza\u00e7\u00e3o<\/h2>\t\t\t\t<\/div>\n\t\t\t\t<div class=\"elementor-element elementor-element-ad79d1a elementor-widget elementor-widget-text-editor\" data-id=\"ad79d1a\" data-element_type=\"widget\" data-e-type=\"widget\" data-widget_type=\"text-editor.default\">\n\t\t\t\t\t\t\t\t\t<p>As candidaturas dever\u00e3o enquadrar\u2011se obrigatoriamente <span style=\"color: #0e6ebe;\"><strong>numa das tr<\/strong><strong>\u00ea<\/strong><strong>s tem<\/strong><strong>\u00e1<\/strong><strong>ticas<\/strong> <\/span>seguintes:<\/p>\t\t\t\t\t\t\t\t<\/div>\n\t\t\t\t\t<\/div>\n\t\t\t\t<\/div>\n\t\t<div class=\"elementor-element elementor-element-42911e8 e-flex e-con-boxed e-con e-parent\" data-id=\"42911e8\" data-element_type=\"container\" data-e-type=\"container\" data-settings=\"{&quot;jet_parallax_layout_list&quot;:[]}\">\n\t\t\t\t\t<div class=\"e-con-inner\">\n\t\t<div class=\"elementor-element elementor-element-008babe e-con-full e-flex e-con e-child\" data-id=\"008babe\" data-element_type=\"container\" data-e-type=\"container\" data-settings=\"{&quot;jet_parallax_layout_list&quot;:[]}\">\n\t\t\t\t<div class=\"elementor-element elementor-element-0f4bcb5 elementor-widget elementor-widget-image\" data-id=\"0f4bcb5\" data-element_type=\"widget\" data-e-type=\"widget\" data-widget_type=\"image.default\">\n\t\t\t\t\t\t\t\t\t\t\t\t\t\t\t<img decoding=\"async\" width=\"800\" height=\"446\" src=\"https:\/\/interreg-sudoe.eu\/wp-content\/uploads\/2026\/04\/agua.jpg\" class=\"attachment-large size-large wp-image-64406\" alt=\"\" srcset=\"https:\/\/interreg-sudoe.eu\/wp-content\/uploads\/2026\/04\/agua.jpg 1024w, https:\/\/interreg-sudoe.eu\/wp-content\/uploads\/2026\/04\/agua-300x167.jpg 300w, https:\/\/interreg-sudoe.eu\/wp-content\/uploads\/2026\/04\/agua-768x428.jpg 768w\" sizes=\"(max-width: 800px) 100vw, 800px\" \/>\t\t\t\t\t\t\t\t\t\t\t\t\t\t\t<\/div>\n\t\t\t\t<div class=\"elementor-element elementor-element-c2cf5b5 elementor-widget elementor-widget-heading\" data-id=\"c2cf5b5\" data-element_type=\"widget\" data-e-type=\"widget\" data-widget_type=\"heading.default\">\n\t\t\t\t\t<h3 class=\"elementor-heading-title elementor-size-default\">Tem\u00e1tica 1: gest\u00e3o dos recursos h\u00eddricos<\/h3>\t\t\t\t<\/div>\n\t\t\t\t<div class=\"elementor-element elementor-element-45fa6bd elementor-widget elementor-widget-text-editor\" data-id=\"45fa6bd\" data-element_type=\"widget\" data-e-type=\"widget\" data-widget_type=\"text-editor.default\">\n\t\t\t\t\t\t\t\t\t<p>Com especial aten\u00e7\u00e3o a:<\/p><ul><li>gest\u00e3o do uso da \u00e1gua<\/li><li>qualidade da \u00e1gua e combate \u00e0 polui\u00e7\u00e3o<\/li><\/ul>\t\t\t\t\t\t\t\t<\/div>\n\t\t\t\t<\/div>\n\t\t<div class=\"elementor-element elementor-element-8d7a21b e-con-full e-flex e-con e-child\" data-id=\"8d7a21b\" data-element_type=\"container\" data-e-type=\"container\" data-settings=\"{&quot;jet_parallax_layout_list&quot;:[]}\">\n\t\t\t\t<div class=\"elementor-element elementor-element-724b589 elementor-widget elementor-widget-image\" data-id=\"724b589\" data-element_type=\"widget\" data-e-type=\"widget\" data-widget_type=\"image.default\">\n\t\t\t\t\t\t\t\t\t\t\t\t\t\t\t<img decoding=\"async\" width=\"800\" height=\"413\" src=\"https:\/\/interreg-sudoe.eu\/wp-content\/uploads\/2026\/04\/agrofo.jpg\" class=\"attachment-large size-large wp-image-64405\" alt=\"\" srcset=\"https:\/\/interreg-sudoe.eu\/wp-content\/uploads\/2026\/04\/agrofo.jpg 1024w, https:\/\/interreg-sudoe.eu\/wp-content\/uploads\/2026\/04\/agrofo-300x155.jpg 300w, https:\/\/interreg-sudoe.eu\/wp-content\/uploads\/2026\/04\/agrofo-768x397.jpg 768w\" sizes=\"(max-width: 800px) 100vw, 800px\" \/>\t\t\t\t\t\t\t\t\t\t\t\t\t\t\t<\/div>\n\t\t\t\t<div class=\"elementor-element elementor-element-c60cce3 elementor-widget elementor-widget-heading\" data-id=\"c60cce3\" data-element_type=\"widget\" data-e-type=\"widget\" data-widget_type=\"heading.default\">\n\t\t\t\t\t<h3 class=\"elementor-heading-title elementor-size-default\">Tem\u00e1tica 2: recursos e setores agr\u00edcolas\/florestais<\/h3>\t\t\t\t<\/div>\n\t\t\t\t<div class=\"elementor-element elementor-element-3601d44 elementor-widget elementor-widget-text-editor\" data-id=\"3601d44\" data-element_type=\"widget\" data-e-type=\"widget\" data-widget_type=\"text-editor.default\">\n\t\t\t\t\t\t\t\t\t<p>Com especial aten\u00e7\u00e3o a:<\/p><ul><li>adapta\u00e7\u00e3o \u00e0s altera\u00e7\u00f5es clim\u00e1ticas<\/li><li>digitaliza\u00e7\u00e3o dos processos<\/li><\/ul>\t\t\t\t\t\t\t\t<\/div>\n\t\t\t\t<\/div>\n\t\t<div class=\"elementor-element elementor-element-1c94c5a e-con-full e-flex e-con e-child\" data-id=\"1c94c5a\" data-element_type=\"container\" data-e-type=\"container\" data-settings=\"{&quot;jet_parallax_layout_list&quot;:[]}\">\n\t\t\t\t<div class=\"elementor-element elementor-element-6545a3f elementor-widget elementor-widget-image\" data-id=\"6545a3f\" data-element_type=\"widget\" data-e-type=\"widget\" data-widget_type=\"image.default\">\n\t\t\t\t\t\t\t\t\t\t\t\t\t\t\t<img loading=\"lazy\" decoding=\"async\" width=\"800\" height=\"529\" src=\"https:\/\/interreg-sudoe.eu\/wp-content\/uploads\/2026\/04\/enveje.jpg\" class=\"attachment-large size-large wp-image-64407\" alt=\"\" srcset=\"https:\/\/interreg-sudoe.eu\/wp-content\/uploads\/2026\/04\/enveje.jpg 1024w, https:\/\/interreg-sudoe.eu\/wp-content\/uploads\/2026\/04\/enveje-300x198.jpg 300w, https:\/\/interreg-sudoe.eu\/wp-content\/uploads\/2026\/04\/enveje-768x508.jpg 768w\" sizes=\"(max-width: 800px) 100vw, 800px\" \/>\t\t\t\t\t\t\t\t\t\t\t\t\t\t\t<\/div>\n\t\t\t\t<div class=\"elementor-element elementor-element-87af3a2 elementor-widget elementor-widget-heading\" data-id=\"87af3a2\" data-element_type=\"widget\" data-e-type=\"widget\" data-widget_type=\"heading.default\">\n\t\t\t\t\t<h3 class=\"elementor-heading-title elementor-size-default\">Tem\u00e1tica 3: envelhecimento da popula\u00e7\u00e3o<\/h3>\t\t\t\t<\/div>\n\t\t\t\t<div class=\"elementor-element elementor-element-129ea41 elementor-widget elementor-widget-text-editor\" data-id=\"129ea41\" data-element_type=\"widget\" data-e-type=\"widget\" data-widget_type=\"text-editor.default\">\n\t\t\t\t\t\t\t\t\t<p>Com especial aten\u00e7\u00e3o a:<\/p><ul><li>envelhecimento ativo e boa sa\u00fade<\/li><li>servi\u00e7os inovadores e digitaliza\u00e7\u00e3o<\/li><li>inova\u00e7\u00e3o social<\/li><\/ul>\t\t\t\t\t\t\t\t<\/div>\n\t\t\t\t<\/div>\n\t\t\t\t\t<\/div>\n\t\t\t\t<\/div>\n\t\t<div class=\"elementor-element elementor-element-320d794 e-flex e-con-boxed e-con e-parent\" data-id=\"320d794\" data-element_type=\"container\" data-e-type=\"container\" data-settings=\"{&quot;jet_parallax_layout_list&quot;:[]}\">\n\t\t\t\t\t<div class=\"e-con-inner\">\n\t\t\t\t<div class=\"elementor-element elementor-element-75705bb elementor-widget-divider--view-line elementor-widget elementor-widget-divider\" data-id=\"75705bb\" data-element_type=\"widget\" data-e-type=\"widget\" data-widget_type=\"divider.default\">\n\t\t\t\t\t\t\t<div class=\"elementor-divider\">\n\t\t\t<span class=\"elementor-divider-separator\">\n\t\t\t\t\t\t<\/span>\n\t\t<\/div>\n\t\t\t\t\t\t<\/div>\n\t\t\t\t<div class=\"elementor-element elementor-element-43e1a44 elementor-widget elementor-widget-heading\" data-id=\"43e1a44\" data-element_type=\"widget\" data-e-type=\"widget\" data-widget_type=\"heading.default\">\n\t\t\t\t\t<h2 class=\"elementor-heading-title elementor-size-default\"><p><b><span lang=\"PT\">O que se espera dos projetos<\/span><\/b><span style=\"font-size: 2rem\"><\/span><\/p><\/h2>\t\t\t\t<\/div>\n\t\t\t\t<div class=\"elementor-element elementor-element-8036247 elementor-widget elementor-widget-text-editor\" data-id=\"8036247\" data-element_type=\"widget\" data-e-type=\"widget\" data-widget_type=\"text-editor.default\">\n\t\t\t\t\t\t\t\t\t<p>O plano de trabalho dever\u00e1 estruturar\u2011se em torno de tr\u00eas eixos:<\/p>\t\t\t\t\t\t\t\t<\/div>\n\t\t\t\t\t<\/div>\n\t\t\t\t<\/div>\n\t\t<div class=\"elementor-element elementor-element-2b982ad e-flex e-con-boxed e-con e-parent\" data-id=\"2b982ad\" data-element_type=\"container\" data-e-type=\"container\" data-settings=\"{&quot;jet_parallax_layout_list&quot;:[]}\">\n\t\t\t\t\t<div class=\"e-con-inner\">\n\t\t<div class=\"elementor-element elementor-element-9329f0c e-con-full e-flex e-con e-child\" data-id=\"9329f0c\" data-element_type=\"container\" data-e-type=\"container\" data-settings=\"{&quot;jet_parallax_layout_list&quot;:[]}\">\n\t\t\t\t<div class=\"elementor-element elementor-element-ca2b6af elementor-view-default elementor-widget elementor-widget-icon\" data-id=\"ca2b6af\" data-element_type=\"widget\" data-e-type=\"widget\" data-widget_type=\"icon.default\">\n\t\t\t\t\t\t\t<div class=\"elementor-icon-wrapper\">\n\t\t\t<div class=\"elementor-icon\">\n\t\t\t<svg aria-hidden=\"true\" class=\"e-font-icon-svg e-fas-users\" viewBox=\"0 0 640 512\" xmlns=\"http:\/\/www.w3.org\/2000\/svg\"><path d=\"M96 224c35.3 0 64-28.7 64-64s-28.7-64-64-64-64 28.7-64 64 28.7 64 64 64zm448 0c35.3 0 64-28.7 64-64s-28.7-64-64-64-64 28.7-64 64 28.7 64 64 64zm32 32h-64c-17.6 0-33.5 7.1-45.1 18.6 40.3 22.1 68.9 62 75.1 109.4h66c17.7 0 32-14.3 32-32v-32c0-35.3-28.7-64-64-64zm-256 0c61.9 0 112-50.1 112-112S381.9 32 320 32 208 82.1 208 144s50.1 112 112 112zm76.8 32h-8.3c-20.8 10-43.9 16-68.5 16s-47.6-6-68.5-16h-8.3C179.6 288 128 339.6 128 403.2V432c0 26.5 21.5 48 48 48h288c26.5 0 48-21.5 48-48v-28.8c0-63.6-51.6-115.2-115.2-115.2zm-223.7-13.4C161.5 263.1 145.6 256 128 256H64c-35.3 0-64 28.7-64 64v32c0 17.7 14.3 32 32 32h65.9c6.3-47.4 34.9-87.3 75.2-109.4z\"><\/path><\/svg>\t\t\t<\/div>\n\t\t<\/div>\n\t\t\t\t\t\t<\/div>\n\t\t\t\t<div class=\"elementor-element elementor-element-84ef4fb elementor-widget elementor-widget-text-editor\" data-id=\"84ef4fb\" data-element_type=\"widget\" data-e-type=\"widget\" data-widget_type=\"text-editor.default\">\n\t\t\t\t\t\t\t\t\t<p>Anima\u00e7\u00e3o da comunidade de projetos (<em>community building<\/em>)<\/p>\t\t\t\t\t\t\t\t<\/div>\n\t\t\t\t<\/div>\n\t\t<div class=\"elementor-element elementor-element-47e76df e-con-full e-flex e-con e-child\" data-id=\"47e76df\" data-element_type=\"container\" data-e-type=\"container\" data-settings=\"{&quot;jet_parallax_layout_list&quot;:[]}\">\n\t\t\t\t<div class=\"elementor-element elementor-element-fa358cf elementor-view-default elementor-widget elementor-widget-icon\" data-id=\"fa358cf\" data-element_type=\"widget\" data-e-type=\"widget\" data-widget_type=\"icon.default\">\n\t\t\t\t\t\t\t<div class=\"elementor-icon-wrapper\">\n\t\t\t<div class=\"elementor-icon\">\n\t\t\t<svg aria-hidden=\"true\" class=\"e-font-icon-svg e-fas-star\" viewBox=\"0 0 576 512\" xmlns=\"http:\/\/www.w3.org\/2000\/svg\"><path d=\"M259.3 17.8L194 150.2 47.9 171.5c-26.2 3.8-36.7 36.1-17.7 54.6l105.7 103-25 145.5c-4.5 26.3 23.2 46 46.4 33.7L288 439.6l130.7 68.7c23.2 12.2 50.9-7.4 46.4-33.7l-25-145.5 105.7-103c19-18.5 8.5-50.8-17.7-54.6L382 150.2 316.7 17.8c-11.7-23.6-45.6-23.9-57.4 0z\"><\/path><\/svg>\t\t\t<\/div>\n\t\t<\/div>\n\t\t\t\t\t\t<\/div>\n\t\t\t\t<div class=\"elementor-element elementor-element-4c7ff24 elementor-widget elementor-widget-text-editor\" data-id=\"4c7ff24\" data-element_type=\"widget\" data-e-type=\"widget\" data-widget_type=\"text-editor.default\">\n\t\t\t\t\t\t\t\t\t<p>Capitaliza\u00e7\u00e3o e transfer\u00eancia de resultados<\/p>\t\t\t\t\t\t\t\t<\/div>\n\t\t\t\t<\/div>\n\t\t<div class=\"elementor-element elementor-element-2c1fb98 e-con-full e-flex e-con e-child\" data-id=\"2c1fb98\" data-element_type=\"container\" data-e-type=\"container\" data-settings=\"{&quot;jet_parallax_layout_list&quot;:[]}\">\n\t\t\t\t<div class=\"elementor-element elementor-element-a250303 elementor-view-default elementor-widget elementor-widget-icon\" data-id=\"a250303\" data-element_type=\"widget\" data-e-type=\"widget\" data-widget_type=\"icon.default\">\n\t\t\t\t\t\t\t<div class=\"elementor-icon-wrapper\">\n\t\t\t<div class=\"elementor-icon\">\n\t\t\t<svg aria-hidden=\"true\" class=\"e-font-icon-svg e-fas-comment-dots\" viewBox=\"0 0 512 512\" xmlns=\"http:\/\/www.w3.org\/2000\/svg\"><path d=\"M256 32C114.6 32 0 125.1 0 240c0 49.6 21.4 95 57 130.7C44.5 421.1 2.7 466 2.2 466.5c-2.2 2.3-2.8 5.7-1.5 8.7S4.8 480 8 480c66.3 0 116-31.8 140.6-51.4 32.7 12.3 69 19.4 107.4 19.4 141.4 0 256-93.1 256-208S397.4 32 256 32zM128 272c-17.7 0-32-14.3-32-32s14.3-32 32-32 32 14.3 32 32-14.3 32-32 32zm128 0c-17.7 0-32-14.3-32-32s14.3-32 32-32 32 14.3 32 32-14.3 32-32 32zm128 0c-17.7 0-32-14.3-32-32s14.3-32 32-32 32 14.3 32 32-14.3 32-32 32z\"><\/path><\/svg>\t\t\t<\/div>\n\t\t<\/div>\n\t\t\t\t\t\t<\/div>\n\t\t\t\t<div class=\"elementor-element elementor-element-e1db690 elementor-widget elementor-widget-text-editor\" data-id=\"e1db690\" data-element_type=\"widget\" data-e-type=\"widget\" data-widget_type=\"text-editor.default\">\n\t\t\t\t\t\t\t\t\t<p>Comunica\u00e7\u00e3o conjunta<\/p>\t\t\t\t\t\t\t\t<\/div>\n\t\t\t\t<\/div>\n\t\t\t\t\t<\/div>\n\t\t\t\t<\/div>\n\t\t<div class=\"elementor-element elementor-element-8245a63 e-flex e-con-boxed e-con e-parent\" data-id=\"8245a63\" data-element_type=\"container\" data-e-type=\"container\" data-settings=\"{&quot;jet_parallax_layout_list&quot;:[]}\">\n\t\t\t\t\t<div class=\"e-con-inner\">\n\t\t\t\t<div class=\"elementor-element elementor-element-a60125e elementor-widget elementor-widget-heading\" data-id=\"a60125e\" data-element_type=\"widget\" data-e-type=\"widget\" data-widget_type=\"heading.default\">\n\t\t\t\t\t<h2 class=\"elementor-heading-title elementor-size-default\">Quem pode candidatar\u2011se?<\/h2>\t\t\t\t<\/div>\n\t\t\t\t<div class=\"elementor-element elementor-element-17c4a6b elementor-widget elementor-widget-text-editor\" data-id=\"17c4a6b\" data-element_type=\"widget\" data-e-type=\"widget\" data-widget_type=\"text-editor.default\">\n\t\t\t\t\t\t\t\t\t<p>A parceria dever\u00e1 reunir compet\u00eancias espec\u00edficas combinando conhecimento tem\u00e1tico e capacidades transversais:<\/p><ul><li>dom\u00ednio de uma das tem\u00e1ticas selecionadas;<\/li><li>coordena\u00e7\u00e3o e gest\u00e3o de projetos complexos;<\/li><li>cria\u00e7\u00e3o e anima\u00e7\u00e3o de uma comunidade de projetos (<em>community building<\/em>);<\/li><li>valoriza\u00e7\u00e3o e difus\u00e3o de resultados junto de atores relevantes e decisores pol\u00edticos \u00e0 escala regional, nacional e europeia;<\/li><li>lobbying tem\u00e1tico e trabalho em rede ((<em>networking<\/em>) \u00e0 escala Sudoe e europeia.<\/li><\/ul><p>\u00a0<\/p><p>Ser\u00e1 dada especial aten\u00e7\u00e3o \u00e0 sele\u00e7\u00e3o do benefici\u00e1rio principal, que dever\u00e1 dispor internamente das compet\u00eancias necess\u00e1rias para animar e interligar a comunidade de projetos.<\/p>\t\t\t\t\t\t\t\t<\/div>\n\t\t\t\t<div class=\"elementor-element elementor-element-ae9280b elementor-invisible elementor-widget elementor-widget-text-editor\" data-id=\"ae9280b\" data-element_type=\"widget\" data-e-type=\"widget\" data-settings=\"{&quot;_animation&quot;:&quot;slideInRight&quot;}\" data-widget_type=\"text-editor.default\">\n\t\t\t\t\t\t\t\t\t<p style=\"text-align: center;\"><img loading=\"lazy\" decoding=\"async\" class=\"wp-image-64410 aligncenter\" src=\"https:\/\/interreg-sudoe.eu\/wp-content\/uploads\/2026\/04\/community.png\" alt=\"\" width=\"58\" height=\"58\" srcset=\"https:\/\/interreg-sudoe.eu\/wp-content\/uploads\/2026\/04\/community.png 300w, https:\/\/interreg-sudoe.eu\/wp-content\/uploads\/2026\/04\/community-150x150.png 150w\" sizes=\"(max-width: 58px) 100vw, 58px\" \/><\/p><p style=\"text-align: center;\">A parceria dever\u00e1 incluir <strong>obrigatoriamente os<\/strong> <strong>quatro tipos de atores<\/strong> seguintes:<\/p>\t\t\t\t\t\t\t\t<\/div>\n\t\t\t\t<div class=\"elementor-element elementor-element-62b76f4 elementor-align-center elementor-icon-list--layout-traditional elementor-list-item-link-full_width elementor-invisible elementor-widget elementor-widget-icon-list\" data-id=\"62b76f4\" data-element_type=\"widget\" data-e-type=\"widget\" data-settings=\"{&quot;_animation&quot;:&quot;fadeInLeft&quot;}\" data-widget_type=\"icon-list.default\">\n\t\t\t\t\t\t\t<ul class=\"elementor-icon-list-items\">\n\t\t\t\t\t\t\t<li class=\"elementor-icon-list-item\">\n\t\t\t\t\t\t\t\t\t\t\t<span class=\"elementor-icon-list-icon\">\n\t\t\t\t\t\t\t<svg aria-hidden=\"true\" class=\"e-font-icon-svg e-fas-check\" viewBox=\"0 0 512 512\" xmlns=\"http:\/\/www.w3.org\/2000\/svg\"><path d=\"M173.898 439.404l-166.4-166.4c-9.997-9.997-9.997-26.206 0-36.204l36.203-36.204c9.997-9.998 26.207-9.998 36.204 0L192 312.69 432.095 72.596c9.997-9.997 26.207-9.997 36.204 0l36.203 36.204c9.997 9.997 9.997 26.206 0 36.204l-294.4 294.401c-9.998 9.997-26.207 9.997-36.204-.001z\"><\/path><\/svg>\t\t\t\t\t\t<\/span>\n\t\t\t\t\t\t\t\t\t\t<span class=\"elementor-icon-list-text\">Centros de investiga\u00e7\u00e3o \/ universidades<\/span>\n\t\t\t\t\t\t\t\t\t<\/li>\n\t\t\t\t\t\t\t\t<li class=\"elementor-icon-list-item\">\n\t\t\t\t\t\t\t\t\t\t\t<span class=\"elementor-icon-list-icon\">\n\t\t\t\t\t\t\t<svg aria-hidden=\"true\" class=\"e-font-icon-svg e-far-check-circle\" viewBox=\"0 0 512 512\" xmlns=\"http:\/\/www.w3.org\/2000\/svg\"><path d=\"M256 8C119.033 8 8 119.033 8 256s111.033 248 248 248 248-111.033 248-248S392.967 8 256 8zm0 48c110.532 0 200 89.451 200 200 0 110.532-89.451 200-200 200-110.532 0-200-89.451-200-200 0-110.532 89.451-200 200-200m140.204 130.267l-22.536-22.718c-4.667-4.705-12.265-4.736-16.97-.068L215.346 303.697l-59.792-60.277c-4.667-4.705-12.265-4.736-16.97-.069l-22.719 22.536c-4.705 4.667-4.736 12.265-.068 16.971l90.781 91.516c4.667 4.705 12.265 4.736 16.97.068l172.589-171.204c4.704-4.668 4.734-12.266.067-16.971z\"><\/path><\/svg>\t\t\t\t\t\t<\/span>\n\t\t\t\t\t\t\t\t\t\t<span class=\"elementor-icon-list-text\">Ag\u00eancias ou associa\u00e7\u00f5es especializadas<\/span>\n\t\t\t\t\t\t\t\t\t<\/li>\n\t\t\t\t\t\t\t\t<li class=\"elementor-icon-list-item\">\n\t\t\t\t\t\t\t\t\t\t\t<span class=\"elementor-icon-list-icon\">\n\t\t\t\t\t\t\t<svg aria-hidden=\"true\" class=\"e-font-icon-svg e-fas-check-double\" viewBox=\"0 0 512 512\" xmlns=\"http:\/\/www.w3.org\/2000\/svg\"><path d=\"M505 174.8l-39.6-39.6c-9.4-9.4-24.6-9.4-33.9 0L192 374.7 80.6 263.2c-9.4-9.4-24.6-9.4-33.9 0L7 302.9c-9.4 9.4-9.4 24.6 0 34L175 505c9.4 9.4 24.6 9.4 33.9 0l296-296.2c9.4-9.5 9.4-24.7.1-34zm-324.3 106c6.2 6.3 16.4 6.3 22.6 0l208-208.2c6.2-6.3 6.2-16.4 0-22.6L366.1 4.7c-6.2-6.3-16.4-6.3-22.6 0L192 156.2l-55.4-55.5c-6.2-6.3-16.4-6.3-22.6 0L68.7 146c-6.2 6.3-6.2 16.4 0 22.6l112 112.2z\"><\/path><\/svg>\t\t\t\t\t\t<\/span>\n\t\t\t\t\t\t\t\t\t\t<span class=\"elementor-icon-list-text\">Autoridades p\u00fablicas<\/span>\n\t\t\t\t\t\t\t\t\t<\/li>\n\t\t\t\t\t\t\t\t<li class=\"elementor-icon-list-item\">\n\t\t\t\t\t\t\t\t\t\t\t<span class=\"elementor-icon-list-icon\">\n\t\t\t\t\t\t\t<svg aria-hidden=\"true\" class=\"e-font-icon-svg e-fas-check-circle\" viewBox=\"0 0 512 512\" xmlns=\"http:\/\/www.w3.org\/2000\/svg\"><path d=\"M504 256c0 136.967-111.033 248-248 248S8 392.967 8 256 119.033 8 256 8s248 111.033 248 248zM227.314 387.314l184-184c6.248-6.248 6.248-16.379 0-22.627l-22.627-22.627c-6.248-6.249-16.379-6.249-22.628 0L216 308.118l-70.059-70.059c-6.248-6.248-16.379-6.248-22.628 0l-22.627 22.627c-6.248 6.248-6.248 16.379 0 22.627l104 104c6.249 6.249 16.379 6.249 22.628.001z\"><\/path><\/svg>\t\t\t\t\t\t<\/span>\n\t\t\t\t\t\t\t\t\t\t<span class=\"elementor-icon-list-text\">Redes tem\u00e1ticas<\/span>\n\t\t\t\t\t\t\t\t\t<\/li>\n\t\t\t\t\t\t<\/ul>\n\t\t\t\t\t\t<\/div>\n\t\t\t\t\t<\/div>\n\t\t\t\t<\/div>\n\t\t<div class=\"elementor-element elementor-element-036e62f e-flex e-con-boxed e-con e-parent\" data-id=\"036e62f\" data-element_type=\"container\" data-e-type=\"container\" data-settings=\"{&quot;jet_parallax_layout_list&quot;:[]}\">\n\t\t\t\t\t<div class=\"e-con-inner\">\n\t\t\t\t<div class=\"elementor-element elementor-element-9e81f51 elementor-widget elementor-widget-spacer\" data-id=\"9e81f51\" data-element_type=\"widget\" data-e-type=\"widget\" data-widget_type=\"spacer.default\">\n\t\t\t\t\t\t\t<div class=\"elementor-spacer\">\n\t\t\t<div class=\"elementor-spacer-inner\"><\/div>\n\t\t<\/div>\n\t\t\t\t\t\t<\/div>\n\t\t\t\t<div class=\"elementor-element elementor-element-b2b1bb5 elementor-widget elementor-widget-heading\" data-id=\"b2b1bb5\" data-element_type=\"widget\" data-e-type=\"widget\" data-widget_type=\"heading.default\">\n\t\t\t\t\t<h2 class=\"elementor-heading-title elementor-size-default\">O or\u00e7amento da convocat\u00f3ria<\/h2>\t\t\t\t<\/div>\n\t\t\t\t<div class=\"elementor-element elementor-element-e6906be elementor-widget elementor-widget-counter\" data-id=\"e6906be\" data-element_type=\"widget\" data-e-type=\"widget\" data-widget_type=\"counter.default\">\n\t\t\t\t\t\t\t<div class=\"elementor-counter\">\n\t\t\t<div class=\"elementor-counter-title\">Montante FEDER dispon\u00edvel<\/div>\t\t\t<div class=\"elementor-counter-number-wrapper\">\n\t\t\t\t<span class=\"elementor-counter-number-prefix\"><\/span>\n\t\t\t\t<span class=\"elementor-counter-number\" data-duration=\"2000\" data-to-value=\"5355244\" data-from-value=\"1000000\" data-delimiter=\" \">1000000<\/span>\n\t\t\t\t<span class=\"elementor-counter-number-suffix\">euros<\/span>\n\t\t\t<\/div>\n\t\t<\/div>\n\t\t\t\t\t\t<\/div>\n\t\t\t\t<div class=\"elementor-element elementor-element-da3265f elementor-alert-danger elementor-widget elementor-widget-alert\" data-id=\"da3265f\" data-element_type=\"widget\" data-e-type=\"widget\" data-widget_type=\"alert.default\">\n\t\t\t\t\t\t\t<div class=\"elementor-alert\" role=\"alert\">\n\n\t\t\t\t\t\t<span class=\"elementor-alert-title\">\u00a1Importante!<\/span>\n\t\t\t\n\t\t\t\t\t\t<span class=\"elementor-alert-description\">A fim de garantir a qualidade e o impacto dos projetos de capitaliza\u00e7\u00e3o, ser\u00e3o programados no m\u00e1ximo dois projetos por tem\u00e1tica, perfazendo um total de 6 projetos para o conjunto da convocat\u00f3ria.<\/span>\n\t\t\t\n\t\t\t\t\t\t<button type=\"button\" class=\"elementor-alert-dismiss\" aria-label=\"Dismiss this alert.\">\n\t\t\t\t\t\t\t\t\t<span aria-hidden=\"true\">&times;<\/span>\n\t\t\t\t\t\t\t<\/button>\n\t\t\t\n\t\t<\/div>\n\t\t\t\t\t\t<\/div>\n\t\t\t\t\t<\/div>\n\t\t\t\t<\/div>\n\t\t<div class=\"elementor-element elementor-element-542fdb8 e-flex e-con-boxed e-con e-parent\" data-id=\"542fdb8\" data-element_type=\"container\" data-e-type=\"container\" data-settings=\"{&quot;jet_parallax_layout_list&quot;:[]}\">\n\t\t\t\t\t<div class=\"e-con-inner\">\n\t\t\t\t<div class=\"elementor-element elementor-element-b3687f1 elementor-widget elementor-widget-spacer\" data-id=\"b3687f1\" data-element_type=\"widget\" data-e-type=\"widget\" data-widget_type=\"spacer.default\">\n\t\t\t\t\t\t\t<div class=\"elementor-spacer\">\n\t\t\t<div class=\"elementor-spacer-inner\"><\/div>\n\t\t<\/div>\n\t\t\t\t\t\t<\/div>\n\t\t\t\t<div class=\"elementor-element elementor-element-a286b2c elementor-widget elementor-widget-heading\" data-id=\"a286b2c\" data-element_type=\"widget\" data-e-type=\"widget\" data-widget_type=\"heading.default\">\n\t\t\t\t\t<h2 class=\"elementor-heading-title elementor-size-default\">Implementa\u00e7\u00e3o da convocat\u00f3ria e acompanhamento dos promotores<\/h2>\t\t\t\t<\/div>\n\t\t\t\t<div class=\"elementor-element elementor-element-90e6b62 elementor-widget elementor-widget-text-editor\" data-id=\"90e6b62\" data-element_type=\"widget\" data-e-type=\"widget\" data-widget_type=\"text-editor.default\">\n\t\t\t\t\t\t\t\t\t<p>O texto oficial da convocat\u00f3ria ser\u00e1 publicado no site do Programa em <span style=\"color: #0e6ebe;\"><strong>maio de 2026<\/strong><\/span>. A convocat\u00f3ria estar\u00e1 aberta at\u00e9 ao <span style=\"color: #0e6ebe;\"><strong>final de setembro de 2026.<\/strong><\/span><\/p><p>Ser\u00e1 organizado um <span style=\"color: #0e6ebe;\"><strong>webinar informativo <\/strong><\/span>destinado aos promotores de projetos. A data e as modalidades de participa\u00e7\u00e3o ser\u00e3o comunicadas simultaneamente com a divulga\u00e7\u00e3o do texto da convocat\u00f3ria de projetos nesta p\u00e1gina.<\/p>\t\t\t\t\t\t\t\t<\/div>\n\t\t\t\t\t<\/div>\n\t\t\t\t<\/div>\n\t\t<div class=\"elementor-element elementor-element-4665008 e-flex e-con-boxed e-con e-parent\" data-id=\"4665008\" data-element_type=\"container\" data-e-type=\"container\" data-settings=\"{&quot;jet_parallax_layout_list&quot;:[]}\">\n\t\t\t\t\t<div class=\"e-con-inner\">\n\t\t<div class=\"elementor-element elementor-element-b2413a6 e-con-full e-flex e-con e-child\" data-id=\"b2413a6\" data-element_type=\"container\" data-e-type=\"container\" data-settings=\"{&quot;jet_parallax_layout_list&quot;:[]}\">\n\t\t\t\t<div class=\"elementor-element elementor-element-49b47f2 elementor-headline--style-highlight elementor-widget elementor-widget-animated-headline\" data-id=\"49b47f2\" data-element_type=\"widget\" data-e-type=\"widget\" data-settings=\"{&quot;marker&quot;:&quot;underline_zigzag&quot;,&quot;highlighted_text&quot;:&quot;consulte: &quot;,&quot;headline_style&quot;:&quot;highlight&quot;,&quot;loop&quot;:&quot;yes&quot;,&quot;highlight_animation_duration&quot;:1200,&quot;highlight_iteration_delay&quot;:8000}\" data-widget_type=\"animated-headline.default\">\n\t\t\t\t\t\t\t<h4 class=\"elementor-headline\">\n\t\t\t\t\t<span class=\"elementor-headline-plain-text elementor-headline-text-wrapper\">Para mais informa\u00e7\u00f5es, <\/span>\n\t\t\t\t<span class=\"elementor-headline-dynamic-wrapper elementor-headline-text-wrapper\">\n\t\t\t\t\t<span class=\"elementor-headline-dynamic-text elementor-headline-text-active\">consulte: <\/span>\n\t\t\t\t<\/span>\n\t\t\t\t<\/h4>\n\t\t\t\t\t\t<\/div>\n\t\t\t\t<div class=\"elementor-element elementor-element-264532c elementor-widget elementor-widget-text-editor\" data-id=\"264532c\" data-element_type=\"widget\" data-e-type=\"widget\" data-widget_type=\"text-editor.default\">\n\t\t\t\t\t\t\t\t\t<ul><li>A prioridade 4 do <a href=\"https:\/\/interreg-sudoe.eu\/wp-content\/uploads\/2024\/05\/PT_PRG_Sudoe_2021_2027_vaprovada_01122023.pdf?x82071\" target=\"_blank\" rel=\"noopener\">programa de coopera\u00e7\u00e3o<\/a><\/li><li><p>Os sites internet dos<a href=\"https:\/\/interreg-sudoe.eu\/pt-pt\/lista-de-projectos-27\/\" target=\"_blank\" rel=\"noopener\"> 76 projetos cl\u00e1ssicos<\/a> em curso de execu\u00e7\u00e3o<\/p><\/li><\/ul>\t\t\t\t\t\t\t\t<\/div>\n\t\t<div class=\"elementor-element elementor-element-ec5cbd6 e-grid e-con-full e-con e-child\" data-id=\"ec5cbd6\" data-element_type=\"container\" data-e-type=\"container\" data-settings=\"{&quot;jet_parallax_layout_list&quot;:[]}\">\n\t\t\t\t<div class=\"elementor-element elementor-element-3632fb6 elementor-widget elementor-widget-text-editor\" data-id=\"3632fb6\" data-element_type=\"widget\" data-e-type=\"widget\" data-widget_type=\"text-editor.default\">\n\t\t\t\t\t\t\t\t\t<p style=\"text-align: center;\"><strong>No se pierda las pr\u00f3ximas informaciones\u00a0<\/strong><\/p><p style=\"text-align: center;\"><strong>\u00a1Suscr\u00edbase al bolet\u00edn informativo!<\/strong><\/p>\t\t\t\t\t\t\t\t<\/div>\n\t\t\t\t<div class=\"elementor-element elementor-element-c7e116e elementor-align-left elementor-widget elementor-widget-button\" data-id=\"c7e116e\" data-element_type=\"widget\" data-e-type=\"widget\" data-widget_type=\"button.default\">\n\t\t\t\t\t\t\t\t\t\t<a class=\"elementor-button elementor-button-link elementor-size-sm\" href=\"https:\/\/interreg-sudoe.eu\/boletin-sudoe-news\/\" target=\"_blank\">\n\t\t\t\t\t\t<span class=\"elementor-button-content-wrapper\">\n\t\t\t\t\t\t<span class=\"elementor-button-icon\">\n\t\t\t\t<svg aria-hidden=\"true\" class=\"e-font-icon-svg e-far-edit\" viewBox=\"0 0 576 512\" xmlns=\"http:\/\/www.w3.org\/2000\/svg\"><path d=\"M402.3 344.9l32-32c5-5 13.7-1.5 13.7 5.7V464c0 26.5-21.5 48-48 48H48c-26.5 0-48-21.5-48-48V112c0-26.5 21.5-48 48-48h273.5c7.1 0 10.7 8.6 5.7 13.7l-32 32c-1.5 1.5-3.5 2.3-5.7 2.3H48v352h352V350.5c0-2.1.8-4.1 2.3-5.6zm156.6-201.8L296.3 405.7l-90.4 10c-26.2 2.9-48.5-19.2-45.6-45.6l10-90.4L432.9 17.1c22.9-22.9 59.9-22.9 82.7 0l43.2 43.2c22.9 22.9 22.9 60 .1 82.8zM460.1 174L402 115.9 216.2 301.8l-7.3 65.3 65.3-7.3L460.1 174zm64.8-79.7l-43.2-43.2c-4.1-4.1-10.8-4.1-14.8 0L436 82l58.1 58.1 30.9-30.9c4-4.2 4-10.8-.1-14.9z\"><\/path><\/svg>\t\t\t<\/span>\n\t\t\t\t\t\t\t\t\t<span class=\"elementor-button-text\">Subscreva\u2011se<\/span>\n\t\t\t\t\t<\/span>\n\t\t\t\t\t<\/a>\n\t\t\t\t\t\t\t\t<\/div>\n\t\t\t\t<\/div>\n\t\t\t\t<\/div>\n\t\t\t\t\t<\/div>\n\t\t\t\t<\/div>\n\t\t\t\t<\/div>\n\t\t","protected":false},"excerpt":{"rendered":"<p>Lan\u00e7amento da 3\u00aa convocat\u00f3ria de projetos Interreg Sudoe: foco na capitaliza\u00e7\u00e3o Ap\u00f3s duas convocat\u00f3rias cl\u00e1ssicas que financiaram 76 projetos transnacionais, o Programa lan\u00e7a a sua terceira convocat\u00f3ria, totalmente dedicada \u00e0 capitaliza\u00e7\u00e3o, com o objetivo de valorizar e difundir os resultados obtidos em convocat\u00f3rias anteriores. O que \u00e9 a capitaliza\u00e7\u00e3o? Os projetos de capitaliza\u00e7\u00e3o s\u00e3o concebidos [&hellip;]<\/p>\n","protected":false},"author":4334,"featured_media":0,"parent":0,"menu_order":0,"comment_status":"closed","ping_status":"closed","template":"","meta":{"_acf_changed":false,"content-type":"","_monsterinsights_skip_tracking":false,"_monsterinsights_sitenote_active":false,"_monsterinsights_sitenote_note":"","_monsterinsights_sitenote_category":0,"footnotes":""},"class_list":["post-64501","page","type-page","status-publish","hentry"],"acf":[],"yoast_head":"<!-- This site is optimized with the Yoast SEO plugin v27.4 - https:\/\/yoast.com\/product\/yoast-seo-wordpress\/ -->\n<title>3\u00aa convocat\u00f3ria - Interreg Sudoe<\/title>\n<meta name=\"robots\" content=\"index, follow, max-snippet:-1, max-image-preview:large, max-video-preview:-1\" \/>\n<link rel=\"canonical\" href=\"https:\/\/interreg-sudoe.eu\/pt-pt\/3a-convocatoria\/\" \/>\n<meta property=\"og:locale\" content=\"pt_PT\" \/>\n<meta property=\"og:type\" content=\"article\" \/>\n<meta property=\"og:title\" content=\"3\u00aa convocat\u00f3ria - Interreg Sudoe\" \/>\n<meta property=\"og:description\" content=\"Lan\u00e7amento da 3\u00aa convocat\u00f3ria de projetos Interreg Sudoe: foco na capitaliza\u00e7\u00e3o Ap\u00f3s duas convocat\u00f3rias cl\u00e1ssicas que financiaram 76 projetos transnacionais, o Programa lan\u00e7a a sua terceira convocat\u00f3ria, totalmente dedicada \u00e0 capitaliza\u00e7\u00e3o, com o objetivo de valorizar e difundir os resultados obtidos em convocat\u00f3rias anteriores. O que \u00e9 a capitaliza\u00e7\u00e3o? Os projetos de capitaliza\u00e7\u00e3o s\u00e3o concebidos [&hellip;]\" \/>\n<meta property=\"og:url\" content=\"https:\/\/interreg-sudoe.eu\/pt-pt\/3a-convocatoria\/\" \/>\n<meta property=\"og:site_name\" content=\"Interreg Sudoe\" \/>\n<meta property=\"article:publisher\" content=\"https:\/\/www.facebook.com\/interregsudoe\" \/>\n<meta property=\"article:modified_time\" content=\"2026-04-27T13:36:30+00:00\" \/>\n<meta property=\"og:image\" content=\"https:\/\/interreg-sudoe.eu\/wp-content\/uploads\/2026\/04\/capi.png\" \/>\n\t<meta property=\"og:image:width\" content=\"300\" \/>\n\t<meta property=\"og:image:height\" content=\"300\" \/>\n\t<meta property=\"og:image:type\" content=\"image\/png\" \/>\n<meta name=\"twitter:card\" content=\"summary_large_image\" \/>\n<meta name=\"twitter:site\" content=\"@Sudoe5\" \/>\n<meta name=\"twitter:label1\" content=\"Tempo estimado de leitura\" \/>\n\t<meta name=\"twitter:data1\" content=\"4 minutos\" \/>\n<script type=\"application\/ld+json\" class=\"yoast-schema-graph\">{\"@context\":\"https:\\\/\\\/schema.org\",\"@graph\":[{\"@type\":\"WebPage\",\"@id\":\"https:\\\/\\\/interreg-sudoe.eu\\\/pt-pt\\\/3a-convocatoria\\\/\",\"url\":\"https:\\\/\\\/interreg-sudoe.eu\\\/pt-pt\\\/3a-convocatoria\\\/\",\"name\":\"3\u00aa convocat\u00f3ria - Interreg Sudoe\",\"isPartOf\":{\"@id\":\"https:\\\/\\\/interreg-sudoe.eu\\\/pt-pt\\\/#website\"},\"primaryImageOfPage\":{\"@id\":\"https:\\\/\\\/interreg-sudoe.eu\\\/pt-pt\\\/3a-convocatoria\\\/#primaryimage\"},\"image\":{\"@id\":\"https:\\\/\\\/interreg-sudoe.eu\\\/pt-pt\\\/3a-convocatoria\\\/#primaryimage\"},\"thumbnailUrl\":\"https:\\\/\\\/interreg-sudoe.eu\\\/wp-content\\\/uploads\\\/2026\\\/04\\\/capi.png\",\"datePublished\":\"2026-04-24T13:35:59+00:00\",\"dateModified\":\"2026-04-27T13:36:30+00:00\",\"breadcrumb\":{\"@id\":\"https:\\\/\\\/interreg-sudoe.eu\\\/pt-pt\\\/3a-convocatoria\\\/#breadcrumb\"},\"inLanguage\":\"pt-PT\",\"potentialAction\":[{\"@type\":\"ReadAction\",\"target\":[\"https:\\\/\\\/interreg-sudoe.eu\\\/pt-pt\\\/3a-convocatoria\\\/\"]}]},{\"@type\":\"ImageObject\",\"inLanguage\":\"pt-PT\",\"@id\":\"https:\\\/\\\/interreg-sudoe.eu\\\/pt-pt\\\/3a-convocatoria\\\/#primaryimage\",\"url\":\"https:\\\/\\\/interreg-sudoe.eu\\\/wp-content\\\/uploads\\\/2026\\\/04\\\/capi.png\",\"contentUrl\":\"https:\\\/\\\/interreg-sudoe.eu\\\/wp-content\\\/uploads\\\/2026\\\/04\\\/capi.png\"},{\"@type\":\"BreadcrumbList\",\"@id\":\"https:\\\/\\\/interreg-sudoe.eu\\\/pt-pt\\\/3a-convocatoria\\\/#breadcrumb\",\"itemListElement\":[{\"@type\":\"ListItem\",\"position\":1,\"name\":\"Home\",\"item\":\"https:\\\/\\\/interreg-sudoe.eu\\\/pt-pt\\\/\"},{\"@type\":\"ListItem\",\"position\":2,\"name\":\"3\u00aa convocat\u00f3ria\"}]},{\"@type\":\"WebSite\",\"@id\":\"https:\\\/\\\/interreg-sudoe.eu\\\/pt-pt\\\/#website\",\"url\":\"https:\\\/\\\/interreg-sudoe.eu\\\/pt-pt\\\/\",\"name\":\"Interreg Sudoe\",\"description\":\"Interreg Sudoe\",\"publisher\":{\"@id\":\"https:\\\/\\\/interreg-sudoe.eu\\\/pt-pt\\\/#organization\"},\"alternateName\":\"Interreg Sudoe\",\"potentialAction\":[{\"@type\":\"SearchAction\",\"target\":{\"@type\":\"EntryPoint\",\"urlTemplate\":\"https:\\\/\\\/interreg-sudoe.eu\\\/pt-pt\\\/?s={search_term_string}\"},\"query-input\":{\"@type\":\"PropertyValueSpecification\",\"valueRequired\":true,\"valueName\":\"search_term_string\"}}],\"inLanguage\":\"pt-PT\"},{\"@type\":\"Organization\",\"@id\":\"https:\\\/\\\/interreg-sudoe.eu\\\/pt-pt\\\/#organization\",\"name\":\"Interreg Sudoe\",\"alternateName\":\"Interreg Sudoe\",\"url\":\"https:\\\/\\\/interreg-sudoe.eu\\\/pt-pt\\\/\",\"logo\":{\"@type\":\"ImageObject\",\"inLanguage\":\"pt-PT\",\"@id\":\"https:\\\/\\\/interreg-sudoe.eu\\\/pt-pt\\\/#\\\/schema\\\/logo\\\/image\\\/\",\"url\":\"https:\\\/\\\/interreg-sudoe.eu\\\/wp-content\\\/uploads\\\/2024\\\/03\\\/logo-interreg.png\",\"contentUrl\":\"https:\\\/\\\/interreg-sudoe.eu\\\/wp-content\\\/uploads\\\/2024\\\/03\\\/logo-interreg.png\",\"width\":1200,\"height\":675,\"caption\":\"Interreg Sudoe\"},\"image\":{\"@id\":\"https:\\\/\\\/interreg-sudoe.eu\\\/pt-pt\\\/#\\\/schema\\\/logo\\\/image\\\/\"},\"sameAs\":[\"https:\\\/\\\/www.facebook.com\\\/interregsudoe\",\"https:\\\/\\\/x.com\\\/Sudoe5\",\"https:\\\/\\\/www.youtube.com\\\/channel\\\/UCeGx2edoB32beRc9dbKA2vw\",\"https:\\\/\\\/www.linkedin.com\\\/company\\\/interreg-sudoe-programme\\\/\",\"https:\\\/\\\/www.flickr.com\\\/photos\\\/148704685@N06\\\/\"]}]}<\/script>\n<!-- \/ Yoast SEO plugin. -->","yoast_head_json":{"title":"3\u00aa convocat\u00f3ria - Interreg Sudoe","robots":{"index":"index","follow":"follow","max-snippet":"max-snippet:-1","max-image-preview":"max-image-preview:large","max-video-preview":"max-video-preview:-1"},"canonical":"https:\/\/interreg-sudoe.eu\/pt-pt\/3a-convocatoria\/","og_locale":"pt_PT","og_type":"article","og_title":"3\u00aa convocat\u00f3ria - Interreg Sudoe","og_description":"Lan\u00e7amento da 3\u00aa convocat\u00f3ria de projetos Interreg Sudoe: foco na capitaliza\u00e7\u00e3o Ap\u00f3s duas convocat\u00f3rias cl\u00e1ssicas que financiaram 76 projetos transnacionais, o Programa lan\u00e7a a sua terceira convocat\u00f3ria, totalmente dedicada \u00e0 capitaliza\u00e7\u00e3o, com o objetivo de valorizar e difundir os resultados obtidos em convocat\u00f3rias anteriores. O que \u00e9 a capitaliza\u00e7\u00e3o? Os projetos de capitaliza\u00e7\u00e3o s\u00e3o concebidos [&hellip;]","og_url":"https:\/\/interreg-sudoe.eu\/pt-pt\/3a-convocatoria\/","og_site_name":"Interreg Sudoe","article_publisher":"https:\/\/www.facebook.com\/interregsudoe","article_modified_time":"2026-04-27T13:36:30+00:00","og_image":[{"width":300,"height":300,"url":"https:\/\/interreg-sudoe.eu\/wp-content\/uploads\/2026\/04\/capi.png","type":"image\/png"}],"twitter_card":"summary_large_image","twitter_site":"@Sudoe5","twitter_misc":{"Tempo estimado de leitura":"4 minutos"},"schema":{"@context":"https:\/\/schema.org","@graph":[{"@type":"WebPage","@id":"https:\/\/interreg-sudoe.eu\/pt-pt\/3a-convocatoria\/","url":"https:\/\/interreg-sudoe.eu\/pt-pt\/3a-convocatoria\/","name":"3\u00aa convocat\u00f3ria - Interreg Sudoe","isPartOf":{"@id":"https:\/\/interreg-sudoe.eu\/pt-pt\/#website"},"primaryImageOfPage":{"@id":"https:\/\/interreg-sudoe.eu\/pt-pt\/3a-convocatoria\/#primaryimage"},"image":{"@id":"https:\/\/interreg-sudoe.eu\/pt-pt\/3a-convocatoria\/#primaryimage"},"thumbnailUrl":"https:\/\/interreg-sudoe.eu\/wp-content\/uploads\/2026\/04\/capi.png","datePublished":"2026-04-24T13:35:59+00:00","dateModified":"2026-04-27T13:36:30+00:00","breadcrumb":{"@id":"https:\/\/interreg-sudoe.eu\/pt-pt\/3a-convocatoria\/#breadcrumb"},"inLanguage":"pt-PT","potentialAction":[{"@type":"ReadAction","target":["https:\/\/interreg-sudoe.eu\/pt-pt\/3a-convocatoria\/"]}]},{"@type":"ImageObject","inLanguage":"pt-PT","@id":"https:\/\/interreg-sudoe.eu\/pt-pt\/3a-convocatoria\/#primaryimage","url":"https:\/\/interreg-sudoe.eu\/wp-content\/uploads\/2026\/04\/capi.png","contentUrl":"https:\/\/interreg-sudoe.eu\/wp-content\/uploads\/2026\/04\/capi.png"},{"@type":"BreadcrumbList","@id":"https:\/\/interreg-sudoe.eu\/pt-pt\/3a-convocatoria\/#breadcrumb","itemListElement":[{"@type":"ListItem","position":1,"name":"Home","item":"https:\/\/interreg-sudoe.eu\/pt-pt\/"},{"@type":"ListItem","position":2,"name":"3\u00aa convocat\u00f3ria"}]},{"@type":"WebSite","@id":"https:\/\/interreg-sudoe.eu\/pt-pt\/#website","url":"https:\/\/interreg-sudoe.eu\/pt-pt\/","name":"Interreg Sudoe","description":"Interreg Sudoe","publisher":{"@id":"https:\/\/interreg-sudoe.eu\/pt-pt\/#organization"},"alternateName":"Interreg Sudoe","potentialAction":[{"@type":"SearchAction","target":{"@type":"EntryPoint","urlTemplate":"https:\/\/interreg-sudoe.eu\/pt-pt\/?s={search_term_string}"},"query-input":{"@type":"PropertyValueSpecification","valueRequired":true,"valueName":"search_term_string"}}],"inLanguage":"pt-PT"},{"@type":"Organization","@id":"https:\/\/interreg-sudoe.eu\/pt-pt\/#organization","name":"Interreg Sudoe","alternateName":"Interreg Sudoe","url":"https:\/\/interreg-sudoe.eu\/pt-pt\/","logo":{"@type":"ImageObject","inLanguage":"pt-PT","@id":"https:\/\/interreg-sudoe.eu\/pt-pt\/#\/schema\/logo\/image\/","url":"https:\/\/interreg-sudoe.eu\/wp-content\/uploads\/2024\/03\/logo-interreg.png","contentUrl":"https:\/\/interreg-sudoe.eu\/wp-content\/uploads\/2024\/03\/logo-interreg.png","width":1200,"height":675,"caption":"Interreg Sudoe"},"image":{"@id":"https:\/\/interreg-sudoe.eu\/pt-pt\/#\/schema\/logo\/image\/"},"sameAs":["https:\/\/www.facebook.com\/interregsudoe","https:\/\/x.com\/Sudoe5","https:\/\/www.youtube.com\/channel\/UCeGx2edoB32beRc9dbKA2vw","https:\/\/www.linkedin.com\/company\/interreg-sudoe-programme\/","https:\/\/www.flickr.com\/photos\/148704685@N06\/"]}]}},"_links":{"self":[{"href":"https:\/\/interreg-sudoe.eu\/pt-pt\/wp-json\/wp\/v2\/pages\/64501","targetHints":{"allow":["GET"]}}],"collection":[{"href":"https:\/\/interreg-sudoe.eu\/pt-pt\/wp-json\/wp\/v2\/pages"}],"about":[{"href":"https:\/\/interreg-sudoe.eu\/pt-pt\/wp-json\/wp\/v2\/types\/page"}],"author":[{"embeddable":true,"href":"https:\/\/interreg-sudoe.eu\/pt-pt\/wp-json\/wp\/v2\/users\/4334"}],"replies":[{"embeddable":true,"href":"https:\/\/interreg-sudoe.eu\/pt-pt\/wp-json\/wp\/v2\/comments?post=64501"}],"version-history":[{"count":3,"href":"https:\/\/interreg-sudoe.eu\/pt-pt\/wp-json\/wp\/v2\/pages\/64501\/revisions"}],"predecessor-version":[{"id":64656,"href":"https:\/\/interreg-sudoe.eu\/pt-pt\/wp-json\/wp\/v2\/pages\/64501\/revisions\/64656"}],"wp:attachment":[{"href":"https:\/\/interreg-sudoe.eu\/pt-pt\/wp-json\/wp\/v2\/media?parent=64501"}],"curies":[{"name":"wp","href":"https:\/\/api.w.org\/{rel}","templated":true}]}}