{"id":64601,"date":"2026-04-24T15:36:00","date_gmt":"2026-04-24T13:36:00","guid":{"rendered":"https:\/\/interreg-sudoe.eu\/?page_id=64601"},"modified":"2026-04-27T15:49:53","modified_gmt":"2026-04-27T13:49:53","slug":"4a-convocatoria","status":"publish","type":"page","link":"https:\/\/interreg-sudoe.eu\/pt-pt\/4a-convocatoria\/","title":{"rendered":"4\u00aa convocat\u00f3ria"},"content":{"rendered":"\t\t<div data-elementor-type=\"wp-page\" data-elementor-id=\"64601\" class=\"elementor elementor-64601 elementor-64393\" data-elementor-post-type=\"page\">\n\t\t\t\t<div class=\"elementor-element elementor-element-98fbd93 e-flex e-con-boxed e-con e-parent\" data-id=\"98fbd93\" data-element_type=\"container\" data-e-type=\"container\" data-settings=\"{&quot;jet_parallax_layout_list&quot;:[]}\">\n\t\t\t\t\t<div class=\"e-con-inner\">\n\t\t\t\t<div class=\"elementor-element elementor-element-788f03d elementor-widget elementor-widget-heading\" data-id=\"788f03d\" data-element_type=\"widget\" data-e-type=\"widget\" data-widget_type=\"heading.default\">\n\t\t\t\t\t<h2 class=\"elementor-heading-title elementor-size-default\">Agir face aos inc\u00eandios e ao envelhecimento da popula\u00e7\u00e3o<\/h2>\t\t\t\t<\/div>\n\t\t\t\t\t<\/div>\n\t\t\t\t<\/div>\n\t\t<div class=\"elementor-element elementor-element-11bcfb0 e-flex e-con-boxed e-con e-parent\" data-id=\"11bcfb0\" data-element_type=\"container\" data-e-type=\"container\" data-settings=\"{&quot;jet_parallax_layout_list&quot;:[]}\">\n\t\t\t\t\t<div class=\"e-con-inner\">\n\t\t\t\t<div class=\"elementor-element elementor-element-2fc5595 elementor-widget elementor-widget-text-editor\" data-id=\"2fc5595\" data-element_type=\"widget\" data-e-type=\"widget\" data-widget_type=\"text-editor.default\">\n\t\t\t\t\t\t\t\t\t<p>Na sequ\u00eancia do refor\u00e7o da dota\u00e7\u00e3o FEDER concedido pela Comiss\u00e3o Europeia em 2023, o Programa Interreg Sudoe lan\u00e7a uma quarta convocat\u00f3ria dedicada aos projetos estruturantes. O objetivo \u00e9 <span style=\"color: #c16023;\"><strong>propor solu\u00e7\u00f5es transnacionais ambiciosas para dois grandes desafios do espa\u00e7o sudoeste europeu.<\/strong><\/span><\/p>\t\t\t\t\t\t\t\t<\/div>\n\t\t\t\t\t<\/div>\n\t\t\t\t<\/div>\n\t\t<div class=\"elementor-element elementor-element-266d5ce e-flex e-con-boxed e-con e-parent\" data-id=\"266d5ce\" data-element_type=\"container\" data-e-type=\"container\" data-settings=\"{&quot;jet_parallax_layout_list&quot;:[]}\">\n\t\t\t\t\t<div class=\"e-con-inner\">\n\t\t\t\t<div class=\"elementor-element elementor-element-529bd9b elementor-invisible elementor-widget elementor-widget-image\" data-id=\"529bd9b\" data-element_type=\"widget\" data-e-type=\"widget\" data-settings=\"{&quot;_animation&quot;:&quot;rotateIn&quot;}\" data-widget_type=\"image.default\">\n\t\t\t\t\t\t\t\t\t\t\t\t\t\t\t<img fetchpriority=\"high\" decoding=\"async\" width=\"579\" height=\"578\" src=\"https:\/\/interreg-sudoe.eu\/wp-content\/uploads\/2026\/04\/estructurante.png\" class=\"attachment-large size-large wp-image-64414\" alt=\"\" srcset=\"https:\/\/interreg-sudoe.eu\/wp-content\/uploads\/2026\/04\/estructurante.png 579w, https:\/\/interreg-sudoe.eu\/wp-content\/uploads\/2026\/04\/estructurante-300x300.png 300w, https:\/\/interreg-sudoe.eu\/wp-content\/uploads\/2026\/04\/estructurante-150x150.png 150w\" sizes=\"(max-width: 579px) 100vw, 579px\" \/>\t\t\t\t\t\t\t\t\t\t\t\t\t\t\t<\/div>\n\t\t\t\t\t<\/div>\n\t\t\t\t<\/div>\n\t\t<div class=\"elementor-element elementor-element-d399cd6 e-flex e-con-boxed e-con e-parent\" data-id=\"d399cd6\" data-element_type=\"container\" data-e-type=\"container\" data-settings=\"{&quot;jet_parallax_layout_list&quot;:[]}\">\n\t\t\t\t\t<div class=\"e-con-inner\">\n\t\t\t\t<div class=\"elementor-element elementor-element-f6dee7a elementor-widget elementor-widget-heading\" data-id=\"f6dee7a\" data-element_type=\"widget\" data-e-type=\"widget\" data-widget_type=\"heading.default\">\n\t\t\t\t\t<h2 class=\"elementor-heading-title elementor-size-default\"><p><b><span lang=\"PT\">O que \u00e9 um projeto estruturante?<\/span><\/b><span style=\"font-size: 2rem\"><\/span><\/p><\/h2>\t\t\t\t<\/div>\n\t\t\t\t<div class=\"elementor-element elementor-element-e4ec86d elementor-widget elementor-widget-text-editor\" data-id=\"e4ec86d\" data-element_type=\"widget\" data-e-type=\"widget\" data-widget_type=\"text-editor.default\">\n\t\t\t\t\t\t\t\t\t<p>Um projeto estruturante tem como finalidade criar as bases e os instrumentos necess\u00e1rios, \u00e0 escala transnacional, para <span style=\"color: #c16023;\"><strong>fazer evoluir a organiza\u00e7\u00e3o e a coordena\u00e7\u00e3o da interven\u00e7\u00e3o dos atores p\u00fablicos num determinado setor.<\/strong><\/span><\/p><p>Visa resultados de elevado impacto, integrados nas pol\u00edticas p\u00fablicas e transfer\u00edveis para outros territ\u00f3rios.<\/p><p>Os projetos estruturantes implicam a implementa\u00e7\u00e3o concreta de solu\u00e7\u00f5es e a transforma\u00e7\u00e3o dos sistemas de interven\u00e7\u00e3o p\u00fablica, com impacto direto nas pol\u00edticas p\u00fablicas. Ao contr\u00e1rio dos projetos de capitaliza\u00e7\u00e3o, centrados na an\u00e1lise e valoriza\u00e7\u00e3o de resultados existentes, os projetos estruturantes visam a implementa\u00e7\u00e3o operacional e a transforma\u00e7\u00e3o efetiva das pol\u00edticas p\u00fablicas.<\/p>\t\t\t\t\t\t\t\t<\/div>\n\t\t\t\t\t<\/div>\n\t\t\t\t<\/div>\n\t\t<div class=\"elementor-element elementor-element-4fa67ab e-flex e-con-boxed e-con e-parent\" data-id=\"4fa67ab\" data-element_type=\"container\" data-e-type=\"container\" data-settings=\"{&quot;jet_parallax_layout_list&quot;:[]}\">\n\t\t\t\t\t<div class=\"e-con-inner\">\n\t\t\t\t<div class=\"elementor-element elementor-element-91d6e2f elementor-widget elementor-widget-heading\" data-id=\"91d6e2f\" data-element_type=\"widget\" data-e-type=\"widget\" data-widget_type=\"heading.default\">\n\t\t\t\t\t<h2 class=\"elementor-heading-title elementor-size-default\"><p><b><span lang=\"PT\">Tem\u00e1ticas visadas<\/span><\/b><span style=\"font-size: 2rem\"><\/span><\/p><\/h2>\t\t\t\t<\/div>\n\t\t\t\t<div class=\"elementor-element elementor-element-06ccf92 elementor-widget elementor-widget-text-editor\" data-id=\"06ccf92\" data-element_type=\"widget\" data-e-type=\"widget\" data-widget_type=\"text-editor.default\">\n\t\t\t\t\t\t\t\t\t<p class=\"MsoNormal\"><span lang=\"PT\">As candidaturas devem enquadrar\u2011se numa das seguintes tem\u00e1ticas:<\/span><\/p>\t\t\t\t\t\t\t\t<\/div>\n\t\t\t\t\t<\/div>\n\t\t\t\t<\/div>\n\t\t<div class=\"elementor-element elementor-element-5cf31dc e-flex e-con-boxed e-con e-parent\" data-id=\"5cf31dc\" data-element_type=\"container\" data-e-type=\"container\" data-settings=\"{&quot;jet_parallax_layout_list&quot;:[]}\">\n\t\t\t\t\t<div class=\"e-con-inner\">\n\t\t<div class=\"elementor-element elementor-element-ac03f7e e-con-full e-flex e-con e-child\" data-id=\"ac03f7e\" data-element_type=\"container\" data-e-type=\"container\" data-settings=\"{&quot;jet_parallax_layout_list&quot;:[]}\">\n\t\t\t\t<div class=\"elementor-element elementor-element-8e3ed89 elementor-invisible elementor-widget elementor-widget-image\" data-id=\"8e3ed89\" data-element_type=\"widget\" data-e-type=\"widget\" data-settings=\"{&quot;_animation&quot;:&quot;fadeInLeft&quot;}\" data-widget_type=\"image.default\">\n\t\t\t\t\t\t\t\t\t\t\t\t\t\t\t<img decoding=\"async\" width=\"800\" height=\"525\" src=\"https:\/\/interreg-sudoe.eu\/wp-content\/uploads\/2026\/04\/incendios-1024x672.jpg\" class=\"attachment-large size-large wp-image-64416\" alt=\"\" srcset=\"https:\/\/interreg-sudoe.eu\/wp-content\/uploads\/2026\/04\/incendios-1024x672.jpg 1024w, https:\/\/interreg-sudoe.eu\/wp-content\/uploads\/2026\/04\/incendios-300x197.jpg 300w, https:\/\/interreg-sudoe.eu\/wp-content\/uploads\/2026\/04\/incendios-768x504.jpg 768w, https:\/\/interreg-sudoe.eu\/wp-content\/uploads\/2026\/04\/incendios.jpg 1130w\" sizes=\"(max-width: 800px) 100vw, 800px\" \/>\t\t\t\t\t\t\t\t\t\t\t\t\t\t\t<\/div>\n\t\t\t\t<div class=\"elementor-element elementor-element-3f815c9 elementor-invisible elementor-widget elementor-widget-heading\" data-id=\"3f815c9\" data-element_type=\"widget\" data-e-type=\"widget\" data-settings=\"{&quot;_animation&quot;:&quot;fadeInLeft&quot;}\" data-widget_type=\"heading.default\">\n\t\t\t\t\t<h2 class=\"elementor-heading-title elementor-size-default\">Inc\u00eandios<\/h2>\t\t\t\t<\/div>\n\t\t\t\t<div class=\"elementor-element elementor-element-149316f elementor-invisible elementor-widget elementor-widget-text-editor\" data-id=\"149316f\" data-element_type=\"widget\" data-e-type=\"widget\" data-settings=\"{&quot;_animation&quot;:&quot;fadeInLeft&quot;}\" data-widget_type=\"text-editor.default\">\n\t\t\t\t\t\t\t\t\t<p style=\"text-align: center;\"><strong>Objetivo espec\u00edfico 2.4 da prioridade 1<\/strong><\/p>\t\t\t\t\t\t\t\t<\/div>\n\t\t\t\t<\/div>\n\t\t<div class=\"elementor-element elementor-element-6c75063 e-con-full e-flex e-con e-child\" data-id=\"6c75063\" data-element_type=\"container\" data-e-type=\"container\" data-settings=\"{&quot;jet_parallax_layout_list&quot;:[]}\">\n\t\t\t\t<div class=\"elementor-element elementor-element-23caa0e elementor-invisible elementor-widget elementor-widget-image\" data-id=\"23caa0e\" data-element_type=\"widget\" data-e-type=\"widget\" data-settings=\"{&quot;_animation&quot;:&quot;fadeInRight&quot;}\" data-widget_type=\"image.default\">\n\t\t\t\t\t\t\t\t\t\t\t\t\t\t\t<img decoding=\"async\" width=\"800\" height=\"530\" src=\"https:\/\/interreg-sudoe.eu\/wp-content\/uploads\/2026\/04\/envejecimiento-1024x679.jpg\" class=\"attachment-large size-large wp-image-64415\" alt=\"\" srcset=\"https:\/\/interreg-sudoe.eu\/wp-content\/uploads\/2026\/04\/envejecimiento-1024x679.jpg 1024w, https:\/\/interreg-sudoe.eu\/wp-content\/uploads\/2026\/04\/envejecimiento-300x199.jpg 300w, https:\/\/interreg-sudoe.eu\/wp-content\/uploads\/2026\/04\/envejecimiento-768x509.jpg 768w, https:\/\/interreg-sudoe.eu\/wp-content\/uploads\/2026\/04\/envejecimiento.jpg 1122w\" sizes=\"(max-width: 800px) 100vw, 800px\" \/>\t\t\t\t\t\t\t\t\t\t\t\t\t\t\t<\/div>\n\t\t\t\t<div class=\"elementor-element elementor-element-209836f elementor-invisible elementor-widget elementor-widget-heading\" data-id=\"209836f\" data-element_type=\"widget\" data-e-type=\"widget\" data-settings=\"{&quot;_animation&quot;:&quot;fadeInRight&quot;}\" data-widget_type=\"heading.default\">\n\t\t\t\t\t<h2 class=\"elementor-heading-title elementor-size-default\">Envelhecimento de popula\u00e7\u00e3o<\/h2>\t\t\t\t<\/div>\n\t\t\t\t<div class=\"elementor-element elementor-element-c990b3c elementor-invisible elementor-widget elementor-widget-text-editor\" data-id=\"c990b3c\" data-element_type=\"widget\" data-e-type=\"widget\" data-settings=\"{&quot;_animation&quot;:&quot;fadeInRight&quot;}\" data-widget_type=\"text-editor.default\">\n\t\t\t\t\t\t\t\t\t<p style=\"text-align: center;\"><strong>Objetivo espec\u00edfico 4.5 da prioridade 3<\/strong><\/p>\t\t\t\t\t\t\t\t<\/div>\n\t\t\t\t<\/div>\n\t\t\t\t\t<\/div>\n\t\t\t\t<\/div>\n\t\t<div class=\"elementor-element elementor-element-bf23d19 e-flex e-con-boxed e-con e-parent\" data-id=\"bf23d19\" data-element_type=\"container\" data-e-type=\"container\" data-settings=\"{&quot;jet_parallax_layout_list&quot;:[]}\">\n\t\t\t\t\t<div class=\"e-con-inner\">\n\t\t\t\t<div class=\"elementor-element elementor-element-8947494 elementor-widget elementor-widget-text-editor\" data-id=\"8947494\" data-element_type=\"widget\" data-e-type=\"widget\" data-widget_type=\"text-editor.default\">\n\t\t\t\t\t\t\t\t\t<p>Esta convocat\u00f3ria baseia\u2011se nas necessidades identificadas nos territ\u00f3rios Sudoe. Os projetos dever\u00e3o responder a esses desafios propondo solu\u00e7\u00f5es de impacto que cubram uma parte significativa do territ\u00f3rio.<\/p><p>Antes do lan\u00e7amento da Convocat\u00f3ria, as Autoridades do Programa organizaram grupos de trabalho com os principais atores de cada tem\u00e1tica. As notas de s\u00edntese resultantes est\u00e3o dispon\u00edveis em espanhol, franc\u00eas e portugu\u00eas.<\/p>\t\t\t\t\t\t\t\t<\/div>\n\t\t\t\t\t<\/div>\n\t\t\t\t<\/div>\n\t\t<div class=\"elementor-element elementor-element-1c7c018 e-flex e-con-boxed e-con e-parent\" data-id=\"1c7c018\" data-element_type=\"container\" data-e-type=\"container\" data-settings=\"{&quot;jet_parallax_layout_list&quot;:[]}\">\n\t\t\t\t\t<div class=\"e-con-inner\">\n\t\t<div class=\"elementor-element elementor-element-14d1541 e-con-full e-flex e-con e-child\" data-id=\"14d1541\" data-element_type=\"container\" data-e-type=\"container\" data-settings=\"{&quot;jet_parallax_layout_list&quot;:[]}\">\n\t\t\t\t<div class=\"elementor-element elementor-element-ddb18ce elementor-align-center elementor-widget__width-inherit elementor-widget elementor-widget-button\" data-id=\"ddb18ce\" data-element_type=\"widget\" data-e-type=\"widget\" data-widget_type=\"button.default\">\n\t\t\t\t\t\t\t\t\t\t<a class=\"elementor-button elementor-button-link elementor-size-sm\" href=\"https:\/\/interreg-sudoe.eu\/wp-content\/uploads\/2026\/04\/Sintese_Focus_Group_Incendios_PT.pdf\" target=\"_blank\">\n\t\t\t\t\t\t<span class=\"elementor-button-content-wrapper\">\n\t\t\t\t\t\t<span class=\"elementor-button-icon\">\n\t\t\t\t<svg aria-hidden=\"true\" class=\"e-font-icon-svg e-fas-file-download\" viewBox=\"0 0 384 512\" xmlns=\"http:\/\/www.w3.org\/2000\/svg\"><path d=\"M224 136V0H24C10.7 0 0 10.7 0 24v464c0 13.3 10.7 24 24 24h336c13.3 0 24-10.7 24-24V160H248c-13.2 0-24-10.8-24-24zm76.45 211.36l-96.42 95.7c-6.65 6.61-17.39 6.61-24.04 0l-96.42-95.7C73.42 337.29 80.54 320 94.82 320H160v-80c0-8.84 7.16-16 16-16h32c8.84 0 16 7.16 16 16v80h65.18c14.28 0 21.4 17.29 11.27 27.36zM377 105L279.1 7c-4.5-4.5-10.6-7-17-7H256v128h128v-6.1c0-6.3-2.5-12.4-7-16.9z\"><\/path><\/svg>\t\t\t<\/span>\n\t\t\t\t\t\t\t\t\t<span class=\"elementor-button-text\">Descarregar a nota s\u00edntese INC\u00caNDIOS<\/span>\n\t\t\t\t\t<\/span>\n\t\t\t\t\t<\/a>\n\t\t\t\t\t\t\t\t<\/div>\n\t\t\t\t<\/div>\n\t\t<div class=\"elementor-element elementor-element-b19bd4e e-con-full e-flex e-con e-child\" data-id=\"b19bd4e\" data-element_type=\"container\" data-e-type=\"container\" data-settings=\"{&quot;jet_parallax_layout_list&quot;:[]}\">\n\t\t\t\t<div class=\"elementor-element elementor-element-a046a27 elementor-align-center elementor-widget elementor-widget-button\" data-id=\"a046a27\" data-element_type=\"widget\" data-e-type=\"widget\" data-widget_type=\"button.default\">\n\t\t\t\t\t\t\t\t\t\t<a class=\"elementor-button elementor-button-link elementor-size-sm\" href=\"https:\/\/interreg-sudoe.eu\/wp-content\/uploads\/2026\/04\/Sintese_Focus_Group_Envelhecimento_PT.pdf\" target=\"_blank\">\n\t\t\t\t\t\t<span class=\"elementor-button-content-wrapper\">\n\t\t\t\t\t\t<span class=\"elementor-button-icon\">\n\t\t\t\t<svg aria-hidden=\"true\" class=\"e-font-icon-svg e-fas-file-download\" viewBox=\"0 0 384 512\" xmlns=\"http:\/\/www.w3.org\/2000\/svg\"><path d=\"M224 136V0H24C10.7 0 0 10.7 0 24v464c0 13.3 10.7 24 24 24h336c13.3 0 24-10.7 24-24V160H248c-13.2 0-24-10.8-24-24zm76.45 211.36l-96.42 95.7c-6.65 6.61-17.39 6.61-24.04 0l-96.42-95.7C73.42 337.29 80.54 320 94.82 320H160v-80c0-8.84 7.16-16 16-16h32c8.84 0 16 7.16 16 16v80h65.18c14.28 0 21.4 17.29 11.27 27.36zM377 105L279.1 7c-4.5-4.5-10.6-7-17-7H256v128h128v-6.1c0-6.3-2.5-12.4-7-16.9z\"><\/path><\/svg>\t\t\t<\/span>\n\t\t\t\t\t\t\t\t\t<span class=\"elementor-button-text\">Descaregar a nota s\u00edntese ENVELHECIMENTO<\/span>\n\t\t\t\t\t<\/span>\n\t\t\t\t\t<\/a>\n\t\t\t\t\t\t\t\t<\/div>\n\t\t\t\t<\/div>\n\t\t\t\t\t<\/div>\n\t\t\t\t<\/div>\n\t\t<div class=\"elementor-element elementor-element-824f862 e-flex e-con-boxed e-con e-parent\" data-id=\"824f862\" data-element_type=\"container\" data-e-type=\"container\" data-settings=\"{&quot;jet_parallax_layout_list&quot;:[]}\">\n\t\t\t\t\t<div class=\"e-con-inner\">\n\t\t\t\t<div class=\"elementor-element elementor-element-62a32b6 elementor-widget-divider--view-line elementor-widget elementor-widget-divider\" data-id=\"62a32b6\" data-element_type=\"widget\" data-e-type=\"widget\" data-widget_type=\"divider.default\">\n\t\t\t\t\t\t\t<div class=\"elementor-divider\">\n\t\t\t<span class=\"elementor-divider-separator\">\n\t\t\t\t\t\t<\/span>\n\t\t<\/div>\n\t\t\t\t\t\t<\/div>\n\t\t\t\t<div class=\"elementor-element elementor-element-8d84188 elementor-widget elementor-widget-heading\" data-id=\"8d84188\" data-element_type=\"widget\" data-e-type=\"widget\" data-widget_type=\"heading.default\">\n\t\t\t\t\t<h2 class=\"elementor-heading-title elementor-size-default\"><p><b><span lang=\"PT\">O que se espera dos projetos<\/span><\/b><span style=\"font-size: 2rem\"><\/span><\/p><\/h2>\t\t\t\t<\/div>\n\t\t\t\t<div class=\"elementor-element elementor-element-5bc0bb4 elementor-widget elementor-widget-text-editor\" data-id=\"5bc0bb4\" data-element_type=\"widget\" data-e-type=\"widget\" data-widget_type=\"text-editor.default\">\n\t\t\t\t\t\t\t\t\t<p>Os projetos estruturantes devem:<\/p>\t\t\t\t\t\t\t\t<\/div>\n\t\t\t\t\t<\/div>\n\t\t\t\t<\/div>\n\t\t<div class=\"elementor-element elementor-element-b5c833d e-flex e-con-boxed e-con e-parent\" data-id=\"b5c833d\" data-element_type=\"container\" data-e-type=\"container\" data-settings=\"{&quot;jet_parallax_layout_list&quot;:[]}\">\n\t\t\t\t\t<div class=\"e-con-inner\">\n\t\t<div class=\"elementor-element elementor-element-1977545 e-con-full e-flex e-con e-child\" data-id=\"1977545\" data-element_type=\"container\" data-e-type=\"container\" data-settings=\"{&quot;jet_parallax_layout_list&quot;:[]}\">\n\t\t\t\t<div class=\"elementor-element elementor-element-ce54fe4 elementor-widget elementor-widget-image\" data-id=\"ce54fe4\" data-element_type=\"widget\" data-e-type=\"widget\" data-widget_type=\"image.default\">\n\t\t\t\t\t\t\t\t\t\t\t\t\t\t\t<img loading=\"lazy\" decoding=\"async\" width=\"300\" height=\"300\" src=\"https:\/\/interreg-sudoe.eu\/wp-content\/uploads\/2026\/04\/territorio.png\" class=\"attachment-large size-large wp-image-64423\" alt=\"\" srcset=\"https:\/\/interreg-sudoe.eu\/wp-content\/uploads\/2026\/04\/territorio.png 300w, https:\/\/interreg-sudoe.eu\/wp-content\/uploads\/2026\/04\/territorio-150x150.png 150w\" sizes=\"(max-width: 300px) 100vw, 300px\" \/>\t\t\t\t\t\t\t\t\t\t\t\t\t\t\t<\/div>\n\t\t\t\t<div class=\"elementor-element elementor-element-bedc429 elementor-widget elementor-widget-text-editor\" data-id=\"bedc429\" data-element_type=\"widget\" data-e-type=\"widget\" data-widget_type=\"text-editor.default\">\n\t\t\t\t\t\t\t\t\t<p style=\"text-align: center;\"><span lang=\"PT\" style=\"font-size: 11.0pt; line-height: 107%; font-family: 'Open Sans',sans-serif; mso-fareast-font-family: Aptos; mso-fareast-theme-font: minor-latin; mso-bidi-font-family: 'Times New Roman'; mso-bidi-theme-font: minor-bidi; mso-ansi-language: PT; mso-fareast-language: EN-US; mso-bidi-language: AR-SA;\">Produzir resultados que cubram uma parte significativa do territ\u00f3rio Sudoe<\/span><\/p>\t\t\t\t\t\t\t\t<\/div>\n\t\t\t\t<\/div>\n\t\t<div class=\"elementor-element elementor-element-e111ad6 e-con-full e-flex e-con e-child\" data-id=\"e111ad6\" data-element_type=\"container\" data-e-type=\"container\" data-settings=\"{&quot;jet_parallax_layout_list&quot;:[]}\">\n\t\t\t\t<div class=\"elementor-element elementor-element-0fb7776 elementor-widget elementor-widget-image\" data-id=\"0fb7776\" data-element_type=\"widget\" data-e-type=\"widget\" data-widget_type=\"image.default\">\n\t\t\t\t\t\t\t\t\t\t\t\t\t\t\t<img loading=\"lazy\" decoding=\"async\" width=\"300\" height=\"300\" src=\"https:\/\/interreg-sudoe.eu\/wp-content\/uploads\/2026\/04\/pol_publicas.png\" class=\"attachment-large size-large wp-image-64424\" alt=\"\" srcset=\"https:\/\/interreg-sudoe.eu\/wp-content\/uploads\/2026\/04\/pol_publicas.png 300w, https:\/\/interreg-sudoe.eu\/wp-content\/uploads\/2026\/04\/pol_publicas-150x150.png 150w\" sizes=\"(max-width: 300px) 100vw, 300px\" \/>\t\t\t\t\t\t\t\t\t\t\t\t\t\t\t<\/div>\n\t\t\t\t<div class=\"elementor-element elementor-element-ea95795 elementor-widget elementor-widget-text-editor\" data-id=\"ea95795\" data-element_type=\"widget\" data-e-type=\"widget\" data-widget_type=\"text-editor.default\">\n\t\t\t\t\t\t\t\t\t<p style=\"text-align: center;\">Contribuir para o desenvolvimento ou a transfer\u00eancia de solu\u00e7\u00f5es validadas para as pol\u00edticas p\u00fablicas<\/p>\t\t\t\t\t\t\t\t<\/div>\n\t\t\t\t<\/div>\n\t\t<div class=\"elementor-element elementor-element-fae9e44 e-con-full e-flex e-con e-child\" data-id=\"fae9e44\" data-element_type=\"container\" data-e-type=\"container\" data-settings=\"{&quot;jet_parallax_layout_list&quot;:[]}\">\n\t\t\t\t<div class=\"elementor-element elementor-element-65b0d4d elementor-widget elementor-widget-image\" data-id=\"65b0d4d\" data-element_type=\"widget\" data-e-type=\"widget\" data-widget_type=\"image.default\">\n\t\t\t\t\t\t\t\t\t\t\t\t\t\t\t<img loading=\"lazy\" decoding=\"async\" width=\"300\" height=\"300\" src=\"https:\/\/interreg-sudoe.eu\/wp-content\/uploads\/2026\/04\/desplegue.png\" class=\"attachment-large size-large wp-image-64425\" alt=\"\" srcset=\"https:\/\/interreg-sudoe.eu\/wp-content\/uploads\/2026\/04\/desplegue.png 300w, https:\/\/interreg-sudoe.eu\/wp-content\/uploads\/2026\/04\/desplegue-150x150.png 150w\" sizes=\"(max-width: 300px) 100vw, 300px\" \/>\t\t\t\t\t\t\t\t\t\t\t\t\t\t\t<\/div>\n\t\t\t\t<div class=\"elementor-element elementor-element-fdf8392 elementor-widget elementor-widget-text-editor\" data-id=\"fdf8392\" data-element_type=\"widget\" data-e-type=\"widget\" data-widget_type=\"text-editor.default\">\n\t\t\t\t\t\t\t\t\t<p style=\"text-align: center;\">Demonstrar a sua capacidade de ser replicados a maior escala ap\u00f3s o t\u00e9rmino do projeto.<\/p><p style=\"text-align: center;\">.<\/p>\t\t\t\t\t\t\t\t<\/div>\n\t\t\t\t<\/div>\n\t\t\t\t\t<\/div>\n\t\t\t\t<\/div>\n\t\t<div class=\"elementor-element elementor-element-aea7153 e-flex e-con-boxed e-con e-parent\" data-id=\"aea7153\" data-element_type=\"container\" data-e-type=\"container\" data-settings=\"{&quot;jet_parallax_layout_list&quot;:[]}\">\n\t\t\t\t\t<div class=\"e-con-inner\">\n\t\t\t\t<div class=\"elementor-element elementor-element-c9e9d4b elementor-widget elementor-widget-heading\" data-id=\"c9e9d4b\" data-element_type=\"widget\" data-e-type=\"widget\" data-widget_type=\"heading.default\">\n\t\t\t\t\t<h2 class=\"elementor-heading-title elementor-size-default\"><p><b><span lang=\"PT\">Quem pode candidatar\u2011se<\/span><\/b><span style=\"font-size: 2rem\"><\/span><\/p><\/h2>\t\t\t\t<\/div>\n\t\t\t\t<div class=\"elementor-element elementor-element-8f42e33 elementor-widget elementor-widget-text-editor\" data-id=\"8f42e33\" data-element_type=\"widget\" data-e-type=\"widget\" data-widget_type=\"text-editor.default\">\n\t\t\t\t\t\t\t\t\t<p>A parceria deve reunir entidades-chave do setor visado, capazes de definir e implementar pol\u00edticas p\u00fablicas e habilitadas a produzir normas. A composi\u00e7\u00e3o da parceria dever\u00e1 ser coerente com os objetivos do projeto e baseada num contributo efetivo de cada entidade.<\/p><p>Deve incluir os tipos de atores seguintes:<\/p>\t\t\t\t\t\t\t\t<\/div>\n\t\t\t\t\t<\/div>\n\t\t\t\t<\/div>\n\t\t<div class=\"elementor-element elementor-element-3cf1fdd e-flex e-con-boxed e-con e-parent\" data-id=\"3cf1fdd\" data-element_type=\"container\" data-e-type=\"container\" data-settings=\"{&quot;jet_parallax_layout_list&quot;:[]}\">\n\t\t\t\t\t<div class=\"e-con-inner\">\n\t\t<div class=\"elementor-element elementor-element-ee0bf7c e-con-full e-flex e-con e-child\" data-id=\"ee0bf7c\" data-element_type=\"container\" data-e-type=\"container\" data-settings=\"{&quot;jet_parallax_layout_list&quot;:[]}\">\n\t\t\t\t<div class=\"elementor-element elementor-element-f556701 elementor-widget elementor-widget-heading\" data-id=\"f556701\" data-element_type=\"widget\" data-e-type=\"widget\" data-widget_type=\"heading.default\">\n\t\t\t\t\t<h2 class=\"elementor-heading-title elementor-size-default\">Inc\u00eandios<\/h2>\t\t\t\t<\/div>\n\t\t\t\t<div class=\"elementor-element elementor-element-22faae1 elementor-headline--style-highlight elementor-widget elementor-widget-animated-headline\" data-id=\"22faae1\" data-element_type=\"widget\" data-e-type=\"widget\" data-settings=\"{&quot;marker&quot;:&quot;double_underline&quot;,&quot;highlighted_text&quot;:&quot;obrigatorias&quot;,&quot;headline_style&quot;:&quot;highlight&quot;,&quot;loop&quot;:&quot;yes&quot;,&quot;highlight_animation_duration&quot;:1200,&quot;highlight_iteration_delay&quot;:8000}\" data-widget_type=\"animated-headline.default\">\n\t\t\t\t\t\t\t<h3 class=\"elementor-headline\">\n\t\t\t\t\t<span class=\"elementor-headline-plain-text elementor-headline-text-wrapper\">Entidades<\/span>\n\t\t\t\t<span class=\"elementor-headline-dynamic-wrapper elementor-headline-text-wrapper\">\n\t\t\t\t\t<span class=\"elementor-headline-dynamic-text elementor-headline-text-active\">obrigatorias<\/span>\n\t\t\t\t<\/span>\n\t\t\t\t<\/h3>\n\t\t\t\t\t\t<\/div>\n\t\t<div class=\"elementor-element elementor-element-07b6357 e-con-full e-flex e-con e-child\" data-id=\"07b6357\" data-element_type=\"container\" data-e-type=\"container\" data-settings=\"{&quot;jet_parallax_layout_list&quot;:[]}\">\n\t\t\t\t<div class=\"elementor-element elementor-element-af11a0c elementor-widget elementor-widget-text-editor\" data-id=\"af11a0c\" data-element_type=\"widget\" data-e-type=\"widget\" data-widget_type=\"text-editor.default\">\n\t\t\t\t\t\t\t\t\t<ul><li><strong>Organismos nacionais<\/strong> (prote\u00e7\u00e3o civil, gest\u00e3o de riscos, etc.) <span style=\"color: #99cc00;\"><strong>\u21d2<\/strong><\/span> pelo menos uma entidade deste tipo de um dos 3 Estados-Membros do Sudoe para toda a parceri<\/li><li><strong>Autoridades regionais o locais<\/strong> (autarquias, ag\u00eancias p\u00fablicas competentes))\u00a0 <span style=\"color: #99cc00;\"><strong>\u21d2 <\/strong><\/span>pelo menos uma entidade deste tipo para cada um dos tr\u00eas Estados-Membros do Sudoe<\/li><li><strong>Atores operacionais<\/strong> (servi\u00e7os de interven\u00e7\u00e3o, etc.) <span style=\"color: #99cc00;\"><strong>\u21d2 <\/strong><\/span>pelo menos uma entidade deste tipo para cada um dos tr\u00eas Estados-Membros do Sudoe.<\/li><\/ul>\t\t\t\t\t\t\t\t<\/div>\n\t\t\t\t<\/div>\n\t\t<div class=\"elementor-element elementor-element-6a86d70 e-con-full e-flex e-con e-child\" data-id=\"6a86d70\" data-element_type=\"container\" data-e-type=\"container\" data-settings=\"{&quot;jet_parallax_layout_list&quot;:[]}\">\n\t\t\t\t<div class=\"elementor-element elementor-element-6abc1af elementor-headline--style-highlight elementor-widget elementor-widget-animated-headline\" data-id=\"6abc1af\" data-element_type=\"widget\" data-e-type=\"widget\" data-settings=\"{&quot;marker&quot;:&quot;underline&quot;,&quot;highlighted_text&quot;:&quot;facultativos&quot;,&quot;headline_style&quot;:&quot;highlight&quot;,&quot;loop&quot;:&quot;yes&quot;,&quot;highlight_animation_duration&quot;:1200,&quot;highlight_iteration_delay&quot;:8000}\" data-widget_type=\"animated-headline.default\">\n\t\t\t\t\t\t\t<h3 class=\"elementor-headline\">\n\t\t\t\t\t<span class=\"elementor-headline-plain-text elementor-headline-text-wrapper\">Entidades<\/span>\n\t\t\t\t<span class=\"elementor-headline-dynamic-wrapper elementor-headline-text-wrapper\">\n\t\t\t\t\t<span class=\"elementor-headline-dynamic-text elementor-headline-text-active\">facultativos<\/span>\n\t\t\t\t<\/span>\n\t\t\t\t<\/h3>\n\t\t\t\t\t\t<\/div>\n\t\t\t\t<\/div>\n\t\t<div class=\"elementor-element elementor-element-ab4a0b5 e-con-full e-flex e-con e-child\" data-id=\"ab4a0b5\" data-element_type=\"container\" data-e-type=\"container\" data-settings=\"{&quot;jet_parallax_layout_list&quot;:[]}\">\n\t\t\t\t<div class=\"elementor-element elementor-element-9ea2969 elementor-widget elementor-widget-text-editor\" data-id=\"9ea2969\" data-element_type=\"widget\" data-e-type=\"widget\" data-widget_type=\"text-editor.default\">\n\t\t\t\t\t\t\t\t\t<ul><li>Institutos, centros t\u00e9cnicos e organismos cient\u00edficos<\/li><li>Universidades e centros de investiga\u00e7\u00e3o<\/li><\/ul>\t\t\t\t\t\t\t\t<\/div>\n\t\t\t\t<\/div>\n\t\t\t\t<\/div>\n\t\t<div class=\"elementor-element elementor-element-66ec153 e-con-full e-flex e-con e-child\" data-id=\"66ec153\" data-element_type=\"container\" data-e-type=\"container\" data-settings=\"{&quot;jet_parallax_layout_list&quot;:[]}\">\n\t\t\t\t<div class=\"elementor-element elementor-element-4001122 elementor-widget elementor-widget-heading\" data-id=\"4001122\" data-element_type=\"widget\" data-e-type=\"widget\" data-widget_type=\"heading.default\">\n\t\t\t\t\t<h2 class=\"elementor-heading-title elementor-size-default\">Envelhecimento<\/h2>\t\t\t\t<\/div>\n\t\t\t\t<div class=\"elementor-element elementor-element-be4b543 elementor-headline--style-highlight elementor-widget elementor-widget-animated-headline\" data-id=\"be4b543\" data-element_type=\"widget\" data-e-type=\"widget\" data-settings=\"{&quot;marker&quot;:&quot;double_underline&quot;,&quot;highlighted_text&quot;:&quot;obrigatorias&quot;,&quot;headline_style&quot;:&quot;highlight&quot;,&quot;loop&quot;:&quot;yes&quot;,&quot;highlight_animation_duration&quot;:1200,&quot;highlight_iteration_delay&quot;:8000}\" data-widget_type=\"animated-headline.default\">\n\t\t\t\t\t\t\t<h3 class=\"elementor-headline\">\n\t\t\t\t\t<span class=\"elementor-headline-plain-text elementor-headline-text-wrapper\">Entidades<\/span>\n\t\t\t\t<span class=\"elementor-headline-dynamic-wrapper elementor-headline-text-wrapper\">\n\t\t\t\t\t<span class=\"elementor-headline-dynamic-text elementor-headline-text-active\">obrigatorias<\/span>\n\t\t\t\t<\/span>\n\t\t\t\t<\/h3>\n\t\t\t\t\t\t<\/div>\n\t\t<div class=\"elementor-element elementor-element-00c2a70 e-con-full e-flex e-con e-child\" data-id=\"00c2a70\" data-element_type=\"container\" data-e-type=\"container\" data-settings=\"{&quot;jet_parallax_layout_list&quot;:[]}\">\n\t\t\t\t<div class=\"elementor-element elementor-element-2a29742 elementor-widget elementor-widget-text-editor\" data-id=\"2a29742\" data-element_type=\"widget\" data-e-type=\"widget\" data-widget_type=\"text-editor.default\">\n\t\t\t\t\t\t\t\t\t<ul><li><strong>Organismos nacionais<\/strong> (sa\u00fade, pol\u00edticas sociais, etc.) <span style=\"color: #ff99cc;\"><strong>\u21d2<\/strong><\/span> pelo menos uma entidade deste tipo de um dos 3 Estados-Membros do Sudoe para toda a parceria<\/li><li><strong>Autoridades regionais o locais<\/strong> (autarquias, ag\u00eancias p\u00fablicas competentes)\u00a0 <span style=\"color: #ff99cc;\"><strong>\u21d2 <\/strong><\/span>pelo menos uma entidade deste tipo para cada um dos tr\u00eas Estados-Membros do Sudoe<\/li><li><strong>Atores operacionais <\/strong>(servi\u00e7os sociais, estruturas m\u00e9dico-sociais, etc.)<span style=\"color: #ff99cc;\"> <strong>\u21d2 <\/strong><\/span>pelo menos uma entidade deste tipo para cada um dos tr\u00eas Estados-Membros do Sudoe<\/li><\/ul>\t\t\t\t\t\t\t\t<\/div>\n\t\t\t\t<\/div>\n\t\t<div class=\"elementor-element elementor-element-5d3a375 e-con-full e-flex e-con e-child\" data-id=\"5d3a375\" data-element_type=\"container\" data-e-type=\"container\" data-settings=\"{&quot;jet_parallax_layout_list&quot;:[]}\">\n\t\t\t\t<div class=\"elementor-element elementor-element-f06f01b elementor-headline--style-highlight elementor-widget elementor-widget-animated-headline\" data-id=\"f06f01b\" data-element_type=\"widget\" data-e-type=\"widget\" data-settings=\"{&quot;marker&quot;:&quot;underline&quot;,&quot;highlighted_text&quot;:&quot;facultativos&quot;,&quot;headline_style&quot;:&quot;highlight&quot;,&quot;loop&quot;:&quot;yes&quot;,&quot;highlight_animation_duration&quot;:1200,&quot;highlight_iteration_delay&quot;:8000}\" data-widget_type=\"animated-headline.default\">\n\t\t\t\t\t\t\t<h3 class=\"elementor-headline\">\n\t\t\t\t\t<span class=\"elementor-headline-plain-text elementor-headline-text-wrapper\">Entidades<\/span>\n\t\t\t\t<span class=\"elementor-headline-dynamic-wrapper elementor-headline-text-wrapper\">\n\t\t\t\t\t<span class=\"elementor-headline-dynamic-text elementor-headline-text-active\">facultativos<\/span>\n\t\t\t\t<\/span>\n\t\t\t\t<\/h3>\n\t\t\t\t\t\t<\/div>\n\t\t\t\t<\/div>\n\t\t<div class=\"elementor-element elementor-element-4b3e142 e-con-full e-flex e-con e-child\" data-id=\"4b3e142\" data-element_type=\"container\" data-e-type=\"container\" data-settings=\"{&quot;jet_parallax_layout_list&quot;:[]}\">\n\t\t\t\t<div class=\"elementor-element elementor-element-0fcb1d8 elementor-widget elementor-widget-text-editor\" data-id=\"0fcb1d8\" data-element_type=\"widget\" data-e-type=\"widget\" data-widget_type=\"text-editor.default\">\n\t\t\t\t\t\t\t\t\t<ul><li>Institutos, centros t\u00e9cnicos e organismos cient\u00edficos<\/li><li>Universidades e centros de investiga\u00e7\u00e3o<\/li><\/ul>\t\t\t\t\t\t\t\t<\/div>\n\t\t\t\t<\/div>\n\t\t\t\t<\/div>\n\t\t\t\t\t<\/div>\n\t\t\t\t<\/div>\n\t\t<div class=\"elementor-element elementor-element-5705dbe e-flex e-con-boxed e-con e-parent\" data-id=\"5705dbe\" data-element_type=\"container\" data-e-type=\"container\" data-settings=\"{&quot;jet_parallax_layout_list&quot;:[]}\">\n\t\t\t\t\t<div class=\"e-con-inner\">\n\t\t\t\t<div class=\"elementor-element elementor-element-046f901 elementor-widget elementor-widget-spacer\" data-id=\"046f901\" data-element_type=\"widget\" data-e-type=\"widget\" data-widget_type=\"spacer.default\">\n\t\t\t\t\t\t\t<div class=\"elementor-spacer\">\n\t\t\t<div class=\"elementor-spacer-inner\"><\/div>\n\t\t<\/div>\n\t\t\t\t\t\t<\/div>\n\t\t\t\t<div class=\"elementor-element elementor-element-5754df3 elementor-widget elementor-widget-heading\" data-id=\"5754df3\" data-element_type=\"widget\" data-e-type=\"widget\" data-widget_type=\"heading.default\">\n\t\t\t\t\t<h2 class=\"elementor-heading-title elementor-size-default\">O or\u00e7amento da convocat\u00f3ria<\/h2>\t\t\t\t<\/div>\n\t\t\t\t\t<\/div>\n\t\t\t\t<\/div>\n\t\t<div class=\"elementor-element elementor-element-bd7550f e-flex e-con-boxed e-con e-parent\" data-id=\"bd7550f\" data-element_type=\"container\" data-e-type=\"container\" data-settings=\"{&quot;jet_parallax_layout_list&quot;:[]}\">\n\t\t\t\t\t<div class=\"e-con-inner\">\n\t\t\t\t<div class=\"elementor-element elementor-element-24e0fe9 elementor-widget elementor-widget-counter\" data-id=\"24e0fe9\" data-element_type=\"widget\" data-e-type=\"widget\" data-widget_type=\"counter.default\">\n\t\t\t\t\t\t\t<div class=\"elementor-counter\">\n\t\t\t<div class=\"elementor-counter-title\">montante FEDER dispon\u00edvel<\/div>\t\t\t<div class=\"elementor-counter-number-wrapper\">\n\t\t\t\t<span class=\"elementor-counter-number-prefix\"><\/span>\n\t\t\t\t<span class=\"elementor-counter-number\" data-duration=\"2000\" data-to-value=\"8768940.7\" data-from-value=\"10000\" data-delimiter=\" \">10000<\/span>\n\t\t\t\t<span class=\"elementor-counter-number-suffix\"> euros<\/span>\n\t\t\t<\/div>\n\t\t<\/div>\n\t\t\t\t\t\t<\/div>\n\t\t\t\t\t<\/div>\n\t\t\t\t<\/div>\n\t\t<div class=\"elementor-element elementor-element-57fad71 e-flex e-con-boxed e-con e-parent\" data-id=\"57fad71\" data-element_type=\"container\" data-e-type=\"container\" data-settings=\"{&quot;jet_parallax_layout_list&quot;:[]}\">\n\t\t\t\t\t<div class=\"e-con-inner\">\n\t\t<div class=\"elementor-element elementor-element-ca12c7a e-con-full e-flex e-con e-child\" data-id=\"ca12c7a\" data-element_type=\"container\" data-e-type=\"container\" data-settings=\"{&quot;jet_parallax_layout_list&quot;:[]}\">\n\t\t\t\t<div class=\"elementor-element elementor-element-aeec5f0 elementor-widget elementor-widget-heading\" data-id=\"aeec5f0\" data-element_type=\"widget\" data-e-type=\"widget\" data-widget_type=\"heading.default\">\n\t\t\t\t\t<h2 class=\"elementor-heading-title elementor-size-default\">Inc\u00eandios<\/h2>\t\t\t\t<\/div>\n\t\t\t\t<div class=\"elementor-element elementor-element-cc71045 elementor-widget elementor-widget-counter\" data-id=\"cc71045\" data-element_type=\"widget\" data-e-type=\"widget\" data-widget_type=\"counter.default\">\n\t\t\t\t\t\t\t<div class=\"elementor-counter\">\n\t\t\t\t\t\t<div class=\"elementor-counter-number-wrapper\">\n\t\t\t\t<span class=\"elementor-counter-number-prefix\"><\/span>\n\t\t\t\t<span class=\"elementor-counter-number\" data-duration=\"2000\" data-to-value=\"5768940.7\" data-from-value=\"4000000\" data-delimiter=\" \">4000000<\/span>\n\t\t\t\t<span class=\"elementor-counter-number-suffix\"> euros<\/span>\n\t\t\t<\/div>\n\t\t<\/div>\n\t\t\t\t\t\t<\/div>\n\t\t\t\t<\/div>\n\t\t<div class=\"elementor-element elementor-element-66e0aa5 e-con-full e-flex e-con e-child\" data-id=\"66e0aa5\" data-element_type=\"container\" data-e-type=\"container\" data-settings=\"{&quot;jet_parallax_layout_list&quot;:[]}\">\n\t\t\t\t<div class=\"elementor-element elementor-element-d9eaaa5 elementor-widget elementor-widget-heading\" data-id=\"d9eaaa5\" data-element_type=\"widget\" data-e-type=\"widget\" data-widget_type=\"heading.default\">\n\t\t\t\t\t<h2 class=\"elementor-heading-title elementor-size-default\">Envelhecimento<\/h2>\t\t\t\t<\/div>\n\t\t\t\t<div class=\"elementor-element elementor-element-d5fcbbf elementor-widget elementor-widget-counter\" data-id=\"d5fcbbf\" data-element_type=\"widget\" data-e-type=\"widget\" data-widget_type=\"counter.default\">\n\t\t\t\t\t\t\t<div class=\"elementor-counter\">\n\t\t\t\t\t\t<div class=\"elementor-counter-number-wrapper\">\n\t\t\t\t<span class=\"elementor-counter-number-prefix\"> <\/span>\n\t\t\t\t<span class=\"elementor-counter-number\" data-duration=\"2000\" data-to-value=\"3000000\" data-from-value=\"1000000\" data-delimiter=\" \">1000000<\/span>\n\t\t\t\t<span class=\"elementor-counter-number-suffix\">euros<\/span>\n\t\t\t<\/div>\n\t\t<\/div>\n\t\t\t\t\t\t<\/div>\n\t\t\t\t<\/div>\n\t\t\t\t\t<\/div>\n\t\t\t\t<\/div>\n\t\t<div class=\"elementor-element elementor-element-cd454ee e-flex e-con-boxed e-con e-parent\" data-id=\"cd454ee\" data-element_type=\"container\" data-e-type=\"container\" data-settings=\"{&quot;jet_parallax_layout_list&quot;:[]}\">\n\t\t\t\t\t<div class=\"e-con-inner\">\n\t\t\t\t<div class=\"elementor-element elementor-element-74318a9 elementor-alert-danger elementor-widget elementor-widget-alert\" data-id=\"74318a9\" data-element_type=\"widget\" data-e-type=\"widget\" data-widget_type=\"alert.default\">\n\t\t\t\t\t\t\t<div class=\"elementor-alert\" role=\"alert\">\n\n\t\t\t\t\t\t<span class=\"elementor-alert-title\">Importante!<\/span>\n\t\t\t\n\t\t\t\t\t\t<span class=\"elementor-alert-description\">Para garantir a qualidade e o impacto da convocat\u00f3ria, e tendo em conta a sua elevada ambi\u00e7\u00e3o, ser\u00e1 selecionado apenas um projeto por prioridade, num total de dois projetos.<\/span>\n\t\t\t\n\t\t\t\t\t\t<button type=\"button\" class=\"elementor-alert-dismiss\" aria-label=\"Dismiss this alert.\">\n\t\t\t\t\t\t\t\t\t<span aria-hidden=\"true\">&times;<\/span>\n\t\t\t\t\t\t\t<\/button>\n\t\t\t\n\t\t<\/div>\n\t\t\t\t\t\t<\/div>\n\t\t\t\t\t<\/div>\n\t\t\t\t<\/div>\n\t\t<div class=\"elementor-element elementor-element-832faa3 e-flex e-con-boxed e-con e-parent\" data-id=\"832faa3\" data-element_type=\"container\" data-e-type=\"container\" data-settings=\"{&quot;jet_parallax_layout_list&quot;:[]}\">\n\t\t\t\t\t<div class=\"e-con-inner\">\n\t\t<div class=\"elementor-element elementor-element-76ad8ed e-con-full e-flex e-con e-child\" data-id=\"76ad8ed\" data-element_type=\"container\" data-e-type=\"container\" data-settings=\"{&quot;jet_parallax_layout_list&quot;:[]}\">\n\t\t\t\t<div class=\"elementor-element elementor-element-19762e8 elementor-widget elementor-widget-heading\" data-id=\"19762e8\" data-element_type=\"widget\" data-e-type=\"widget\" data-widget_type=\"heading.default\">\n\t\t\t\t\t<h2 class=\"elementor-heading-title elementor-size-default\"><p><b><span lang=\"PT\">Implementa\u00e7\u00e3o da convocat\u00f3ria e acompanhamento dos promotores<\/span><\/b><span style=\"font-size: 2rem\"><\/span><\/p><\/h2>\t\t\t\t<\/div>\n\t\t\t\t<div class=\"elementor-element elementor-element-05c0748 elementor-widget elementor-widget-text-editor\" data-id=\"05c0748\" data-element_type=\"widget\" data-e-type=\"widget\" data-widget_type=\"text-editor.default\">\n\t\t\t\t\t\t\t\t\t<p>O texto oficial da convocat\u00f3ria ser\u00e1 publicado no site do Programa em <span style=\"color: #c16023;\"><strong>maio de 2026<\/strong><\/span> e a convocat\u00f3ria permanecer\u00e1 aberta at\u00e9 ao final de <span style=\"color: #c16023;\"><strong>setembro de 2026<\/strong>.<\/span><\/p><p>Um <span style=\"color: #c16023;\"><strong>webinar informativo<\/strong><\/span> ser\u00e1 organizado para os promotores de projetos. A data e as modalidades de participa\u00e7\u00e3o ser\u00e3o comunicadas ao mesmo tempo que a divulga\u00e7\u00e3o do texto da Convocat\u00f3ria nesta p\u00e1gina.<\/p>\t\t\t\t\t\t\t\t<\/div>\n\t\t\t\t<\/div>\n\t\t\t\t\t<\/div>\n\t\t\t\t<\/div>\n\t\t<div class=\"elementor-element elementor-element-6aca132 e-flex e-con-boxed e-con e-parent\" data-id=\"6aca132\" data-element_type=\"container\" data-e-type=\"container\" data-settings=\"{&quot;jet_parallax_layout_list&quot;:[]}\">\n\t\t\t\t\t<div class=\"e-con-inner\">\n\t\t<div class=\"elementor-element elementor-element-591b15f e-con-full e-flex e-con e-child\" data-id=\"591b15f\" data-element_type=\"container\" data-e-type=\"container\" data-settings=\"{&quot;jet_parallax_layout_list&quot;:[]}\">\n\t\t\t\t<div class=\"elementor-element elementor-element-e466103 elementor-headline--style-highlight elementor-widget elementor-widget-animated-headline\" data-id=\"e466103\" data-element_type=\"widget\" data-e-type=\"widget\" data-settings=\"{&quot;marker&quot;:&quot;underline_zigzag&quot;,&quot;highlighted_text&quot;:&quot;consulte:&quot;,&quot;headline_style&quot;:&quot;highlight&quot;,&quot;loop&quot;:&quot;yes&quot;,&quot;highlight_animation_duration&quot;:1200,&quot;highlight_iteration_delay&quot;:8000}\" data-widget_type=\"animated-headline.default\">\n\t\t\t\t\t\t\t<h4 class=\"elementor-headline\">\n\t\t\t\t\t<span class=\"elementor-headline-plain-text elementor-headline-text-wrapper\">Para mais informa\u00e7\u00f5es, <\/span>\n\t\t\t\t<span class=\"elementor-headline-dynamic-wrapper elementor-headline-text-wrapper\">\n\t\t\t\t\t<span class=\"elementor-headline-dynamic-text elementor-headline-text-active\">consulte:<\/span>\n\t\t\t\t<\/span>\n\t\t\t\t<\/h4>\n\t\t\t\t\t\t<\/div>\n\t\t\t\t<div class=\"elementor-element elementor-element-181a7d1 elementor-widget elementor-widget-text-editor\" data-id=\"181a7d1\" data-element_type=\"widget\" data-e-type=\"widget\" data-widget_type=\"text-editor.default\">\n\t\t\t\t\t\t\t\t\t<ul><li>As notas de s\u00edntese sob as duas tem\u00e1ticas (<a href=\"https:\/\/interreg-sudoe.eu\/wp-content\/uploads\/2026\/04\/Sintese_Focus_Group_Incendios_PT.pdf\" target=\"_blank\" rel=\"noopener\">inc\u00eandios<\/a>; <a href=\"https:\/\/interreg-sudoe.eu\/wp-content\/uploads\/2026\/04\/Sintese_Focus_Group_Envelhecimento_PT.pdf\" target=\"_blank\" rel=\"noopener\">envelhecimento<\/a>)<\/li><li>A descri\u00e7\u00e3o dos objetivos espec\u00edficos 2.4 e 4.5 no <a href=\"https:\/\/interreg-sudoe.eu\/wp-content\/uploads\/2024\/05\/PT_PRG_Sudoe_2021_2027_vaprovada_01122023.pdf?x82071\" target=\"_blank\" rel=\"noopener\">programa de coopera\u00e7\u00e3o<\/a><\/li><\/ul>\t\t\t\t\t\t\t\t<\/div>\n\t\t<div class=\"elementor-element elementor-element-6023f82 e-grid e-con-full e-con e-child\" data-id=\"6023f82\" data-element_type=\"container\" data-e-type=\"container\" data-settings=\"{&quot;jet_parallax_layout_list&quot;:[]}\">\n\t\t\t\t<div class=\"elementor-element elementor-element-7f028c9 elementor-widget elementor-widget-text-editor\" data-id=\"7f028c9\" data-element_type=\"widget\" data-e-type=\"widget\" data-widget_type=\"text-editor.default\">\n\t\t\t\t\t\t\t\t\t<p style=\"text-align: center;\"><strong>N\u00e3o perca as novas informa\u00e7\u00f5es:<\/strong><\/p><p style=\"text-align: center;\"><strong> subscreva\u2011se \u00e0 nossa newsletter!<\/strong><\/p>\t\t\t\t\t\t\t\t<\/div>\n\t\t\t\t<div class=\"elementor-element elementor-element-c69924b elementor-align-left elementor-widget elementor-widget-button\" data-id=\"c69924b\" data-element_type=\"widget\" data-e-type=\"widget\" data-widget_type=\"button.default\">\n\t\t\t\t\t\t\t\t\t\t<a class=\"elementor-button elementor-button-link elementor-size-sm\" href=\"https:\/\/interreg-sudoe.eu\/boletin-sudoe-news\/\" target=\"_blank\">\n\t\t\t\t\t\t<span class=\"elementor-button-content-wrapper\">\n\t\t\t\t\t\t<span class=\"elementor-button-icon\">\n\t\t\t\t<svg aria-hidden=\"true\" class=\"e-font-icon-svg e-far-edit\" viewBox=\"0 0 576 512\" xmlns=\"http:\/\/www.w3.org\/2000\/svg\"><path d=\"M402.3 344.9l32-32c5-5 13.7-1.5 13.7 5.7V464c0 26.5-21.5 48-48 48H48c-26.5 0-48-21.5-48-48V112c0-26.5 21.5-48 48-48h273.5c7.1 0 10.7 8.6 5.7 13.7l-32 32c-1.5 1.5-3.5 2.3-5.7 2.3H48v352h352V350.5c0-2.1.8-4.1 2.3-5.6zm156.6-201.8L296.3 405.7l-90.4 10c-26.2 2.9-48.5-19.2-45.6-45.6l10-90.4L432.9 17.1c22.9-22.9 59.9-22.9 82.7 0l43.2 43.2c22.9 22.9 22.9 60 .1 82.8zM460.1 174L402 115.9 216.2 301.8l-7.3 65.3 65.3-7.3L460.1 174zm64.8-79.7l-43.2-43.2c-4.1-4.1-10.8-4.1-14.8 0L436 82l58.1 58.1 30.9-30.9c4-4.2 4-10.8-.1-14.9z\"><\/path><\/svg>\t\t\t<\/span>\n\t\t\t\t\t\t\t\t\t<span class=\"elementor-button-text\">Subscreva-se<\/span>\n\t\t\t\t\t<\/span>\n\t\t\t\t\t<\/a>\n\t\t\t\t\t\t\t\t<\/div>\n\t\t\t\t<\/div>\n\t\t\t\t<\/div>\n\t\t\t\t\t<\/div>\n\t\t\t\t<\/div>\n\t\t\t\t<\/div>\n\t\t","protected":false},"excerpt":{"rendered":"<p>Agir face aos inc\u00eandios e ao envelhecimento da popula\u00e7\u00e3o Na sequ\u00eancia do refor\u00e7o da dota\u00e7\u00e3o FEDER concedido pela Comiss\u00e3o Europeia em 2023, o Programa Interreg Sudoe lan\u00e7a uma quarta convocat\u00f3ria dedicada aos projetos estruturantes. O objetivo \u00e9 propor solu\u00e7\u00f5es transnacionais ambiciosas para dois grandes desafios do espa\u00e7o sudoeste europeu. O que \u00e9 um projeto estruturante? [&hellip;]<\/p>\n","protected":false},"author":4334,"featured_media":0,"parent":0,"menu_order":0,"comment_status":"closed","ping_status":"closed","template":"","meta":{"_acf_changed":false,"content-type":"","_monsterinsights_skip_tracking":false,"_monsterinsights_sitenote_active":false,"_monsterinsights_sitenote_note":"","_monsterinsights_sitenote_category":0,"footnotes":""},"class_list":["post-64601","page","type-page","status-publish","hentry"],"acf":[],"yoast_head":"<!-- This site is optimized with the Yoast SEO plugin v27.4 - https:\/\/yoast.com\/product\/yoast-seo-wordpress\/ -->\n<title>4\u00aa convocat\u00f3ria - Interreg Sudoe<\/title>\n<meta name=\"robots\" content=\"index, follow, max-snippet:-1, max-image-preview:large, max-video-preview:-1\" \/>\n<link rel=\"canonical\" href=\"https:\/\/interreg-sudoe.eu\/pt-pt\/4a-convocatoria\/\" \/>\n<meta property=\"og:locale\" content=\"pt_PT\" \/>\n<meta property=\"og:type\" content=\"article\" \/>\n<meta property=\"og:title\" content=\"4\u00aa convocat\u00f3ria - Interreg Sudoe\" \/>\n<meta property=\"og:description\" content=\"Agir face aos inc\u00eandios e ao envelhecimento da popula\u00e7\u00e3o Na sequ\u00eancia do refor\u00e7o da dota\u00e7\u00e3o FEDER concedido pela Comiss\u00e3o Europeia em 2023, o Programa Interreg Sudoe lan\u00e7a uma quarta convocat\u00f3ria dedicada aos projetos estruturantes. O objetivo \u00e9 propor solu\u00e7\u00f5es transnacionais ambiciosas para dois grandes desafios do espa\u00e7o sudoeste europeu. O que \u00e9 um projeto estruturante? [&hellip;]\" \/>\n<meta property=\"og:url\" content=\"https:\/\/interreg-sudoe.eu\/pt-pt\/4a-convocatoria\/\" \/>\n<meta property=\"og:site_name\" content=\"Interreg Sudoe\" \/>\n<meta property=\"article:publisher\" content=\"https:\/\/www.facebook.com\/interregsudoe\" \/>\n<meta property=\"article:modified_time\" content=\"2026-04-27T13:49:53+00:00\" \/>\n<meta property=\"og:image\" content=\"https:\/\/interreg-sudoe.eu\/wp-content\/uploads\/2026\/04\/estructurante.png\" \/>\n\t<meta property=\"og:image:width\" content=\"579\" \/>\n\t<meta property=\"og:image:height\" content=\"578\" \/>\n\t<meta property=\"og:image:type\" content=\"image\/png\" \/>\n<meta name=\"twitter:card\" content=\"summary_large_image\" \/>\n<meta name=\"twitter:site\" content=\"@Sudoe5\" \/>\n<meta name=\"twitter:label1\" content=\"Tempo estimado de leitura\" \/>\n\t<meta name=\"twitter:data1\" content=\"4 minutos\" \/>\n<script type=\"application\/ld+json\" class=\"yoast-schema-graph\">{\"@context\":\"https:\\\/\\\/schema.org\",\"@graph\":[{\"@type\":\"WebPage\",\"@id\":\"https:\\\/\\\/interreg-sudoe.eu\\\/pt-pt\\\/4a-convocatoria\\\/\",\"url\":\"https:\\\/\\\/interreg-sudoe.eu\\\/pt-pt\\\/4a-convocatoria\\\/\",\"name\":\"4\u00aa convocat\u00f3ria - Interreg Sudoe\",\"isPartOf\":{\"@id\":\"https:\\\/\\\/interreg-sudoe.eu\\\/pt-pt\\\/#website\"},\"primaryImageOfPage\":{\"@id\":\"https:\\\/\\\/interreg-sudoe.eu\\\/pt-pt\\\/4a-convocatoria\\\/#primaryimage\"},\"image\":{\"@id\":\"https:\\\/\\\/interreg-sudoe.eu\\\/pt-pt\\\/4a-convocatoria\\\/#primaryimage\"},\"thumbnailUrl\":\"https:\\\/\\\/interreg-sudoe.eu\\\/wp-content\\\/uploads\\\/2026\\\/04\\\/estructurante.png\",\"datePublished\":\"2026-04-24T13:36:00+00:00\",\"dateModified\":\"2026-04-27T13:49:53+00:00\",\"breadcrumb\":{\"@id\":\"https:\\\/\\\/interreg-sudoe.eu\\\/pt-pt\\\/4a-convocatoria\\\/#breadcrumb\"},\"inLanguage\":\"pt-PT\",\"potentialAction\":[{\"@type\":\"ReadAction\",\"target\":[\"https:\\\/\\\/interreg-sudoe.eu\\\/pt-pt\\\/4a-convocatoria\\\/\"]}]},{\"@type\":\"ImageObject\",\"inLanguage\":\"pt-PT\",\"@id\":\"https:\\\/\\\/interreg-sudoe.eu\\\/pt-pt\\\/4a-convocatoria\\\/#primaryimage\",\"url\":\"https:\\\/\\\/interreg-sudoe.eu\\\/wp-content\\\/uploads\\\/2026\\\/04\\\/estructurante.png\",\"contentUrl\":\"https:\\\/\\\/interreg-sudoe.eu\\\/wp-content\\\/uploads\\\/2026\\\/04\\\/estructurante.png\"},{\"@type\":\"BreadcrumbList\",\"@id\":\"https:\\\/\\\/interreg-sudoe.eu\\\/pt-pt\\\/4a-convocatoria\\\/#breadcrumb\",\"itemListElement\":[{\"@type\":\"ListItem\",\"position\":1,\"name\":\"Home\",\"item\":\"https:\\\/\\\/interreg-sudoe.eu\\\/pt-pt\\\/\"},{\"@type\":\"ListItem\",\"position\":2,\"name\":\"4\u00aa convocat\u00f3ria\"}]},{\"@type\":\"WebSite\",\"@id\":\"https:\\\/\\\/interreg-sudoe.eu\\\/pt-pt\\\/#website\",\"url\":\"https:\\\/\\\/interreg-sudoe.eu\\\/pt-pt\\\/\",\"name\":\"Interreg Sudoe\",\"description\":\"Interreg Sudoe\",\"publisher\":{\"@id\":\"https:\\\/\\\/interreg-sudoe.eu\\\/pt-pt\\\/#organization\"},\"alternateName\":\"Interreg Sudoe\",\"potentialAction\":[{\"@type\":\"SearchAction\",\"target\":{\"@type\":\"EntryPoint\",\"urlTemplate\":\"https:\\\/\\\/interreg-sudoe.eu\\\/pt-pt\\\/?s={search_term_string}\"},\"query-input\":{\"@type\":\"PropertyValueSpecification\",\"valueRequired\":true,\"valueName\":\"search_term_string\"}}],\"inLanguage\":\"pt-PT\"},{\"@type\":\"Organization\",\"@id\":\"https:\\\/\\\/interreg-sudoe.eu\\\/pt-pt\\\/#organization\",\"name\":\"Interreg Sudoe\",\"alternateName\":\"Interreg Sudoe\",\"url\":\"https:\\\/\\\/interreg-sudoe.eu\\\/pt-pt\\\/\",\"logo\":{\"@type\":\"ImageObject\",\"inLanguage\":\"pt-PT\",\"@id\":\"https:\\\/\\\/interreg-sudoe.eu\\\/pt-pt\\\/#\\\/schema\\\/logo\\\/image\\\/\",\"url\":\"https:\\\/\\\/interreg-sudoe.eu\\\/wp-content\\\/uploads\\\/2024\\\/03\\\/logo-interreg.png\",\"contentUrl\":\"https:\\\/\\\/interreg-sudoe.eu\\\/wp-content\\\/uploads\\\/2024\\\/03\\\/logo-interreg.png\",\"width\":1200,\"height\":675,\"caption\":\"Interreg Sudoe\"},\"image\":{\"@id\":\"https:\\\/\\\/interreg-sudoe.eu\\\/pt-pt\\\/#\\\/schema\\\/logo\\\/image\\\/\"},\"sameAs\":[\"https:\\\/\\\/www.facebook.com\\\/interregsudoe\",\"https:\\\/\\\/x.com\\\/Sudoe5\",\"https:\\\/\\\/www.youtube.com\\\/channel\\\/UCeGx2edoB32beRc9dbKA2vw\",\"https:\\\/\\\/www.linkedin.com\\\/company\\\/interreg-sudoe-programme\\\/\",\"https:\\\/\\\/www.flickr.com\\\/photos\\\/148704685@N06\\\/\"]}]}<\/script>\n<!-- \/ Yoast SEO plugin. -->","yoast_head_json":{"title":"4\u00aa convocat\u00f3ria - Interreg Sudoe","robots":{"index":"index","follow":"follow","max-snippet":"max-snippet:-1","max-image-preview":"max-image-preview:large","max-video-preview":"max-video-preview:-1"},"canonical":"https:\/\/interreg-sudoe.eu\/pt-pt\/4a-convocatoria\/","og_locale":"pt_PT","og_type":"article","og_title":"4\u00aa convocat\u00f3ria - Interreg Sudoe","og_description":"Agir face aos inc\u00eandios e ao envelhecimento da popula\u00e7\u00e3o Na sequ\u00eancia do refor\u00e7o da dota\u00e7\u00e3o FEDER concedido pela Comiss\u00e3o Europeia em 2023, o Programa Interreg Sudoe lan\u00e7a uma quarta convocat\u00f3ria dedicada aos projetos estruturantes. O objetivo \u00e9 propor solu\u00e7\u00f5es transnacionais ambiciosas para dois grandes desafios do espa\u00e7o sudoeste europeu. O que \u00e9 um projeto estruturante? [&hellip;]","og_url":"https:\/\/interreg-sudoe.eu\/pt-pt\/4a-convocatoria\/","og_site_name":"Interreg Sudoe","article_publisher":"https:\/\/www.facebook.com\/interregsudoe","article_modified_time":"2026-04-27T13:49:53+00:00","og_image":[{"width":579,"height":578,"url":"https:\/\/interreg-sudoe.eu\/wp-content\/uploads\/2026\/04\/estructurante.png","type":"image\/png"}],"twitter_card":"summary_large_image","twitter_site":"@Sudoe5","twitter_misc":{"Tempo estimado de leitura":"4 minutos"},"schema":{"@context":"https:\/\/schema.org","@graph":[{"@type":"WebPage","@id":"https:\/\/interreg-sudoe.eu\/pt-pt\/4a-convocatoria\/","url":"https:\/\/interreg-sudoe.eu\/pt-pt\/4a-convocatoria\/","name":"4\u00aa convocat\u00f3ria - Interreg Sudoe","isPartOf":{"@id":"https:\/\/interreg-sudoe.eu\/pt-pt\/#website"},"primaryImageOfPage":{"@id":"https:\/\/interreg-sudoe.eu\/pt-pt\/4a-convocatoria\/#primaryimage"},"image":{"@id":"https:\/\/interreg-sudoe.eu\/pt-pt\/4a-convocatoria\/#primaryimage"},"thumbnailUrl":"https:\/\/interreg-sudoe.eu\/wp-content\/uploads\/2026\/04\/estructurante.png","datePublished":"2026-04-24T13:36:00+00:00","dateModified":"2026-04-27T13:49:53+00:00","breadcrumb":{"@id":"https:\/\/interreg-sudoe.eu\/pt-pt\/4a-convocatoria\/#breadcrumb"},"inLanguage":"pt-PT","potentialAction":[{"@type":"ReadAction","target":["https:\/\/interreg-sudoe.eu\/pt-pt\/4a-convocatoria\/"]}]},{"@type":"ImageObject","inLanguage":"pt-PT","@id":"https:\/\/interreg-sudoe.eu\/pt-pt\/4a-convocatoria\/#primaryimage","url":"https:\/\/interreg-sudoe.eu\/wp-content\/uploads\/2026\/04\/estructurante.png","contentUrl":"https:\/\/interreg-sudoe.eu\/wp-content\/uploads\/2026\/04\/estructurante.png"},{"@type":"BreadcrumbList","@id":"https:\/\/interreg-sudoe.eu\/pt-pt\/4a-convocatoria\/#breadcrumb","itemListElement":[{"@type":"ListItem","position":1,"name":"Home","item":"https:\/\/interreg-sudoe.eu\/pt-pt\/"},{"@type":"ListItem","position":2,"name":"4\u00aa convocat\u00f3ria"}]},{"@type":"WebSite","@id":"https:\/\/interreg-sudoe.eu\/pt-pt\/#website","url":"https:\/\/interreg-sudoe.eu\/pt-pt\/","name":"Interreg Sudoe","description":"Interreg Sudoe","publisher":{"@id":"https:\/\/interreg-sudoe.eu\/pt-pt\/#organization"},"alternateName":"Interreg Sudoe","potentialAction":[{"@type":"SearchAction","target":{"@type":"EntryPoint","urlTemplate":"https:\/\/interreg-sudoe.eu\/pt-pt\/?s={search_term_string}"},"query-input":{"@type":"PropertyValueSpecification","valueRequired":true,"valueName":"search_term_string"}}],"inLanguage":"pt-PT"},{"@type":"Organization","@id":"https:\/\/interreg-sudoe.eu\/pt-pt\/#organization","name":"Interreg Sudoe","alternateName":"Interreg Sudoe","url":"https:\/\/interreg-sudoe.eu\/pt-pt\/","logo":{"@type":"ImageObject","inLanguage":"pt-PT","@id":"https:\/\/interreg-sudoe.eu\/pt-pt\/#\/schema\/logo\/image\/","url":"https:\/\/interreg-sudoe.eu\/wp-content\/uploads\/2024\/03\/logo-interreg.png","contentUrl":"https:\/\/interreg-sudoe.eu\/wp-content\/uploads\/2024\/03\/logo-interreg.png","width":1200,"height":675,"caption":"Interreg Sudoe"},"image":{"@id":"https:\/\/interreg-sudoe.eu\/pt-pt\/#\/schema\/logo\/image\/"},"sameAs":["https:\/\/www.facebook.com\/interregsudoe","https:\/\/x.com\/Sudoe5","https:\/\/www.youtube.com\/channel\/UCeGx2edoB32beRc9dbKA2vw","https:\/\/www.linkedin.com\/company\/interreg-sudoe-programme\/","https:\/\/www.flickr.com\/photos\/148704685@N06\/"]}]}},"_links":{"self":[{"href":"https:\/\/interreg-sudoe.eu\/pt-pt\/wp-json\/wp\/v2\/pages\/64601","targetHints":{"allow":["GET"]}}],"collection":[{"href":"https:\/\/interreg-sudoe.eu\/pt-pt\/wp-json\/wp\/v2\/pages"}],"about":[{"href":"https:\/\/interreg-sudoe.eu\/pt-pt\/wp-json\/wp\/v2\/types\/page"}],"author":[{"embeddable":true,"href":"https:\/\/interreg-sudoe.eu\/pt-pt\/wp-json\/wp\/v2\/users\/4334"}],"replies":[{"embeddable":true,"href":"https:\/\/interreg-sudoe.eu\/pt-pt\/wp-json\/wp\/v2\/comments?post=64601"}],"version-history":[{"count":3,"href":"https:\/\/interreg-sudoe.eu\/pt-pt\/wp-json\/wp\/v2\/pages\/64601\/revisions"}],"predecessor-version":[{"id":64666,"href":"https:\/\/interreg-sudoe.eu\/pt-pt\/wp-json\/wp\/v2\/pages\/64601\/revisions\/64666"}],"wp:attachment":[{"href":"https:\/\/interreg-sudoe.eu\/pt-pt\/wp-json\/wp\/v2\/media?parent=64601"}],"curies":[{"name":"wp","href":"https:\/\/api.w.org\/{rel}","templated":true}]}}